{"id":61339,"date":"2022-09-15T10:40:38","date_gmt":"2022-09-15T08:40:38","guid":{"rendered":"https:\/\/www.verandair.com\/contact\/"},"modified":"2024-07-18T12:26:08","modified_gmt":"2024-07-18T10:26:08","slug":"contact","status":"publish","type":"page","link":"https:\/\/www.verandair.com\/en\/contact\/","title":{"rendered":"Contact"},"content":{"rendered":"<p>[et_pb_section fb_built=&#8221;1&#8243; _builder_version=&#8221;4.23.4&#8243; _module_preset=&#8221;default&#8221; use_background_color_gradient=&#8221;on&#8221; background_color_gradient_direction=&#8221;90deg&#8221; background_color_gradient_stops=&#8221;#ffffff 30%|rgba(255,255,255,0.95) 100%&#8221; background_color_gradient_overlays_image=&#8221;on&#8221; background_image=&#8221;https:\/\/www.verandair.com\/wp-content\/uploads\/2024\/01\/VERANDAIR-veranda.jpg&#8221; custom_padding=&#8221;||150px||false|false&#8221; global_colors_info=&#8221;{}&#8221;][et_pb_row _builder_version=&#8221;4.24.0&#8243; _module_preset=&#8221;default&#8221; global_colors_info=&#8221;{}&#8221;][et_pb_column type=&#8221;4_4&#8243; _builder_version=&#8221;4.23.4&#8243; _module_preset=&#8221;default&#8221; global_colors_info=&#8221;{}&#8221;][dsm_breadcrumbs home_text=&#8221; &#8221; home_icon=&#8221;&#xe009;||divi||400&#8243; _builder_version=&#8221;4.24.0&#8243; _module_preset=&#8221;default&#8221; global_colors_info=&#8221;{}&#8221;][\/dsm_breadcrumbs][et_pb_text _builder_version=&#8221;4.23.4&#8243; _module_preset=&#8221;default&#8221; text_orientation=&#8221;center&#8221; custom_margin=&#8221;||30px||false|false&#8221; global_colors_info=&#8221;{}&#8221;]<\/p>\n<h1>Contact <b style=\"font-weight: 400;\">our team<\/b><\/h1>\n<p>[\/et_pb_text][et_pb_divider show_divider=&#8221;off&#8221; _builder_version=&#8221;4.23.4&#8243; _module_preset=&#8221;2adabd0f-cb12-404f-9aa7-a3088280e564&#8243; module_alignment=&#8221;center&#8221; global_colors_info=&#8221;{}&#8221;][\/et_pb_divider][\/et_pb_column][\/et_pb_row][et_pb_row column_structure=&#8221;2_5,3_5&#8243; _builder_version=&#8221;4.24.0&#8243; _module_preset=&#8221;default&#8221; global_colors_info=&#8221;{}&#8221;][et_pb_column type=&#8221;2_5&#8243; _builder_version=&#8221;4.24.0&#8243; _module_preset=&#8221;default&#8221; global_colors_info=&#8221;{}&#8221;][et_pb_text _builder_version=&#8221;4.23.4&#8243; _module_preset=&#8221;5298e62e-f7ac-4dd9-b361-006fc4da68de&#8221; global_colors_info=&#8221;{}&#8221;]<\/p>\n<h2>Our <strong>contact details<\/strong><br \/><span data-metadata=\"&lt;encoded_tag_open \/&gt;!--(figmeta)eyJmaWxlS2V5IjoiNDJrcExzUGY2N0VsN0FkMldFdElreCIsInBhc3RlSUQiOjI1NDM4MDY0MSwiZGF0YVR5cGUiOiJzY2VuZSJ9Cg==(\/figmeta)--&lt;encoded_tag_closed \/&gt;\"><\/span><\/h2>\n<p>[\/et_pb_text][et_pb_divider show_divider=&#8221;off&#8221; _builder_version=&#8221;4.23.4&#8243; _module_preset=&#8221;2adabd0f-cb12-404f-9aa7-a3088280e564&#8243; global_colors_info=&#8221;{}&#8221;][\/et_pb_divider][et_pb_blurb use_icon=&#8221;on&#8221; font_icon=&#8221;&#xe01d;||divi||400&#8243; _builder_version=&#8221;4.24.0&#8243; _module_preset=&#8221;e02c9f39-e646-40ba-8a25-2f91d0149edb&#8221; link_option_url=&#8221;https:\/\/www.google.com\/maps\/place\/Verandair+:+V%C3%A9randas+et+Pergolas+r%C3%A9tractables\/@50.493615,4.72392,15z\/data=!4m2!3m1!1s0x0:0x8caa1fd746d31536?sa=X&#038;ved=2ahUKEwjDvbmv6MODAxVDTKQEHWrAAFkQ_BJ6BAgMEAA&#8221; link_option_url_new_window=&#8221;on&#8221; locked=&#8221;off&#8221; global_colors_info=&#8221;{%22gcid-5c4546d4-de02-4649-8683-d4192d8e1655%22:%91%22body_text_color%22%93}&#8221;]<\/p>\n<p>Route de Saussin<br \/>5190 Spy<br \/>Belgium<\/p>\n<p>[\/et_pb_blurb][et_pb_blurb use_icon=&#8221;on&#8221; font_icon=&#8221;&#xf2a0;||fa||900&#8243; _builder_version=&#8221;4.23.4&#8243; _module_preset=&#8221;e02c9f39-e646-40ba-8a25-2f91d0149edb&#8221; link_option_url=&#8221;tel:+3281139339&#8243; link_option_url_new_window=&#8221;on&#8221; locked=&#8221;off&#8221; global_colors_info=&#8221;{%22gcid-5c4546d4-de02-4649-8683-d4192d8e1655%22:%91%22icon_color%22%93}&#8221;]<\/p>\n<p>+32 (0) 81 13 93 39<\/p>\n<p>[\/et_pb_blurb][et_pb_blurb use_icon=&#8221;on&#8221; font_icon=&#8221;&#x7d;||divi||400&#8243; _builder_version=&#8221;4.23.4&#8243; _module_preset=&#8221;e02c9f39-e646-40ba-8a25-2f91d0149edb&#8221; locked=&#8221;off&#8221; global_colors_info=&#8221;{%22gcid-5c4546d4-de02-4649-8683-d4192d8e1655%22:%91%22icon_color%22%93}&#8221;]<\/p>\n<p><strong>Open Monday to Saturday<\/strong><br \/>from 10h00 to 18h00<\/p>\n<p>[\/et_pb_blurb][\/et_pb_column][et_pb_column type=&#8221;3_5&#8243; _builder_version=&#8221;4.24.0&#8243; _module_preset=&#8221;default&#8221; global_colors_info=&#8221;{}&#8221;][et_pb_text _builder_version=&#8221;4.24.0&#8243; _module_preset=&#8221;default&#8221; text_font=&#8221;||||||||&#8221; global_colors_info=&#8221;{}&#8221;]<\/p>\n\n<div class=\"wpcf7 no-js\" id=\"wpcf7-f62302-o1\" lang=\"en-US\" dir=\"ltr\" data-wpcf7-id=\"62302\">\n<div class=\"screen-reader-response\"><p role=\"status\" aria-live=\"polite\" aria-atomic=\"true\"><\/p> <ul><\/ul><\/div>\n<form action=\"\/en\/wp-json\/wp\/v2\/pages\/61339#wpcf7-f62302-o1\" method=\"post\" class=\"wpcf7-form init\" aria-label=\"Contact form\" novalidate=\"novalidate\" data-status=\"init\">\n<fieldset class=\"hidden-fields-container\"><input type=\"hidden\" name=\"_wpcf7\" value=\"62302\" \/><input type=\"hidden\" name=\"_wpcf7_version\" value=\"6.1.5\" \/><input type=\"hidden\" name=\"_wpcf7_locale\" value=\"en_US\" \/><input type=\"hidden\" name=\"_wpcf7_unit_tag\" value=\"wpcf7-f62302-o1\" \/><input type=\"hidden\" name=\"_wpcf7_container_post\" value=\"0\" \/><input type=\"hidden\" name=\"_wpcf7_posted_data_hash\" value=\"\" \/><input type=\"hidden\" name=\"_wpcf7_recaptcha_response\" value=\"\" \/>\n<\/fieldset>\n<div class=\"et_pb_row et_pb_row_cf7\">\n\t<div class=\"et_pb_column et_pb_column_1_2 et_pb_column_3 et_pb_css_mix_blend_mode_passthrough\">\n\t\t<p><label>First name *<\/label><br \/>\n<span class=\"wpcf7-form-control-wrap\" data-name=\"prenom\"><input size=\"40\" maxlength=\"400\" class=\"wpcf7-form-control wpcf7-text wpcf7-validates-as-required\" aria-required=\"true\" aria-invalid=\"false\" value=\"\" type=\"text\" name=\"prenom\" \/><\/span>\n\t\t<\/p>\n\t<\/div>\n\t<div class=\"et_pb_column et_pb_column_1_2 et_pb_column_3 et_pb_css_mix_blend_mode_passthrough\">\n\t\t<p><label>Name *<\/label><br \/>\n<span class=\"wpcf7-form-control-wrap\" data-name=\"nom\"><input size=\"40\" maxlength=\"400\" class=\"wpcf7-form-control wpcf7-text wpcf7-validates-as-required\" aria-required=\"true\" aria-invalid=\"false\" value=\"\" type=\"text\" name=\"nom\" \/><\/span>\n\t\t<\/p>\n\t<\/div>\n<\/div>\n<div class=\"et_pb_row et_pb_row_cf7\">\n\t<div class=\"et_pb_column et_pb_column_1_2 et_pb_column_3 et_pb_css_mix_blend_mode_passthrough\">\n\t\t<p><label>Email address *<\/label><br \/>\n<span class=\"wpcf7-form-control-wrap\" data-name=\"email\"><input size=\"40\" maxlength=\"400\" class=\"wpcf7-form-control wpcf7-email wpcf7-validates-as-required wpcf7-text wpcf7-validates-as-email\" aria-required=\"true\" aria-invalid=\"false\" value=\"\" type=\"email\" name=\"email\" \/><\/span>\n\t\t<\/p>\n\t<\/div>\n\t<div class=\"et_pb_column et_pb_column_1_2 et_pb_column_3 et_pb_css_mix_blend_mode_passthrough\">\n\t\t<p><label>Telephone\/GSM *<\/label><br \/>\n<span class=\"wpcf7-form-control-wrap\" data-name=\"telephone\"><input size=\"40\" maxlength=\"400\" class=\"wpcf7-form-control wpcf7-tel wpcf7-validates-as-required wpcf7-text wpcf7-validates-as-tel\" aria-required=\"true\" aria-invalid=\"false\" value=\"\" type=\"tel\" name=\"telephone\" \/><\/span>\n\t\t<\/p>\n\t<\/div>\n<\/div>\n<div class=\"et_pb_row et_pb_row_cf7\">\n\t<div class=\"et_pb_column et_pb_column_1_2 et_pb_column_3 et_pb_css_mix_blend_mode_passthrough\">\n\t\t<p><label>Address<\/label><br \/>\n<span class=\"wpcf7-form-control-wrap\" data-name=\"adresse\"><input size=\"40\" maxlength=\"400\" class=\"wpcf7-form-control wpcf7-text wpcf7-validates-as-required\" aria-required=\"true\" aria-invalid=\"false\" value=\"\" type=\"text\" name=\"adresse\" \/><\/span>\n\t\t<\/p>\n\t<\/div>\n\t<div class=\"et_pb_column et_pb_column_1_2 et_pb_column_3 et_pb_css_mix_blend_mode_passthrough\">\n\t\t<p><label>Postal code *<\/label><br \/>\n<span class=\"wpcf7-form-control-wrap\" data-name=\"Code-postal\"><input class=\"wpcf7-form-control wpcf7-number wpcf7-validates-as-required wpcf7-validates-as-number\" aria-required=\"true\" aria-invalid=\"false\" value=\"\" type=\"number\" name=\"Code-postal\" \/><\/span>\n\t\t<\/p>\n\t<\/div>\n<\/div>\n<p><label>Country *<\/label><br \/>\n<span class=\"wpcf7-form-control-wrap dsm-contact-form-7-select\" data-name=\"pays\"><select class=\"wpcf7-form-control wpcf7-select wpcf7-validates-as-required et_pb_contact_select input\" aria-required=\"true\" aria-invalid=\"false\" name=\"pays\"><option value=\"\">&#8212;Please choose an option&#8212;<\/option><option value=\"Belgique\">Belgique<\/option><option value=\"France\">France<\/option><option value=\"Luxembourg\">Luxembourg<\/option><option value=\"Pays-Bas\">Pays-Bas<\/option><option value=\"Suisse\">Suisse<\/option><option value=\"Autre\">Autre<\/option><\/select><\/span>\n<\/p>\n<p><label>Which product are you interested in?<\/label><br \/>\n<span class=\"wpcf7-form-control-wrap dsm-contact-form-7-select\" data-name=\"Produit\"><select class=\"wpcf7-form-control wpcf7-select wpcf7-validates-as-required et_pb_contact_select input\" aria-required=\"true\" aria-invalid=\"false\" name=\"Produit\"><option value=\"\">&#8212;Please choose an option&#8212;<\/option><option value=\"Pergola traditionnelle\">Pergola traditionnelle<\/option><option value=\"Pergola traditionnelle ferm\u00e9e (ou en partie)\">Pergola traditionnelle ferm\u00e9e (ou en partie)<\/option><option value=\"Poolhouse\">Poolhouse<\/option><option value=\"Abri de terrasse r\u00e9tractable\">Abri de terrasse r\u00e9tractable<\/option><option value=\"Abri de piscine t\u00e9lescopique\">Abri de piscine t\u00e9lescopique<\/option><option value=\"Fermetures coulissantes\">Fermetures coulissantes<\/option><option value=\"Carport\">Carport<\/option><option value=\"Service apr\u00e8s vente - entretien\">Service apr\u00e8s vente - entretien<\/option><option value=\"Devenir revendeur\">Devenir revendeur<\/option><\/select><\/span>\n<\/p>\n<p><span id=\"wpcf7-69f38a5f3b596-wrapper\" class=\"wpcf7-form-control-wrap budget-wrap\" style=\"display:none !important; visibility:hidden !important;\"><label for=\"wpcf7-69f38a5f3b596-field\" class=\"hp-message\">Please leave this field empty.<\/label><input id=\"wpcf7-69f38a5f3b596-field\"  class=\"wpcf7-form-control wpcf7-text\" type=\"text\" name=\"budget\" value=\"\" size=\"40\" tabindex=\"-1\" autocomplete=\"new-password\" \/><\/span>\n<\/p>\n<p style=\"font-size: 16px;><span class=\"wpcf7-form-control-wrap\" data-name=\"privacy\"><span class=\"wpcf7-form-control wpcf7-acceptance\"><span class=\"wpcf7-list-item\"><label><input type=\"checkbox\" name=\"privacy\" value=\"1\" aria-invalid=\"false\" \/><span class=\"wpcf7-list-item-label\">En soumettant ce formulaire, j'accepte que les informations saisies soient utilis\u00e9es, exploit\u00e9es, trait\u00e9es pour permettre de me recontacter conform\u00e9ment \u00e0 notre <a href=\"https:\/\/www.verandair.com\/en\/privacy-policy\/\" target=\"_blank\">privacy policy<\/a> *<\/span><\/label><\/span><\/span><\/span>\n<\/p>\n<p><button class=\"wpcf7-form-control wpcf7-submit has-spinner et_pb_button et_pb_bg_layout_light\" type=\"submit\" value=\"Envoyer\">Envoyer<\/button>\n<\/p>\n<style>\n.grecaptcha-badge{display:block;}\n<\/style><div class=\"wpcf7-response-output\" aria-hidden=\"true\"><\/div>\n<\/form>\n<\/div>\n\n<p>[\/et_pb_text][\/et_pb_column][\/et_pb_row][\/et_pb_section][et_pb_section fb_built=&#8221;1&#8243; _builder_version=&#8221;4.23.4&#8243; _module_preset=&#8221;default&#8221; background_color=&#8221;gcid-a78bba3e-9a00-4c62-8b29-47f3d6c30097&#8243; background_image=&#8221;https:\/\/www.verandair.com\/wp-content\/uploads\/2024\/01\/verandair-abri-terrasse-retractable-2.jpg&#8221; background_blend=&#8221;multiply&#8221; z_index=&#8221;10&#8243; custom_padding=&#8221;0px||80px||false|false&#8221; global_colors_info=&#8221;{%22gcid-a78bba3e-9a00-4c62-8b29-47f3d6c30097%22:%91%22background_color%22%93}&#8221;][et_pb_row column_structure=&#8221;1_2,1_2&#8243; use_custom_gutter=&#8221;on&#8221; gutter_width=&#8221;4&#8243; make_equal=&#8221;on&#8221; _builder_version=&#8221;4.24.0&#8243; _module_preset=&#8221;default&#8221; custom_padding=&#8221;0px||50px||false|false&#8221; global_colors_info=&#8221;{}&#8221;][et_pb_column type=&#8221;1_2&#8243; _builder_version=&#8221;4.24.0&#8243; _module_preset=&#8221;default&#8221; custom_padding=&#8221;||||false|false&#8221; global_colors_info=&#8221;{}&#8221;][dsm_image_carousel gallery_ids=&#8221;60328,60331,60334,60337,60340,60240,60343,60346,60349,60352,60355,60213,60219,60234,60237,60243,60246&#8243; _builder_version=&#8221;4.24.2&#8243; _module_preset=&#8221;4e4c5b36-454f-4102-8d60-65a09160b758&#8243; custom_margin=&#8221;-80px||20px||false|false&#8221; global_colors_info=&#8221;{}&#8221;][\/dsm_image_carousel][\/et_pb_column][et_pb_column type=&#8221;1_2&#8243; _builder_version=&#8221;4.24.0&#8243; _module_preset=&#8221;default&#8221; custom_padding=&#8221;80px||||false|false&#8221; custom_padding_tablet=&#8221;0px||||false|false&#8221; custom_padding_phone=&#8221;0px||||false|false&#8221; custom_padding_last_edited=&#8221;on|tablet&#8221; global_colors_info=&#8221;{}&#8221;][et_pb_text _builder_version=&#8221;4.23.4&#8243; _module_preset=&#8221;5298e62e-f7ac-4dd9-b361-006fc4da68de&#8221; text_font_size=&#8221;20px&#8221; text_line_height=&#8221;1.9em&#8221; background_layout=&#8221;dark&#8221; max_width=&#8221;800px&#8221; module_alignment=&#8221;center&#8221; custom_margin=&#8221;||35px||false|false&#8221; animation_style=&#8221;fade&#8221; global_colors_info=&#8221;{}&#8221;]<\/p>\n<h2>Our <strong>showroom<\/strong><br \/><span data-metadata=\"&lt;encoded_tag_open \/&gt;!--(figmeta)eyJmaWxlS2V5IjoiNDJrcExzUGY2N0VsN0FkMldFdElreCIsInBhc3RlSUQiOjI1NDM4MDY0MSwiZGF0YVR5cGUiOiJzY2VuZSJ9Cg==(\/figmeta)--&lt;encoded_tag_closed \/&gt;\"><\/span><\/h2>\n<p>[\/et_pb_text][et_pb_divider show_divider=&#8221;off&#8221; _builder_version=&#8221;4.23.4&#8243; _module_preset=&#8221;2adabd0f-cb12-404f-9aa7-a3088280e564&#8243; global_colors_info=&#8221;{}&#8221;][\/et_pb_divider][et_pb_text _builder_version=&#8221;4.23.4&#8243; _module_preset=&#8221;5298e62e-f7ac-4dd9-b361-006fc4da68de&#8221; text_line_height=&#8221;1.9em&#8221; background_layout=&#8221;dark&#8221; max_width=&#8221;800px&#8221; module_alignment=&#8221;center&#8221; custom_margin=&#8221;||50px||false|false&#8221; animation_style=&#8221;fade&#8221; global_colors_info=&#8221;{}&#8221;]<\/p>\n<p>Installing a veranda in your home requires thought, imagination and a little help. Come<span> <\/span><strong>discover our different veranda models in our showrooms<span> <\/span><\/strong>in Belgium and ask us any questions you may have about your future veranda.<\/p>\n<p>Inaugurated in October 2017,<span> <\/span><strong>our 650m\u00b2 showroom<\/strong><span> <\/span>located in<span> <\/span><strong>Spy<\/strong>, near Namur, will allow you to discover our verandas, pergolas, pool verandas, terrace enclosures, etc. in real-life conditions.  <\/p>\n<p>[\/et_pb_text][et_pb_button button_url=&#8221;@ET-DC@eyJkeW5hbWljIjp0cnVlLCJjb250ZW50IjoicG9zdF9saW5rX3VybF9wYWdlIiwic2V0dGluZ3MiOnsicG9zdF9pZCI6IjU5MCIsImVuYWJsZV9odG1sIjoib2ZmIn19@&#8221; button_text=&#8221;All about VERANDAIR\u00ae&#8221; _builder_version=&#8221;4.24.0&#8243; _dynamic_attributes=&#8221;button_url&#8221; _module_preset=&#8221;8ac6895b-8a7d-4b15-8635-28e44651343f&#8221; custom_margin=&#8221;||20px||false|false&#8221; global_colors_info=&#8221;{%22gcid-cdfc5e12-aa04-4e46-8d7a-a46e0d249000%22:%91%22button_text_color%22%93}&#8221;][\/et_pb_button][\/et_pb_column][\/et_pb_row][et_pb_row column_structure=&#8221;1_5,1_5,1_5,1_5,1_5&#8243; _builder_version=&#8221;4.24.0&#8243; _module_preset=&#8221;default&#8221; custom_padding=&#8221;||0px||false|false&#8221; global_module=&#8221;1235&#8243; saved_tabs=&#8221;all&#8221; global_colors_info=&#8221;{}&#8221;][et_pb_column type=&#8221;1_5&#8243; _builder_version=&#8221;4.24.0&#8243; _module_preset=&#8221;default&#8221; global_colors_info=&#8221;{}&#8221; custom_css_main_element_last_edited=&#8221;on|phone&#8221; custom_css_main_element_phone=&#8221;max-width: 50%;&#8221;][et_pb_image src=&#8221;https:\/\/www.verandair.com\/wp-content\/uploads\/2024\/01\/VERANDAIR-sur-mesure-w.svg&#8221; title_text=&#8221;VERANDAIR-sur-mesure-w&#8221; _builder_version=&#8221;4.24.0&#8243; _module_preset=&#8221;default&#8221; width=&#8221;120px&#8221; width_tablet=&#8221;&#8221; width_phone=&#8221;80px&#8221; width_last_edited=&#8221;on|phone&#8221; max_width=&#8221;120px&#8221; max_width_tablet=&#8221;&#8221; max_width_phone=&#8221;80px&#8221; max_width_last_edited=&#8221;on|phone&#8221; module_alignment=&#8221;center&#8221; custom_margin=&#8221;||15px||false|false&#8221; animation_style=&#8221;fade&#8221; global_colors_info=&#8221;{}&#8221;][\/et_pb_image][\/et_pb_column][et_pb_column type=&#8221;1_5&#8243; _builder_version=&#8221;4.23.4&#8243; _module_preset=&#8221;default&#8221; global_colors_info=&#8221;{}&#8221; custom_css_main_element_phone=&#8221;max-width: 50%;&#8221; custom_css_main_element_last_edited=&#8221;on|phone&#8221;][et_pb_image src=&#8221;https:\/\/www.verandair.com\/wp-content\/uploads\/2024\/01\/VERANDAIR-garantie-w.svg&#8221; title_text=&#8221;VERANDAIR-garantie-w&#8221; _builder_version=&#8221;4.24.0&#8243; _module_preset=&#8221;default&#8221; width=&#8221;120px&#8221; width_tablet=&#8221;&#8221; width_phone=&#8221;80px&#8221; width_last_edited=&#8221;on|phone&#8221; max_width=&#8221;120px&#8221; max_width_tablet=&#8221;&#8221; max_width_phone=&#8221;80px&#8221; max_width_last_edited=&#8221;on|phone&#8221; module_alignment=&#8221;center&#8221; custom_margin=&#8221;||15px||false|false&#8221; animation_style=&#8221;fade&#8221; global_colors_info=&#8221;{}&#8221;][\/et_pb_image][\/et_pb_column][et_pb_column type=&#8221;1_5&#8243; _builder_version=&#8221;4.23.4&#8243; _module_preset=&#8221;default&#8221; global_colors_info=&#8221;{}&#8221; custom_css_main_element_phone=&#8221;max-width: 50%;&#8221; custom_css_main_element_last_edited=&#8221;on|phone&#8221;][et_pb_image src=&#8221;https:\/\/www.verandair.com\/wp-content\/uploads\/2024\/01\/VERANDAIR-experience-w.svg&#8221; title_text=&#8221;VERANDAIR-experience-w&#8221; _builder_version=&#8221;4.24.0&#8243; _module_preset=&#8221;default&#8221; width=&#8221;120px&#8221; width_tablet=&#8221;&#8221; width_phone=&#8221;80px&#8221; width_last_edited=&#8221;on|phone&#8221; max_width=&#8221;120px&#8221; max_width_tablet=&#8221;&#8221; max_width_phone=&#8221;80px&#8221; max_width_last_edited=&#8221;on|phone&#8221; module_alignment=&#8221;center&#8221; custom_margin=&#8221;||15px||false|false&#8221; animation_style=&#8221;fade&#8221; global_colors_info=&#8221;{}&#8221;][\/et_pb_image][\/et_pb_column][et_pb_column type=&#8221;1_5&#8243; _builder_version=&#8221;4.23.4&#8243; _module_preset=&#8221;default&#8221; global_colors_info=&#8221;{}&#8221; custom_css_main_element_phone=&#8221;max-width: 50%;&#8221; custom_css_main_element_last_edited=&#8221;on|phone&#8221;][et_pb_image src=&#8221;https:\/\/www.verandair.com\/wp-content\/uploads\/2024\/01\/VERANDAIR-projets-realises-w.svg&#8221; title_text=&#8221;VERANDAIR-projets-realises-w&#8221; _builder_version=&#8221;4.24.0&#8243; _module_preset=&#8221;default&#8221; width=&#8221;120px&#8221; width_tablet=&#8221;&#8221; width_phone=&#8221;80px&#8221; width_last_edited=&#8221;on|phone&#8221; max_width=&#8221;120px&#8221; max_width_tablet=&#8221;&#8221; max_width_phone=&#8221;80px&#8221; max_width_last_edited=&#8221;on|phone&#8221; module_alignment=&#8221;center&#8221; custom_margin=&#8221;||15px||false|false&#8221; animation_style=&#8221;fade&#8221; global_colors_info=&#8221;{}&#8221;][\/et_pb_image][\/et_pb_column][et_pb_column type=&#8221;1_5&#8243; _builder_version=&#8221;4.23.4&#8243; _module_preset=&#8221;default&#8221; global_colors_info=&#8221;{}&#8221;][et_pb_image src=&#8221;https:\/\/www.verandair.com\/wp-content\/uploads\/2024\/01\/VERANDAIR-fabrication-belge-w.svg&#8221; title_text=&#8221;VERANDAIR-belgian-manufacturing-w&#8221; _builder_version=&#8221;4.24.0&#8243; _module_preset=&#8221;default&#8221; width=&#8221;120px&#8221; width_tablet=&#8221;&#8221; width_phone=&#8221;80px&#8221; width_last_edited=&#8221;on|phone&#8221; max_width=&#8221;120px&#8221; max_width_tablet=&#8221;&#8221; max_width_phone=&#8221;80px&#8221; max_width_last_edited=&#8221;on|phone&#8221; module_alignment=&#8221;center&#8221; custom_margin=&#8221;||15px||false|false&#8221; animation_style=&#8221;fade&#8221; global_colors_info=&#8221;{}&#8221;][\/et_pb_image][\/et_pb_column][\/et_pb_row][et_pb_row column_structure=&#8221;1_2,1_2&#8243; make_equal=&#8221;on&#8221; _builder_version=&#8221;4.23.4&#8243; _module_preset=&#8221;default&#8221; custom_padding=&#8221;0px||||false|false&#8221; custom_css_main_element=&#8221;align-items: center;&#8221; global_colors_info=&#8221;{}&#8221;][et_pb_column type=&#8221;1_2&#8243; _builder_version=&#8221;4.23.4&#8243; _module_preset=&#8221;default&#8221; custom_padding=&#8221;80px||||false|false&#8221; global_colors_info=&#8221;{}&#8221;][et_pb_text _builder_version=&#8221;4.23.4&#8243; _module_preset=&#8221;5298e62e-f7ac-4dd9-b361-006fc4da68de&#8221; text_font_size=&#8221;20px&#8221; text_line_height=&#8221;1.9em&#8221; background_layout=&#8221;dark&#8221; max_width=&#8221;800px&#8221; module_alignment=&#8221;center&#8221; custom_margin=&#8221;||35px||false|false&#8221; animation_style=&#8221;fade&#8221; global_colors_info=&#8221;{}&#8221;]<\/p>\n<h2>Visit <strong>the plant<\/strong><br \/><span data-metadata=\"&lt;encoded_tag_open \/&gt;!--(figmeta)eyJmaWxlS2V5IjoiNDJrcExzUGY2N0VsN0FkMldFdElreCIsInBhc3RlSUQiOjI1NDM4MDY0MSwiZGF0YVR5cGUiOiJzY2VuZSJ9Cg==(\/figmeta)--&lt;encoded_tag_closed \/&gt;\"><\/span><\/h2>\n<p>[\/et_pb_text][et_pb_divider show_divider=&#8221;off&#8221; _builder_version=&#8221;4.23.4&#8243; _module_preset=&#8221;2adabd0f-cb12-404f-9aa7-a3088280e564&#8243; global_colors_info=&#8221;{}&#8221;][\/et_pb_divider][et_pb_text _builder_version=&#8221;4.23.4&#8243; _module_preset=&#8221;5298e62e-f7ac-4dd9-b361-006fc4da68de&#8221; text_line_height=&#8221;1.9em&#8221; background_layout=&#8221;dark&#8221; max_width=&#8221;800px&#8221; module_alignment=&#8221;center&#8221; custom_margin=&#8221;||50px||false|false&#8221; animation_style=&#8221;fade&#8221; global_colors_info=&#8221;{}&#8221;]<\/p>\n<p>Curious about how our retractable conservatories are built? We invite you to visit <strong>our Mariembourg plant<\/strong> by appointment! You&#8217;ll be able to observe the meticulous work of our skilled craftsmen and check the quality of the hand-picked materials used.<\/p>\n<p>During your visit, you&#8217;ll also be able to observe the<strong>efficiency of our state-of-the-art machines<\/strong>. Regularly maintained and checked, they deliver fast, accurate performance, enabling VERANDAIR\u00ae to meet delivery times of between 4 and 12 weeks, depending on the period.<\/p>\n<p>[\/et_pb_text][\/et_pb_column][et_pb_column type=&#8221;1_2&#8243; _builder_version=&#8221;4.23.4&#8243; _module_preset=&#8221;default&#8221; custom_padding=&#8221;||50px||false|false&#8221; global_colors_info=&#8221;{}&#8221;][et_pb_image src=&#8221;https:\/\/www.verandair.com\/wp-content\/uploads\/2024\/01\/atelier.jpg&#8221; title_text=&#8221;workshop&#8221; _builder_version=&#8221;4.23.4&#8243; _module_preset=&#8221;b56c1d61-e3cb-420b-8a4f-0c33bcdf9398&#8243; global_colors_info=&#8221;{}&#8221;][\/et_pb_image][\/et_pb_column][\/et_pb_row][\/et_pb_section][et_pb_section fb_built=&#8221;1&#8243; _builder_version=&#8221;4.23.4&#8243; _module_preset=&#8221;a37cb46d-a9cb-4f77-bbbd-8966bde7aff0&#8243; z_index=&#8221;10&#8243; global_colors_info=&#8221;{}&#8221;][et_pb_row column_structure=&#8221;3_5,2_5&#8243; _builder_version=&#8221;4.23.4&#8243; _module_preset=&#8221;default&#8221; global_colors_info=&#8221;{}&#8221;][et_pb_column type=&#8221;3_5&#8243; _builder_version=&#8221;4.23.4&#8243; _module_preset=&#8221;default&#8221; global_colors_info=&#8221;{}&#8221;][et_pb_image src=&#8221;https:\/\/www.verandair.com\/wp-content\/uploads\/2024\/01\/VERANDAIR-brochure-1.png&#8221; title_text=&#8221;VERANDAIR-brochure&#8221; _builder_version=&#8221;4.23.4&#8243; _module_preset=&#8221;b096e94b-b449-482c-93dd-aaf145b3f96d&#8221; scroll_vertical_motion_enable=&#8221;on&#8221; scroll_vertical_motion=&#8221;0|40|40|100|-0.5|0|0&#8243; scroll_fade_enable=&#8221;on&#8221; scroll_fade=&#8221;0|40|40|100|0|100|100&#8243; global_colors_info=&#8221;{}&#8221;][\/et_pb_image][\/et_pb_column][et_pb_column type=&#8221;2_5&#8243; _builder_version=&#8221;4.23.4&#8243; _module_preset=&#8221;default&#8221; custom_padding=&#8221;50px||||false|false&#8221; global_colors_info=&#8221;{}&#8221;][et_pb_text _builder_version=&#8221;4.23.4&#8243; _module_preset=&#8221;default&#8221; custom_margin=&#8221;||35px||false|false&#8221; global_colors_info=&#8221;{%22gcid-4f3ca7d5-152d-4540-91b1-cc24563bf794%22:%91%22text_text_shadow_color%22%93}&#8221;]<\/p>\n<h2><strong>Want to know more<\/strong> before you decide?<br \/><span data-metadata=\"&lt;encoded_tag_open \/&gt;!--(figmeta)eyJmaWxlS2V5IjoiNDJrcExzUGY2N0VsN0FkMldFdElreCIsInBhc3RlSUQiOjI4MTE1MTAxNSwiZGF0YVR5cGUiOiJzY2VuZSJ9Cg==(\/figmeta)--&lt;encoded_tag_closed \/&gt;\"><\/span><\/h2>\n<p>[\/et_pb_text][et_pb_divider show_divider=&#8221;off&#8221; _builder_version=&#8221;4.23.4&#8243; _module_preset=&#8221;2adabd0f-cb12-404f-9aa7-a3088280e564&#8243; global_colors_info=&#8221;{}&#8221;][\/et_pb_divider][et_pb_text _builder_version=&#8221;4.23.4&#8243; _module_preset=&#8221;default&#8221; custom_margin=&#8221;||50px||false|false&#8221; global_colors_info=&#8221;{%22gcid-4f3ca7d5-152d-4540-91b1-cc24563bf794%22:%91%22text_text_shadow_color%22%93}&#8221;]<\/p>\n<p><span><strong>Download the new 2024 brochure<\/strong> and discover our <strong>complete range of products<\/strong> to enjoy your outdoor life all year round.<\/span><\/p>\n<p>[\/et_pb_text][et_pb_button button_url=&#8221;@ET-DC@eyJkeW5hbWljIjp0cnVlLCJjb250ZW50IjoicG9zdF9saW5rX3VybF9wYWdlIiwic2V0dGluZ3MiOnsicG9zdF9pZCI6IjU4NTAzIiwiZW5hYmxlX2h0bWwiOiJvZmYifX0=@&#8221; url_new_window=&#8221;on&#8221; button_text=&#8221;Download my brochure&#8221; _builder_version=&#8221;4.24.2&#8243; _dynamic_attributes=&#8221;button_url&#8221; _module_preset=&#8221;ae8d3791-01a2-4c4b-b221-c3f14f812284&#8243; global_colors_info=&#8221;{}&#8221;][\/et_pb_button][\/et_pb_column][\/et_pb_row][\/et_pb_section]<\/p>\n","protected":false},"excerpt":{"rendered":"<p><div class=\"et_pb_module dsm_breadcrumbs dsm_breadcrumbs_0 et_animated\">\n\t\t\t\t\n\t\t\t\t\n\t\t\t\t\n\t\t\t\t\n\t\t\t\t\n\t\t\t\t\n\t\t\t\t<div class=\"et_pb_module_inner\">\n\t\t\t\t\t<nav class=\"dsm_breadcrumbs_wrap\">\n\t\t\t\t<ul class=\"dsm_breadcrumbs\" itemscope itemtype=\"https:\/\/schema.org\/BreadcrumbList\">\t\t\t<li class=\"dsm_breadcrumbs_item dsm_home_item dsm_home_item_custom\" itemprop=\"itemListElement\" itemscope\n\t\t\titemtype=\"https:\/\/schema.org\/ListItem\">\n\t\t\t\t<a href=\"https:\/\/www.verandair.com\/en\/\" itemprop=\"item\" target=\"\">\n\t\t\t\t\t<span class='dsm_home_text_wrapper'>\n\t\t\t\t\t\t\t\t\t\t\t\t\t<span class=\"et-pb-icon dsm_home_icon\">&#xe009;<\/span>\n\t\t\t\t\t\t\t\t\t\t\t\t\t<span class=\"dsm_home_text\" itemprop=\"name\">\n\t\t\t\t\t\t\t\t \t\t\t\t\t\t\t<\/span>\n\t\t\t\t\t<\/span>\n\t\t\t\t<\/a>\n\t\t\t\t<meta itemprop=\"position\" content=\"1\" \/>\n\t\t\t<\/li>\n\n\t\t<li class=\"dsm_breadcrumbs_separator\"> <span class=\"et-pb-icon dsm_separator_icon\">&#x35;<\/span><\/li><\/ul>\n\t\t\t<\/nav>\n\t\t\t\t<\/div>\n\t\t\t<\/div>Contact our teamOur contact detailsRoute de Saussin5190 SpyBelgium+32 (0) 81 13 93 39Open Monday to Saturdayfrom 10h00 to 18h00\n<div class=\"wpcf7 no-js\" id=\"wpcf7-f62302-o2\" lang=\"en-US\" dir=\"ltr\" data-wpcf7-id=\"62302\">\n<div class=\"screen-reader-response\"><p role=\"status\" aria-live=\"polite\" aria-atomic=\"true\"><\/p> <ul><\/ul><\/div>\n<form action=\"\/en\/wp-json\/wp\/v2\/pages\/61339#wpcf7-f62302-o2\" method=\"post\" class=\"wpcf7-form init\" aria-label=\"Contact form\" novalidate=\"novalidate\" data-status=\"init\">\n<fieldset class=\"hidden-fields-container\"><input type=\"hidden\" name=\"_wpcf7\" value=\"62302\" \/><input type=\"hidden\" name=\"_wpcf7_version\" value=\"6.1.5\" \/><input type=\"hidden\" name=\"_wpcf7_locale\" value=\"en_US\" \/><input type=\"hidden\" name=\"_wpcf7_unit_tag\" value=\"wpcf7-f62302-o2\" \/><input type=\"hidden\" name=\"_wpcf7_container_post\" value=\"0\" \/><input type=\"hidden\" name=\"_wpcf7_posted_data_hash\" value=\"\" \/><input type=\"hidden\" name=\"_wpcf7_recaptcha_response\" value=\"\" \/>\n<\/fieldset>\n<div class=\"et_pb_row et_pb_row_cf7\">\n\t<div class=\"et_pb_column et_pb_column_1_2 et_pb_column_3 et_pb_css_mix_blend_mode_passthrough\">\n\t\t<p><label>First name *<\/label><br \/>\n<span class=\"wpcf7-form-control-wrap\" data-name=\"prenom\"><input size=\"40\" maxlength=\"400\" class=\"wpcf7-form-control wpcf7-text wpcf7-validates-as-required\" aria-required=\"true\" aria-invalid=\"false\" value=\"\" type=\"text\" name=\"prenom\" \/><\/span>\n\t\t<\/p>\n\t<\/div>\n\t<div class=\"et_pb_column et_pb_column_1_2 et_pb_column_3 et_pb_css_mix_blend_mode_passthrough\">\n\t\t<p><label>Name *<\/label><br \/>\n<span class=\"wpcf7-form-control-wrap\" data-name=\"nom\"><input size=\"40\" maxlength=\"400\" class=\"wpcf7-form-control wpcf7-text wpcf7-validates-as-required\" aria-required=\"true\" aria-invalid=\"false\" value=\"\" type=\"text\" name=\"nom\" \/><\/span>\n\t\t<\/p>\n\t<\/div>\n<\/div>\n<div class=\"et_pb_row et_pb_row_cf7\">\n\t<div class=\"et_pb_column et_pb_column_1_2 et_pb_column_3 et_pb_css_mix_blend_mode_passthrough\">\n\t\t<p><label>Email address *<\/label><br \/>\n<span class=\"wpcf7-form-control-wrap\" data-name=\"email\"><input size=\"40\" maxlength=\"400\" class=\"wpcf7-form-control wpcf7-email wpcf7-validates-as-required wpcf7-text wpcf7-validates-as-email\" aria-required=\"true\" aria-invalid=\"false\" value=\"\" type=\"email\" name=\"email\" \/><\/span>\n\t\t<\/p>\n\t<\/div>\n\t<div class=\"et_pb_column et_pb_column_1_2 et_pb_column_3 et_pb_css_mix_blend_mode_passthrough\">\n\t\t<p><label>Telephone\/GSM *<\/label><br \/>\n<span class=\"wpcf7-form-control-wrap\" data-name=\"telephone\"><input size=\"40\" maxlength=\"400\" class=\"wpcf7-form-control wpcf7-tel wpcf7-validates-as-required wpcf7-text wpcf7-validates-as-tel\" aria-required=\"true\" aria-invalid=\"false\" value=\"\" type=\"tel\" name=\"telephone\" \/><\/span>\n\t\t<\/p>\n\t<\/div>\n<\/div>\n<div class=\"et_pb_row et_pb_row_cf7\">\n\t<div class=\"et_pb_column et_pb_column_1_2 et_pb_column_3 et_pb_css_mix_blend_mode_passthrough\">\n\t\t<p><label>Address<\/label><br \/>\n<span class=\"wpcf7-form-control-wrap\" data-name=\"adresse\"><input size=\"40\" maxlength=\"400\" class=\"wpcf7-form-control wpcf7-text wpcf7-validates-as-required\" aria-required=\"true\" aria-invalid=\"false\" value=\"\" type=\"text\" name=\"adresse\" \/><\/span>\n\t\t<\/p>\n\t<\/div>\n\t<div class=\"et_pb_column et_pb_column_1_2 et_pb_column_3 et_pb_css_mix_blend_mode_passthrough\">\n\t\t<p><label>Postal code *<\/label><br \/>\n<span class=\"wpcf7-form-control-wrap\" data-name=\"Code-postal\"><input class=\"wpcf7-form-control wpcf7-number wpcf7-validates-as-required wpcf7-validates-as-number\" aria-required=\"true\" aria-invalid=\"false\" value=\"\" type=\"number\" name=\"Code-postal\" \/><\/span>\n\t\t<\/p>\n\t<\/div>\n<\/div>\n<p><label>Country *<\/label><br \/>\n<span class=\"wpcf7-form-control-wrap dsm-contact-form-7-select\" data-name=\"pays\"><select class=\"wpcf7-form-control wpcf7-select wpcf7-validates-as-required et_pb_contact_select input\" aria-required=\"true\" aria-invalid=\"false\" name=\"pays\"><option value=\"\">&#8212;Please choose an option&#8212;<\/option><option value=\"Belgique\">Belgique<\/option><option value=\"France\">France<\/option><option value=\"Luxembourg\">Luxembourg<\/option><option value=\"Pays-Bas\">Pays-Bas<\/option><option value=\"Suisse\">Suisse<\/option><option value=\"Autre\">Autre<\/option><\/select><\/span>\n<\/p>\n<p><label>Which product are you interested in?<\/label><br \/>\n<span class=\"wpcf7-form-control-wrap dsm-contact-form-7-select\" data-name=\"Produit\"><select class=\"wpcf7-form-control wpcf7-select wpcf7-validates-as-required et_pb_contact_select input\" aria-required=\"true\" aria-invalid=\"false\" name=\"Produit\"><option value=\"\">&#8212;Please choose an option&#8212;<\/option><option value=\"Pergola traditionnelle\">Pergola traditionnelle<\/option><option value=\"Pergola traditionnelle ferm\u00e9e (ou en partie)\">Pergola traditionnelle ferm\u00e9e (ou en partie)<\/option><option value=\"Poolhouse\">Poolhouse<\/option><option value=\"Abri de terrasse r\u00e9tractable\">Abri de terrasse r\u00e9tractable<\/option><option value=\"Abri de piscine t\u00e9lescopique\">Abri de piscine t\u00e9lescopique<\/option><option value=\"Fermetures coulissantes\">Fermetures coulissantes<\/option><option value=\"Carport\">Carport<\/option><option value=\"Service apr\u00e8s vente - entretien\">Service apr\u00e8s vente - entretien<\/option><option value=\"Devenir revendeur\">Devenir revendeur<\/option><\/select><\/span>\n<\/p>\n<p><span id=\"wpcf7-69f38a5ff139f-wrapper\" class=\"wpcf7-form-control-wrap budget-wrap\" style=\"display:none !important; visibility:hidden !important;\"><label for=\"wpcf7-69f38a5ff139f-field\" class=\"hp-message\">Please leave this field empty.<\/label><input id=\"wpcf7-69f38a5ff139f-field\"  class=\"wpcf7-form-control wpcf7-text\" type=\"text\" name=\"budget\" value=\"\" size=\"40\" tabindex=\"-1\" autocomplete=\"new-password\" \/><\/span>\n<\/p>\n<p style=\"font-size: 16px;><span class=\"wpcf7-form-control-wrap\" data-name=\"privacy\"><span class=\"wpcf7-form-control wpcf7-acceptance\"><span class=\"wpcf7-list-item\"><label><input type=\"checkbox\" name=\"privacy\" value=\"1\" aria-invalid=\"false\" \/><span class=\"wpcf7-list-item-label\">En soumettant ce formulaire, j'accepte que les informations saisies soient utilis\u00e9es, exploit\u00e9es, trait\u00e9es pour permettre de me recontacter conform\u00e9ment \u00e0 notre <a href=\"https:\/\/www.verandair.com\/en\/privacy-policy\/\" target=\"_blank\">privacy policy<\/a> *<\/span><\/label><\/span><\/span><\/span>\n<\/p>\n<p><button class=\"wpcf7-form-control wpcf7-submit has-spinner et_pb_button et_pb_bg_layout_light\" type=\"submit\" value=\"Envoyer\">Envoyer<\/button>\n<\/p>\n<style>\n.grecaptcha-badge{display:block;}\n<\/style><div class=\"wpcf7-response-output\" aria-hidden=\"true\"><\/div>\n<\/form>\n<\/div>\n<div class=\"et_pb_module dsm_image_carousel dsm_image_carousel_0 \">\n\t\t\t\t\n\t\t\t\t\n\t\t\t\t\n\t\t\t\t\n\t\t\t\t\n\t\t\t\t\n\t\t\t\t<div class=\"et_pb_module_inner\">\n\t\t\t\t\t<div class=\"swiper-container dsm_image_carousel_container  dsm_image_carousel_carousel\" dir=\"ltr\"data-effect=\"default\"\n\t\t\tdata-slider-effect-shadows=\"false\"\n\t\t\tdata-slider-effect-coverflow-rotate=\"30\"\n\t\t\tdata-slider-effect-coverflow-depth=\"0\"\n\t\t\tdata-loop=\"true\"\n\t\t\tdata-slide-to-show=\"1\"\n\t\t\tdata-slide-to-show-tablet=\"1\"\n\t\t\tdata-slide-to-show-phone=\"1\"\n\t\t\tdata-slide-to-scroll=\"1\"\n\t\t\tdata-slide-to-scroll-tablet=\"1\"\n\t\t\tdata-slide-to-scroll-phone=\"1\"\n\t\t\tdata-space-between=\"15\"\n\t\t\tdata-space-between-tablet=\"15\"\n\t\t\tdata-space-between-phone=\"15\"\n\t\t\tdata-slide-row=\"1\"\n\t\t\tdata-centered-slides=\"false\"\n\t\t\tdata-speed=\"800\"\n\t\t\tdata-autoplay=\"true\"\n\t\t\tdata-autoplay-speed=\"3000\"\n\t\t\tdata-touch-move=\"true\"\n\t\t\tdata-grab=\"true\"\n\t\t\tdata-pause-on-hover=\"false\"\n\t\t\tdata-show-lightbox=\"true\"\n\t\t\tdata-lightbox-gallery=\"true\"\n\t\t\tdata-lightbox-caption=\"false\"\n\t\t\tdata-infinite-scrolling=\"false\"\n\t\t\tdata-slide-row-tablet=\"1\"\n\t\t\tdata-slide-row-phone=\"1\"\n\t\t\tdata-autoplay-viewport=80%\n\t\t\tdata-mousewheel=\"false\"\n\t\t\tdata-lazyload=\"false\"\n\t\t\tdata-type=\"carousel\"\n\t\t\tdata-slideshow-effect=\"default\"\n\t\t\tdata-slideshow-to-show=\"4\"\n\t\t\tdata-slideshow-to-show-tablet=\"4\"\n\t\t\tdata-slideshow-to-show-phone=\"\"\n\t\t\tdata-slider-orientation=\"horizontal\"\n\t\t\t\t\t\tdata-lightbox-title=\"false\"\n\n\t\t\t><div class=\"swiper-wrapper\"><div class=\"swiper-slide dsm_image_carousel_item\"><a class=\"dsm_image_carousel_lightbox\" href=\"https:\/\/www.verandair.com\/wp-content\/uploads\/2024\/03\/IMG_4101-scaled.jpg\" data-mfp-src=\"https:\/\/www.verandair.com\/wp-content\/uploads\/2024\/03\/IMG_4101-scaled.jpg\"><img loading=\"lazy\" decoding=\"async\" src=\"https:\/\/www.verandair.com\/wp-content\/uploads\/2024\/03\/IMG_4101-scaled.jpg\" alt=\"Vue d&#039;ensemble d&#039;un showroom pr\u00e9sentant divers mod\u00e8les de v\u00e9randas et pergolas modernes en aluminium et bois, incluant des espaces de vie am\u00e9nag\u00e9s et une voiture sportive jaune.\" title=\"IMG_4101\" width=\"2560\" height=\"1920\" data-dsm-image-description=\"\" srcset=\"https:\/\/www.verandair.com\/wp-content\/uploads\/2024\/03\/IMG_4101-2048x1536.jpg 2048w, https:\/\/www.verandair.com\/wp-content\/uploads\/2024\/03\/IMG_4101-300x225.jpg 300w, https:\/\/www.verandair.com\/wp-content\/uploads\/2024\/03\/IMG_4101-1024x768.jpg 1024w, https:\/\/www.verandair.com\/wp-content\/uploads\/2024\/03\/IMG_4101-768x576.jpg 768w, https:\/\/www.verandair.com\/wp-content\/uploads\/2024\/03\/IMG_4101-1536x1152.jpg 1536w, https:\/\/www.verandair.com\/wp-content\/uploads\/2024\/03\/IMG_4101-510x382.jpg 510w, https:\/\/www.verandair.com\/wp-content\/uploads\/2024\/03\/IMG_4101-1080x810.jpg 1080w, https:\/\/www.verandair.com\/wp-content\/uploads\/2024\/03\/IMG_4101-1280x960.jpg 1280w, https:\/\/www.verandair.com\/wp-content\/uploads\/2024\/03\/IMG_4101-980x735.jpg 980w, https:\/\/www.verandair.com\/wp-content\/uploads\/2024\/03\/IMG_4101-480x360.jpg 480w, https:\/\/www.verandair.com\/wp-content\/uploads\/2024\/03\/IMG_4101-scaled.jpg 1600w\" sizes=\"(max-width: 1600px) 100vw, 1600px\" class=\" skip-lazy\" \/><\/a><\/div><div class=\"swiper-slide dsm_image_carousel_item\"><a class=\"dsm_image_carousel_lightbox\" href=\"https:\/\/www.verandair.com\/wp-content\/uploads\/2024\/03\/IMG_4102-scaled.jpg\" data-mfp-src=\"https:\/\/www.verandair.com\/wp-content\/uploads\/2024\/03\/IMG_4102-scaled.jpg\"><img loading=\"lazy\" decoding=\"async\" src=\"https:\/\/www.verandair.com\/wp-content\/uploads\/2024\/03\/IMG_4102-scaled.jpg\" alt=\"Mod\u00e8le de pergola en aluminium noir expos\u00e9 dans un showroom, am\u00e9nag\u00e9 avec des canap\u00e9s beige et une table basse blanche, cr\u00e9ant un espace salon ext\u00e9rieur \u00e9l\u00e9gant.\" title=\"IMG_4102\" width=\"2560\" height=\"1920\" data-dsm-image-description=\"\" srcset=\"https:\/\/www.verandair.com\/wp-content\/uploads\/2024\/03\/IMG_4102-2048x1536.jpg 2048w, https:\/\/www.verandair.com\/wp-content\/uploads\/2024\/03\/IMG_4102-300x225.jpg 300w, https:\/\/www.verandair.com\/wp-content\/uploads\/2024\/03\/IMG_4102-1024x768.jpg 1024w, https:\/\/www.verandair.com\/wp-content\/uploads\/2024\/03\/IMG_4102-768x576.jpg 768w, https:\/\/www.verandair.com\/wp-content\/uploads\/2024\/03\/IMG_4102-1536x1152.jpg 1536w, https:\/\/www.verandair.com\/wp-content\/uploads\/2024\/03\/IMG_4102-510x382.jpg 510w, https:\/\/www.verandair.com\/wp-content\/uploads\/2024\/03\/IMG_4102-1080x810.jpg 1080w, https:\/\/www.verandair.com\/wp-content\/uploads\/2024\/03\/IMG_4102-1280x960.jpg 1280w, https:\/\/www.verandair.com\/wp-content\/uploads\/2024\/03\/IMG_4102-980x735.jpg 980w, https:\/\/www.verandair.com\/wp-content\/uploads\/2024\/03\/IMG_4102-480x360.jpg 480w, https:\/\/www.verandair.com\/wp-content\/uploads\/2024\/03\/IMG_4102-scaled.jpg 1600w\" sizes=\"(max-width: 1600px) 100vw, 1600px\" class=\" skip-lazy\" \/><\/a><\/div><div class=\"swiper-slide dsm_image_carousel_item\"><a class=\"dsm_image_carousel_lightbox\" href=\"https:\/\/www.verandair.com\/wp-content\/uploads\/2024\/03\/IMG_4104-scaled.jpg\" data-mfp-src=\"https:\/\/www.verandair.com\/wp-content\/uploads\/2024\/03\/IMG_4104-scaled.jpg\"><img loading=\"lazy\" decoding=\"async\" src=\"https:\/\/www.verandair.com\/wp-content\/uploads\/2024\/03\/IMG_4104-scaled.jpg\" alt=\"Pergola Prestige Verandair dans le showroom de Verandair \u00e0 Spy\" title=\"IMG_4104\" width=\"2560\" height=\"1920\" data-dsm-image-description=\"\" srcset=\"https:\/\/www.verandair.com\/wp-content\/uploads\/2024\/03\/IMG_4104-2048x1536.jpg 2048w, https:\/\/www.verandair.com\/wp-content\/uploads\/2024\/03\/IMG_4104-300x225.jpg 300w, https:\/\/www.verandair.com\/wp-content\/uploads\/2024\/03\/IMG_4104-1024x768.jpg 1024w, https:\/\/www.verandair.com\/wp-content\/uploads\/2024\/03\/IMG_4104-768x576.jpg 768w, https:\/\/www.verandair.com\/wp-content\/uploads\/2024\/03\/IMG_4104-1536x1152.jpg 1536w, https:\/\/www.verandair.com\/wp-content\/uploads\/2024\/03\/IMG_4104-510x382.jpg 510w, https:\/\/www.verandair.com\/wp-content\/uploads\/2024\/03\/IMG_4104-1080x810.jpg 1080w, https:\/\/www.verandair.com\/wp-content\/uploads\/2024\/03\/IMG_4104-1280x960.jpg 1280w, https:\/\/www.verandair.com\/wp-content\/uploads\/2024\/03\/IMG_4104-980x735.jpg 980w, https:\/\/www.verandair.com\/wp-content\/uploads\/2024\/03\/IMG_4104-480x360.jpg 480w, https:\/\/www.verandair.com\/wp-content\/uploads\/2024\/03\/IMG_4104-scaled.jpg 1600w\" sizes=\"(max-width: 1600px) 100vw, 1600px\" class=\" skip-lazy\" \/><\/a><\/div><div class=\"swiper-slide dsm_image_carousel_item\"><a class=\"dsm_image_carousel_lightbox\" href=\"https:\/\/www.verandair.com\/wp-content\/uploads\/2024\/03\/IMG_4105-scaled.jpg\" data-mfp-src=\"https:\/\/www.verandair.com\/wp-content\/uploads\/2024\/03\/IMG_4105-scaled.jpg\"><img loading=\"lazy\" decoding=\"async\" src=\"https:\/\/www.verandair.com\/wp-content\/uploads\/2024\/03\/IMG_4105-scaled.jpg\" alt=\"Exposition de v\u00e9randas et pergolas dans un showroom, avec une voiture sportive jaune sous une pergola en aluminium noir et un espace salon moderne avec canap\u00e9s marron et d\u00e9coration v\u00e9g\u00e9tale.\" title=\"IMG_4105\" width=\"2560\" height=\"1920\" data-dsm-image-description=\"\" srcset=\"https:\/\/www.verandair.com\/wp-content\/uploads\/2024\/03\/IMG_4105-2048x1536.jpg 2048w, https:\/\/www.verandair.com\/wp-content\/uploads\/2024\/03\/IMG_4105-300x225.jpg 300w, https:\/\/www.verandair.com\/wp-content\/uploads\/2024\/03\/IMG_4105-1024x768.jpg 1024w, https:\/\/www.verandair.com\/wp-content\/uploads\/2024\/03\/IMG_4105-768x576.jpg 768w, https:\/\/www.verandair.com\/wp-content\/uploads\/2024\/03\/IMG_4105-1536x1152.jpg 1536w, https:\/\/www.verandair.com\/wp-content\/uploads\/2024\/03\/IMG_4105-510x382.jpg 510w, https:\/\/www.verandair.com\/wp-content\/uploads\/2024\/03\/IMG_4105-1080x810.jpg 1080w, https:\/\/www.verandair.com\/wp-content\/uploads\/2024\/03\/IMG_4105-1280x960.jpg 1280w, https:\/\/www.verandair.com\/wp-content\/uploads\/2024\/03\/IMG_4105-980x735.jpg 980w, https:\/\/www.verandair.com\/wp-content\/uploads\/2024\/03\/IMG_4105-480x360.jpg 480w, https:\/\/www.verandair.com\/wp-content\/uploads\/2024\/03\/IMG_4105-scaled.jpg 1600w\" sizes=\"(max-width: 1600px) 100vw, 1600px\" class=\" skip-lazy\" \/><\/a><\/div><div class=\"swiper-slide dsm_image_carousel_item\"><a class=\"dsm_image_carousel_lightbox\" href=\"https:\/\/www.verandair.com\/wp-content\/uploads\/2024\/03\/IMG_4109-scaled.jpg\" data-mfp-src=\"https:\/\/www.verandair.com\/wp-content\/uploads\/2024\/03\/IMG_4109-scaled.jpg\"><img loading=\"lazy\" decoding=\"async\" src=\"https:\/\/www.verandair.com\/wp-content\/uploads\/2024\/03\/IMG_4109-scaled.jpg\" alt=\"Mod\u00e8le de pergola en aluminium noir expos\u00e9 dans un showroom, abritant une voiture sportive jaune vif. Le mur en briques rouges et le sol en bois clair cr\u00e9ent un contraste saisissant.\" title=\"IMG_4109\" width=\"2560\" height=\"1920\" data-dsm-image-description=\"\" srcset=\"https:\/\/www.verandair.com\/wp-content\/uploads\/2024\/03\/IMG_4109-2048x1536.jpg 2048w, https:\/\/www.verandair.com\/wp-content\/uploads\/2024\/03\/IMG_4109-300x225.jpg 300w, https:\/\/www.verandair.com\/wp-content\/uploads\/2024\/03\/IMG_4109-1024x768.jpg 1024w, https:\/\/www.verandair.com\/wp-content\/uploads\/2024\/03\/IMG_4109-768x576.jpg 768w, https:\/\/www.verandair.com\/wp-content\/uploads\/2024\/03\/IMG_4109-1536x1152.jpg 1536w, https:\/\/www.verandair.com\/wp-content\/uploads\/2024\/03\/IMG_4109-510x382.jpg 510w, https:\/\/www.verandair.com\/wp-content\/uploads\/2024\/03\/IMG_4109-1080x810.jpg 1080w, https:\/\/www.verandair.com\/wp-content\/uploads\/2024\/03\/IMG_4109-1280x960.jpg 1280w, https:\/\/www.verandair.com\/wp-content\/uploads\/2024\/03\/IMG_4109-980x735.jpg 980w, https:\/\/www.verandair.com\/wp-content\/uploads\/2024\/03\/IMG_4109-480x360.jpg 480w, https:\/\/www.verandair.com\/wp-content\/uploads\/2024\/03\/IMG_4109-scaled.jpg 1600w\" sizes=\"(max-width: 1600px) 100vw, 1600px\" class=\" skip-lazy\" \/><\/a><\/div><div class=\"swiper-slide dsm_image_carousel_item\"><a class=\"dsm_image_carousel_lightbox\" href=\"https:\/\/www.verandair.com\/wp-content\/uploads\/2024\/03\/showroom-veranda-en-exposition-1-scaled.jpeg\" data-mfp-src=\"https:\/\/www.verandair.com\/wp-content\/uploads\/2024\/03\/showroom-veranda-en-exposition-1-scaled.jpeg\"><img loading=\"lazy\" decoding=\"async\" src=\"https:\/\/www.verandair.com\/wp-content\/uploads\/2024\/03\/showroom-veranda-en-exposition-1-scaled.jpeg\" alt=\"\" title=\"showroom veranda en exposition\" width=\"2560\" height=\"1920\" data-dsm-image-description=\"\" srcset=\"https:\/\/www.verandair.com\/wp-content\/uploads\/2024\/03\/showroom-veranda-en-exposition-1-2048x1536.jpeg 2048w, https:\/\/www.verandair.com\/wp-content\/uploads\/2024\/03\/showroom-veranda-en-exposition-1-300x225.jpeg 300w, https:\/\/www.verandair.com\/wp-content\/uploads\/2024\/03\/showroom-veranda-en-exposition-1-1024x768.jpeg 1024w, https:\/\/www.verandair.com\/wp-content\/uploads\/2024\/03\/showroom-veranda-en-exposition-1-768x576.jpeg 768w, https:\/\/www.verandair.com\/wp-content\/uploads\/2024\/03\/showroom-veranda-en-exposition-1-1536x1152.jpeg 1536w, https:\/\/www.verandair.com\/wp-content\/uploads\/2024\/03\/showroom-veranda-en-exposition-1-510x382.jpeg 510w, https:\/\/www.verandair.com\/wp-content\/uploads\/2024\/03\/showroom-veranda-en-exposition-1-1080x810.jpeg 1080w, https:\/\/www.verandair.com\/wp-content\/uploads\/2024\/03\/showroom-veranda-en-exposition-1-1280x960.jpeg 1280w, https:\/\/www.verandair.com\/wp-content\/uploads\/2024\/03\/showroom-veranda-en-exposition-1-980x735.jpeg 980w, https:\/\/www.verandair.com\/wp-content\/uploads\/2024\/03\/showroom-veranda-en-exposition-1-480x360.jpeg 480w, https:\/\/www.verandair.com\/wp-content\/uploads\/2024\/03\/showroom-veranda-en-exposition-1-scaled.jpeg 1600w\" sizes=\"(max-width: 1600px) 100vw, 1600px\" class=\" skip-lazy\" \/><\/a><\/div><div class=\"swiper-slide dsm_image_carousel_item\"><a class=\"dsm_image_carousel_lightbox\" href=\"https:\/\/www.verandair.com\/wp-content\/uploads\/2024\/03\/IMG_4113-scaled.jpg\" data-mfp-src=\"https:\/\/www.verandair.com\/wp-content\/uploads\/2024\/03\/IMG_4113-scaled.jpg\"><img loading=\"lazy\" decoding=\"async\" src=\"https:\/\/www.verandair.com\/wp-content\/uploads\/2024\/03\/IMG_4113-scaled.jpg\" alt=\"Mod\u00e8le de v\u00e9randa en aluminium expos\u00e9 dans un showroom, am\u00e9nag\u00e9 avec une table \u00e0 manger et des chaises, entour\u00e9 d&#039;\u00e9l\u00e9ments d\u00e9coratifs et d&#039;un jacuzzi gonflable.\" title=\"IMG_4113\" width=\"2560\" height=\"1920\" data-dsm-image-description=\"\" srcset=\"https:\/\/www.verandair.com\/wp-content\/uploads\/2024\/03\/IMG_4113-2048x1536.jpg 2048w, https:\/\/www.verandair.com\/wp-content\/uploads\/2024\/03\/IMG_4113-300x225.jpg 300w, https:\/\/www.verandair.com\/wp-content\/uploads\/2024\/03\/IMG_4113-1024x768.jpg 1024w, https:\/\/www.verandair.com\/wp-content\/uploads\/2024\/03\/IMG_4113-768x576.jpg 768w, https:\/\/www.verandair.com\/wp-content\/uploads\/2024\/03\/IMG_4113-1536x1152.jpg 1536w, https:\/\/www.verandair.com\/wp-content\/uploads\/2024\/03\/IMG_4113-510x382.jpg 510w, https:\/\/www.verandair.com\/wp-content\/uploads\/2024\/03\/IMG_4113-1080x810.jpg 1080w, https:\/\/www.verandair.com\/wp-content\/uploads\/2024\/03\/IMG_4113-1280x960.jpg 1280w, https:\/\/www.verandair.com\/wp-content\/uploads\/2024\/03\/IMG_4113-980x735.jpg 980w, https:\/\/www.verandair.com\/wp-content\/uploads\/2024\/03\/IMG_4113-480x360.jpg 480w, https:\/\/www.verandair.com\/wp-content\/uploads\/2024\/03\/IMG_4113-scaled.jpg 1600w\" sizes=\"(max-width: 1600px) 100vw, 1600px\" class=\" skip-lazy\" \/><\/a><\/div><div class=\"swiper-slide dsm_image_carousel_item\"><a class=\"dsm_image_carousel_lightbox\" href=\"https:\/\/www.verandair.com\/wp-content\/uploads\/2024\/03\/IMG_4116-scaled.jpg\" data-mfp-src=\"https:\/\/www.verandair.com\/wp-content\/uploads\/2024\/03\/IMG_4116-scaled.jpg\"><img loading=\"lazy\" decoding=\"async\" src=\"https:\/\/www.verandair.com\/wp-content\/uploads\/2024\/03\/IMG_4116-scaled.jpg\" alt=\"Mod\u00e8le de v\u00e9randa en aluminium expos\u00e9 dans un showroom, am\u00e9nag\u00e9 avec une table \u00e0 manger et des chaises, entour\u00e9 d&#039;\u00e9l\u00e9ments d\u00e9coratifs et d&#039;un jacuzzi gonflable.\" title=\"IMG_4116\" width=\"2560\" height=\"1920\" data-dsm-image-description=\"\" srcset=\"https:\/\/www.verandair.com\/wp-content\/uploads\/2024\/03\/IMG_4116-2048x1536.jpg 2048w, https:\/\/www.verandair.com\/wp-content\/uploads\/2024\/03\/IMG_4116-300x225.jpg 300w, https:\/\/www.verandair.com\/wp-content\/uploads\/2024\/03\/IMG_4116-1024x768.jpg 1024w, https:\/\/www.verandair.com\/wp-content\/uploads\/2024\/03\/IMG_4116-768x576.jpg 768w, https:\/\/www.verandair.com\/wp-content\/uploads\/2024\/03\/IMG_4116-1536x1152.jpg 1536w, https:\/\/www.verandair.com\/wp-content\/uploads\/2024\/03\/IMG_4116-510x382.jpg 510w, https:\/\/www.verandair.com\/wp-content\/uploads\/2024\/03\/IMG_4116-1080x810.jpg 1080w, https:\/\/www.verandair.com\/wp-content\/uploads\/2024\/03\/IMG_4116-1280x960.jpg 1280w, https:\/\/www.verandair.com\/wp-content\/uploads\/2024\/03\/IMG_4116-980x735.jpg 980w, https:\/\/www.verandair.com\/wp-content\/uploads\/2024\/03\/IMG_4116-480x360.jpg 480w, https:\/\/www.verandair.com\/wp-content\/uploads\/2024\/03\/IMG_4116-scaled.jpg 1600w\" sizes=\"(max-width: 1600px) 100vw, 1600px\" class=\" skip-lazy\" \/><\/a><\/div><div class=\"swiper-slide dsm_image_carousel_item\"><a class=\"dsm_image_carousel_lightbox\" href=\"https:\/\/www.verandair.com\/wp-content\/uploads\/2024\/03\/IMG_4117-scaled.jpg\" data-mfp-src=\"https:\/\/www.verandair.com\/wp-content\/uploads\/2024\/03\/IMG_4117-scaled.jpg\"><img loading=\"lazy\" decoding=\"async\" src=\"https:\/\/www.verandair.com\/wp-content\/uploads\/2024\/03\/IMG_4117-scaled.jpg\" alt=\"Vue d&#039;ensemble d&#039;un showroom pr\u00e9sentant plusieurs mod\u00e8les de v\u00e9randas modernes en aluminium et en bois, avec des espaces am\u00e9nag\u00e9s pour la d\u00e9monstration.\" title=\"IMG_4117\" width=\"2560\" height=\"1920\" data-dsm-image-description=\"\" srcset=\"https:\/\/www.verandair.com\/wp-content\/uploads\/2024\/03\/IMG_4117-scaled.jpg 1600w, https:\/\/www.verandair.com\/wp-content\/uploads\/2024\/03\/IMG_4117-scaled-1280x960.jpg 1280w, https:\/\/www.verandair.com\/wp-content\/uploads\/2024\/03\/IMG_4117-scaled-980x735.jpg 980w, https:\/\/www.verandair.com\/wp-content\/uploads\/2024\/03\/IMG_4117-scaled-480x360.jpg 480w\" sizes=\"(min-width: 0px) and (max-width: 480px) 480px, (min-width: 481px) and (max-width: 980px) 980px, (min-width: 981px) and (max-width: 1280px) 1280px, (min-width: 1281px) 1600px, 100vw\" class=\" skip-lazy\" \/><\/a><\/div><div class=\"swiper-slide dsm_image_carousel_item\"><a class=\"dsm_image_carousel_lightbox\" href=\"https:\/\/www.verandair.com\/wp-content\/uploads\/2024\/03\/IMG_4119-scaled.jpg\" data-mfp-src=\"https:\/\/www.verandair.com\/wp-content\/uploads\/2024\/03\/IMG_4119-scaled.jpg\"><img loading=\"lazy\" decoding=\"async\" src=\"https:\/\/www.verandair.com\/wp-content\/uploads\/2024\/03\/IMG_4119-scaled.jpg\" alt=\"Pr\u00e9sentation d&#039;une v\u00e9randa en aluminium avec baies vitr\u00e9es et d\u00e9coration int\u00e9rieure \u00e9l\u00e9gante, expos\u00e9e dans un showroom, illustrant un coin repas et des \u00e9l\u00e9ments d\u00e9coratifs.\" title=\"IMG_4119\" width=\"2560\" height=\"1920\" data-dsm-image-description=\"\" srcset=\"https:\/\/www.verandair.com\/wp-content\/uploads\/2024\/03\/IMG_4119-2048x1536.jpg 2048w, https:\/\/www.verandair.com\/wp-content\/uploads\/2024\/03\/IMG_4119-300x225.jpg 300w, https:\/\/www.verandair.com\/wp-content\/uploads\/2024\/03\/IMG_4119-1024x768.jpg 1024w, https:\/\/www.verandair.com\/wp-content\/uploads\/2024\/03\/IMG_4119-768x576.jpg 768w, https:\/\/www.verandair.com\/wp-content\/uploads\/2024\/03\/IMG_4119-1536x1152.jpg 1536w, https:\/\/www.verandair.com\/wp-content\/uploads\/2024\/03\/IMG_4119-510x382.jpg 510w, https:\/\/www.verandair.com\/wp-content\/uploads\/2024\/03\/IMG_4119-1080x810.jpg 1080w, https:\/\/www.verandair.com\/wp-content\/uploads\/2024\/03\/IMG_4119-1280x960.jpg 1280w, https:\/\/www.verandair.com\/wp-content\/uploads\/2024\/03\/IMG_4119-980x735.jpg 980w, https:\/\/www.verandair.com\/wp-content\/uploads\/2024\/03\/IMG_4119-480x360.jpg 480w, https:\/\/www.verandair.com\/wp-content\/uploads\/2024\/03\/IMG_4119-scaled.jpg 1600w\" sizes=\"(max-width: 1600px) 100vw, 1600px\" class=\" skip-lazy\" \/><\/a><\/div><div class=\"swiper-slide dsm_image_carousel_item\"><a class=\"dsm_image_carousel_lightbox\" href=\"https:\/\/www.verandair.com\/wp-content\/uploads\/2024\/03\/IMG_4121-scaled.jpg\" data-mfp-src=\"https:\/\/www.verandair.com\/wp-content\/uploads\/2024\/03\/IMG_4121-scaled.jpg\"><img loading=\"lazy\" decoding=\"async\" src=\"https:\/\/www.verandair.com\/wp-content\/uploads\/2024\/03\/IMG_4121-scaled.jpg\" alt=\"Mod\u00e8le de v\u00e9randa moderne en aluminium gris expos\u00e9 dans un showroom, avec portes vitr\u00e9es coulissantes et parois en verre d\u00e9poli, montrant des exemples d&#039;am\u00e9nagement int\u00e9rieur.\" title=\"IMG_4121\" width=\"2560\" height=\"1920\" data-dsm-image-description=\"\" srcset=\"https:\/\/www.verandair.com\/wp-content\/uploads\/2024\/03\/IMG_4121-2048x1536.jpg 2048w, https:\/\/www.verandair.com\/wp-content\/uploads\/2024\/03\/IMG_4121-300x225.jpg 300w, https:\/\/www.verandair.com\/wp-content\/uploads\/2024\/03\/IMG_4121-1024x768.jpg 1024w, https:\/\/www.verandair.com\/wp-content\/uploads\/2024\/03\/IMG_4121-768x576.jpg 768w, https:\/\/www.verandair.com\/wp-content\/uploads\/2024\/03\/IMG_4121-1536x1152.jpg 1536w, https:\/\/www.verandair.com\/wp-content\/uploads\/2024\/03\/IMG_4121-510x382.jpg 510w, https:\/\/www.verandair.com\/wp-content\/uploads\/2024\/03\/IMG_4121-1080x810.jpg 1080w, https:\/\/www.verandair.com\/wp-content\/uploads\/2024\/03\/IMG_4121-1280x960.jpg 1280w, https:\/\/www.verandair.com\/wp-content\/uploads\/2024\/03\/IMG_4121-980x735.jpg 980w, https:\/\/www.verandair.com\/wp-content\/uploads\/2024\/03\/IMG_4121-480x360.jpg 480w, https:\/\/www.verandair.com\/wp-content\/uploads\/2024\/03\/IMG_4121-scaled.jpg 1600w\" sizes=\"(max-width: 1600px) 100vw, 1600px\" class=\" skip-lazy\" \/><\/a><\/div><div class=\"swiper-slide dsm_image_carousel_item\"><a class=\"dsm_image_carousel_lightbox\" href=\"https:\/\/www.verandair.com\/wp-content\/uploads\/2024\/03\/BEN_3647.jpg\" data-mfp-src=\"https:\/\/www.verandair.com\/wp-content\/uploads\/2024\/03\/BEN_3647.jpg\"><img loading=\"lazy\" decoding=\"async\" src=\"https:\/\/www.verandair.com\/wp-content\/uploads\/2024\/03\/BEN_3647.jpg\" alt=\"\" title=\"BEN_3647\" width=\"1500\" height=\"998\" data-dsm-image-description=\"\" srcset=\"https:\/\/www.verandair.com\/wp-content\/uploads\/2024\/03\/BEN_3647.jpg 1500w, https:\/\/www.verandair.com\/wp-content\/uploads\/2024\/03\/BEN_3647-1280x852.jpg 1280w, https:\/\/www.verandair.com\/wp-content\/uploads\/2024\/03\/BEN_3647-980x652.jpg 980w, https:\/\/www.verandair.com\/wp-content\/uploads\/2024\/03\/BEN_3647-480x319.jpg 480w\" sizes=\"(min-width: 0px) and (max-width: 480px) 480px, (min-width: 481px) and (max-width: 980px) 980px, (min-width: 981px) and (max-width: 1280px) 1280px, (min-width: 1281px) 1500px, 100vw\" class=\" skip-lazy\" \/><\/a><\/div><div class=\"swiper-slide dsm_image_carousel_item\"><a class=\"dsm_image_carousel_lightbox\" href=\"https:\/\/www.verandair.com\/wp-content\/uploads\/2024\/03\/Dominique-VINCART-1-copie.jpg\" data-mfp-src=\"https:\/\/www.verandair.com\/wp-content\/uploads\/2024\/03\/Dominique-VINCART-1-copie.jpg\"><img loading=\"lazy\" decoding=\"async\" src=\"https:\/\/www.verandair.com\/wp-content\/uploads\/2024\/03\/Dominique-VINCART-1-copie.jpg\" alt=\"\" title=\"Dominique VINCART 1 copie\" width=\"500\" height=\"333\" data-dsm-image-description=\"\" srcset=\"https:\/\/www.verandair.com\/wp-content\/uploads\/2024\/03\/Dominique-VINCART-1-copie.jpg 500w, https:\/\/www.verandair.com\/wp-content\/uploads\/2024\/03\/Dominique-VINCART-1-copie-480x320.jpg 480w\" sizes=\"(min-width: 0px) and (max-width: 480px) 480px, (min-width: 481px) 500px, 100vw\" class=\" skip-lazy\" \/><\/a><\/div><div class=\"swiper-slide dsm_image_carousel_item\"><a class=\"dsm_image_carousel_lightbox\" href=\"https:\/\/www.verandair.com\/wp-content\/uploads\/2024\/03\/Interieur-showroom-verandair-1-scaled.jpg\" data-mfp-src=\"https:\/\/www.verandair.com\/wp-content\/uploads\/2024\/03\/Interieur-showroom-verandair-1-scaled.jpg\"><img loading=\"lazy\" decoding=\"async\" src=\"https:\/\/www.verandair.com\/wp-content\/uploads\/2024\/03\/Interieur-showroom-verandair-1-scaled.jpg\" alt=\"\" title=\"Inte\u0301rieur showroom verandair\" width=\"2560\" height=\"1702\" data-dsm-image-description=\"\" srcset=\"https:\/\/www.verandair.com\/wp-content\/uploads\/2024\/03\/Interieur-showroom-verandair-1-2048x1362.jpg 2048w, https:\/\/www.verandair.com\/wp-content\/uploads\/2024\/03\/Interieur-showroom-verandair-1-300x199.jpg 300w, https:\/\/www.verandair.com\/wp-content\/uploads\/2024\/03\/Interieur-showroom-verandair-1-1024x681.jpg 1024w, https:\/\/www.verandair.com\/wp-content\/uploads\/2024\/03\/Interieur-showroom-verandair-1-768x511.jpg 768w, https:\/\/www.verandair.com\/wp-content\/uploads\/2024\/03\/Interieur-showroom-verandair-1-1536x1021.jpg 1536w, https:\/\/www.verandair.com\/wp-content\/uploads\/2024\/03\/Interieur-showroom-verandair-1-1080x718.jpg 1080w, https:\/\/www.verandair.com\/wp-content\/uploads\/2024\/03\/Interieur-showroom-verandair-1-1280x851.jpg 1280w, https:\/\/www.verandair.com\/wp-content\/uploads\/2024\/03\/Interieur-showroom-verandair-1-980x652.jpg 980w, https:\/\/www.verandair.com\/wp-content\/uploads\/2024\/03\/Interieur-showroom-verandair-1-480x319.jpg 480w, https:\/\/www.verandair.com\/wp-content\/uploads\/2024\/03\/Interieur-showroom-verandair-1-scaled.jpg 1600w\" sizes=\"(max-width: 1600px) 100vw, 1600px\" class=\" skip-lazy\" \/><\/a><\/div><div class=\"swiper-slide dsm_image_carousel_item\"><a class=\"dsm_image_carousel_lightbox\" href=\"https:\/\/www.verandair.com\/wp-content\/uploads\/2024\/03\/Showroom-client-verandair-1.jpg\" data-mfp-src=\"https:\/\/www.verandair.com\/wp-content\/uploads\/2024\/03\/Showroom-client-verandair-1.jpg\"><img loading=\"lazy\" decoding=\"async\" src=\"https:\/\/www.verandair.com\/wp-content\/uploads\/2024\/03\/Showroom-client-verandair-1.jpg\" alt=\"\" title=\"Showroom client verandair\" width=\"1024\" height=\"681\" data-dsm-image-description=\"\" srcset=\"https:\/\/www.verandair.com\/wp-content\/uploads\/2024\/03\/Showroom-client-verandair-1.jpg 1024w, https:\/\/www.verandair.com\/wp-content\/uploads\/2024\/03\/Showroom-client-verandair-1-980x652.jpg 980w, https:\/\/www.verandair.com\/wp-content\/uploads\/2024\/03\/Showroom-client-verandair-1-480x319.jpg 480w\" sizes=\"(min-width: 0px) and (max-width: 480px) 480px, (min-width: 481px) and (max-width: 980px) 980px, (min-width: 981px) 1024px, 100vw\" class=\" skip-lazy\" \/><\/a><\/div><div class=\"swiper-slide dsm_image_carousel_item\"><a class=\"dsm_image_carousel_lightbox\" href=\"https:\/\/www.verandair.com\/wp-content\/uploads\/2024\/03\/showroom-verandair-1.jpg\" data-mfp-src=\"https:\/\/www.verandair.com\/wp-content\/uploads\/2024\/03\/showroom-verandair-1.jpg\"><img loading=\"lazy\" decoding=\"async\" src=\"https:\/\/www.verandair.com\/wp-content\/uploads\/2024\/03\/showroom-verandair-1.jpg\" alt=\"\" title=\"showroom verandair\" width=\"1500\" height=\"998\" data-dsm-image-description=\"\" srcset=\"https:\/\/www.verandair.com\/wp-content\/uploads\/2024\/03\/showroom-verandair-1.jpg 1500w, https:\/\/www.verandair.com\/wp-content\/uploads\/2024\/03\/showroom-verandair-1-1280x852.jpg 1280w, https:\/\/www.verandair.com\/wp-content\/uploads\/2024\/03\/showroom-verandair-1-980x652.jpg 980w, https:\/\/www.verandair.com\/wp-content\/uploads\/2024\/03\/showroom-verandair-1-480x319.jpg 480w\" sizes=\"(min-width: 0px) and (max-width: 480px) 480px, (min-width: 481px) and (max-width: 980px) 980px, (min-width: 981px) and (max-width: 1280px) 1280px, (min-width: 1281px) 1500px, 100vw\" class=\" skip-lazy\" \/><\/a><\/div><div class=\"swiper-slide dsm_image_carousel_item\"><a class=\"dsm_image_carousel_lightbox\" href=\"https:\/\/www.verandair.com\/wp-content\/uploads\/2024\/03\/visualisation-projet-verandair-1.jpg\" data-mfp-src=\"https:\/\/www.verandair.com\/wp-content\/uploads\/2024\/03\/visualisation-projet-verandair-1.jpg\"><img loading=\"lazy\" decoding=\"async\" src=\"https:\/\/www.verandair.com\/wp-content\/uploads\/2024\/03\/visualisation-projet-verandair-1.jpg\" alt=\"Table de salon avec une tablette affichant une v\u00e9randa moderne en aluminium, une tasse de caf\u00e9 et une petite plante verte, sugg\u00e9rant une planification de projet.\" title=\"visualisation projet verandair\" width=\"500\" height=\"333\" data-dsm-image-description=\"\" srcset=\"https:\/\/www.verandair.com\/wp-content\/uploads\/2024\/03\/visualisation-projet-verandair-1.jpg 500w, https:\/\/www.verandair.com\/wp-content\/uploads\/2024\/03\/visualisation-projet-verandair-1-480x320.jpg 480w\" sizes=\"(min-width: 0px) and (max-width: 480px) 480px, (min-width: 481px) 500px, 100vw\" class=\" skip-lazy\" \/><\/a><\/div><\/div><\/div><div class=\"swiper-button-prev swiper-arrow-button\" data-icon=\"&#x23;\"><\/div><div class=\"swiper-button-next swiper-arrow-button\" data-icon=\"&#x24;\"><\/div>\n\t\t\t\t<\/div>\n\t\t\t<\/div>Our showroomInstalling a veranda in your home requires thought, imagination and a little help. Come discover our different veranda models in our showrooms in Belgium and ask us any questions you may have about your future veranda. Inaugurated in October 2017, our 650m\u00b2 showroom located in Spy, near Namur, will allow you to discover our verandas, pergolas, pool verandas, terrace enclosures, etc. in real-life conditions. Visit the plantCurious about how our retractable conservatories are built? We invite you to visit our Mariembourg plant by appointment! You&#8217;ll be able to observe the meticulous work of our skilled craftsmen and check the quality of the hand-picked materials used. During your visit, you&#8217;ll also be able to observe theefficiency of our state-of-the-art machines. Regularly maintained and checked, they deliver fast, accurate performance, enabling VERANDAIR\u00ae to meet delivery times of between 4 and 12 weeks, depending on the period.Want to know more before you decide?Download the new 2024 brochure and discover our complete range of products to enjoy your outdoor life all year [&hellip;]<\/p>\n","protected":false},"author":1,"featured_media":0,"parent":0,"menu_order":60,"comment_status":"closed","ping_status":"closed","template":"","meta":{"_acf_changed":false,"_et_pb_use_builder":"on","_et_pb_old_content":"","_et_gb_content_width":"","inline_featured_image":false,"footnotes":""},"class_list":["post-61339","page","type-page","status-publish","hentry"],"acf":[],"yoast_head":"<!-- This site is optimized with the Yoast SEO plugin v27.5 - https:\/\/yoast.com\/product\/yoast-seo-wordpress\/ -->\n<title>Contact | VERANDAIR\u00ae<\/title>\n<meta name=\"description\" content=\"Need information on our verandas? Contact Verandair today for advice and custom solutions. We&#039;re here to help.\" \/>\n<meta name=\"robots\" content=\"index, follow, max-snippet:-1, max-image-preview:large, max-video-preview:-1\" \/>\n<link rel=\"canonical\" href=\"https:\/\/www.verandair.com\/en\/contact\/\" \/>\n<meta property=\"og:locale\" content=\"en_US\" \/>\n<meta property=\"og:type\" content=\"article\" \/>\n<meta property=\"og:title\" content=\"Contact | VERANDAIR\u00ae\" \/>\n<meta property=\"og:description\" content=\"Need information on our verandas? Contact Verandair today for advice and custom solutions. We&#039;re here to help.\" \/>\n<meta property=\"og:url\" content=\"https:\/\/www.verandair.com\/en\/contact\/\" \/>\n<meta property=\"og:site_name\" content=\"VERANDAIR\u00ae\" \/>\n<meta property=\"article:modified_time\" content=\"2024-07-18T10:26:08+00:00\" \/>\n<meta name=\"twitter:card\" content=\"summary_large_image\" \/>\n<meta name=\"twitter:label1\" content=\"Est. reading time\" \/>\n\t<meta name=\"twitter:data1\" content=\"7 minutes\" \/>\n<script type=\"application\/ld+json\" class=\"yoast-schema-graph\">{\"@context\":\"https:\\\/\\\/schema.org\",\"@graph\":[{\"@type\":\"WebPage\",\"@id\":\"https:\\\/\\\/www.verandair.com\\\/en\\\/contact\\\/\",\"url\":\"https:\\\/\\\/www.verandair.com\\\/en\\\/contact\\\/\",\"name\":\"Contact | VERANDAIR\u00ae\",\"isPartOf\":{\"@id\":\"https:\\\/\\\/www.verandair.com\\\/en\\\/#website\"},\"datePublished\":\"2022-09-15T08:40:38+00:00\",\"dateModified\":\"2024-07-18T10:26:08+00:00\",\"description\":\"Need information on our verandas? Contact Verandair today for advice and custom solutions. We're here to help.\",\"breadcrumb\":{\"@id\":\"https:\\\/\\\/www.verandair.com\\\/en\\\/contact\\\/#breadcrumb\"},\"inLanguage\":\"en-US\",\"potentialAction\":[{\"@type\":\"ReadAction\",\"target\":[\"https:\\\/\\\/www.verandair.com\\\/en\\\/contact\\\/\"]}]},{\"@type\":\"BreadcrumbList\",\"@id\":\"https:\\\/\\\/www.verandair.com\\\/en\\\/contact\\\/#breadcrumb\",\"itemListElement\":[{\"@type\":\"ListItem\",\"position\":1,\"name\":\"Accueil\",\"item\":{\"@type\":\"WebPage\",\"@id\":\"https:\\\/\\\/www.verandair.com\\\/en\\\/\",\"name\":\"Accueil\"}},{\"@type\":\"ListItem\",\"position\":2,\"name\":\"Contact\"}]},{\"@type\":\"WebSite\",\"@id\":\"https:\\\/\\\/www.verandair.com\\\/en\\\/#website\",\"url\":\"https:\\\/\\\/www.verandair.com\\\/en\\\/\",\"name\":\"VERANDAIR\u00ae\",\"description\":\"\",\"publisher\":{\"@id\":\"https:\\\/\\\/www.verandair.com\\\/en\\\/#organization\"},\"potentialAction\":[{\"@type\":\"SearchAction\",\"target\":{\"@type\":\"EntryPoint\",\"urlTemplate\":\"https:\\\/\\\/www.verandair.com\\\/en\\\/?s={search_term_string}\"},\"query-input\":{\"@type\":\"PropertyValueSpecification\",\"valueRequired\":true,\"valueName\":\"search_term_string\"}}],\"inLanguage\":\"en-US\"},{\"@type\":\"Organization\",\"@id\":\"https:\\\/\\\/www.verandair.com\\\/en\\\/#organization\",\"name\":\"Verandair\",\"url\":\"https:\\\/\\\/www.verandair.com\\\/en\\\/\",\"logo\":{\"@type\":\"ImageObject\",\"inLanguage\":\"en-US\",\"@id\":\"https:\\\/\\\/www.verandair.com\\\/en\\\/#\\\/schema\\\/logo\\\/image\\\/\",\"url\":\"https:\\\/\\\/www.verandair.com\\\/wp-content\\\/uploads\\\/2024\\\/06\\\/VERANDAIR-logo.png\",\"contentUrl\":\"https:\\\/\\\/www.verandair.com\\\/wp-content\\\/uploads\\\/2024\\\/06\\\/VERANDAIR-logo.png\",\"width\":283,\"height\":127,\"caption\":\"Verandair\"},\"image\":{\"@id\":\"https:\\\/\\\/www.verandair.com\\\/en\\\/#\\\/schema\\\/logo\\\/image\\\/\"}}]}<\/script>\n<!-- \/ Yoast SEO plugin. -->","yoast_head_json":{"title":"Contact | VERANDAIR\u00ae","description":"Need information on our verandas? Contact Verandair today for advice and custom solutions. We're here to help.","robots":{"index":"index","follow":"follow","max-snippet":"max-snippet:-1","max-image-preview":"max-image-preview:large","max-video-preview":"max-video-preview:-1"},"canonical":"https:\/\/www.verandair.com\/en\/contact\/","og_locale":"en_US","og_type":"article","og_title":"Contact | VERANDAIR\u00ae","og_description":"Need information on our verandas? Contact Verandair today for advice and custom solutions. We're here to help.","og_url":"https:\/\/www.verandair.com\/en\/contact\/","og_site_name":"VERANDAIR\u00ae","article_modified_time":"2024-07-18T10:26:08+00:00","twitter_card":"summary_large_image","twitter_misc":{"Est. reading time":"7 minutes"},"schema":{"@context":"https:\/\/schema.org","@graph":[{"@type":"WebPage","@id":"https:\/\/www.verandair.com\/en\/contact\/","url":"https:\/\/www.verandair.com\/en\/contact\/","name":"Contact | VERANDAIR\u00ae","isPartOf":{"@id":"https:\/\/www.verandair.com\/en\/#website"},"datePublished":"2022-09-15T08:40:38+00:00","dateModified":"2024-07-18T10:26:08+00:00","description":"Need information on our verandas? Contact Verandair today for advice and custom solutions. We're here to help.","breadcrumb":{"@id":"https:\/\/www.verandair.com\/en\/contact\/#breadcrumb"},"inLanguage":"en-US","potentialAction":[{"@type":"ReadAction","target":["https:\/\/www.verandair.com\/en\/contact\/"]}]},{"@type":"BreadcrumbList","@id":"https:\/\/www.verandair.com\/en\/contact\/#breadcrumb","itemListElement":[{"@type":"ListItem","position":1,"name":"Accueil","item":{"@type":"WebPage","@id":"https:\/\/www.verandair.com\/en\/","name":"Accueil"}},{"@type":"ListItem","position":2,"name":"Contact"}]},{"@type":"WebSite","@id":"https:\/\/www.verandair.com\/en\/#website","url":"https:\/\/www.verandair.com\/en\/","name":"VERANDAIR\u00ae","description":"","publisher":{"@id":"https:\/\/www.verandair.com\/en\/#organization"},"potentialAction":[{"@type":"SearchAction","target":{"@type":"EntryPoint","urlTemplate":"https:\/\/www.verandair.com\/en\/?s={search_term_string}"},"query-input":{"@type":"PropertyValueSpecification","valueRequired":true,"valueName":"search_term_string"}}],"inLanguage":"en-US"},{"@type":"Organization","@id":"https:\/\/www.verandair.com\/en\/#organization","name":"Verandair","url":"https:\/\/www.verandair.com\/en\/","logo":{"@type":"ImageObject","inLanguage":"en-US","@id":"https:\/\/www.verandair.com\/en\/#\/schema\/logo\/image\/","url":"https:\/\/www.verandair.com\/wp-content\/uploads\/2024\/06\/VERANDAIR-logo.png","contentUrl":"https:\/\/www.verandair.com\/wp-content\/uploads\/2024\/06\/VERANDAIR-logo.png","width":283,"height":127,"caption":"Verandair"},"image":{"@id":"https:\/\/www.verandair.com\/en\/#\/schema\/logo\/image\/"}}]}},"_links":{"self":[{"href":"https:\/\/www.verandair.com\/en\/wp-json\/wp\/v2\/pages\/61339","targetHints":{"allow":["GET"]}}],"collection":[{"href":"https:\/\/www.verandair.com\/en\/wp-json\/wp\/v2\/pages"}],"about":[{"href":"https:\/\/www.verandair.com\/en\/wp-json\/wp\/v2\/types\/page"}],"author":[{"embeddable":true,"href":"https:\/\/www.verandair.com\/en\/wp-json\/wp\/v2\/users\/1"}],"replies":[{"embeddable":true,"href":"https:\/\/www.verandair.com\/en\/wp-json\/wp\/v2\/comments?post=61339"}],"version-history":[{"count":3,"href":"https:\/\/www.verandair.com\/en\/wp-json\/wp\/v2\/pages\/61339\/revisions"}],"predecessor-version":[{"id":63777,"href":"https:\/\/www.verandair.com\/en\/wp-json\/wp\/v2\/pages\/61339\/revisions\/63777"}],"wp:attachment":[{"href":"https:\/\/www.verandair.com\/en\/wp-json\/wp\/v2\/media?parent=61339"}],"curies":[{"name":"wp","href":"https:\/\/api.w.org\/{rel}","templated":true}]}}