{"id":61564,"date":"2024-03-12T16:49:50","date_gmt":"2024-03-12T15:49:50","guid":{"rendered":"https:\/\/www.verandair.com\/magazine-2\/"},"modified":"2024-04-03T10:10:24","modified_gmt":"2024-04-03T08:10:24","slug":"magazine-2","status":"publish","type":"page","link":"https:\/\/www.verandair.com\/en\/magazine-2\/","title":{"rendered":"Magazine-2"},"content":{"rendered":"<p>[et_pb_section fb_built=&#8221;1&#8243; _builder_version=&#8221;4.23.4&#8243; _module_preset=&#8221;e664d06a-c530-4fbe-abbd-fb161116285a&#8221; global_colors_info=&#8221;{}&#8221;][et_pb_row _builder_version=&#8221;4.23.4&#8243; _module_preset=&#8221;default&#8221; global_colors_info=&#8221;{}&#8221;][et_pb_column type=&#8221;4_4&#8243; _builder_version=&#8221;4.23.4&#8243; _module_preset=&#8221;default&#8221; global_colors_info=&#8221;{}&#8221;][dsm_breadcrumbs home_text=&#8221; &#8221; home_icon=&#8221;&#xe009;||divi||400&#8243; admin_label=&#8221;Supreme Breadcrumbs&#8221; _builder_version=&#8221;4.24.0&#8243; _module_preset=&#8221;default&#8221; global_colors_info=&#8221;{}&#8221;][\/dsm_breadcrumbs][et_pb_text _builder_version=&#8221;4.24.0&#8243; _module_preset=&#8221;default&#8221; text_orientation=&#8221;center&#8221; custom_margin=&#8221;||30px||false|false&#8221; global_colors_info=&#8221;{}&#8221;]<\/p>\n<h1><b style=\"font-weight: 400;\">Outdoor lifestyle<\/b> magazine<\/h1>\n<p>[\/et_pb_text][et_pb_divider show_divider=&#8221;off&#8221; _builder_version=&#8221;4.23.4&#8243; _module_preset=&#8221;2adabd0f-cb12-404f-9aa7-a3088280e564&#8243; module_alignment=&#8221;center&#8221; global_colors_info=&#8221;{}&#8221;][\/et_pb_divider][\/et_pb_column][\/et_pb_row][\/et_pb_section][et_pb_section fb_built=&#8221;1&#8243; _builder_version=&#8221;4.23.4&#8243; _module_preset=&#8221;default&#8221; custom_padding=&#8221;0px||0px||true|false&#8221; global_colors_info=&#8221;{}&#8221;][et_pb_row column_structure=&#8221;2_3,1_3&#8243; use_custom_gutter=&#8221;on&#8221; make_equal=&#8221;on&#8221; _builder_version=&#8221;4.24.1&#8243; _module_preset=&#8221;default&#8221; custom_padding=&#8221;||0px||false|false&#8221; custom_css_main_element=&#8221;align-items: center;&#8221; global_colors_info=&#8221;{}&#8221;][et_pb_column type=&#8221;2_3&#8243; _builder_version=&#8221;4.24.0&#8243; _module_preset=&#8221;default&#8221; global_colors_info=&#8221;{}&#8221;][et_pb_blog posts_number=&#8221;1&#8243; show_author=&#8221;off&#8221; show_date=&#8221;off&#8221; show_excerpt=&#8221;off&#8221; show_pagination=&#8221;off&#8221; _builder_version=&#8221;4.24.0&#8243; _module_preset=&#8221;default&#8221; meta_text_color=&#8221;#FFFFFF&#8221; meta_font_size=&#8221;15px&#8221; custom_css_free_form=&#8221;@media screen and (min-width: 768px) {||  selector .entry-featured-image-url {||    min-height: 550px;||  }||||  selector .entry-featured-image-url img{||      object-fit: cover;||      position: absolute;||      height: 100%;||  }||}||||selector article {||  margin-bottom: 0;||}||||selector .post-meta a {||  background: #000;||  padding: 8px 20px;||  border-radius: 50px;||}&#8221; custom_css_title=&#8221;display: none;&#8221; custom_css_post_meta=&#8221;position: absolute;||top: 20px;||left: 20px;&#8221; global_colors_info=&#8221;{}&#8221;][\/et_pb_blog][\/et_pb_column][et_pb_column type=&#8221;1_3&#8243; _builder_version=&#8221;4.24.0&#8243; _module_preset=&#8221;default&#8221; global_colors_info=&#8221;{}&#8221;][et_pb_blog posts_number=&#8221;1&#8243; meta_date=&#8221;j M y&#8221; show_thumbnail=&#8221;off&#8221; excerpt_length=&#8221;150&#8243; show_more=&#8221;on&#8221; show_author=&#8221;off&#8221; show_categories=&#8221;off&#8221; show_excerpt=&#8221;off&#8221; show_pagination=&#8221;off&#8221; _builder_version=&#8221;4.24.1&#8243; _module_preset=&#8221;default&#8221; header_font=&#8221;|700|||||||&#8221; header_font_size=&#8221;40px&#8221; meta_text_color=&#8221;gcid-1aea1de7-1b27-4917-8f9a-23facce39526&#8243; meta_font_size=&#8221;15px&#8221; read_more_font=&#8221;||||||||&#8221; header_font_size_tablet=&#8221;25px&#8221; header_font_size_phone=&#8221;25px&#8221; header_font_size_last_edited=&#8221;on|tablet&#8221; custom_css_free_form=&#8221;selector article {||  margin-bottom: 15px;||  display: flex;||  flex-direction: column;||}&#8221; custom_css_title=&#8221;margin-bottom: 40px;&#8221; custom_css_post_meta=&#8221;order: -1;&#8221; custom_css_read_more=&#8221;text-transform: capitalize;&#8221; global_colors_info=&#8221;{%22gcid-1aea1de7-1b27-4917-8f9a-23facce39526%22:%91%22meta_text_color%22%93}&#8221;][\/et_pb_blog][\/et_pb_column][\/et_pb_row][et_pb_row disabled_on=&#8221;off|off|off&#8221; _builder_version=&#8221;4.24.1&#8243; _module_preset=&#8221;default&#8221; custom_padding=&#8221;||0px||false|false&#8221; global_colors_info=&#8221;{}&#8221;][et_pb_column type=&#8221;4_4&#8243; _builder_version=&#8221;4.23.4&#8243; _module_preset=&#8221;default&#8221; custom_padding=&#8221;||0px||false|false&#8221; custom_css_main_element=&#8221;display: flex;||flex-direction: row;||gap: 15px;&#8221; global_colors_info=&#8221;{}&#8221;][et_pb_button button_text=&#8221;All&#8221; _builder_version=&#8221;4.23.4&#8243; _module_preset=&#8221;aba040e1-f6cf-4f20-ad8b-b2acf3b791f6&#8243; global_colors_info=&#8221;{}&#8221;][\/et_pb_button][et_pb_button button_text=&#8221;Pergolas&#8221; module_class=&#8221;df-button dfc-pergolas&#8221; _builder_version=&#8221;4.24.1&#8243; _module_preset=&#8221;aba040e1-f6cf-4f20-ad8b-b2acf3b791f6&#8243; global_colors_info=&#8221;{}&#8221;][\/et_pb_button][et_pb_button button_text=&#8221;Patio cover&#8221; module_class=&#8221;df-button dfc-abri-de-terrasse&#8221; _builder_version=&#8221;4.24.1&#8243; _module_preset=&#8221;aba040e1-f6cf-4f20-ad8b-b2acf3b791f6&#8243; global_colors_info=&#8221;{}&#8221;][\/et_pb_button][et_pb_button button_text=&#8221;Pool house&#8221; module_class=&#8221;df-button dfc-abri-de-pool-house&#8221; _builder_version=&#8221;4.24.1&#8243; _module_preset=&#8221;aba040e1-f6cf-4f20-ad8b-b2acf3b791f6&#8243; global_colors_info=&#8221;{}&#8221;][\/et_pb_button][et_pb_button button_text=&#8221;Pool enclosure&#8221; module_class=&#8221;df-button dfc-abris-piscine&#8221; _builder_version=&#8221;4.24.1&#8243; _module_preset=&#8221;aba040e1-f6cf-4f20-ad8b-b2acf3b791f6&#8243; global_colors_info=&#8221;{}&#8221;][\/et_pb_button][et_pb_button button_text=&#8221;Carport&#8221; module_class=&#8221;df-button dfc-abris-carport&#8221; _builder_version=&#8221;4.24.1&#8243; _module_preset=&#8221;aba040e1-f6cf-4f20-ad8b-b2acf3b791f6&#8243; global_colors_info=&#8221;{}&#8221;][\/et_pb_button][\/et_pb_column][\/et_pb_row][\/et_pb_section][et_pb_section fb_built=&#8221;1&#8243; disabled_on=&#8221;off|off|off&#8221; module_class=&#8221;df-area df-post&#8221; _builder_version=&#8221;4.24.1&#8243; _module_preset=&#8221;default&#8221; custom_padding=&#8221;0px||||false|false&#8221; global_colors_info=&#8221;{%22gcid-7df8ee83-ae0d-4f60-a763-b085a292aac7%22:%91%22background_color_gradient_stops%22%93}&#8221;][et_pb_row _builder_version=&#8221;4.24.0&#8243; _module_preset=&#8221;default&#8221; custom_padding=&#8221;15px||0px||false|false&#8221; global_colors_info=&#8221;{}&#8221;][et_pb_column type=&#8221;4_4&#8243; _builder_version=&#8221;4.23.4&#8243; _module_preset=&#8221;default&#8221; global_colors_info=&#8221;{}&#8221;][et_pb_blog posts_number=&#8221;21&#8243; meta_date=&#8221;j M y&#8221; excerpt_length=&#8221;100&#8243; show_pagination=&#8221;off&#8221; offset_number=&#8221;22&#8243; _builder_version=&#8221;4.24.2&#8243; _module_preset=&#8221;3b0c7838-b322-45d9-9e11-5a38a05fd02b&#8221; text_orientation=&#8221;left&#8221; custom_margin=&#8221;||||false|false&#8221; global_colors_info=&#8221;{}&#8221;][\/et_pb_blog][\/et_pb_column][\/et_pb_row][\/et_pb_section][et_pb_section fb_built=&#8221;1&#8243; _builder_version=&#8221;4.24.2&#8243; _module_preset=&#8221;default&#8221; custom_padding=&#8221;0px||0px||false|false&#8221; locked=&#8221;off&#8221; global_colors_info=&#8221;{}&#8221;][et_pb_row column_structure=&#8221;1_3,1_3,1_3&#8243; _builder_version=&#8221;4.24.2&#8243; _module_preset=&#8221;default&#8221; global_colors_info=&#8221;{}&#8221;][et_pb_column type=&#8221;1_3&#8243; _builder_version=&#8221;4.24.2&#8243; _module_preset=&#8221;default&#8221; global_colors_info=&#8221;{}&#8221;][et_pb_button button_url=&#8221;@ET-DC@eyJkeW5hbWljIjp0cnVlLCJjb250ZW50IjoicG9zdF9saW5rX3VybF9wYWdlIiwic2V0dGluZ3MiOnsicG9zdF9pZCI6IjM4MCJ9fQ==@&#8221; button_text=&#8221;Previous articles&#8221; button_alignment=&#8221;center&#8221; _builder_version=&#8221;4.24.2&#8243; _dynamic_attributes=&#8221;button_url&#8221; _module_preset=&#8221;d58892d8-faa2-490c-878b-40699861f3a7&#8243; custom_button=&#8221;on&#8221; button_text_size=&#8221;18px&#8221; button_text_color=&#8221;#FFFFFF&#8221; button_bg_color=&#8221;#000000&#8243; button_icon=&#8221;&#x23;||divi||400&#8243; button_icon_color=&#8221;#FFFFFF&#8221; button_icon_placement=&#8221;left&#8221; custom_margin=&#8221;||||false|false&#8221; custom_padding=&#8221;8px|22px|8px|22px|true|false&#8221; locked=&#8221;off&#8221; global_colors_info=&#8221;{}&#8221; button_border_color__hover_enabled=&#8221;on|hover&#8221; button_border_color__hover=&#8221;#000000&#8243; custom_padding__hover_enabled=&#8221;on|hover&#8221; custom_padding__hover=&#8221;|||34px|true|false&#8221;][\/et_pb_button][\/et_pb_column][et_pb_column type=&#8221;1_3&#8243; _builder_version=&#8221;4.24.2&#8243; _module_preset=&#8221;default&#8221; global_colors_info=&#8221;{}&#8221;][et_pb_text _builder_version=&#8221;4.24.2&#8243; _module_preset=&#8221;default&#8221; text_orientation=&#8221;center&#8221; locked=&#8221;off&#8221; global_colors_info=&#8221;{}&#8221;]<\/p>\n<p>Pages <a href=\"https:\/\/www.verandair.com\/en\/magazine\/\">1<\/a> <span style=\"text-decoration: underline;\"><br \/>\n  <strong>2<\/strong><br \/>\n<\/span>   <a href=\"https:\/\/www.verandair.com\/fr\/actualites-3\/\">3<\/a> <a href=\"https:\/\/www.verandair.com\/fr\/actualites-4\/\">4<\/a> <a href=\"https:\/\/www.verandair.com\/fr\/actualites-5\/\">5<\/a> <a href=\"https:\/\/www.verandair.com\/en\/magazine-6\/\">6<\/a> <a href=\"https:\/\/www.verandair.com\/en\/magazine-7\/\">7<\/a><\/p>\n<p>[\/et_pb_text][\/et_pb_column][et_pb_column type=&#8221;1_3&#8243; _builder_version=&#8221;4.24.2&#8243; _module_preset=&#8221;default&#8221; global_colors_info=&#8221;{}&#8221;][et_pb_button button_url=&#8221;@ET-DC@eyJkeW5hbWljIjp0cnVlLCJjb250ZW50IjoicG9zdF9saW5rX3VybF9wYWdlIiwic2V0dGluZ3MiOnsicG9zdF9pZCI6IjU4MzE1In19@&#8221; button_text=&#8221;Next articles&#8221; button_alignment=&#8221;center&#8221; _builder_version=&#8221;4.24.2&#8243; _dynamic_attributes=&#8221;button_url&#8221; _module_preset=&#8221;d58892d8-faa2-490c-878b-40699861f3a7&#8243; custom_button=&#8221;on&#8221; button_text_size=&#8221;18px&#8221; button_text_color=&#8221;#FFFFFF&#8221; button_bg_color=&#8221;#000000&#8243; button_icon=&#8221;&#x24;||divi||400&#8243; button_icon_color=&#8221;#FFFFFF&#8221; custom_margin=&#8221;||||false|false&#8221; custom_padding=&#8221;8px|22px|8px|22px|true|false&#8221; locked=&#8221;off&#8221; global_colors_info=&#8221;{}&#8221; button_border_color__hover_enabled=&#8221;on|hover&#8221; button_border_color__hover=&#8221;#000000&#8243; custom_padding__hover_enabled=&#8221;on|desktop&#8221; custom_padding__hover=&#8221;|34px||22px|true|false&#8221;][\/et_pb_button][\/et_pb_column][\/et_pb_row][\/et_pb_section][et_pb_section fb_built=&#8221;1&#8243; disabled_on=&#8221;off|off|off&#8221; _builder_version=&#8221;4.24.2&#8243; _module_preset=&#8221;default&#8221; use_background_color_gradient=&#8221;on&#8221; background_color_gradient_stops=&#8221;gcid-7df8ee83-ae0d-4f60-a763-b085a292aac7 0%|#ffffff 100%&#8221; custom_padding=&#8221;0px||0px||true|false&#8221; global_colors_info=&#8221;{%22gcid-7df8ee83-ae0d-4f60-a763-b085a292aac7%22:%91%22background_color_gradient_stops%22%93}&#8221;][et_pb_row column_structure=&#8221;3_5,2_5&#8243; use_custom_gutter=&#8221;on&#8221; _builder_version=&#8221;4.23.4&#8243; _module_preset=&#8221;default&#8221; global_colors_info=&#8221;{}&#8221;][et_pb_column type=&#8221;3_5&#8243; _builder_version=&#8221;4.19.4&#8243; _module_preset=&#8221;default&#8221; global_colors_info=&#8221;{}&#8221;][dsm_blog_carousel posts_number=&#8221;2&#8243; lazyload=&#8221;on&#8221; thumbnail_img_type=&#8221;contain&#8221; use_excerpt=&#8221;off&#8221; meta_date=&#8221;j M y&#8221; meta_seperator=&#8221; &#8221; use_author=&#8221;off&#8221; use_readmore=&#8221;on&#8221; readmore_text=&#8221;Read more&#8221; columns=&#8221;1&#8243; use_pagi=&#8221;off&#8221; navi_position=&#8221;100%&#8221; left_navi_position=&#8221;0px&#8221; right_navi_position=&#8221;0px&#8221; navi_size=&#8221;20&#8243; use_prev_icon=&#8221;on&#8221; prev_icon=&#8221;&#x23;||divi||400&#8243; use_next_icon=&#8221;on&#8221; next_icon=&#8221;&#x24;||divi||400&#8243; navi_color=&#8221;gcid-1aea1de7-1b27-4917-8f9a-23facce39526&#8243; navi_background_color=&#8221;#FFFFFF&#8221; post_equal_height=&#8221;on&#8221; _builder_version=&#8221;4.24.0&#8243; _module_preset=&#8221;default&#8221; title_text_color=&#8221;#FFFFFF&#8221; title_font_size=&#8221;30px&#8221; body_text_color=&#8221;#FFFFFF&#8221; date_text_color=&#8221;#FFFFFF&#8221; custom_margin=&#8221;||10px||false|false&#8221; custom_css_free_form=&#8221;selector .dsm-entry-wrapper{||  position: absolute;||  bottom: 0;||  z-index: 10;||}||||selector .dsm-readmore-btn {||  color: #fff!important;||}||||selector div.dsm-entry-wrapper {||  width: 100%;||  padding-bottom: 80px;||  display: flex;||  flex-direction: column;||  flex-wrap: wrap;||}||||selector div.swiper-arrow-button {||  top: initial;||  bottom: -25px;||}||||selector div.swiper-button-next {||  left: 50px;||}||||selector div.dsm-grid-post-holder-inner,||selector div.dsm-entry-image,||selector div.dsm-entry-thumbnail {||  height: 100%;||}||||selector .dsm-entry-thumbnail::after {||  content:%22%22;||  display: block;||  width: 100%;||  height: 100%;||  position: absolute;||  top: 0;||  left: 0;||  background: linear-gradient(0deg, rgba(0,0,0,.8), transparent);||}||||selector div.dsm-entry-thumbnail img {||      object-fit: cover;||}||||selector .dsm-entry-meta {||  order: -1;||}&#8221; box_shadow_style_navi_arrow=&#8221;preset3&#8243; box_shadow_blur_navi_arrow=&#8221;30px&#8221; box_shadow_color_navi_arrow=&#8221;gcid-4f3ca7d5-152d-4540-91b1-cc24563bf794&#8243; global_colors_info=&#8221;{%22gcid-02eea4c1-992a-4bff-aee2-539b98054199%22:%91%22title_text_color%22,%22title_text_color%22%93,%22gcid-1aea1de7-1b27-4917-8f9a-23facce39526%22:%91%22navi_color%22%93,%22gcid-4f3ca7d5-152d-4540-91b1-cc24563bf794%22:%91%22box_shadow_color_navi_arrow%22%93}&#8221;][\/dsm_blog_carousel][\/et_pb_column][et_pb_column type=&#8221;2_5&#8243; _builder_version=&#8221;4.19.4&#8243; _module_preset=&#8221;default&#8221; global_colors_info=&#8221;{}&#8221;][dsm_blog_carousel posts_number=&#8221;4&#8243; lazyload=&#8221;on&#8221; thumbnail_img_type=&#8221;contain&#8221; use_excerpt=&#8221;off&#8221; meta_seperator=&#8221; &#8221; use_author=&#8221;off&#8221; columns=&#8221;2&#8243; multiple_slide_row=&#8221;on&#8221; slide_row=&#8221;2&#8243; spacing=&#8221;5&#8243; use_pagi=&#8221;off&#8221; use_navi=&#8221;off&#8221; use_prev_icon=&#8221;on&#8221; prev_icon=&#8221;&#x23;||divi||400&#8243; use_next_icon=&#8221;on&#8221; next_icon=&#8221;&#x24;||divi||400&#8243; navi_background_color=&#8221;#FFFFFF&#8221; post_equal_height=&#8221;on&#8221; columns_tablet=&#8221;2&#8243; columns_phone=&#8221;1&#8243; columns_last_edited=&#8221;on|phone&#8221; _builder_version=&#8221;4.24.0&#8243; _module_preset=&#8221;default&#8221; title_text_color=&#8221;#FFFFFF&#8221; title_font_size=&#8221;16px&#8221; body_text_color=&#8221;#FFFFFF&#8221; date_text_color=&#8221;#FFFFFF&#8221; date_font_size=&#8221;13px&#8221; custom_margin=&#8221;||0px||false|false&#8221; custom_css_free_form=&#8221;selector .dsm-entry-wrapper{||  position: absolute;||  bottom: 0;||  z-index: 10;||  display: flex;||  flex-direction: column;||  flex-wrap: wrap;||}||||selection .dsm-readmore-btn {||  color: #fff!important;||}||||selector .dsm-entry-thumbnail::after {||  content:%22%22;||  display: block;||  width: 100%;||  height: 100%;||  position: absolute;||  top: 0;||  left: 0;||  background: linear-gradient(0deg, rgba(0,0,0,.8), transparent);||}||||selector .dsm-blog-carousel-item {||  min-height: 220px;||}||||selector div.dsm-grid-post-holder-inner,||selector div.dsm-entry-image,||selector div.dsm-entry-thumbnail {||  height: 100%;||}||||selector .dsm-entry-image,||selector .dsm-grid-post-holder-inner {||  position: relative;||  height: 100%;||}||||selector div.dsm-entry-thumbnail img {||  position: absolute;||  top: 0;||  left: 0;||  object-fit: cover;||}||||selector .dsm-entry-meta {||  order: -1;||}&#8221; box_shadow_style_navi_arrow=&#8221;preset3&#8243; box_shadow_blur_navi_arrow=&#8221;30px&#8221; box_shadow_color_navi_arrow=&#8221;gcid-4f3ca7d5-152d-4540-91b1-cc24563bf794&#8243; global_colors_info=&#8221;{%22gcid-02eea4c1-992a-4bff-aee2-539b98054199%22:%91%22title_text_color%22,%22title_text_color%22%93,%22gcid-1aea1de7-1b27-4917-8f9a-23facce39526%22:%91%22navi_color%22%93,%22gcid-4f3ca7d5-152d-4540-91b1-cc24563bf794%22:%91%22box_shadow_color_navi_arrow%22%93}&#8221;][\/dsm_blog_carousel][\/et_pb_column][\/et_pb_row][\/et_pb_section]<\/p>\n","protected":false},"excerpt":{"rendered":"<p><div class=\"et_pb_module dsm_breadcrumbs dsm_breadcrumbs_0 et_animated\">\n\t\t\t\t\n\t\t\t\t\n\t\t\t\t\n\t\t\t\t\n\t\t\t\t\n\t\t\t\t\n\t\t\t\t<div class=\"et_pb_module_inner\">\n\t\t\t\t\t<nav class=\"dsm_breadcrumbs_wrap\">\n\t\t\t\t<ul class=\"dsm_breadcrumbs\" itemscope itemtype=\"https:\/\/schema.org\/BreadcrumbList\">\t\t\t<li class=\"dsm_breadcrumbs_item dsm_home_item dsm_home_item_custom\" itemprop=\"itemListElement\" itemscope\n\t\t\titemtype=\"https:\/\/schema.org\/ListItem\">\n\t\t\t\t<a href=\"https:\/\/www.verandair.com\/en\/\" itemprop=\"item\" target=\"\">\n\t\t\t\t\t<span class='dsm_home_text_wrapper'>\n\t\t\t\t\t\t\t\t\t\t\t\t\t<span class=\"et-pb-icon dsm_home_icon\">&#xe009;<\/span>\n\t\t\t\t\t\t\t\t\t\t\t\t\t<span class=\"dsm_home_text\" itemprop=\"name\">\n\t\t\t\t\t\t\t\t \t\t\t\t\t\t\t<\/span>\n\t\t\t\t\t<\/span>\n\t\t\t\t<\/a>\n\t\t\t\t<meta itemprop=\"position\" content=\"1\" \/>\n\t\t\t<\/li>\n\n\t\t<li class=\"dsm_breadcrumbs_separator\"> <span class=\"et-pb-icon dsm_separator_icon\">&#x35;<\/span><\/li><\/ul>\n\t\t\t<\/nav>\n\t\t\t\t<\/div>\n\t\t\t<\/div>Outdoor lifestyle magazinePages 1 2 3 4 5 6 7<div class=\"et_pb_with_border et_pb_module dsm_blog_carousel dsm_blog_carousel_0\">\n\t\t\t\t\n\t\t\t\t\n\t\t\t\t\n\t\t\t\t\n\t\t\t\t\n\t\t\t\t\n\t\t\t\t<div class=\"et_pb_module_inner\">\n\t\t\t\t\t<div class=\"dsm-blog-carousel\" data-orientation='horizontal' data-loop='1' data-speed='500' data-columnsdesktop='1' data-columnsphone='1' data-columnstablet='1' data-autoplay='on' data-autoplayspeed='5000' data-ordernumber='0' data-spacing='30' data-spacingtablet='30' data-spacingphone='30' data-effect='default' data-effect-shadows='off' data-effect-coverflow-rotate='30' data-effect-coverflow-depth='100' data-centered='off' data-multi-row='off' data-row='1' data-rowstablet='1' data-rowsphone='1' data-pagi-button-style='bullets' data-pause-on-hover='off' data-touch-move='off' data-grab='on' data-mousewheel='off' data-autoplay-viewport='80%'>\n\t\t\t\t<div class=\"swiper-container dsm_blog_carousel_wrapper\" dir=\"ltr\">\n\t\t\t\t\t<div class=\"dsm-blog-carousel-wrapper swiper-wrapper\">\n\t\t\t\t\t\t\n\t\t\t\t<article class=\"dsm-blog-carousel-item swiper-slide\">\n\t\t\t\t\t<div class=\"dsm-grid-post-holder-inner\">\n\t\t\t\t\t\t\t\t\t\t\t\t\t<div class=\"dsm-entry-image\">\n\t\t\t\t\t\t\t\t\t\t\t\t\t\t\t\t<div class=\"dsm-entry-thumbnail\">\n\t\t\t\t\t\t\t\t\t\t\t\t\t\t\t\t\t\t\t<a href=\"https:\/\/www.verandair.com\/en\/how-much-does-a-bioclimatic-pergola-cost\/\">\n\t\t\t\t\t\t\t\t\t\t\t\t\t\t\t\t\t\t<img width=\"950\" height=\"633\" src=\"https:\/\/www.verandair.com\/wp-content\/uploads\/2018\/02\/pergola-un-choix-pour-qui.jpg\" class=\"swiper-lazy wp-post-image\" alt=\"\" decoding=\"async\" loading=\"lazy\" srcset=\"https:\/\/www.verandair.com\/wp-content\/uploads\/2018\/02\/pergola-un-choix-pour-qui.jpg 950w, https:\/\/www.verandair.com\/wp-content\/uploads\/2018\/02\/pergola-un-choix-pour-qui-480x320.jpg 480w\" sizes=\"(min-width: 0px) and (max-width: 480px) 480px, (min-width: 481px) 950px, 100vw\" \/>\t\t\t\t\t\t\t\t\t\t\t\t\t\t\t\t\t\t<\/a>\n\t\t\t\t\t\t\t\t\t\t\t\t\t\t\t\t\t<\/div>\n\t\t\t\t\t\t\t<\/div>\n\t\t\t\t\t\t\n\t\t\t\t\t\t<div class=\"dsm-entry-wrapper\">\n\t\t\t\t\t\t\t\t\t\t\t\t\t\t<header class=\"dsm-entry-header\">\n\t\t\t\t\t\t\t\t\t<h3 class=\"dsm-entry-title\">\n\t\t\t\t\t\t\t\t\t\t\t\t\t\t\t\t\t\t\t\t\t<a href=\"https:\/\/www.verandair.com\/en\/how-much-does-a-bioclimatic-pergola-cost\/\">How much does a bioclimatic pergola cost?<\/a>\n\t\t\t\t\t\t\t\t\t\t\t\t\t\t\t\t\t\t\t<\/h3>\n\t\t\t\t\t\t\t\t<\/header>\n\t\t\t\t\t\t\n\t\t\t\t\t\t\t\t\t\t\t\t\t<div class=\"dsm-entry-meta\">\n\t\t\t\t\t\t\t\t\t\t\t\t\t\t\t\t\t\t\t\t\t\t\t\t\t<span class=\"dsm-meta-seperator\"> <\/span>\n\t\t\t\t\t\t\t\t\t<span class=\"dsm-posted-on\"><time datetime=\"18 Mar 26\">18 Mar 26<\/time><\/span>\n\t\t\t\t\t\t\t\t\t\t\t\t\t\t\t\t\t\t\t\t\t\t\t<\/div>\n\t\t\t\t\t\t\t\n\t\t\t\t\t\t\t\n\t\t\t\t\t\t\t\t\t\t\t\t\t\t\t\t\t<div class=\"dsm-readmore-wrap et_pb_bg_layout_light\">\n\t\t\t\t\t\t\t\t\t\t\t\t\t\t\t\t\t\t\t\t\t<a href=\"https:\/\/www.verandair.com\/en\/how-much-does-a-bioclimatic-pergola-cost\/\"  class=\"dsm-readmore-btn  et_pb_custom_button_icon\" data-icon=\"5\" target=\"\">Read more<\/a>\n\t\t\t\t\t\t\t\t\t\t\t\t\t\t\t\t\t\t\t<\/div>\n\t\t\t\t\t\t\t\t\t\t\t\t\t\t\t\t\t\t\t\t\t<\/div>\n\t\t\t\t\t<\/div>\n\t\t\t\t<\/article>\n\n\t\t\t\t\n\t\t\t\t<article class=\"dsm-blog-carousel-item swiper-slide\">\n\t\t\t\t\t<div class=\"dsm-grid-post-holder-inner\">\n\t\t\t\t\t\t\t\t\t\t\t\t\t<div class=\"dsm-entry-image\">\n\t\t\t\t\t\t\t\t\t\t\t\t\t\t\t\t<div class=\"dsm-entry-thumbnail\">\n\t\t\t\t\t\t\t\t\t\t\t\t\t\t\t\t\t\t\t<a href=\"https:\/\/www.verandair.com\/en\/what-are-the-most-reliable-carports-of-2024\/\">\n\t\t\t\t\t\t\t\t\t\t\t\t\t\t\t\t\t\t<img width=\"1080\" height=\"675\" src=\"https:\/\/www.verandair.com\/wp-content\/uploads\/2023\/09\/carport-2-1080x675.jpeg\" class=\"swiper-lazy wp-post-image\" alt=\"Carport en aluminium gris avec toit en polycarbonate ondul\u00e9, install\u00e9 devant un b\u00e2timent r\u00e9sidentiel beige avec des fen\u00eatres \u00e0 cadre noir et un balcon en verre.\" decoding=\"async\" loading=\"lazy\" srcset=\"https:\/\/www.verandair.com\/wp-content\/uploads\/2023\/09\/carport-2-1080x675.jpeg 1080w, https:\/\/www.verandair.com\/wp-content\/uploads\/2023\/09\/carport-2-980x655.jpeg 980w, https:\/\/www.verandair.com\/wp-content\/uploads\/2023\/09\/carport-2-480x321.jpeg 480w\" sizes=\"(min-width: 0px) and (max-width: 480px) 480px, (min-width: 481px) and (max-width: 980px) 980px, (min-width: 981px) 1080px, 100vw\" \/>\t\t\t\t\t\t\t\t\t\t\t\t\t\t\t\t\t\t<\/a>\n\t\t\t\t\t\t\t\t\t\t\t\t\t\t\t\t\t<\/div>\n\t\t\t\t\t\t\t<\/div>\n\t\t\t\t\t\t\n\t\t\t\t\t\t<div class=\"dsm-entry-wrapper\">\n\t\t\t\t\t\t\t\t\t\t\t\t\t\t<header class=\"dsm-entry-header\">\n\t\t\t\t\t\t\t\t\t<h3 class=\"dsm-entry-title\">\n\t\t\t\t\t\t\t\t\t\t\t\t\t\t\t\t\t\t\t\t\t<a href=\"https:\/\/www.verandair.com\/en\/what-are-the-most-reliable-carports-of-2024\/\">What are the most reliable carports of 2024?<\/a>\n\t\t\t\t\t\t\t\t\t\t\t\t\t\t\t\t\t\t\t<\/h3>\n\t\t\t\t\t\t\t\t<\/header>\n\t\t\t\t\t\t\n\t\t\t\t\t\t\t\t\t\t\t\t\t<div class=\"dsm-entry-meta\">\n\t\t\t\t\t\t\t\t\t\t\t\t\t\t\t\t\t\t\t\t\t\t\t\t\t<span class=\"dsm-meta-seperator\"> <\/span>\n\t\t\t\t\t\t\t\t\t<span class=\"dsm-posted-on\"><time datetime=\"14 Jan 26\">14 Jan 26<\/time><\/span>\n\t\t\t\t\t\t\t\t\t\t\t\t\t\t\t\t\t\t\t\t\t\t\t<\/div>\n\t\t\t\t\t\t\t\n\t\t\t\t\t\t\t\n\t\t\t\t\t\t\t\t\t\t\t\t\t\t\t\t\t<div class=\"dsm-readmore-wrap et_pb_bg_layout_light\">\n\t\t\t\t\t\t\t\t\t\t\t\t\t\t\t\t\t\t\t\t\t<a href=\"https:\/\/www.verandair.com\/en\/what-are-the-most-reliable-carports-of-2024\/\"  class=\"dsm-readmore-btn  et_pb_custom_button_icon\" data-icon=\"5\" target=\"\">Read more<\/a>\n\t\t\t\t\t\t\t\t\t\t\t\t\t\t\t\t\t\t\t<\/div>\n\t\t\t\t\t\t\t\t\t\t\t\t\t\t\t\t\t\t\t\t\t<\/div>\n\t\t\t\t\t<\/div>\n\t\t\t\t<\/article>\n\n\t\t\t\t\n\t\t\t\t\t<\/div>\n\t\t\t\t<\/div>\n\t\t\t\t<div class=\"swiper-button-next swiper-arrow-button dsm-arrow-button-next0\" data-icon=&#x24;><\/div>\n\t\t\t\t<div class=\"swiper-button-prev swiper-arrow-button dsm-arrow-button-prev0\" data-icon=&#x23;><\/div>\n\t\t\t\t<div class=\"swiper-container-horizontal\">\n\t\t\t\t\t\n\t\t\t\t<\/div>\n\t\t\t<\/div>\n\t\t\t\t<\/div>\n\t\t\t<\/div><div class=\"et_pb_with_border et_pb_module dsm_blog_carousel dsm_blog_carousel_1\">\n\t\t\t\t\n\t\t\t\t\n\t\t\t\t\n\t\t\t\t\n\t\t\t\t\n\t\t\t\t\n\t\t\t\t<div class=\"et_pb_module_inner\">\n\t\t\t\t\t<div class=\"dsm-blog-carousel\" data-orientation='horizontal' data-loop='' data-speed='500' data-columnsdesktop='&#8221;2&#8243;' data-columnsphone='&#8221;1&#8243;' data-columnstablet='&#8221;2&#8243;' data-autoplay='on' data-autoplayspeed='5000' data-ordernumber='1' data-spacing='&#8221;5&#8243;' data-spacingtablet='&#8221;5&#8243;' data-spacingphone='&#8221;5&#8243;' data-effect='default' data-effect-shadows='off' data-effect-coverflow-rotate='30' data-effect-coverflow-depth='100' data-centered='off' data-multi-row='&#8221;on&#8221;' data-row='&#8221;2&#8243;' data-rowstablet='&#8221;2&#8243;' data-rowsphone='&#8221;2&#8243;' data-pagi-button-style='bullets' data-pause-on-hover='off' data-touch-move='off' data-grab='on' data-mousewheel='off' data-autoplay-viewport='80%'>\n\t\t\t\t<div class=\"swiper-container dsm_blog_carousel_wrapper\" dir=\"ltr\">\n\t\t\t\t\t<div class=\"dsm-blog-carousel-wrapper swiper-wrapper\">\n\t\t\t\t\t\t\n\t\t\t\t<article class=\"dsm-blog-carousel-item swiper-slide\">\n\t\t\t\t\t<div class=\"dsm-grid-post-holder-inner\">\n\t\t\t\t\t\t\t\t\t\t\t\t\t<div class=\"dsm-entry-image\">\n\t\t\t\t\t\t\t\t\t\t\t\t\t\t\t\t<div class=\"dsm-entry-thumbnail\">\n\t\t\t\t\t\t\t\t\t\t\t\t\t\t\t\t\t\t\t<a href=\"https:\/\/www.verandair.com\/en\/how-much-does-a-bioclimatic-pergola-cost\/\">\n\t\t\t\t\t\t\t\t\t\t\t\t\t\t\t\t\t\t<img width=\"950\" height=\"633\" src=\"https:\/\/www.verandair.com\/wp-content\/uploads\/2018\/02\/pergola-un-choix-pour-qui.jpg\" class=\"skip-lazy wp-post-image\" alt=\"\" decoding=\"async\" loading=\"lazy\" srcset=\"https:\/\/www.verandair.com\/wp-content\/uploads\/2018\/02\/pergola-un-choix-pour-qui.jpg 950w, https:\/\/www.verandair.com\/wp-content\/uploads\/2018\/02\/pergola-un-choix-pour-qui-480x320.jpg 480w\" sizes=\"(min-width: 0px) and (max-width: 480px) 480px, (min-width: 481px) 950px, 100vw\" \/>\t\t\t\t\t\t\t\t\t\t\t\t\t\t\t\t\t\t<\/a>\n\t\t\t\t\t\t\t\t\t\t\t\t\t\t\t\t\t<\/div>\n\t\t\t\t\t\t\t<\/div>\n\t\t\t\t\t\t\n\t\t\t\t\t\t<div class=\"dsm-entry-wrapper\">\n\t\t\t\t\t\t\t\t\t\t\t\t\t\t<header class=\"dsm-entry-header\">\n\t\t\t\t\t\t\t\t\t<h3 class=\"dsm-entry-title\">\n\t\t\t\t\t\t\t\t\t\t\t\t\t\t\t\t\t\t\t\t\t<a href=\"https:\/\/www.verandair.com\/en\/how-much-does-a-bioclimatic-pergola-cost\/\">How much does a bioclimatic pergola cost?<\/a>\n\t\t\t\t\t\t\t\t\t\t\t\t\t\t\t\t\t\t\t<\/h3>\n\t\t\t\t\t\t\t\t<\/header>\n\t\t\t\t\t\t\n\t\t\t\t\t\t\t\t\t\t\t\t\t<div class=\"dsm-entry-meta\">\n\t\t\t\t\t\t\t\t\t\t\t\t\t\t\t\t\t\t\t\t\t\t\t\t\t<span class=\"dsm-meta-seperator\">&#8221;<\/span>\n\t\t\t\t\t\t\t\t\t<span class=\"dsm-posted-on\"><time datetime=\"Mar 18, 2026\">Mar 18, 2026<\/time><\/span>\n\t\t\t\t\t\t\t\t\t\t\t\t\t\t\t\t\t\t\t\t\t\t\t<\/div>\n\t\t\t\t\t\t\t\n\t\t\t\t\t\t\t\n\t\t\t\t\t\t\t\t\t\t\t\t\t\t\t\t\t\t\t\t\t<\/div>\n\t\t\t\t\t<\/div>\n\t\t\t\t<\/article>\n\n\t\t\t\t\n\t\t\t\t<article class=\"dsm-blog-carousel-item swiper-slide\">\n\t\t\t\t\t<div class=\"dsm-grid-post-holder-inner\">\n\t\t\t\t\t\t\t\t\t\t\t\t\t<div class=\"dsm-entry-image\">\n\t\t\t\t\t\t\t\t\t\t\t\t\t\t\t\t<div class=\"dsm-entry-thumbnail\">\n\t\t\t\t\t\t\t\t\t\t\t\t\t\t\t\t\t\t\t<a href=\"https:\/\/www.verandair.com\/en\/what-are-the-most-reliable-carports-of-2024\/\">\n\t\t\t\t\t\t\t\t\t\t\t\t\t\t\t\t\t\t<img width=\"1080\" height=\"675\" src=\"https:\/\/www.verandair.com\/wp-content\/uploads\/2023\/09\/carport-2-1080x675.jpeg\" class=\"skip-lazy wp-post-image\" alt=\"Carport en aluminium gris avec toit en polycarbonate ondul\u00e9, install\u00e9 devant un b\u00e2timent r\u00e9sidentiel beige avec des fen\u00eatres \u00e0 cadre noir et un balcon en verre.\" decoding=\"async\" loading=\"lazy\" srcset=\"https:\/\/www.verandair.com\/wp-content\/uploads\/2023\/09\/carport-2-1080x675.jpeg 1080w, https:\/\/www.verandair.com\/wp-content\/uploads\/2023\/09\/carport-2-980x655.jpeg 980w, https:\/\/www.verandair.com\/wp-content\/uploads\/2023\/09\/carport-2-480x321.jpeg 480w\" sizes=\"(min-width: 0px) and (max-width: 480px) 480px, (min-width: 481px) and (max-width: 980px) 980px, (min-width: 981px) 1080px, 100vw\" \/>\t\t\t\t\t\t\t\t\t\t\t\t\t\t\t\t\t\t<\/a>\n\t\t\t\t\t\t\t\t\t\t\t\t\t\t\t\t\t<\/div>\n\t\t\t\t\t\t\t<\/div>\n\t\t\t\t\t\t\n\t\t\t\t\t\t<div class=\"dsm-entry-wrapper\">\n\t\t\t\t\t\t\t\t\t\t\t\t\t\t<header class=\"dsm-entry-header\">\n\t\t\t\t\t\t\t\t\t<h3 class=\"dsm-entry-title\">\n\t\t\t\t\t\t\t\t\t\t\t\t\t\t\t\t\t\t\t\t\t<a href=\"https:\/\/www.verandair.com\/en\/what-are-the-most-reliable-carports-of-2024\/\">What are the most reliable carports of 2024?<\/a>\n\t\t\t\t\t\t\t\t\t\t\t\t\t\t\t\t\t\t\t<\/h3>\n\t\t\t\t\t\t\t\t<\/header>\n\t\t\t\t\t\t\n\t\t\t\t\t\t\t\t\t\t\t\t\t<div class=\"dsm-entry-meta\">\n\t\t\t\t\t\t\t\t\t\t\t\t\t\t\t\t\t\t\t\t\t\t\t\t\t<span class=\"dsm-meta-seperator\">&#8221;<\/span>\n\t\t\t\t\t\t\t\t\t<span class=\"dsm-posted-on\"><time datetime=\"Jan 14, 2026\">Jan 14, 2026<\/time><\/span>\n\t\t\t\t\t\t\t\t\t\t\t\t\t\t\t\t\t\t\t\t\t\t\t<\/div>\n\t\t\t\t\t\t\t\n\t\t\t\t\t\t\t\n\t\t\t\t\t\t\t\t\t\t\t\t\t\t\t\t\t\t\t\t\t<\/div>\n\t\t\t\t\t<\/div>\n\t\t\t\t<\/article>\n\n\t\t\t\t\n\t\t\t\t<article class=\"dsm-blog-carousel-item swiper-slide\">\n\t\t\t\t\t<div class=\"dsm-grid-post-holder-inner\">\n\t\t\t\t\t\t\t\t\t\t\t\t\t<div class=\"dsm-entry-image\">\n\t\t\t\t\t\t\t\t\t\t\t\t\t\t\t\t<div class=\"dsm-entry-thumbnail\">\n\t\t\t\t\t\t\t\t\t\t\t\t\t\t\t\t\t\t\t<a href=\"https:\/\/www.verandair.com\/en\/7-outdoor-trends-in-2024\/\">\n\t\t\t\t\t\t\t\t\t\t\t\t\t\t\t\t\t\t<img width=\"1080\" height=\"675\" src=\"https:\/\/www.verandair.com\/wp-content\/uploads\/2021\/10\/Corradi_Bioclimatic_Alba-12-1080x675.jpg\" class=\"skip-lazy wp-post-image\" alt=\"\" decoding=\"async\" loading=\"lazy\" srcset=\"https:\/\/www.verandair.com\/wp-content\/uploads\/2021\/10\/Corradi_Bioclimatic_Alba-12-980x653.jpg 980w, https:\/\/www.verandair.com\/wp-content\/uploads\/2021\/10\/Corradi_Bioclimatic_Alba-12-480x320.jpg 480w\" sizes=\"(min-width: 0px) and (max-width: 480px) 480px, (min-width: 481px) and (max-width: 980px) 980px, (min-width: 981px) 1080px, 100vw\" \/>\t\t\t\t\t\t\t\t\t\t\t\t\t\t\t\t\t\t<\/a>\n\t\t\t\t\t\t\t\t\t\t\t\t\t\t\t\t\t<\/div>\n\t\t\t\t\t\t\t<\/div>\n\t\t\t\t\t\t\n\t\t\t\t\t\t<div class=\"dsm-entry-wrapper\">\n\t\t\t\t\t\t\t\t\t\t\t\t\t\t<header class=\"dsm-entry-header\">\n\t\t\t\t\t\t\t\t\t<h3 class=\"dsm-entry-title\">\n\t\t\t\t\t\t\t\t\t\t\t\t\t\t\t\t\t\t\t\t\t<a href=\"https:\/\/www.verandair.com\/en\/7-outdoor-trends-in-2024\/\">7 Outdoor Trends in 2024<\/a>\n\t\t\t\t\t\t\t\t\t\t\t\t\t\t\t\t\t\t\t<\/h3>\n\t\t\t\t\t\t\t\t<\/header>\n\t\t\t\t\t\t\n\t\t\t\t\t\t\t\t\t\t\t\t\t<div class=\"dsm-entry-meta\">\n\t\t\t\t\t\t\t\t\t\t\t\t\t\t\t\t\t\t\t\t\t\t\t\t\t<span class=\"dsm-meta-seperator\">&#8221;<\/span>\n\t\t\t\t\t\t\t\t\t<span class=\"dsm-posted-on\"><time datetime=\"Jan 3, 2026\">Jan 3, 2026<\/time><\/span>\n\t\t\t\t\t\t\t\t\t\t\t\t\t\t\t\t\t\t\t\t\t\t\t<\/div>\n\t\t\t\t\t\t\t\n\t\t\t\t\t\t\t\n\t\t\t\t\t\t\t\t\t\t\t\t\t\t\t\t\t\t\t\t\t<\/div>\n\t\t\t\t\t<\/div>\n\t\t\t\t<\/article>\n\n\t\t\t\t\n\t\t\t\t<article class=\"dsm-blog-carousel-item swiper-slide\">\n\t\t\t\t\t<div class=\"dsm-grid-post-holder-inner\">\n\t\t\t\t\t\t\t\t\t\t\t\t\t<div class=\"dsm-entry-image\">\n\t\t\t\t\t\t\t\t\t\t\t\t\t\t\t\t<div class=\"dsm-entry-thumbnail\">\n\t\t\t\t\t\t\t\t\t\t\t\t\t\t\t\t\t\t\t<a href=\"https:\/\/www.verandair.com\/en\/kit-verandas-in-belgium-an-economical-and-practical-solution\/\">\n\t\t\t\t\t\t\t\t\t\t\t\t\t\t\t\t\t\t<img width=\"600\" height=\"400\" src=\"https:\/\/www.verandair.com\/wp-content\/uploads\/2019\/09\/pergola-verandair-6.jpg\" class=\"skip-lazy wp-post-image\" alt=\"\" decoding=\"async\" loading=\"lazy\" srcset=\"https:\/\/www.verandair.com\/wp-content\/uploads\/2019\/09\/pergola-verandair-6.jpg 600w, https:\/\/www.verandair.com\/wp-content\/uploads\/2019\/09\/pergola-verandair-6-480x320.jpg 480w\" sizes=\"(min-width: 0px) and (max-width: 480px) 480px, (min-width: 481px) 600px, 100vw\" \/>\t\t\t\t\t\t\t\t\t\t\t\t\t\t\t\t\t\t<\/a>\n\t\t\t\t\t\t\t\t\t\t\t\t\t\t\t\t\t<\/div>\n\t\t\t\t\t\t\t<\/div>\n\t\t\t\t\t\t\n\t\t\t\t\t\t<div class=\"dsm-entry-wrapper\">\n\t\t\t\t\t\t\t\t\t\t\t\t\t\t<header class=\"dsm-entry-header\">\n\t\t\t\t\t\t\t\t\t<h3 class=\"dsm-entry-title\">\n\t\t\t\t\t\t\t\t\t\t\t\t\t\t\t\t\t\t\t\t\t<a href=\"https:\/\/www.verandair.com\/en\/kit-verandas-in-belgium-an-economical-and-practical-solution\/\">Kit verandas in Belgium: an economical and practical solution<\/a>\n\t\t\t\t\t\t\t\t\t\t\t\t\t\t\t\t\t\t\t<\/h3>\n\t\t\t\t\t\t\t\t<\/header>\n\t\t\t\t\t\t\n\t\t\t\t\t\t\t\t\t\t\t\t\t<div class=\"dsm-entry-meta\">\n\t\t\t\t\t\t\t\t\t\t\t\t\t\t\t\t\t\t\t\t\t\t\t\t\t<span class=\"dsm-meta-seperator\">&#8221;<\/span>\n\t\t\t\t\t\t\t\t\t<span class=\"dsm-posted-on\"><time datetime=\"May 23, 2024\">May 23, 2024<\/time><\/span>\n\t\t\t\t\t\t\t\t\t\t\t\t\t\t\t\t\t\t\t\t\t\t\t<\/div>\n\t\t\t\t\t\t\t\n\t\t\t\t\t\t\t\n\t\t\t\t\t\t\t\t\t\t\t\t\t\t\t\t\t\t\t\t\t<\/div>\n\t\t\t\t\t<\/div>\n\t\t\t\t<\/article>\n\n\t\t\t\t\n\t\t\t\t<article class=\"dsm-blog-carousel-item swiper-slide\">\n\t\t\t\t\t<div class=\"dsm-grid-post-holder-inner\">\n\t\t\t\t\t\t\t\t\t\t\t\t\t<div class=\"dsm-entry-image\">\n\t\t\t\t\t\t\t\t\t\t\t\t\t\t\t\t<div class=\"dsm-entry-thumbnail\">\n\t\t\t\t\t\t\t\t\t\t\t\t\t\t\t\t\t\t\t<a href=\"https:\/\/www.verandair.com\/en\/from-old-to-new-modernize-your-veranda-with-style\/\">\n\t\t\t\t\t\t\t\t\t\t\t\t\t\t\t\t\t\t<img width=\"1080\" height=\"675\" src=\"https:\/\/www.verandair.com\/wp-content\/uploads\/2023\/04\/Blog-Verandair-3.jpg\" class=\"skip-lazy wp-post-image\" alt=\"Verri\u00e8re ext\u00e9rieure am\u00e9nag\u00e9e d&#039;un grand salon de d\u00e9tente et de nombreuses fen\u00eatres qui offrent une belle luminosit\u00e9\" decoding=\"async\" loading=\"lazy\" srcset=\"https:\/\/www.verandair.com\/wp-content\/uploads\/2023\/04\/Blog-Verandair-3.jpg 1080w, https:\/\/www.verandair.com\/wp-content\/uploads\/2023\/04\/Blog-Verandair-3-980x613.jpg 980w, https:\/\/www.verandair.com\/wp-content\/uploads\/2023\/04\/Blog-Verandair-3-480x300.jpg 480w\" sizes=\"(min-width: 0px) and (max-width: 480px) 480px, (min-width: 481px) and (max-width: 980px) 980px, (min-width: 981px) 1080px, 100vw\" \/>\t\t\t\t\t\t\t\t\t\t\t\t\t\t\t\t\t\t<\/a>\n\t\t\t\t\t\t\t\t\t\t\t\t\t\t\t\t\t<\/div>\n\t\t\t\t\t\t\t<\/div>\n\t\t\t\t\t\t\n\t\t\t\t\t\t<div class=\"dsm-entry-wrapper\">\n\t\t\t\t\t\t\t\t\t\t\t\t\t\t<header class=\"dsm-entry-header\">\n\t\t\t\t\t\t\t\t\t<h3 class=\"dsm-entry-title\">\n\t\t\t\t\t\t\t\t\t\t\t\t\t\t\t\t\t\t\t\t\t<a href=\"https:\/\/www.verandair.com\/en\/from-old-to-new-modernize-your-veranda-with-style\/\">From old to new: modernize your veranda with style!<\/a>\n\t\t\t\t\t\t\t\t\t\t\t\t\t\t\t\t\t\t\t<\/h3>\n\t\t\t\t\t\t\t\t<\/header>\n\t\t\t\t\t\t\n\t\t\t\t\t\t\t\t\t\t\t\t\t<div class=\"dsm-entry-meta\">\n\t\t\t\t\t\t\t\t\t\t\t\t\t\t\t\t\t\t\t\t\t\t\t\t\t<span class=\"dsm-meta-seperator\">&#8221;<\/span>\n\t\t\t\t\t\t\t\t\t<span class=\"dsm-posted-on\"><time datetime=\"Jan 22, 2024\">Jan 22, 2024<\/time><\/span>\n\t\t\t\t\t\t\t\t\t\t\t\t\t\t\t\t\t\t\t\t\t\t\t<\/div>\n\t\t\t\t\t\t\t\n\t\t\t\t\t\t\t\n\t\t\t\t\t\t\t\t\t\t\t\t\t\t\t\t\t\t\t\t\t<\/div>\n\t\t\t\t\t<\/div>\n\t\t\t\t<\/article>\n\n\t\t\t\t\n\t\t\t\t<article class=\"dsm-blog-carousel-item swiper-slide\">\n\t\t\t\t\t<div class=\"dsm-grid-post-holder-inner\">\n\t\t\t\t\t\t\t\t\t\t\t\t\t<div class=\"dsm-entry-image\">\n\t\t\t\t\t\t\t\t\t\t\t\t\t\t\t\t<div class=\"dsm-entry-thumbnail\">\n\t\t\t\t\t\t\t\t\t\t\t\t\t\t\t\t\t\t\t<a href=\"https:\/\/www.verandair.com\/en\/3-practical-solutions-for-closing-a-pergola\/\">\n\t\t\t\t\t\t\t\t\t\t\t\t\t\t\t\t\t\t<img width=\"1000\" height=\"667\" src=\"https:\/\/www.verandair.com\/wp-content\/uploads\/2021\/09\/verandas-retractables-2-1.jpeg\" class=\"skip-lazy wp-post-image\" alt=\"\" decoding=\"async\" loading=\"lazy\" srcset=\"https:\/\/www.verandair.com\/wp-content\/uploads\/2021\/09\/verandas-retractables-2-1.jpeg 1000w, https:\/\/www.verandair.com\/wp-content\/uploads\/2021\/09\/verandas-retractables-2-1-980x654.jpeg 980w, https:\/\/www.verandair.com\/wp-content\/uploads\/2021\/09\/verandas-retractables-2-1-480x320.jpeg 480w\" sizes=\"(min-width: 0px) and (max-width: 480px) 480px, (min-width: 481px) and (max-width: 980px) 980px, (min-width: 981px) 1000px, 100vw\" \/>\t\t\t\t\t\t\t\t\t\t\t\t\t\t\t\t\t\t<\/a>\n\t\t\t\t\t\t\t\t\t\t\t\t\t\t\t\t\t<\/div>\n\t\t\t\t\t\t\t<\/div>\n\t\t\t\t\t\t\n\t\t\t\t\t\t<div class=\"dsm-entry-wrapper\">\n\t\t\t\t\t\t\t\t\t\t\t\t\t\t<header class=\"dsm-entry-header\">\n\t\t\t\t\t\t\t\t\t<h3 class=\"dsm-entry-title\">\n\t\t\t\t\t\t\t\t\t\t\t\t\t\t\t\t\t\t\t\t\t<a href=\"https:\/\/www.verandair.com\/en\/3-practical-solutions-for-closing-a-pergola\/\">3 practical solutions for closing a pergola<\/a>\n\t\t\t\t\t\t\t\t\t\t\t\t\t\t\t\t\t\t\t<\/h3>\n\t\t\t\t\t\t\t\t<\/header>\n\t\t\t\t\t\t\n\t\t\t\t\t\t\t\t\t\t\t\t\t<div class=\"dsm-entry-meta\">\n\t\t\t\t\t\t\t\t\t\t\t\t\t\t\t\t\t\t\t\t\t\t\t\t\t<span class=\"dsm-meta-seperator\">&#8221;<\/span>\n\t\t\t\t\t\t\t\t\t<span class=\"dsm-posted-on\"><time datetime=\"Jan 16, 2024\">Jan 16, 2024<\/time><\/span>\n\t\t\t\t\t\t\t\t\t\t\t\t\t\t\t\t\t\t\t\t\t\t\t<\/div>\n\t\t\t\t\t\t\t\n\t\t\t\t\t\t\t\n\t\t\t\t\t\t\t\t\t\t\t\t\t\t\t\t\t\t\t\t\t<\/div>\n\t\t\t\t\t<\/div>\n\t\t\t\t<\/article>\n\n\t\t\t\t\n\t\t\t\t<article class=\"dsm-blog-carousel-item swiper-slide\">\n\t\t\t\t\t<div class=\"dsm-grid-post-holder-inner\">\n\t\t\t\t\t\t\t\t\t\t\t\t\t<div class=\"dsm-entry-image\">\n\t\t\t\t\t\t\t\t\t\t\t\t\t\t\t\t<div class=\"dsm-entry-thumbnail\">\n\t\t\t\t\t\t\t\t\t\t\t\t\t\t\t\t\t\t\t<a href=\"https:\/\/www.verandair.com\/en\/transform-your-garden-with-a-designer-pergola\/\">\n\t\t\t\t\t\t\t\t\t\t\t\t\t\t\t\t\t\t<img width=\"1080\" height=\"675\" src=\"https:\/\/www.verandair.com\/wp-content\/uploads\/2023\/12\/pergola-design-1080x675.jpg\" class=\"skip-lazy wp-post-image\" alt=\"\" decoding=\"async\" loading=\"lazy\" srcset=\"https:\/\/www.verandair.com\/wp-content\/uploads\/2023\/12\/pergola-design-1080x675.jpg 1080w, https:\/\/www.verandair.com\/wp-content\/uploads\/2023\/12\/pergola-design-980x666.jpg 980w, https:\/\/www.verandair.com\/wp-content\/uploads\/2023\/12\/pergola-design-480x326.jpg 480w\" sizes=\"(min-width: 0px) and (max-width: 480px) 480px, (min-width: 481px) and (max-width: 980px) 980px, (min-width: 981px) 1080px, 100vw\" \/>\t\t\t\t\t\t\t\t\t\t\t\t\t\t\t\t\t\t<\/a>\n\t\t\t\t\t\t\t\t\t\t\t\t\t\t\t\t\t<\/div>\n\t\t\t\t\t\t\t<\/div>\n\t\t\t\t\t\t\n\t\t\t\t\t\t<div class=\"dsm-entry-wrapper\">\n\t\t\t\t\t\t\t\t\t\t\t\t\t\t<header class=\"dsm-entry-header\">\n\t\t\t\t\t\t\t\t\t<h3 class=\"dsm-entry-title\">\n\t\t\t\t\t\t\t\t\t\t\t\t\t\t\t\t\t\t\t\t\t<a href=\"https:\/\/www.verandair.com\/en\/transform-your-garden-with-a-designer-pergola\/\">Transform your garden with a designer pergola<\/a>\n\t\t\t\t\t\t\t\t\t\t\t\t\t\t\t\t\t\t\t<\/h3>\n\t\t\t\t\t\t\t\t<\/header>\n\t\t\t\t\t\t\n\t\t\t\t\t\t\t\t\t\t\t\t\t<div class=\"dsm-entry-meta\">\n\t\t\t\t\t\t\t\t\t\t\t\t\t\t\t\t\t\t\t\t\t\t\t\t\t<span class=\"dsm-meta-seperator\">&#8221;<\/span>\n\t\t\t\t\t\t\t\t\t<span class=\"dsm-posted-on\"><time datetime=\"Jan 5, 2024\">Jan 5, 2024<\/time><\/span>\n\t\t\t\t\t\t\t\t\t\t\t\t\t\t\t\t\t\t\t\t\t\t\t<\/div>\n\t\t\t\t\t\t\t\n\t\t\t\t\t\t\t\n\t\t\t\t\t\t\t\t\t\t\t\t\t\t\t\t\t\t\t\t\t<\/div>\n\t\t\t\t\t<\/div>\n\t\t\t\t<\/article>\n\n\t\t\t\t\n\t\t\t\t<article class=\"dsm-blog-carousel-item swiper-slide\">\n\t\t\t\t\t<div class=\"dsm-grid-post-holder-inner\">\n\t\t\t\t\t\t\t\t\t\t\t\t\t<div class=\"dsm-entry-image\">\n\t\t\t\t\t\t\t\t\t\t\t\t\t\t\t\t<div class=\"dsm-entry-thumbnail\">\n\t\t\t\t\t\t\t\t\t\t\t\t\t\t\t\t\t\t\t<a href=\"https:\/\/www.verandair.com\/en\/the-carport-moderne-and-its-many-advantages\/\">\n\t\t\t\t\t\t\t\t\t\t\t\t\t\t\t\t\t\t<img width=\"1080\" height=\"675\" src=\"https:\/\/www.verandair.com\/wp-content\/uploads\/2023\/10\/carport-moderne-1080x675.jpeg\" class=\"skip-lazy wp-post-image\" alt=\"\" decoding=\"async\" loading=\"lazy\" srcset=\"https:\/\/www.verandair.com\/wp-content\/uploads\/2023\/10\/carport-moderne-1080x675.jpeg 1080w, https:\/\/www.verandair.com\/wp-content\/uploads\/2023\/10\/carport-moderne-980x654.jpeg 980w, https:\/\/www.verandair.com\/wp-content\/uploads\/2023\/10\/carport-moderne-480x320.jpeg 480w\" sizes=\"(min-width: 0px) and (max-width: 480px) 480px, (min-width: 481px) and (max-width: 980px) 980px, (min-width: 981px) 1080px, 100vw\" \/>\t\t\t\t\t\t\t\t\t\t\t\t\t\t\t\t\t\t<\/a>\n\t\t\t\t\t\t\t\t\t\t\t\t\t\t\t\t\t<\/div>\n\t\t\t\t\t\t\t<\/div>\n\t\t\t\t\t\t\n\t\t\t\t\t\t<div class=\"dsm-entry-wrapper\">\n\t\t\t\t\t\t\t\t\t\t\t\t\t\t<header class=\"dsm-entry-header\">\n\t\t\t\t\t\t\t\t\t<h3 class=\"dsm-entry-title\">\n\t\t\t\t\t\t\t\t\t\t\t\t\t\t\t\t\t\t\t\t\t<a href=\"https:\/\/www.verandair.com\/en\/the-carport-moderne-and-its-many-advantages\/\">The Carport Moderne and its many advantages<\/a>\n\t\t\t\t\t\t\t\t\t\t\t\t\t\t\t\t\t\t\t<\/h3>\n\t\t\t\t\t\t\t\t<\/header>\n\t\t\t\t\t\t\n\t\t\t\t\t\t\t\t\t\t\t\t\t<div class=\"dsm-entry-meta\">\n\t\t\t\t\t\t\t\t\t\t\t\t\t\t\t\t\t\t\t\t\t\t\t\t\t<span class=\"dsm-meta-seperator\">&#8221;<\/span>\n\t\t\t\t\t\t\t\t\t<span class=\"dsm-posted-on\"><time datetime=\"Dec 18, 2023\">Dec 18, 2023<\/time><\/span>\n\t\t\t\t\t\t\t\t\t\t\t\t\t\t\t\t\t\t\t\t\t\t\t<\/div>\n\t\t\t\t\t\t\t\n\t\t\t\t\t\t\t\n\t\t\t\t\t\t\t\t\t\t\t\t\t\t\t\t\t\t\t\t\t<\/div>\n\t\t\t\t\t<\/div>\n\t\t\t\t<\/article>\n\n\t\t\t\t\n\t\t\t\t<article class=\"dsm-blog-carousel-item swiper-slide\">\n\t\t\t\t\t<div class=\"dsm-grid-post-holder-inner\">\n\t\t\t\t\t\t\t\t\t\t\t\t\t<div class=\"dsm-entry-image\">\n\t\t\t\t\t\t\t\t\t\t\t\t\t\t\t\t<div class=\"dsm-entry-thumbnail\">\n\t\t\t\t\t\t\t\t\t\t\t\t\t\t\t\t\t\t\t<a href=\"https:\/\/www.verandair.com\/en\/solar-carport-with-charging-station-the-future-of-green-mobility\/\">\n\t\t\t\t\t\t\t\t\t\t\t\t\t\t\t\t\t\t<img width=\"1080\" height=\"675\" src=\"https:\/\/www.verandair.com\/wp-content\/uploads\/2023\/10\/carport-1-1080x675.jpg\" class=\"skip-lazy wp-post-image\" alt=\"\" decoding=\"async\" loading=\"lazy\" srcset=\"https:\/\/www.verandair.com\/wp-content\/uploads\/2023\/10\/carport-1-1080x675.jpg 1080w, https:\/\/www.verandair.com\/wp-content\/uploads\/2023\/10\/carport-1-980x650.jpg 980w, https:\/\/www.verandair.com\/wp-content\/uploads\/2023\/10\/carport-1-480x318.jpg 480w\" sizes=\"(min-width: 0px) and (max-width: 480px) 480px, (min-width: 481px) and (max-width: 980px) 980px, (min-width: 981px) 1080px, 100vw\" \/>\t\t\t\t\t\t\t\t\t\t\t\t\t\t\t\t\t\t<\/a>\n\t\t\t\t\t\t\t\t\t\t\t\t\t\t\t\t\t<\/div>\n\t\t\t\t\t\t\t<\/div>\n\t\t\t\t\t\t\n\t\t\t\t\t\t<div class=\"dsm-entry-wrapper\">\n\t\t\t\t\t\t\t\t\t\t\t\t\t\t<header class=\"dsm-entry-header\">\n\t\t\t\t\t\t\t\t\t<h3 class=\"dsm-entry-title\">\n\t\t\t\t\t\t\t\t\t\t\t\t\t\t\t\t\t\t\t\t\t<a href=\"https:\/\/www.verandair.com\/en\/solar-carport-with-charging-station-the-future-of-green-mobility\/\">Solar carport with charging station: the future of green mobility<\/a>\n\t\t\t\t\t\t\t\t\t\t\t\t\t\t\t\t\t\t\t<\/h3>\n\t\t\t\t\t\t\t\t<\/header>\n\t\t\t\t\t\t\n\t\t\t\t\t\t\t\t\t\t\t\t\t<div class=\"dsm-entry-meta\">\n\t\t\t\t\t\t\t\t\t\t\t\t\t\t\t\t\t\t\t\t\t\t\t\t\t<span class=\"dsm-meta-seperator\">&#8221;<\/span>\n\t\t\t\t\t\t\t\t\t<span class=\"dsm-posted-on\"><time datetime=\"Nov 18, 2023\">Nov 18, 2023<\/time><\/span>\n\t\t\t\t\t\t\t\t\t\t\t\t\t\t\t\t\t\t\t\t\t\t\t<\/div>\n\t\t\t\t\t\t\t\n\t\t\t\t\t\t\t\n\t\t\t\t\t\t\t\t\t\t\t\t\t\t\t\t\t\t\t\t\t<\/div>\n\t\t\t\t\t<\/div>\n\t\t\t\t<\/article>\n\n\t\t\t\t\n\t\t\t\t<article class=\"dsm-blog-carousel-item swiper-slide\">\n\t\t\t\t\t<div class=\"dsm-grid-post-holder-inner\">\n\t\t\t\t\t\t\t\t\t\t\t\t\t<div class=\"dsm-entry-image\">\n\t\t\t\t\t\t\t\t\t\t\t\t\t\t\t\t<div class=\"dsm-entry-thumbnail\">\n\t\t\t\t\t\t\t\t\t\t\t\t\t\t\t\t\t\t\t<a href=\"https:\/\/www.verandair.com\/en\/how-do-you-heat-your-patio-enclosure-or-pergola\/\">\n\t\t\t\t\t\t\t\t\t\t\t\t\t\t\t\t\t\t<img width=\"960\" height=\"625\" src=\"https:\/\/www.verandair.com\/wp-content\/uploads\/2023\/11\/Design-sans-titre-15.jpg\" class=\"skip-lazy wp-post-image\" alt=\"\" decoding=\"async\" loading=\"lazy\" srcset=\"https:\/\/www.verandair.com\/wp-content\/uploads\/2023\/11\/Design-sans-titre-15.jpg 960w, https:\/\/www.verandair.com\/wp-content\/uploads\/2023\/11\/Design-sans-titre-15-480x313.jpg 480w\" sizes=\"(min-width: 0px) and (max-width: 480px) 480px, (min-width: 481px) 960px, 100vw\" \/>\t\t\t\t\t\t\t\t\t\t\t\t\t\t\t\t\t\t<\/a>\n\t\t\t\t\t\t\t\t\t\t\t\t\t\t\t\t\t<\/div>\n\t\t\t\t\t\t\t<\/div>\n\t\t\t\t\t\t\n\t\t\t\t\t\t<div class=\"dsm-entry-wrapper\">\n\t\t\t\t\t\t\t\t\t\t\t\t\t\t<header class=\"dsm-entry-header\">\n\t\t\t\t\t\t\t\t\t<h3 class=\"dsm-entry-title\">\n\t\t\t\t\t\t\t\t\t\t\t\t\t\t\t\t\t\t\t\t\t<a href=\"https:\/\/www.verandair.com\/en\/how-do-you-heat-your-patio-enclosure-or-pergola\/\">How do you heat your patio enclosure or pergola?<\/a>\n\t\t\t\t\t\t\t\t\t\t\t\t\t\t\t\t\t\t\t<\/h3>\n\t\t\t\t\t\t\t\t<\/header>\n\t\t\t\t\t\t\n\t\t\t\t\t\t\t\t\t\t\t\t\t<div class=\"dsm-entry-meta\">\n\t\t\t\t\t\t\t\t\t\t\t\t\t\t\t\t\t\t\t\t\t\t\t\t\t<span class=\"dsm-meta-seperator\">&#8221;<\/span>\n\t\t\t\t\t\t\t\t\t<span class=\"dsm-posted-on\"><time datetime=\"Nov 10, 2023\">Nov 10, 2023<\/time><\/span>\n\t\t\t\t\t\t\t\t\t\t\t\t\t\t\t\t\t\t\t\t\t\t\t<\/div>\n\t\t\t\t\t\t\t\n\t\t\t\t\t\t\t\n\t\t\t\t\t\t\t\t\t\t\t\t\t\t\t\t\t\t\t\t\t<\/div>\n\t\t\t\t\t<\/div>\n\t\t\t\t<\/article>\n\n\t\t\t\t\n\t\t\t\t\t<\/div>\n\t\t\t\t<\/div>\n\t\t\t\t\n\t\t\t\t<div class=\"swiper-container-horizontal\">\n\t\t\t\t\t\n\t\t\t\t<\/div>\n\t\t\t<\/div>\n\t\t\t\t<\/div>\n\t\t\t<\/div><\/p>\n","protected":false},"author":1,"featured_media":0,"parent":0,"menu_order":0,"comment_status":"closed","ping_status":"closed","template":"","meta":{"_acf_changed":false,"_et_pb_use_builder":"on","_et_pb_old_content":"","_et_gb_content_width":"","inline_featured_image":false,"footnotes":""},"class_list":["post-61564","page","type-page","status-publish","hentry"],"acf":[],"yoast_head":"<!-- This site is optimized with the Yoast SEO plugin v27.5 - https:\/\/yoast.com\/product\/yoast-seo-wordpress\/ -->\n<title>Magazine-2 | VERANDAIR\u00ae<\/title>\n<meta name=\"robots\" content=\"index, follow, max-snippet:-1, max-image-preview:large, max-video-preview:-1\" \/>\n<link rel=\"canonical\" href=\"https:\/\/www.verandair.com\/en\/magazine-2\/\" \/>\n<meta property=\"og:locale\" content=\"en_US\" \/>\n<meta property=\"og:type\" content=\"article\" \/>\n<meta property=\"og:title\" content=\"Magazine-2 | VERANDAIR\u00ae\" \/>\n<meta property=\"og:description\" content=\"Outdoor lifestyle magazinePages 1 2 3 4 5 6 7\" \/>\n<meta property=\"og:url\" content=\"https:\/\/www.verandair.com\/en\/magazine-2\/\" \/>\n<meta property=\"og:site_name\" content=\"VERANDAIR\u00ae\" \/>\n<meta property=\"article:modified_time\" content=\"2024-04-03T08:10:24+00:00\" \/>\n<meta name=\"twitter:card\" content=\"summary_large_image\" \/>\n<meta name=\"twitter:label1\" content=\"Est. reading time\" \/>\n\t<meta name=\"twitter:data1\" content=\"9 minutes\" \/>\n<script type=\"application\/ld+json\" class=\"yoast-schema-graph\">{\"@context\":\"https:\\\/\\\/schema.org\",\"@graph\":[{\"@type\":\"WebPage\",\"@id\":\"https:\\\/\\\/www.verandair.com\\\/en\\\/magazine-2\\\/\",\"url\":\"https:\\\/\\\/www.verandair.com\\\/en\\\/magazine-2\\\/\",\"name\":\"Magazine-2 | VERANDAIR\u00ae\",\"isPartOf\":{\"@id\":\"https:\\\/\\\/www.verandair.com\\\/en\\\/#website\"},\"datePublished\":\"2024-03-12T15:49:50+00:00\",\"dateModified\":\"2024-04-03T08:10:24+00:00\",\"breadcrumb\":{\"@id\":\"https:\\\/\\\/www.verandair.com\\\/en\\\/magazine-2\\\/#breadcrumb\"},\"inLanguage\":\"en-US\",\"potentialAction\":[{\"@type\":\"ReadAction\",\"target\":[\"https:\\\/\\\/www.verandair.com\\\/en\\\/magazine-2\\\/\"]}]},{\"@type\":\"BreadcrumbList\",\"@id\":\"https:\\\/\\\/www.verandair.com\\\/en\\\/magazine-2\\\/#breadcrumb\",\"itemListElement\":[{\"@type\":\"ListItem\",\"position\":1,\"name\":\"Accueil\",\"item\":{\"@type\":\"WebPage\",\"@id\":\"https:\\\/\\\/www.verandair.com\\\/en\\\/\",\"name\":\"Accueil\"}},{\"@type\":\"ListItem\",\"position\":2,\"name\":\"Magazine-2\"}]},{\"@type\":\"WebSite\",\"@id\":\"https:\\\/\\\/www.verandair.com\\\/en\\\/#website\",\"url\":\"https:\\\/\\\/www.verandair.com\\\/en\\\/\",\"name\":\"VERANDAIR\u00ae\",\"description\":\"\",\"publisher\":{\"@id\":\"https:\\\/\\\/www.verandair.com\\\/en\\\/#organization\"},\"potentialAction\":[{\"@type\":\"SearchAction\",\"target\":{\"@type\":\"EntryPoint\",\"urlTemplate\":\"https:\\\/\\\/www.verandair.com\\\/en\\\/?s={search_term_string}\"},\"query-input\":{\"@type\":\"PropertyValueSpecification\",\"valueRequired\":true,\"valueName\":\"search_term_string\"}}],\"inLanguage\":\"en-US\"},{\"@type\":\"Organization\",\"@id\":\"https:\\\/\\\/www.verandair.com\\\/en\\\/#organization\",\"name\":\"Verandair\",\"url\":\"https:\\\/\\\/www.verandair.com\\\/en\\\/\",\"logo\":{\"@type\":\"ImageObject\",\"inLanguage\":\"en-US\",\"@id\":\"https:\\\/\\\/www.verandair.com\\\/en\\\/#\\\/schema\\\/logo\\\/image\\\/\",\"url\":\"https:\\\/\\\/www.verandair.com\\\/wp-content\\\/uploads\\\/2024\\\/06\\\/VERANDAIR-logo.png\",\"contentUrl\":\"https:\\\/\\\/www.verandair.com\\\/wp-content\\\/uploads\\\/2024\\\/06\\\/VERANDAIR-logo.png\",\"width\":283,\"height\":127,\"caption\":\"Verandair\"},\"image\":{\"@id\":\"https:\\\/\\\/www.verandair.com\\\/en\\\/#\\\/schema\\\/logo\\\/image\\\/\"}}]}<\/script>\n<!-- \/ Yoast SEO plugin. -->","yoast_head_json":{"title":"Magazine-2 | VERANDAIR\u00ae","robots":{"index":"index","follow":"follow","max-snippet":"max-snippet:-1","max-image-preview":"max-image-preview:large","max-video-preview":"max-video-preview:-1"},"canonical":"https:\/\/www.verandair.com\/en\/magazine-2\/","og_locale":"en_US","og_type":"article","og_title":"Magazine-2 | VERANDAIR\u00ae","og_description":"Outdoor lifestyle magazinePages 1 2 3 4 5 6 7","og_url":"https:\/\/www.verandair.com\/en\/magazine-2\/","og_site_name":"VERANDAIR\u00ae","article_modified_time":"2024-04-03T08:10:24+00:00","twitter_card":"summary_large_image","twitter_misc":{"Est. reading time":"9 minutes"},"schema":{"@context":"https:\/\/schema.org","@graph":[{"@type":"WebPage","@id":"https:\/\/www.verandair.com\/en\/magazine-2\/","url":"https:\/\/www.verandair.com\/en\/magazine-2\/","name":"Magazine-2 | VERANDAIR\u00ae","isPartOf":{"@id":"https:\/\/www.verandair.com\/en\/#website"},"datePublished":"2024-03-12T15:49:50+00:00","dateModified":"2024-04-03T08:10:24+00:00","breadcrumb":{"@id":"https:\/\/www.verandair.com\/en\/magazine-2\/#breadcrumb"},"inLanguage":"en-US","potentialAction":[{"@type":"ReadAction","target":["https:\/\/www.verandair.com\/en\/magazine-2\/"]}]},{"@type":"BreadcrumbList","@id":"https:\/\/www.verandair.com\/en\/magazine-2\/#breadcrumb","itemListElement":[{"@type":"ListItem","position":1,"name":"Accueil","item":{"@type":"WebPage","@id":"https:\/\/www.verandair.com\/en\/","name":"Accueil"}},{"@type":"ListItem","position":2,"name":"Magazine-2"}]},{"@type":"WebSite","@id":"https:\/\/www.verandair.com\/en\/#website","url":"https:\/\/www.verandair.com\/en\/","name":"VERANDAIR\u00ae","description":"","publisher":{"@id":"https:\/\/www.verandair.com\/en\/#organization"},"potentialAction":[{"@type":"SearchAction","target":{"@type":"EntryPoint","urlTemplate":"https:\/\/www.verandair.com\/en\/?s={search_term_string}"},"query-input":{"@type":"PropertyValueSpecification","valueRequired":true,"valueName":"search_term_string"}}],"inLanguage":"en-US"},{"@type":"Organization","@id":"https:\/\/www.verandair.com\/en\/#organization","name":"Verandair","url":"https:\/\/www.verandair.com\/en\/","logo":{"@type":"ImageObject","inLanguage":"en-US","@id":"https:\/\/www.verandair.com\/en\/#\/schema\/logo\/image\/","url":"https:\/\/www.verandair.com\/wp-content\/uploads\/2024\/06\/VERANDAIR-logo.png","contentUrl":"https:\/\/www.verandair.com\/wp-content\/uploads\/2024\/06\/VERANDAIR-logo.png","width":283,"height":127,"caption":"Verandair"},"image":{"@id":"https:\/\/www.verandair.com\/en\/#\/schema\/logo\/image\/"}}]}},"_links":{"self":[{"href":"https:\/\/www.verandair.com\/en\/wp-json\/wp\/v2\/pages\/61564","targetHints":{"allow":["GET"]}}],"collection":[{"href":"https:\/\/www.verandair.com\/en\/wp-json\/wp\/v2\/pages"}],"about":[{"href":"https:\/\/www.verandair.com\/en\/wp-json\/wp\/v2\/types\/page"}],"author":[{"embeddable":true,"href":"https:\/\/www.verandair.com\/en\/wp-json\/wp\/v2\/users\/1"}],"replies":[{"embeddable":true,"href":"https:\/\/www.verandair.com\/en\/wp-json\/wp\/v2\/comments?post=61564"}],"version-history":[{"count":1,"href":"https:\/\/www.verandair.com\/en\/wp-json\/wp\/v2\/pages\/61564\/revisions"}],"predecessor-version":[{"id":61578,"href":"https:\/\/www.verandair.com\/en\/wp-json\/wp\/v2\/pages\/61564\/revisions\/61578"}],"wp:attachment":[{"href":"https:\/\/www.verandair.com\/en\/wp-json\/wp\/v2\/media?parent=61564"}],"curies":[{"name":"wp","href":"https:\/\/api.w.org\/{rel}","templated":true}]}}