{"id":61592,"date":"2024-03-15T15:48:46","date_gmt":"2024-03-15T14:48:46","guid":{"rendered":"https:\/\/www.verandair.com\/site-preparation\/"},"modified":"2024-04-03T10:10:22","modified_gmt":"2024-04-03T08:10:22","slug":"site-preparation","status":"publish","type":"page","link":"https:\/\/www.verandair.com\/en\/site-preparation\/","title":{"rendered":"Site preparation"},"content":{"rendered":"<p>[et_pb_section fb_built=&#8221;1&#8243; _builder_version=&#8221;4.24.2&#8243; _module_preset=&#8221;default&#8221; global_colors_info=&#8221;{}&#8221;][et_pb_row _builder_version=&#8221;4.24.1&#8243; _module_preset=&#8221;default&#8221; max_width=&#8221;950px&#8221; locked=&#8221;off&#8221; global_colors_info=&#8221;{}&#8221;][et_pb_column type=&#8221;4_4&#8243; _builder_version=&#8221;4.23.4&#8243; _module_preset=&#8221;default&#8221; global_colors_info=&#8221;{}&#8221;][dsm_breadcrumbs home_text=&#8221; &#8221; home_icon=&#8221;&#xe009;||divi||400&#8243; _builder_version=&#8221;4.24.0&#8243; _module_preset=&#8221;default&#8221; global_colors_info=&#8221;{}&#8221;][\/dsm_breadcrumbs][et_pb_text _builder_version=&#8221;4.24.2&#8243; _module_preset=&#8221;5298e62e-f7ac-4dd9-b361-006fc4da68de&#8221; text_orientation=&#8221;center&#8221; custom_margin=&#8221;||30px||false|false&#8221; global_colors_info=&#8221;{}&#8221;]<\/p>\n<h1>Preparing your site<\/h1>\n<p>[\/et_pb_text][et_pb_divider show_divider=&#8221;off&#8221; _builder_version=&#8221;4.23.4&#8243; _module_preset=&#8221;2adabd0f-cb12-404f-9aa7-a3088280e564&#8243; module_alignment=&#8221;center&#8221; global_colors_info=&#8221;{}&#8221;][\/et_pb_divider][et_pb_text _builder_version=&#8221;4.24.2&#8243; _module_preset=&#8221;5298e62e-f7ac-4dd9-b361-006fc4da68de&#8221; text_orientation=&#8221;center&#8221; custom_margin=&#8221;||50px||false|false&#8221; global_colors_info=&#8221;{}&#8221;]Site preparation is a<span> <\/span>This <strong>phase is crucial to the success of your project<\/strong>. It influences the quality of execution and<span> <\/span>durability over <strong>time<\/strong>. Your satisfaction depends on it![\/et_pb_text][\/et_pb_column][\/et_pb_row][et_pb_row _builder_version=&#8221;4.24.2&#8243; _module_preset=&#8221;default&#8221; use_background_color_gradient=&#8221;on&#8221; background_color_gradient_stops=&#8221;rgba(255,255,255,0) 0%|rgba(255,255,255,0) 70%|gcid-a78bba3e-9a00-4c62-8b29-47f3d6c30097 70%&#8221; width=&#8221;100%&#8221; max_width=&#8221;100%&#8221; custom_padding=&#8221;||0px||false|false&#8221; locked=&#8221;off&#8221; global_colors_info=&#8221;{%22gcid-1aea1de7-1b27-4917-8f9a-23facce39526%22:%91%22background_color_gradient_stops%22%93,%22gcid-a78bba3e-9a00-4c62-8b29-47f3d6c30097%22:%91%22background_color_gradient_stops%22%93}&#8221;][et_pb_column type=&#8221;4_4&#8243; _builder_version=&#8221;4.24.2&#8243; _module_preset=&#8221;default&#8221; global_colors_info=&#8221;{}&#8221;][dsm_image_carousel gallery_ids=&#8221;1541,1567,1592,1829,1805,1820,1844,60349&#8243; sizes=&#8221;et-pb-post-main-image-fullwidth&#8221; lazyload=&#8221;on&#8221; speed=&#8221;30000&#8243; autoplay_speed=&#8221;0&#8243; autoplay_viewport=&#8221;90%&#8221; arrows=&#8221;off&#8221; dots=&#8221;off&#8221; show_lightbox=&#8221;on&#8221; show_lightbox_gallery=&#8221;on&#8221; slide_to_show_tablet=&#8221;3&#8243; slide_to_show_phone=&#8221;2&#8243; slide_to_show_last_edited=&#8221;on|desktop&#8221; _builder_version=&#8221;4.24.2&#8243; _module_preset=&#8221;default&#8221; custom_margin=&#8221;0px||0px||false|false&#8221; custom_padding=&#8221;0px||0px||false|false&#8221; hover_enabled=&#8221;0&#8243; custom_css_main_element=&#8221;margin-bottom: 5px !important;&#8221; custom_css_free_form=&#8221;selcetor .swiper-container {||  overflow: visible;||}&#8221; global_colors_info=&#8221;{}&#8221; sticky_enabled=&#8221;0&#8243;][\/dsm_image_carousel][dsm_image_carousel gallery_ids=&#8221;1853,1837,1830,1813,1810,1796,1835,1821,1871,1869,1850,1840&#8243; sizes=&#8221;et-pb-post-main-image-fullwidth&#8221; lazyload=&#8221;on&#8221; slider_direction=&#8221;rtl&#8221; speed=&#8221;30000&#8243; autoplay_speed=&#8221;0&#8243; autoplay_viewport=&#8221;90%&#8221; arrows=&#8221;off&#8221; dots=&#8221;off&#8221; show_lightbox=&#8221;on&#8221; show_lightbox_gallery=&#8221;on&#8221; slide_to_show_tablet=&#8221;3&#8243; slide_to_show_phone=&#8221;2&#8243; slide_to_show_last_edited=&#8221;on|desktop&#8221; _builder_version=&#8221;4.24.2&#8243; _module_preset=&#8221;default&#8221; custom_margin=&#8221;0px||0px||false|false&#8221; custom_padding=&#8221;0px||0px||false|false&#8221; hover_enabled=&#8221;0&#8243; custom_css_free_form=&#8221;selcetor .swiper-container {||  overflow: visible;||}&#8221; global_colors_info=&#8221;{}&#8221; sticky_enabled=&#8221;0&#8243;][\/dsm_image_carousel][\/et_pb_column][\/et_pb_row][\/et_pb_section][et_pb_section fb_built=&#8221;1&#8243; module_id=&#8221;mission&#8221; _builder_version=&#8221;4.24.2&#8243; _module_preset=&#8221;default&#8221; background_image=&#8221;https:\/\/www.verandair.com\/wp-content\/uploads\/2024\/01\/VERANDAIR-icon-outline.svg&#8221; background_size=&#8221;custom&#8221; background_image_width=&#8221;50%&#8221; background_position=&#8221;bottom_right&#8221; overflow-x=&#8221;visible&#8221; overflow-y=&#8221;visible&#8221; custom_padding=&#8221;0px||||false|false&#8221; hover_enabled=&#8221;0&#8243; locked=&#8221;off&#8221; global_colors_info=&#8221;{}&#8221; sticky_enabled=&#8221;0&#8243;][et_pb_row _builder_version=&#8221;4.24.2&#8243; _module_preset=&#8221;default&#8221; z_index=&#8221;10&#8243; max_width=&#8221;800px&#8221; custom_margin=&#8221;||||false|false&#8221; hover_enabled=&#8221;0&#8243; global_colors_info=&#8221;{}&#8221; sticky_enabled=&#8221;0&#8243;][et_pb_column type=&#8221;4_4&#8243; _builder_version=&#8221;4.24.2&#8243; _module_preset=&#8221;default&#8221; custom_padding=&#8221;||||false|false&#8221; custom_padding_tablet=&#8221;150px||||false|false&#8221; custom_padding_phone=&#8221;150px||||false|false&#8221; custom_padding_last_edited=&#8221;off|tablet&#8221; hover_enabled=&#8221;0&#8243; global_colors_info=&#8221;{}&#8221; sticky_enabled=&#8221;0&#8243;][et_pb_text _builder_version=&#8221;4.24.2&#8243; _module_preset=&#8221;default&#8221; text_font=&#8221;||||||||&#8221; text_text_color=&#8221;gcid-5c4546d4-de02-4649-8683-d4192d8e1655&#8243; animation_style=&#8221;slide&#8221; animation_direction=&#8221;bottom&#8221; animation_delay=&#8221;100ms&#8221; hover_enabled=&#8221;0&#8243; locked=&#8221;off&#8221; global_colors_info=&#8221;{%22gcid-5c4546d4-de02-4649-8683-d4192d8e1655%22:%91%22text_text_color%22%93}&#8221; sticky_enabled=&#8221;0&#8243;]<\/p>\n<h2>Rainwater runoff<\/h2>\n<p>[\/et_pb_text][et_pb_divider show_divider=&#8221;off&#8221; _builder_version=&#8221;4.24.2&#8243; _module_preset=&#8221;2adabd0f-cb12-404f-9aa7-a3088280e564&#8243; locked=&#8221;off&#8221; global_colors_info=&#8221;{}&#8221;][\/et_pb_divider][et_pb_text _builder_version=&#8221;4.24.2&#8243; _module_preset=&#8221;default&#8221; custom_margin=&#8221;||50px||false|false&#8221; locked=&#8221;off&#8221; global_colors_info=&#8221;{}&#8221;]<\/p>\n<p>Rainwater will run off the roof of the shelter onto the ground of your terrace or the horizontal support on which the shelter is placed. They will then naturally follow the slopes of your terrace. <strong>The patio cover is not designed to prevent this<\/strong>. We therefore invite you to prepare your terrace according to the following recommendations (non-exhaustive list):<\/p>\n<ul>\n<li>Provide a <strong>terrace slope of 1 to<\/strong> 2% to encourage drainage away from the shelter.<\/li>\n<li>Provide <strong>draining soil<\/strong> to allow rainwater to infiltrate into the ground<\/li>\n<li>Provide a <strong>slight edge or &#8220;heel&#8221; to the tiles<\/strong> along the runway inside the shelter.<\/li>\n<li>Provide a <strong>small gutter<\/strong> inside and along the runway inside the shelter.<\/li>\n<li>At your request, we can install a <strong>small<\/strong> lacquered <strong>aluminum strip<\/strong> on the floor inside your shelter, to reduce the risk of run-off towards the interior. This operation offered by VERANDAIR\u00ae offers no guarantee of results.<\/li>\n<li>Finally, in the event of heavy rain, make sure you let <strong>the water follow its natural course<\/strong>. Avoid placing cloths along the shelter&#8217;s lower crosspieces. By capillary action, these cloths will soak up water, amplifying the phenomenon of water infiltration inside your shelter.<\/li>\n<\/ul>\n<p>When preparing your terrace, be sure to <strong>use materials designed exclusively for outdoor use<\/strong>. Do not use untreated wood or parquet flooring.<\/p>\n<p>[\/et_pb_text][\/et_pb_column][\/et_pb_row][et_pb_row _builder_version=&#8221;4.24.2&#8243; _module_preset=&#8221;default&#8221; max_width=&#8221;800px&#8221; global_colors_info=&#8221;{}&#8221;][et_pb_column type=&#8221;4_4&#8243; _builder_version=&#8221;4.24.2&#8243; _module_preset=&#8221;default&#8221; global_colors_info=&#8221;{}&#8221;][et_pb_text _builder_version=&#8221;4.24.2&#8243; _module_preset=&#8221;default&#8221; text_font=&#8221;||||||||&#8221; text_text_color=&#8221;gcid-5c4546d4-de02-4649-8683-d4192d8e1655&#8243; animation_style=&#8221;slide&#8221; animation_direction=&#8221;bottom&#8221; animation_delay=&#8221;100ms&#8221; locked=&#8221;off&#8221; global_colors_info=&#8221;{%22gcid-5c4546d4-de02-4649-8683-d4192d8e1655%22:%91%22text_text_color%22%93}&#8221;]<\/p>\n<h2>Fastening your shelter &#8211; pergola<\/h2>\n<p>[\/et_pb_text][et_pb_divider show_divider=&#8221;off&#8221; _builder_version=&#8221;4.24.2&#8243; _module_preset=&#8221;2adabd0f-cb12-404f-9aa7-a3088280e564&#8243; locked=&#8221;off&#8221; global_colors_info=&#8221;{}&#8221;][\/et_pb_divider][et_pb_text _builder_version=&#8221;4.24.2&#8243; _module_preset=&#8221;default&#8221; custom_margin=&#8221;||50px||false|false&#8221; locked=&#8221;off&#8221; global_colors_info=&#8221;{}&#8221;]<\/p>\n<p>The framework of our patio covers and pergolas is made of lightweight aluminum structures. They are designed to withstand<span> <\/span><strong>snow weight of 45kg\/m2<\/strong><span> <\/span>and to<strong>withstand winds of up to 100km\/h<\/strong>.<\/p>\n<p>The maximum snow load is equivalent to the surface area of the shelter multiplied by the weight of the snow. For example, a 20m2 shelter can support a maximum load of 900kg (20m2 x 45kg). For information, the weight of snow can vary from 150 to 300 kg\/m3 depending on its density. Packed snow can reach 500km per m3.<span> <\/span><strong>It is therefore essential to remove the snow from your pergola when the layer of snow is 9-10cm deep.<span> <\/span><\/strong>To avoid snow accumulation, you can also maintain a constant temperature of 12\u00b0C inside the shelter.<\/p>\n<p>To withstand such loads, the shelter or pergola must be anchored to the ground and\/or securely fastened to the wall. Your shelter is equipped with<strong><span> <\/span>anchors all around the perimeter<\/strong>. These anchors are connected to long metal dowels inserted into the ground of your terrace.<\/p>\n<p>In order to secure the dowels, please make sure to<span> <\/span><strong>guarantee a solid reinforced concrete base<\/strong><span> <\/span>(free of electrical cables) either by means of a sill at least 15 cm thick around the entire perimeter of the shelter, or by means of concrete blocks 30 cm in cube.<\/p>\n<p><strong>ATTENTION:<\/strong><span> <\/span>VERANDAIR\u00ae is not competent to probe or assess the nature of the ground where the shelter will be installed and\/or to probe or assess the nature of the (invisible) wall support where the shelter or pergola will be installed.<\/p>\n<p>You must inform us as precisely as possible, in writing (on the technician&#8217;s plans during the technical inspection), of the location of any invisible obstacles in the ground or walls (electrical cables, water, oil and gas pipes, etc.). Underfloor heating is strongly discouraged.<\/p>\n<p>[\/et_pb_text][\/et_pb_column][\/et_pb_row][et_pb_row _builder_version=&#8221;4.24.2&#8243; _module_preset=&#8221;default&#8221; max_width=&#8221;800px&#8221; global_colors_info=&#8221;{}&#8221;][et_pb_column type=&#8221;4_4&#8243; _builder_version=&#8221;4.24.2&#8243; _module_preset=&#8221;default&#8221; global_colors_info=&#8221;{}&#8221;][et_pb_text _builder_version=&#8221;4.24.2&#8243; _module_preset=&#8221;default&#8221; text_font=&#8221;||||||||&#8221; text_text_color=&#8221;gcid-5c4546d4-de02-4649-8683-d4192d8e1655&#8243; animation_style=&#8221;slide&#8221; animation_direction=&#8221;bottom&#8221; animation_delay=&#8221;100ms&#8221; locked=&#8221;off&#8221; global_colors_info=&#8221;{%22gcid-5c4546d4-de02-4649-8683-d4192d8e1655%22:%91%22text_text_color%22%93}&#8221;]<\/p>\n<h2>Electrical equipment in the patio enclosure<\/h2>\n<p>[\/et_pb_text][et_pb_divider show_divider=&#8221;off&#8221; _builder_version=&#8221;4.24.2&#8243; _module_preset=&#8221;2adabd0f-cb12-404f-9aa7-a3088280e564&#8243; locked=&#8221;off&#8221; global_colors_info=&#8221;{}&#8221;][\/et_pb_divider][et_pb_text _builder_version=&#8221;4.24.2&#8243; _module_preset=&#8221;default&#8221; custom_margin=&#8221;||50px||false|false&#8221; locked=&#8221;off&#8221; global_colors_info=&#8221;{}&#8221;]<\/p>\n<p>To guarantee your safety inside your patio enclosure, only electrical appliances and other equipment with a minimum IP64 protection rating (international standard) are allowed inside the patio\/pool enclosure and your pergola.<\/p>\n<p>[\/et_pb_text][\/et_pb_column][\/et_pb_row][et_pb_row _builder_version=&#8221;4.24.2&#8243; _module_preset=&#8221;default&#8221; max_width=&#8221;800px&#8221; global_colors_info=&#8221;{}&#8221;][et_pb_column type=&#8221;4_4&#8243; _builder_version=&#8221;4.24.2&#8243; _module_preset=&#8221;default&#8221; global_colors_info=&#8221;{}&#8221;][et_pb_text _builder_version=&#8221;4.24.2&#8243; _module_preset=&#8221;default&#8221; text_font=&#8221;||||||||&#8221; text_text_color=&#8221;gcid-5c4546d4-de02-4649-8683-d4192d8e1655&#8243; animation_style=&#8221;slide&#8221; animation_direction=&#8221;bottom&#8221; animation_delay=&#8221;100ms&#8221; locked=&#8221;off&#8221; global_colors_info=&#8221;{%22gcid-5c4546d4-de02-4649-8683-d4192d8e1655%22:%91%22text_text_color%22%93}&#8221;]<\/p>\n<h2>Furniture and other fittings in the patio enclosure<\/h2>\n<p>[\/et_pb_text][et_pb_divider show_divider=&#8221;off&#8221; _builder_version=&#8221;4.24.2&#8243; _module_preset=&#8221;2adabd0f-cb12-404f-9aa7-a3088280e564&#8243; locked=&#8221;off&#8221; global_colors_info=&#8221;{}&#8221;][\/et_pb_divider][et_pb_text _builder_version=&#8221;4.24.2&#8243; _module_preset=&#8221;default&#8221; custom_margin=&#8221;||50px||false|false&#8221; locked=&#8221;off&#8221; global_colors_info=&#8221;{}&#8221;]<\/p>\n<p>Only garden furniture and materials designed for outdoor use are suitable for your patio\/pool house and pergola.<\/p>\n<p>Never place furniture or other accessories against the glass.<\/p>\n<p>[\/et_pb_text][\/et_pb_column][\/et_pb_row][et_pb_row _builder_version=&#8221;4.24.2&#8243; _module_preset=&#8221;default&#8221; max_width=&#8221;800px&#8221; global_colors_info=&#8221;{}&#8221;][et_pb_column type=&#8221;4_4&#8243; _builder_version=&#8221;4.24.2&#8243; _module_preset=&#8221;default&#8221; global_colors_info=&#8221;{}&#8221;][et_pb_text _builder_version=&#8221;4.24.2&#8243; _module_preset=&#8221;default&#8221; text_font=&#8221;||||||||&#8221; text_text_color=&#8221;gcid-5c4546d4-de02-4649-8683-d4192d8e1655&#8243; animation_style=&#8221;slide&#8221; animation_direction=&#8221;bottom&#8221; animation_delay=&#8221;100ms&#8221; locked=&#8221;off&#8221; global_colors_info=&#8221;{%22gcid-5c4546d4-de02-4649-8683-d4192d8e1655%22:%91%22text_text_color%22%93}&#8221;]<\/p>\n<h2>Take out an insurance policy<\/h2>\n<p>[\/et_pb_text][et_pb_divider show_divider=&#8221;off&#8221; _builder_version=&#8221;4.24.2&#8243; _module_preset=&#8221;2adabd0f-cb12-404f-9aa7-a3088280e564&#8243; locked=&#8221;off&#8221; global_colors_info=&#8221;{}&#8221;][\/et_pb_divider][et_pb_text _builder_version=&#8221;4.24.2&#8243; _module_preset=&#8221;default&#8221; custom_margin=&#8221;||50px||false|false&#8221; locked=&#8221;off&#8221; global_colors_info=&#8221;{}&#8221;]We recommend that you take out an insurance policy for your shelter in order to<span> <\/span><strong>protect you against the risks associated with storms, snow, hail, natural disasters and vandalism<\/strong>. In general, this is an extension of your home insurance. If in doubt, please contact your insurer.<span> <\/span><strong><u>before<\/u><\/strong><span> <\/span>installation.[\/et_pb_text][\/et_pb_column][\/et_pb_row][et_pb_row _builder_version=&#8221;4.24.2&#8243; _module_preset=&#8221;default&#8221; max_width=&#8221;800px&#8221; global_colors_info=&#8221;{}&#8221;][et_pb_column type=&#8221;4_4&#8243; _builder_version=&#8221;4.24.2&#8243; _module_preset=&#8221;default&#8221; global_colors_info=&#8221;{}&#8221;][et_pb_text _builder_version=&#8221;4.24.2&#8243; _module_preset=&#8221;default&#8221; text_font=&#8221;||||||||&#8221; text_text_color=&#8221;gcid-5c4546d4-de02-4649-8683-d4192d8e1655&#8243; animation_style=&#8221;slide&#8221; animation_direction=&#8221;bottom&#8221; animation_delay=&#8221;100ms&#8221; locked=&#8221;off&#8221; global_colors_info=&#8221;{%22gcid-5c4546d4-de02-4649-8683-d4192d8e1655%22:%91%22text_text_color%22%93}&#8221;]<\/p>\n<h2>What are the administrative procedures for installing a VERANDAIR\u00ae terrace, pergola or pool enclosure in the Walloon Region?<\/h2>\n<p>[\/et_pb_text][et_pb_divider show_divider=&#8221;off&#8221; _builder_version=&#8221;4.24.2&#8243; _module_preset=&#8221;2adabd0f-cb12-404f-9aa7-a3088280e564&#8243; locked=&#8221;off&#8221; global_colors_info=&#8221;{}&#8221;][\/et_pb_divider][et_pb_text _builder_version=&#8221;4.24.2&#8243; _module_preset=&#8221;default&#8221; custom_margin=&#8221;||50px||false|false&#8221; locked=&#8221;off&#8221; global_colors_info=&#8221;{}&#8221;]<\/p>\n<p>The patio cover is not designed for permanent heating. The aluminum profiles are not equipped with thermal bridge breakers. It is therefore considered a<span> <\/span><strong>Unheated Adjacent Space (EANC)<span> <\/span><u>not habitable and<\/u><span> <\/span>not subject to PEB-type energy regulations.<\/strong><\/p>\n<p>Whether attached or free-standing, the installation of awnings, solar tents or aluminum shelters for a ground-level terrace is<span> <\/span><strong>exempt from planning permission<\/strong><span> <\/span>and<span> <\/span><strong>does not require the mandatory involvement of an architect under these conditions*<\/strong>:<\/p>\n<ul>\n<li><strong>Situation<\/strong><span> <\/span>on a courtyard or in a garden. Maximum height: 3.50 m<\/li>\n<li>Maximum total surface area of all these layouts: 40.00 m2<\/li>\n<li>Location: at least 2.00 m from adjoining boundaries<\/li>\n<li>No material requirements<\/li>\n<\/ul>\n<p>Telescopic pool enclosures are<span> <\/span><strong>exempt from planning permission<\/strong><span> <\/span>and do not<strong>require<\/strong><span> <\/span><strong>the intervention of an architect<\/strong><span> <\/span>if they do not exceed the maximum height of 3.50 m, a surface area of 75 m2 and are located at least 3.00 m from party boundaries**.<\/p>\n<p>To be on the safe side, we recommend that you<strong>ALWAYS<\/strong><span> <\/span><strong><span> <\/span> contact your local authorities for further details.<\/strong><\/p>\n<p>&nbsp;<\/p>\n<p><em>(*) Nomenclature table of Article R.IV.1-1 of the CODT (Code du D\u00e9veloppement Territorial of June 1, 2017) &#8211; Updated following the entry into force of the Order of May 09, 2019 &#8211; Page 54 &#8211; Article J1<\/em><\/p>\n<p><em>(**) Nomenclature table of Article R.IV.1-1 of the CODT (Code du D\u00e9veloppement Territorial of June 1, 2017) &#8211; Updated following the entry into force of the Order of May 09, 2019 &#8211; Page 52 and 53 &#8211; Article H2<\/em><\/p>\n<p>[\/et_pb_text][\/et_pb_column][\/et_pb_row][\/et_pb_section][et_pb_section fb_built=&#8221;1&#8243; admin_label=&#8221;Atouts&#8221; _builder_version=&#8221;4.24.1&#8243; _module_preset=&#8221;default&#8221; background_image=&#8221;https:\/\/www.verandair.com\/wp-content\/uploads\/2024\/01\/fond-2.jpg&#8221; custom_padding=&#8221;||||false|false&#8221; locked=&#8221;off&#8221; global_colors_info=&#8221;{}&#8221;][et_pb_row _builder_version=&#8221;4.24.1&#8243; _module_preset=&#8221;default&#8221; custom_padding=&#8221;||0px||false|false&#8221; global_colors_info=&#8221;{}&#8221;][et_pb_column type=&#8221;4_4&#8243; _builder_version=&#8221;4.23.4&#8243; _module_preset=&#8221;default&#8221; global_colors_info=&#8221;{}&#8221;][et_pb_text _builder_version=&#8221;4.24.1&#8243; _module_preset=&#8221;92aae06f-c11a-4f4c-95ff-b8e28412f5a2&#8243; global_colors_info=&#8221;{}&#8221;]<\/p>\n<p>VERANDAIR\u00ae PERGOLA: OUR ADVANTAGES<\/p>\n<p>[\/et_pb_text][et_pb_text _builder_version=&#8221;4.24.1&#8243; _module_preset=&#8221;default&#8221; text_orientation=&#8221;center&#8221; animation_style=&#8221;fade&#8221; global_colors_info=&#8221;{}&#8221;]<\/p>\n<h2><span data-metadata=\"&lt;encoded_tag_open \/&gt;!--(figmeta)eyJmaWxlS2V5IjoiNDJrcExzUGY2N0VsN0FkMldFdElreCIsInBhc3RlSUQiOjQxMjI5MTAwNiwiZGF0YVR5cGUiOiJzY2VuZSJ9Cg==(\/figmeta)--&lt;encoded_tag_closed \/&gt;\"><\/span><strong>Why choose<\/strong> a <strong>VERANDAIR\u00ae<\/strong> pergola?<\/h2>\n<p>[\/et_pb_text][et_pb_divider show_divider=&#8221;off&#8221; _builder_version=&#8221;4.23.4&#8243; _module_preset=&#8221;2adabd0f-cb12-404f-9aa7-a3088280e564&#8243; module_alignment=&#8221;center&#8221; global_colors_info=&#8221;{}&#8221;][\/et_pb_divider][\/et_pb_column][\/et_pb_row][et_pb_row column_structure=&#8221;1_4,1_4,1_4,1_4&#8243; _builder_version=&#8221;4.24.1&#8243; _module_preset=&#8221;default&#8221; global_module=&#8221;57205&#8243; saved_tabs=&#8221;all&#8221; global_colors_info=&#8221;{}&#8221;][et_pb_column type=&#8221;1_4&#8243; _builder_version=&#8221;4.23.4&#8243; _module_preset=&#8221;default&#8221; global_colors_info=&#8221;{}&#8221;][et_pb_image src=&#8221;https:\/\/www.verandair.com\/wp-content\/uploads\/2024\/01\/VERANDAIR-prix-1.svg&#8221; title_text=&#8221;VERANDAIR-prix&#8221; align=&#8221;center&#8221; _builder_version=&#8221;4.24.1&#8243; _module_preset=&#8221;0353bf8c-d4a9-4291-934d-c656c110f926&#8243; global_colors_info=&#8221;{}&#8221;][\/et_pb_image][et_pb_text _builder_version=&#8221;4.24.1&#8243; _module_preset=&#8221;5298e62e-f7ac-4dd9-b361-006fc4da68de&#8221; text_orientation=&#8221;center&#8221; global_colors_info=&#8221;{}&#8221;]<\/p>\n<p>An <strong>affordable<\/strong> price<\/p>\n<p>[\/et_pb_text][\/et_pb_column][et_pb_column type=&#8221;1_4&#8243; _builder_version=&#8221;4.23.4&#8243; _module_preset=&#8221;default&#8221; global_colors_info=&#8221;{}&#8221;][et_pb_image src=&#8221;https:\/\/www.verandair.com\/wp-content\/uploads\/2024\/01\/VERANDAIR-toute-annee-1.svg&#8221; title_text=&#8221;VERANDAIR-toute-annee&#8221; align=&#8221;center&#8221; _builder_version=&#8221;4.24.1&#8243; _module_preset=&#8221;0353bf8c-d4a9-4291-934d-c656c110f926&#8243; global_colors_info=&#8221;{}&#8221;][\/et_pb_image][et_pb_text _builder_version=&#8221;4.24.1&#8243; _module_preset=&#8221;5298e62e-f7ac-4dd9-b361-006fc4da68de&#8221; text_orientation=&#8221;center&#8221; global_colors_info=&#8221;{}&#8221;]<\/p>\n<p>Enjoy your outdoors <strong>all year round<\/strong><\/p>\n<p>[\/et_pb_text][\/et_pb_column][et_pb_column type=&#8221;1_4&#8243; _builder_version=&#8221;4.23.4&#8243; _module_preset=&#8221;default&#8221; global_colors_info=&#8221;{}&#8221;][et_pb_image src=&#8221;https:\/\/www.verandair.com\/wp-content\/uploads\/2024\/01\/VERANDAIR-dimensions-1.svg&#8221; title_text=&#8221;VERANDAIR-dimensions&#8221; align=&#8221;center&#8221; _builder_version=&#8221;4.24.1&#8243; _module_preset=&#8221;0353bf8c-d4a9-4291-934d-c656c110f926&#8243; global_colors_info=&#8221;{}&#8221;][\/et_pb_image][et_pb_text _builder_version=&#8221;4.24.1&#8243; _module_preset=&#8221;5298e62e-f7ac-4dd9-b361-006fc4da68de&#8221; text_orientation=&#8221;center&#8221; global_colors_info=&#8221;{}&#8221;]<\/p>\n<p>An installation <strong>adapted to your own dimensions<\/strong><\/p>\n<p>[\/et_pb_text][\/et_pb_column][et_pb_column type=&#8221;1_4&#8243; _builder_version=&#8221;4.23.4&#8243; _module_preset=&#8221;default&#8221; global_colors_info=&#8221;{}&#8221;][et_pb_image src=&#8221;https:\/\/www.verandair.com\/wp-content\/uploads\/2024\/01\/VERANDAIR-robustesse-1.svg&#8221; title_text=&#8221;VERANDAIR-robustness&#8221; align=&#8221;center&#8221; _builder_version=&#8221;4.24.1&#8243; _module_preset=&#8221;0353bf8c-d4a9-4291-934d-c656c110f926&#8243; global_colors_info=&#8221;{}&#8221;][\/et_pb_image][et_pb_text _builder_version=&#8221;4.24.1&#8243; _module_preset=&#8221;5298e62e-f7ac-4dd9-b361-006fc4da68de&#8221; text_orientation=&#8221;center&#8221; global_colors_info=&#8221;{}&#8221;]<\/p>\n<p><strong>Reliability<\/strong> &amp; <strong>robustness<\/strong><\/p>\n<p>[\/et_pb_text][\/et_pb_column][\/et_pb_row][et_pb_row column_structure=&#8221;1_4,1_4,1_4,1_4&#8243; _builder_version=&#8221;4.24.1&#8243; _module_preset=&#8221;default&#8221; global_module=&#8221;57206&#8243; saved_tabs=&#8221;all&#8221; global_colors_info=&#8221;{}&#8221;][et_pb_column type=&#8221;1_4&#8243; _builder_version=&#8221;4.23.4&#8243; _module_preset=&#8221;default&#8221; global_colors_info=&#8221;{}&#8221;][et_pb_image src=&#8221;https:\/\/www.verandair.com\/wp-content\/uploads\/2024\/01\/VERANDAIR-aluminium-1.svg&#8221; title_text=&#8221;VERANDAIR-aluminium&#8221; align=&#8221;center&#8221; _builder_version=&#8221;4.24.1&#8243; _module_preset=&#8221;0353bf8c-d4a9-4291-934d-c656c110f926&#8243; global_colors_info=&#8221;{}&#8221;][\/et_pb_image][et_pb_text _builder_version=&#8221;4.24.1&#8243; _module_preset=&#8221;5298e62e-f7ac-4dd9-b361-006fc4da68de&#8221; text_orientation=&#8221;center&#8221; global_colors_info=&#8221;{}&#8221;]<\/p>\n<p>Aluminum structure <strong>with 15-year warranty<\/strong><\/p>\n<p>[\/et_pb_text][\/et_pb_column][et_pb_column type=&#8221;1_4&#8243; _builder_version=&#8221;4.23.4&#8243; _module_preset=&#8221;default&#8221; global_colors_info=&#8221;{}&#8221;][et_pb_image src=&#8221;https:\/\/www.verandair.com\/wp-content\/uploads\/2024\/01\/VERANDAIR-materiaux-1.svg&#8221; title_text=&#8221;VERANDAIR-materiaux&#8221; align=&#8221;center&#8221; _builder_version=&#8221;4.24.1&#8243; _module_preset=&#8221;0353bf8c-d4a9-4291-934d-c656c110f926&#8243; global_colors_info=&#8221;{}&#8221;][\/et_pb_image][et_pb_text _builder_version=&#8221;4.24.1&#8243; _module_preset=&#8221;5298e62e-f7ac-4dd9-b361-006fc4da68de&#8221; text_orientation=&#8221;center&#8221; global_colors_info=&#8221;{}&#8221;]<\/p>\n<p>Use of <strong>100% renewable<\/strong> materials<\/p>\n<p>[\/et_pb_text][\/et_pb_column][et_pb_column type=&#8221;1_4&#8243; _builder_version=&#8221;4.23.4&#8243; _module_preset=&#8221;default&#8221; global_colors_info=&#8221;{}&#8221;][et_pb_image src=&#8221;https:\/\/www.verandair.com\/wp-content\/uploads\/2024\/01\/VERANDAIR-fabrication-belge-1.svg&#8221; title_text=&#8221;VERANDAIR-belgian-manufacturing&#8221; align=&#8221;center&#8221; _builder_version=&#8221;4.24.1&#8243; _module_preset=&#8221;0353bf8c-d4a9-4291-934d-c656c110f926&#8243; global_colors_info=&#8221;{}&#8221;][\/et_pb_image][et_pb_text _builder_version=&#8221;4.24.1&#8243; _module_preset=&#8221;5298e62e-f7ac-4dd9-b361-006fc4da68de&#8221; text_orientation=&#8221;center&#8221; global_colors_info=&#8221;{}&#8221;]<\/p>\n<p><strong>100% Belgian<\/strong> production for <strong> over 31 years<\/strong><\/p>\n<p>[\/et_pb_text][\/et_pb_column][et_pb_column type=&#8221;1_4&#8243; _builder_version=&#8221;4.23.4&#8243; _module_preset=&#8221;default&#8221; global_colors_info=&#8221;{}&#8221;][et_pb_image src=&#8221;https:\/\/www.verandair.com\/wp-content\/uploads\/2024\/01\/VERANDAIR-expert-1.svg&#8221; title_text=&#8221;VERANDAIR-expert&#8221; align=&#8221;center&#8221; _builder_version=&#8221;4.24.1&#8243; _module_preset=&#8221;0353bf8c-d4a9-4291-934d-c656c110f926&#8243; global_colors_info=&#8221;{}&#8221;][\/et_pb_image][et_pb_text _builder_version=&#8221;4.24.1&#8243; _module_preset=&#8221;5298e62e-f7ac-4dd9-b361-006fc4da68de&#8221; text_orientation=&#8221;center&#8221; global_colors_info=&#8221;{}&#8221;]<\/p>\n<p><strong>Professional<\/strong><strong>delivery and installation<\/strong> <\/p>\n<p>[\/et_pb_text][\/et_pb_column][\/et_pb_row][\/et_pb_section][et_pb_section fb_built=&#8221;1&#8243; admin_label=&#8221;Labels&#8221; _builder_version=&#8221;4.24.0&#8243; _module_preset=&#8221;default&#8221; locked=&#8221;off&#8221; global_colors_info=&#8221;{}&#8221;][et_pb_row column_structure=&#8221;1_5,1_5,1_5,1_5,1_5&#8243; _builder_version=&#8221;4.24.0&#8243; _module_preset=&#8221;default&#8221; custom_padding=&#8221;||0px||false|false&#8221; global_module=&#8221;57202&#8243; saved_tabs=&#8221;all&#8221; global_colors_info=&#8221;{}&#8221;][et_pb_column type=&#8221;1_5&#8243; _builder_version=&#8221;4.24.0&#8243; _module_preset=&#8221;default&#8221; global_colors_info=&#8221;{}&#8221; custom_css_main_element_last_edited=&#8221;on|phone&#8221; custom_css_main_element_phone=&#8221;max-width: 50%;&#8221;][et_pb_image src=&#8221;https:\/\/www.verandair.com\/wp-content\/uploads\/2024\/02\/VERANDAIR-sur-mesure.svg&#8221; title_text=&#8221;VERANDAIR-sur-mesure&#8221; _builder_version=&#8221;4.24.1&#8243; _module_preset=&#8221;default&#8221; width=&#8221;120px&#8221; width_tablet=&#8221;&#8221; width_phone=&#8221;80px&#8221; width_last_edited=&#8221;on|phone&#8221; max_width=&#8221;120px&#8221; max_width_tablet=&#8221;&#8221; max_width_phone=&#8221;80px&#8221; max_width_last_edited=&#8221;on|phone&#8221; module_alignment=&#8221;center&#8221; custom_margin=&#8221;||15px||false|false&#8221; animation_style=&#8221;fade&#8221; global_colors_info=&#8221;{}&#8221;][\/et_pb_image][\/et_pb_column][et_pb_column type=&#8221;1_5&#8243; _builder_version=&#8221;4.23.4&#8243; _module_preset=&#8221;default&#8221; global_colors_info=&#8221;{}&#8221; custom_css_main_element_phone=&#8221;max-width: 50%;&#8221; custom_css_main_element_last_edited=&#8221;on|phone&#8221;][et_pb_image src=&#8221;https:\/\/www.verandair.com\/wp-content\/uploads\/2024\/02\/VERANDAIR-garantie.svg&#8221; title_text=&#8221;VERANDAIR-guarantee&#8221; _builder_version=&#8221;4.24.1&#8243; _module_preset=&#8221;default&#8221; width=&#8221;120px&#8221; width_tablet=&#8221;&#8221; width_phone=&#8221;80px&#8221; width_last_edited=&#8221;on|phone&#8221; max_width=&#8221;120px&#8221; max_width_tablet=&#8221;&#8221; max_width_phone=&#8221;80px&#8221; max_width_last_edited=&#8221;on|phone&#8221; module_alignment=&#8221;center&#8221; custom_margin=&#8221;||15px||false|false&#8221; animation_style=&#8221;fade&#8221; global_colors_info=&#8221;{}&#8221;][\/et_pb_image][\/et_pb_column][et_pb_column type=&#8221;1_5&#8243; _builder_version=&#8221;4.23.4&#8243; _module_preset=&#8221;default&#8221; global_colors_info=&#8221;{}&#8221; custom_css_main_element_phone=&#8221;max-width: 50%;&#8221; custom_css_main_element_last_edited=&#8221;on|phone&#8221;][et_pb_image src=&#8221;https:\/\/www.verandair.com\/wp-content\/uploads\/2024\/02\/VERANDAIR-experience.svg&#8221; title_text=&#8221;VERANDAIR-experience&#8221; _builder_version=&#8221;4.24.1&#8243; _module_preset=&#8221;default&#8221; width=&#8221;120px&#8221; width_tablet=&#8221;&#8221; width_phone=&#8221;80px&#8221; width_last_edited=&#8221;on|phone&#8221; max_width=&#8221;120px&#8221; max_width_tablet=&#8221;&#8221; max_width_phone=&#8221;80px&#8221; max_width_last_edited=&#8221;on|phone&#8221; module_alignment=&#8221;center&#8221; custom_margin=&#8221;||15px||false|false&#8221; animation_style=&#8221;fade&#8221; global_colors_info=&#8221;{}&#8221;][\/et_pb_image][\/et_pb_column][et_pb_column type=&#8221;1_5&#8243; _builder_version=&#8221;4.23.4&#8243; _module_preset=&#8221;default&#8221; global_colors_info=&#8221;{}&#8221; custom_css_main_element_phone=&#8221;max-width: 50%;&#8221; custom_css_main_element_last_edited=&#8221;on|phone&#8221;][et_pb_image src=&#8221;https:\/\/www.verandair.com\/wp-content\/uploads\/2024\/02\/VERANDAIR-projets-realises.svg&#8221; title_text=&#8221;VERANDAIR-projects-realized&#8221; _builder_version=&#8221;4.24.1&#8243; _module_preset=&#8221;default&#8221; width=&#8221;120px&#8221; width_tablet=&#8221;&#8221; width_phone=&#8221;80px&#8221; width_last_edited=&#8221;on|phone&#8221; max_width=&#8221;120px&#8221; max_width_tablet=&#8221;&#8221; max_width_phone=&#8221;80px&#8221; max_width_last_edited=&#8221;on|phone&#8221; module_alignment=&#8221;center&#8221; custom_margin=&#8221;||15px||false|false&#8221; animation_style=&#8221;fade&#8221; global_colors_info=&#8221;{}&#8221;][\/et_pb_image][\/et_pb_column][et_pb_column type=&#8221;1_5&#8243; _builder_version=&#8221;4.23.4&#8243; _module_preset=&#8221;default&#8221; global_colors_info=&#8221;{}&#8221;][et_pb_image src=&#8221;https:\/\/www.verandair.com\/wp-content\/uploads\/2024\/02\/VERANDAIR-fabrication-belge.svg&#8221; title_text=&#8221;VERANDAIR-belgian-manufacturing&#8221; _builder_version=&#8221;4.24.1&#8243; _module_preset=&#8221;default&#8221; width=&#8221;120px&#8221; width_tablet=&#8221;&#8221; width_phone=&#8221;80px&#8221; width_last_edited=&#8221;on|phone&#8221; max_width=&#8221;120px&#8221; max_width_tablet=&#8221;&#8221; max_width_phone=&#8221;80px&#8221; max_width_last_edited=&#8221;on|phone&#8221; module_alignment=&#8221;center&#8221; custom_margin=&#8221;||15px||false|false&#8221; animation_style=&#8221;fade&#8221; global_colors_info=&#8221;{}&#8221;][\/et_pb_image][\/et_pb_column][\/et_pb_row][\/et_pb_section]<\/p>\n","protected":false},"excerpt":{"rendered":"<p><div class=\"et_pb_module dsm_breadcrumbs dsm_breadcrumbs_0 et_animated\">\n\t\t\t\t\n\t\t\t\t\n\t\t\t\t\n\t\t\t\t\n\t\t\t\t\n\t\t\t\t\n\t\t\t\t<div class=\"et_pb_module_inner\">\n\t\t\t\t\t<nav class=\"dsm_breadcrumbs_wrap\">\n\t\t\t\t<ul class=\"dsm_breadcrumbs\" itemscope itemtype=\"https:\/\/schema.org\/BreadcrumbList\">\t\t\t<li class=\"dsm_breadcrumbs_item dsm_home_item dsm_home_item_custom\" itemprop=\"itemListElement\" itemscope\n\t\t\titemtype=\"https:\/\/schema.org\/ListItem\">\n\t\t\t\t<a href=\"https:\/\/www.verandair.com\/en\/\" itemprop=\"item\" target=\"\">\n\t\t\t\t\t<span class='dsm_home_text_wrapper'>\n\t\t\t\t\t\t\t\t\t\t\t\t\t<span class=\"et-pb-icon dsm_home_icon\">&#xe009;<\/span>\n\t\t\t\t\t\t\t\t\t\t\t\t\t<span class=\"dsm_home_text\" itemprop=\"name\">\n\t\t\t\t\t\t\t\t \t\t\t\t\t\t\t<\/span>\n\t\t\t\t\t<\/span>\n\t\t\t\t<\/a>\n\t\t\t\t<meta itemprop=\"position\" content=\"1\" \/>\n\t\t\t<\/li>\n\n\t\t<li class=\"dsm_breadcrumbs_separator\"> <span class=\"et-pb-icon dsm_separator_icon\">&#x35;<\/span><\/li><\/ul>\n\t\t\t<\/nav>\n\t\t\t\t<\/div>\n\t\t\t<\/div>Preparing your siteSite preparation is a This phase is crucial to the success of your project. It influences the quality of execution and durability over time. Your satisfaction depends on it!<div class=\"et_pb_module dsm_image_carousel dsm_image_carousel_0 dsm_image_carousel_arrow_outside dsm_image_carousel_arrow_mobile_inside \">\n\t\t\t\t\n\t\t\t\t\n\t\t\t\t\n\t\t\t\t\n\t\t\t\t\n\t\t\t\t\n\t\t\t\t<div class=\"et_pb_module_inner\">\n\t\t\t\t\t<div class=\"swiper-container dsm_image_carousel_container  dsm_image_carousel_carousel\" dir=\"ltr\"data-effect=\"default\"\n\t\t\tdata-slider-effect-shadows=\"false\"\n\t\t\tdata-slider-effect-coverflow-rotate=\"30\"\n\t\t\tdata-slider-effect-coverflow-depth=\"0\"\n\t\t\tdata-loop=\"true\"\n\t\t\tdata-slide-to-show=\"4\"\n\t\t\tdata-slide-to-show-tablet=\"3\"\n\t\t\tdata-slide-to-show-phone=\"2\"\n\t\t\tdata-slide-to-scroll=\"1\"\n\t\t\tdata-slide-to-scroll-tablet=\"1\"\n\t\t\tdata-slide-to-scroll-phone=\"1\"\n\t\t\tdata-space-between=\"15\"\n\t\t\tdata-space-between-tablet=\"15\"\n\t\t\tdata-space-between-phone=\"15\"\n\t\t\tdata-slide-row=\"1\"\n\t\t\tdata-centered-slides=\"false\"\n\t\t\tdata-speed=\"30000\"\n\t\t\tdata-autoplay=\"true\"\n\t\t\tdata-autoplay-speed=\"0\"\n\t\t\tdata-touch-move=\"true\"\n\t\t\tdata-grab=\"true\"\n\t\t\tdata-pause-on-hover=\"false\"\n\t\t\tdata-show-lightbox=\"true\"\n\t\t\tdata-lightbox-gallery=\"true\"\n\t\t\tdata-lightbox-caption=\"false\"\n\t\t\tdata-infinite-scrolling=\"false\"\n\t\t\tdata-slide-row-tablet=\"1\"\n\t\t\tdata-slide-row-phone=\"1\"\n\t\t\tdata-autoplay-viewport=90%\n\t\t\tdata-mousewheel=\"false\"\n\t\t\tdata-lazyload=\"true\"\n\t\t\tdata-type=\"carousel\"\n\t\t\tdata-slideshow-effect=\"default\"\n\t\t\tdata-slideshow-to-show=\"4\"\n\t\t\tdata-slideshow-to-show-tablet=\"4\"\n\t\t\tdata-slideshow-to-show-phone=\"\"\n\t\t\tdata-slider-orientation=\"horizontal\"\n\t\t\t\t\t\tdata-lightbox-title=\"false\"\n\n\t\t\t><div class=\"swiper-wrapper\"><div class=\"swiper-slide dsm_image_carousel_item\"><a class=\"dsm_image_carousel_lightbox\" href=\"https:\/\/www.verandair.com\/wp-content\/uploads\/2024\/01\/VERANDAIR-abri-piscine-bas-8-1080x675.jpg\" data-mfp-src=\"https:\/\/www.verandair.com\/wp-content\/uploads\/2024\/01\/VERANDAIR-abri-piscine-bas-8.jpg\"><img loading=\"lazy\" decoding=\"async\" src=\"https:\/\/www.verandair.com\/wp-content\/uploads\/2024\/01\/VERANDAIR-abri-piscine-bas-8-1080x675.jpg\" alt=\"\" title=\"VERANDAIR-abri-piscine-bas-8\" width=\"1080\" height=\"675\" data-dsm-image-description=\"\" srcset=\"https:\/\/www.verandair.com\/wp-content\/uploads\/2024\/01\/VERANDAIR-abri-piscine-bas-8-1080x675.jpg 1080w, https:\/\/www.verandair.com\/wp-content\/uploads\/2024\/01\/VERANDAIR-abri-piscine-bas-8-980x653.jpg 980w, https:\/\/www.verandair.com\/wp-content\/uploads\/2024\/01\/VERANDAIR-abri-piscine-bas-8-480x320.jpg 480w\" sizes=\"(min-width: 0px) and (max-width: 480px) 480px, (min-width: 481px) and (max-width: 980px) 980px, (min-width: 981px) 1080px, 100vw\" class=\" swiper-lazy\" \/><\/a><\/div><div class=\"swiper-slide dsm_image_carousel_item\"><a class=\"dsm_image_carousel_lightbox\" href=\"https:\/\/www.verandair.com\/wp-content\/uploads\/2024\/01\/VERANDAIR-abri-terrasse-restaurant-1-1080x675.jpg\" data-mfp-src=\"https:\/\/www.verandair.com\/wp-content\/uploads\/2024\/01\/VERANDAIR-abri-terrasse-restaurant-1.jpg\"><img loading=\"lazy\" decoding=\"async\" src=\"https:\/\/www.verandair.com\/wp-content\/uploads\/2024\/01\/VERANDAIR-abri-terrasse-restaurant-1-1080x675.jpg\" alt=\"\" title=\"VERANDAIR-abri-terrasse-restaurant\" width=\"1080\" height=\"675\" data-dsm-image-description=\"\" srcset=\"https:\/\/www.verandair.com\/wp-content\/uploads\/2024\/01\/VERANDAIR-abri-terrasse-restaurant-1-1080x675.jpg 1080w, https:\/\/www.verandair.com\/wp-content\/uploads\/2024\/01\/VERANDAIR-abri-terrasse-restaurant-1-980x653.jpg 980w, https:\/\/www.verandair.com\/wp-content\/uploads\/2024\/01\/VERANDAIR-abri-terrasse-restaurant-1-480x320.jpg 480w\" sizes=\"(min-width: 0px) and (max-width: 480px) 480px, (min-width: 481px) and (max-width: 980px) 980px, (min-width: 981px) 1080px, 100vw\" class=\" swiper-lazy\" \/><\/a><\/div><div class=\"swiper-slide dsm_image_carousel_item\"><a class=\"dsm_image_carousel_lightbox\" href=\"https:\/\/www.verandair.com\/wp-content\/uploads\/2024\/01\/VERANDAIR-abri-terrasse-6-1080x675.jpg\" data-mfp-src=\"https:\/\/www.verandair.com\/wp-content\/uploads\/2024\/01\/VERANDAIR-abri-terrasse-6.jpg\"><img loading=\"lazy\" decoding=\"async\" src=\"https:\/\/www.verandair.com\/wp-content\/uploads\/2024\/01\/VERANDAIR-abri-terrasse-6-1080x675.jpg\" alt=\"\" title=\"VERANDAIR-abri-terrasse-6\" width=\"1080\" height=\"675\" data-dsm-image-description=\"\" srcset=\"https:\/\/www.verandair.com\/wp-content\/uploads\/2024\/01\/VERANDAIR-abri-terrasse-6-1080x675.jpg 1080w, https:\/\/www.verandair.com\/wp-content\/uploads\/2024\/01\/VERANDAIR-abri-terrasse-6-980x653.jpg 980w, https:\/\/www.verandair.com\/wp-content\/uploads\/2024\/01\/VERANDAIR-abri-terrasse-6-480x320.jpg 480w\" sizes=\"(min-width: 0px) and (max-width: 480px) 480px, (min-width: 481px) and (max-width: 980px) 980px, (min-width: 981px) 1080px, 100vw\" class=\" swiper-lazy\" \/><\/a><\/div><div class=\"swiper-slide dsm_image_carousel_item\"><a class=\"dsm_image_carousel_lightbox\" href=\"https:\/\/www.verandair.com\/wp-content\/uploads\/2024\/02\/VERANDAIR-selection-34-micro-veranda-1080x675.jpg\" data-mfp-src=\"https:\/\/www.verandair.com\/wp-content\/uploads\/2024\/02\/VERANDAIR-selection-34-micro-veranda.jpg\"><img loading=\"lazy\" decoding=\"async\" src=\"https:\/\/www.verandair.com\/wp-content\/uploads\/2024\/02\/VERANDAIR-selection-34-micro-veranda-1080x675.jpg\" alt=\"\" title=\"VERANDAIR-selection-34-micro-veranda\" width=\"1080\" height=\"675\" data-dsm-image-description=\"\" srcset=\"https:\/\/www.verandair.com\/wp-content\/uploads\/2024\/02\/VERANDAIR-selection-34-micro-veranda-1080x675.jpg 1080w, https:\/\/www.verandair.com\/wp-content\/uploads\/2024\/02\/VERANDAIR-selection-34-micro-veranda-980x653.jpg 980w, https:\/\/www.verandair.com\/wp-content\/uploads\/2024\/02\/VERANDAIR-selection-34-micro-veranda-480x320.jpg 480w\" sizes=\"(min-width: 0px) and (max-width: 480px) 480px, (min-width: 481px) and (max-width: 980px) 980px, (min-width: 981px) 1080px, 100vw\" class=\" swiper-lazy\" \/><\/a><\/div><div class=\"swiper-slide dsm_image_carousel_item\"><a class=\"dsm_image_carousel_lightbox\" href=\"https:\/\/www.verandair.com\/wp-content\/uploads\/2024\/02\/VERANDAIR-selection-10-abri-terrasse-1080x675.jpg\" data-mfp-src=\"https:\/\/www.verandair.com\/wp-content\/uploads\/2024\/02\/VERANDAIR-selection-10-abri-terrasse.jpg\"><img loading=\"lazy\" decoding=\"async\" src=\"https:\/\/www.verandair.com\/wp-content\/uploads\/2024\/02\/VERANDAIR-selection-10-abri-terrasse-1080x675.jpg\" alt=\"\" title=\"VERANDAIR-selection-10-abri-terrasse\" width=\"1080\" height=\"675\" data-dsm-image-description=\"\" srcset=\"https:\/\/www.verandair.com\/wp-content\/uploads\/2024\/02\/VERANDAIR-selection-10-abri-terrasse-1080x675.jpg 1080w, https:\/\/www.verandair.com\/wp-content\/uploads\/2024\/02\/VERANDAIR-selection-10-abri-terrasse-980x653.jpg 980w, https:\/\/www.verandair.com\/wp-content\/uploads\/2024\/02\/VERANDAIR-selection-10-abri-terrasse-480x320.jpg 480w\" sizes=\"(min-width: 0px) and (max-width: 480px) 480px, (min-width: 481px) and (max-width: 980px) 980px, (min-width: 981px) 1080px, 100vw\" class=\" swiper-lazy\" \/><\/a><\/div><div class=\"swiper-slide dsm_image_carousel_item\"><a class=\"dsm_image_carousel_lightbox\" href=\"https:\/\/www.verandair.com\/wp-content\/uploads\/2024\/02\/VERANDAIR-selection-25-restaurant-1080x675.jpg\" data-mfp-src=\"https:\/\/www.verandair.com\/wp-content\/uploads\/2024\/02\/VERANDAIR-selection-25-restaurant.jpg\"><img loading=\"lazy\" decoding=\"async\" src=\"https:\/\/www.verandair.com\/wp-content\/uploads\/2024\/02\/VERANDAIR-selection-25-restaurant-1080x675.jpg\" alt=\"\" title=\"VERANDAIR-selection-25-restaurant\" width=\"1080\" height=\"675\" data-dsm-image-description=\"\" srcset=\"https:\/\/www.verandair.com\/wp-content\/uploads\/2024\/02\/VERANDAIR-selection-25-restaurant-1080x675.jpg 1080w, https:\/\/www.verandair.com\/wp-content\/uploads\/2024\/02\/VERANDAIR-selection-25-restaurant-980x653.jpg 980w, https:\/\/www.verandair.com\/wp-content\/uploads\/2024\/02\/VERANDAIR-selection-25-restaurant-480x320.jpg 480w\" sizes=\"(min-width: 0px) and (max-width: 480px) 480px, (min-width: 481px) and (max-width: 980px) 980px, (min-width: 981px) 1080px, 100vw\" class=\" swiper-lazy\" \/><\/a><\/div><div class=\"swiper-slide dsm_image_carousel_item\"><a class=\"dsm_image_carousel_lightbox\" href=\"https:\/\/www.verandair.com\/wp-content\/uploads\/2024\/02\/VERANDAIR-selection-49-pergola-ouverte-1080x675.jpg\" data-mfp-src=\"https:\/\/www.verandair.com\/wp-content\/uploads\/2024\/02\/VERANDAIR-selection-49-pergola-ouverte.jpg\"><img loading=\"lazy\" decoding=\"async\" src=\"https:\/\/www.verandair.com\/wp-content\/uploads\/2024\/02\/VERANDAIR-selection-49-pergola-ouverte-1080x675.jpg\" alt=\"\" title=\"VERANDAIR-selection-49-pergola-ouverte\" width=\"1080\" height=\"675\" data-dsm-image-description=\"\" srcset=\"https:\/\/www.verandair.com\/wp-content\/uploads\/2024\/02\/VERANDAIR-selection-49-pergola-ouverte-1080x675.jpg 1080w, https:\/\/www.verandair.com\/wp-content\/uploads\/2024\/02\/VERANDAIR-selection-49-pergola-ouverte-980x653.jpg 980w, https:\/\/www.verandair.com\/wp-content\/uploads\/2024\/02\/VERANDAIR-selection-49-pergola-ouverte-480x320.jpg 480w\" sizes=\"(min-width: 0px) and (max-width: 480px) 480px, (min-width: 481px) and (max-width: 980px) 980px, (min-width: 981px) 1080px, 100vw\" class=\" swiper-lazy\" \/><\/a><\/div><div class=\"swiper-slide dsm_image_carousel_item\"><a class=\"dsm_image_carousel_lightbox\" href=\"https:\/\/www.verandair.com\/wp-content\/uploads\/2024\/03\/IMG_4117-1080x675.jpg\" data-mfp-src=\"https:\/\/www.verandair.com\/wp-content\/uploads\/2024\/03\/IMG_4117-scaled.jpg\"><img loading=\"lazy\" decoding=\"async\" src=\"https:\/\/www.verandair.com\/wp-content\/uploads\/2024\/03\/IMG_4117-1080x675.jpg\" alt=\"Vue d&#039;ensemble d&#039;un showroom pr\u00e9sentant plusieurs mod\u00e8les de v\u00e9randas modernes en aluminium et en bois, avec des espaces am\u00e9nag\u00e9s pour la d\u00e9monstration.\" title=\"IMG_4117\" width=\"1080\" height=\"675\" data-dsm-image-description=\"\" class=\" swiper-lazy\" \/><\/a><\/div><\/div><\/div>\n\t\t\t\t<\/div>\n\t\t\t<\/div><div class=\"et_pb_module dsm_image_carousel dsm_image_carousel_1 dsm_image_carousel_arrow_outside dsm_image_carousel_arrow_mobile_inside \">\n\t\t\t\t\n\t\t\t\t\n\t\t\t\t\n\t\t\t\t\n\t\t\t\t\n\t\t\t\t\n\t\t\t\t<div class=\"et_pb_module_inner\">\n\t\t\t\t\t<div class=\"swiper-container dsm_image_carousel_container  dsm_image_carousel_carousel\" dir=\"rtl\"data-effect=\"default\"\n\t\t\tdata-slider-effect-shadows=\"false\"\n\t\t\tdata-slider-effect-coverflow-rotate=\"30\"\n\t\t\tdata-slider-effect-coverflow-depth=\"0\"\n\t\t\tdata-loop=\"true\"\n\t\t\tdata-slide-to-show=\"4\"\n\t\t\tdata-slide-to-show-tablet=\"3\"\n\t\t\tdata-slide-to-show-phone=\"2\"\n\t\t\tdata-slide-to-scroll=\"1\"\n\t\t\tdata-slide-to-scroll-tablet=\"1\"\n\t\t\tdata-slide-to-scroll-phone=\"1\"\n\t\t\tdata-space-between=\"15\"\n\t\t\tdata-space-between-tablet=\"15\"\n\t\t\tdata-space-between-phone=\"15\"\n\t\t\tdata-slide-row=\"1\"\n\t\t\tdata-centered-slides=\"false\"\n\t\t\tdata-speed=\"30000\"\n\t\t\tdata-autoplay=\"true\"\n\t\t\tdata-autoplay-speed=\"0\"\n\t\t\tdata-touch-move=\"true\"\n\t\t\tdata-grab=\"true\"\n\t\t\tdata-pause-on-hover=\"false\"\n\t\t\tdata-show-lightbox=\"true\"\n\t\t\tdata-lightbox-gallery=\"true\"\n\t\t\tdata-lightbox-caption=\"false\"\n\t\t\tdata-infinite-scrolling=\"false\"\n\t\t\tdata-slide-row-tablet=\"1\"\n\t\t\tdata-slide-row-phone=\"1\"\n\t\t\tdata-autoplay-viewport=90%\n\t\t\tdata-mousewheel=\"false\"\n\t\t\tdata-lazyload=\"true\"\n\t\t\tdata-type=\"carousel\"\n\t\t\tdata-slideshow-effect=\"default\"\n\t\t\tdata-slideshow-to-show=\"4\"\n\t\t\tdata-slideshow-to-show-tablet=\"4\"\n\t\t\tdata-slideshow-to-show-phone=\"\"\n\t\t\tdata-slider-orientation=\"horizontal\"\n\t\t\t\t\t\tdata-lightbox-title=\"false\"\n\n\t\t\t><div class=\"swiper-wrapper\"><div class=\"swiper-slide dsm_image_carousel_item\"><a class=\"dsm_image_carousel_lightbox\" href=\"https:\/\/www.verandair.com\/wp-content\/uploads\/2024\/02\/VERANDAIR-selection-58-pergola-ouverte-1080x675.jpg\" data-mfp-src=\"https:\/\/www.verandair.com\/wp-content\/uploads\/2024\/02\/VERANDAIR-selection-58-pergola-ouverte.jpg\"><img loading=\"lazy\" decoding=\"async\" src=\"https:\/\/www.verandair.com\/wp-content\/uploads\/2024\/02\/VERANDAIR-selection-58-pergola-ouverte-1080x675.jpg\" alt=\"\" title=\"VERANDAIR-selection-58-pergola-ouverte\" width=\"1080\" height=\"675\" data-dsm-image-description=\"\" srcset=\"https:\/\/www.verandair.com\/wp-content\/uploads\/2024\/02\/VERANDAIR-selection-58-pergola-ouverte-1080x675.jpg 1080w, https:\/\/www.verandair.com\/wp-content\/uploads\/2024\/02\/VERANDAIR-selection-58-pergola-ouverte-980x653.jpg 980w, https:\/\/www.verandair.com\/wp-content\/uploads\/2024\/02\/VERANDAIR-selection-58-pergola-ouverte-480x320.jpg 480w\" sizes=\"(min-width: 0px) and (max-width: 480px) 480px, (min-width: 481px) and (max-width: 980px) 980px, (min-width: 981px) 1080px, 100vw\" class=\" swiper-lazy\" \/><\/a><\/div><div class=\"swiper-slide dsm_image_carousel_item\"><a class=\"dsm_image_carousel_lightbox\" href=\"https:\/\/www.verandair.com\/wp-content\/uploads\/2024\/02\/VERANDAIR-selection-42-pergola-fermee-1080x675.jpg\" data-mfp-src=\"https:\/\/www.verandair.com\/wp-content\/uploads\/2024\/02\/VERANDAIR-selection-42-pergola-fermee.jpg\"><img loading=\"lazy\" decoding=\"async\" src=\"https:\/\/www.verandair.com\/wp-content\/uploads\/2024\/02\/VERANDAIR-selection-42-pergola-fermee-1080x675.jpg\" alt=\"\" title=\"VERANDAIR-selection-42-pergola-fermee\" width=\"1080\" height=\"675\" data-dsm-image-description=\"\" srcset=\"https:\/\/www.verandair.com\/wp-content\/uploads\/2024\/02\/VERANDAIR-selection-42-pergola-fermee-1080x675.jpg 1080w, https:\/\/www.verandair.com\/wp-content\/uploads\/2024\/02\/VERANDAIR-selection-42-pergola-fermee-980x653.jpg 980w, https:\/\/www.verandair.com\/wp-content\/uploads\/2024\/02\/VERANDAIR-selection-42-pergola-fermee-480x320.jpg 480w\" sizes=\"(min-width: 0px) and (max-width: 480px) 480px, (min-width: 481px) and (max-width: 980px) 980px, (min-width: 981px) 1080px, 100vw\" class=\" swiper-lazy\" \/><\/a><\/div><div class=\"swiper-slide dsm_image_carousel_item\"><a class=\"dsm_image_carousel_lightbox\" href=\"https:\/\/www.verandair.com\/wp-content\/uploads\/2024\/02\/VERANDAIR-selection-35-pergola-fermee-1080x675.jpg\" data-mfp-src=\"https:\/\/www.verandair.com\/wp-content\/uploads\/2024\/02\/VERANDAIR-selection-35-pergola-fermee.jpg\"><img loading=\"lazy\" decoding=\"async\" src=\"https:\/\/www.verandair.com\/wp-content\/uploads\/2024\/02\/VERANDAIR-selection-35-pergola-fermee-1080x675.jpg\" alt=\"\" title=\"VERANDAIR-selection-35-pergola-fermee\" width=\"1080\" height=\"675\" data-dsm-image-description=\"\" srcset=\"https:\/\/www.verandair.com\/wp-content\/uploads\/2024\/02\/VERANDAIR-selection-35-pergola-fermee-1080x675.jpg 1080w, https:\/\/www.verandair.com\/wp-content\/uploads\/2024\/02\/VERANDAIR-selection-35-pergola-fermee-980x653.jpg 980w, https:\/\/www.verandair.com\/wp-content\/uploads\/2024\/02\/VERANDAIR-selection-35-pergola-fermee-480x320.jpg 480w\" sizes=\"(min-width: 0px) and (max-width: 480px) 480px, (min-width: 481px) and (max-width: 980px) 980px, (min-width: 981px) 1080px, 100vw\" class=\" swiper-lazy\" \/><\/a><\/div><div class=\"swiper-slide dsm_image_carousel_item\"><a class=\"dsm_image_carousel_lightbox\" href=\"https:\/\/www.verandair.com\/wp-content\/uploads\/2024\/02\/VERANDAIR-selection-18-restaurant-1080x675.jpg\" data-mfp-src=\"https:\/\/www.verandair.com\/wp-content\/uploads\/2024\/02\/VERANDAIR-selection-18-restaurant.jpg\"><img loading=\"lazy\" decoding=\"async\" src=\"https:\/\/www.verandair.com\/wp-content\/uploads\/2024\/02\/VERANDAIR-selection-18-restaurant-1080x675.jpg\" alt=\"\" title=\"VERANDAIR-selection-18-restaurant\" width=\"1080\" height=\"675\" data-dsm-image-description=\"\" srcset=\"https:\/\/www.verandair.com\/wp-content\/uploads\/2024\/02\/VERANDAIR-selection-18-restaurant-1080x675.jpg 1080w, https:\/\/www.verandair.com\/wp-content\/uploads\/2024\/02\/VERANDAIR-selection-18-restaurant-980x653.jpg 980w, https:\/\/www.verandair.com\/wp-content\/uploads\/2024\/02\/VERANDAIR-selection-18-restaurant-480x320.jpg 480w\" sizes=\"(min-width: 0px) and (max-width: 480px) 480px, (min-width: 481px) and (max-width: 980px) 980px, (min-width: 981px) 1080px, 100vw\" class=\" swiper-lazy\" \/><\/a><\/div><div class=\"swiper-slide dsm_image_carousel_item\"><a class=\"dsm_image_carousel_lightbox\" href=\"https:\/\/www.verandair.com\/wp-content\/uploads\/2024\/02\/VERANDAIR-selection-15-restaurant-1080x675.jpg\" data-mfp-src=\"https:\/\/www.verandair.com\/wp-content\/uploads\/2024\/02\/VERANDAIR-selection-15-restaurant.jpg\"><img loading=\"lazy\" decoding=\"async\" src=\"https:\/\/www.verandair.com\/wp-content\/uploads\/2024\/02\/VERANDAIR-selection-15-restaurant-1080x675.jpg\" alt=\"\" title=\"VERANDAIR-selection-15-restaurant\" width=\"1080\" height=\"675\" data-dsm-image-description=\"\" srcset=\"https:\/\/www.verandair.com\/wp-content\/uploads\/2024\/02\/VERANDAIR-selection-15-restaurant-1080x675.jpg 1080w, https:\/\/www.verandair.com\/wp-content\/uploads\/2024\/02\/VERANDAIR-selection-15-restaurant-980x653.jpg 980w, https:\/\/www.verandair.com\/wp-content\/uploads\/2024\/02\/VERANDAIR-selection-15-restaurant-480x320.jpg 480w\" sizes=\"(min-width: 0px) and (max-width: 480px) 480px, (min-width: 481px) and (max-width: 980px) 980px, (min-width: 981px) 1080px, 100vw\" class=\" swiper-lazy\" \/><\/a><\/div><div class=\"swiper-slide dsm_image_carousel_item\"><a class=\"dsm_image_carousel_lightbox\" href=\"https:\/\/www.verandair.com\/wp-content\/uploads\/2024\/02\/VERANDAIR-selection-01-abri-piscine-1080x675.jpg\" data-mfp-src=\"https:\/\/www.verandair.com\/wp-content\/uploads\/2024\/02\/VERANDAIR-selection-01-abri-piscine.jpg\"><img loading=\"lazy\" decoding=\"async\" src=\"https:\/\/www.verandair.com\/wp-content\/uploads\/2024\/02\/VERANDAIR-selection-01-abri-piscine-1080x675.jpg\" alt=\"\" title=\"VERANDAIR-selection-01-abri-piscine\" width=\"1080\" height=\"675\" data-dsm-image-description=\"\" srcset=\"https:\/\/www.verandair.com\/wp-content\/uploads\/2024\/02\/VERANDAIR-selection-01-abri-piscine-1080x675.jpg 1080w, https:\/\/www.verandair.com\/wp-content\/uploads\/2024\/02\/VERANDAIR-selection-01-abri-piscine-980x653.jpg 980w, https:\/\/www.verandair.com\/wp-content\/uploads\/2024\/02\/VERANDAIR-selection-01-abri-piscine-480x320.jpg 480w\" sizes=\"(min-width: 0px) and (max-width: 480px) 480px, (min-width: 481px) and (max-width: 980px) 980px, (min-width: 981px) 1080px, 100vw\" class=\" swiper-lazy\" \/><\/a><\/div><div class=\"swiper-slide dsm_image_carousel_item\"><a class=\"dsm_image_carousel_lightbox\" href=\"https:\/\/www.verandair.com\/wp-content\/uploads\/2024\/02\/VERANDAIR-selection-40-pergola-fermee-1080x675.jpg\" data-mfp-src=\"https:\/\/www.verandair.com\/wp-content\/uploads\/2024\/02\/VERANDAIR-selection-40-pergola-fermee.jpg\"><img loading=\"lazy\" decoding=\"async\" src=\"https:\/\/www.verandair.com\/wp-content\/uploads\/2024\/02\/VERANDAIR-selection-40-pergola-fermee-1080x675.jpg\" alt=\"\" title=\"VERANDAIR-selection-40-pergola-fermee\" width=\"1080\" height=\"675\" data-dsm-image-description=\"\" srcset=\"https:\/\/www.verandair.com\/wp-content\/uploads\/2024\/02\/VERANDAIR-selection-40-pergola-fermee-1080x675.jpg 1080w, https:\/\/www.verandair.com\/wp-content\/uploads\/2024\/02\/VERANDAIR-selection-40-pergola-fermee-980x653.jpg 980w, https:\/\/www.verandair.com\/wp-content\/uploads\/2024\/02\/VERANDAIR-selection-40-pergola-fermee-480x320.jpg 480w\" sizes=\"(min-width: 0px) and (max-width: 480px) 480px, (min-width: 481px) and (max-width: 980px) 980px, (min-width: 981px) 1080px, 100vw\" class=\" swiper-lazy\" \/><\/a><\/div><div class=\"swiper-slide dsm_image_carousel_item\"><a class=\"dsm_image_carousel_lightbox\" href=\"https:\/\/www.verandair.com\/wp-content\/uploads\/2024\/02\/VERANDAIR-selection-26-restaurant-1080x675.jpg\" data-mfp-src=\"https:\/\/www.verandair.com\/wp-content\/uploads\/2024\/02\/VERANDAIR-selection-26-restaurant.jpg\"><img loading=\"lazy\" decoding=\"async\" src=\"https:\/\/www.verandair.com\/wp-content\/uploads\/2024\/02\/VERANDAIR-selection-26-restaurant-1080x675.jpg\" alt=\"\" title=\"VERANDAIR-selection-26-restaurant\" width=\"1080\" height=\"675\" data-dsm-image-description=\"\" srcset=\"https:\/\/www.verandair.com\/wp-content\/uploads\/2024\/02\/VERANDAIR-selection-26-restaurant-1080x675.jpg 1080w, https:\/\/www.verandair.com\/wp-content\/uploads\/2024\/02\/VERANDAIR-selection-26-restaurant-980x653.jpg 980w, https:\/\/www.verandair.com\/wp-content\/uploads\/2024\/02\/VERANDAIR-selection-26-restaurant-480x320.jpg 480w\" sizes=\"(min-width: 0px) and (max-width: 480px) 480px, (min-width: 481px) and (max-width: 980px) 980px, (min-width: 981px) 1080px, 100vw\" class=\" swiper-lazy\" \/><\/a><\/div><div class=\"swiper-slide dsm_image_carousel_item\"><a class=\"dsm_image_carousel_lightbox\" href=\"https:\/\/www.verandair.com\/wp-content\/uploads\/2024\/02\/VERANDAIR-pergola-prestige-03-1080x675.jpg\" data-mfp-src=\"https:\/\/www.verandair.com\/wp-content\/uploads\/2024\/02\/VERANDAIR-pergola-prestige-03.jpg\"><img loading=\"lazy\" decoding=\"async\" src=\"https:\/\/www.verandair.com\/wp-content\/uploads\/2024\/02\/VERANDAIR-pergola-prestige-03-1080x675.jpg\" alt=\"\" title=\"VERANDAIR-pergola-prestige-03\" width=\"1080\" height=\"675\" data-dsm-image-description=\"\" srcset=\"https:\/\/www.verandair.com\/wp-content\/uploads\/2024\/02\/VERANDAIR-pergola-prestige-03-1080x675.jpg 1080w, https:\/\/www.verandair.com\/wp-content\/uploads\/2024\/02\/VERANDAIR-pergola-prestige-03-980x653.jpg 980w, https:\/\/www.verandair.com\/wp-content\/uploads\/2024\/02\/VERANDAIR-pergola-prestige-03-480x320.jpg 480w\" sizes=\"(min-width: 0px) and (max-width: 480px) 480px, (min-width: 481px) and (max-width: 980px) 980px, (min-width: 981px) 1080px, 100vw\" class=\" swiper-lazy\" \/><\/a><\/div><div class=\"swiper-slide dsm_image_carousel_item\"><a class=\"dsm_image_carousel_lightbox\" href=\"https:\/\/www.verandair.com\/wp-content\/uploads\/2024\/02\/VERANDAIR-pergola-prestige-02-1080x675.jpg\" data-mfp-src=\"https:\/\/www.verandair.com\/wp-content\/uploads\/2024\/02\/VERANDAIR-pergola-prestige-02.jpg\"><img loading=\"lazy\" decoding=\"async\" src=\"https:\/\/www.verandair.com\/wp-content\/uploads\/2024\/02\/VERANDAIR-pergola-prestige-02-1080x675.jpg\" alt=\"\" title=\"VERANDAIR-pergola-prestige-02\" width=\"1080\" height=\"675\" data-dsm-image-description=\"\" srcset=\"https:\/\/www.verandair.com\/wp-content\/uploads\/2024\/02\/VERANDAIR-pergola-prestige-02-1080x675.jpg 1080w, https:\/\/www.verandair.com\/wp-content\/uploads\/2024\/02\/VERANDAIR-pergola-prestige-02-980x653.jpg 980w, https:\/\/www.verandair.com\/wp-content\/uploads\/2024\/02\/VERANDAIR-pergola-prestige-02-480x320.jpg 480w\" sizes=\"(min-width: 0px) and (max-width: 480px) 480px, (min-width: 481px) and (max-width: 980px) 980px, (min-width: 981px) 1080px, 100vw\" class=\" swiper-lazy\" \/><\/a><\/div><div class=\"swiper-slide dsm_image_carousel_item\"><a class=\"dsm_image_carousel_lightbox\" href=\"https:\/\/www.verandair.com\/wp-content\/uploads\/2024\/02\/VERANDAIR-selection-55-pergola-ouverte-1080x675.jpg\" data-mfp-src=\"https:\/\/www.verandair.com\/wp-content\/uploads\/2024\/02\/VERANDAIR-selection-55-pergola-ouverte.jpg\"><img loading=\"lazy\" decoding=\"async\" src=\"https:\/\/www.verandair.com\/wp-content\/uploads\/2024\/02\/VERANDAIR-selection-55-pergola-ouverte-1080x675.jpg\" alt=\"\" title=\"VERANDAIR-selection-55-pergola-ouverte\" width=\"1080\" height=\"675\" data-dsm-image-description=\"\" srcset=\"https:\/\/www.verandair.com\/wp-content\/uploads\/2024\/02\/VERANDAIR-selection-55-pergola-ouverte-1080x675.jpg 1080w, https:\/\/www.verandair.com\/wp-content\/uploads\/2024\/02\/VERANDAIR-selection-55-pergola-ouverte-980x653.jpg 980w, https:\/\/www.verandair.com\/wp-content\/uploads\/2024\/02\/VERANDAIR-selection-55-pergola-ouverte-480x320.jpg 480w\" sizes=\"(min-width: 0px) and (max-width: 480px) 480px, (min-width: 481px) and (max-width: 980px) 980px, (min-width: 981px) 1080px, 100vw\" class=\" swiper-lazy\" \/><\/a><\/div><div class=\"swiper-slide dsm_image_carousel_item\"><a class=\"dsm_image_carousel_lightbox\" href=\"https:\/\/www.verandair.com\/wp-content\/uploads\/2024\/02\/VERANDAIR-selection-45-pergola-ouverte-1080x675.jpg\" data-mfp-src=\"https:\/\/www.verandair.com\/wp-content\/uploads\/2024\/02\/VERANDAIR-selection-45-pergola-ouverte.jpg\"><img loading=\"lazy\" decoding=\"async\" src=\"https:\/\/www.verandair.com\/wp-content\/uploads\/2024\/02\/VERANDAIR-selection-45-pergola-ouverte-1080x675.jpg\" alt=\"\" title=\"VERANDAIR-selection-45-pergola-ouverte\" width=\"1080\" height=\"675\" data-dsm-image-description=\"\" srcset=\"https:\/\/www.verandair.com\/wp-content\/uploads\/2024\/02\/VERANDAIR-selection-45-pergola-ouverte-1080x675.jpg 1080w, https:\/\/www.verandair.com\/wp-content\/uploads\/2024\/02\/VERANDAIR-selection-45-pergola-ouverte-980x653.jpg 980w, https:\/\/www.verandair.com\/wp-content\/uploads\/2024\/02\/VERANDAIR-selection-45-pergola-ouverte-480x320.jpg 480w\" sizes=\"(min-width: 0px) and (max-width: 480px) 480px, (min-width: 481px) and (max-width: 980px) 980px, (min-width: 981px) 1080px, 100vw\" class=\" swiper-lazy\" \/><\/a><\/div><\/div><\/div>\n\t\t\t\t<\/div>\n\t\t\t<\/div>Rainwater runoffRainwater will run off the roof of the shelter onto the ground of your terrace or the horizontal support on which the shelter is placed. They will then naturally follow the slopes of your terrace. The patio cover is not designed to prevent this. We therefore invite you to prepare your terrace according to the following recommendations (non-exhaustive list): Provide a terrace slope of 1 to 2% to encourage drainage away from the shelter. Provide draining soil to allow rainwater to infiltrate into the ground Provide a slight edge or &#8220;heel&#8221; to the tiles along the runway inside the shelter. Provide a small gutter inside and along the runway [&hellip;]<\/p>\n","protected":false},"author":1,"featured_media":0,"parent":0,"menu_order":0,"comment_status":"closed","ping_status":"closed","template":"","meta":{"_acf_changed":false,"_et_pb_use_builder":"on","_et_pb_old_content":"","_et_gb_content_width":"","inline_featured_image":false,"footnotes":""},"class_list":["post-61592","page","type-page","status-publish","hentry"],"acf":[],"yoast_head":"<!-- This site is optimized with the Yoast SEO plugin v27.5 - https:\/\/yoast.com\/product\/yoast-seo-wordpress\/ -->\n<title>Site preparation | VERANDAIR\u00ae<\/title>\n<meta name=\"robots\" content=\"index, follow, max-snippet:-1, max-image-preview:large, max-video-preview:-1\" \/>\n<link rel=\"canonical\" href=\"https:\/\/www.verandair.com\/en\/site-preparation\/\" \/>\n<meta property=\"og:locale\" content=\"en_US\" \/>\n<meta property=\"og:type\" content=\"article\" \/>\n<meta property=\"og:title\" content=\"Site preparation | VERANDAIR\u00ae\" \/>\n<meta property=\"og:description\" content=\"Preparing your siteSite preparation is a This phase is crucial to the success of your project. It influences the quality of execution and durability over time. Your satisfaction depends on it!Rainwater runoffRainwater will run off the roof of the shelter onto the ground of your terrace or the horizontal support on which the shelter is placed. They will then naturally follow the slopes of your terrace. The patio cover is not designed to prevent this. We therefore invite you to prepare your terrace according to the following recommendations (non-exhaustive list): Provide a terrace slope of 1 to 2% to encourage drainage away from the shelter. Provide draining soil to allow rainwater to infiltrate into the ground Provide a slight edge or &quot;heel&quot; to the tiles along the runway inside the shelter. Provide a small gutter inside and along the runway [&hellip;]\" \/>\n<meta property=\"og:url\" content=\"https:\/\/www.verandair.com\/en\/site-preparation\/\" \/>\n<meta property=\"og:site_name\" content=\"VERANDAIR\u00ae\" \/>\n<meta property=\"article:modified_time\" content=\"2024-04-03T08:10:22+00:00\" \/>\n<meta name=\"twitter:card\" content=\"summary_large_image\" \/>\n<meta name=\"twitter:label1\" content=\"Est. reading time\" \/>\n\t<meta name=\"twitter:data1\" content=\"18 minutes\" \/>\n<script type=\"application\/ld+json\" class=\"yoast-schema-graph\">{\"@context\":\"https:\\\/\\\/schema.org\",\"@graph\":[{\"@type\":\"WebPage\",\"@id\":\"https:\\\/\\\/www.verandair.com\\\/en\\\/site-preparation\\\/\",\"url\":\"https:\\\/\\\/www.verandair.com\\\/en\\\/site-preparation\\\/\",\"name\":\"Site preparation | VERANDAIR\u00ae\",\"isPartOf\":{\"@id\":\"https:\\\/\\\/www.verandair.com\\\/en\\\/#website\"},\"datePublished\":\"2024-03-15T14:48:46+00:00\",\"dateModified\":\"2024-04-03T08:10:22+00:00\",\"breadcrumb\":{\"@id\":\"https:\\\/\\\/www.verandair.com\\\/en\\\/site-preparation\\\/#breadcrumb\"},\"inLanguage\":\"en-US\",\"potentialAction\":[{\"@type\":\"ReadAction\",\"target\":[\"https:\\\/\\\/www.verandair.com\\\/en\\\/site-preparation\\\/\"]}]},{\"@type\":\"BreadcrumbList\",\"@id\":\"https:\\\/\\\/www.verandair.com\\\/en\\\/site-preparation\\\/#breadcrumb\",\"itemListElement\":[{\"@type\":\"ListItem\",\"position\":1,\"name\":\"Accueil\",\"item\":{\"@type\":\"WebPage\",\"@id\":\"https:\\\/\\\/www.verandair.com\\\/en\\\/\",\"name\":\"Accueil\"}},{\"@type\":\"ListItem\",\"position\":2,\"name\":\"Site preparation\"}]},{\"@type\":\"WebSite\",\"@id\":\"https:\\\/\\\/www.verandair.com\\\/en\\\/#website\",\"url\":\"https:\\\/\\\/www.verandair.com\\\/en\\\/\",\"name\":\"VERANDAIR\u00ae\",\"description\":\"\",\"publisher\":{\"@id\":\"https:\\\/\\\/www.verandair.com\\\/en\\\/#organization\"},\"potentialAction\":[{\"@type\":\"SearchAction\",\"target\":{\"@type\":\"EntryPoint\",\"urlTemplate\":\"https:\\\/\\\/www.verandair.com\\\/en\\\/?s={search_term_string}\"},\"query-input\":{\"@type\":\"PropertyValueSpecification\",\"valueRequired\":true,\"valueName\":\"search_term_string\"}}],\"inLanguage\":\"en-US\"},{\"@type\":\"Organization\",\"@id\":\"https:\\\/\\\/www.verandair.com\\\/en\\\/#organization\",\"name\":\"Verandair\",\"url\":\"https:\\\/\\\/www.verandair.com\\\/en\\\/\",\"logo\":{\"@type\":\"ImageObject\",\"inLanguage\":\"en-US\",\"@id\":\"https:\\\/\\\/www.verandair.com\\\/en\\\/#\\\/schema\\\/logo\\\/image\\\/\",\"url\":\"https:\\\/\\\/www.verandair.com\\\/wp-content\\\/uploads\\\/2024\\\/06\\\/VERANDAIR-logo.png\",\"contentUrl\":\"https:\\\/\\\/www.verandair.com\\\/wp-content\\\/uploads\\\/2024\\\/06\\\/VERANDAIR-logo.png\",\"width\":283,\"height\":127,\"caption\":\"Verandair\"},\"image\":{\"@id\":\"https:\\\/\\\/www.verandair.com\\\/en\\\/#\\\/schema\\\/logo\\\/image\\\/\"}}]}<\/script>\n<!-- \/ Yoast SEO plugin. -->","yoast_head_json":{"title":"Site preparation | VERANDAIR\u00ae","robots":{"index":"index","follow":"follow","max-snippet":"max-snippet:-1","max-image-preview":"max-image-preview:large","max-video-preview":"max-video-preview:-1"},"canonical":"https:\/\/www.verandair.com\/en\/site-preparation\/","og_locale":"en_US","og_type":"article","og_title":"Site preparation | VERANDAIR\u00ae","og_description":"Preparing your siteSite preparation is a This phase is crucial to the success of your project. It influences the quality of execution and durability over time. Your satisfaction depends on it!Rainwater runoffRainwater will run off the roof of the shelter onto the ground of your terrace or the horizontal support on which the shelter is placed. They will then naturally follow the slopes of your terrace. The patio cover is not designed to prevent this. We therefore invite you to prepare your terrace according to the following recommendations (non-exhaustive list): Provide a terrace slope of 1 to 2% to encourage drainage away from the shelter. Provide draining soil to allow rainwater to infiltrate into the ground Provide a slight edge or \"heel\" to the tiles along the runway inside the shelter. Provide a small gutter inside and along the runway [&hellip;]","og_url":"https:\/\/www.verandair.com\/en\/site-preparation\/","og_site_name":"VERANDAIR\u00ae","article_modified_time":"2024-04-03T08:10:22+00:00","twitter_card":"summary_large_image","twitter_misc":{"Est. reading time":"18 minutes"},"schema":{"@context":"https:\/\/schema.org","@graph":[{"@type":"WebPage","@id":"https:\/\/www.verandair.com\/en\/site-preparation\/","url":"https:\/\/www.verandair.com\/en\/site-preparation\/","name":"Site preparation | VERANDAIR\u00ae","isPartOf":{"@id":"https:\/\/www.verandair.com\/en\/#website"},"datePublished":"2024-03-15T14:48:46+00:00","dateModified":"2024-04-03T08:10:22+00:00","breadcrumb":{"@id":"https:\/\/www.verandair.com\/en\/site-preparation\/#breadcrumb"},"inLanguage":"en-US","potentialAction":[{"@type":"ReadAction","target":["https:\/\/www.verandair.com\/en\/site-preparation\/"]}]},{"@type":"BreadcrumbList","@id":"https:\/\/www.verandair.com\/en\/site-preparation\/#breadcrumb","itemListElement":[{"@type":"ListItem","position":1,"name":"Accueil","item":{"@type":"WebPage","@id":"https:\/\/www.verandair.com\/en\/","name":"Accueil"}},{"@type":"ListItem","position":2,"name":"Site preparation"}]},{"@type":"WebSite","@id":"https:\/\/www.verandair.com\/en\/#website","url":"https:\/\/www.verandair.com\/en\/","name":"VERANDAIR\u00ae","description":"","publisher":{"@id":"https:\/\/www.verandair.com\/en\/#organization"},"potentialAction":[{"@type":"SearchAction","target":{"@type":"EntryPoint","urlTemplate":"https:\/\/www.verandair.com\/en\/?s={search_term_string}"},"query-input":{"@type":"PropertyValueSpecification","valueRequired":true,"valueName":"search_term_string"}}],"inLanguage":"en-US"},{"@type":"Organization","@id":"https:\/\/www.verandair.com\/en\/#organization","name":"Verandair","url":"https:\/\/www.verandair.com\/en\/","logo":{"@type":"ImageObject","inLanguage":"en-US","@id":"https:\/\/www.verandair.com\/en\/#\/schema\/logo\/image\/","url":"https:\/\/www.verandair.com\/wp-content\/uploads\/2024\/06\/VERANDAIR-logo.png","contentUrl":"https:\/\/www.verandair.com\/wp-content\/uploads\/2024\/06\/VERANDAIR-logo.png","width":283,"height":127,"caption":"Verandair"},"image":{"@id":"https:\/\/www.verandair.com\/en\/#\/schema\/logo\/image\/"}}]}},"_links":{"self":[{"href":"https:\/\/www.verandair.com\/en\/wp-json\/wp\/v2\/pages\/61592","targetHints":{"allow":["GET"]}}],"collection":[{"href":"https:\/\/www.verandair.com\/en\/wp-json\/wp\/v2\/pages"}],"about":[{"href":"https:\/\/www.verandair.com\/en\/wp-json\/wp\/v2\/types\/page"}],"author":[{"embeddable":true,"href":"https:\/\/www.verandair.com\/en\/wp-json\/wp\/v2\/users\/1"}],"replies":[{"embeddable":true,"href":"https:\/\/www.verandair.com\/en\/wp-json\/wp\/v2\/comments?post=61592"}],"version-history":[{"count":1,"href":"https:\/\/www.verandair.com\/en\/wp-json\/wp\/v2\/pages\/61592\/revisions"}],"predecessor-version":[{"id":61609,"href":"https:\/\/www.verandair.com\/en\/wp-json\/wp\/v2\/pages\/61592\/revisions\/61609"}],"wp:attachment":[{"href":"https:\/\/www.verandair.com\/en\/wp-json\/wp\/v2\/media?parent=61592"}],"curies":[{"name":"wp","href":"https:\/\/api.w.org\/{rel}","templated":true}]}}