{"version":"1.0","provider_name":"VERANDAIR\u00ae","provider_url":"https:\/\/www.verandair.com\/fr\/","author_name":"Alice","author_url":"https:\/\/www.verandair.com\/fr\/author\/alice\/","title":"5 utilisations de la cloison vitr\u00e9e amovible","type":"rich","width":600,"height":338,"html":"<blockquote class=\"wp-embedded-content\" data-secret=\"ThKNT5vdNr\"><a href=\"https:\/\/www.verandair.com\/fr\/5-utilisations-de-la-cloison-vitree-amovible\/\">5 fa\u00e7ons d&#8217;utiliser une cloison vitr\u00e9e amovible<\/a><\/blockquote><iframe sandbox=\"allow-scripts\" security=\"restricted\" src=\"https:\/\/www.verandair.com\/fr\/5-utilisations-de-la-cloison-vitree-amovible\/embed\/#?secret=ThKNT5vdNr\" width=\"600\" height=\"338\" title=\"\u00ab\u00a05 fa\u00e7ons d&#8217;utiliser une cloison vitr\u00e9e amovible\u00a0\u00bb &#8212; VERANDAIR\u00ae\" data-secret=\"ThKNT5vdNr\" frameborder=\"0\" marginwidth=\"0\" marginheight=\"0\" scrolling=\"no\" class=\"wp-embedded-content\"><\/iframe><script type=\"text\/javascript\">\n\/* <![CDATA[ *\/\n\/*! This file is auto-generated *\/\n!function(d,l){\"use strict\";l.querySelector&&d.addEventListener&&\"undefined\"!=typeof URL&&(d.wp=d.wp||{},d.wp.receiveEmbedMessage||(d.wp.receiveEmbedMessage=function(e){var t=e.data;if((t||t.secret||t.message||t.value)&&!\/[^a-zA-Z0-9]\/.test(t.secret)){for(var s,r,n,a=l.querySelectorAll('iframe[data-secret=\"'+t.secret+'\"]'),o=l.querySelectorAll('blockquote[data-secret=\"'+t.secret+'\"]'),c=new RegExp(\"^https?:$\",\"i\"),i=0;i<o.length;i++)o[i].style.display=\"none\";for(i=0;i<a.length;i++)s=a[i],e.source===s.contentWindow&&(s.removeAttribute(\"style\"),\"height\"===t.message?(1e3<(r=parseInt(t.value,10))?r=1e3:~~r<200&&(r=200),s.height=r):\"link\"===t.message&&(r=new URL(s.getAttribute(\"src\")),n=new URL(t.value),c.test(n.protocol))&&n.host===r.host&&l.activeElement===s&&(d.top.location.href=t.value))}},d.addEventListener(\"message\",d.wp.receiveEmbedMessage,!1),l.addEventListener(\"DOMContentLoaded\",function(){for(var e,t,s=l.querySelectorAll(\"iframe.wp-embedded-content\"),r=0;r<s.length;r++)(t=(e=s[r]).getAttribute(\"data-secret\"))||(t=Math.random().toString(36).substring(2,12),e.src+=\"#?secret=\"+t,e.setAttribute(\"data-secret\",t)),e.contentWindow.postMessage({message:\"ready\",secret:t},\"*\")},!1)))}(window,document);\n\/\/# sourceURL=https:\/\/www.verandair.com\/wp-includes\/js\/wp-embed.min.js\n\/* ]]> *\/\n<\/script>\n","thumbnail_url":"https:\/\/www.verandair.com\/wp-content\/uploads\/2022\/02\/S20_NL-1.jpeg","thumbnail_width":972,"thumbnail_height":768,"description":"El\u00e9ment design par excellence, l'ajout d'une baie vitr\u00e9e donne un coup de neuf \u00e0 n'importe quelle habitation. Vous gagnez en luminosit\u00e9, am\u00e9liorez vos installations existantes ou b\u00e9n\u00e9ficiez d'une pi\u00e8ce \u00e0 vivre suppl\u00e9mentaire."}