{"id":1758,"date":"2024-02-05T11:18:01","date_gmt":"2024-02-05T10:18:01","guid":{"rendered":"https:\/\/verandair-pro.poush-dev.be\/?page_id=1758"},"modified":"2026-04-01T16:02:22","modified_gmt":"2026-04-01T14:02:22","slug":"accueil","status":"publish","type":"page","link":"https:\/\/www.verandair.com\/fr\/","title":{"rendered":"Accueil"},"content":{"rendered":"<p>[et_pb_section fb_built=&#8221;1&#8243; admin_label=&#8221;Section&#8221; _builder_version=&#8221;4.27.5&#8243; _module_preset=&#8221;default&#8221; custom_padding=&#8221;0px|0px|0px|0px|true|true&#8221; global_colors_info=&#8221;{}&#8221;][et_pb_row column_structure=&#8221;2_5,3_5&#8243; make_equal=&#8221;on&#8221; custom_padding_last_edited=&#8221;off|desktop&#8221; admin_label=&#8221;Row&#8221; _builder_version=&#8221;4.27.5&#8243; _module_preset=&#8221;default&#8221; width=&#8221;100%&#8221; width_last_edited=&#8221;off|desktop&#8221; max_width=&#8221;100%&#8221; max_width_last_edited=&#8221;off|tablet&#8221; custom_padding=&#8221;10px|0px|0px|0px|false|true&#8221; hover_enabled=&#8221;0&#8243; custom_css_main_element=&#8221;align-items: center;&#8221; locked=&#8221;off&#8221; global_colors_info=&#8221;{}&#8221; sticky_enabled=&#8221;0&#8243;][et_pb_column type=&#8221;2_5&#8243; _builder_version=&#8221;4.27.5&#8243; _module_preset=&#8221;default&#8221; z_index=&#8221;10&#8243; custom_padding=&#8221;50px|20px|50px|20px|true|true&#8221; custom_padding_tablet=&#8221;20px||20px||true|true&#8221; custom_padding_phone=&#8221;20px||20px||true|true&#8221; custom_padding_last_edited=&#8221;on|tablet&#8221; custom_css_main_element=&#8221;margin-bottom: 0!important;&#8221; global_colors_info=&#8221;{}&#8221;][et_pb_text _builder_version=&#8221;4.27.5&#8243; _module_preset=&#8221;5298e62e-f7ac-4dd9-b361-006fc4da68de&#8221; custom_margin=&#8221;||10px||false|false&#8221; hover_enabled=&#8221;0&#8243; global_colors_info=&#8221;{}&#8221; sticky_enabled=&#8221;0&#8243;]<\/p>\n<h1>Profitez de votre terrasse toute l&#8217;ann\u00e9e<\/h1>\n<p>[\/et_pb_text][et_pb_button button_url=&#8221;@ET-DC@eyJkeW5hbWljIjp0cnVlLCJjb250ZW50IjoicG9zdF9saW5rX3VybF9wYWdlIiwic2V0dGluZ3MiOnsicG9zdF9pZCI6IjgwIn19@&#8221; button_text=&#8221;Prendre rendez-vous&#8221; disabled_on=&#8221;on|on|off&#8221; _builder_version=&#8221;4.27.5&#8243; _dynamic_attributes=&#8221;button_url&#8221; _module_preset=&#8221;default&#8221; hover_enabled=&#8221;0&#8243; global_colors_info=&#8221;{}&#8221; animation_style=&#8221;none&#8221; sticky_enabled=&#8221;0&#8243;][\/et_pb_button][\/et_pb_column][et_pb_column type=&#8221;3_5&#8243; _builder_version=&#8221;4.27.5&#8243; _module_preset=&#8221;default&#8221; background_image=&#8221;https:\/\/www.verandair.com\/wp-content\/uploads\/2026\/04\/pergola-verandair-hero-2.webp&#8221; custom_padding=&#8221;||||false|false&#8221; hover_enabled=&#8221;0&#8243; global_colors_info=&#8221;{}&#8221; alt=&#8221;Pergola Verandair&#8221; title_text=&#8221;pergola-verandair-hero-2&#8243; background_last_edited=&#8221;on|desktop&#8221; sticky_enabled=&#8221;0&#8243; background_enable_video_mp4_phone=&#8221;off&#8221; background_enable_video_mp4=&#8221;off&#8221;][et_pb_divider show_divider=&#8221;off&#8221; _builder_version=&#8221;4.27.5&#8243; _module_preset=&#8221;default&#8221; height=&#8221;600px&#8221; height_tablet=&#8221;400px&#8221; height_phone=&#8221;300px&#8221; height_last_edited=&#8221;on|phone&#8221; global_colors_info=&#8221;{}&#8221;][\/et_pb_divider][\/et_pb_column][\/et_pb_row][\/et_pb_section][et_pb_section fb_built=&#8221;1&#8243; custom_padding_last_edited=&#8221;on|desktop&#8221; admin_label=&#8221;Chiffres et intro&#8221; _builder_version=&#8221;4.27.5&#8243; _module_preset=&#8221;default&#8221; background_color=&#8221;RGBA(255,255,255,0)&#8221; z_index=&#8221;10&#8243; overflow-x=&#8221;visible&#8221; overflow-y=&#8221;visible&#8221; custom_margin=&#8221;-50px||||false|false&#8221; custom_padding=&#8221;0px||0px||true|false&#8221; custom_padding_tablet=&#8221;0px||0px||true|false&#8221; custom_padding_phone=&#8221;|||&#8221; hover_enabled=&#8221;0&#8243; custom_css_main_element=&#8221;display: inline-block;||width: 100%;&#8221; locked=&#8221;off&#8221; global_colors_info=&#8221;{}&#8221; custom_css_main_element_last_edited=&#8221;off|tablet&#8221; sticky_enabled=&#8221;0&#8243;][et_pb_row column_structure=&#8221;1_3,1_3,1_3&#8243; use_custom_gutter=&#8221;on&#8221; make_equal=&#8221;on&#8221; _builder_version=&#8221;4.27.5&#8243; _module_preset=&#8221;default&#8221; background_color=&#8221;#FFFFFF&#8221; transform_translate_linked=&#8221;off&#8221; max_width=&#8221;850px&#8221; overflow-x=&#8221;visible&#8221; overflow-y=&#8221;visible&#8221; custom_padding=&#8221;10px|10px|10px|10px|true|true&#8221; hover_enabled=&#8221;0&#8243; custom_css_after=&#8221;display: none;&#8221; custom_css_free_form=&#8221;#et-boc selector {||    display: flex;||    flex-wrap: wrap;||  justify-content: space-between;||}||||#et-boc selector .et_pb_column {||  max-width: 200px;||  margin: auto !important;||}&#8221; border_radii=&#8221;on|100px|100px|100px|100px&#8221; border_radii_tablet=&#8221;on|100px|100px|100px|100px&#8221; border_radii_phone=&#8221;on|30px|30px|30px|30px&#8221; border_radii_last_edited=&#8221;on|phone&#8221; box_shadow_style=&#8221;preset3&#8243; box_shadow_vertical=&#8221;0px&#8221; box_shadow_blur=&#8221;30px&#8221; box_shadow_color=&#8221;gcid-4f3ca7d5-152d-4540-91b1-cc24563bf794&#8243; global_module=&#8221;73210&#8243; saved_tabs=&#8221;all&#8221; global_colors_info=&#8221;{%22gcid-4f3ca7d5-152d-4540-91b1-cc24563bf794%22:%91%22box_shadow_color%22%93}&#8221; custom_css_main_element_last_edited=&#8221;off|desktop&#8221; sticky_enabled=&#8221;0&#8243;][et_pb_column type=&#8221;1_3&#8243; _builder_version=&#8221;4.27.5&#8243; _module_preset=&#8221;default&#8221; custom_padding=&#8221;5px|15px|5px|15px|true|true&#8221; custom_css_main_element=&#8221;margin-bottom: 0;&#8221; global_colors_info=&#8221;{}&#8221;][et_pb_number_counter title=&#8221;projets r\u00e9alis\u00e9s&#8221; number=&#8221;10000&#8243; _builder_version=&#8221;4.27.5&#8243; _module_preset=&#8221;default&#8221; number_font_size=&#8221;35px&#8221; number_line_height=&#8221;1em&#8221; custom_margin=&#8221;7px||||false|false&#8221; custom_css_before=&#8221;content:%22Plus de%22;||font-size: 15px;&#8221; global_colors_info=&#8221;{}&#8221;][\/et_pb_number_counter][\/et_pb_column][et_pb_column type=&#8221;1_3&#8243; _builder_version=&#8221;4.27.5&#8243; _module_preset=&#8221;default&#8221; background_color=&#8221;gcid-a78bba3e-9a00-4c62-8b29-47f3d6c30097&#8243; custom_padding=&#8221;15px|15px|15px|15px|true|true&#8221; hover_enabled=&#8221;0&#8243; custom_css_main_element=&#8221;margin-bottom: 0;&#8221; border_radii=&#8221;on|100px|100px|100px|100px&#8221; global_colors_info=&#8221;{%22gcid-a78bba3e-9a00-4c62-8b29-47f3d6c30097%22:%91%22background_color%22%93}&#8221; sticky_enabled=&#8221;0&#8243;][et_pb_image src=&#8221;https:\/\/www.verandair.com\/wp-content\/uploads\/2024\/01\/Google-reviews-w-1.png&#8221; title_text=&#8221;Google-reviews-w&#8221; align=&#8221;center&#8221; _builder_version=&#8221;4.23.4&#8243; _module_preset=&#8221;default&#8221; max_width=&#8221;90px&#8221; custom_margin=&#8221;||0px||false|false&#8221; global_colors_info=&#8221;{}&#8221;][\/et_pb_image][et_pb_text _builder_version=&#8221;4.27.5&#8243; _module_preset=&#8221;dcd8897b-ca1a-4680-b944-540acbc7cf68&#8243; text_font_size=&#8221;35px&#8221; text_line_height=&#8221;1em&#8221; background_layout=&#8221;dark&#8221; text_font_size_tablet=&#8221;35px&#8221; text_font_size_phone=&#8221;20px&#8221; text_font_size_last_edited=&#8221;on|phone&#8221; global_colors_info=&#8221;{}&#8221;]<\/p>\n<p>4,9<\/p>\n<p>[\/et_pb_text][et_pb_text _builder_version=&#8221;4.23.4&#8243; _module_preset=&#8221;default&#8221; text_font_size=&#8221;16px&#8221; text_orientation=&#8221;center&#8221; background_layout=&#8221;dark&#8221; custom_margin=&#8221;||0px||false|false&#8221; text_font_size_tablet=&#8221;13px&#8221; text_font_size_phone=&#8221;13px&#8221; global_colors_info=&#8221;{}&#8221;]<\/p>\n<p>87 avis Google<\/p>\n<p>[\/et_pb_text][\/et_pb_column][et_pb_column type=&#8221;1_3&#8243; _builder_version=&#8221;4.27.5&#8243; _module_preset=&#8221;default&#8221; custom_padding=&#8221;5px|15px|5px|15px|true|true&#8221; custom_css_main_element=&#8221;margin-bottom: 0;&#8221; global_colors_info=&#8221;{}&#8221;][et_pb_number_counter title=&#8221;+ 35 ans d&#8217;exp\u00e9rience&#8221; number=&#8221;1990&#8243; _builder_version=&#8221;4.27.5&#8243; _module_preset=&#8221;default&#8221; number_font_size=&#8221;35px&#8221; number_line_height=&#8221;1em&#8221; custom_margin=&#8221;7px||||false|false&#8221; number_font_size_phone=&#8221;19px&#8221; custom_css_before=&#8221;content:%22depuis%22;||font-size: 15px;&#8221; global_colors_info=&#8221;{}&#8221;][\/et_pb_number_counter][\/et_pb_column][\/et_pb_row][\/et_pb_section][et_pb_section fb_built=&#8221;1&#8243; _builder_version=&#8221;4.24.0&#8243; _module_preset=&#8221;default&#8221; global_colors_info=&#8221;{}&#8221;][et_pb_row _builder_version=&#8221;4.27.5&#8243; _module_preset=&#8221;default&#8221; locked=&#8221;off&#8221; global_colors_info=&#8221;{}&#8221;][et_pb_column type=&#8221;4_4&#8243; _builder_version=&#8221;4.23.4&#8243; _module_preset=&#8221;default&#8221; global_colors_info=&#8221;{}&#8221;][et_pb_text _builder_version=&#8221;4.27.5&#8243; _module_preset=&#8221;default&#8221; text_orientation=&#8221;center&#8221; animation_style=&#8221;fade&#8221; global_colors_info=&#8221;{}&#8221;]<\/p>\n<h2>Pergola, abri r\u00e9tractable, store sur mesure<\/h2>\n<h3>D\u00e9couvrez nos <strong>nouveaut\u00e9s VERANDAIR\u00ae<\/strong><\/h3>\n<p>[\/et_pb_text][et_pb_divider show_divider=&#8221;off&#8221; _builder_version=&#8221;4.23.4&#8243; _module_preset=&#8221;2adabd0f-cb12-404f-9aa7-a3088280e564&#8243; module_alignment=&#8221;center&#8221; global_colors_info=&#8221;{}&#8221;][\/et_pb_divider][\/et_pb_column][\/et_pb_row][et_pb_row column_structure=&#8221;1_3,1_3,1_3&#8243; _builder_version=&#8221;4.27.5&#8243; _module_preset=&#8221;default&#8221; custom_padding=&#8221;0px||0px||true|false&#8221; global_colors_info=&#8221;{}&#8221;][et_pb_column type=&#8221;1_3&#8243; _builder_version=&#8221;4.27.5&#8243; _module_preset=&#8221;default&#8221; global_colors_info=&#8221;{}&#8221;][dsm_card title=&#8221;Pergola&#8221; image=&#8221;https:\/\/www.verandair.com\/wp-content\/uploads\/2025\/12\/pergola-bioclimatique-1.jpg&#8221; badge_url=&#8221;@ET-DC@eyJkeW5hbWljIjp0cnVlLCJjb250ZW50IjoicG9zdF9saW5rX3VybF9wYWdlIiwic2V0dGluZ3MiOnsicG9zdF9pZCI6IjYzMTkzIn19@&#8221; alt=&#8221;pergola bioclimatique&#8221; button_text=&#8221;D\u00e9couvrez nos pergolas&#8221; button_url=&#8221;@ET-DC@eyJkeW5hbWljIjp0cnVlLCJjb250ZW50IjoicG9zdF9saW5rX3VybF9wYWdlIiwic2V0dGluZ3MiOnsicG9zdF9pZCI6IjIyNzcifX0=@&#8221; button_url_new_window=&#8221;1&#8243; _builder_version=&#8221;4.27.5&#8243; _dynamic_attributes=&#8221;button_url,badge_url&#8221; _module_preset=&#8221;7ec4c201-99db-498e-9226-35cda83a9088&#8243; global_colors_info=&#8221;{}&#8221;][\/dsm_card][\/et_pb_column][et_pb_column type=&#8221;1_3&#8243; _builder_version=&#8221;4.27.5&#8243; _module_preset=&#8221;default&#8221; global_colors_info=&#8221;{}&#8221;][dsm_card title=&#8221;Store banne&#8221; image=&#8221;https:\/\/www.verandair.com\/wp-content\/uploads\/2025\/12\/Winsol_Linasol-Awning-min.webp&#8221; alt=&#8221;pergola bioclimatique&#8221; button_text=&#8221;D\u00e9couvrez nos store banne&#8221; button_url=&#8221;@ET-DC@eyJkeW5hbWljIjp0cnVlLCJjb250ZW50IjoicG9zdF9saW5rX3VybF9wYWdlIiwic2V0dGluZ3MiOnsicG9zdF9pZCI6IjcxNzY1In19@&#8221; button_url_new_window=&#8221;1&#8243; _builder_version=&#8221;4.27.5&#8243; _dynamic_attributes=&#8221;button_url&#8221; _module_preset=&#8221;7ec4c201-99db-498e-9226-35cda83a9088&#8243; global_colors_info=&#8221;{}&#8221;][\/dsm_card][\/et_pb_column][et_pb_column type=&#8221;1_3&#8243; _builder_version=&#8221;4.27.5&#8243; _module_preset=&#8221;default&#8221; global_colors_info=&#8221;{}&#8221;][dsm_card title=&#8221;Pergola \u00e0 toile&#8221; image=&#8221;https:\/\/www.verandair.com\/wp-content\/uploads\/2025\/12\/pergola-toile-1.jpg&#8221; alt=&#8221;pergola bioclimatique&#8221; button_text=&#8221;D\u00e9couvrez nos pergolas \u00e0 toile&#8221; button_url=&#8221;@ET-DC@eyJkeW5hbWljIjp0cnVlLCJjb250ZW50IjoicG9zdF9saW5rX3VybF9wYWdlIiwic2V0dGluZ3MiOnsicG9zdF9pZCI6IjcxNTcwIn19@&#8221; button_url_new_window=&#8221;1&#8243; _builder_version=&#8221;4.27.5&#8243; _dynamic_attributes=&#8221;button_url&#8221; _module_preset=&#8221;7ec4c201-99db-498e-9226-35cda83a9088&#8243; global_colors_info=&#8221;{}&#8221;][\/dsm_card][\/et_pb_column][\/et_pb_row][et_pb_row column_structure=&#8221;1_3,1_3,1_3&#8243; _builder_version=&#8221;4.27.5&#8243; _module_preset=&#8221;default&#8221; custom_padding=&#8221;0px||0px||true|false&#8221; global_colors_info=&#8221;{}&#8221;][et_pb_column type=&#8221;1_3&#8243; _builder_version=&#8221;4.27.5&#8243; _module_preset=&#8221;default&#8221; global_colors_info=&#8221;{}&#8221;][dsm_card title=&#8221;Abri de terrasse&#8221; image=&#8221;https:\/\/www.verandair.com\/wp-content\/uploads\/2024\/02\/VERANDAIR-selection-59-abri-terrasse.jpg&#8221; alt=&#8221;Abri de terrasse r\u00e9tractable sur une grande terrasse avec une table, des chaises, des fleurs et avec une vue sur le jardin et un champ&#8221; button_text=&#8221;D\u00e9couvrez nos abri de terrasse&#8221; button_url=&#8221;@ET-DC@eyJkeW5hbWljIjp0cnVlLCJjb250ZW50IjoicG9zdF9saW5rX3VybF9wYWdlIiwic2V0dGluZ3MiOnsicG9zdF9pZCI6IjIyOTkifX0=@&#8221; button_url_new_window=&#8221;1&#8243; _builder_version=&#8221;4.27.5&#8243; _dynamic_attributes=&#8221;button_url&#8221; _module_preset=&#8221;7ec4c201-99db-498e-9226-35cda83a9088&#8243; global_colors_info=&#8221;{}&#8221;][\/dsm_card][\/et_pb_column][et_pb_column type=&#8221;1_3&#8243; _builder_version=&#8221;4.27.5&#8243; _module_preset=&#8221;default&#8221; global_colors_info=&#8221;{}&#8221;][dsm_card title=&#8221;Pergola en kit&#8221; image=&#8221;https:\/\/www.verandair.com\/wp-content\/uploads\/2026\/02\/pergola-en-kit-copie.webp&#8221; alt=&#8221;Abri de piscine haut et amovible situ\u00e9 dans un vaste jardin \u00e9quip\u00e9 de transats, d&#8217;un barbecue, de chaises, d&#8217;une table et d&#8217;une grande pelouse.&#8221; button_text=&#8221;D\u00e9couvrez nos pergolas en kit&#8221; button_url=&#8221;@ET-DC@eyJkeW5hbWljIjp0cnVlLCJjb250ZW50IjoicG9zdF9saW5rX3VybF9wYWdlIiwic2V0dGluZ3MiOnsicG9zdF9pZCI6Ijc0MTcwIn19@&#8221; button_url_new_window=&#8221;1&#8243; _builder_version=&#8221;4.27.5&#8243; _dynamic_attributes=&#8221;button_url&#8221; _module_preset=&#8221;7ec4c201-99db-498e-9226-35cda83a9088&#8243; global_colors_info=&#8221;{}&#8221;][\/dsm_card][\/et_pb_column][et_pb_column type=&#8221;1_3&#8243; _builder_version=&#8221;4.27.5&#8243; _module_preset=&#8221;default&#8221; global_colors_info=&#8221;{}&#8221;][dsm_card title=&#8221;Carport&#8221; image=&#8221;https:\/\/www.verandair.com\/wp-content\/uploads\/2026\/02\/carport-solaire-verandair.jpg&#8221; alt=&#8221;carport solaire verandair&#8221; button_text=&#8221;D\u00e9couvrez nos carports&#8221; button_url=&#8221;@ET-DC@eyJkeW5hbWljIjp0cnVlLCJjb250ZW50IjoicG9zdF9saW5rX3VybF9wYWdlIiwic2V0dGluZ3MiOnsicG9zdF9pZCI6IjIzMDUifX0=@&#8221; button_url_new_window=&#8221;1&#8243; _builder_version=&#8221;4.27.5&#8243; _dynamic_attributes=&#8221;button_url&#8221; _module_preset=&#8221;7ec4c201-99db-498e-9226-35cda83a9088&#8243; global_colors_info=&#8221;{}&#8221;][\/dsm_card][\/et_pb_column][\/et_pb_row][\/et_pb_section][et_pb_section fb_built=&#8221;1&#8243; _builder_version=&#8221;4.24.0&#8243; _module_preset=&#8221;default&#8221; background_color=&#8221;gcid-a78bba3e-9a00-4c62-8b29-47f3d6c30097&#8243; custom_padding=&#8221;20px||20px||true|false&#8221; global_colors_info=&#8221;{%22gcid-a78bba3e-9a00-4c62-8b29-47f3d6c30097%22:%91%22background_color%22%93}&#8221;][et_pb_row column_structure=&#8221;1_5,1_5,1_5,1_5,1_5&#8243; _builder_version=&#8221;4.24.0&#8243; _module_preset=&#8221;default&#8221; custom_padding=&#8221;||0px||false|false&#8221; global_module=&#8221;1235&#8243; saved_tabs=&#8221;all&#8221; global_colors_info=&#8221;{}&#8221;][et_pb_column type=&#8221;1_5&#8243; _builder_version=&#8221;4.24.0&#8243; _module_preset=&#8221;default&#8221; global_colors_info=&#8221;{}&#8221; custom_css_main_element_last_edited=&#8221;on|phone&#8221; custom_css_main_element_phone=&#8221;max-width: 50%;&#8221;][et_pb_image src=&#8221;https:\/\/www.verandair.com\/wp-content\/uploads\/2024\/01\/VERANDAIR-sur-mesure-w.svg&#8221; title_text=&#8221;VERANDAIR-sur-mesure-w&#8221; _builder_version=&#8221;4.27.5&#8243; _module_preset=&#8221;default&#8221; width=&#8221;120px&#8221; width_tablet=&#8221;120px&#8221; width_phone=&#8221;80px&#8221; width_last_edited=&#8221;on|phone&#8221; max_width=&#8221;120px&#8221; max_width_tablet=&#8221;120px&#8221; max_width_phone=&#8221;80px&#8221; max_width_last_edited=&#8221;on|phone&#8221; module_alignment=&#8221;center&#8221; custom_margin=&#8221;||15px||false|false&#8221; animation_style=&#8221;fade&#8221; animation_duration=&#8221;500ms&#8221; global_colors_info=&#8221;{}&#8221;][\/et_pb_image][\/et_pb_column][et_pb_column type=&#8221;1_5&#8243; _builder_version=&#8221;4.23.4&#8243; _module_preset=&#8221;default&#8221; global_colors_info=&#8221;{}&#8221; custom_css_main_element_phone=&#8221;max-width: 50%;&#8221; custom_css_main_element_last_edited=&#8221;on|phone&#8221;][et_pb_image src=&#8221;https:\/\/www.verandair.com\/wp-content\/uploads\/2026\/01\/VERANDAIR-garantie-w.svg&#8221; title_text=&#8221;VERANDAIR-garantie-w&#8221; _builder_version=&#8221;4.27.5&#8243; _module_preset=&#8221;default&#8221; width=&#8221;120px&#8221; width_tablet=&#8221;120px&#8221; width_phone=&#8221;80px&#8221; width_last_edited=&#8221;on|tablet&#8221; max_width=&#8221;120px&#8221; max_width_tablet=&#8221;120px&#8221; max_width_phone=&#8221;80px&#8221; max_width_last_edited=&#8221;on|phone&#8221; module_alignment=&#8221;center&#8221; custom_margin=&#8221;||15px||false|false&#8221; animation_style=&#8221;fade&#8221; animation_duration=&#8221;500ms&#8221; global_colors_info=&#8221;{}&#8221;][\/et_pb_image][\/et_pb_column][et_pb_column type=&#8221;1_5&#8243; _builder_version=&#8221;4.23.4&#8243; _module_preset=&#8221;default&#8221; global_colors_info=&#8221;{}&#8221; custom_css_main_element_phone=&#8221;max-width: 50%;&#8221; custom_css_main_element_last_edited=&#8221;on|phone&#8221;][et_pb_image src=&#8221;https:\/\/www.verandair.com\/wp-content\/uploads\/2026\/02\/VERANDAIR-experience-w.svg&#8221; title_text=&#8221;VERANDAIR-experience-w&#8221; _builder_version=&#8221;4.27.5&#8243; _module_preset=&#8221;default&#8221; width=&#8221;120px&#8221; width_tablet=&#8221;120px&#8221; width_phone=&#8221;80px&#8221; width_last_edited=&#8221;on|tablet&#8221; max_width=&#8221;120px&#8221; max_width_tablet=&#8221;120px&#8221; max_width_phone=&#8221;80px&#8221; max_width_last_edited=&#8221;on|phone&#8221; module_alignment=&#8221;center&#8221; custom_margin=&#8221;||15px||false|false&#8221; animation_style=&#8221;fade&#8221; animation_duration=&#8221;500ms&#8221; global_colors_info=&#8221;{}&#8221;][\/et_pb_image][\/et_pb_column][et_pb_column type=&#8221;1_5&#8243; _builder_version=&#8221;4.23.4&#8243; _module_preset=&#8221;default&#8221; global_colors_info=&#8221;{}&#8221; custom_css_main_element_phone=&#8221;max-width: 50%;&#8221; custom_css_main_element_last_edited=&#8221;on|phone&#8221;][et_pb_image src=&#8221;https:\/\/www.verandair.com\/wp-content\/uploads\/2026\/01\/VERANDAIR-projets-realises-w.svg&#8221; title_text=&#8221;VERANDAIR-projets-realises-w&#8221; _builder_version=&#8221;4.27.5&#8243; _module_preset=&#8221;default&#8221; width=&#8221;120px&#8221; width_tablet=&#8221;120px&#8221; width_phone=&#8221;80px&#8221; width_last_edited=&#8221;on|tablet&#8221; max_width=&#8221;120px&#8221; max_width_tablet=&#8221;120px&#8221; max_width_phone=&#8221;80px&#8221; max_width_last_edited=&#8221;on|phone&#8221; module_alignment=&#8221;center&#8221; custom_margin=&#8221;||15px||false|false&#8221; animation_style=&#8221;fade&#8221; animation_duration=&#8221;500ms&#8221; global_colors_info=&#8221;{}&#8221;][\/et_pb_image][\/et_pb_column][et_pb_column type=&#8221;1_5&#8243; _builder_version=&#8221;4.23.4&#8243; _module_preset=&#8221;default&#8221; global_colors_info=&#8221;{}&#8221;][et_pb_image src=&#8221;https:\/\/www.verandair.com\/wp-content\/uploads\/2024\/01\/VERANDAIR-fabrication-belge-w.svg&#8221; title_text=&#8221;VERANDAIR-fabrication-belge-w&#8221; _builder_version=&#8221;4.27.5&#8243; _module_preset=&#8221;default&#8221; width=&#8221;120px&#8221; width_tablet=&#8221;120px&#8221; width_phone=&#8221;80px&#8221; width_last_edited=&#8221;on|tablet&#8221; max_width=&#8221;120px&#8221; max_width_tablet=&#8221;120px&#8221; max_width_phone=&#8221;80px&#8221; max_width_last_edited=&#8221;on|phone&#8221; module_alignment=&#8221;center&#8221; custom_margin=&#8221;||15px||false|false&#8221; animation_style=&#8221;fade&#8221; animation_duration=&#8221;500ms&#8221; global_colors_info=&#8221;{}&#8221;][\/et_pb_image][\/et_pb_column][\/et_pb_row][\/et_pb_section][et_pb_section fb_built=&#8221;1&#8243; module_class=&#8221;lazy-section&#8221; _builder_version=&#8221;4.27.5&#8243; _module_preset=&#8221;default&#8221; background_color=&#8221;gcid-a78bba3e-9a00-4c62-8b29-47f3d6c30097&#8243; background_image=&#8221;https:\/\/www.verandair.com\/wp-content\/uploads\/2024\/02\/VERANDAIR-selection-20-restaurant.jpg&#8221; background_blend=&#8221;multiply&#8221; global_colors_info=&#8221;{%22gcid-a78bba3e-9a00-4c62-8b29-47f3d6c30097%22:%91%22background_color%22%93}&#8221;][et_pb_row _builder_version=&#8221;4.24.0&#8243; _module_preset=&#8221;default&#8221; global_colors_info=&#8221;{}&#8221;][et_pb_column type=&#8221;4_4&#8243; _builder_version=&#8221;4.23.4&#8243; _module_preset=&#8221;default&#8221; global_colors_info=&#8221;{}&#8221;][et_pb_text _builder_version=&#8221;4.24.0&#8243; _module_preset=&#8221;92aae06f-c11a-4f4c-95ff-b8e28412f5a2&#8243; global_colors_info=&#8221;{}&#8221;]<\/p>\n<p>Avis et t\u00e9moignages<\/p>\n<p>[\/et_pb_text][et_pb_text _builder_version=&#8221;4.23.4&#8243; _module_preset=&#8221;default&#8221; text_orientation=&#8221;center&#8221; background_layout=&#8221;dark&#8221; animation_style=&#8221;fade&#8221; global_colors_info=&#8221;{}&#8221;]<\/p>\n<h2>Nos <strong>clients<\/strong> parlent de nous<\/h2>\n<p>[\/et_pb_text][et_pb_divider show_divider=&#8221;off&#8221; _builder_version=&#8221;4.23.4&#8243; _module_preset=&#8221;2adabd0f-cb12-404f-9aa7-a3088280e564&#8243; module_alignment=&#8221;center&#8221; global_colors_info=&#8221;{}&#8221;][\/et_pb_divider][dsm_card_carousel lazyload=&#8221;on&#8221; equal_height=&#8221;on&#8221; use_arrow_custom_position=&#8221;on&#8221; arrow_custom_position=&#8221;-15px&#8221; arrow_prev=&#8221;on&#8221; arrow_prev_font_icon=&#8221;&#x23;||divi||400&#8243; arrow_next=&#8221;on&#8221; arrow_next_font_icon=&#8221;&#x24;||divi||400&#8243; arrow_size=&#8221;20px&#8221; arrow_color=&#8221;gcid-1aea1de7-1b27-4917-8f9a-23facce39526&#8243; arrow_background_color=&#8221;#FFFFFF&#8221; dots=&#8221;off&#8221; image_width=&#8221;80px&#8221; stretch_image=&#8221;off&#8221; image_alignment=&#8221;center&#8221; slide_to_show_tablet=&#8221;1&#8243; slide_to_show_phone=&#8221;1&#8243; slide_to_show_last_edited=&#8221;on|tablet&#8221; _builder_version=&#8221;4.27.5&#8243; _module_preset=&#8221;default&#8221; header_font=&#8221;|700|||||||&#8221; header_font_size=&#8221;22px&#8221; body_font=&#8221;|300|||||||&#8221; text_orientation=&#8221;center&#8221; background_layout=&#8221;dark&#8221; custom_margin=&#8221;||35px||false|false&#8221; custom_padding=&#8221;30px|30px||30px|false|true&#8221; body_font_size_tablet=&#8221;16px&#8221; body_font_size_phone=&#8221;16px&#8221; body_font_size_last_edited=&#8221;on|tablet&#8221; border_radii_image=&#8221;on|80px|80px|80px|80px&#8221; global_module=&#8221;2371&#8243; saved_tabs=&#8221;all&#8221; global_colors_info=&#8221;{%22gcid-1aea1de7-1b27-4917-8f9a-23facce39526%22:%91%22arrow_color%22%93}&#8221;][dsm_card_carousel_child title=&#8221;Jean-Luc .L&#8221; subtitle=&#8221;Abri de terrasse &#8211; Jambes&#8221; image=&#8221;https:\/\/www.verandair.com\/wp-content\/uploads\/2024\/02\/temoignages-7.jpeg&#8221; image_as_background=&#8221;off&#8221; button_url_new_window=&#8221;1&#8243; _builder_version=&#8221;4.24.0&#8243; _module_preset=&#8221;default&#8221; subhead_font=&#8221;|||on|||||&#8221; subhead_text_color=&#8221;gcid-5c4546d4-de02-4649-8683-d4192d8e1655&#8243; subhead_font_size=&#8221;14px&#8221; subhead_letter_spacing=&#8221;1px&#8221; custom_css_free_form=&#8221;selector .dsm_card_carousel_child_subtitle {||  margin-bottom: 25px;||}&#8221; global_colors_info=&#8221;{%22gcid-5c4546d4-de02-4649-8683-d4192d8e1655%22:%91%22subhead_text_color%22%93}&#8221; parent_button=&#8221;off&#8221; parent_header_level=&#8221;h4&#8243; parent_stretch_image=&#8221;off&#8221;]<\/p>\n<p>Nous n&#8217;imaginions pas \u00e0 quel point l&#8217;ajout d&#8217;un abri de terrasse (45 m\u00b2) am\u00e9liorerait notre qualit\u00e9 de vie. Le personnel de Verandair nous a guid\u00e9 vers la solution la mieux adapt\u00e9e. L&#8217;\u00e9quipe de montage est, quant \u00e0 elle, aussi sympa qu&#8217;efficace. Nous recommandons \u00e0 100%.<\/p>\n<p>[\/dsm_card_carousel_child][dsm_card_carousel_child title=&#8221;Marie S.&#8221; subtitle=&#8221;Pergola ferm\u00e9e &#8211; Spy&#8221; image=&#8221;https:\/\/www.verandair.com\/wp-content\/uploads\/2024\/02\/temoignages-2.jpeg&#8221; image_as_background=&#8221;off&#8221; button_url_new_window=&#8221;1&#8243; _builder_version=&#8221;4.24.0&#8243; _module_preset=&#8221;default&#8221; subhead_font=&#8221;|||on|||||&#8221; subhead_text_color=&#8221;gcid-5c4546d4-de02-4649-8683-d4192d8e1655&#8243; subhead_font_size=&#8221;14px&#8221; subhead_letter_spacing=&#8221;1px&#8221; custom_css_free_form=&#8221;selector .dsm_card_carousel_child_subtitle {||  margin-bottom: 25px;||}&#8221; global_colors_info=&#8221;{%22gcid-5c4546d4-de02-4649-8683-d4192d8e1655%22:%91%22subhead_text_color%22%93}&#8221; parent_button=&#8221;off&#8221; parent_header_level=&#8221;h4&#8243; parent_stretch_image=&#8221;off&#8221;]<\/p>\n<p>Nous avons fait appel \u00e0 Verandair pour\u00a0 une pergola ferm\u00e9e, suivi au top et \u00e9quipe tr\u00e8s professionnelle et aimable.<br \/>En bref, le r\u00e9sultat est magnifique!<\/p>\n<p>[\/dsm_card_carousel_child][dsm_card_carousel_child title=&#8221;Michel O.&#8221; subtitle=&#8221;Fermeture &#8211; Namur&#8221; image=&#8221;https:\/\/www.verandair.com\/wp-content\/uploads\/2024\/02\/temoignages-1.jpeg&#8221; image_as_background=&#8221;off&#8221; button_url_new_window=&#8221;1&#8243; _builder_version=&#8221;4.24.0&#8243; _module_preset=&#8221;default&#8221; subhead_font=&#8221;|||on|||||&#8221; subhead_text_color=&#8221;gcid-5c4546d4-de02-4649-8683-d4192d8e1655&#8243; subhead_font_size=&#8221;14px&#8221; subhead_letter_spacing=&#8221;1px&#8221; custom_css_free_form=&#8221;selector .dsm_card_carousel_child_subtitle {||  margin-bottom: 25px;||}&#8221; global_colors_info=&#8221;{%22gcid-5c4546d4-de02-4649-8683-d4192d8e1655%22:%91%22subhead_text_color%22%93}&#8221; parent_button=&#8221;off&#8221; parent_header_level=&#8221;h4&#8243; parent_stretch_image=&#8221;off&#8221;]<\/p>\n<p>Nous avons fait placer une fermeture vitr\u00e9e de pergola d\u00e9j\u00e0 existante et nous sommes ravis! Du personnel comp\u00e9tant \u00e0 la qualit\u00e9 du mat\u00e9riel utilis\u00e9 le r\u00e9sultat est tout simplement superbe. Tr\u00e8s belles finitions, \u00e9tanch\u00e9it\u00e9 efficace. Merci \u00e0 vous.<\/p>\n<p>[\/dsm_card_carousel_child][dsm_card_carousel_child title=&#8221;Christine D.&#8221; subtitle=&#8221;Pergola &#8211; Braine-le-Comte&#8221; image=&#8221;https:\/\/www.verandair.com\/wp-content\/uploads\/2024\/02\/temoignages-3.jpeg&#8221; image_as_background=&#8221;off&#8221; button_url_new_window=&#8221;1&#8243; _builder_version=&#8221;4.24.0&#8243; _module_preset=&#8221;default&#8221; subhead_font=&#8221;|||on|||||&#8221; subhead_text_color=&#8221;gcid-5c4546d4-de02-4649-8683-d4192d8e1655&#8243; subhead_font_size=&#8221;14px&#8221; subhead_letter_spacing=&#8221;1px&#8221; custom_css_free_form=&#8221;selector .dsm_card_carousel_child_subtitle {||  margin-bottom: 25px;||}&#8221; global_colors_info=&#8221;{%22gcid-5c4546d4-de02-4649-8683-d4192d8e1655%22:%91%22subhead_text_color%22%93}&#8221; parent_button=&#8221;off&#8221; parent_header_level=&#8221;h4&#8243; parent_stretch_image=&#8221;off&#8221;]<\/p>\n<p>Nous avons fait confiance \u00e0 VERANDAIR et nous ne le regrettons pas du tout. Notre pergola a \u00e9t\u00e9 install\u00e9e par des hommes comp\u00e9tents, soigneux. Le service apr\u00e8s vente est irr\u00e9prochable.<\/p>\n<p>[\/dsm_card_carousel_child][dsm_card_carousel_child title=&#8221;Pascal C.&#8221; subtitle=&#8221;Abri de terrasse &#8211; Li\u00e8ge&#8221; image=&#8221;https:\/\/www.verandair.com\/wp-content\/uploads\/2024\/02\/temoignages-5.jpeg&#8221; image_as_background=&#8221;off&#8221; button_url_new_window=&#8221;1&#8243; _builder_version=&#8221;4.24.0&#8243; _module_preset=&#8221;default&#8221; subhead_font=&#8221;|||on|||||&#8221; subhead_text_color=&#8221;gcid-5c4546d4-de02-4649-8683-d4192d8e1655&#8243; subhead_font_size=&#8221;14px&#8221; subhead_letter_spacing=&#8221;1px&#8221; custom_css_free_form=&#8221;selector .dsm_card_carousel_child_subtitle {||  margin-bottom: 25px;||}&#8221; global_colors_info=&#8221;{%22gcid-5c4546d4-de02-4649-8683-d4192d8e1655%22:%91%22subhead_text_color%22%93}&#8221; parent_button=&#8221;off&#8221; parent_header_level=&#8221;h4&#8243; parent_stretch_image=&#8221;off&#8221;]<\/p>\n<p>Le r\u00e9sultat d\u00e9passe les attentes de l&#8217;acqu\u00e9reur&#8230; Travail minutieux et pr\u00e9cis, le suivi depuis les plans de fabrication jusqu&#8217;au montage final et m\u00eame les petits correctifs \u00e0 posteriori, c&#8217;est tr\u00e8s professionnel ! Bravo \u00e0 toutes les \u00e9quipes qui y ont contribu\u00e9.<\/p>\n<p>[\/dsm_card_carousel_child][dsm_card_carousel_child title=&#8221;Victoria Y.&#8221; subtitle=&#8221;Carport &#8211; Rochefort&#8221; image=&#8221;https:\/\/www.verandair.com\/wp-content\/uploads\/2024\/02\/temoignages-6.jpeg&#8221; image_as_background=&#8221;off&#8221; button_url_new_window=&#8221;1&#8243; _builder_version=&#8221;4.24.0&#8243; _module_preset=&#8221;default&#8221; subhead_font=&#8221;|||on|||||&#8221; subhead_text_color=&#8221;gcid-5c4546d4-de02-4649-8683-d4192d8e1655&#8243; subhead_font_size=&#8221;14px&#8221; subhead_letter_spacing=&#8221;1px&#8221; custom_css_free_form=&#8221;selector .dsm_card_carousel_child_subtitle {||  margin-bottom: 25px;||}&#8221; global_colors_info=&#8221;{%22gcid-5c4546d4-de02-4649-8683-d4192d8e1655%22:%91%22subhead_text_color%22%93}&#8221; parent_button=&#8221;off&#8221; parent_header_level=&#8221;h4&#8243; parent_stretch_image=&#8221;off&#8221;]<\/p>\n<p>Super content ! Belle finition\u2026qualit\u00e9, s\u00e9rieux et propret\u00e9 de la part de l\u2019\u00e9quipe de placement ! Le tout dans la jovialit\u00e9 et de bons conseils ! Soci\u00e9t\u00e9 belge implant\u00e9e en Wallonie soucieuse de r\u00e9pondre \u00e0 nos attentes tout au long de notre projet ! A recommander !<\/p>\n<p>[\/dsm_card_carousel_child][\/dsm_card_carousel][\/et_pb_column][\/et_pb_row][\/et_pb_section][et_pb_section fb_built=&#8221;1&#8243; module_class=&#8221;lazy-section&#8221; _builder_version=&#8221;4.27.5&#8243; _module_preset=&#8221;default&#8221; background_color=&#8221;gcid-a78bba3e-9a00-4c62-8b29-47f3d6c30097&#8243; background_image=&#8221;https:\/\/www.verandair.com\/wp-content\/uploads\/2024\/01\/verandair-abri-terrasse-retractable-2.jpg&#8221; background_blend=&#8221;multiply&#8221; z_index=&#8221;10&#8243; custom_padding=&#8221;0px||0px||true|false&#8221; custom_css_after=&#8221;    content: %22%22;||    display: block;||    background: #fff;||    width: 100%;||    height: 80px;||    position: absolute;||    bottom: 0;||    left: 0;&#8221; global_colors_info=&#8221;{%22gcid-a78bba3e-9a00-4c62-8b29-47f3d6c30097%22:%91%22background_color%22%93}&#8221;][et_pb_row make_equal=&#8221;on&#8221; custom_padding_last_edited=&#8221;on|tablet&#8221; _builder_version=&#8221;4.24.0&#8243; _module_preset=&#8221;default&#8221; background_color=&#8221;gcid-02eea4c1-992a-4bff-aee2-539b98054199&#8243; use_background_color_gradient=&#8221;on&#8221; background_color_gradient_direction=&#8221;90deg&#8221; background_color_gradient_stops=&#8221;gcid-02eea4c1-992a-4bff-aee2-539b98054199 0%|gcid-6765a8f9-be90-4ab4-9fed-0cfcb9d46015 100%&#8221; background_image=&#8221;https:\/\/www.verandair.com\/wp-content\/uploads\/2024\/01\/VERANDAIR-icon-outline-w.svg&#8221; custom_margin=&#8221;||80px||false|false&#8221; custom_padding=&#8221;50px|80px|50px|80px|true|true&#8221; custom_padding_tablet=&#8221;30px|30px|30px|30px|true|true&#8221; custom_padding_phone=&#8221;30px|30px|30px|30px|true|true&#8221; scroll_vertical_motion_enable=&#8221;on&#8221; scroll_vertical_motion=&#8221;0|40|40|100|0.5|0|0&#8243; scroll_scaling_enable=&#8221;on&#8221; scroll_scaling=&#8221;0|40|40|100|90%|100|100&#8243; custom_css_main_element=&#8221;align-items: center;&#8221; border_radii_tablet=&#8221;on|50px|50px|50px|50px&#8221; border_radii_phone=&#8221;on|50px|50px|50px|50px&#8221; border_radii_last_edited=&#8221;on|tablet&#8221; box_shadow_style=&#8221;preset3&#8243; box_shadow_vertical=&#8221;-10px&#8221; box_shadow_blur=&#8221;30px&#8221; box_shadow_color=&#8221;gcid-4f3ca7d5-152d-4540-91b1-cc24563bf794&#8243; global_colors_info=&#8221;{%22gcid-02eea4c1-992a-4bff-aee2-539b98054199%22:%91%22background_color%22,%22background_color_gradient_stops%22%93,%22gcid-6765a8f9-be90-4ab4-9fed-0cfcb9d46015%22:%91%22background_color_gradient_stops%22%93,%22gcid-4f3ca7d5-152d-4540-91b1-cc24563bf794%22:%91%22box_shadow_color%22%93}&#8221;][et_pb_column type=&#8221;4_4&#8243; _builder_version=&#8221;4.23.4&#8243; _module_preset=&#8221;default&#8221; global_colors_info=&#8221;{}&#8221;][et_pb_text _builder_version=&#8221;4.23.4&#8243; _module_preset=&#8221;default&#8221; text_orientation=&#8221;center&#8221; background_layout=&#8221;dark&#8221; global_colors_info=&#8221;{}&#8221;]<\/p>\n<h2>\u00cates-vous pr\u00eat \u00e0 <strong>transformer votre ext\u00e9rieur<\/strong> ?<\/h2>\n<p>[\/et_pb_text][et_pb_divider color=&#8221;#FFFFFF&#8221; _builder_version=&#8221;4.23.4&#8243; _module_preset=&#8221;2adabd0f-cb12-404f-9aa7-a3088280e564&#8243; module_alignment=&#8221;center&#8221; global_colors_info=&#8221;{}&#8221;][\/et_pb_divider][et_pb_button button_url=&#8221;@ET-DC@eyJkeW5hbWljIjp0cnVlLCJjb250ZW50IjoicG9zdF9saW5rX3VybF9wYWdlIiwic2V0dGluZ3MiOnsicG9zdF9pZCI6IjgwIn19@&#8221; button_text=&#8221;\u00c7a se passe ici ! &#8221; button_alignment=&#8221;center&#8221; _builder_version=&#8221;4.24.0&#8243; _dynamic_attributes=&#8221;button_url&#8221; _module_preset=&#8221;ae8d3791-01a2-4c4b-b221-c3f14f812284&#8243; global_colors_info=&#8221;{}&#8221;][\/et_pb_button][\/et_pb_column][\/et_pb_row][et_pb_row _builder_version=&#8221;4.24.0&#8243; _module_preset=&#8221;default&#8221; max_width=&#8221;900px&#8221; global_colors_info=&#8221;{}&#8221;][et_pb_column type=&#8221;4_4&#8243; _builder_version=&#8221;4.23.4&#8243; _module_preset=&#8221;default&#8221; global_colors_info=&#8221;{}&#8221;][et_pb_text _builder_version=&#8221;4.24.0&#8243; _module_preset=&#8221;92aae06f-c11a-4f4c-95ff-b8e28412f5a2&#8243; global_colors_info=&#8221;{}&#8221;]<\/p>\n<p><span>Nos r\u00e9alisations<\/span><\/p>\n<p>[\/et_pb_text][et_pb_text _builder_version=&#8221;4.23.4&#8243; _module_preset=&#8221;default&#8221; text_orientation=&#8221;center&#8221; background_layout=&#8221;dark&#8221; animation_style=&#8221;fade&#8221; global_colors_info=&#8221;{}&#8221;]<\/p>\n<h2>D\u00e9couvrez nos <strong>r\u00e9alisations de pergolas<\/strong> VERANDAIR\u00ae<\/h2>\n<p>[\/et_pb_text][et_pb_divider show_divider=&#8221;off&#8221; _builder_version=&#8221;4.23.4&#8243; _module_preset=&#8221;2adabd0f-cb12-404f-9aa7-a3088280e564&#8243; module_alignment=&#8221;center&#8221; global_colors_info=&#8221;{}&#8221;][\/et_pb_divider][et_pb_text _builder_version=&#8221;4.24.0&#8243; _module_preset=&#8221;default&#8221; text_orientation=&#8221;center&#8221; background_layout=&#8221;dark&#8221; custom_margin=&#8221;||50px||false|false&#8221; global_colors_info=&#8221;{}&#8221;]<\/p>\n<p>Pergolas fixes, pergolas bioclimatiques, pergolas r\u00e9tractables, carport\u2026 <br \/>Consultez nos r\u00e9alisations, trouvez l\u2019inspiration et d\u00e9marrez votre projet avec VERANDAIR\u00ae.<\/p>\n<p>[\/et_pb_text][et_pb_button button_url=&#8221;@ET-DC@eyJkeW5hbWljIjp0cnVlLCJjb250ZW50IjoicG9zdF9saW5rX3VybF9wYWdlIiwic2V0dGluZ3MiOnsicG9zdF9pZCI6IjIzMzQifX0=@&#8221; button_text=&#8221;Voir d\u2019autres r\u00e9alisations&#8221; button_alignment=&#8221;center&#8221; _builder_version=&#8221;4.24.2&#8243; _dynamic_attributes=&#8221;button_url&#8221; _module_preset=&#8221;b50e34d2-0b8d-4c79-bf16-96cda59bf9d7&#8243; custom_margin=&#8221;||50px||false|false&#8221; global_colors_info=&#8221;{}&#8221;][\/et_pb_button][\/et_pb_column][\/et_pb_row][et_pb_row _builder_version=&#8221;4.24.0&#8243; _module_preset=&#8221;default&#8221; custom_padding=&#8221;50px||0px||false|false&#8221; global_colors_info=&#8221;{}&#8221;][et_pb_column type=&#8221;4_4&#8243; _builder_version=&#8221;4.24.0&#8243; _module_preset=&#8221;default&#8221; global_colors_info=&#8221;{}&#8221;][dsm_image_carousel gallery_ids=&#8221;74246,72003,71777,72001,71736,63747,1810,1815,74248,74183,74181,74070&#8243; sizes=&#8221;et-pb-post-main-image-fullwidth&#8221; lazyload=&#8221;on&#8221; slide_to_show=&#8221;3&#8243; slide_to_show_phone=&#8221;1&#8243; _builder_version=&#8221;4.27.5&#8243; _module_preset=&#8221;c42bd703-4936-44b8-8303-fadeb17c36f7&#8243; global_colors_info=&#8221;{}&#8221;][\/dsm_image_carousel][\/et_pb_column][\/et_pb_row][\/et_pb_section][et_pb_section fb_built=&#8221;1&#8243; module_class=&#8221;lazy-section&#8221; _builder_version=&#8221;4.27.5&#8243; _module_preset=&#8221;default&#8221; custom_padding=&#8221;||0px||false|false&#8221; global_colors_info=&#8221;{}&#8221;][et_pb_row _builder_version=&#8221;4.24.0&#8243; _module_preset=&#8221;default&#8221; max_width=&#8221;1000px&#8221; global_colors_info=&#8221;{}&#8221;][et_pb_column type=&#8221;4_4&#8243; _builder_version=&#8221;4.23.4&#8243; _module_preset=&#8221;default&#8221; global_colors_info=&#8221;{}&#8221;][et_pb_text _builder_version=&#8221;4.24.0&#8243; _module_preset=&#8221;92aae06f-c11a-4f4c-95ff-b8e28412f5a2&#8243; global_colors_info=&#8221;{}&#8221;]<\/p>\n<p><span>Nos produits<\/span><\/p>\n<p>[\/et_pb_text][et_pb_text _builder_version=&#8221;4.24.0&#8243; _module_preset=&#8221;default&#8221; text_orientation=&#8221;center&#8221; animation_style=&#8221;fade&#8221; global_colors_info=&#8221;{}&#8221;]<\/p>\n<h2>Trouvez la <strong>pergola VERANDAIR\u00ae<\/strong> faite pour vous<\/h2>\n<p>[\/et_pb_text][et_pb_divider show_divider=&#8221;off&#8221; _builder_version=&#8221;4.23.4&#8243; _module_preset=&#8221;2adabd0f-cb12-404f-9aa7-a3088280e564&#8243; module_alignment=&#8221;center&#8221; global_colors_info=&#8221;{}&#8221;][\/et_pb_divider][et_pb_text _builder_version=&#8221;4.24.0&#8243; _module_preset=&#8221;default&#8221; text_orientation=&#8221;center&#8221; custom_margin=&#8221;||50px||false|false&#8221; global_colors_info=&#8221;{}&#8221;]<\/p>\n<p><span>Abri r\u00e9tractable, pergola bioclimatique, pergola \u00e0 toiture fixe, pergola r\u00e9tractable, v\u00e9randa pour Horeca\u2026 <br \/>Chez VERANDAIR\u00ae, nous avons un mod\u00e8le adapt\u00e9 \u00e0 vos besoins. <\/span><\/p>\n<p>[\/et_pb_text][\/et_pb_column][\/et_pb_row][et_pb_row _builder_version=&#8221;4.24.0&#8243; _module_preset=&#8221;default&#8221; custom_padding=&#8221;||0px||false|false&#8221; global_colors_info=&#8221;{}&#8221;][et_pb_column type=&#8221;4_4&#8243; _builder_version=&#8221;4.24.0&#8243; _module_preset=&#8221;default&#8221; global_colors_info=&#8221;{}&#8221;][dsm_advanced_tabs dsm_show_arrow=&#8221;on&#8221; dsm_tabs_horizontal_alignment=&#8221;center&#8221; dsm_content_image_width=&#8221;50%&#8221; dsm_content_image_width_tablet=&#8221;100%&#8221; dsm_content_image_width_phone=&#8221;100%&#8221; dsm_content_image_width_last_edited=&#8221;on|tablet&#8221; _builder_version=&#8221;4.27.5&#8243; _module_preset=&#8221;2af3a577-2af2-4249-b6b3-b27bb363d685&#8243; global_colors_info=&#8221;{%22gcid-5c4546d4-de02-4649-8683-d4192d8e1655%22:%91%22dsm_tabs_text_color%22%93,%22gcid-a78bba3e-9a00-4c62-8b29-47f3d6c30097%22:%91%22dsm_tabs_active_text_color%22%93,%22gcid-4f3ca7d5-152d-4540-91b1-cc24563bf794%22:%91%22box_shadow_color_content_image_icon%22%93,%22gcid-02eea4c1-992a-4bff-aee2-539b98054199%22:%91%22button_border_color__hover%22%93}&#8221;][dsm_advanced_tabs_child dsm_title=&#8221;Pergola&#8221; dsm_content_title=&#8221;Pergolas VERANDAIR\u00ae : vivez dehors, toute l\u2019ann\u00e9e&#8221; dsm_content=&#8221;<\/p>\n<p data-start=%2254%22 data-end=%22749%22>Offrez-vous un <strong data-start=%2273%22 data-end=%22107%22>nouvel espace de vie ext\u00e9rieur<\/strong> avec une <strong data-start=%22117%22 data-end=%22139%22>pergola VERANDAIR\u00ae<\/strong>. <strong data-start=%22141%22 data-end=%22152%22>Adoss\u00e9e<\/strong> ou <strong data-start=%22156%22 data-end=%22172%22>autoportante<\/strong>, \u00e0 <strong data-start=%22176%22 data-end=%22189%22>toit plat<\/strong> ou <strong data-start=%22193%22 data-end=%22202%22>pente<\/strong>, elle s\u2019adapte \u00e0 toutes les configurations. Con\u00e7ues en <strong data-start=%22258%22 data-end=%22271%22>aluminium<\/strong>, nos pergolas allient <strong data-start=%22294%22 data-end=%22304%22>design<\/strong>, <strong data-start=%22306%22 data-end=%22320%22>robustesse<\/strong> et <strong data-start=%22324%22 data-end=%22344%22>entretien facile<\/strong>. Leur conception <strong data-start=%22362%22 data-end=%22388%22>modulable et \u00e9volutive<\/strong> permet d\u2019ajouter des <strong data-start=%22410%22 data-end=%22438%22>parois vitr\u00e9es lat\u00e9rales<\/strong> m\u00eame des ann\u00e9es apr\u00e8s l\u2019installation, pour plus de <strong data-start=%22490%22 data-end=%22501%22>confort<\/strong> et de <strong data-start=%22508%22 data-end=%22522%22>protection<\/strong>. Avec une <strong data-start=%22533%22 data-end=%22562%22>\u00e9vacuation d\u2019eau int\u00e9gr\u00e9e<\/strong>, des options comme les <strong data-start=%22586%22 data-end=%22599%22>spots LED<\/strong> et un <strong data-start=%22606%22 data-end=%22633%22>large choix de couleurs<\/strong>, cr\u00e9ez un espace <strong data-start=%22651%22 data-end=%22665%22>sur mesure<\/strong> pour profiter pleinement de votre terrasse.<\/p>\n<p>&#8221; dsm_content_use_icon_image=&#8221;on&#8221; dsm_content_image=&#8221;https:\/\/www.verandair.com\/wp-content\/uploads\/2026\/01\/pergola-bioclimatique-14.jpg&#8221; dsm_content_image_icon_placement=&#8221;left&#8221; button_text=&#8221;D\u00e9couvrir les pergolas&#8221; button_url=&#8221;@ET-DC@eyJkeW5hbWljIjp0cnVlLCJjb250ZW50IjoicG9zdF9saW5rX3VybF9wYWdlIiwic2V0dGluZ3MiOnsicG9zdF9pZCI6IjIyNzcifX0=@&#8221; dsm_content_image_icon_placement_tablet=&#8221;top&#8221; dsm_content_image_icon_placement_phone=&#8221;top&#8221; dsm_content_image_icon_placement_last_edited=&#8221;on|tablet&#8221; _builder_version=&#8221;4.27.5&#8243; _dynamic_attributes=&#8221;button_url&#8221; _module_preset=&#8221;default&#8221; global_colors_info=&#8221;{}&#8221; parentOrderClass=&#8221;dsm_advanced_tabs_0&#8243;][\/dsm_advanced_tabs_child][dsm_advanced_tabs_child dsm_title=&#8221;Abri de terrasse&#8221; dsm_content_title=&#8221;Abri de terrasse r\u00e9tractable VERANDAIR\u00ae : profitez dehors, par tous les temps&#8221; dsm_content=&#8221;<\/p>\n<p>Prolongez la saison et vivez votre ext\u00e9rieur plus souvent gr\u00e2ce \u00e0 l\u2019<strong data-start=%22154%22 data-end=%22197%22>abri de terrasse r\u00e9tractable VERANDAIR\u00ae<\/strong>. Con\u00e7u en <strong data-start=%22208%22 data-end=%22235%22>aluminium haute qualit\u00e9<\/strong> trait\u00e9 <strong data-start=%22243%22 data-end=%22261%22>anti-corrosion<\/strong>, il offre une structure <strong data-start=%22286%22 data-end=%22296%22>design<\/strong>, durable et facile d\u2019entretien. Son syst\u00e8me <strong data-start=%22341%22 data-end=%22362%22>sans rails au sol<\/strong> garantit un espace plus <strong data-start=%22387%22 data-end=%22399%22>s\u00e9curis\u00e9<\/strong> et plus <strong data-start=%22408%22 data-end=%22422%22>esth\u00e9tique<\/strong>. <strong data-start=%22424%22 data-end=%22434%22>Adoss\u00e9<\/strong> ou <strong data-start=%22438%22 data-end=%22453%22>autoportant<\/strong>, enti\u00e8rement <strong data-start=%22467%22 data-end=%22481%22>sur mesure<\/strong>, il s\u2019adapte \u00e0 votre maison et \u00e0 vos envies, avec <strong data-start=%22532%22 data-end=%22547%22>toit opaque<\/strong> et <strong data-start=%22551%22 data-end=%22569%22>parois vitr\u00e9es<\/strong> pour une belle luminosit\u00e9. En p\u00e9riode d\u2019ensoleillement, vous pouvez gagner <strong data-start=%22645%22 data-end=%22656%22>6 \u00e0 8\u00b0C<\/strong> et profiter d\u2019options comme <strong data-start=%22685%22 data-end=%22692%22>LED<\/strong>, <strong data-start=%22694%22 data-end=%22704%22>stores<\/strong> ou <strong data-start=%22708%22 data-end=%22724%22>motorisation<\/strong>.<\/p>\n<p>&#8221; dsm_content_use_icon_image=&#8221;on&#8221; dsm_content_image=&#8221;https:\/\/www.verandair.com\/wp-content\/uploads\/2024\/02\/VERANDAIR-selection-09-abri-terrasse.jpg&#8221; dsm_content_image_icon_placement=&#8221;left&#8221; button_text=&#8221;D\u00e9couvrir les abris de terrasse&#8221; button_url=&#8221;@ET-DC@eyJkeW5hbWljIjp0cnVlLCJjb250ZW50IjoicG9zdF9saW5rX3VybF9wYWdlIiwic2V0dGluZ3MiOnsicG9zdF9pZCI6IjIyOTkifX0=@&#8221; dsm_content_image_icon_placement_tablet=&#8221;top&#8221; dsm_content_image_icon_placement_phone=&#8221;top&#8221; dsm_content_image_icon_placement_last_edited=&#8221;on|tablet&#8221; _builder_version=&#8221;4.27.5&#8243; _dynamic_attributes=&#8221;button_url&#8221; _module_preset=&#8221;default&#8221; global_colors_info=&#8221;{}&#8221; parentOrderClass=&#8221;dsm_advanced_tabs_0&#8243;][\/dsm_advanced_tabs_child][dsm_advanced_tabs_child dsm_title=&#8221;Pool house&#8221; dsm_content_title=&#8221;Pool house VERANDAIR\u00ae : le confort au bord de la piscine&#8221; dsm_content=&#8221;<\/p>\n<p>Envie de profiter pleinement de votre piscine et de votre jardin ? Le <strong data-start=%22135%22 data-end=%22160%22>pool house VERANDAIR\u00ae<\/strong> cr\u00e9e un <strong data-start=%22169%22 data-end=%22196%22>espace ferm\u00e9 et \u00e9l\u00e9gant<\/strong> \u00e0 quelques pas de l\u2019eau, id\u00e9al pour se d\u00e9tendre, recevoir ou ranger votre \u00e9quipement. Sa structure en <strong data-start=%22299%22 data-end=%22312%22>aluminium<\/strong> associ\u00e9e \u00e0 un <strong data-start=%22327%22 data-end=%22348%22>habillage en bois<\/strong> apporte un style moderne et chaleureux, parfaitement int\u00e9gr\u00e9 \u00e0 votre ext\u00e9rieur. <strong data-start=%22429%22 data-end=%22455%22>Enti\u00e8rement sur mesure<\/strong>, il s\u2019adapte \u00e0 vos besoins et \u00e0 l\u2019am\u00e9nagement de votre terrain, pour devenir un v\u00e9ritable lieu de vie. Transformez votre espace piscine en coin bien-\u00eatre, pratique et esth\u00e9tique, et profitez de votre ext\u00e9rieur plus longtemps, en toute s\u00e9r\u00e9nit\u00e9.<\/p>\n<p>&#8221; dsm_content_use_icon_image=&#8221;on&#8221; dsm_content_image=&#8221;https:\/\/www.verandair.com\/wp-content\/uploads\/2024\/04\/VERANDAIR-poolhouse-08.jpg&#8221; dsm_content_image_icon_placement=&#8221;left&#8221; button_text=&#8221;En savoir plus sur nos pool houses&#8221; button_url=&#8221;@ET-DC@eyJkeW5hbWljIjp0cnVlLCJjb250ZW50IjoicG9zdF9saW5rX3VybF9wYWdlIiwic2V0dGluZ3MiOnsicG9zdF9pZCI6IjIzMDEifX0=@&#8221; dsm_content_image_icon_placement_tablet=&#8221;top&#8221; dsm_content_image_icon_placement_phone=&#8221;top&#8221; dsm_content_image_icon_placement_last_edited=&#8221;on|tablet&#8221; _builder_version=&#8221;4.27.5&#8243; _dynamic_attributes=&#8221;button_url&#8221; _module_preset=&#8221;default&#8221; global_colors_info=&#8221;{}&#8221; parentOrderClass=&#8221;dsm_advanced_tabs_0&#8243;][\/dsm_advanced_tabs_child][dsm_advanced_tabs_child dsm_title=&#8221;Carport aluminium&#8221; dsm_content_title=&#8221;Carport aluminium VERANDAIR\u00ae : prot\u00e9gez votre v\u00e9hicule avec style&#8221; dsm_content=&#8221;<\/p>\n<p>Le <strong data-start=%22758%22 data-end=%22793%22>carport en aluminium VERANDAIR\u00ae<\/strong> est une solution <strong data-start=%22811%22 data-end=%22843%22>moderne, \u00e9l\u00e9gante et durable<\/strong> pour prot\u00e9ger votre v\u00e9hicule des <strong data-start=%22877%22 data-end=%22892%22>intemp\u00e9ries<\/strong>, des <strong data-start=%22898%22 data-end=%22904%22>UV<\/strong> et des <strong data-start=%22912%22 data-end=%22926%22>salissures<\/strong> toute l\u2019ann\u00e9e. <strong data-start=%22942%22 data-end=%22977%22>Fabriqu\u00e9 sur mesure en Belgique<\/strong>, il s\u2019adapte parfaitement \u00e0 votre espace ext\u00e9rieur et \u00e0 tous types de v\u00e9hicules. Alternative <strong data-start=%221071%22 data-end=%221085%22>\u00e9conomique<\/strong> au garage traditionnel, il combine <strong data-start=%221121%22 data-end=%221135%22>robustesse<\/strong>, <strong data-start=%221137%22 data-end=%221153%22>design \u00e9pur\u00e9<\/strong> et <strong data-start=%221157%22 data-end=%221178%22>entretien minimal<\/strong> gr\u00e2ce \u00e0 des mat\u00e9riaux de haute qualit\u00e9. Personnalisable, il s\u2019int\u00e8gre harmonieusement \u00e0 l\u2019architecture de votre maison pour un r\u00e9sultat \u00e0 la fois pratique et esth\u00e9tique.<\/p>\n<p>&#8221; dsm_content_use_icon_image=&#8221;on&#8221; dsm_content_image=&#8221;https:\/\/www.verandair.com\/wp-content\/uploads\/2025\/12\/carport03.webp&#8221; dsm_content_image_icon_placement=&#8221;left&#8221; button_text=&#8221;En savoir plus sur nos carports&#8221; button_url=&#8221;@ET-DC@eyJkeW5hbWljIjp0cnVlLCJjb250ZW50IjoicG9zdF9saW5rX3VybF9wYWdlIiwic2V0dGluZ3MiOnsicG9zdF9pZCI6IjIzMDUifX0=@&#8221; dsm_content_image_icon_placement_tablet=&#8221;top&#8221; dsm_content_image_icon_placement_phone=&#8221;top&#8221; dsm_content_image_icon_placement_last_edited=&#8221;on|tablet&#8221; _builder_version=&#8221;4.27.5&#8243; _dynamic_attributes=&#8221;button_url&#8221; _module_preset=&#8221;default&#8221; global_colors_info=&#8221;{}&#8221; parentOrderClass=&#8221;dsm_advanced_tabs_0&#8243;][\/dsm_advanced_tabs_child][dsm_advanced_tabs_child dsm_title=&#8221;Stores bannes&#8221; dsm_content_title=&#8221;Stores bannes VERANDAIR\u00ae : de l\u2019ombre et du confort en un geste&#8221; dsm_content=&#8221;<\/p>\n<p>Cr\u00e9ez une zone d\u2019ombre agr\u00e9able avec un <strong data-start=%221505%22 data-end=%221542%22>store banne \u00e9lectrique VERANDAIR\u00ae<\/strong>, install\u00e9 sur la fa\u00e7ade au-dessus de votre terrasse ou d\u2019une fen\u00eatre. Son <strong data-start=%221617%22 data-end=%221634%22>caisson ferm\u00e9<\/strong>, disponible en diff\u00e9rentes formes, prot\u00e8ge efficacement la <strong data-start=%221694%22 data-end=%221703%22>toile<\/strong> et les <strong data-start=%221711%22 data-end=%221729%22>bras articul\u00e9s<\/strong> des conditions m\u00e9t\u00e9orologiques, pour une meilleure durabilit\u00e9. Id\u00e9al pour profiter de l\u2019ext\u00e9rieur sans subir la chaleur, le store banne allie <strong data-start=%221872%22 data-end=%221883%22>confort<\/strong>, <strong data-start=%221885%22 data-end=%221907%22>protection solaire<\/strong> et <strong data-start=%221911%22 data-end=%221925%22>esth\u00e9tique<\/strong>, tout en s\u2019int\u00e9grant avec discr\u00e9tion \u00e0 votre habitation. Une solution simple et \u00e9l\u00e9gante pour vivre dehors plus souvent.<\/p>\n<p>&#8221; dsm_content_use_icon_image=&#8221;on&#8221; dsm_content_image=&#8221;https:\/\/www.verandair.com\/wp-content\/uploads\/2025\/12\/Winsol_Linasol-Awning-min.webp&#8221; dsm_content_image_icon_placement=&#8221;left&#8221; button_text=&#8221;D\u00e9couvrir les stores bannes&#8221; button_url=&#8221;@ET-DC@eyJkeW5hbWljIjp0cnVlLCJjb250ZW50IjoicG9zdF9saW5rX3VybF9wYWdlIiwic2V0dGluZ3MiOnsicG9zdF9pZCI6IjcxNzY1In19@&#8221; dsm_content_image_icon_placement_tablet=&#8221;top&#8221; dsm_content_image_icon_placement_phone=&#8221;top&#8221; dsm_content_image_icon_placement_last_edited=&#8221;on|tablet&#8221; _builder_version=&#8221;4.27.5&#8243; _dynamic_attributes=&#8221;button_url&#8221; _module_preset=&#8221;default&#8221; global_colors_info=&#8221;{}&#8221; parentOrderClass=&#8221;dsm_advanced_tabs_0&#8243;][\/dsm_advanced_tabs_child][\/dsm_advanced_tabs][\/et_pb_column][\/et_pb_row][\/et_pb_section][et_pb_section fb_built=&#8221;1&#8243; module_class=&#8221;lazy-section&#8221; _builder_version=&#8221;4.27.5&#8243; _module_preset=&#8221;default&#8221; use_background_color_gradient=&#8221;on&#8221; background_color_gradient_stops=&#8221;gcid-7df8ee83-ae0d-4f60-a763-b085a292aac7 0%|#ffffff 99%&#8221; custom_margin=&#8221;-1px||||false|false&#8221; global_colors_info=&#8221;{%22gcid-7df8ee83-ae0d-4f60-a763-b085a292aac7%22:%91%22background_color_gradient_stops%22%93}&#8221;][et_pb_row column_structure=&#8221;2_5,3_5&#8243; use_custom_gutter=&#8221;on&#8221; gutter_width=&#8221;3&#8243; _builder_version=&#8221;4.24.0&#8243; _module_preset=&#8221;default&#8221; global_colors_info=&#8221;{}&#8221;][et_pb_column type=&#8221;2_5&#8243; _builder_version=&#8221;4.23.4&#8243; _module_preset=&#8221;default&#8221; global_colors_info=&#8221;{}&#8221;][et_pb_text _builder_version=&#8221;4.24.0&#8243; _module_preset=&#8221;default&#8221; global_colors_info=&#8221;{}&#8221;]<\/p>\n<h2>Les <strong>avantages<\/strong> d\u2019une <strong>pergola<\/strong> VERANDAIR\u00ae<\/h2>\n<p>[\/et_pb_text][et_pb_divider show_divider=&#8221;off&#8221; _builder_version=&#8221;4.23.4&#8243; _module_preset=&#8221;2adabd0f-cb12-404f-9aa7-a3088280e564&#8243; global_colors_info=&#8221;{}&#8221;][\/et_pb_divider][\/et_pb_column][et_pb_column type=&#8221;3_5&#8243; _builder_version=&#8221;4.23.4&#8243; _module_preset=&#8221;default&#8221; global_colors_info=&#8221;{}&#8221;][dsm_faq dsm_accordion_gap=&#8221;20px&#8221; dsm_make_accordion_toggle=&#8221;on&#8221; dsm_open_font_icon=&#8221;&#x32;||divi||400&#8243; dsm_close_font_icon=&#8221;&#x33;||divi||400&#8243; dsm_animate_icon=&#8221;on&#8221; _builder_version=&#8221;4.24.0&#8243; _module_preset=&#8221;default&#8221; global_colors_info=&#8221;{}&#8221;][dsm_faq_child dsm_title=&#8221;Extension modulable&#8221; dsm_content=&#8221;<\/p>\n<p>La pergola permet d<strong>\u2019agrandir une pi\u00e8ce de vie <\/strong>comme une extension. Une pergola r\u00e9tractable vous permettra de profiter de votre terrasse <strong>tout au long de l\u2019ann\u00e9e<\/strong>, mais \u00e9galement de cr\u00e9er des <strong>espaces modulables selon les saisons<\/strong> et vos envies. Ainsi, au fil du temps, votre pergola pourra \u00eatre une terrasse couverte, un atelier, un espace de d\u00e9tente, un bureau \u00e0 ciel ouvert\u2026 C\u2019est \u00e0 vous de d\u00e9cider !<\/p>\n<p>&#8221; dsm_child_close_font_icon=&#8221;&#x30;||divi||400&#8243; _builder_version=&#8221;4.24.0&#8243; _module_preset=&#8221;default&#8221; global_colors_info=&#8221;{}&#8221; parentOrderClass=&#8221;dsm_faq_0&#8243;][\/dsm_faq_child][dsm_faq_child dsm_title=&#8221;Apport de luminosit\u00e9&#8221; dsm_content=&#8221;<\/p>\n<p>La pergola \u00e0 toiture ferm\u00e9e, bioclimatique \u00e0 lames orientables ou r\u00e9tractable vous permet de profiter d\u2019un espace ext\u00e9rieur tout en vous offrant de la <strong>lumi\u00e8re naturelle<\/strong>. M\u00eame si la m\u00e9t\u00e9o n\u2019est pas agr\u00e9able, vous b\u00e9n\u00e9ficiez d\u2019une plus grande luminosit\u00e9.<\/p>\n<p>&#8221; dsm_child_close_font_icon=&#8221;&#xf185;||fa||900&#8243; _builder_version=&#8221;4.24.0&#8243; _module_preset=&#8221;default&#8221; global_colors_info=&#8221;{}&#8221; parentOrderClass=&#8221;dsm_faq_0&#8243;][\/dsm_faq_child][dsm_faq_child dsm_title=&#8221;Design moderne, personnalis\u00e9 et sur mesure&#8221; dsm_content=&#8221;<\/p>\n<p>Les pergolas VERANDAIR\u00ae sont fabriqu\u00e9es <strong>sur mesure <\/strong>en fonction des dimensions souhait\u00e9es. <strong>Personnalisables<\/strong>, elles s\u2019adaptent parfaitement \u00e0 votre maison et \u00e0 vos ext\u00e9rieurs afin d\u2019offrir un design moderne et \u00e9l\u00e9gant.<\/p>\n<p>&#8221; dsm_child_close_font_icon=&#8221;&#xf5c3;||fa||900&#8243; _builder_version=&#8221;4.24.0&#8243; _module_preset=&#8221;default&#8221; global_colors_info=&#8221;{}&#8221; parentOrderClass=&#8221;dsm_faq_0&#8243;][\/dsm_faq_child][\/dsm_faq][\/et_pb_column][\/et_pb_row][\/et_pb_section][et_pb_section fb_built=&#8221;1&#8243; admin_label=&#8221;Chiffres et intro&#8221; module_class=&#8221;lazy-section&#8221; _builder_version=&#8221;4.27.5&#8243; _module_preset=&#8221;default&#8221; background_color=&#8221;gcid-a78bba3e-9a00-4c62-8b29-47f3d6c30097&#8243; background_image=&#8221;https:\/\/www.verandair.com\/wp-content\/uploads\/2024\/01\/verandair-abri-terrasse-retractable-2.jpg&#8221; background_blend=&#8221;multiply&#8221; global_colors_info=&#8221;{%22gcid-a78bba3e-9a00-4c62-8b29-47f3d6c30097%22:%91%22background_color%22%93}&#8221;][et_pb_row column_structure=&#8221;1_2,1_2&#8243; make_equal=&#8221;on&#8221; _builder_version=&#8221;4.27.5&#8243; _module_preset=&#8221;default&#8221; custom_css_main_element=&#8221;align-items: center;&#8221; global_colors_info=&#8221;{}&#8221;][et_pb_column type=&#8221;1_2&#8243; _builder_version=&#8221;4.23.4&#8243; _module_preset=&#8221;default&#8221; global_colors_info=&#8221;{}&#8221;][et_pb_text _builder_version=&#8221;4.24.0&#8243; _module_preset=&#8221;default&#8221; background_layout=&#8221;dark&#8221; animation_style=&#8221;fade&#8221; global_colors_info=&#8221;{}&#8221;]<\/p>\n<h2>VERANDAIR\u00ae , l\u2019expert de la pergola r\u00e9tractable pour les particuliers et les professionnels<\/h2>\n<p>[\/et_pb_text][et_pb_divider show_divider=&#8221;off&#8221; _builder_version=&#8221;4.24.0&#8243; _module_preset=&#8221;2adabd0f-cb12-404f-9aa7-a3088280e564&#8243; global_colors_info=&#8221;{}&#8221;][\/et_pb_divider][et_pb_text _builder_version=&#8221;4.27.5&#8243; _module_preset=&#8221;default&#8221; background_layout=&#8221;dark&#8221; custom_margin=&#8221;||50px||false|false&#8221; global_colors_info=&#8221;{}&#8221;]<\/p>\n<p>Depuis <strong>plus de 35 ans<\/strong>, VERANDAIR\u00ae con\u00e7oit et fabrique des pergolas r\u00e9tractables en Belgique. Situ\u00e9e \u00e0 Spy, non loin de Jemeppe-sur-Sambre, en Belgique, l\u2019entreprise VERANDAIR\u00ae est quotidiennement <strong>active dans toute l\u2019Europe, mais \u00e9galement en Afrique et en Am\u00e9rique du Nord<\/strong>.<\/p>\n<p>Aujourd\u2019hui, plus de<strong> 10.000 instalations VERANDAIR<\/strong><strong>\u00ae<\/strong> sont la preuve d\u2019un travail de qualit\u00e9 et de passion. Un travail qui a permis \u00e0 l\u2019entreprise familiale de positionner en tant que <strong>sp\u00e9cialiste des structures en aluminium r\u00e9tractables.<\/strong><\/p>\n<p>[\/et_pb_text][\/et_pb_column][et_pb_column type=&#8221;1_2&#8243; _builder_version=&#8221;4.23.4&#8243; _module_preset=&#8221;default&#8221; global_colors_info=&#8221;{}&#8221;][et_pb_image src=&#8221;https:\/\/www.verandair.com\/wp-content\/uploads\/2024\/02\/VERANDAIR-abri-terrasse-13.jpg&#8221; title_text=&#8221;VERANDAIR-abri-terrasse-13&#8243; _builder_version=&#8221;4.24.0&#8243; _module_preset=&#8221;default&#8221; global_colors_info=&#8221;{}&#8221;][\/et_pb_image][\/et_pb_column][\/et_pb_row][\/et_pb_section][et_pb_section fb_built=&#8221;1&#8243; module_class=&#8221;lazy-section&#8221; _builder_version=&#8221;4.27.5&#8243; _module_preset=&#8221;default&#8221; background_image=&#8221;https:\/\/www.verandair.com\/wp-content\/uploads\/2024\/01\/fond-2.jpg&#8221; global_colors_info=&#8221;{}&#8221;][et_pb_row _builder_version=&#8221;4.23.4&#8243; _module_preset=&#8221;default&#8221; max_width=&#8221;800px&#8221; custom_padding=&#8221;||30px||false|false&#8221; global_colors_info=&#8221;{}&#8221;][et_pb_column type=&#8221;4_4&#8243; _builder_version=&#8221;4.23.4&#8243; _module_preset=&#8221;default&#8221; global_colors_info=&#8221;{}&#8221;][et_pb_text _builder_version=&#8221;4.24.0&#8243; _module_preset=&#8221;default&#8221; text_orientation=&#8221;center&#8221; animation_style=&#8221;fade&#8221; global_colors_info=&#8221;{}&#8221;]<\/p>\n<h3>Nos <strong>valeurs<\/strong><\/h3>\n<p>[\/et_pb_text][et_pb_divider show_divider=&#8221;off&#8221; _builder_version=&#8221;4.23.4&#8243; _module_preset=&#8221;2adabd0f-cb12-404f-9aa7-a3088280e564&#8243; module_alignment=&#8221;center&#8221; global_colors_info=&#8221;{}&#8221;][\/et_pb_divider][\/et_pb_column][\/et_pb_row][et_pb_row column_structure=&#8221;1_4,1_4,1_4,1_4&#8243; _builder_version=&#8221;4.23.4&#8243; _module_preset=&#8221;default&#8221; global_colors_info=&#8221;{}&#8221;][et_pb_column type=&#8221;1_4&#8243; _builder_version=&#8221;4.23.4&#8243; _module_preset=&#8221;default&#8221; global_colors_info=&#8221;{}&#8221;][et_pb_image src=&#8221;https:\/\/www.verandair.com\/wp-content\/uploads\/2024\/01\/VERANDAIR-prix-1.svg&#8221; title_text=&#8221;VERANDAIR-prix&#8221; _builder_version=&#8221;4.24.0&#8243; _module_preset=&#8221;0353bf8c-d4a9-4291-934d-c656c110f926&#8243; global_colors_info=&#8221;{}&#8221;][\/et_pb_image][et_pb_text _builder_version=&#8221;4.24.0&#8243; _module_preset=&#8221;5298e62e-f7ac-4dd9-b361-006fc4da68de&#8221; global_colors_info=&#8221;{}&#8221;]<\/p>\n<h4 class=\"p1\">Qualit\u00e9<\/h4>\n<p>Nous fabriquons nos pergolas et abris de terrasse<strong>\u00a0en Belgique<\/strong>, \u00e0 Spy, avec des mat\u00e9riaux <strong>100 % renouvelables<\/strong>. Nous vous proposons des structures en aluminium <strong>solides<\/strong>, <strong>esth\u00e9tiques<\/strong> et <strong>durables<\/strong> \u00e0 un prix attractif.<\/p>\n<p>[\/et_pb_text][\/et_pb_column][et_pb_column type=&#8221;1_4&#8243; _builder_version=&#8221;4.23.4&#8243; _module_preset=&#8221;default&#8221; global_colors_info=&#8221;{}&#8221;][et_pb_image src=&#8221;https:\/\/www.verandair.com\/wp-content\/uploads\/2024\/02\/VERANDAIR-integrite.svg&#8221; title_text=&#8221;VERANDAIR-integrite&#8221; _builder_version=&#8221;4.24.0&#8243; _module_preset=&#8221;0353bf8c-d4a9-4291-934d-c656c110f926&#8243; global_colors_info=&#8221;{}&#8221;][\/et_pb_image][et_pb_text _builder_version=&#8221;4.24.0&#8243; _module_preset=&#8221;5298e62e-f7ac-4dd9-b361-006fc4da68de&#8221; global_colors_info=&#8221;{}&#8221;]<\/p>\n<h4>Int\u00e9grit\u00e9<\/h4>\n<p>Chez VERANDAIR\u00ae, nous traitons votre projet avec <strong>int\u00e9grit\u00e9<\/strong>, <strong>transparence<\/strong> et <strong>honn\u00eatet\u00e9<\/strong>. Nous restons <strong>fid\u00e8les \u00e0 nos engagements<\/strong>, que ce soit au niveau de la qualit\u00e9 de nos produits et services ou de nos d<strong>\u00e9marches \u00e9coresponsables<\/strong>.<\/p>\n<p>[\/et_pb_text][\/et_pb_column][et_pb_column type=&#8221;1_4&#8243; _builder_version=&#8221;4.23.4&#8243; _module_preset=&#8221;default&#8221; global_colors_info=&#8221;{}&#8221;][et_pb_image src=&#8221;https:\/\/www.verandair.com\/wp-content\/uploads\/2024\/02\/VERANDAIR-respect.svg&#8221; title_text=&#8221;VERANDAIR-respect&#8221; _builder_version=&#8221;4.24.0&#8243; _module_preset=&#8221;0353bf8c-d4a9-4291-934d-c656c110f926&#8243; global_colors_info=&#8221;{}&#8221;][\/et_pb_image][et_pb_text _builder_version=&#8221;4.24.0&#8243; _module_preset=&#8221;5298e62e-f7ac-4dd9-b361-006fc4da68de&#8221; global_colors_info=&#8221;{}&#8221;]<\/p>\n<h4>Respect<\/h4>\n<p>Votre <strong>satisfaction<\/strong> est notre priorit\u00e9. Nous communiquons avec <strong>clart\u00e9<\/strong> et \u00e9coutons attentivement vos <strong>besoins<\/strong>. Nous nous assurons que chaque projet corresponde \u00e0 vos <strong>envies et exigences<\/strong>. Nous nous engageons \u00e0 cr\u00e9er une <strong>exp\u00e9rience client exceptionnelle<\/strong>.<\/p>\n<p>[\/et_pb_text][\/et_pb_column][et_pb_column type=&#8221;1_4&#8243; _builder_version=&#8221;4.23.4&#8243; _module_preset=&#8221;default&#8221; global_colors_info=&#8221;{}&#8221;][et_pb_image src=&#8221;https:\/\/www.verandair.com\/wp-content\/uploads\/2024\/02\/VERANDAIR-disponibilite.svg&#8221; title_text=&#8221;VERANDAIR-disponibilite&#8221; _builder_version=&#8221;4.24.0&#8243; _module_preset=&#8221;0353bf8c-d4a9-4291-934d-c656c110f926&#8243; global_colors_info=&#8221;{}&#8221;][\/et_pb_image][et_pb_text _builder_version=&#8221;4.24.0&#8243; _module_preset=&#8221;5298e62e-f7ac-4dd9-b361-006fc4da68de&#8221; global_colors_info=&#8221;{}&#8221;]<\/p>\n<h4>Disponibilit\u00e9<\/h4>\n<p>Afin de vous fournir une <strong>exp\u00e9rience client de qualit\u00e9<\/strong>, notre \u00e9quipe se tient \u00e0 votre disposition pour r\u00e9pondre \u00e0 vos questions et vous proposer des conseils et solutions personnalis\u00e9s. <strong>Flexibles<\/strong> et <strong>disponibles<\/strong>, nous vous proposons un <strong>service client rapide et professionnel. <\/strong><\/p>\n<p>[\/et_pb_text][\/et_pb_column][\/et_pb_row][et_pb_row _builder_version=&#8221;4.23.4&#8243; _module_preset=&#8221;default&#8221; global_colors_info=&#8221;{}&#8221;][et_pb_column type=&#8221;4_4&#8243; _builder_version=&#8221;4.23.4&#8243; _module_preset=&#8221;default&#8221; global_colors_info=&#8221;{}&#8221;][et_pb_button button_url=&#8221;@ET-DC@eyJkeW5hbWljIjp0cnVlLCJjb250ZW50IjoicG9zdF9saW5rX3VybF9wYWdlIiwic2V0dGluZ3MiOnsicG9zdF9pZCI6IjU5MCJ9fQ==@&#8221; button_text=&#8221;En savoir plus sur VERANDAIR\u00ae&#8221; button_alignment=&#8221;center&#8221; _builder_version=&#8221;4.24.0&#8243; _dynamic_attributes=&#8221;button_url&#8221; _module_preset=&#8221;ae8d3791-01a2-4c4b-b221-c3f14f812284&#8243; custom_margin=&#8221;||20px||false|false&#8221; global_colors_info=&#8221;{}&#8221;][\/et_pb_button][\/et_pb_column][\/et_pb_row][\/et_pb_section][et_pb_section fb_built=&#8221;1&#8243; admin_label=&#8221;Chiffres et intro&#8221; module_class=&#8221;lazy-section&#8221; _builder_version=&#8221;4.27.5&#8243; _module_preset=&#8221;default&#8221; background_color=&#8221;gcid-a78bba3e-9a00-4c62-8b29-47f3d6c30097&#8243; background_image=&#8221;https:\/\/www.verandair.com\/wp-content\/uploads\/2024\/01\/verandair-abri-terrasse-retractable-2.jpg&#8221; background_blend=&#8221;multiply&#8221; z_index=&#8221;10&#8243; custom_margin=&#8221;||||false|false&#8221; locked=&#8221;off&#8221; global_colors_info=&#8221;{%22gcid-a78bba3e-9a00-4c62-8b29-47f3d6c30097%22:%91%22background_color%22%93}&#8221;][et_pb_row column_structure=&#8221;1_2,1_2&#8243; use_custom_gutter=&#8221;on&#8221; gutter_width=&#8221;4&#8243; make_equal=&#8221;on&#8221; _builder_version=&#8221;4.27.5&#8243; _module_preset=&#8221;default&#8221; custom_css_main_element=&#8221;align-items: center;&#8221; global_colors_info=&#8221;{}&#8221;][et_pb_column type=&#8221;1_2&#8243; _builder_version=&#8221;4.27.5&#8243; _module_preset=&#8221;default&#8221; global_colors_info=&#8221;{}&#8221;][et_pb_image src=&#8221;https:\/\/www.verandair.com\/wp-content\/uploads\/2024\/01\/VERANDAIR-showroom-1.jpg&#8221; title_text=&#8221;VERANDAIR-showroom-1&#8243; _builder_version=&#8221;4.24.0&#8243; _module_preset=&#8221;4488f48f-90ff-45b1-92b3-2d688d6a76fa&#8221; scroll_vertical_motion_enable=&#8221;on&#8221; scroll_vertical_motion=&#8221;0|40|40|100|-0.5|0|0&#8243; scroll_horizontal_motion_enable=&#8221;on&#8221; scroll_horizontal_motion=&#8221;0|40|40|100|-0.5|0|0&#8243; scroll_fade_enable=&#8221;on&#8221; scroll_fade=&#8221;0|40|40|100|0|100|100&#8243; global_colors_info=&#8221;{}&#8221;][\/et_pb_image][et_pb_image src=&#8221;https:\/\/www.verandair.com\/wp-content\/uploads\/2024\/01\/VERANDAIR-usine.jpg&#8221; title_text=&#8221;VERANDAIR-usine&#8221; _builder_version=&#8221;4.23.4&#8243; _module_preset=&#8221;6e7eef80-14d6-4228-a833-9114c0b38bf0&#8243; scroll_vertical_motion_enable=&#8221;on&#8221; scroll_vertical_motion=&#8221;0|40|40|100|-0.75|0|0&#8243; scroll_horizontal_motion_enable=&#8221;on&#8221; scroll_horizontal_motion=&#8221;0|40|40|100|0.75|0|0&#8243; scroll_fade_enable=&#8221;on&#8221; scroll_fade=&#8221;0|40|40|100|0|100|100&#8243; global_colors_info=&#8221;{}&#8221;][\/et_pb_image][et_pb_image src=&#8221;https:\/\/www.verandair.com\/wp-content\/uploads\/2024\/01\/VERANDAIR-showroom-2.jpg&#8221; title_text=&#8221;VERANDAIR-showroom-2&#8243; _builder_version=&#8221;4.24.0&#8243; _module_preset=&#8221;8f602624-962f-44ca-9fa6-e144beb2d3cc&#8221; scroll_fade_enable=&#8221;on&#8221; scroll_fade=&#8221;0|30|30|100|0|100|100&#8243; scroll_scaling_enable=&#8221;on&#8221; scroll_scaling=&#8221;0|30|30|100|80%|100|100&#8243; global_colors_info=&#8221;{}&#8221;][\/et_pb_image][\/et_pb_column][et_pb_column type=&#8221;1_2&#8243; _builder_version=&#8221;4.23.4&#8243; _module_preset=&#8221;default&#8221; global_colors_info=&#8221;{}&#8221;][et_pb_text _builder_version=&#8221;4.27.5&#8243; _module_preset=&#8221;5298e62e-f7ac-4dd9-b361-006fc4da68de&#8221; text_font_size=&#8221;20px&#8221; text_line_height=&#8221;1.9em&#8221; background_layout=&#8221;dark&#8221; max_width=&#8221;800px&#8221; module_alignment=&#8221;center&#8221; custom_margin=&#8221;||35px||false|false&#8221; animation_style=&#8221;fade&#8221; global_colors_info=&#8221;{}&#8221;]<\/p>\n<h2>Pourquoi choisir\u00a0VERANDAIR\u00ae ?<\/h2>\n<p>[\/et_pb_text][et_pb_divider show_divider=&#8221;off&#8221; _builder_version=&#8221;4.24.0&#8243; _module_preset=&#8221;2adabd0f-cb12-404f-9aa7-a3088280e564&#8243; global_colors_info=&#8221;{}&#8221;][\/et_pb_divider][et_pb_text _builder_version=&#8221;4.27.0&#8243; _module_preset=&#8221;5298e62e-f7ac-4dd9-b361-006fc4da68de&#8221; text_line_height=&#8221;1.9em&#8221; link_font=&#8221;||||on|||#FFFFFF|&#8221; link_text_color=&#8221;#FFFFFF&#8221; background_layout=&#8221;dark&#8221; max_width=&#8221;800px&#8221; module_alignment=&#8221;center&#8221; custom_margin=&#8221;||50px||false|false&#8221; animation_style=&#8221;fade&#8221; global_colors_info=&#8221;{}&#8221;]<\/p>\n<p><span>Profitez de votre ext\u00e9rieur toute l\u2019ann\u00e9e avec nos pergolas belges de qualit\u00e9<\/span><\/p>\n<p><span>Verandair est votre <strong>fabricant belge de pergolas, abris de terrasse<\/strong>\u00a0depuis plus de 35 ans. Nous fabriquons votre pergola <strong>sur mesure<\/strong> avec des <strong>mat\u00e9riaux 100 % renouvelables<\/strong>. Selon vos besoins et envies, toutes nos pergolas sont personnalisables. Vous b\u00e9n\u00e9ficiez d\u2019une installation <strong>robuste et fiable<\/strong>, fabriqu\u00e9e, livr\u00e9e et install\u00e9e par des <strong>professionnels<\/strong>, le tout \u00e0 un <strong>prix abordable<\/strong> ! <\/span><\/p>\n<p>[\/et_pb_text][et_pb_button button_url=&#8221;@ET-DC@eyJkeW5hbWljIjp0cnVlLCJjb250ZW50IjoicG9zdF9saW5rX3VybF9wYWdlIiwic2V0dGluZ3MiOnsicG9zdF9pZCI6IjY0Mzc3In19@&#8221; button_text=&#8221;Prenez rendez-vous maintenant&#8221; _builder_version=&#8221;4.27.5&#8243; _dynamic_attributes=&#8221;button_url&#8221; _module_preset=&#8221;8ac6895b-8a7d-4b15-8635-28e44651343f&#8221; global_colors_info=&#8221;{%22gcid-cdfc5e12-aa04-4e46-8d7a-a46e0d249000%22:%91%22button_text_color%22%93}&#8221;][\/et_pb_button][\/et_pb_column][\/et_pb_row][\/et_pb_section][et_pb_section fb_built=&#8221;1&#8243; disabled_on=&#8221;off|off|off&#8221; module_class=&#8221;lazy-section&#8221; _builder_version=&#8221;4.27.5&#8243; _module_preset=&#8221;a37cb46d-a9cb-4f77-bbbd-8966bde7aff0&#8243; background_image=&#8221;https:\/\/www.verandair.com\/wp-content\/uploads\/2024\/01\/fond-03.jpg&#8221; background_position=&#8221;top_center&#8221; custom_padding=&#8221;80px||0px||false|false&#8221; global_colors_info=&#8221;{}&#8221;][et_pb_row column_structure=&#8221;1_3,2_3&#8243; use_custom_gutter=&#8221;on&#8221; gutter_width=&#8221;3&#8243; _builder_version=&#8221;4.23.4&#8243; _module_preset=&#8221;default&#8221; global_colors_info=&#8221;{}&#8221;][et_pb_column type=&#8221;1_3&#8243; _builder_version=&#8221;4.23.4&#8243; _module_preset=&#8221;default&#8221; z_index=&#8221;10&#8243; global_colors_info=&#8221;{}&#8221;][et_pb_text _builder_version=&#8221;4.23.4&#8243; _module_preset=&#8221;default&#8221; global_colors_info=&#8221;{}&#8221;]<\/p>\n<h2>Nos <strong>actualit\u00e9s<\/strong><\/h2>\n<p>[\/et_pb_text][et_pb_divider _builder_version=&#8221;4.23.4&#8243; _module_preset=&#8221;2adabd0f-cb12-404f-9aa7-a3088280e564&#8243; global_colors_info=&#8221;{}&#8221;][\/et_pb_divider][et_pb_text _builder_version=&#8221;4.27.5&#8243; _module_preset=&#8221;default&#8221; module_alignment=&#8221;left&#8221; custom_margin=&#8221;||50px||false|false&#8221; global_colors_info=&#8221;{}&#8221;]<\/p>\n<p class=\"p1\">Tendances, r\u00e9alisations et astuces : retrouvez toutes les actualit\u00e9s sur la v\u00e9randa, la pergola, la baie vitr\u00e9e coulissante et l\u2019abri de terrasse sur le blog de Verandair.<\/p>\n<p>[\/et_pb_text][et_pb_button button_url=&#8221;@ET-DC@eyJkeW5hbWljIjp0cnVlLCJjb250ZW50IjoicG9zdF9saW5rX3VybF9wYWdlIiwic2V0dGluZ3MiOnsicG9zdF9pZCI6IjM4MCJ9fQ==@&#8221; button_text=&#8221;Lire d\u2019autres articles&#8221; _builder_version=&#8221;4.24.0&#8243; _dynamic_attributes=&#8221;button_url&#8221; _module_preset=&#8221;ae8d3791-01a2-4c4b-b221-c3f14f812284&#8243; custom_margin=&#8221;||35px||false|false&#8221; global_colors_info=&#8221;{}&#8221;][\/et_pb_button][\/et_pb_column][et_pb_column type=&#8221;2_3&#8243; _builder_version=&#8221;4.23.4&#8243; _module_preset=&#8221;default&#8221; global_colors_info=&#8221;{}&#8221;][dsm_blog_carousel meta_date=&#8221;j M y&#8221; navi_size=&#8221;40&#8243; columns_tablet=&#8221;&#8221; columns_phone=&#8221;1&#8243; columns_last_edited=&#8221;on|phone&#8221; _builder_version=&#8221;4.24.0&#8243; _module_preset=&#8221;d5a15927-9c47-4971-b95e-d0825f505ea9&#8243; global_colors_info=&#8221;{%22gcid-4f3ca7d5-152d-4540-91b1-cc24563bf794%22:%91%22box_shadow_color_image%22%93,%22gcid-a78bba3e-9a00-4c62-8b29-47f3d6c30097%22:%91%22navi_color%22%93}&#8221;][\/dsm_blog_carousel][\/et_pb_column][\/et_pb_row][\/et_pb_section]<\/p>\n","protected":false},"excerpt":{"rendered":"<p>Profitez de votre terrasse toute l&#8217;ann\u00e9e4,987 avis GooglePergola, abri r\u00e9tractable, store sur mesure D\u00e9couvrez nos nouveaut\u00e9s VERANDAIR\u00ae<div class=\"et_pb_module dsm_card dsm_card_0 et_pb_bg_layout_light  dsm_card_layout_stacked\">\n\t\t\t\t\n\t\t\t\t\n\t\t\t\t\n\t\t\t\t\n\t\t\t\t\n\t\t\t\t\n\t\t\t\t<div class=\"et_pb_module_inner\">\n\t\t\t\t\t\n\t\t\t\n\t\t\t<figure class=\"dsm_card_image_wrapper dsm_card_badge_top_right\"><div class=\"dsm_card_image_background dsm_card_img\"><\/div><\/figure>\n\t\t\t<div class=\"et_pb_module dsm_card_wrapper et_pb_text_align_center\">\n\t\t\t\t\t\n\t\t\t\t\t<h3 class=\"dsm_card_title et_pb_module_header\">Pergola<\/h3>\n\t\t\t\t\t\n\t\t\t\t\t\n\t\t\t\t\t<div class=\"et_pb_button_wrapper\"><a class=\"et_pb_button et_pb_more_button \" href=\"\">D\u00e9couvrez nos pergolas<\/a><\/div>\n\t\t\t\t<\/div>\n\t\t\t\n\t\t\t\t<\/div>\n\t\t\t<\/div><div class=\"et_pb_module dsm_card dsm_card_1 et_pb_bg_layout_light  dsm_card_layout_stacked\">\n\t\t\t\t\n\t\t\t\t\n\t\t\t\t\n\t\t\t\t\n\t\t\t\t\n\t\t\t\t\n\t\t\t\t<div class=\"et_pb_module_inner\">\n\t\t\t\t\t\n\t\t\t\n\t\t\t<figure class=\"dsm_card_image_wrapper dsm_card_badge_top_right\"><div class=\"dsm_card_image_background dsm_card_img\"><\/div><\/figure>\n\t\t\t<div class=\"et_pb_module dsm_card_wrapper et_pb_text_align_center\">\n\t\t\t\t\t\n\t\t\t\t\t<h3 class=\"dsm_card_title et_pb_module_header\">Store banne<\/h3>\n\t\t\t\t\t\n\t\t\t\t\t\n\t\t\t\t\t<div class=\"et_pb_button_wrapper\"><a class=\"et_pb_button et_pb_more_button \" href=\"\">D\u00e9couvrez nos store banne<\/a><\/div>\n\t\t\t\t<\/div>\n\t\t\t\n\t\t\t\t<\/div>\n\t\t\t<\/div><div class=\"et_pb_module dsm_card dsm_card_2 et_pb_bg_layout_light  dsm_card_layout_stacked\">\n\t\t\t\t\n\t\t\t\t\n\t\t\t\t\n\t\t\t\t\n\t\t\t\t\n\t\t\t\t\n\t\t\t\t<div class=\"et_pb_module_inner\">\n\t\t\t\t\t\n\t\t\t\n\t\t\t<figure class=\"dsm_card_image_wrapper dsm_card_badge_top_right\"><div class=\"dsm_card_image_background dsm_card_img\"><\/div><\/figure>\n\t\t\t<div class=\"et_pb_module dsm_card_wrapper et_pb_text_align_center\">\n\t\t\t\t\t\n\t\t\t\t\t<h3 class=\"dsm_card_title et_pb_module_header\">Pergola \u00e0 toile<\/h3>\n\t\t\t\t\t\n\t\t\t\t\t\n\t\t\t\t\t<div class=\"et_pb_button_wrapper\"><a class=\"et_pb_button et_pb_more_button \" href=\"\">D\u00e9couvrez nos pergolas \u00e0 toile<\/a><\/div>\n\t\t\t\t<\/div>\n\t\t\t\n\t\t\t\t<\/div>\n\t\t\t<\/div><div class=\"et_pb_module dsm_card dsm_card_3 et_pb_bg_layout_light  dsm_card_layout_stacked\">\n\t\t\t\t\n\t\t\t\t\n\t\t\t\t\n\t\t\t\t\n\t\t\t\t\n\t\t\t\t\n\t\t\t\t<div class=\"et_pb_module_inner\">\n\t\t\t\t\t\n\t\t\t\n\t\t\t<figure class=\"dsm_card_image_wrapper dsm_card_badge_top_right\"><div class=\"dsm_card_image_background dsm_card_img\"><\/div><\/figure>\n\t\t\t<div class=\"et_pb_module dsm_card_wrapper et_pb_text_align_center\">\n\t\t\t\t\t\n\t\t\t\t\t<h3 class=\"dsm_card_title et_pb_module_header\">Abri de terrasse<\/h3>\n\t\t\t\t\t\n\t\t\t\t\t\n\t\t\t\t\t<div class=\"et_pb_button_wrapper\"><a class=\"et_pb_button et_pb_more_button \" href=\"\">D\u00e9couvrez nos abri de terrasse<\/a><\/div>\n\t\t\t\t<\/div>\n\t\t\t\n\t\t\t\t<\/div>\n\t\t\t<\/div><div class=\"et_pb_module dsm_card dsm_card_4 et_pb_bg_layout_light  dsm_card_layout_stacked\">\n\t\t\t\t\n\t\t\t\t\n\t\t\t\t\n\t\t\t\t\n\t\t\t\t\n\t\t\t\t\n\t\t\t\t<div class=\"et_pb_module_inner\">\n\t\t\t\t\t\n\t\t\t\n\t\t\t<figure class=\"dsm_card_image_wrapper dsm_card_badge_top_right\"><div class=\"dsm_card_image_background dsm_card_img\"><\/div><\/figure>\n\t\t\t<div class=\"et_pb_module dsm_card_wrapper et_pb_text_align_center\">\n\t\t\t\t\t\n\t\t\t\t\t<h3 class=\"dsm_card_title et_pb_module_header\">Pergola en kit<\/h3>\n\t\t\t\t\t\n\t\t\t\t\t\n\t\t\t\t\t<div class=\"et_pb_button_wrapper\"><a class=\"et_pb_button et_pb_more_button \" href=\"\">D\u00e9couvrez nos pergolas en kit<\/a><\/div>\n\t\t\t\t<\/div>\n\t\t\t\n\t\t\t\t<\/div>\n\t\t\t<\/div><div class=\"et_pb_module dsm_card dsm_card_5 et_pb_bg_layout_light  dsm_card_layout_stacked\">\n\t\t\t\t\n\t\t\t\t\n\t\t\t\t\n\t\t\t\t\n\t\t\t\t\n\t\t\t\t\n\t\t\t\t<div class=\"et_pb_module_inner\">\n\t\t\t\t\t\n\t\t\t\n\t\t\t<figure class=\"dsm_card_image_wrapper dsm_card_badge_top_right\"><div class=\"dsm_card_image_background dsm_card_img\"><\/div><\/figure>\n\t\t\t<div class=\"et_pb_module dsm_card_wrapper et_pb_text_align_center\">\n\t\t\t\t\t\n\t\t\t\t\t<h3 class=\"dsm_card_title et_pb_module_header\">Carport<\/h3>\n\t\t\t\t\t\n\t\t\t\t\t\n\t\t\t\t\t<div class=\"et_pb_button_wrapper\"><a class=\"et_pb_button et_pb_more_button \" href=\"\">D\u00e9couvrez nos carports<\/a><\/div>\n\t\t\t\t<\/div>\n\t\t\t\n\t\t\t\t<\/div>\n\t\t\t<\/div>Avis et t\u00e9moignagesNos clients parlent de nous<div class=\"et_pb_module dsm_card_carousel dsm_card_carousel_0 dsm_card_carousel_layout_stacked  dsm_card_carousel_equal_height\">\n\t\t\t\t\n\t\t\t\t\n\t\t\t\t\n\t\t\t\t\n\t\t\t\t\n\t\t\t\t\n\t\t\t\t<div class=\"et_pb_module_inner\">\n\t\t\t\t\t\n\t\t\t\n\t\t\t<div class=\"swiper-container dsm_card_carousel_wrapper\" dir=\"ltr\" data-params=\"[{&quot;direction&quot;:&quot;horizontal&quot;,&quot;effect&quot;:&quot;default&quot;,&quot;slider_effect_shadows&quot;:false,&quot;slider_effect_coverflow_rotate&quot;:&quot;30&quot;,&quot;slider_effect_coverflow_depth&quot;:&quot;0&quot;,&quot;loop&quot;:true,&quot;infinite_smooth_scrolling&quot;:false,&quot;slide_to_show&quot;:&quot;3&quot;,&quot;slide_to_show_tablet&quot;:&quot;1&quot;,&quot;slide_to_show_phone&quot;:&quot;1&quot;,&quot;slide_to_scroll&quot;:&quot;1&quot;,&quot;slide_to_scroll_tablet&quot;:&quot;1&quot;,&quot;slide_to_scroll_phone&quot;:&quot;1&quot;,&quot;space_between&quot;:&quot;15&quot;,&quot;space_between_tablet&quot;:&quot;15&quot;,&quot;space_between_phone&quot;:&quot;15&quot;,&quot;centered_slides&quot;:false,&quot;multiple_slide_row&quot;:&quot;off&quot;,&quot;slide_row&quot;:&quot;1&quot;,&quot;slide_row_tablet&quot;:&quot;1&quot;,&quot;slide_row_phone&quot;:&quot;1&quot;,&quot;speed&quot;:&quot;300&quot;,&quot;autoplay&quot;:true,&quot;autoplay_speed&quot;:&quot;3000&quot;,&quot;autoplay_viewport&quot;:&quot;80%&quot;,&quot;touch_move&quot;:true,&quot;grab&quot;:true,&quot;pause_on_hover&quot;:false,&quot;mousewheel&quot;:false,&quot;auto_height&quot;:true,&quot;equal_height&quot;:true,&quot;equal_height_tablet&quot;:true,&quot;equal_height_phone&quot;:true}]\">\n\t\t\t<div class=\"swiper-wrapper\"><div class=\"dsm_card_carousel_child dsm_card_carousel_child_0 swiper-slide\">\n\t\t\t\t\n\t\t\t\t\n\t\t\t\t\n\t\t\t\t\n\t\t\t\t\n\t\t\t\t\n\t\t\t\t<div class=\"et_pb_module_inner\">\n\t\t\t\t\t\n\t\t\t\n\t\t\t<figure class=\"dsm_card_carousel_child_image_wrapper dsm_card_carousel_child_badge_top_right\"><img decoding=\"async\" src=\"https:\/\/www.verandair.com\/wp-content\/uploads\/2024\/02\/temoignages-7.jpeg\" alt=\"\" class=\"dsm_card_carousel_child_img  dsm_card_carousel_image_stretch swiper-lazy\" \/><\/figure>\n\t\t\t<div class=\"dsm_card_wrapper et_pb_text_align_center et_pb_bg_layout_dark\">\n\t\t\t\t\t<h4 class=\"dsm_card_title et_pb_module_header\">Jean-Luc .L<\/h4>\n\t\t\t\t\t<div class=\"dsm_card_carousel_child_subtitle\">Abri de terrasse - Jambes<\/div>\n\t\t\t\t\t<div class=\"dsm_card_carousel_child_description\"><p>Nous n'imaginions pas \u00e0 quel point l'ajout d'un abri de terrasse (45 m\u00b2) am\u00e9liorerait notre qualit\u00e9 de vie. Le personnel de Verandair nous a guid\u00e9 vers la solution la mieux adapt\u00e9e. L'\u00e9quipe de montage est, quant \u00e0 elle, aussi sympa qu'efficace. Nous recommandons \u00e0 100%.<\/p><\/div>\n\t\t\t\t\t\n\t\t\t\t<\/div>\n\t\t\t\t<\/div>\n\t\t\t<\/div><div class=\"dsm_card_carousel_child dsm_card_carousel_child_1 swiper-slide\">\n\t\t\t\t\n\t\t\t\t\n\t\t\t\t\n\t\t\t\t\n\t\t\t\t\n\t\t\t\t\n\t\t\t\t<div class=\"et_pb_module_inner\">\n\t\t\t\t\t\n\t\t\t\n\t\t\t<figure class=\"dsm_card_carousel_child_image_wrapper dsm_card_carousel_child_badge_top_right\"><img decoding=\"async\" src=\"https:\/\/www.verandair.com\/wp-content\/uploads\/2024\/02\/temoignages-2.jpeg\" alt=\"\" class=\"dsm_card_carousel_child_img  dsm_card_carousel_image_stretch swiper-lazy\" \/><\/figure>\n\t\t\t<div class=\"dsm_card_wrapper et_pb_text_align_center et_pb_bg_layout_dark\">\n\t\t\t\t\t<h4 class=\"dsm_card_title et_pb_module_header\">Marie S.<\/h4>\n\t\t\t\t\t<div class=\"dsm_card_carousel_child_subtitle\">Pergola ferm\u00e9e - Spy<\/div>\n\t\t\t\t\t<div class=\"dsm_card_carousel_child_description\"><p>Nous avons fait appel \u00e0 Verandair pour\u00a0 une pergola ferm\u00e9e, suivi au top et \u00e9quipe tr\u00e8s professionnelle et aimable.<br \/>En bref, le r\u00e9sultat est magnifique!<\/p><\/div>\n\t\t\t\t\t\n\t\t\t\t<\/div>\n\t\t\t\t<\/div>\n\t\t\t<\/div><div class=\"dsm_card_carousel_child dsm_card_carousel_child_2 swiper-slide\">\n\t\t\t\t\n\t\t\t\t\n\t\t\t\t\n\t\t\t\t\n\t\t\t\t\n\t\t\t\t\n\t\t\t\t<div class=\"et_pb_module_inner\">\n\t\t\t\t\t\n\t\t\t\n\t\t\t<figure class=\"dsm_card_carousel_child_image_wrapper dsm_card_carousel_child_badge_top_right\"><img decoding=\"async\" src=\"https:\/\/www.verandair.com\/wp-content\/uploads\/2024\/02\/temoignages-1.jpeg\" alt=\"\" class=\"dsm_card_carousel_child_img  dsm_card_carousel_image_stretch swiper-lazy\" \/><\/figure>\n\t\t\t<div class=\"dsm_card_wrapper et_pb_text_align_center et_pb_bg_layout_dark\">\n\t\t\t\t\t<h4 class=\"dsm_card_title et_pb_module_header\">Michel O.<\/h4>\n\t\t\t\t\t<div class=\"dsm_card_carousel_child_subtitle\">Fermeture - Namur<\/div>\n\t\t\t\t\t<div class=\"dsm_card_carousel_child_description\"><p>Nous avons fait placer une fermeture vitr\u00e9e de pergola d\u00e9j\u00e0 existante et nous sommes ravis! Du personnel comp\u00e9tant \u00e0 la qualit\u00e9 du mat\u00e9riel utilis\u00e9 le r\u00e9sultat est tout simplement superbe. Tr\u00e8s belles finitions, \u00e9tanch\u00e9it\u00e9 efficace. Merci \u00e0 vous.<\/p><\/div>\n\t\t\t\t\t\n\t\t\t\t<\/div>\n\t\t\t\t<\/div>\n\t\t\t<\/div><div class=\"dsm_card_carousel_child dsm_card_carousel_child_3 swiper-slide\">\n\t\t\t\t\n\t\t\t\t\n\t\t\t\t\n\t\t\t\t\n\t\t\t\t\n\t\t\t\t\n\t\t\t\t<div class=\"et_pb_module_inner\">\n\t\t\t\t\t\n\t\t\t\n\t\t\t<figure class=\"dsm_card_carousel_child_image_wrapper dsm_card_carousel_child_badge_top_right\"><img decoding=\"async\" src=\"https:\/\/www.verandair.com\/wp-content\/uploads\/2024\/02\/temoignages-3.jpeg\" alt=\"\" class=\"dsm_card_carousel_child_img  dsm_card_carousel_image_stretch swiper-lazy\" \/><\/figure>\n\t\t\t<div class=\"dsm_card_wrapper et_pb_text_align_center et_pb_bg_layout_dark\">\n\t\t\t\t\t<h4 class=\"dsm_card_title et_pb_module_header\">Christine D.<\/h4>\n\t\t\t\t\t<div class=\"dsm_card_carousel_child_subtitle\">Pergola - Braine-le-Comte<\/div>\n\t\t\t\t\t<div class=\"dsm_card_carousel_child_description\"><p>Nous avons fait confiance \u00e0 VERANDAIR et nous ne le regrettons pas du tout. Notre pergola a \u00e9t\u00e9 install\u00e9e par des hommes comp\u00e9tents, soigneux. Le service apr\u00e8s vente est irr\u00e9prochable.<\/p><\/div>\n\t\t\t\t\t\n\t\t\t\t<\/div>\n\t\t\t\t<\/div>\n\t\t\t<\/div><div class=\"dsm_card_carousel_child dsm_card_carousel_child_4 swiper-slide\">\n\t\t\t\t\n\t\t\t\t\n\t\t\t\t\n\t\t\t\t\n\t\t\t\t\n\t\t\t\t\n\t\t\t\t<div class=\"et_pb_module_inner\">\n\t\t\t\t\t\n\t\t\t\n\t\t\t<figure class=\"dsm_card_carousel_child_image_wrapper dsm_card_carousel_child_badge_top_right\"><img decoding=\"async\" src=\"https:\/\/www.verandair.com\/wp-content\/uploads\/2024\/02\/temoignages-5.jpeg\" alt=\"\" class=\"dsm_card_carousel_child_img  dsm_card_carousel_image_stretch swiper-lazy\" \/><\/figure>\n\t\t\t<div class=\"dsm_card_wrapper et_pb_text_align_center et_pb_bg_layout_dark\">\n\t\t\t\t\t<h4 class=\"dsm_card_title et_pb_module_header\">Pascal C.<\/h4>\n\t\t\t\t\t<div class=\"dsm_card_carousel_child_subtitle\">Abri de terrasse - Li\u00e8ge<\/div>\n\t\t\t\t\t<div class=\"dsm_card_carousel_child_description\"><p>Le r\u00e9sultat d\u00e9passe les attentes de l'acqu\u00e9reur... Travail minutieux et pr\u00e9cis, le suivi depuis les plans de fabrication jusqu'au montage final et m\u00eame les petits correctifs \u00e0 posteriori, c'est tr\u00e8s professionnel ! Bravo \u00e0 toutes les \u00e9quipes qui y ont contribu\u00e9.<\/p><\/div>\n\t\t\t\t\t\n\t\t\t\t<\/div>\n\t\t\t\t<\/div>\n\t\t\t<\/div><div class=\"dsm_card_carousel_child dsm_card_carousel_child_5 swiper-slide\">\n\t\t\t\t\n\t\t\t\t\n\t\t\t\t\n\t\t\t\t\n\t\t\t\t\n\t\t\t\t\n\t\t\t\t<div class=\"et_pb_module_inner\">\n\t\t\t\t\t\n\t\t\t\n\t\t\t<figure class=\"dsm_card_carousel_child_image_wrapper dsm_card_carousel_child_badge_top_right\"><img decoding=\"async\" src=\"https:\/\/www.verandair.com\/wp-content\/uploads\/2024\/02\/temoignages-6.jpeg\" alt=\"\" class=\"dsm_card_carousel_child_img  dsm_card_carousel_image_stretch swiper-lazy\" \/><\/figure>\n\t\t\t<div class=\"dsm_card_wrapper et_pb_text_align_center et_pb_bg_layout_dark\">\n\t\t\t\t\t<h4 class=\"dsm_card_title et_pb_module_header\">Victoria Y.<\/h4>\n\t\t\t\t\t<div class=\"dsm_card_carousel_child_subtitle\">Carport - Rochefort<\/div>\n\t\t\t\t\t<div class=\"dsm_card_carousel_child_description\"><p>Super content ! Belle finition\u2026qualit\u00e9, s\u00e9rieux et propret\u00e9 de la part de l\u2019\u00e9quipe de placement ! Le tout dans la jovialit\u00e9 et de bons conseils ! Soci\u00e9t\u00e9 belge implant\u00e9e en Wallonie soucieuse de r\u00e9pondre \u00e0 nos attentes tout au long de notre projet ! A recommander !<\/p><\/div>\n\t\t\t\t\t\n\t\t\t\t<\/div>\n\t\t\t\t<\/div>\n\t\t\t<\/div><\/div>\n\t\t\t<\/div><div class=\"swiper-button-prev dsm_card_carousel_arrow\" data-icon=\"&#x23;\"><\/div><div class=\"swiper-button-next dsm_card_carousel_arrow\" data-icon=\"&#x24;\"><\/div><div class=\"swiper-pagination dsm_card_carousel_pagination\"><\/div>\n\t\t\t\t<\/div>\n\t\t\t<\/div><div class=\"dsm_card_carousel_child dsm_card_carousel_child_6 swiper-slide\">\n\t\t\t\t\n\t\t\t\t\n\t\t\t\t\n\t\t\t\t\n\t\t\t\t\n\t\t\t\t\n\t\t\t\t<div class=\"et_pb_module_inner\">\n\t\t\t\t\t\n\t\t\t\n\t\t\t\n\t\t\t<div class=\"dsm_card_wrapper et_pb_text_align_center et_pb_bg_layout_dark\">\n\t\t\t\t\t<h4 class=\"dsm_card_title et_pb_module_header\">&#8221;Jean-Luc<\/h4>\n\t\t\t\t\t<div class=\"dsm_card_carousel_child_subtitle\">&#8221;Abri<\/div>\n\t\t\t\t\t\n\t\t\t\t\t\n\t\t\t\t<\/div>\n\t\t\t\t<\/div>\n\t\t\t<\/div><\/p>\n","protected":false},"author":1,"featured_media":0,"parent":0,"menu_order":300,"comment_status":"closed","ping_status":"closed","template":"","meta":{"_acf_changed":false,"_et_pb_use_builder":"on","_et_pb_old_content":"","_et_gb_content_width":"","inline_featured_image":false,"footnotes":""},"class_list":["post-1758","page","type-page","status-publish","hentry"],"acf":[],"yoast_head":"<!-- This site is optimized with the Yoast SEO plugin v27.4 - https:\/\/yoast.com\/product\/yoast-seo-wordpress\/ -->\n<title>Pergolas \u00e0 toiture fixe, bioclimatiques et r\u00e9tractables<\/title>\n<meta name=\"description\" content=\"Transformez votre ext\u00e9rieur avec Verandair ! Fabrication belge de pergolas, abris de terrasse, pool house, carport sur mesure.\" \/>\n<meta name=\"robots\" content=\"index, follow, max-snippet:-1, max-image-preview:large, max-video-preview:-1\" \/>\n<link rel=\"canonical\" href=\"https:\/\/www.verandair.com\/fr\/\" \/>\n<meta property=\"og:locale\" content=\"fr_FR\" \/>\n<meta property=\"og:type\" content=\"article\" \/>\n<meta property=\"og:title\" content=\"Pergolas \u00e0 toiture fixe, bioclimatiques et r\u00e9tractables\" \/>\n<meta property=\"og:description\" content=\"Transformez votre ext\u00e9rieur avec Verandair ! Fabrication belge de pergolas, abris de terrasse, pool house, carport sur mesure.\" \/>\n<meta property=\"og:url\" content=\"https:\/\/www.verandair.com\/fr\/\" \/>\n<meta property=\"og:site_name\" content=\"VERANDAIR\u00ae\" \/>\n<meta property=\"article:modified_time\" content=\"2026-04-01T14:02:22+00:00\" \/>\n<meta name=\"twitter:card\" content=\"summary_large_image\" \/>\n<meta name=\"twitter:label1\" content=\"Dur\u00e9e de lecture estim\u00e9e\" \/>\n\t<meta name=\"twitter:data1\" content=\"18 minutes\" \/>\n<script type=\"application\/ld+json\" class=\"yoast-schema-graph\">{\"@context\":\"https:\\\/\\\/schema.org\",\"@graph\":[{\"@type\":\"WebPage\",\"@id\":\"https:\\\/\\\/www.verandair.com\\\/fr\\\/\",\"url\":\"https:\\\/\\\/www.verandair.com\\\/fr\\\/\",\"name\":\"Pergolas \u00e0 toiture fixe, bioclimatiques et r\u00e9tractables\",\"isPartOf\":{\"@id\":\"https:\\\/\\\/www.verandair.com\\\/fr\\\/#website\"},\"datePublished\":\"2024-02-05T10:18:01+00:00\",\"dateModified\":\"2026-04-01T14:02:22+00:00\",\"description\":\"Transformez votre ext\u00e9rieur avec Verandair ! Fabrication belge de pergolas, abris de terrasse, pool house, carport sur mesure.\",\"breadcrumb\":{\"@id\":\"https:\\\/\\\/www.verandair.com\\\/fr\\\/#breadcrumb\"},\"inLanguage\":\"fr-FR\",\"potentialAction\":[{\"@type\":\"ReadAction\",\"target\":[\"https:\\\/\\\/www.verandair.com\\\/fr\\\/\"]}]},{\"@type\":\"BreadcrumbList\",\"@id\":\"https:\\\/\\\/www.verandair.com\\\/fr\\\/#breadcrumb\",\"itemListElement\":[{\"@type\":\"ListItem\",\"position\":1,\"name\":\"Accueil\",\"item\":{\"@type\":\"WebPage\",\"@id\":\"https:\\\/\\\/www.verandair.com\\\/fr\\\/\",\"name\":\"Accueil\"}},{\"@type\":\"ListItem\",\"position\":2,\"name\":\"Accueil\"}]},{\"@type\":\"WebSite\",\"@id\":\"https:\\\/\\\/www.verandair.com\\\/fr\\\/#website\",\"url\":\"https:\\\/\\\/www.verandair.com\\\/fr\\\/\",\"name\":\"VERANDAIR\u00ae\",\"description\":\"\",\"publisher\":{\"@id\":\"https:\\\/\\\/www.verandair.com\\\/fr\\\/#organization\"},\"potentialAction\":[{\"@type\":\"SearchAction\",\"target\":{\"@type\":\"EntryPoint\",\"urlTemplate\":\"https:\\\/\\\/www.verandair.com\\\/fr\\\/?s={search_term_string}\"},\"query-input\":{\"@type\":\"PropertyValueSpecification\",\"valueRequired\":true,\"valueName\":\"search_term_string\"}}],\"inLanguage\":\"fr-FR\"},{\"@type\":\"Organization\",\"@id\":\"https:\\\/\\\/www.verandair.com\\\/fr\\\/#organization\",\"name\":\"Verandair\",\"url\":\"https:\\\/\\\/www.verandair.com\\\/fr\\\/\",\"logo\":{\"@type\":\"ImageObject\",\"inLanguage\":\"fr-FR\",\"@id\":\"https:\\\/\\\/www.verandair.com\\\/fr\\\/#\\\/schema\\\/logo\\\/image\\\/\",\"url\":\"https:\\\/\\\/www.verandair.com\\\/wp-content\\\/uploads\\\/2024\\\/06\\\/VERANDAIR-logo.png\",\"contentUrl\":\"https:\\\/\\\/www.verandair.com\\\/wp-content\\\/uploads\\\/2024\\\/06\\\/VERANDAIR-logo.png\",\"width\":283,\"height\":127,\"caption\":\"Verandair\"},\"image\":{\"@id\":\"https:\\\/\\\/www.verandair.com\\\/fr\\\/#\\\/schema\\\/logo\\\/image\\\/\"}}]}<\/script>\n<!-- \/ Yoast SEO plugin. -->","yoast_head_json":{"title":"Pergolas \u00e0 toiture fixe, bioclimatiques et r\u00e9tractables","description":"Transformez votre ext\u00e9rieur avec Verandair ! Fabrication belge de pergolas, abris de terrasse, pool house, carport sur mesure.","robots":{"index":"index","follow":"follow","max-snippet":"max-snippet:-1","max-image-preview":"max-image-preview:large","max-video-preview":"max-video-preview:-1"},"canonical":"https:\/\/www.verandair.com\/fr\/","og_locale":"fr_FR","og_type":"article","og_title":"Pergolas \u00e0 toiture fixe, bioclimatiques et r\u00e9tractables","og_description":"Transformez votre ext\u00e9rieur avec Verandair ! Fabrication belge de pergolas, abris de terrasse, pool house, carport sur mesure.","og_url":"https:\/\/www.verandair.com\/fr\/","og_site_name":"VERANDAIR\u00ae","article_modified_time":"2026-04-01T14:02:22+00:00","twitter_card":"summary_large_image","twitter_misc":{"Dur\u00e9e de lecture estim\u00e9e":"18 minutes"},"schema":{"@context":"https:\/\/schema.org","@graph":[{"@type":"WebPage","@id":"https:\/\/www.verandair.com\/fr\/","url":"https:\/\/www.verandair.com\/fr\/","name":"Pergolas \u00e0 toiture fixe, bioclimatiques et r\u00e9tractables","isPartOf":{"@id":"https:\/\/www.verandair.com\/fr\/#website"},"datePublished":"2024-02-05T10:18:01+00:00","dateModified":"2026-04-01T14:02:22+00:00","description":"Transformez votre ext\u00e9rieur avec Verandair ! Fabrication belge de pergolas, abris de terrasse, pool house, carport sur mesure.","breadcrumb":{"@id":"https:\/\/www.verandair.com\/fr\/#breadcrumb"},"inLanguage":"fr-FR","potentialAction":[{"@type":"ReadAction","target":["https:\/\/www.verandair.com\/fr\/"]}]},{"@type":"BreadcrumbList","@id":"https:\/\/www.verandair.com\/fr\/#breadcrumb","itemListElement":[{"@type":"ListItem","position":1,"name":"Accueil","item":{"@type":"WebPage","@id":"https:\/\/www.verandair.com\/fr\/","name":"Accueil"}},{"@type":"ListItem","position":2,"name":"Accueil"}]},{"@type":"WebSite","@id":"https:\/\/www.verandair.com\/fr\/#website","url":"https:\/\/www.verandair.com\/fr\/","name":"VERANDAIR\u00ae","description":"","publisher":{"@id":"https:\/\/www.verandair.com\/fr\/#organization"},"potentialAction":[{"@type":"SearchAction","target":{"@type":"EntryPoint","urlTemplate":"https:\/\/www.verandair.com\/fr\/?s={search_term_string}"},"query-input":{"@type":"PropertyValueSpecification","valueRequired":true,"valueName":"search_term_string"}}],"inLanguage":"fr-FR"},{"@type":"Organization","@id":"https:\/\/www.verandair.com\/fr\/#organization","name":"Verandair","url":"https:\/\/www.verandair.com\/fr\/","logo":{"@type":"ImageObject","inLanguage":"fr-FR","@id":"https:\/\/www.verandair.com\/fr\/#\/schema\/logo\/image\/","url":"https:\/\/www.verandair.com\/wp-content\/uploads\/2024\/06\/VERANDAIR-logo.png","contentUrl":"https:\/\/www.verandair.com\/wp-content\/uploads\/2024\/06\/VERANDAIR-logo.png","width":283,"height":127,"caption":"Verandair"},"image":{"@id":"https:\/\/www.verandair.com\/fr\/#\/schema\/logo\/image\/"}}]}},"_links":{"self":[{"href":"https:\/\/www.verandair.com\/fr\/wp-json\/wp\/v2\/pages\/1758","targetHints":{"allow":["GET"]}}],"collection":[{"href":"https:\/\/www.verandair.com\/fr\/wp-json\/wp\/v2\/pages"}],"about":[{"href":"https:\/\/www.verandair.com\/fr\/wp-json\/wp\/v2\/types\/page"}],"author":[{"embeddable":true,"href":"https:\/\/www.verandair.com\/fr\/wp-json\/wp\/v2\/users\/1"}],"replies":[{"embeddable":true,"href":"https:\/\/www.verandair.com\/fr\/wp-json\/wp\/v2\/comments?post=1758"}],"version-history":[{"count":255,"href":"https:\/\/www.verandair.com\/fr\/wp-json\/wp\/v2\/pages\/1758\/revisions"}],"predecessor-version":[{"id":75552,"href":"https:\/\/www.verandair.com\/fr\/wp-json\/wp\/v2\/pages\/1758\/revisions\/75552"}],"wp:attachment":[{"href":"https:\/\/www.verandair.com\/fr\/wp-json\/wp\/v2\/media?parent=1758"}],"curies":[{"name":"wp","href":"https:\/\/api.w.org\/{rel}","templated":true}]}}