{"id":2305,"date":"2024-02-09T14:55:04","date_gmt":"2024-02-09T13:55:04","guid":{"rendered":"https:\/\/verandair-pro.poush-dev.be\/?page_id=2305"},"modified":"2026-03-03T14:56:20","modified_gmt":"2026-03-03T13:56:20","slug":"carport-aluminium","status":"publish","type":"page","link":"https:\/\/www.verandair.com\/fr\/carport-aluminium\/","title":{"rendered":"Carport"},"content":{"rendered":"<p>[et_pb_section fb_built=&#8221;1&#8243; _builder_version=&#8221;4.24.0&#8243; _module_preset=&#8221;b213633d-5762-446f-872e-5ca2bd12b219&#8243; custom_padding=&#8221;0px|200px|0px|200px|true|true&#8221; sticky_position=&#8221;top&#8221; sticky_position_tablet=&#8221;none&#8221; sticky_position_phone=&#8221;none&#8221; sticky_position_last_edited=&#8221;on|tablet&#8221; box_shadow_style=&#8221;preset3&#8243; box_shadow_color=&#8221;RGBA(255,255,255,0)&#8221; global_colors_info=&#8221;{}&#8221; box_shadow_color__sticky_enabled=&#8221;on|sticky&#8221; box_shadow_color__sticky=&#8221;rgba(0,0,0,0.1)&#8221;][et_pb_row column_structure=&#8221;2_3,1_3&#8243; use_custom_gutter=&#8221;on&#8221; gutter_width=&#8221;1&#8243; make_equal=&#8221;on&#8221; _builder_version=&#8221;4.24.0&#8243; _module_preset=&#8221;e9563919-a9a0-4773-9250-81452e196558&#8243; custom_css_main_element=&#8221;align-items: center;&#8221; global_colors_info=&#8221;{}&#8221;][et_pb_column type=&#8221;2_3&#8243; _builder_version=&#8221;4.24.0&#8243; _module_preset=&#8221;default&#8221; global_colors_info=&#8221;{}&#8221;][dsm_breadcrumbs home_text=&#8221; &#8221; home_icon=&#8221;&#xe009;||divi||400&#8243; align=&#8221;left&#8221; _builder_version=&#8221;4.24.2&#8243; _module_preset=&#8221;default&#8221; custom_margin=&#8221;||0px||false|false&#8221; animation_duration=&#8221;300ms&#8221; custom_css_free_form=&#8221;@media screen and (min-width: 768px) {||  selector .dsm_breadcrumbs {||      justify-content: center!important;||  }||}&#8221; global_colors_info=&#8221;{}&#8221;][\/dsm_breadcrumbs][et_pb_text _builder_version=&#8221;4.24.2&#8243; _module_preset=&#8221;default&#8221; header_font_size=&#8221;35px&#8221; custom_margin=&#8221;||0px||false|false&#8221; header_font_size_tablet=&#8221;25px&#8221; text_orientation_tablet=&#8221;center&#8221; text_orientation_phone=&#8221;center&#8221; text_orientation_last_edited=&#8221;on|tablet&#8221; global_colors_info=&#8221;{}&#8221;]<\/p>\n<h1>Le carport en aluminium<\/h1>\n<p>[\/et_pb_text][\/et_pb_column][et_pb_column type=&#8221;1_3&#8243; _builder_version=&#8221;4.24.0&#8243; _module_preset=&#8221;default&#8221; global_colors_info=&#8221;{}&#8221;][et_pb_button button_url=&#8221;@ET-DC@eyJkeW5hbWljIjp0cnVlLCJjb250ZW50IjoicG9zdF9saW5rX3VybF9wYWdlIiwic2V0dGluZ3MiOnsicG9zdF9pZCI6IjgwIn19@&#8221; button_text=&#8221;Demander une \u00e9tude gratuite&#8221; button_alignment=&#8221;center&#8221; _builder_version=&#8221;4.24.2&#8243; _dynamic_attributes=&#8221;button_url&#8221; _module_preset=&#8221;b50e34d2-0b8d-4c79-bf16-96cda59bf9d7&#8243; button_text_size=&#8221;16px&#8221; custom_margin=&#8221;||10px||false|false&#8221; animation_duration=&#8221;300ms&#8221; global_colors_info=&#8221;{}&#8221;][\/et_pb_button][et_pb_text _builder_version=&#8221;4.24.2&#8243; _module_preset=&#8221;default&#8221; text_font=&#8221;|700|||||||&#8221; text_text_color=&#8221;gcid-02eea4c1-992a-4bff-aee2-539b98054199&#8243; text_font_size=&#8221;15px&#8221; text_orientation=&#8221;center&#8221; animation_style=&#8221;slide&#8221; animation_direction=&#8221;top&#8221; animation_duration=&#8221;300ms&#8221; text_font_size_tablet=&#8221;14px&#8221; text_font_size_phone=&#8221;14px&#8221; text_font_size_last_edited=&#8221;on|desktop&#8221; global_colors_info=&#8221;{%22gcid-02eea4c1-992a-4bff-aee2-539b98054199%22:%91%22text_text_color%22%93}&#8221;]<\/p>\n<p>R\u00e9ponse sous 24h !<\/p>\n<p>[\/et_pb_text][\/et_pb_column][\/et_pb_row][\/et_pb_section][et_pb_section fb_built=&#8221;1&#8243; _builder_version=&#8221;4.24.0&#8243; _module_preset=&#8221;b213633d-5762-446f-872e-5ca2bd12b219&#8243; custom_padding=&#8221;0px|200px||200px|false|true&#8221; global_colors_info=&#8221;{}&#8221;][et_pb_row column_structure=&#8221;3_4,1_4&#8243; use_custom_gutter=&#8221;on&#8221; gutter_width=&#8221;1&#8243; _builder_version=&#8221;4.24.0&#8243; _module_preset=&#8221;e9563919-a9a0-4773-9250-81452e196558&#8243; global_colors_info=&#8221;{}&#8221;][et_pb_column type=&#8221;3_4&#8243; _builder_version=&#8221;4.24.0&#8243; _module_preset=&#8221;default&#8221; global_colors_info=&#8221;{}&#8221;][dsm_image_carousel gallery_ids=&#8221;71839,71841,71843,71845&#8243; lazyload=&#8221;on&#8221; _builder_version=&#8221;4.27.5&#8243; _module_preset=&#8221;4e4c5b36-454f-4102-8d60-65a09160b758&#8243; global_colors_info=&#8221;{}&#8221;][\/dsm_image_carousel][\/et_pb_column][et_pb_column type=&#8221;1_4&#8243; _builder_version=&#8221;4.24.0&#8243; _module_preset=&#8221;default&#8221; custom_padding=&#8221;50px|15px||15px|false|true&#8221; global_colors_info=&#8221;{}&#8221;][et_pb_text _builder_version=&#8221;4.24.0&#8243; _module_preset=&#8221;2c545684-fec4-4e42-ad11-b3a141bbddcb&#8221; global_colors_info=&#8221;{}&#8221;]<\/p>\n<p>ALU\u20286061 T6<\/p>\n<p>[\/et_pb_text][et_pb_text _builder_version=&#8221;4.24.0&#8243; _module_preset=&#8221;default&#8221; text_orientation=&#8221;center&#8221; custom_margin=&#8221;||30px||false|false&#8221; global_colors_info=&#8221;{}&#8221;]<\/p>\n<p>anti-corrosion<\/p>\n<p>[\/et_pb_text][et_pb_divider show_divider=&#8221;off&#8221; _builder_version=&#8221;4.24.0&#8243; _module_preset=&#8221;2adabd0f-cb12-404f-9aa7-a3088280e564&#8243; module_alignment=&#8221;center&#8221; global_colors_info=&#8221;{}&#8221;][\/et_pb_divider][et_pb_text _builder_version=&#8221;4.24.0&#8243; _module_preset=&#8221;2c545684-fec4-4e42-ad11-b3a141bbddcb&#8221; global_colors_info=&#8221;{}&#8221;]<\/p>\n<p>2500<\/p>\n<p>[\/et_pb_text][et_pb_text _builder_version=&#8221;4.24.0&#8243; _module_preset=&#8221;default&#8221; text_orientation=&#8221;center&#8221; custom_margin=&#8221;||30px||false|false&#8221; global_colors_info=&#8221;{}&#8221;]<\/p>\n<p>coloris RAL<\/p>\n<p>[\/et_pb_text][et_pb_divider show_divider=&#8221;off&#8221; _builder_version=&#8221;4.24.0&#8243; _module_preset=&#8221;2adabd0f-cb12-404f-9aa7-a3088280e564&#8243; module_alignment=&#8221;center&#8221; global_colors_info=&#8221;{}&#8221;][\/et_pb_divider][et_pb_image src=&#8221;https:\/\/www.verandair.com\/wp-content\/uploads\/2024\/02\/qualicoat-qualimarine.jpeg&#8221; title_text=&#8221;qualicoat-qualimarine&#8221; align=&#8221;center&#8221; _builder_version=&#8221;4.24.0&#8243; _module_preset=&#8221;default&#8221; width=&#8221;120px&#8221; max_width=&#8221;120px&#8221; global_colors_info=&#8221;{}&#8221;][\/et_pb_image][\/et_pb_column][\/et_pb_row][\/et_pb_section][et_pb_section fb_built=&#8221;1&#8243; _builder_version=&#8221;4.24.0&#8243; _module_preset=&#8221;b213633d-5762-446f-872e-5ca2bd12b219&#8243; background_color=&#8221;gcid-7df8ee83-ae0d-4f60-a763-b085a292aac7&#8243; custom_padding_tablet=&#8221;|0px|0px|0px|false|true&#8221; global_colors_info=&#8221;{%22gcid-7df8ee83-ae0d-4f60-a763-b085a292aac7%22:%91%22background_color%22%93}&#8221;][et_pb_row column_structure=&#8221;3_5,1_5,1_5&#8243; _builder_version=&#8221;4.24.0&#8243; _module_preset=&#8221;e9563919-a9a0-4773-9250-81452e196558&#8243; global_colors_info=&#8221;{}&#8221;][et_pb_column type=&#8221;3_5&#8243; _builder_version=&#8221;4.24.0&#8243; _module_preset=&#8221;default&#8221; global_colors_info=&#8221;{}&#8221;][et_pb_text _builder_version=&#8221;4.24.2&#8243; _module_preset=&#8221;default&#8221; custom_margin=&#8221;||30px||false|false&#8221; global_colors_info=&#8221;{}&#8221;]<\/p>\n<h2>Prot\u00e9gez votre v\u00e9hicule avec style avec un <strong>carport en aluminium<\/strong><\/h2>\n<p>[\/et_pb_text][et_pb_divider _builder_version=&#8221;4.24.0&#8243; _module_preset=&#8221;2adabd0f-cb12-404f-9aa7-a3088280e564&#8243; global_colors_info=&#8221;{}&#8221;][\/et_pb_divider][et_pb_text _builder_version=&#8221;4.25.1&#8243; _module_preset=&#8221;default&#8221; custom_margin=&#8221;||50px||false|false&#8221; global_colors_info=&#8221;{}&#8221;]<\/p>\n<p>Le <strong>carport de VERANDAIR<\/strong>\u00ae est une solution <strong>\u00e9l\u00e9gante<\/strong>, <strong>moderne<\/strong> et <strong>durable<\/strong> pour <strong>prot\u00e9ger efficacement votre v\u00e9hicuke <\/strong>contre les intemp\u00e9ries, les rayons UV et les salissures tout au long de l\u2019ann\u00e9e !<\/p>\n<p>Con\u00e7u <strong>sur mesure <\/strong>en Belgique avec des <strong>mat\u00e9riaux de haute qualit\u00e9<\/strong>, notre carport en s\u2019adapte parfaitement \u00e0 votre espace ext\u00e9rieur et \u00e0 tous types de v\u00e9hicules.<\/p>\n<p>Le carport offre une <strong>alternative \u00e9conomique<\/strong> au garage traditionnel avec un prix comp\u00e9titif. Disponible en diff\u00e9rentes hauteurs, notre carport convient \u00e0 <strong>tous les types de v\u00e9hicules<\/strong>, qu&#8217;il s&#8217;agisse de voitures, camionnettes ou camping-cars. Sa r\u00e9sistance aux conditions climatiques les plus exigeantes assure une <strong>protection durable<\/strong> sans se corroder, ni se d\u00e9colorer.<\/p>\n<p>Le carport VERANDAIR\u00ae est la solution id\u00e9ale pour prot\u00e9ger votre v\u00e9hicule avec style et confort !<\/p>\n<p>[\/et_pb_text][\/et_pb_column][et_pb_column type=&#8221;1_5&#8243; _builder_version=&#8221;4.24.0&#8243; _module_preset=&#8221;default&#8221; custom_padding=&#8221;||0px||false|false&#8221; custom_css_main_element=&#8221;max-width: 50%;&#8221; global_colors_info=&#8221;{}&#8221;][et_pb_image src=&#8221;https:\/\/www.verandair.com\/wp-content\/uploads\/2024\/02\/VERANDAIR-fabrication-belge.svg&#8221; title_text=&#8221;VERANDAIR-fabrication-belge&#8221; align=&#8221;center&#8221; _builder_version=&#8221;4.24.0&#8243; _module_preset=&#8221;default&#8221; width=&#8221;150px&#8221; width_tablet=&#8221;80px&#8221; width_phone=&#8221;80px&#8221; width_last_edited=&#8221;on|tablet&#8221; max_width=&#8221;150px&#8221; max_width_tablet=&#8221;80px&#8221; max_width_phone=&#8221;80px&#8221; max_width_last_edited=&#8221;on|desktop&#8221; custom_margin=&#8221;||30px||false|false&#8221; global_module=&#8221;2566&#8243; saved_tabs=&#8221;all&#8221; global_colors_info=&#8221;{}&#8221;][\/et_pb_image][et_pb_image src=&#8221;https:\/\/www.verandair.com\/wp-content\/uploads\/2024\/02\/VERANDAIR-sur-mesure.svg&#8221; title_text=&#8221;VERANDAIR-sur-mesure&#8221; align=&#8221;center&#8221; _builder_version=&#8221;4.24.0&#8243; _module_preset=&#8221;default&#8221; width=&#8221;150px&#8221; width_tablet=&#8221;80px&#8221; width_phone=&#8221;80px&#8221; width_last_edited=&#8221;on|tablet&#8221; max_width=&#8221;150px&#8221; max_width_tablet=&#8221;80px&#8221; max_width_phone=&#8221;80px&#8221; max_width_last_edited=&#8221;on|desktop&#8221; custom_margin=&#8221;||30px||false|false&#8221; global_module=&#8221;2567&#8243; saved_tabs=&#8221;all&#8221; global_colors_info=&#8221;{}&#8221;][\/et_pb_image][\/et_pb_column][et_pb_column type=&#8221;1_5&#8243; _builder_version=&#8221;4.24.0&#8243; _module_preset=&#8221;default&#8221; custom_padding=&#8221;||0px||false|false&#8221; custom_css_main_element=&#8221;max-width: 50%;&#8221; global_colors_info=&#8221;{}&#8221;][et_pb_image src=&#8221;https:\/\/www.verandair.com\/wp-content\/uploads\/2026\/01\/VERANDAIR-garantie.svg&#8221; title_text=&#8221;VERANDAIR-garantie&#8221; align=&#8221;center&#8221; _builder_version=&#8221;4.27.5&#8243; _module_preset=&#8221;default&#8221; width=&#8221;150px&#8221; width_tablet=&#8221;80px&#8221; width_phone=&#8221;80px&#8221; width_last_edited=&#8221;on|tablet&#8221; max_width=&#8221;150px&#8221; max_width_tablet=&#8221;80px&#8221; max_width_phone=&#8221;80px&#8221; max_width_last_edited=&#8221;on|desktop&#8221; custom_margin=&#8221;||30px||false|false&#8221; global_module=&#8221;2568&#8243; saved_tabs=&#8221;all&#8221; global_colors_info=&#8221;{}&#8221;][\/et_pb_image][et_pb_image src=&#8221;https:\/\/www.verandair.com\/wp-content\/uploads\/2026\/01\/VERANDAIR-projets-realises.svg&#8221; title_text=&#8221;VERANDAIR-projets-realises&#8221; align=&#8221;center&#8221; _builder_version=&#8221;4.27.5&#8243; _module_preset=&#8221;default&#8221; width=&#8221;150px&#8221; width_tablet=&#8221;80px&#8221; width_phone=&#8221;80px&#8221; width_last_edited=&#8221;on|tablet&#8221; max_width=&#8221;150px&#8221; max_width_tablet=&#8221;80px&#8221; max_width_phone=&#8221;80px&#8221; max_width_last_edited=&#8221;on|desktop&#8221; custom_margin=&#8221;||30px||false|false&#8221; global_module=&#8221;2569&#8243; saved_tabs=&#8221;all&#8221; global_colors_info=&#8221;{}&#8221;][\/et_pb_image][\/et_pb_column][\/et_pb_row][\/et_pb_section][et_pb_section fb_built=&#8221;1&#8243; disabled_on=&#8221;on|on|off&#8221; admin_label=&#8221;Sticky&#8221; _builder_version=&#8221;4.27.0&#8243; _module_preset=&#8221;default&#8221; background_color=&#8221;RGBA(255,255,255,0)&#8221; z_index=&#8221;20&#8243; max_width=&#8221;250px&#8221; max_width_tablet=&#8221;100%&#8221; max_width_phone=&#8221;100%&#8221; max_width_last_edited=&#8221;on|tablet&#8221; overflow-x=&#8221;visible&#8221; overflow-y=&#8221;visible&#8221; custom_padding=&#8221;0px||0px||true|false&#8221; sticky_position=&#8221;top&#8221; sticky_limit_bottom=&#8221;body&#8221; sticky_position_tablet=&#8221;none&#8221; sticky_position_phone=&#8221;none&#8221; sticky_position_last_edited=&#8221;on|tablet&#8221; global_colors_info=&#8221;{}&#8221;][et_pb_row module_class=&#8221;custom-sticky-menu&#8221; _builder_version=&#8221;4.24.0&#8243; _module_preset=&#8221;default&#8221; background_enable_color=&#8221;off&#8221; positioning=&#8221;absolute&#8221; z_index=&#8221;100&#8243; position_origin_a_tablet=&#8221;&#8221; position_origin_a_phone=&#8221;&#8221; position_origin_a_last_edited=&#8221;on|desktop&#8221; position_origin_f_tablet=&#8221;&#8221; position_origin_f_phone=&#8221;&#8221; position_origin_f_last_edited=&#8221;on|desktop&#8221; position_origin_r_tablet=&#8221;&#8221; position_origin_r_phone=&#8221;&#8221; position_origin_r_last_edited=&#8221;on|desktop&#8221; width=&#8221;100%&#8221; width_tablet=&#8221;90%&#8221; width_phone=&#8221;90%&#8221; width_last_edited=&#8221;on|tablet&#8221; max_width=&#8221;100%&#8221; max_width_last_edited=&#8221;off|tablet&#8221; overflow-x=&#8221;visible&#8221; overflow-y=&#8221;visible&#8221; custom_padding=&#8221;50px|15px|0px|15px|false|true&#8221; positioning_tablet=&#8221;none&#8221; positioning_phone=&#8221;none&#8221; positioning_last_edited=&#8221;on|tablet&#8221; global_colors_info=&#8221;{}&#8221;][et_pb_column type=&#8221;4_4&#8243; _builder_version=&#8221;4.24.0&#8243; _module_preset=&#8221;default&#8221; global_colors_info=&#8221;{}&#8221;][et_pb_text _builder_version=&#8221;4.24.2&#8243; _module_preset=&#8221;default&#8221; text_font=&#8221;|800|||||||&#8221; text_font_size=&#8221;20px&#8221; text_line_height=&#8221;1.4em&#8221; custom_margin=&#8221;||25px||false|false&#8221; text_font_size_tablet=&#8221;18px&#8221; global_colors_info=&#8221;{}&#8221;]<\/p>\n<p>Carport<br \/>\nen aluminium<\/p>\n<p>[\/et_pb_text][dsm_menu menu_id=&#8221;26&#8243; use_schema_markup=&#8221;off&#8221; active_link_color=&#8221;#058D9C&#8221; menu_link_text_active_color=&#8221;#058D9C&#8221; list_style_type=&#8221;none&#8221; _builder_version=&#8221;4.24.0&#8243; _module_preset=&#8221;default&#8221; menu_font_size=&#8221;15px&#8221; custom_css_free_form=&#8221;selector ul.dsm-menu li a {||  position: relative;||  transition: all .2s ease-in-out!important;||}||selector ul.dsm-menu li a::after {||  content:%22%22;||  background: #058d9c;||  display: block;||  position: absolute;||  top: 0;||  bottom: 0;||  margin: auto;||  width: 0px;||  height: 2px;||  transition: all .2s ease-in-out;||}||||selector ul.dsm-menu li a.active {||  color: #058d9c!important;||  padding-left: 20px;||  transition: padding-left .1s ease-in-out;||}||||selector ul.dsm-menu li a.active::after {||  width: 15px;||}&#8221; global_colors_info=&#8221;{}&#8221; menu_link_text_color__hover_enabled=&#8221;on|hover&#8221; menu_link_text_color__hover=&#8221;#058D9C&#8221;][\/dsm_menu][et_pb_code admin_label=&#8221;Code change color on bg&#8221; _builder_version=&#8221;4.27.0&#8243; _module_preset=&#8221;default&#8221; global_colors_info=&#8221;{}&#8221;]<script><!-- [et_pb_line_break_holder] -->jQuery(function($) {<!-- [et_pb_line_break_holder] -->  const $window = $(window);<!-- [et_pb_line_break_holder] -->  const $menuLinks = $('.custom-sticky-menu .menu-item a');<!-- [et_pb_line_break_holder] -->  const $menuParagraphs = $('.custom-sticky-menu p');<!-- [et_pb_line_break_holder] -->  const $sections = $('.et_pb_section');<!-- [et_pb_line_break_holder] --><!-- [et_pb_line_break_holder] -->  function updateTextColor() {<!-- [et_pb_line_break_holder] -->    let currentSection = null;<!-- [et_pb_line_break_holder] -->    const scrollTop = $window.scrollTop() + 175;<!-- [et_pb_line_break_holder] --><!-- [et_pb_line_break_holder] -->    \/\/ Check which section is in the viewport with a 175px offset from the top<!-- [et_pb_line_break_holder] -->    $sections.each(function() {<!-- [et_pb_line_break_holder] -->      const $this = $(this);<!-- [et_pb_line_break_holder] -->      const sectionTop = $this.offset().top - 175;<!-- [et_pb_line_break_holder] -->      const sectionBottom = sectionTop + $this.outerHeight();<!-- [et_pb_line_break_holder] --><!-- [et_pb_line_break_holder] -->      if (scrollTop >= sectionTop && scrollTop <= sectionBottom) {<!-- [et_pb_line_break_holder] -->        currentSection = $this;<!-- [et_pb_line_break_holder] -->        return false; \/\/ Break the loop once the current section is found<!-- [et_pb_line_break_holder] -->      }<!-- [et_pb_line_break_holder] -->    });<!-- [et_pb_line_break_holder] --><!-- [et_pb_line_break_holder] -->    \/\/ Update text color based on the background color of the current section<!-- [et_pb_line_break_holder] -->    if (currentSection) {<!-- [et_pb_line_break_holder] -->      const bgColor = currentSection.css('background-color');<!-- [et_pb_line_break_holder] -->      const textColor = getTextColorByBrightness(bgColor);<!-- [et_pb_line_break_holder] --><!-- [et_pb_line_break_holder] -->      $menuLinks.css('color', textColor);<!-- [et_pb_line_break_holder] -->      $menuParagraphs.css('color', textColor);<!-- [et_pb_line_break_holder] -->    }<!-- [et_pb_line_break_holder] -->  }<!-- [et_pb_line_break_holder] --><!-- [et_pb_line_break_holder] -->  function getTextColorByBrightness(bgColor) {<!-- [et_pb_line_break_holder] -->    if (!bgColor) return 'black';<!-- [et_pb_line_break_holder] --><!-- [et_pb_line_break_holder] -->    let r, g, b;<!-- [et_pb_line_break_holder] --><!-- [et_pb_line_break_holder] -->    if (bgColor.charAt(0) === '#') {<!-- [et_pb_line_break_holder] -->      let hex = bgColor.slice(1);<!-- [et_pb_line_break_holder] -->      if (hex.length === 3) {<!-- [et_pb_line_break_holder] -->        hex = hex.split('').map(c => c + c).join(''); \/\/ Convert short hex (#ABC) to full (#AABBCC)<!-- [et_pb_line_break_holder] -->      }<!-- [et_pb_line_break_holder] -->      r = parseInt(hex.slice(0, 2), 16);<!-- [et_pb_line_break_holder] -->      g = parseInt(hex.slice(2, 4), 16);<!-- [et_pb_line_break_holder] -->      b = parseInt(hex.slice(4, 6), 16);<!-- [et_pb_line_break_holder] -->    } else if (bgColor.startsWith('rgb')) {<!-- [et_pb_line_break_holder] -->      const rgbArray = bgColor.match(\/\\d+\/g);<!-- [et_pb_line_break_holder] -->      if (rgbArray && rgbArray.length >= 3) {<!-- [et_pb_line_break_holder] -->        [r, g, b] = rgbArray.map(Number);<!-- [et_pb_line_break_holder] -->      } else {<!-- [et_pb_line_break_holder] -->        return 'black'; \/\/ Fallback to black if RGB values aren't found<!-- [et_pb_line_break_holder] -->      }<!-- [et_pb_line_break_holder] -->    } else {<!-- [et_pb_line_break_holder] -->      return 'black'; \/\/ Default to black if color format is not recognized<!-- [et_pb_line_break_holder] -->    }<!-- [et_pb_line_break_holder] --><!-- [et_pb_line_break_holder] -->    const brightness = (0.299 * r + 0.587 * g + 0.114 * b) \/ 255;<!-- [et_pb_line_break_holder] -->    return brightness > 0.5 ? 'black' : 'white';<!-- [et_pb_line_break_holder] -->  }<!-- [et_pb_line_break_holder] --><!-- [et_pb_line_break_holder] -->  \/\/ Initial update and scroll event listener<!-- [et_pb_line_break_holder] -->  updateTextColor();<!-- [et_pb_line_break_holder] -->  $window.on('scroll', updateTextColor);<!-- [et_pb_line_break_holder] -->});<!-- [et_pb_line_break_holder] --><\/script>[\/et_pb_code][et_pb_code admin_label=&#8221;Code active&#8221; _builder_version=&#8221;4.27.0&#8243; _module_preset=&#8221;default&#8221; global_colors_info=&#8221;{}&#8221;]<script><!-- [et_pb_line_break_holder] -->jQuery(function($) {<!-- [et_pb_line_break_holder] -->    const $window = $(window);<!-- [et_pb_line_break_holder] -->    const $menuLinks = $('ul.dsm-menu li a');<!-- [et_pb_line_break_holder] -->    const $sections = $('.et_pb_section');<!-- [et_pb_line_break_holder] -->  <!-- [et_pb_line_break_holder] -->    \/\/ Surveillez le d\u00e9filement de la page<!-- [et_pb_line_break_holder] -->    $window.scroll(function() {<!-- [et_pb_line_break_holder] -->        const scrollTop = $window.scrollTop();<!-- [et_pb_line_break_holder] -->        const topOfWindow = scrollTop + 175; \/\/ Ajoutez 175px au scrollTop pour le d\u00e9calage<!-- [et_pb_line_break_holder] -->  <!-- [et_pb_line_break_holder] -->        \/\/ Parcourez chaque section<!-- [et_pb_line_break_holder] -->        $sections.each(function() {<!-- [et_pb_line_break_holder] -->            const $this = $(this);<!-- [et_pb_line_break_holder] -->            const topOfSection = $this.offset().top;<!-- [et_pb_line_break_holder] -->            const bottomOfSection = topOfSection + $this.outerHeight();<!-- [et_pb_line_break_holder] -->  <!-- [et_pb_line_break_holder] -->            \/\/ V\u00e9rifiez si la section est \u00e0 175px du haut de l'\u00e9cran<!-- [et_pb_line_break_holder] -->            if (bottomOfSection > scrollTop && topOfSection < topOfWindow) {<!-- [et_pb_line_break_holder] -->                const id = $this.attr('id');<!-- [et_pb_line_break_holder] -->  <!-- [et_pb_line_break_holder] -->                \/\/ Met \u00e0 jour la classe \"active\" pour le lien de la section visible<!-- [et_pb_line_break_holder] -->                $menuLinks.removeClass('active');<!-- [et_pb_line_break_holder] -->                $menuLinks.filter(`[href=\"#${id}\"]`).addClass('active');<!-- [et_pb_line_break_holder] -->            }<!-- [et_pb_line_break_holder] -->        });<!-- [et_pb_line_break_holder] -->    });<!-- [et_pb_line_break_holder] -->});<!-- [et_pb_line_break_holder] --><\/script>[\/et_pb_code][\/et_pb_column][\/et_pb_row][\/et_pb_section][et_pb_section fb_built=&#8221;1&#8243; admin_label=&#8221;Specifications&#8221; module_id=&#8221;specifications&#8221; _builder_version=&#8221;4.24.0&#8243; _module_preset=&#8221;b213633d-5762-446f-872e-5ca2bd12b219&#8243; global_colors_info=&#8221;{}&#8221;][et_pb_row _builder_version=&#8221;4.24.0&#8243; _module_preset=&#8221;e9563919-a9a0-4773-9250-81452e196558&#8243; global_colors_info=&#8221;{}&#8221;][et_pb_column type=&#8221;4_4&#8243; _builder_version=&#8221;4.24.0&#8243; _module_preset=&#8221;default&#8221; global_colors_info=&#8221;{}&#8221;][et_pb_text _builder_version=&#8221;4.24.0&#8243; _module_preset=&#8221;92aae06f-c11a-4f4c-95ff-b8e28412f5a2&#8243; global_colors_info=&#8221;{}&#8221;]<\/p>\n<p>Sp\u00e9cifications<\/p>\n<p>[\/et_pb_text][et_pb_text _builder_version=&#8221;4.24.2&#8243; _module_preset=&#8221;default&#8221; text_orientation=&#8221;center&#8221; custom_margin=&#8221;||30px||false|false&#8221; global_colors_info=&#8221;{}&#8221;]<\/p>\n<h2 style=\"margin-top: 20.0pt;\"><span lang=\"fr\">Les sp\u00e9cifications du <strong>carport en aluminium<\/strong> VERANDAIR\u00ae<o:p><\/o:p><\/span><\/h2>\n<p>[\/et_pb_text][et_pb_divider _builder_version=&#8221;4.24.0&#8243; _module_preset=&#8221;2adabd0f-cb12-404f-9aa7-a3088280e564&#8243; module_alignment=&#8221;center&#8221; global_colors_info=&#8221;{}&#8221;][\/et_pb_divider][\/et_pb_column][\/et_pb_row][et_pb_row _builder_version=&#8221;4.24.0&#8243; _module_preset=&#8221;e9563919-a9a0-4773-9250-81452e196558&#8243; global_colors_info=&#8221;{}&#8221;][et_pb_column type=&#8221;4_4&#8243; _builder_version=&#8221;4.24.0&#8243; _module_preset=&#8221;default&#8221; global_colors_info=&#8221;{}&#8221;][dsm_faq dsm_open_faq_item=&#8221;on&#8221; dsm_open_font_icon=&#8221;&#x4b;||divi||400&#8243; dsm_close_font_icon=&#8221;&#x4c;||divi||400&#8243; dsm_animate_icon=&#8221;on&#8221; _builder_version=&#8221;4.26.1&#8243; _module_preset=&#8221;e643eeaa-a52c-477a-9ee9-2f346d499d98&#8243; global_colors_info=&#8221;{}&#8221;][dsm_faq_child dsm_title=&#8221;Dimension Sur Mesure&#8221; dsm_content=&#8221;<\/p>\n<p>Chaque carport VERANDAIR\u00ae est fabriqu\u00e9 <strong>sur mesure<\/strong>. Il s&#8217;adapte aux <strong>dimensions de votre habitation, \u00e0 la place disponible et \u00e0 la taille de votre v\u00e9hicule <\/strong>(voiture citadine, grand SUV, camping-car, etc.). Vous choisissez la hauteur, la largeur et la longueur de votre carport. Con\u00e7u de fa\u00e7on \u00e0 <strong>optimiser l\u2019espace<\/strong>, il s\u2019int\u00e8gre harmonieusement \u00e0 votre ext\u00e9rieur, m\u00eame dans les endroits les plus restreints.<\/p>\n<p>La personnalisation permet de r\u00e9pondre pr\u00e9cis\u00e9ment<strong> \u00e0 vos besoins sp\u00e9cifiques<\/strong>, offrant ainsi une alternative pratique et esth\u00e9tique au garage traditionnel.<\/p>\n<p>&#8221; dsm_child_use_image=&#8221;on&#8221; dsm_close_child_image=&#8221;https:\/\/www.verandair.com\/wp-content\/uploads\/2023\/09\/carport-2.jpeg&#8221; dsm_close_image_padding=&#8221;||||false|false&#8221; _builder_version=&#8221;4.26.1&#8243; _module_preset=&#8221;default&#8221; global_colors_info=&#8221;{}&#8221; parentOrderClass=&#8221;dsm_faq_0&#8243;][\/dsm_faq_child][dsm_faq_child dsm_title=&#8221;Structure en Aluminium &#8221; dsm_content=&#8221;<\/p>\n<p>Une structure compos\u00e9e de profil\u00e9s en <strong>aluminium<\/strong> offre de <strong>nombreux avantages<\/strong> gr\u00e2ce \u00e0 ses propri\u00e9t\u00e9s uniques. Tout d&#8217;abord, ce mat\u00e9riau est connu pour sa l\u00e9g\u00e8ret\u00e9, ce qui facilite son installation et r\u00e9duit le poids sur les fondations. De plus, l&#8217;aluminium est extr\u00eamement<strong> r\u00e9sistant aux intemp\u00e9ries<\/strong>, aux temp\u00e9ratures extr\u00eames et aux rayons UV, et garantit la solidit\u00e9 de votre carport sur le long terme.<\/p>\n<p>En optant pour cette structure, vous b\u00e9n\u00e9ficiez \u00e9galement d&#8217;un <strong>entretien minimal<\/strong>. Contrairement au fer ou au bois qui peuvent rouiller ou se d\u00e9grader, l&#8217;aluminium conserve son aspect neuf avec un <strong>simple nettoyage<\/strong>.<\/p>\n<p>&#8221; dsm_child_use_image=&#8221;on&#8221; dsm_close_child_image=&#8221;https:\/\/www.verandair.com\/wp-content\/uploads\/2023\/05\/carport-en-alu-.png&#8221; dsm_close_image_padding=&#8221;||||false|false&#8221; _builder_version=&#8221;4.25.1&#8243; _module_preset=&#8221;default&#8221; global_colors_info=&#8221;{}&#8221; parentOrderClass=&#8221;dsm_faq_0&#8243;][\/dsm_faq_child][dsm_faq_child dsm_title=&#8221;Palette de Couleurs&#8221; dsm_content=&#8221;<\/p>\n<p>Le carport offre une large <strong>palette de couleurs<\/strong> pour s&#8217;harmoniser parfaitement avec votre maison et l\u2019environnement ext\u00e9rieur. Que vous pr\u00e9f\u00e9riez des teintes sobres ou des couleurs plus vives, vous trouverez celle qui correspond \u00e0 vos envies parmi une palette de couleurs RAL illimit\u00e9e. Le<strong> laquage poudr\u00e9<\/strong> de nos profil\u00e9s vous garantit une <strong>couleur uniforme et r\u00e9sistante<\/strong>. Cela signifie que la couleur de votre carport restera \u00e9clatante et sans alt\u00e9ration au fil du temps.<\/p>\n<p>&#8221; dsm_child_use_image=&#8221;on&#8221; dsm_close_child_image=&#8221;https:\/\/www.verandair.com\/wp-content\/uploads\/2024\/02\/VERANDAIR-carport-03-sq.jpg&#8221; dsm_close_image_padding=&#8221;||||false|false&#8221; _builder_version=&#8221;4.25.1&#8243; _module_preset=&#8221;default&#8221; global_colors_info=&#8221;{}&#8221; parentOrderClass=&#8221;dsm_faq_0&#8243;][\/dsm_faq_child][dsm_faq_child dsm_title=&#8221;S\u00e9lection des Mat\u00e9riaux de Toit&#8221; dsm_content=&#8221;<\/p>\n<p>Nous vous proposons<strong> diff\u00e9rents mat\u00e9riaux <\/strong>pour le toit de votre carport : panneaux en <strong>polycarbonate<\/strong> ou en <strong>verre<\/strong> pour laisser passer la lumi\u00e8re naturelle, <strong>panneaux<\/strong> <strong>occultants<\/strong> pour plus de discr\u00e9tion, etc. Vous choisissez le type de toiture adapt\u00e9 \u00e0 vos besoins.<\/p>\n<p>&#8221; dsm_child_use_image=&#8221;on&#8221; dsm_close_child_image=&#8221;https:\/\/www.verandair.com\/wp-content\/uploads\/2023\/07\/Carport-solaire-Verandair.jpeg&#8221; dsm_close_image_padding=&#8221;||||false|false&#8221; _builder_version=&#8221;4.25.1&#8243; _module_preset=&#8221;default&#8221; global_colors_info=&#8221;{}&#8221; parentOrderClass=&#8221;dsm_faq_0&#8243;][\/dsm_faq_child][dsm_faq_child dsm_title=&#8221;Emplacement du Carport&#8221; dsm_content=&#8221;<\/p>\n<p>Le carport est une <strong>structure ind\u00e9pendante<\/strong> qui peut se placer o\u00f9 vous voulez. Vous pouvez <strong>l&#8217;adosser \u00e0 votre maison<\/strong> pour cr\u00e9er une continuit\u00e9 esth\u00e9tique avec votre habitation, offrant une protection imm\u00e9diate \u00e0 votre <strong>voiture<\/strong> tout en facilitant l&#8217;acc\u00e8s. Cet emplacement est id\u00e9al pour int\u00e9grer le carport dans le prolongement de votre maison, que ce soit sur votre <strong>terrasse<\/strong> ou \u00e0 proximit\u00e9 de l&#8217;entr\u00e9e principale.<\/p>\n<p>Si vous pr\u00e9f\u00e9rez un emplacement plus discret, le <strong>carport<\/strong> peut \u00e9galement \u00eatre install\u00e9 <strong>\u00e0 l&#8217;\u00e9cart de votre maison<\/strong>. Placez-le dans une all\u00e9e de garage pour un acc\u00e8s facile en voiture, ou dans un coin de votre jardin pour prot\u00e9ger votre v\u00e9hicule tout en optimisant l&#8217;espace ext\u00e9rieur. Cette flexibilit\u00e9 permet d\u2019adapter le <strong>carport<\/strong> \u00e0 vos besoins sp\u00e9cifiques et \u00e0 la configuration de votre habitation.<\/p>\n<p>&#8221; dsm_child_use_image=&#8221;on&#8221; dsm_close_child_image=&#8221;https:\/\/www.verandair.com\/wp-content\/uploads\/2023\/03\/Carport-maison.jpg&#8221; dsm_close_image_padding=&#8221;||||false|false&#8221; _builder_version=&#8221;4.25.1&#8243; _module_preset=&#8221;default&#8221; global_colors_info=&#8221;{}&#8221; parentOrderClass=&#8221;dsm_faq_0&#8243;][\/dsm_faq_child][dsm_faq_child dsm_title=&#8221;Int\u00e9gration de Panneaux Solaires&#8221; dsm_content=&#8221;<\/p>\n<p>Nous vous proposons d\u2019in<strong>t\u00e9grer des panneaux solaires<\/strong> sur le toit de votre carport. Cette solution permet de transformer cet abri pour v\u00e9hicule en une <strong>source d\u2019\u00e9nergie renouvelable<\/strong>. Les panneaux solaires peuvent \u00eatre install\u00e9s sur diff\u00e9rents <strong>mod\u00e8les<\/strong> de carports, et sont particuli\u00e8rement efficaces sur les toits orient\u00e9s de mani\u00e8re optimale pour capter le maximum de lumi\u00e8re solaire.<\/p>\n<p>Avec cette option, votre <strong>carport<\/strong> devient un atout \u00e9cologique pour votre maison. L\u2019\u00e9nergie produite peut \u00eatre utilis\u00e9e pour alimenter divers appareils \u00e9lectriques, r\u00e9duisant ainsi votre consommation d\u2019\u00e9nergie traditionnelle. De plus, l\u2019installation de panneaux solaires augmente la valeur de votre propri\u00e9t\u00e9 tout en contribuant \u00e0 la protection de l\u2019environnement.<\/p>\n<p>&#8221; dsm_child_use_image=&#8221;on&#8221; dsm_close_child_image=&#8221;https:\/\/www.verandair.com\/wp-content\/uploads\/2023\/10\/carport-solaire-2-1.jpg&#8221; dsm_close_image_padding=&#8221;||||false|false&#8221; _builder_version=&#8221;4.25.1&#8243; _module_preset=&#8221;default&#8221; global_colors_info=&#8221;{}&#8221; parentOrderClass=&#8221;dsm_faq_0&#8243;][\/dsm_faq_child][\/dsm_faq][\/et_pb_column][\/et_pb_row][\/et_pb_section][et_pb_section fb_built=&#8221;1&#8243; admin_label=&#8221;Photos&#8221; module_id=&#8221;photos&#8221; _builder_version=&#8221;4.24.0&#8243; _module_preset=&#8221;b213633d-5762-446f-872e-5ca2bd12b219&#8243; background_color=&#8221;gcid-a78bba3e-9a00-4c62-8b29-47f3d6c30097&#8243; custom_margin=&#8221;100px||||false|false&#8221; custom_padding=&#8221;0px|200px||200px|false|true&#8221; global_colors_info=&#8221;{%22gcid-a78bba3e-9a00-4c62-8b29-47f3d6c30097%22:%91%22background_color%22%93}&#8221;][et_pb_row _builder_version=&#8221;4.24.0&#8243; _module_preset=&#8221;e9563919-a9a0-4773-9250-81452e196558&#8243; custom_padding=&#8221;0px||||false|false&#8221; global_colors_info=&#8221;{}&#8221;][et_pb_column type=&#8221;4_4&#8243; _builder_version=&#8221;4.24.0&#8243; _module_preset=&#8221;default&#8221; global_colors_info=&#8221;{}&#8221;][dsm_masonry_gallery gallery_ids=&#8221;1876,2131,1877,1875,1695,1694&#8243; lazyload=&#8221;on&#8221; columns=&#8221;2&#8243; use_lightbox=&#8221;on&#8221; use_zoom_on_hover=&#8221;on&#8221; _builder_version=&#8221;4.24.2&#8243; _module_preset=&#8221;default&#8221; custom_margin=&#8221;-50px||||false|false&#8221; custom_padding=&#8221;||30px||false|false&#8221; global_colors_info=&#8221;{}&#8221;][\/dsm_masonry_gallery][et_pb_button button_url=&#8221;@ET-DC@eyJkeW5hbWljIjp0cnVlLCJjb250ZW50IjoicG9zdF9saW5rX3VybF9wYWdlIiwic2V0dGluZ3MiOnsicG9zdF9pZCI6IjIzMzQifX0=@&#8221; button_text=&#8221;D\u00e9couvrez toutes nos r\u00e9alisations&#8221; button_alignment=&#8221;center&#8221; _builder_version=&#8221;4.24.0&#8243; _dynamic_attributes=&#8221;button_url&#8221; _module_preset=&#8221;8ac6895b-8a7d-4b15-8635-28e44651343f&#8221; global_colors_info=&#8221;{}&#8221;][\/et_pb_button][\/et_pb_column][\/et_pb_row][\/et_pb_section][et_pb_section fb_built=&#8221;1&#8243; admin_label=&#8221;Qualite&#8221; module_id=&#8221;qualite&#8221; _builder_version=&#8221;4.24.0&#8243; _module_preset=&#8221;b213633d-5762-446f-872e-5ca2bd12b219&#8243; global_colors_info=&#8221;{}&#8221;][et_pb_row _builder_version=&#8221;4.24.0&#8243; _module_preset=&#8221;e9563919-a9a0-4773-9250-81452e196558&#8243; global_colors_info=&#8221;{}&#8221;][et_pb_column type=&#8221;4_4&#8243; _builder_version=&#8221;4.24.0&#8243; _module_preset=&#8221;default&#8221; global_colors_info=&#8221;{}&#8221;][et_pb_text _builder_version=&#8221;4.24.0&#8243; _module_preset=&#8221;92aae06f-c11a-4f4c-95ff-b8e28412f5a2&#8243; global_colors_info=&#8221;{}&#8221;]<\/p>\n<p>Qualit\u00e9 &amp; service<\/p>\n<p>[\/et_pb_text][et_pb_text _builder_version=&#8221;4.24.2&#8243; _module_preset=&#8221;default&#8221; text_orientation=&#8221;center&#8221; custom_margin=&#8221;||30px||false|false&#8221; global_colors_info=&#8221;{}&#8221;]<\/p>\n<h2>Choisissez VERANDAIR\u00ae pour votre <strong>futur carport<\/strong><\/h2>\n<p>[\/et_pb_text][et_pb_divider _builder_version=&#8221;4.24.0&#8243; _module_preset=&#8221;2adabd0f-cb12-404f-9aa7-a3088280e564&#8243; module_alignment=&#8221;center&#8221; global_colors_info=&#8221;{}&#8221;][\/et_pb_divider][\/et_pb_column][\/et_pb_row][et_pb_row column_structure=&#8221;1_2,1_2&#8243; use_custom_gutter=&#8221;on&#8221; gutter_width=&#8221;4&#8243; _builder_version=&#8221;4.24.0&#8243; _module_preset=&#8221;e9563919-a9a0-4773-9250-81452e196558&#8243; global_colors_info=&#8221;{}&#8221;][et_pb_column type=&#8221;1_2&#8243; _builder_version=&#8221;4.24.0&#8243; _module_preset=&#8221;default&#8221; global_colors_info=&#8221;{}&#8221;][et_pb_image src=&#8221;https:\/\/www.verandair.com\/wp-content\/uploads\/2024\/01\/VERANDAIR-fabrication-belge-1.svg&#8221; title_text=&#8221;VERANDAIR-fabrication-belge&#8221; _builder_version=&#8221;4.24.0&#8243; _module_preset=&#8221;0353bf8c-d4a9-4291-934d-c656c110f926&#8243; global_colors_info=&#8221;{}&#8221;][\/et_pb_image][et_pb_text _builder_version=&#8221;4.24.2&#8243; _module_preset=&#8221;default&#8221; global_colors_info=&#8221;{}&#8221;]<\/p>\n<h3 style=\"margin: 20.0pt 0in 6.0pt 0in;\"><span lang=\"fr\">Conception et fabrication belge<o:p><\/o:p><\/span><\/h3>\n<p><span>Chez VERANDAIR\u00ae, nous <strong>concevons<\/strong>, <strong>fabriquons<\/strong> et <strong>vendons<\/strong> nos produits en Belgique. De la conceptualisation \u00e0 l\u2019installation, nous sommes <strong>pr\u00e9sents \u00e0 chaque \u00e9tape de la cha\u00eene de production<\/strong> de nos solutions. <\/span><\/p>\n<p>[\/et_pb_text][\/et_pb_column][et_pb_column type=&#8221;1_2&#8243; _builder_version=&#8221;4.24.0&#8243; _module_preset=&#8221;default&#8221; global_colors_info=&#8221;{}&#8221;][et_pb_image src=&#8221;https:\/\/www.verandair.com\/wp-content\/uploads\/2024\/01\/VERANDAIR-materiaux-1.svg&#8221; title_text=&#8221;VERANDAIR-materiaux&#8221; _builder_version=&#8221;4.24.2&#8243; _module_preset=&#8221;0353bf8c-d4a9-4291-934d-c656c110f926&#8243; global_colors_info=&#8221;{}&#8221;][\/et_pb_image][et_pb_text _builder_version=&#8221;4.24.2&#8243; _module_preset=&#8221;default&#8221; global_colors_info=&#8221;{}&#8221;]<\/p>\n<h3 style=\"margin: 20.0pt 0in 6.0pt 0in;\"><span lang=\"fr\">Un service disponible et r\u00e9actif<o:p><\/o:p><\/span><\/h3>\n<p><span>L\u2019\u00e9quipe VERANDAIR\u00ae est <strong>toujours \u00e0 vos c\u00f4t\u00e9s, <\/strong>\u00e0 chaque \u00e9tape de votre projet ! Nous sommes \u00e0 l\u2019\u00e9coute de vos besoins, nous nous adaptons \u00e0 vos envies et restons \u00e0 votre disposition, quelle que soit votre demande. <\/span><\/p>\n<p>[\/et_pb_text][\/et_pb_column][\/et_pb_row][et_pb_row column_structure=&#8221;1_2,1_2&#8243; use_custom_gutter=&#8221;on&#8221; gutter_width=&#8221;4&#8243; _builder_version=&#8221;4.24.0&#8243; _module_preset=&#8221;e9563919-a9a0-4773-9250-81452e196558&#8243; global_colors_info=&#8221;{}&#8221;][et_pb_column type=&#8221;1_2&#8243; _builder_version=&#8221;4.24.0&#8243; _module_preset=&#8221;default&#8221; global_colors_info=&#8221;{}&#8221;][et_pb_image src=&#8221;https:\/\/www.verandair.com\/wp-content\/uploads\/2024\/02\/VERANDAIR-experience.svg&#8221; title_text=&#8221;VERANDAIR-experience&#8221; _builder_version=&#8221;4.24.2&#8243; _module_preset=&#8221;0353bf8c-d4a9-4291-934d-c656c110f926&#8243; global_colors_info=&#8221;{}&#8221;][\/et_pb_image][et_pb_text _builder_version=&#8221;4.24.2&#8243; _module_preset=&#8221;default&#8221; global_colors_info=&#8221;{}&#8221;]<\/p>\n<h3>Exp\u00e9rience de plus de 35 ans<\/h3>\n<p><span>Depuis plus de 35 ans, nous <strong>concevons<\/strong> et <strong>cr\u00e9ons<\/strong> des s<strong>olutions sur mesure pour les espaces ext\u00e9rieurs<\/strong>. De la pergola au carport, en passant par la pool house, nos produits sont le r\u00e9sultat de <strong>nombreuses ann\u00e9es d\u2019exp\u00e9rience<\/strong>. <\/span><\/p>\n<p>[\/et_pb_text][\/et_pb_column][et_pb_column type=&#8221;1_2&#8243; _builder_version=&#8221;4.24.0&#8243; _module_preset=&#8221;default&#8221; global_colors_info=&#8221;{}&#8221;][et_pb_image src=&#8221;https:\/\/www.verandair.com\/wp-content\/uploads\/2024\/01\/VERANDAIR-prix-1.svg&#8221; title_text=&#8221;VERANDAIR-prix&#8221; _builder_version=&#8221;4.24.0&#8243; _module_preset=&#8221;0353bf8c-d4a9-4291-934d-c656c110f926&#8243; global_colors_info=&#8221;{}&#8221;][\/et_pb_image][et_pb_text _builder_version=&#8221;4.25.1&#8243; _module_preset=&#8221;default&#8221; global_colors_info=&#8221;{}&#8221;]<\/p>\n<h3 style=\"margin: 20.0pt 0in 6.0pt 0in;\"><span lang=\"fr\">Des mat\u00e9riaux durables et de haute qualit\u00e9<\/span><\/h3>\n<p>Nous mettons un point d\u2019honneur \u00e0 utiliser des <strong>mat\u00e9riaux renouvelables, solides et esth\u00e9tiques<\/strong>, pour que votre carport soit \u00e0 la fois beau, \u00e9cologique et robuste. Ainsi, nous vous garantissons une fiabilit\u00e9 sur le long terme.<\/p>\n<p>[\/et_pb_text][\/et_pb_column][\/et_pb_row][\/et_pb_section][et_pb_section fb_built=&#8221;1&#8243; admin_label=&#8221;A propos&#8221; module_id=&#8221;a-propos&#8221; _builder_version=&#8221;4.24.0&#8243; _module_preset=&#8221;b213633d-5762-446f-872e-5ca2bd12b219&#8243; background_color=&#8221;gcid-a78bba3e-9a00-4c62-8b29-47f3d6c30097&#8243; background_image=&#8221;https:\/\/www.verandair.com\/wp-content\/uploads\/2024\/02\/VERANDAIR-bg-1.jpg&#8221; background_size=&#8221;contain&#8221; background_position=&#8221;bottom_right&#8221; background_blend=&#8221;multiply&#8221; custom_padding=&#8221;80px|200px|80px|200px|true|true&#8221; global_colors_info=&#8221;{%22gcid-a78bba3e-9a00-4c62-8b29-47f3d6c30097%22:%91%22background_color%22%93}&#8221;][et_pb_row make_equal=&#8221;on&#8221; _builder_version=&#8221;4.24.0&#8243; _module_preset=&#8221;e9563919-a9a0-4773-9250-81452e196558&#8243; custom_css_main_element=&#8221;align-items: center;&#8221; global_colors_info=&#8221;{}&#8221;][et_pb_column type=&#8221;4_4&#8243; _builder_version=&#8221;4.24.0&#8243; _module_preset=&#8221;default&#8221; global_colors_info=&#8221;{}&#8221;][et_pb_text _builder_version=&#8221;4.24.0&#8243; _module_preset=&#8221;92aae06f-c11a-4f4c-95ff-b8e28412f5a2&#8243; text_orientation=&#8221;left&#8221; global_colors_info=&#8221;{}&#8221;]<\/p>\n<p>\u00c0 propos<\/p>\n<p>[\/et_pb_text][et_pb_text _builder_version=&#8221;4.24.2&#8243; _module_preset=&#8221;5298e62e-f7ac-4dd9-b361-006fc4da68de&#8221; text_font_size=&#8221;20px&#8221; text_line_height=&#8221;1.9em&#8221; background_layout=&#8221;dark&#8221; custom_margin=&#8221;||35px||false|false&#8221; animation_style=&#8221;fade&#8221; global_colors_info=&#8221;{}&#8221;]<\/p>\n<h2>VERANDAIR\u00ae,<\/h2>\n<h2>fabricant de solutions pour l\u2019ext\u00e9rieur de qualit\u00e9<br \/><span data-metadata=\"&lt;!--(figmeta)eyJmaWxlS2V5IjoiNDJrcExzUGY2N0VsN0FkMldFdElreCIsInBhc3RlSUQiOjI1NDM4MDY0MSwiZGF0YVR5cGUiOiJzY2VuZSJ9Cg==(\/figmeta)--&gt;\"><\/span><\/h2>\n<p>[\/et_pb_text][et_pb_divider show_divider=&#8221;off&#8221; _builder_version=&#8221;4.23.4&#8243; _module_preset=&#8221;2adabd0f-cb12-404f-9aa7-a3088280e564&#8243; global_colors_info=&#8221;{}&#8221;][\/et_pb_divider][et_pb_text _builder_version=&#8221;4.24.2&#8243; _module_preset=&#8221;5298e62e-f7ac-4dd9-b361-006fc4da68de&#8221; text_line_height=&#8221;1.9em&#8221; background_layout=&#8221;dark&#8221; max_width=&#8221;700px&#8221; module_alignment=&#8221;left&#8221; custom_margin=&#8221;||50px||false|false&#8221; animation_style=&#8221;fade&#8221; global_colors_info=&#8221;{}&#8221;]<\/p>\n<p><span>VERANDAIR\u00ae est une <strong>entreprise belge <\/strong>fond\u00e9e en 1990 et situ\u00e9e \u00e0 Mariembourg.\u00a0 Au fil des ann\u00e9es, nous avons r\u00e9ussi \u00e0 nous imposer comme une r\u00e9f\u00e9rence en Wallonie pour la <strong>conception et la fabrication de pergolas sur mesure<\/strong> pour particuliers et professionnels. <\/span><\/p>\n<p><span>Nos produits innovants et de haute qualit\u00e9 sont directement con\u00e7us par nos <strong>ing\u00e9nieurs<\/strong> et <strong>dessinateurs<\/strong>. Nous proposons donc des solutions <strong>uniques<\/strong> pour l\u2019ext\u00e9rieur en Belgique, en France, en Europe et partout dans le monde. <\/span><\/p>\n<p>[\/et_pb_text][et_pb_button button_url=&#8221;@ET-DC@eyJkeW5hbWljIjp0cnVlLCJjb250ZW50IjoicG9zdF9saW5rX3VybF9wYWdlIiwic2V0dGluZ3MiOnsicG9zdF9pZCI6IjU5MCJ9fQ==@&#8221; button_text=&#8221;En savoir plus sur VERANDAIR\u00ae&#8221; _builder_version=&#8221;4.24.0&#8243; _dynamic_attributes=&#8221;button_url&#8221; _module_preset=&#8221;8ac6895b-8a7d-4b15-8635-28e44651343f&#8221; global_colors_info=&#8221;{%22gcid-cdfc5e12-aa04-4e46-8d7a-a46e0d249000%22:%91%22button_text_color%22%93}&#8221;][\/et_pb_button][\/et_pb_column][\/et_pb_row][\/et_pb_section][et_pb_section fb_built=&#8221;1&#8243; admin_label=&#8221;FAQ&#8221; module_id=&#8221;faq&#8221; _builder_version=&#8221;4.24.0&#8243; _module_preset=&#8221;b213633d-5762-446f-872e-5ca2bd12b219&#8243; background_image=&#8221;https:\/\/www.verandair.com\/wp-content\/uploads\/2024\/01\/VERANDAIR-icon-outline.svg&#8221; background_size=&#8221;custom&#8221; background_image_width=&#8221;50%&#8221; background_position=&#8221;bottom_right&#8221; global_colors_info=&#8221;{%22gcid-7df8ee83-ae0d-4f60-a763-b085a292aac7%22:%91%22background_color_gradient_stops%22%93}&#8221;][et_pb_row _builder_version=&#8221;4.24.0&#8243; _module_preset=&#8221;default&#8221; max_width=&#8221;800px&#8221; global_colors_info=&#8221;{}&#8221;][et_pb_column type=&#8221;4_4&#8243; _builder_version=&#8221;4.23.4&#8243; _module_preset=&#8221;default&#8221; global_colors_info=&#8221;{}&#8221;][et_pb_text _builder_version=&#8221;4.24.0&#8243; _module_preset=&#8221;92aae06f-c11a-4f4c-95ff-b8e28412f5a2&#8243; global_colors_info=&#8221;{}&#8221;]<\/p>\n<p>FAQ<\/p>\n<p>[\/et_pb_text][et_pb_text _builder_version=&#8221;4.25.1&#8243; _module_preset=&#8221;default&#8221; text_orientation=&#8221;center&#8221; animation_style=&#8221;fade&#8221; global_colors_info=&#8221;{}&#8221;]<\/p>\n<h2><strong>Carport en aluminium<\/strong><br \/>Questions fr\u00e9quemment pos\u00e9es<\/h2>\n<p>[\/et_pb_text][et_pb_divider show_divider=&#8221;off&#8221; _builder_version=&#8221;4.23.4&#8243; _module_preset=&#8221;2adabd0f-cb12-404f-9aa7-a3088280e564&#8243; module_alignment=&#8221;center&#8221; global_colors_info=&#8221;{}&#8221;][\/et_pb_divider][dsm_faq dsm_accordion_gap=&#8221;20px&#8221; dsm_make_accordion_toggle=&#8221;on&#8221; dsm_enable_schema_markup=&#8221;on&#8221; dsm_open_font_icon=&#8221;&#x32;||divi||400&#8243; dsm_close_font_icon=&#8221;&#x33;||divi||400&#8243; dsm_animate_icon=&#8221;on&#8221; _builder_version=&#8221;4.25.1&#8243; _module_preset=&#8221;default&#8221; global_colors_info=&#8221;{%22gcid-4f3ca7d5-152d-4540-91b1-cc24563bf794%22:%91%22box_shadow_color_toggle_open_state_shadow%22%93}&#8221;][dsm_faq_child dsm_title=&#8221;Quels sont les avantages d\u2019un carport VERANDAIR\u00ae ? &#8221; dsm_content=&#8221;<\/p>\n<p>Le <strong>carport en aluminium<\/strong> prot\u00e8ge efficacement votre <strong>voiture<\/strong> contre les intemp\u00e9ries, les rayons UV et les salissures. Il s\u2019adapte \u00e0 tous types de v\u00e9hicules, de la petite <strong>voiture<\/strong> au grand camping-car, et n\u00e9cessite peu d\u2019entretien. De plus, il peut \u00eatre install\u00e9 dans des espaces restreints, optimisant ainsi votre espace ext\u00e9rieur.<\/p>\n<p>&#8221; _builder_version=&#8221;4.25.1&#8243; _module_preset=&#8221;default&#8221; global_colors_info=&#8221;{}&#8221; parentOrderClass=&#8221;dsm_faq_1&#8243;][\/dsm_faq_child][dsm_faq_child dsm_title=&#8221;Quelles sont les dimensions du carport en aluminium ? &#8221; dsm_content=&#8221;<\/p>\n<p>Nos carports sont fabriqu\u00e9s sur mesure. Vous pouvez choisir la <strong>hauteur<\/strong>, la longueur et la largeur en fonction de la place disponible et de vos besoins sp\u00e9cifiques. Pour plus de <strong>d\u00e9tails<\/strong> sur chaque <strong>mod\u00e8le<\/strong>, n&#8217;h\u00e9sitez pas \u00e0 nous contacter.<\/p>\n<p>&#8221; _builder_version=&#8221;4.25.1&#8243; _module_preset=&#8221;default&#8221; global_colors_info=&#8221;{}&#8221; parentOrderClass=&#8221;dsm_faq_1&#8243;][\/dsm_faq_child][dsm_faq_child dsm_title=&#8221;Puis-je personnaliser mon carport ? &#8221; dsm_content=&#8221;<\/p>\n<p>Tout \u00e0 fait ! En plus de choisir les dimensions, vous pouvez s\u00e9lectionner la couleur parmi une large gamme de coloris RAL. Vous pouvez \u00e9galement ajouter des <strong>d\u00e9tails<\/strong> en bois pour les accessoires et la d\u00e9coration, et choisir parmi diff\u00e9rents mat\u00e9riaux de toit comme le verre, le polycarbonate ou les panneaux occultants. Cela permet d\u2019harmoniser votre <strong>carport<\/strong> avec votre <strong>terrasse<\/strong> ou l\u2019esth\u00e9tique de votre maison.<\/p>\n<p>&#8221; _builder_version=&#8221;4.25.1&#8243; _module_preset=&#8221;default&#8221; global_colors_info=&#8221;{}&#8221; parentOrderClass=&#8221;dsm_faq_1&#8243;][\/dsm_faq_child][dsm_faq_child dsm_title=&#8221;Comment ajouter des \u00e9l\u00e9ments en bois au carport en aluminium ?&#8221; dsm_content=&#8221;<\/p>\n<p>Vous pouvez ajouter des \u00e9l\u00e9ments en bois dans la d\u00e9coration et dans les accessoires de votre carport en aluminium. Vous pouvez int\u00e9grer des panneaux d\u00e9coratifs, des cache-poteaux ou des bancs en <strong>bois<\/strong> pour personnaliser votre <strong>mod\u00e8le<\/strong> et le rendre unique. Pour plus de <strong>d\u00e9tails<\/strong> sur les options de personnalisation, <a href=%22https:\/\/www.verandair.com\/fr\/contact\/%22>contactez-nous<\/a>.<\/p>\n<p>&#8221; _builder_version=&#8221;4.25.1&#8243; _module_preset=&#8221;default&#8221; global_colors_info=&#8221;{}&#8221; parentOrderClass=&#8221;dsm_faq_1&#8243;][\/dsm_faq_child][dsm_faq_child dsm_title=&#8221;O\u00f9 puis-je installer mon carport en aluminium ? &#8221; dsm_content=&#8221;<\/p>\n<p>Le <strong>carport en aluminium<\/strong> est une structure autoportante et ind\u00e9pendante qui peut \u00eatre install\u00e9e o\u00f9 bon vous semble : adoss\u00e9 \u00e0 votre fa\u00e7ade, dans le prolongement de votre habitation, dans votre jardin, cour ou all\u00e9e de garage. Il est \u00e9galement parfait pour prot\u00e9ger votre <strong>voiture<\/strong> sur votre <strong>terrasse<\/strong>.<\/p>\n<p>&#8221; _builder_version=&#8221;4.25.1&#8243; _module_preset=&#8221;default&#8221; global_colors_info=&#8221;{}&#8221; parentOrderClass=&#8221;dsm_faq_1&#8243;][\/dsm_faq_child][dsm_faq_child dsm_title=&#8221;Comment entretenir mon carport en aluminium ? &#8221; dsm_content=&#8221;<\/p>\n<p>Nos <strong>carports<\/strong> n\u00e9cessitent tr\u00e8s peu d\u2019entretien. Un simple nettoyage \u00e0 l\u2019eau suffit pour enlever les salissures. L\u2019aluminium est r\u00e9sistant \u00e0 l&#8217;eau, au gel, \u00e0 la neige et aux rayons UV, ce qui permet de maintenir votre <strong>carport<\/strong> en excellent \u00e9tat pendant des ann\u00e9es.<\/p>\n<p>&#8221; _builder_version=&#8221;4.25.1&#8243; _module_preset=&#8221;default&#8221; global_colors_info=&#8221;{}&#8221; parentOrderClass=&#8221;dsm_faq_1&#8243;][\/dsm_faq_child][dsm_faq_child dsm_title=&#8221;Je poss\u00e8de un camping-car. Est-ce que ce carport est adapt\u00e9 ? &#8221; dsm_content=&#8221;<\/p>\n<p>Oui, nos <strong>carports<\/strong> peuvent \u00eatre adapt\u00e9s \u00e0 des v\u00e9hicules de toutes tailles, y compris les camping-cars. Indiquez-nous les dimensions de votre v\u00e9hicule pour obtenir un <strong>mod\u00e8le<\/strong> sur mesure qui offre une protection optimale. Pour plus de <strong>d\u00e9tails<\/strong>, <a href=%22https:\/\/www.verandair.com\/fr\/contact\/%22>contactez-nous<\/a>.<\/p>\n<p>&#8221; _builder_version=&#8221;4.25.1&#8243; _module_preset=&#8221;default&#8221; global_colors_info=&#8221;{}&#8221; parentOrderClass=&#8221;dsm_faq_1&#8243;][\/dsm_faq_child][dsm_faq_child dsm_title=&#8221;Je n\u2019ai pas beaucoup de place.  Puis-je tout de m\u00eame installer un carport ? &#8221; dsm_content=&#8221;<\/p>\n<p>Gr\u00e2ce \u00e0 leur conception sur mesure, nos <strong>carports<\/strong> peuvent \u00eatre install\u00e9s dans des espaces restreints. Contactez-nous pour discuter des <strong>d\u00e9tails<\/strong> et trouver une solution adapt\u00e9e \u00e0 votre espace disponible et \u00e0 la disposition de votre habitation.<\/p>\n<p>&#8221; _builder_version=&#8221;4.25.1&#8243; _module_preset=&#8221;default&#8221; global_colors_info=&#8221;{}&#8221; parentOrderClass=&#8221;dsm_faq_1&#8243;][\/dsm_faq_child][dsm_faq_child dsm_title=&#8221;Quel est le prix d\u2019un carport en aluminium ? &#8221; dsm_content=&#8221;<\/p>\n<p>Le<strong> prix<\/strong> d\u00e9pend des dimensions, des sp\u00e9cificit\u00e9s, des choix de couleurs et des mat\u00e9riaux pour le toit, ainsi que de la livraison et de l&#8217;installation. Pour un <strong>devis d\u00e9taill\u00e9<\/strong>, contactez-nous et nous vous fournirons une estimation pr\u00e9cise pour votre projet.<br \/><a href=%22https:\/\/www.verandair.com\/contact\/%22>Demandez un devis<\/a><\/p>\n<p>&#8221; _builder_version=&#8221;4.25.1&#8243; _module_preset=&#8221;default&#8221; global_colors_info=&#8221;{}&#8221; parentOrderClass=&#8221;dsm_faq_1&#8243;][\/dsm_faq_child][dsm_faq_child dsm_title=&#8221;Quels d\u00e9tails doivent \u00eatre fournis pour obtenir un devis ?&#8221; dsm_content=&#8221;<\/p>\n<p>Pour obtenir un devis pr\u00e9cis, veuillez fournir les dimensions souhait\u00e9es (largeur, longueur, hauteur), le mod\u00e8le de carport choisi, ainsi que tout autre d\u00e9tail pertinent, comme l&#8217;utilisation \u00e9ventuelle de bois ou d&#8217;autres mat\u00e9riaux sp\u00e9cifiques.<\/p>\n<p>&#8221; _builder_version=&#8221;4.25.1&#8243; _module_preset=&#8221;default&#8221; global_colors_info=&#8221;{}&#8221; parentOrderClass=&#8221;dsm_faq_1&#8243;][\/dsm_faq_child][dsm_faq_child dsm_title=&#8221;Mon carport est-il sous garantie ? &#8221; dsm_content=&#8221;<\/p>\n<p>Tout \u00e0 fait ! S\u00fbrs de la qualit\u00e9 de nos carports, vous b\u00e9n\u00e9ficiez d&#8217;une garantie de 15 ans sur la structure en aluminium, soit 13 ans de plus que la garantie l\u00e9gale. Pour plus de <strong>d\u00e9tails<\/strong> sur la garantie, n&#8217;h\u00e9sitez pas \u00e0 nous contacter.<\/p>\n<p>&#8221; _builder_version=&#8221;4.25.1&#8243; _module_preset=&#8221;default&#8221; global_colors_info=&#8221;{}&#8221; parentOrderClass=&#8221;dsm_faq_1&#8243;][\/dsm_faq_child][\/dsm_faq][\/et_pb_column][\/et_pb_row][\/et_pb_section][et_pb_section fb_built=&#8221;1&#8243; admin_label=&#8221;Temoignages&#8221; module_id=&#8221;temoignages&#8221; _builder_version=&#8221;4.24.0&#8243; _module_preset=&#8221;b213633d-5762-446f-872e-5ca2bd12b219&#8243; background_color=&#8221;gcid-a78bba3e-9a00-4c62-8b29-47f3d6c30097&#8243; global_colors_info=&#8221;{%22gcid-a78bba3e-9a00-4c62-8b29-47f3d6c30097%22:%91%22background_color%22%93}&#8221;][et_pb_row _builder_version=&#8221;4.24.0&#8243; _module_preset=&#8221;e9563919-a9a0-4773-9250-81452e196558&#8243; global_colors_info=&#8221;{}&#8221;][et_pb_column type=&#8221;4_4&#8243; _builder_version=&#8221;4.23.4&#8243; _module_preset=&#8221;default&#8221; global_colors_info=&#8221;{}&#8221;][et_pb_text _builder_version=&#8221;4.24.0&#8243; _module_preset=&#8221;92aae06f-c11a-4f4c-95ff-b8e28412f5a2&#8243; global_colors_info=&#8221;{}&#8221;]<\/p>\n<p>T\u00e9moignages<\/p>\n<p>[\/et_pb_text][et_pb_text _builder_version=&#8221;4.24.0&#8243; _module_preset=&#8221;default&#8221; text_orientation=&#8221;center&#8221; background_layout=&#8221;dark&#8221; global_colors_info=&#8221;{}&#8221;]<\/p>\n<h2>Ils en parlent <strong>mieux<\/strong> que nous<\/h2>\n<p>[\/et_pb_text][et_pb_divider show_divider=&#8221;off&#8221; _builder_version=&#8221;4.23.4&#8243; _module_preset=&#8221;2adabd0f-cb12-404f-9aa7-a3088280e564&#8243; module_alignment=&#8221;center&#8221; global_colors_info=&#8221;{}&#8221;][\/et_pb_divider][\/et_pb_column][\/et_pb_row][et_pb_row column_structure=&#8221;1_3,1_3,1_3&#8243; use_custom_gutter=&#8221;on&#8221; gutter_width=&#8221;4&#8243; make_equal=&#8221;on&#8221; _builder_version=&#8221;4.24.0&#8243; _module_preset=&#8221;default&#8221; custom_padding=&#8221;0px||0px||false|false&#8221; global_colors_info=&#8221;{}&#8221;][et_pb_column type=&#8221;1_3&#8243; _builder_version=&#8221;4.23.4&#8243; _module_preset=&#8221;default&#8221; custom_padding=&#8221;||50px||false|false&#8221; global_colors_info=&#8221;{}&#8221;][et_pb_testimonial author=&#8221;Jean Mathias&#8221; job_title=&#8221;2023&#8243; portrait_url=&#8221;https:\/\/www.verandair.com\/wp-content\/uploads\/2024\/02\/jean-mathias.jpg&#8221; _builder_version=&#8221;4.24.0&#8243; _module_preset=&#8221;d58f6d2e-69be-450a-bd63-327c90b31473&#8243; body_font_size=&#8221;16px&#8221; global_colors_info=&#8221;{%22gcid-5c4546d4-de02-4649-8683-d4192d8e1655%22:%91%22position_text_color%22%93}&#8221;]<\/p>\n<p><span>Un grand merci \u00e0 &#8220;Verandair SA&#8221; pour la fabrication de notre pergola, une superbe r\u00e9alisation d&#8217;une finition exceptionnelle. C&#8217;est la menuiserie Chartier J. de Couvin qui a r\u00e9alis\u00e9 l&#8217;assemblage en sous traitance. Nous sommes absolument ravis du r\u00e9sultat.<\/span><\/p>\n<p>[\/et_pb_testimonial][et_pb_testimonial author=&#8221;Thierry Saeys&#8221; job_title=&#8221;2023&#8243; portrait_url=&#8221;https:\/\/www.verandair.com\/wp-content\/uploads\/2024\/02\/thierry-saeys.jpg&#8221; _builder_version=&#8221;4.24.0&#8243; _module_preset=&#8221;d58f6d2e-69be-450a-bd63-327c90b31473&#8243; body_font_size=&#8221;16px&#8221; global_colors_info=&#8221;{%22gcid-5c4546d4-de02-4649-8683-d4192d8e1655%22:%91%22position_text_color%22%93}&#8221;]<\/p>\n<p><span>Pour ce projet fantastique, nous remercions &#8220;Verandair&#8221; pour la comp\u00e9tence de ses \u00e9quipes hors pair, son savoir-faire et la qualit\u00e9 exceptionnelle de ses produits. Bravo \u00e0 la cha\u00eene des intervenants jamais interrompue durant tout le processus de la commande jusqu\u2019\u00e0 l\u2019ex\u00e9cution finale de l\u2019abri.Du d\u00e9but \u00e0 la fin, nous avons c\u00f4toy\u00e9 l&#8217;excellence professionnelle.<\/span><\/p>\n<p>[\/et_pb_testimonial][\/et_pb_column][et_pb_column type=&#8221;1_3&#8243; _builder_version=&#8221;4.23.4&#8243; _module_preset=&#8221;default&#8221; custom_padding=&#8221;||50px||false|false&#8221; global_colors_info=&#8221;{}&#8221;][et_pb_testimonial author=&#8221;Dani\u00e8le Ledoux&#8221; job_title=&#8221;2022&#8243; portrait_url=&#8221;https:\/\/www.verandair.com\/wp-content\/uploads\/2024\/02\/daniele-ledoux.jpg&#8221; _builder_version=&#8221;4.24.0&#8243; _module_preset=&#8221;d58f6d2e-69be-450a-bd63-327c90b31473&#8243; body_font_size=&#8221;16px&#8221; global_colors_info=&#8221;{%22gcid-5c4546d4-de02-4649-8683-d4192d8e1655%22:%91%22position_text_color%22%93}&#8221;]<\/p>\n<p><span>Quand le r\u00eave devient r\u00e9alit\u00e9<\/span><br \/><span>Apr\u00e8s un passage chez Verandair au showroom de Spy , bien conseill\u00e9e par Monsieur Rahmani Vincent , me voil\u00e0 \u00e9quip\u00e9e d&#8217;un tr\u00e8s bel abri de terrasse. Merci aussi \u00e0 la personne en charge de la bonne prise de mesure<\/span><br \/><span>L&#8217;\u00e9quipe de la Menuiserie Chartier a prest\u00e9 un magnifique travail et fin de journ\u00e9e tout \u00e9tait termin\u00e9<\/span><br \/><span>Wouah&#8230;. que du bonheur<\/span><br \/><span>Merci<\/span><\/p>\n<p>[\/et_pb_testimonial][et_pb_testimonial author=&#8221;Sandrina Valenzano&#8221; job_title=&#8221;2023&#8243; portrait_url=&#8221;https:\/\/www.verandair.com\/wp-content\/uploads\/2024\/02\/sandrina.jpg&#8221; _builder_version=&#8221;4.24.0&#8243; _module_preset=&#8221;d58f6d2e-69be-450a-bd63-327c90b31473&#8243; body_font_size=&#8221;16px&#8221; global_colors_info=&#8221;{%22gcid-5c4546d4-de02-4649-8683-d4192d8e1655%22:%91%22position_text_color%22%93}&#8221;]<\/p>\n<p><span>Structure impeccable, solide, tr\u00e8s joli.<\/span><\/p>\n<p>[\/et_pb_testimonial][\/et_pb_column][et_pb_column type=&#8221;1_3&#8243; _builder_version=&#8221;4.23.4&#8243; _module_preset=&#8221;default&#8221; custom_padding=&#8221;||50px||false|false&#8221; global_colors_info=&#8221;{}&#8221;][et_pb_testimonial author=&#8221;Philippe Custers&#8221; job_title=&#8221;2022&#8243; portrait_url=&#8221;https:\/\/www.verandair.com\/wp-content\/uploads\/2024\/02\/philippe-custers.jpg&#8221; _builder_version=&#8221;4.24.0&#8243; _module_preset=&#8221;d58f6d2e-69be-450a-bd63-327c90b31473&#8243; body_font_size=&#8221;16px&#8221; global_colors_info=&#8221;{%22gcid-5c4546d4-de02-4649-8683-d4192d8e1655%22:%91%22position_text_color%22%93}&#8221;]<\/p>\n<p><span>Le r\u00e9sultat d\u00e9passe les attentes de l&#8217;acqu\u00e9reur&#8230; Travail minutieux et pr\u00e9cis, le suivi depuis les plans de fabrication jusqu&#8217;au montage final et m\u00eame les petits correctifs \u00e0 posteriori, c&#8217;est tr\u00e8s professionnel!<\/span><br \/><span>Bravo \u00e0 toutes les \u00e9quipes qui y ont contribu\u00e9.<\/span><\/p>\n<p>[\/et_pb_testimonial][et_pb_testimonial author=&#8221;Yves Verdonck&#8221; job_title=&#8221;2021&#8243; portrait_url=&#8221;https:\/\/www.verandair.com\/wp-content\/uploads\/2024\/02\/yves-verdonck.jpg&#8221; _builder_version=&#8221;4.24.0&#8243; _module_preset=&#8221;d58f6d2e-69be-450a-bd63-327c90b31473&#8243; body_font_size=&#8221;16px&#8221; global_colors_info=&#8221;{%22gcid-5c4546d4-de02-4649-8683-d4192d8e1655%22:%91%22position_text_color%22%93}&#8221;]<\/p>\n<p>Super content ! Belle finition\u2026qualit\u00e9, s\u00e9rieux et propret\u00e9 de la part de l\u2019\u00e9quipe de placement ! Le tout dans la jovialit\u00e9 et de bons conseils ! Soci\u00e9t\u00e9 belge implant\u00e9e en Wallonie soucieuse de r\u00e9pondre \u00e0 nos attentes tout au long de notre projet ! A recommander !<\/p>\n<p>[\/et_pb_testimonial][\/et_pb_column][\/et_pb_row][\/et_pb_section][et_pb_section fb_built=&#8221;1&#8243; admin_label=&#8221;Modeles&#8221; module_id=&#8221;modeles&#8221; _builder_version=&#8221;4.24.0&#8243; _module_preset=&#8221;b213633d-5762-446f-872e-5ca2bd12b219&#8243; global_colors_info=&#8221;{}&#8221;][et_pb_row _builder_version=&#8221;4.24.0&#8243; _module_preset=&#8221;e9563919-a9a0-4773-9250-81452e196558&#8243; custom_padding=&#8221;||0px||false|false&#8221; global_colors_info=&#8221;{}&#8221;][et_pb_column type=&#8221;4_4&#8243; _builder_version=&#8221;4.23.4&#8243; _module_preset=&#8221;default&#8221; global_colors_info=&#8221;{}&#8221;][et_pb_text _builder_version=&#8221;4.24.0&#8243; _module_preset=&#8221;92aae06f-c11a-4f4c-95ff-b8e28412f5a2&#8243; global_colors_info=&#8221;{}&#8221;]<\/p>\n<p>Mod\u00e8les li\u00e9s<\/p>\n<p>[\/et_pb_text][et_pb_text _builder_version=&#8221;4.25.1&#8243; _module_preset=&#8221;default&#8221; text_orientation=&#8221;center&#8221; global_colors_info=&#8221;{}&#8221;]<\/p>\n<h2>Nos autres mod\u00e8les VERANDAIR\u00ae\u00a0<\/h2>\n<p>[\/et_pb_text][et_pb_divider show_divider=&#8221;off&#8221; _builder_version=&#8221;4.23.4&#8243; _module_preset=&#8221;2adabd0f-cb12-404f-9aa7-a3088280e564&#8243; module_alignment=&#8221;center&#8221; global_colors_info=&#8221;{}&#8221;][\/et_pb_divider][\/et_pb_column][\/et_pb_row][et_pb_row column_structure=&#8221;1_2,1_2&#8243; use_custom_gutter=&#8221;on&#8221; _builder_version=&#8221;4.27.5&#8243; _module_preset=&#8221;default&#8221; custom_margin=&#8221;||||false|false&#8221; hover_enabled=&#8221;0&#8243; global_colors_info=&#8221;{}&#8221; sticky_enabled=&#8221;0&#8243;][et_pb_column type=&#8221;1_2&#8243; _builder_version=&#8221;4.23.4&#8243; _module_preset=&#8221;default&#8221; animation_style=&#8221;slide&#8221; animation_direction=&#8221;right&#8221; custom_css_main_element=&#8221;margin-bottom: 35px;&#8221; global_colors_info=&#8221;{}&#8221;][et_pb_cta title=&#8221;La pergola&#8221; button_url=&#8221;@ET-DC@eyJkeW5hbWljIjp0cnVlLCJjb250ZW50IjoicG9zdF9saW5rX3VybF9wYWdlIiwic2V0dGluZ3MiOnsicG9zdF9pZCI6IjIyNzcifX0=@&#8221; button_text=&#8221;D\u00e9couvrir&#8221; _builder_version=&#8221;4.24.2&#8243; _dynamic_attributes=&#8221;button_url&#8221; _module_preset=&#8221;3620f67c-ee87-47f1-8834-b75c8fba812a&#8221; global_colors_info=&#8221;{%22gcid-a78bba3e-9a00-4c62-8b29-47f3d6c30097%22:%91%22background_color%22%93,%22gcid-02eea4c1-992a-4bff-aee2-539b98054199%22:%91%22button_bg_color%22%93,%22gcid-6765a8f9-be90-4ab4-9fed-0cfcb9d46015%22:%91%22button_bg_color_gradient_stops%22%93}&#8221;]<\/p>\n<p><span>Une pergola \u00e0 <strong>toit fixe<\/strong>, <strong>r\u00e9tractable<\/strong> ou <strong>bioclimatique <\/strong>pour votre terrasse<\/span><\/p>\n<p>[\/et_pb_cta][\/et_pb_column][et_pb_column type=&#8221;1_2&#8243; _builder_version=&#8221;4.23.4&#8243; _module_preset=&#8221;default&#8221; animation_style=&#8221;slide&#8221; animation_direction=&#8221;right&#8221; custom_css_main_element=&#8221;margin-bottom: 35px;&#8221; global_colors_info=&#8221;{}&#8221;][et_pb_cta title=&#8221;Le pool house&#8221; button_url=&#8221;@ET-DC@eyJkeW5hbWljIjp0cnVlLCJjb250ZW50IjoicG9zdF9saW5rX3VybF9wYWdlIiwic2V0dGluZ3MiOnsicG9zdF9pZCI6IjIzMDEifX0=@&#8221; button_text=&#8221;D\u00e9couvrir&#8221; _builder_version=&#8221;4.24.2&#8243; _dynamic_attributes=&#8221;button_url&#8221; _module_preset=&#8221;3620f67c-ee87-47f1-8834-b75c8fba812a&#8221; background_image=&#8221;https:\/\/www.verandair.com\/wp-content\/uploads\/2024\/02\/VERANDAIR-poolhouse-01-sq.jpg&#8221; global_colors_info=&#8221;{%22gcid-a78bba3e-9a00-4c62-8b29-47f3d6c30097%22:%91%22background_color%22%93,%22gcid-02eea4c1-992a-4bff-aee2-539b98054199%22:%91%22button_bg_color%22%93,%22gcid-6765a8f9-be90-4ab4-9fed-0cfcb9d46015%22:%91%22button_bg_color_gradient_stops%22%93}&#8221;]<\/p>\n<p><span>Un <strong>pool house design<\/strong> pour la d\u00e9tente et le rangement pr\u00e8s de la piscine<\/span><\/p>\n<p>[\/et_pb_cta][\/et_pb_column][\/et_pb_row][\/et_pb_section][et_pb_section fb_built=&#8221;1&#8243; admin_label=&#8221;Blog&#8221; _builder_version=&#8221;4.24.1&#8243; _module_preset=&#8221;b213633d-5762-446f-872e-5ca2bd12b219&#8243; background_color=&#8221;RGBA(255,255,255,0)&#8221; use_background_color_gradient=&#8221;on&#8221; background_color_gradient_stops=&#8221;rgba(255,255,255,0) 0%|gcid-7df8ee83-ae0d-4f60-a763-b085a292aac7 45%&#8221; z_index=&#8221;25&#8243; global_colors_info=&#8221;{%22gcid-7df8ee83-ae0d-4f60-a763-b085a292aac7%22:%91%22background_color_gradient_stops%22%93}&#8221;][et_pb_row column_structure=&#8221;1_3,2_3&#8243; _builder_version=&#8221;4.24.0&#8243; _module_preset=&#8221;e9563919-a9a0-4773-9250-81452e196558&#8243; global_colors_info=&#8221;{}&#8221;][et_pb_column type=&#8221;1_3&#8243; _builder_version=&#8221;4.23.4&#8243; _module_preset=&#8221;default&#8221; z_index=&#8221;10&#8243; global_colors_info=&#8221;{}&#8221;][et_pb_text _builder_version=&#8221;4.24.0&#8243; _module_preset=&#8221;92aae06f-c11a-4f4c-95ff-b8e28412f5a2&#8243; text_orientation=&#8221;left&#8221; global_colors_info=&#8221;{}&#8221;]<\/p>\n<p>Outdoor lifestyle magazine<\/p>\n<p>[\/et_pb_text][et_pb_text _builder_version=&#8221;4.24.2&#8243; _module_preset=&#8221;default&#8221; custom_margin=&#8221;||30px||false|false&#8221; global_colors_info=&#8221;{}&#8221;]<\/p>\n<h2>Tout savoir\u2028sur les <strong>carport en aluminium<\/strong><\/h2>\n<p>[\/et_pb_text][et_pb_divider _builder_version=&#8221;4.23.4&#8243; _module_preset=&#8221;2adabd0f-cb12-404f-9aa7-a3088280e564&#8243; global_colors_info=&#8221;{}&#8221;][\/et_pb_divider][et_pb_sidebar area=&#8221;et_pb_widget_area_1&#8243; _builder_version=&#8221;4.24.0&#8243; _module_preset=&#8221;default&#8221; custom_margin=&#8221;||0px||false|false&#8221; custom_padding=&#8221;20px|0px||0px|false|true&#8221; custom_css_free_form=&#8221;selector .wp-block-categories-list {||    display: flex;||    flex-wrap: wrap;||}||||selector .wp-block-categories-list li {||  padding: 0 5px 10px 0;||}||||selector .wp-block-categories-list li a {||  padding: 10px 20px;||  box-shadow: 3px 3px 20px rgba(0,0,0,.1);||  border-radius: 60px;||  font-size: 15px;||  color: #000;||  background: #fff;||  transition: all .2s ease-in-out;||}||||selector .wp-block-categories-list li a:hover {||  background: #000;||  color: #fff;||}&#8221; border_color_right=&#8221;RGBA(255,255,255,0)&#8221; global_colors_info=&#8221;{}&#8221;][\/et_pb_sidebar][et_pb_button button_url=&#8221;@ET-DC@eyJkeW5hbWljIjp0cnVlLCJjb250ZW50IjoicG9zdF9saW5rX3VybF9wYWdlIiwic2V0dGluZ3MiOnsicG9zdF9pZCI6IjM4MCJ9fQ==@&#8221; button_text=&#8221;D\u00e9couvrir&#8221; _builder_version=&#8221;4.24.0&#8243; _dynamic_attributes=&#8221;button_url&#8221; _module_preset=&#8221;ae8d3791-01a2-4c4b-b221-c3f14f812284&#8243; custom_margin=&#8221;||35px||false|false&#8221; global_colors_info=&#8221;{}&#8221;][\/et_pb_button][\/et_pb_column][et_pb_column type=&#8221;2_3&#8243; _builder_version=&#8221;4.23.4&#8243; _module_preset=&#8221;default&#8221; global_colors_info=&#8221;{}&#8221;][dsm_blog_carousel include_categories=&#8221;36&#8243; navi_size=&#8221;40&#8243; columns_tablet=&#8221;1&#8243; columns_phone=&#8221;1&#8243; columns_last_edited=&#8221;on|tablet&#8221; _builder_version=&#8221;4.24.2&#8243; _module_preset=&#8221;d5a15927-9c47-4971-b95e-d0825f505ea9&#8243; global_colors_info=&#8221;{%22gcid-a78bba3e-9a00-4c62-8b29-47f3d6c30097%22:%91%22navi_color%22%93}&#8221;][\/dsm_blog_carousel][\/et_pb_column][\/et_pb_row][\/et_pb_section][et_pb_section fb_built=&#8221;1&#8243; admin_label=&#8221;Projet&#8221; _builder_version=&#8221;4.24.0&#8243; _module_preset=&#8221;b213633d-5762-446f-872e-5ca2bd12b219&#8243; z_index=&#8221;25&#8243; global_colors_info=&#8221;{}&#8221;][et_pb_row _builder_version=&#8221;4.24.0&#8243; _module_preset=&#8221;e9563919-a9a0-4773-9250-81452e196558&#8243; custom_padding=&#8221;||0px||false|false&#8221; global_colors_info=&#8221;{}&#8221;][et_pb_column type=&#8221;4_4&#8243; _builder_version=&#8221;4.23.4&#8243; _module_preset=&#8221;default&#8221; global_colors_info=&#8221;{}&#8221;][et_pb_text _builder_version=&#8221;4.23.4&#8243; _module_preset=&#8221;92aae06f-c11a-4f4c-95ff-b8e28412f5a2&#8243; global_colors_info=&#8221;{}&#8221;]<\/p>\n<p><span>Par o\u00f9 commencer ?<\/span><\/p>\n<p>[\/et_pb_text][et_pb_text _builder_version=&#8221;4.24.0&#8243; _module_preset=&#8221;default&#8221; text_orientation=&#8221;center&#8221; animation_style=&#8221;fade&#8221; global_colors_info=&#8221;{}&#8221;]<\/p>\n<h2>Envie de parler de votre projet ?<br \/><strong>Rencontrons-nous<\/strong><\/h2>\n<p>[\/et_pb_text][et_pb_divider show_divider=&#8221;off&#8221; _builder_version=&#8221;4.23.4&#8243; _module_preset=&#8221;2adabd0f-cb12-404f-9aa7-a3088280e564&#8243; module_alignment=&#8221;center&#8221; global_colors_info=&#8221;{}&#8221;][\/et_pb_divider][\/et_pb_column][\/et_pb_row][et_pb_row column_structure=&#8221;1_3,1_3,1_3&#8243; _builder_version=&#8221;4.24.0&#8243; _module_preset=&#8221;e9563919-a9a0-4773-9250-81452e196558&#8243; global_colors_info=&#8221;{}&#8221;][et_pb_column type=&#8221;1_3&#8243; _builder_version=&#8221;4.23.4&#8243; _module_preset=&#8221;default&#8221; global_colors_info=&#8221;{}&#8221;][et_pb_text _builder_version=&#8221;4.24.0&#8243; _module_preset=&#8221;c1327978-d07a-430c-a2ac-6bd6aef22921&#8243; global_colors_info=&#8221;{}&#8221;]<\/p>\n<p>01.<\/p>\n<p>[\/et_pb_text][et_pb_text _builder_version=&#8221;4.24.2&#8243; _module_preset=&#8221;5298e62e-f7ac-4dd9-b361-006fc4da68de&#8221; global_colors_info=&#8221;{}&#8221;]<\/p>\n<h3><span>Prenez rendez-vous<\/span><\/h3>\n<p><span data-metadata=\"&lt;!--(figmeta)eyJmaWxlS2V5IjoiVmlrcVV1T1I0TTBNU3RhWWJSOTEzViIsInBhc3RlSUQiOjEzOTM2OTg2MDksImRhdGFUeXBlIjoic2NlbmUifQo=(\/figmeta)--&gt;\"><\/span><span>Initiez votre projet de carport en aluminium en planifiant une rencontre. C\u2019est le premier pas vers la concr\u00e9tisation de vos besoins.<\/span><\/p>\n<p>[\/et_pb_text][\/et_pb_column][et_pb_column type=&#8221;1_3&#8243; _builder_version=&#8221;4.23.4&#8243; _module_preset=&#8221;default&#8221; global_colors_info=&#8221;{}&#8221;][et_pb_text _builder_version=&#8221;4.23.4&#8243; _module_preset=&#8221;c1327978-d07a-430c-a2ac-6bd6aef22921&#8243; global_colors_info=&#8221;{}&#8221;]<\/p>\n<p>02.<\/p>\n<p>[\/et_pb_text][et_pb_text _builder_version=&#8221;4.24.2&#8243; _module_preset=&#8221;5298e62e-f7ac-4dd9-b361-006fc4da68de&#8221; global_colors_info=&#8221;{}&#8221;]<\/p>\n<h3>Nous d\u00e9finissons ensemble votre projet<\/h3>\n<p><span data-metadata=\"&lt;!--(figmeta)eyJmaWxlS2V5IjoiVmlrcVV1T1I0TTBNU3RhWWJSOTEzViIsInBhc3RlSUQiOjEzOTM2OTg2MDksImRhdGFUeXBlIjoic2NlbmUifQo=(\/figmeta)--&gt;\"><\/span><span>Lors de notre rencontre, nous \u00e9tablissons chaque d\u00e9tail de votre projet, en alignant vos besoins avec nos solutions sur mesure.<\/span><\/p>\n<p>[\/et_pb_text][\/et_pb_column][et_pb_column type=&#8221;1_3&#8243; _builder_version=&#8221;4.23.4&#8243; _module_preset=&#8221;default&#8221; global_colors_info=&#8221;{}&#8221;][et_pb_text _builder_version=&#8221;4.23.4&#8243; _module_preset=&#8221;c1327978-d07a-430c-a2ac-6bd6aef22921&#8243; global_colors_info=&#8221;{}&#8221;]<\/p>\n<p>03.<\/p>\n<p>[\/et_pb_text][et_pb_text _builder_version=&#8221;4.25.1&#8243; _module_preset=&#8221;5298e62e-f7ac-4dd9-b361-006fc4da68de&#8221; global_colors_info=&#8221;{}&#8221;]<\/p>\n<h3>Vous d\u00e9cidez<\/h3>\n<p>Apr\u00e8s avoir discut\u00e9 de tous les aspects de votre projet de carport, c\u2019est \u00e0 vous de prendre la d\u00e9cision finale.<\/p>\n<p>[\/et_pb_text][\/et_pb_column][\/et_pb_row][et_pb_row _builder_version=&#8221;4.23.4&#8243; _module_preset=&#8221;default&#8221; global_colors_info=&#8221;{}&#8221;][et_pb_column type=&#8221;4_4&#8243; _builder_version=&#8221;4.23.4&#8243; _module_preset=&#8221;default&#8221; global_colors_info=&#8221;{}&#8221;][et_pb_button button_url=&#8221;@ET-DC@eyJkeW5hbWljIjp0cnVlLCJjb250ZW50IjoicG9zdF9saW5rX3VybF9wYWdlIiwic2V0dGluZ3MiOnsicG9zdF9pZCI6IjgwIn19@&#8221; button_text=&#8221;Fixer un rendez-vous&#8221; button_alignment=&#8221;center&#8221; _builder_version=&#8221;4.23.4&#8243; _dynamic_attributes=&#8221;button_url&#8221; _module_preset=&#8221;default&#8221; global_colors_info=&#8221;{}&#8221;][\/et_pb_button][\/et_pb_column][\/et_pb_row][\/et_pb_section]<\/p>\n","protected":false},"excerpt":{"rendered":"<p><div class=\"et_pb_module dsm_breadcrumbs dsm_breadcrumbs_0 et_animated\">\n\t\t\t\t\n\t\t\t\t\n\t\t\t\t\n\t\t\t\t\n\t\t\t\t\n\t\t\t\t\n\t\t\t\t<div class=\"et_pb_module_inner\">\n\t\t\t\t\t<nav class=\"dsm_breadcrumbs_wrap\">\n\t\t\t\t<ul class=\"dsm_breadcrumbs\" itemscope itemtype=\"https:\/\/schema.org\/BreadcrumbList\">\t\t\t<li class=\"dsm_breadcrumbs_item dsm_home_item dsm_home_item_custom\" itemprop=\"itemListElement\" itemscope\n\t\t\titemtype=\"https:\/\/schema.org\/ListItem\">\n\t\t\t\t<a href=\"https:\/\/www.verandair.com\/fr\/\" itemprop=\"item\" target=\"\">\n\t\t\t\t\t<span class='dsm_home_text_wrapper'>\n\t\t\t\t\t\t\t\t\t\t\t\t\t<span class=\"et-pb-icon dsm_home_icon\">&#xe009;<\/span>\n\t\t\t\t\t\t\t\t\t\t\t\t\t<span class=\"dsm_home_text\" itemprop=\"name\">\n\t\t\t\t\t\t\t\t \t\t\t\t\t\t\t<\/span>\n\t\t\t\t\t<\/span>\n\t\t\t\t<\/a>\n\t\t\t\t<meta itemprop=\"position\" content=\"1\" \/>\n\t\t\t<\/li>\n\n\t\t<li class=\"dsm_breadcrumbs_separator\"> <span class=\"et-pb-icon dsm_separator_icon\">&#x35;<\/span><\/li><\/ul>\n\t\t\t<\/nav>\n\t\t\t\t<\/div>\n\t\t\t<\/div>Le carport en aluminiumR\u00e9ponse sous 24h !<div class=\"et_pb_module dsm_image_carousel dsm_image_carousel_0 \">\n\t\t\t\t\n\t\t\t\t\n\t\t\t\t\n\t\t\t\t\n\t\t\t\t\n\t\t\t\t\n\t\t\t\t<div class=\"et_pb_module_inner\">\n\t\t\t\t\t<div class=\"swiper-container dsm_image_carousel_container  dsm_image_carousel_carousel\" dir=\"ltr\"data-effect=\"default\"\n\t\t\tdata-slider-effect-shadows=\"false\"\n\t\t\tdata-slider-effect-coverflow-rotate=\"30\"\n\t\t\tdata-slider-effect-coverflow-depth=\"0\"\n\t\t\tdata-loop=\"true\"\n\t\t\tdata-slide-to-show=\"1\"\n\t\t\tdata-slide-to-show-tablet=\"1\"\n\t\t\tdata-slide-to-show-phone=\"1\"\n\t\t\tdata-slide-to-scroll=\"1\"\n\t\t\tdata-slide-to-scroll-tablet=\"1\"\n\t\t\tdata-slide-to-scroll-phone=\"1\"\n\t\t\tdata-space-between=\"15\"\n\t\t\tdata-space-between-tablet=\"15\"\n\t\t\tdata-space-between-phone=\"15\"\n\t\t\tdata-slide-row=\"1\"\n\t\t\tdata-centered-slides=\"false\"\n\t\t\tdata-speed=\"800\"\n\t\t\tdata-autoplay=\"true\"\n\t\t\tdata-autoplay-speed=\"3000\"\n\t\t\tdata-touch-move=\"true\"\n\t\t\tdata-grab=\"true\"\n\t\t\tdata-pause-on-hover=\"false\"\n\t\t\tdata-show-lightbox=\"true\"\n\t\t\tdata-lightbox-gallery=\"true\"\n\t\t\tdata-lightbox-caption=\"false\"\n\t\t\tdata-infinite-scrolling=\"false\"\n\t\t\tdata-slide-row-tablet=\"1\"\n\t\t\tdata-slide-row-phone=\"1\"\n\t\t\tdata-autoplay-viewport=80%\n\t\t\tdata-mousewheel=\"false\"\n\t\t\tdata-lazyload=\"true\"\n\t\t\tdata-type=\"carousel\"\n\t\t\tdata-slideshow-effect=\"default\"\n\t\t\tdata-slideshow-to-show=\"4\"\n\t\t\tdata-slideshow-to-show-tablet=\"4\"\n\t\t\tdata-slideshow-to-show-phone=\"\"\n\t\t\tdata-slider-orientation=\"horizontal\"\n\t\t\t\t\t\tdata-lightbox-title=\"false\"\n\n\t\t\t><div class=\"swiper-wrapper\"><div class=\"swiper-slide dsm_image_carousel_item\"><a class=\"dsm_image_carousel_lightbox\" href=\"https:\/\/www.verandair.com\/wp-content\/uploads\/2025\/12\/carport01.webp\" data-mfp-src=\"https:\/\/www.verandair.com\/wp-content\/uploads\/2025\/12\/carport01.webp\"><img loading=\"lazy\" decoding=\"async\" src=\"https:\/\/www.verandair.com\/wp-content\/uploads\/2025\/12\/carport01.webp\" alt=\"\" title=\"carport01\" width=\"1600\" height=\"1120\" data-dsm-image-description=\"\" srcset=\"https:\/\/www.verandair.com\/wp-content\/uploads\/2025\/12\/carport01.webp 1600w, https:\/\/www.verandair.com\/wp-content\/uploads\/2025\/12\/carport01-1280x896.webp 1280w, https:\/\/www.verandair.com\/wp-content\/uploads\/2025\/12\/carport01-980x686.webp 980w, https:\/\/www.verandair.com\/wp-content\/uploads\/2025\/12\/carport01-480x336.webp 480w\" sizes=\"(min-width: 0px) and (max-width: 480px) 480px, (min-width: 481px) and (max-width: 980px) 980px, (min-width: 981px) and (max-width: 1280px) 1280px, (min-width: 1281px) 1600px, 100vw\" class=\" swiper-lazy\" \/><\/a><\/div><div class=\"swiper-slide dsm_image_carousel_item\"><a class=\"dsm_image_carousel_lightbox\" href=\"https:\/\/www.verandair.com\/wp-content\/uploads\/2025\/12\/carport02.webp\" data-mfp-src=\"https:\/\/www.verandair.com\/wp-content\/uploads\/2025\/12\/carport02.webp\"><img loading=\"lazy\" decoding=\"async\" src=\"https:\/\/www.verandair.com\/wp-content\/uploads\/2025\/12\/carport02.webp\" alt=\"\" title=\"carport02\" width=\"1600\" height=\"1120\" data-dsm-image-description=\"\" srcset=\"https:\/\/www.verandair.com\/wp-content\/uploads\/2025\/12\/carport02.webp 1600w, https:\/\/www.verandair.com\/wp-content\/uploads\/2025\/12\/carport02-1280x896.webp 1280w, https:\/\/www.verandair.com\/wp-content\/uploads\/2025\/12\/carport02-980x686.webp 980w, https:\/\/www.verandair.com\/wp-content\/uploads\/2025\/12\/carport02-480x336.webp 480w\" sizes=\"(min-width: 0px) and (max-width: 480px) 480px, (min-width: 481px) and (max-width: 980px) 980px, (min-width: 981px) and (max-width: 1280px) 1280px, (min-width: 1281px) 1600px, 100vw\" class=\" swiper-lazy\" \/><\/a><\/div><div class=\"swiper-slide dsm_image_carousel_item\"><a class=\"dsm_image_carousel_lightbox\" href=\"https:\/\/www.verandair.com\/wp-content\/uploads\/2025\/12\/carport03.webp\" data-mfp-src=\"https:\/\/www.verandair.com\/wp-content\/uploads\/2025\/12\/carport03.webp\"><img loading=\"lazy\" decoding=\"async\" src=\"https:\/\/www.verandair.com\/wp-content\/uploads\/2025\/12\/carport03.webp\" alt=\"\" title=\"carport03\" width=\"1600\" height=\"1120\" data-dsm-image-description=\"\" srcset=\"https:\/\/www.verandair.com\/wp-content\/uploads\/2025\/12\/carport03.webp 1600w, https:\/\/www.verandair.com\/wp-content\/uploads\/2025\/12\/carport03-1280x896.webp 1280w, https:\/\/www.verandair.com\/wp-content\/uploads\/2025\/12\/carport03-980x686.webp 980w, https:\/\/www.verandair.com\/wp-content\/uploads\/2025\/12\/carport03-480x336.webp 480w\" sizes=\"(min-width: 0px) and (max-width: 480px) 480px, (min-width: 481px) and (max-width: 980px) 980px, (min-width: 981px) and (max-width: 1280px) 1280px, (min-width: 1281px) 1600px, 100vw\" class=\" swiper-lazy\" \/><\/a><\/div><div class=\"swiper-slide dsm_image_carousel_item\"><a class=\"dsm_image_carousel_lightbox\" href=\"https:\/\/www.verandair.com\/wp-content\/uploads\/2025\/12\/carport04.webp\" data-mfp-src=\"https:\/\/www.verandair.com\/wp-content\/uploads\/2025\/12\/carport04.webp\"><img loading=\"lazy\" decoding=\"async\" src=\"https:\/\/www.verandair.com\/wp-content\/uploads\/2025\/12\/carport04.webp\" alt=\"\" title=\"carport04\" width=\"1600\" height=\"1120\" data-dsm-image-description=\"\" srcset=\"https:\/\/www.verandair.com\/wp-content\/uploads\/2025\/12\/carport04.webp 1600w, https:\/\/www.verandair.com\/wp-content\/uploads\/2025\/12\/carport04-1280x896.webp 1280w, https:\/\/www.verandair.com\/wp-content\/uploads\/2025\/12\/carport04-980x686.webp 980w, https:\/\/www.verandair.com\/wp-content\/uploads\/2025\/12\/carport04-480x336.webp 480w\" sizes=\"(min-width: 0px) and (max-width: 480px) 480px, (min-width: 481px) and (max-width: 980px) 980px, (min-width: 981px) and (max-width: 1280px) 1280px, (min-width: 1281px) 1600px, 100vw\" class=\" swiper-lazy\" \/><\/a><\/div><\/div><\/div><div class=\"swiper-button-prev swiper-arrow-button\" data-icon=\"&#x23;\"><\/div><div class=\"swiper-button-next swiper-arrow-button\" data-icon=\"&#x24;\"><\/div>\n\t\t\t\t<\/div>\n\t\t\t<\/div>ALU\u20286061 T6anti-corrosion2500coloris RALProt\u00e9gez votre v\u00e9hicule avec style avec un carport en aluminiumLe carport de VERANDAIR\u00ae est une solution \u00e9l\u00e9gante, moderne et durable pour prot\u00e9ger efficacement votre v\u00e9hicuke contre les intemp\u00e9ries, les rayons UV et les salissures tout au long de l\u2019ann\u00e9e ! Con\u00e7u sur mesure en Belgique avec des mat\u00e9riaux de haute qualit\u00e9, notre carport en s\u2019adapte parfaitement \u00e0 votre espace ext\u00e9rieur et \u00e0 tous types de v\u00e9hicules. Le carport offre une alternative \u00e9conomique au garage traditionnel avec un prix comp\u00e9titif. Disponible en diff\u00e9rentes hauteurs, notre carport convient \u00e0 tous les types de v\u00e9hicules, qu&#8217;il s&#8217;agisse de voitures, camionnettes ou camping-cars. Sa r\u00e9sistance aux conditions climatiques les plus exigeantes assure une protection durable sans se corroder, ni se d\u00e9colorer. Le carport VERANDAIR\u00ae est la solution id\u00e9ale pour prot\u00e9ger votre v\u00e9hicule avec style et confort !Carport en aluminium<div class=\"et_pb_module dsm_menu dsm_menu_0  et_pb_text_align_left et_pb_bg_layout_light\">\n\t\t\t\t\n\t\t\t\t\n\t\t\t\t\n\t\t\t\t\n\t\t\t\t\n\t\t\t\t\n\t\t\t\t<div class=\"et_pb_module_inner\">\n\t\t\t\t\t<nav class=\"dsm-menu-container\"><ul class=\"dsm-menu dsm-menu-style-type-&#8221;none&#8221; dsm-menu-layout-vertical\">\n\t\t\t\t\t<li><a href=\"https:\/\/www.verandair.com\/fr\/\"><span>Home<\/span><\/a><\/li><li class=\"page_item page-item-590\"><a href=\"https:\/\/www.verandair.com\/fr\/a-propos\/\">\u00c0 propos<\/a><\/li>\n<li class=\"page_item page-item-57674\"><a href=\"https:\/\/www.verandair.com\/fr\/a-propos-professionnels\/\">A propos professionnels<\/a><\/li>\n<li class=\"page_item page-item-2299 page_item_has_children\"><a href=\"https:\/\/www.verandair.com\/fr\/abri-de-terrasse\/\">Abri de terrasse<\/a>\n<ul class='children'>\n\t<li class=\"page_item page-item-57342\"><a href=\"https:\/\/www.verandair.com\/fr\/abri-de-terrasse\/abri-de-terrasse-professionnel\/\">Abri de terrasse professionnel<\/a><\/li>\n<\/ul>\n<\/li>\n<li class=\"page_item page-item-1758\"><a href=\"https:\/\/www.verandair.com\/fr\/\">Accueil<\/a><\/li>\n<li class=\"page_item page-item-2305\"><a href=\"https:\/\/www.verandair.com\/fr\/carport-aluminium\/\">Carport<\/a><\/li>\n<li class=\"page_item page-item-60137\"><a href=\"https:\/\/www.verandair.com\/fr\/composants-veranda-pergola\/\">Composants Veranda<\/a><\/li>\n<li class=\"page_item page-item-582\"><a href=\"https:\/\/www.verandair.com\/fr\/concept-produits-partenaires\/\">Concept<\/a><\/li>\n<li class=\"page_item page-item-63421\"><a href=\"https:\/\/www.verandair.com\/fr\/concours-photo\/\">Concours photo<\/a><\/li>\n<li class=\"page_item page-item-60255\"><a href=\"https:\/\/www.verandair.com\/fr\/conditions-generales-vente-garantie\/\">Conditions g\u00e9n\u00e9rales de vente et de garantie<\/a><\/li>\n<li class=\"page_item page-item-60409\"><a href=\"https:\/\/www.verandair.com\/fr\/confirmation-candidature\/\">Confirmation candidature spontan\u00e9e<\/a><\/li>\n<li class=\"page_item page-item-63491\"><a href=\"https:\/\/www.verandair.com\/fr\/confirmation-concours-photo\/\">Confirmation concours photo<\/a><\/li>\n<li class=\"page_item page-item-74788\"><a href=\"https:\/\/www.verandair.com\/fr\/confirmation-pergola-en-kit\/\">Confirmation pergola en kit<\/a><\/li>\n<li class=\"page_item page-item-60983\"><a href=\"https:\/\/www.verandair.com\/fr\/confirmation-professionnels\/\">Confirmation professionnels<\/a><\/li>\n<li class=\"page_item page-item-60417\"><a href=\"https:\/\/www.verandair.com\/fr\/confirmation-rendez-vous-au-showroom\/\">Confirmation rendez-vous au showroom<\/a><\/li>\n<li class=\"page_item page-item-60421\"><a href=\"https:\/\/www.verandair.com\/fr\/confirmation-telechargement-invitation\/\">Confirmation t\u00e9l\u00e9chargement<\/a><\/li>\n<li class=\"page_item page-item-60433\"><a href=\"https:\/\/www.verandair.com\/fr\/merci-brochure-abris-terrasse\/\">Confirmation t\u00e9l\u00e9chargement Abris de terrasse<\/a><\/li>\n<li class=\"page_item page-item-60439\"><a href=\"https:\/\/www.verandair.com\/fr\/merci-brochure-baies-coulissantes\/\">Confirmation t\u00e9l\u00e9chargement baies coulissantes<\/a><\/li>\n<li class=\"page_item page-item-60443\"><a href=\"https:\/\/www.verandair.com\/fr\/confirmation-telechargement-bon\/\">Confirmation t\u00e9l\u00e9chargement bon de r\u00e9duction<\/a><\/li>\n<li class=\"page_item page-item-71234\"><a href=\"https:\/\/www.verandair.com\/fr\/confirmation-telechargement-brochure\/\">Confirmation t\u00e9l\u00e9chargement brochure<\/a><\/li>\n<li class=\"page_item page-item-60450\"><a href=\"https:\/\/www.verandair.com\/fr\/merci-brochure-journal\/\">Confirmation t\u00e9l\u00e9chargement Journal<\/a><\/li>\n<li class=\"page_item page-item-60454\"><a href=\"https:\/\/www.verandair.com\/fr\/merci-brochure-pergolas\/\">Confirmation t\u00e9l\u00e9chargement Pergolas<\/a><\/li>\n<li class=\"page_item page-item-60458\"><a href=\"https:\/\/www.verandair.com\/fr\/merci-brochure-veranda-professionnelle\/\">Confirmation t\u00e9l\u00e9chargement veranda Professionnelle<\/a><\/li>\n<li class=\"page_item page-item-80\"><a href=\"https:\/\/www.verandair.com\/fr\/contact\/\">Contact<\/a><\/li>\n<li class=\"page_item page-item-64377\"><a href=\"https:\/\/www.verandair.com\/fr\/contact-2\/\">Contact<\/a><\/li>\n<li class=\"page_item page-item-60991\"><a href=\"https:\/\/www.verandair.com\/fr\/contact-professionnels\/\">Contact professionnels<\/a><\/li>\n<li class=\"page_item page-item-586\"><a href=\"https:\/\/www.verandair.com\/fr\/devenir-partenaire-revendeur\/\">Devenir partenaire<\/a><\/li>\n<li class=\"page_item page-item-595\"><a href=\"https:\/\/www.verandair.com\/fr\/espace-partenaire\/\">Contenu priv\u00e9<\/a><\/li>\n<li class=\"page_item page-item-60126\"><a href=\"https:\/\/www.verandair.com\/fr\/etapes-projet\/\">Etapes de projet<\/a><\/li>\n<li class=\"page_item page-item-60087\"><a href=\"https:\/\/www.verandair.com\/fr\/faq\/\">FAQ<\/a><\/li>\n<li class=\"page_item page-item-57843\"><a href=\"https:\/\/www.verandair.com\/fr\/garantie\/\">Garantie<\/a><\/li>\n<li class=\"page_item page-item-60872\"><a href=\"https:\/\/www.verandair.com\/fr\/guide-pergola-merci\/\">guide pergola merci<\/a><\/li>\n<li class=\"page_item page-item-624\"><a href=\"https:\/\/www.verandair.com\/fr\/jobs\/\">Jobs<\/a><\/li>\n<li class=\"page_item page-item-380\"><a href=\"https:\/\/www.verandair.com\/fr\/actualites\/\">Magazine<\/a><\/li>\n<li class=\"page_item page-item-58289\"><a href=\"https:\/\/www.verandair.com\/fr\/actualites-2\/\">Magazine-2<\/a><\/li>\n<li class=\"page_item page-item-58315\"><a href=\"https:\/\/www.verandair.com\/fr\/actualites-3\/\">Magazine-3<\/a><\/li>\n<li class=\"page_item page-item-58321\"><a href=\"https:\/\/www.verandair.com\/fr\/actualites-4\/\">Magazine-4<\/a><\/li>\n<li class=\"page_item page-item-58327\"><a href=\"https:\/\/www.verandair.com\/fr\/actualites-5\/\">Magazine-5<\/a><\/li>\n<li class=\"page_item page-item-58332\"><a href=\"https:\/\/www.verandair.com\/fr\/actualites-6\/\">Magazine-6<\/a><\/li>\n<li class=\"page_item page-item-58336\"><a href=\"https:\/\/www.verandair.com\/fr\/actualites-7\/\">Magazine-7<\/a><\/li>\n<li class=\"page_item page-item-60868\"><a href=\"https:\/\/www.verandair.com\/fr\/merci-guide-abtr\/\">merci guide abtr<\/a><\/li>\n<li class=\"page_item page-item-60877\"><a href=\"https:\/\/www.verandair.com\/fr\/merci-newsletter\/\">Merci newsletter<\/a><\/li>\n<li class=\"page_item page-item-60071\"><a href=\"https:\/\/www.verandair.com\/fr\/nos-engagements\/\">Nos engagements<\/a><\/li>\n<li class=\"page_item page-item-2277 page_item_has_children\"><a href=\"https:\/\/www.verandair.com\/fr\/pergolas\/\">Pergola<\/a>\n<ul class='children'>\n\t<li class=\"page_item page-item-57910\"><a href=\"https:\/\/www.verandair.com\/fr\/pergolas\/accessoires\/\">Accessoires<\/a><\/li>\n\t<li class=\"page_item page-item-57598\"><a href=\"https:\/\/www.verandair.com\/fr\/pergolas\/auvent-terrasse\/\">Auvent de terrasse<\/a><\/li>\n\t<li class=\"page_item page-item-57614\"><a href=\"https:\/\/www.verandair.com\/fr\/pergolas\/baie-vitree-coulissante\/\">Baie vitr\u00e9e coulissante<\/a><\/li>\n\t<li class=\"page_item page-item-71570\"><a href=\"https:\/\/www.verandair.com\/fr\/pergolas\/pergola-a-toile\/\">Pergola \u00e0 toile<\/a><\/li>\n\t<li class=\"page_item page-item-2337\"><a href=\"https:\/\/www.verandair.com\/fr\/pergolas\/pergola-terrasse-toiture-fixe\/\">Pergola \u00e0 toit fixe<\/a><\/li>\n\t<li class=\"page_item page-item-63193\"><a href=\"https:\/\/www.verandair.com\/fr\/pergolas\/pergola-aluminium\/\">Pergola aluminium<\/a><\/li>\n\t<li class=\"page_item page-item-57747\"><a href=\"https:\/\/www.verandair.com\/fr\/pergolas\/pergola-bioclimatique\/\">Pergola bioclimatique<\/a><\/li>\n\t<li class=\"page_item page-item-2213\"><a href=\"https:\/\/www.verandair.com\/fr\/pergolas\/pergola-cabriolet\/\">Pergola cabriolet<\/a><\/li>\n\t<li class=\"page_item page-item-74170\"><a href=\"https:\/\/www.verandair.com\/fr\/pergolas\/pergola-en-kit\/\">Pergola en kit<\/a><\/li>\n\t<li class=\"page_item page-item-2339\"><a href=\"https:\/\/www.verandair.com\/fr\/pergolas\/pergola-prestige\/\">Pergola Prestige<\/a><\/li>\n\t<li class=\"page_item page-item-57656\"><a href=\"https:\/\/www.verandair.com\/fr\/pergolas\/veranda-bioclimatique-retractable\/\">V\u00e9randa bioclimatique r\u00e9tractable<\/a><\/li>\n\t<li class=\"page_item page-item-57814\"><a href=\"https:\/\/www.verandair.com\/fr\/pergolas\/veranda-professionnelle\/\">V\u00e9randa professionnelle<\/a><\/li>\n<\/ul>\n<\/li>\n<li class=\"page_item page-item-60062\"><a href=\"https:\/\/www.verandair.com\/fr\/plan-du-site\/\">Plan du site<\/a><\/li>\n<li class=\"page_item page-item-2301\"><a href=\"https:\/\/www.verandair.com\/fr\/pool-house\/\">Pool house<\/a><\/li>\n<li class=\"page_item page-item-60096\"><a href=\"https:\/\/www.verandair.com\/fr\/preparation-chantier\/\">Pr\u00e9paration chantier<\/a><\/li>\n<li class=\"page_item page-item-584\"><a href=\"https:\/\/www.verandair.com\/fr\/produits\/\">Produits<\/a><\/li>\n<li class=\"page_item page-item-2\"><a href=\"https:\/\/www.verandair.com\/fr\/professionnels\/\">Professionnels<\/a><\/li>\n<li class=\"page_item page-item-60428\"><a href=\"https:\/\/www.verandair.com\/fr\/promotions\/\">Promotions<\/a><\/li>\n<li class=\"page_item page-item-2334\"><a href=\"https:\/\/www.verandair.com\/fr\/realisations\/\">R\u00e9alisations<\/a><\/li>\n<li class=\"page_item page-item-593 page_item_has_children\"><a href=\"https:\/\/www.verandair.com\/fr\/ressources\/\">Ressources<\/a>\n<ul class='children'>\n\t<li class=\"page_item page-item-627\"><a href=\"https:\/\/www.verandair.com\/fr\/ressources\/brochures\/\">Brochures<\/a><\/li>\n\t<li class=\"page_item page-item-629\"><a href=\"https:\/\/www.verandair.com\/fr\/ressources\/outils\/\">Outils<\/a><\/li>\n<\/ul>\n<\/li>\n<li class=\"page_item page-item-74811\"><a href=\"https:\/\/www.verandair.com\/fr\/rideaux-de-verre\/\">Rideaux de verre<\/a><\/li>\n<li class=\"page_item page-item-71765\"><a href=\"https:\/\/www.verandair.com\/fr\/stores-bannes\/\">Stores bannes<\/a><\/li>\n<li class=\"page_item page-item-588\"><a href=\"https:\/\/www.verandair.com\/fr\/success-stories\/\">Success Stories<\/a><\/li>\n<li class=\"page_item page-item-58503 page_item_has_children\"><a href=\"https:\/\/www.verandair.com\/fr\/telechargements\/\">T\u00e9l\u00e9chargements<\/a>\n<ul class='children'>\n\t<li class=\"page_item page-item-58519\"><a href=\"https:\/\/www.verandair.com\/fr\/telechargements\/brochures-produits\/\">Brochures produits<\/a><\/li>\n\t<li class=\"page_item page-item-58526\"><a href=\"https:\/\/www.verandair.com\/fr\/telechargements\/guides-dachat\/\">Guides d&#8217;achat<\/a><\/li>\n<\/ul>\n<\/li>\n\t<li class=\"cat-item cat-item-32\"><a href=\"https:\/\/www.verandair.com\/fr\/categorie\/abri-de-terrasse\/\">Abri de terrasse<\/a>\n<\/li>\n\t<li class=\"cat-item cat-item-34\"><a href=\"https:\/\/www.verandair.com\/fr\/categorie\/actualites\/\">Actualit\u00e9s<\/a>\n<\/li>\n\t<li class=\"cat-item cat-item-31\"><a href=\"https:\/\/www.verandair.com\/fr\/categorie\/amenagement\/\">Am\u00e9nagement<\/a>\n<\/li>\n\t<li class=\"cat-item cat-item-42\"><a href=\"https:\/\/www.verandair.com\/fr\/categorie\/non-classifiee\/\">Autres th\u00e9matiques<\/a>\n<\/li>\n\t<li class=\"cat-item cat-item-41\"><a href=\"https:\/\/www.verandair.com\/fr\/categorie\/auvent\/\">Auvent<\/a>\n<\/li>\n\t<li class=\"cat-item cat-item-36\"><a href=\"https:\/\/www.verandair.com\/fr\/categorie\/carport\/\">Carport<\/a>\n<\/li>\n\t<li class=\"cat-item cat-item-17\"><a href=\"https:\/\/www.verandair.com\/fr\/categorie\/conseils\/\">Conseils<\/a>\n<\/li>\n\t<li class=\"cat-item cat-item-39\"><a href=\"https:\/\/www.verandair.com\/fr\/categorie\/cube\/\">Cube<\/a>\n<\/li>\n\t<li class=\"cat-item cat-item-27\"><a href=\"https:\/\/www.verandair.com\/fr\/categorie\/inspiration\/\">Inspiration<\/a>\n<\/li>\n\t<li class=\"cat-item cat-item-35\"><a href=\"https:\/\/www.verandair.com\/fr\/categorie\/paroi-coulissante\/\">Paroi Coulissante<\/a>\n<\/li>\n\t<li class=\"cat-item cat-item-33\"><a href=\"https:\/\/www.verandair.com\/fr\/categorie\/pergolas\/\">Pergolas<\/a>\n<\/li>\n\t<li class=\"cat-item cat-item-105\"><a href=\"https:\/\/www.verandair.com\/fr\/categorie\/rideaux-de-verre\/\">Rideaux de verre<\/a>\n<\/li>\n\t<li class=\"cat-item cat-item-30\"><a href=\"https:\/\/www.verandair.com\/fr\/categorie\/tendances\/\">Tendances<\/a>\n<\/li>\n\t<li class=\"cat-item cat-item-40\"><a href=\"https:\/\/www.verandair.com\/fr\/categorie\/toiture\/\">Toiture<\/a>\n<\/li>\n\t<li class=\"cat-item cat-item-1\"><a href=\"https:\/\/www.verandair.com\/fr\/categorie\/tous\/\">Tous<\/a>\n<\/li>\n\t<li class=\"cat-item cat-item-38\"><a href=\"https:\/\/www.verandair.com\/fr\/categorie\/verandas-horeca-chr\/\">V\u00e9randas HORECA \u2013 CHR<\/a>\n<\/li>\n<\/ul><\/nav>\n\t\t\t\t<\/div>\n\t\t\t<\/div><\/p>\n","protected":false},"author":1,"featured_media":0,"parent":0,"menu_order":340,"comment_status":"closed","ping_status":"closed","template":"","meta":{"_acf_changed":false,"_et_pb_use_builder":"on","_et_pb_old_content":"","_et_gb_content_width":"","inline_featured_image":false,"footnotes":""},"class_list":["post-2305","page","type-page","status-publish","hentry"],"acf":[],"yoast_head":"<!-- This site is optimized with the Yoast SEO plugin v27.4 - https:\/\/yoast.com\/product\/yoast-seo-wordpress\/ -->\n<title>Carport en aluminium sur mesure et durable<\/title>\n<meta name=\"description\" content=\"Prot\u00e9gez votre v\u00e9hicule avec style. Carport aluminium sur mesure, personnalisable pour tous types de v\u00e9hicules. Fabrication belge.\" \/>\n<meta name=\"robots\" content=\"index, follow, max-snippet:-1, max-image-preview:large, max-video-preview:-1\" \/>\n<link rel=\"canonical\" href=\"https:\/\/www.verandair.com\/fr\/carport-aluminium\/\" \/>\n<meta property=\"og:locale\" content=\"fr_FR\" \/>\n<meta property=\"og:type\" content=\"article\" \/>\n<meta property=\"og:title\" content=\"Carport en aluminium sur mesure et durable\" \/>\n<meta property=\"og:description\" content=\"Prot\u00e9gez votre v\u00e9hicule avec style. Carport aluminium sur mesure, personnalisable pour tous types de v\u00e9hicules. Fabrication belge.\" \/>\n<meta property=\"og:url\" content=\"https:\/\/www.verandair.com\/fr\/carport-aluminium\/\" \/>\n<meta property=\"og:site_name\" content=\"VERANDAIR\u00ae\" \/>\n<meta property=\"article:modified_time\" content=\"2026-03-03T13:56:20+00:00\" \/>\n<meta name=\"twitter:card\" content=\"summary_large_image\" \/>\n<meta name=\"twitter:label1\" content=\"Dur\u00e9e de lecture estim\u00e9e\" \/>\n\t<meta name=\"twitter:data1\" content=\"18 minutes\" \/>\n<script type=\"application\/ld+json\" class=\"yoast-schema-graph\">{\"@context\":\"https:\\\/\\\/schema.org\",\"@graph\":[{\"@type\":\"WebPage\",\"@id\":\"https:\\\/\\\/www.verandair.com\\\/fr\\\/carport-aluminium\\\/\",\"url\":\"https:\\\/\\\/www.verandair.com\\\/fr\\\/carport-aluminium\\\/\",\"name\":\"Carport en aluminium sur mesure et durable\",\"isPartOf\":{\"@id\":\"https:\\\/\\\/www.verandair.com\\\/fr\\\/#website\"},\"datePublished\":\"2024-02-09T13:55:04+00:00\",\"dateModified\":\"2026-03-03T13:56:20+00:00\",\"description\":\"Prot\u00e9gez votre v\u00e9hicule avec style. Carport aluminium sur mesure, personnalisable pour tous types de v\u00e9hicules. Fabrication belge.\",\"breadcrumb\":{\"@id\":\"https:\\\/\\\/www.verandair.com\\\/fr\\\/carport-aluminium\\\/#breadcrumb\"},\"inLanguage\":\"fr-FR\",\"potentialAction\":[{\"@type\":\"ReadAction\",\"target\":[\"https:\\\/\\\/www.verandair.com\\\/fr\\\/carport-aluminium\\\/\"]}]},{\"@type\":\"BreadcrumbList\",\"@id\":\"https:\\\/\\\/www.verandair.com\\\/fr\\\/carport-aluminium\\\/#breadcrumb\",\"itemListElement\":[{\"@type\":\"ListItem\",\"position\":1,\"name\":\"Accueil\",\"item\":{\"@type\":\"WebPage\",\"@id\":\"https:\\\/\\\/www.verandair.com\\\/fr\\\/\",\"name\":\"Accueil\"}},{\"@type\":\"ListItem\",\"position\":2,\"name\":\"Carport\"}]},{\"@type\":\"WebSite\",\"@id\":\"https:\\\/\\\/www.verandair.com\\\/fr\\\/#website\",\"url\":\"https:\\\/\\\/www.verandair.com\\\/fr\\\/\",\"name\":\"VERANDAIR\u00ae\",\"description\":\"\",\"publisher\":{\"@id\":\"https:\\\/\\\/www.verandair.com\\\/fr\\\/#organization\"},\"potentialAction\":[{\"@type\":\"SearchAction\",\"target\":{\"@type\":\"EntryPoint\",\"urlTemplate\":\"https:\\\/\\\/www.verandair.com\\\/fr\\\/?s={search_term_string}\"},\"query-input\":{\"@type\":\"PropertyValueSpecification\",\"valueRequired\":true,\"valueName\":\"search_term_string\"}}],\"inLanguage\":\"fr-FR\"},{\"@type\":\"Organization\",\"@id\":\"https:\\\/\\\/www.verandair.com\\\/fr\\\/#organization\",\"name\":\"Verandair\",\"url\":\"https:\\\/\\\/www.verandair.com\\\/fr\\\/\",\"logo\":{\"@type\":\"ImageObject\",\"inLanguage\":\"fr-FR\",\"@id\":\"https:\\\/\\\/www.verandair.com\\\/fr\\\/#\\\/schema\\\/logo\\\/image\\\/\",\"url\":\"https:\\\/\\\/www.verandair.com\\\/wp-content\\\/uploads\\\/2024\\\/06\\\/VERANDAIR-logo.png\",\"contentUrl\":\"https:\\\/\\\/www.verandair.com\\\/wp-content\\\/uploads\\\/2024\\\/06\\\/VERANDAIR-logo.png\",\"width\":283,\"height\":127,\"caption\":\"Verandair\"},\"image\":{\"@id\":\"https:\\\/\\\/www.verandair.com\\\/fr\\\/#\\\/schema\\\/logo\\\/image\\\/\"}}]}<\/script>\n<!-- \/ Yoast SEO plugin. -->","yoast_head_json":{"title":"Carport en aluminium sur mesure et durable","description":"Prot\u00e9gez votre v\u00e9hicule avec style. Carport aluminium sur mesure, personnalisable pour tous types de v\u00e9hicules. Fabrication belge.","robots":{"index":"index","follow":"follow","max-snippet":"max-snippet:-1","max-image-preview":"max-image-preview:large","max-video-preview":"max-video-preview:-1"},"canonical":"https:\/\/www.verandair.com\/fr\/carport-aluminium\/","og_locale":"fr_FR","og_type":"article","og_title":"Carport en aluminium sur mesure et durable","og_description":"Prot\u00e9gez votre v\u00e9hicule avec style. Carport aluminium sur mesure, personnalisable pour tous types de v\u00e9hicules. Fabrication belge.","og_url":"https:\/\/www.verandair.com\/fr\/carport-aluminium\/","og_site_name":"VERANDAIR\u00ae","article_modified_time":"2026-03-03T13:56:20+00:00","twitter_card":"summary_large_image","twitter_misc":{"Dur\u00e9e de lecture estim\u00e9e":"18 minutes"},"schema":{"@context":"https:\/\/schema.org","@graph":[{"@type":"WebPage","@id":"https:\/\/www.verandair.com\/fr\/carport-aluminium\/","url":"https:\/\/www.verandair.com\/fr\/carport-aluminium\/","name":"Carport en aluminium sur mesure et durable","isPartOf":{"@id":"https:\/\/www.verandair.com\/fr\/#website"},"datePublished":"2024-02-09T13:55:04+00:00","dateModified":"2026-03-03T13:56:20+00:00","description":"Prot\u00e9gez votre v\u00e9hicule avec style. Carport aluminium sur mesure, personnalisable pour tous types de v\u00e9hicules. Fabrication belge.","breadcrumb":{"@id":"https:\/\/www.verandair.com\/fr\/carport-aluminium\/#breadcrumb"},"inLanguage":"fr-FR","potentialAction":[{"@type":"ReadAction","target":["https:\/\/www.verandair.com\/fr\/carport-aluminium\/"]}]},{"@type":"BreadcrumbList","@id":"https:\/\/www.verandair.com\/fr\/carport-aluminium\/#breadcrumb","itemListElement":[{"@type":"ListItem","position":1,"name":"Accueil","item":{"@type":"WebPage","@id":"https:\/\/www.verandair.com\/fr\/","name":"Accueil"}},{"@type":"ListItem","position":2,"name":"Carport"}]},{"@type":"WebSite","@id":"https:\/\/www.verandair.com\/fr\/#website","url":"https:\/\/www.verandair.com\/fr\/","name":"VERANDAIR\u00ae","description":"","publisher":{"@id":"https:\/\/www.verandair.com\/fr\/#organization"},"potentialAction":[{"@type":"SearchAction","target":{"@type":"EntryPoint","urlTemplate":"https:\/\/www.verandair.com\/fr\/?s={search_term_string}"},"query-input":{"@type":"PropertyValueSpecification","valueRequired":true,"valueName":"search_term_string"}}],"inLanguage":"fr-FR"},{"@type":"Organization","@id":"https:\/\/www.verandair.com\/fr\/#organization","name":"Verandair","url":"https:\/\/www.verandair.com\/fr\/","logo":{"@type":"ImageObject","inLanguage":"fr-FR","@id":"https:\/\/www.verandair.com\/fr\/#\/schema\/logo\/image\/","url":"https:\/\/www.verandair.com\/wp-content\/uploads\/2024\/06\/VERANDAIR-logo.png","contentUrl":"https:\/\/www.verandair.com\/wp-content\/uploads\/2024\/06\/VERANDAIR-logo.png","width":283,"height":127,"caption":"Verandair"},"image":{"@id":"https:\/\/www.verandair.com\/fr\/#\/schema\/logo\/image\/"}}]}},"_links":{"self":[{"href":"https:\/\/www.verandair.com\/fr\/wp-json\/wp\/v2\/pages\/2305","targetHints":{"allow":["GET"]}}],"collection":[{"href":"https:\/\/www.verandair.com\/fr\/wp-json\/wp\/v2\/pages"}],"about":[{"href":"https:\/\/www.verandair.com\/fr\/wp-json\/wp\/v2\/types\/page"}],"author":[{"embeddable":true,"href":"https:\/\/www.verandair.com\/fr\/wp-json\/wp\/v2\/users\/1"}],"replies":[{"embeddable":true,"href":"https:\/\/www.verandair.com\/fr\/wp-json\/wp\/v2\/comments?post=2305"}],"version-history":[{"count":47,"href":"https:\/\/www.verandair.com\/fr\/wp-json\/wp\/v2\/pages\/2305\/revisions"}],"predecessor-version":[{"id":74787,"href":"https:\/\/www.verandair.com\/fr\/wp-json\/wp\/v2\/pages\/2305\/revisions\/74787"}],"wp:attachment":[{"href":"https:\/\/www.verandair.com\/fr\/wp-json\/wp\/v2\/media?parent=2305"}],"curies":[{"name":"wp","href":"https:\/\/api.w.org\/{rel}","templated":true}]}}