{"id":380,"date":"2023-03-17T11:15:41","date_gmt":"2023-03-17T10:15:41","guid":{"rendered":"https:\/\/base-divi.poush-dev.be\/?page_id=380"},"modified":"2026-02-27T10:01:42","modified_gmt":"2026-02-27T09:01:42","slug":"actualites","status":"publish","type":"page","link":"https:\/\/www.verandair.com\/fr\/actualites\/","title":{"rendered":"Magazine"},"content":{"rendered":"<p>[et_pb_section fb_built=&#8221;1&#8243; _builder_version=&#8221;4.23.4&#8243; _module_preset=&#8221;e664d06a-c530-4fbe-abbd-fb161116285a&#8221; global_colors_info=&#8221;{}&#8221;][et_pb_row _builder_version=&#8221;4.23.4&#8243; _module_preset=&#8221;default&#8221; global_colors_info=&#8221;{}&#8221;][et_pb_column type=&#8221;4_4&#8243; _builder_version=&#8221;4.23.4&#8243; _module_preset=&#8221;default&#8221; global_colors_info=&#8221;{}&#8221;][dsm_breadcrumbs home_text=&#8221; &#8221; home_icon=&#8221;&#xe009;||divi||400&#8243; admin_label=&#8221;Supreme Breadcrumbs&#8221; _builder_version=&#8221;4.24.0&#8243; _module_preset=&#8221;default&#8221; global_colors_info=&#8221;{}&#8221;][\/dsm_breadcrumbs][et_pb_text _builder_version=&#8221;4.24.0&#8243; _module_preset=&#8221;default&#8221; text_orientation=&#8221;center&#8221; custom_margin=&#8221;||30px||false|false&#8221; global_colors_info=&#8221;{}&#8221;]<\/p>\n<h1>Magazine de <b style=\"font-weight: 400;\">l&#8217;outdoor lifestyle<\/b><\/h1>\n<p>[\/et_pb_text][et_pb_divider show_divider=&#8221;off&#8221; _builder_version=&#8221;4.23.4&#8243; _module_preset=&#8221;2adabd0f-cb12-404f-9aa7-a3088280e564&#8243; module_alignment=&#8221;center&#8221; global_colors_info=&#8221;{}&#8221;][\/et_pb_divider][\/et_pb_column][\/et_pb_row][et_pb_row column_structure=&#8221;1_4,1_2,1_4&#8243; _builder_version=&#8221;4.24.2&#8243; _module_preset=&#8221;default&#8221; global_colors_info=&#8221;{}&#8221;][et_pb_column type=&#8221;1_4&#8243; _builder_version=&#8221;4.24.2&#8243; _module_preset=&#8221;default&#8221; global_colors_info=&#8221;{}&#8221;][\/et_pb_column][et_pb_column type=&#8221;1_2&#8243; _builder_version=&#8221;4.24.2&#8243; _module_preset=&#8221;default&#8221; global_colors_info=&#8221;{}&#8221;][et_pb_search exclude_pages=&#8221;on&#8221; placeholder=&#8221;Rechercher un article &#8221; button_color=&#8221;#058D9C&#8221; module_class=&#8221;bb-search-icon&#8221; _builder_version=&#8221;4.25.0&#8243; _module_preset=&#8221;default&#8221; button_text_color=&#8221;#FFFFFF&#8221; form_field_line_height=&#8221;1.6em&#8221; max_width=&#8221;580px&#8221; custom_margin=&#8221;||||false|false&#8221; custom_padding=&#8221;0.715em|0.715em|0.715em|1.4em|false|false&#8221; custom_css_free_form=&#8221;.bb-search-icon .et_pb_searchsubmit {||  position:absolute;||  top:0;||    text-indent: -9999px;||    width: 43px !important;||    height: 43px;||  \tmargin-left: -43px !important;||    border-radius: 100px !important;||}||||.bb-search-icon::after {||    content: &#8216;%9255&#8217;;||    font-family: ETModules;||    font-size: 20px;||    color: #fff;||    position: absolute;||    top: 50%;||    right: 10px;||    transform: translateY(-50%) scaleX(-1);||    pointer-events: none;||    z-index: 90;||  \tfont-weight: 600;||}||||.bb-search-icon .et_pb_searchsubmit {||    z-index: 10;||}&#8221; form_field_text_shadow_style=&#8221;preset4&#8243; form_field_text_shadow_vertical_length=&#8221;-0.01em&#8221; form_field_text_shadow_blur_strength=&#8221;0.05em&#8221; border_radii=&#8221;on|80px|80px|80px|80px&#8221; locked=&#8221;off&#8221; global_colors_info=&#8221;{}&#8221;][\/et_pb_search][\/et_pb_column][et_pb_column type=&#8221;1_4&#8243; _builder_version=&#8221;4.24.2&#8243; _module_preset=&#8221;default&#8221; global_colors_info=&#8221;{}&#8221;][\/et_pb_column][\/et_pb_row][\/et_pb_section][et_pb_section fb_built=&#8221;1&#8243; _builder_version=&#8221;4.23.4&#8243; _module_preset=&#8221;default&#8221; custom_padding=&#8221;0px||0px||true|false&#8221; global_colors_info=&#8221;{}&#8221;][et_pb_row disabled_on=&#8221;off|off|off&#8221; _builder_version=&#8221;4.24.2&#8243; _module_preset=&#8221;default&#8221; custom_padding=&#8221;||0px||false|false&#8221; global_colors_info=&#8221;{}&#8221;][et_pb_column type=&#8221;4_4&#8243; _builder_version=&#8221;4.24.2&#8243; _module_preset=&#8221;default&#8221; custom_padding=&#8221;||0px||false|false&#8221; custom_css_main_element=&#8221;display: flex;||flex-direction: row;||flex-wrap: wrap;||gap: 15px;&#8221; global_colors_info=&#8221;{}&#8221;][et_pb_button button_url=&#8221;https:\/\/www.verandair.com\/fr\/categorie\/abri-de-terrasse\/&#8221; button_text=&#8221;Abri de terrasse&#8221; _builder_version=&#8221;4.24.2&#8243; _module_preset=&#8221;5935091d-debd-4f4a-b675-633ebca33774&#8243; global_colors_info=&#8221;{}&#8221;][\/et_pb_button][et_pb_button button_url=&#8221;https:\/\/www.verandair.com\/fr\/categorie\/verandas-horeca-chr&#8221; button_text=&#8221;Abri de terrasse pro&#8221; _builder_version=&#8221;4.24.2&#8243; _module_preset=&#8221;5935091d-debd-4f4a-b675-633ebca33774&#8243; global_colors_info=&#8221;{}&#8221;][\/et_pb_button][et_pb_button button_url=&#8221;https:\/\/www.verandair.com\/fr\/categorie\/actualites&#8221; button_text=&#8221;Actualit\u00e9s&#8221; _builder_version=&#8221;4.24.2&#8243; _module_preset=&#8221;5935091d-debd-4f4a-b675-633ebca33774&#8243; global_colors_info=&#8221;{}&#8221;][\/et_pb_button][et_pb_button button_url=&#8221;https:\/\/www.verandair.com\/fr\/categorie\/auvent&#8221; button_text=&#8221;Auvent&#8221; _builder_version=&#8221;4.24.2&#8243; _module_preset=&#8221;5935091d-debd-4f4a-b675-633ebca33774&#8243; global_colors_info=&#8221;{}&#8221;][\/et_pb_button][et_pb_button button_url=&#8221;https:\/\/www.verandair.com\/fr\/categorie\/paroi-coulissante&#8221; button_text=&#8221;Baie vitr\u00e9e&#8221; _builder_version=&#8221;4.24.2&#8243; _module_preset=&#8221;5935091d-debd-4f4a-b675-633ebca33774&#8243; global_colors_info=&#8221;{}&#8221;][\/et_pb_button][et_pb_button button_url=&#8221;https:\/\/www.verandair.com\/fr\/categorie\/carport\/&#8221; button_text=&#8221;Carport&#8221; _builder_version=&#8221;4.24.2&#8243; _module_preset=&#8221;5935091d-debd-4f4a-b675-633ebca33774&#8243; global_colors_info=&#8221;{}&#8221;][\/et_pb_button][et_pb_button button_url=&#8221;https:\/\/www.verandair.com\/fr\/categorie\/pergolas\/&#8221; button_text=&#8221;Pergola&#8221; _builder_version=&#8221;4.24.2&#8243; _module_preset=&#8221;5935091d-debd-4f4a-b675-633ebca33774&#8243; global_colors_info=&#8221;{}&#8221;][\/et_pb_button][et_pb_button button_url=&#8221;https:\/\/www.verandair.com\/fr\/categorie\/pool-house&#8221; button_text=&#8221;Pool house&#8221; _builder_version=&#8221;4.24.2&#8243; _module_preset=&#8221;5935091d-debd-4f4a-b675-633ebca33774&#8243; global_colors_info=&#8221;{}&#8221;][\/et_pb_button][et_pb_button button_url=&#8221;https:\/\/www.verandair.com\/fr\/categorie\/toiture&#8221; button_text=&#8221;Toiture&#8221; _builder_version=&#8221;4.24.2&#8243; _module_preset=&#8221;5935091d-debd-4f4a-b675-633ebca33774&#8243; global_colors_info=&#8221;{}&#8221;][\/et_pb_button][\/et_pb_column][\/et_pb_row][et_pb_row column_structure=&#8221;1_2,1_2&#8243; use_custom_gutter=&#8221;on&#8221; make_equal=&#8221;on&#8221; _builder_version=&#8221;4.24.2&#8243; _module_preset=&#8221;default&#8221; custom_padding=&#8221;||0px||false|false&#8221; custom_css_main_element=&#8221;align-items: center;&#8221; global_colors_info=&#8221;{}&#8221;][et_pb_column type=&#8221;1_2&#8243; _builder_version=&#8221;4.24.0&#8243; _module_preset=&#8221;default&#8221; global_colors_info=&#8221;{}&#8221;][et_pb_blog posts_number=&#8221;1&#8243; show_author=&#8221;off&#8221; show_excerpt=&#8221;off&#8221; show_pagination=&#8221;off&#8221; _builder_version=&#8221;4.24.2&#8243; _module_preset=&#8221;default&#8221; header_text_color=&#8221;#FFFFFF&#8221; meta_font=&#8221;||||||||&#8221; meta_text_color=&#8221;#FFFFFF&#8221; meta_font_size=&#8221;15px&#8221; custom_css_free_form=&#8221;@media screen and (min-width: 768px) {||  selector .entry-featured-image-url {||    min-height: 550px;||  }||||  selector .entry-featured-image-url img{||      object-fit: cover;||      position: absolute;||    \tbottom: 0;||      height: 95%;||  }||}||||selector article {||  margin-bottom: 0;||}||||selector .post-meta {||  background: rgba(0,0,0,0.7);||  margin-top: 20px;||  padding: 0px 20px;||  border-radius: 50px;||}||||selector .entry-title {||  background: rgba(0,0,0,0.7);||  padding: 8px 20px;||  border-radius: 50px;||}&#8221; custom_css_title=&#8221;position: absolute;||bottom: 20px;||left: 20px;&#8221; custom_css_post_meta=&#8221;position: absolute;||top: 20px;||left: 20px;&#8221; custom_css_read_more=&#8221;position: absolute;||top: 20px;||right: 20px;||text-transform: capitalize;&#8221; global_colors_info=&#8221;{}&#8221;][\/et_pb_blog][\/et_pb_column][et_pb_column type=&#8221;1_2&#8243; _builder_version=&#8221;4.24.2&#8243; _module_preset=&#8221;default&#8221; global_colors_info=&#8221;{}&#8221;][dsm_blog_carousel posts_number=&#8221;4&#8243; posts_offset=&#8221;1&#8243; lazyload=&#8221;on&#8221; thumbnail_img_type=&#8221;contain&#8221; use_excerpt=&#8221;off&#8221; meta_seperator=&#8221; &#8221; use_author=&#8221;off&#8221; columns=&#8221;2&#8243; multiple_slide_row=&#8221;on&#8221; slide_row=&#8221;2&#8243; spacing=&#8221;5&#8243; use_pagi=&#8221;off&#8221; use_navi=&#8221;off&#8221; use_prev_icon=&#8221;on&#8221; prev_icon=&#8221;&#x23;||divi||400&#8243; use_next_icon=&#8221;on&#8221; next_icon=&#8221;&#x24;||divi||400&#8243; navi_background_color=&#8221;#FFFFFF&#8221; post_equal_height=&#8221;on&#8221; content_wrapper=&#8221;20px|20px|20px|20px|false|false&#8221; columns_tablet=&#8221;2&#8243; columns_phone=&#8221;1&#8243; columns_last_edited=&#8221;on|phone&#8221; _builder_version=&#8221;4.24.2&#8243; _module_preset=&#8221;default&#8221; title_text_color=&#8221;#FFFFFF&#8221; title_font_size=&#8221;16px&#8221; body_text_color=&#8221;#FFFFFF&#8221; date_text_color=&#8221;#FFFFFF&#8221; date_font_size=&#8221;13px&#8221; custom_margin=&#8221;||0px||false|false&#8221; custom_padding=&#8221;||||false|false&#8221; custom_css_free_form=&#8221;selector .dsm-entry-wrapper{||  position: absolute;||  bottom: 0;||  z-index: 10;||  display: flex;||  flex-direction: column;||  flex-wrap: wrap;||}||||selection .dsm-readmore-btn {||  color: #fff!important;||}||||selector .dsm-entry-thumbnail::after {||  content:%22%22;||  display: block;||  width: 100%;||  height: 100%;||  position: absolute;||  top: 0;||  left: 0;||  background: linear-gradient(0deg, rgba(0,0,0,.8), transparent);||}||||selector .dsm-blog-carousel-item {||  min-height: 260px;||}||||selector div.dsm-grid-post-holder-inner,||selector div.dsm-entry-image,||selector div.dsm-entry-thumbnail {||  height: 100%;||}||||selector .dsm-entry-image,||selector .dsm-grid-post-holder-inner {||  position: relative;||  height: 100%;||}||||selector div.dsm-entry-thumbnail img {||  position: absolute;||  top: 0;||  left: 0;||  object-fit: cover;||}||||selector .dsm-entry-meta {||  order: -1;||}&#8221; box_shadow_style_navi_arrow=&#8221;preset3&#8243; box_shadow_blur_navi_arrow=&#8221;30px&#8221; box_shadow_color_navi_arrow=&#8221;gcid-4f3ca7d5-152d-4540-91b1-cc24563bf794&#8243; locked=&#8221;off&#8221; global_colors_info=&#8221;{%22gcid-02eea4c1-992a-4bff-aee2-539b98054199%22:%91%22title_text_color%22,%22title_text_color%22%93,%22gcid-1aea1de7-1b27-4917-8f9a-23facce39526%22:%91%22navi_color%22%93,%22gcid-4f3ca7d5-152d-4540-91b1-cc24563bf794%22:%91%22box_shadow_color_navi_arrow%22%93}&#8221;][\/dsm_blog_carousel][\/et_pb_column][\/et_pb_row][\/et_pb_section][et_pb_section fb_built=&#8221;1&#8243; disabled_on=&#8221;off|off|off&#8221; _builder_version=&#8221;4.24.2&#8243; _module_preset=&#8221;default&#8221; custom_padding=&#8221;0px||||false|false&#8221; global_colors_info=&#8221;{%22gcid-7df8ee83-ae0d-4f60-a763-b085a292aac7%22:%91%22background_color_gradient_stops%22%93}&#8221;][et_pb_row _builder_version=&#8221;4.24.0&#8243; _module_preset=&#8221;default&#8221; custom_padding=&#8221;15px||0px||false|false&#8221; global_colors_info=&#8221;{}&#8221;][et_pb_column type=&#8221;4_4&#8243; _builder_version=&#8221;4.23.4&#8243; _module_preset=&#8221;default&#8221; global_colors_info=&#8221;{}&#8221;][et_pb_blog posts_number=&#8221;21&#8243; meta_date=&#8221;j M y&#8221; excerpt_length=&#8221;100&#8243; show_pagination=&#8221;off&#8221; offset_number=&#8221;5&#8243; _builder_version=&#8221;4.24.2&#8243; _module_preset=&#8221;3b0c7838-b322-45d9-9e11-5a38a05fd02b&#8221; text_orientation=&#8221;left&#8221; custom_margin=&#8221;||||false|false&#8221; custom_padding=&#8221;100px||||false|true&#8221; global_colors_info=&#8221;{}&#8221;][\/et_pb_blog][\/et_pb_column][\/et_pb_row][\/et_pb_section][et_pb_section fb_built=&#8221;1&#8243; _builder_version=&#8221;4.24.2&#8243; _module_preset=&#8221;default&#8221; custom_padding=&#8221;0px||0px||false|false&#8221; locked=&#8221;off&#8221; global_colors_info=&#8221;{}&#8221;][et_pb_row column_structure=&#8221;1_3,2_3&#8243; _builder_version=&#8221;4.24.2&#8243; _module_preset=&#8221;default&#8221; global_colors_info=&#8221;{}&#8221;][et_pb_column type=&#8221;1_3&#8243; _builder_version=&#8221;4.24.2&#8243; _module_preset=&#8221;default&#8221; global_colors_info=&#8221;{}&#8221;][et_pb_text _builder_version=&#8221;4.24.2&#8243; _module_preset=&#8221;default&#8221; global_colors_info=&#8221;{}&#8221;]<\/p>\n<p>Pages\u00a0 \u00a0 \u00a0<strong><span style=\"text-decoration: underline;\">1<\/span><\/strong>\u00a0 \u00a0 <a href=\"https:\/\/www.verandair.com\/fr\/actualites-2\/\">2<\/a>\u00a0 \u00a0 <a href=\"https:\/\/www.verandair.com\/fr\/actualites-3\/\">3<\/a>\u00a0 \u00a0 <a href=\"https:\/\/www.verandair.com\/fr\/actualites-4\/\">4<\/a>\u00a0 \u00a0 <a href=\"https:\/\/www.verandair.com\/fr\/actualites-5\/\">5<\/a>\u00a0 \u00a0 <a href=\"https:\/\/www.verandair.com\/fr\/actualites-6\/\">6<\/a>\u00a0 \u00a0 <a href=\"https:\/\/www.verandair.com\/fr\/actualites-7\/\">7<\/a><\/p>\n<p>[\/et_pb_text][\/et_pb_column][et_pb_column type=&#8221;2_3&#8243; _builder_version=&#8221;4.24.2&#8243; _module_preset=&#8221;default&#8221; global_colors_info=&#8221;{}&#8221;][et_pb_button button_url=&#8221;@ET-DC@eyJkeW5hbWljIjp0cnVlLCJjb250ZW50IjoicG9zdF9saW5rX3VybF9wYWdlIiwic2V0dGluZ3MiOnsicG9zdF9pZCI6IjU4Mjg5In19@&#8221; button_text=&#8221;Articles suivants&#8221; button_alignment=&#8221;left&#8221; _builder_version=&#8221;4.24.2&#8243; _dynamic_attributes=&#8221;button_url&#8221; _module_preset=&#8221;d58892d8-faa2-490c-878b-40699861f3a7&#8243; custom_button=&#8221;on&#8221; button_text_size=&#8221;18px&#8221; button_text_color=&#8221;#FFFFFF&#8221; button_bg_color=&#8221;#000000&#8243; button_icon=&#8221;&#x24;||divi||400&#8243; button_icon_color=&#8221;#FFFFFF&#8221; custom_margin=&#8221;||||false|false&#8221; custom_padding=&#8221;8px|22px|8px|22px|true|false&#8221; locked=&#8221;off&#8221; global_colors_info=&#8221;{}&#8221; button_border_color__hover_enabled=&#8221;on|hover&#8221; button_border_color__hover=&#8221;#000000&#8243; custom_padding__hover_enabled=&#8221;on|desktop&#8221; custom_padding__hover=&#8221;|34px||22px|true|false&#8221;][\/et_pb_button][\/et_pb_column][\/et_pb_row][\/et_pb_section][et_pb_section fb_built=&#8221;1&#8243; disabled_on=&#8221;off|off|off&#8221; _builder_version=&#8221;4.24.2&#8243; _module_preset=&#8221;default&#8221; use_background_color_gradient=&#8221;on&#8221; background_color_gradient_stops=&#8221;gcid-7df8ee83-ae0d-4f60-a763-b085a292aac7 0%|#ffffff 100%&#8221; custom_padding=&#8221;0px||0px||true|false&#8221; global_colors_info=&#8221;{%22gcid-7df8ee83-ae0d-4f60-a763-b085a292aac7%22:%91%22background_color_gradient_stops%22%93}&#8221;][et_pb_row _builder_version=&#8221;4.24.2&#8243; _module_preset=&#8221;default&#8221; global_colors_info=&#8221;{}&#8221;][et_pb_column type=&#8221;4_4&#8243; _builder_version=&#8221;4.24.2&#8243; _module_preset=&#8221;default&#8221; global_colors_info=&#8221;{}&#8221;][et_pb_heading title=&#8221;Pergola&#8221; _builder_version=&#8221;4.24.2&#8243; _module_preset=&#8221;default&#8221; global_colors_info=&#8221;{}&#8221;][\/et_pb_heading][\/et_pb_column][\/et_pb_row][et_pb_row _builder_version=&#8221;4.27.2&#8243; _module_preset=&#8221;default&#8221; global_colors_info=&#8221;{}&#8221;][et_pb_column type=&#8221;4_4&#8243; _builder_version=&#8221;4.27.2&#8243; _module_preset=&#8221;default&#8221; global_colors_info=&#8221;{}&#8221;][brbl_post_tiles include_categories=&#8221;33&#8243; show_date=&#8221;off&#8221; show_author=&#8221;off&#8221; _builder_version=&#8221;4.27.2&#8243; _module_preset=&#8221;default&#8221; global_colors_info=&#8221;{}&#8221;][\/brbl_post_tiles][brbl_post_grid include_categories=&#8221;33&#8243; order=&#8221;DESC&#8221; show_avatar=&#8221;off&#8221; show_author=&#8221;off&#8221; show_date=&#8221;off&#8221; _builder_version=&#8221;4.27.2&#8243; _module_preset=&#8221;default&#8221; global_colors_info=&#8221;{}&#8221;][\/brbl_post_grid][\/et_pb_column][\/et_pb_row][\/et_pb_section][et_pb_section fb_built=&#8221;1&#8243; disabled_on=&#8221;off|off|off&#8221; _builder_version=&#8221;4.24.2&#8243; _module_preset=&#8221;default&#8221; use_background_color_gradient=&#8221;on&#8221; background_color_gradient_stops=&#8221;gcid-7df8ee83-ae0d-4f60-a763-b085a292aac7 0%|#ffffff 100%&#8221; custom_padding=&#8221;0px||0px||true|false&#8221; global_colors_info=&#8221;{%22gcid-7df8ee83-ae0d-4f60-a763-b085a292aac7%22:%91%22background_color_gradient_stops%22%93}&#8221;][et_pb_row _builder_version=&#8221;4.24.2&#8243; _module_preset=&#8221;default&#8221; global_colors_info=&#8221;{}&#8221;][et_pb_column type=&#8221;4_4&#8243; _builder_version=&#8221;4.24.2&#8243; _module_preset=&#8221;default&#8221; global_colors_info=&#8221;{}&#8221;][et_pb_heading title=&#8221;Abri de terrasse&#8221; _builder_version=&#8221;4.24.2&#8243; _module_preset=&#8221;default&#8221; global_colors_info=&#8221;{}&#8221;][\/et_pb_heading][\/et_pb_column][\/et_pb_row][et_pb_row _builder_version=&#8221;4.27.2&#8243; _module_preset=&#8221;default&#8221; global_colors_info=&#8221;{}&#8221;][et_pb_column type=&#8221;4_4&#8243; _builder_version=&#8221;4.27.2&#8243; _module_preset=&#8221;default&#8221; global_colors_info=&#8221;{}&#8221;][brbl_post_tiles include_categories=&#8221;32&#8243; show_date=&#8221;off&#8221; show_author=&#8221;off&#8221; _builder_version=&#8221;4.27.2&#8243; _module_preset=&#8221;default&#8221; global_colors_info=&#8221;{}&#8221;][\/brbl_post_tiles][brbl_post_carousel include_categories=&#8221;32&#8243; order=&#8221;DESC&#8221; show_author=&#8221;off&#8221; show_date=&#8221;off&#8221; _builder_version=&#8221;4.27.2&#8243; _module_preset=&#8221;default&#8221; global_colors_info=&#8221;{}&#8221;][\/brbl_post_carousel][\/et_pb_column][\/et_pb_row][\/et_pb_section]<\/p>\n","protected":false},"excerpt":{"rendered":"<p><div class=\"et_pb_module dsm_breadcrumbs dsm_breadcrumbs_0 et_animated\">\n\t\t\t\t\n\t\t\t\t\n\t\t\t\t\n\t\t\t\t\n\t\t\t\t\n\t\t\t\t\n\t\t\t\t<div class=\"et_pb_module_inner\">\n\t\t\t\t\t<nav class=\"dsm_breadcrumbs_wrap\">\n\t\t\t\t<ul class=\"dsm_breadcrumbs\" itemscope itemtype=\"https:\/\/schema.org\/BreadcrumbList\">\t\t\t<li class=\"dsm_breadcrumbs_item dsm_home_item dsm_home_item_custom\" itemprop=\"itemListElement\" itemscope\n\t\t\titemtype=\"https:\/\/schema.org\/ListItem\">\n\t\t\t\t<a href=\"https:\/\/www.verandair.com\/fr\/\" itemprop=\"item\" target=\"\">\n\t\t\t\t\t<span class='dsm_home_text_wrapper'>\n\t\t\t\t\t\t\t\t\t\t\t\t\t<span class=\"et-pb-icon dsm_home_icon\">&#xe009;<\/span>\n\t\t\t\t\t\t\t\t\t\t\t\t\t<span class=\"dsm_home_text\" itemprop=\"name\">\n\t\t\t\t\t\t\t\t \t\t\t\t\t\t\t<\/span>\n\t\t\t\t\t<\/span>\n\t\t\t\t<\/a>\n\t\t\t\t<meta itemprop=\"position\" content=\"1\" \/>\n\t\t\t<\/li>\n\n\t\t<li class=\"dsm_breadcrumbs_separator\"> <span class=\"et-pb-icon dsm_separator_icon\">&#x35;<\/span><\/li><\/ul>\n\t\t\t<\/nav>\n\t\t\t\t<\/div>\n\t\t\t<\/div>Magazine de l&#8217;outdoor lifestyle<div class=\"et_pb_with_border et_pb_module dsm_blog_carousel dsm_blog_carousel_0\">\n\t\t\t\t\n\t\t\t\t\n\t\t\t\t\n\t\t\t\t\n\t\t\t\t\n\t\t\t\t\n\t\t\t\t<div class=\"et_pb_module_inner\">\n\t\t\t\t\t<div class=\"dsm-blog-carousel\" data-orientation='horizontal' data-loop='' data-speed='500' data-columnsdesktop='2' data-columnsphone='1' data-columnstablet='2' data-autoplay='on' data-autoplayspeed='5000' data-ordernumber='0' data-spacing='5' data-spacingtablet='5' data-spacingphone='5' data-effect='default' data-effect-shadows='off' data-effect-coverflow-rotate='30' data-effect-coverflow-depth='100' data-centered='off' data-multi-row='on' data-row='2' data-rowstablet='2' data-rowsphone='2' data-pagi-button-style='bullets' data-pause-on-hover='off' data-touch-move='off' data-grab='on' data-mousewheel='off' data-autoplay-viewport='80%'>\n\t\t\t\t<div class=\"swiper-container dsm_blog_carousel_wrapper\" dir=\"ltr\">\n\t\t\t\t\t<div class=\"dsm-blog-carousel-wrapper swiper-wrapper\">\n\t\t\t\t\t\t\n\t\t\t\t<article class=\"dsm-blog-carousel-item swiper-slide\">\n\t\t\t\t\t<div class=\"dsm-grid-post-holder-inner\">\n\t\t\t\t\t\t\t\t\t\t\t\t\t<div class=\"dsm-entry-image\">\n\t\t\t\t\t\t\t\t\t\t\t\t\t\t\t\t<div class=\"dsm-entry-thumbnail\">\n\t\t\t\t\t\t\t\t\t\t\t\t\t\t\t\t\t\t\t<a href=\"https:\/\/www.verandair.com\/fr\/pergola-terrasse-guide-complet-pour-bien-choisir-et-installer\/\">\n\t\t\t\t\t\t\t\t\t\t\t\t\t\t\t\t\t\t<img width=\"1080\" height=\"675\" src=\"https:\/\/www.verandair.com\/wp-content\/uploads\/2026\/02\/automne-1080x675.jpg\" class=\"swiper-lazy wp-post-image\" alt=\"pergola en kit en automne\" decoding=\"async\" loading=\"lazy\" srcset=\"https:\/\/www.verandair.com\/wp-content\/uploads\/2026\/02\/automne-1080x675.jpg 1080w, https:\/\/www.verandair.com\/wp-content\/uploads\/2026\/02\/automne-980x657.jpg 980w, https:\/\/www.verandair.com\/wp-content\/uploads\/2026\/02\/automne-480x322.jpg 480w\" sizes=\"(min-width: 0px) and (max-width: 480px) 480px, (min-width: 481px) and (max-width: 980px) 980px, (min-width: 981px) 1080px, 100vw\" \/>\t\t\t\t\t\t\t\t\t\t\t\t\t\t\t\t\t\t<\/a>\n\t\t\t\t\t\t\t\t\t\t\t\t\t\t\t\t\t<\/div>\n\t\t\t\t\t\t\t<\/div>\n\t\t\t\t\t\t\n\t\t\t\t\t\t<div class=\"dsm-entry-wrapper\">\n\t\t\t\t\t\t\t\t\t\t\t\t\t\t<header class=\"dsm-entry-header\">\n\t\t\t\t\t\t\t\t\t<h3 class=\"dsm-entry-title\">\n\t\t\t\t\t\t\t\t\t\t\t\t\t\t\t\t\t\t\t\t\t<a href=\"https:\/\/www.verandair.com\/fr\/pergola-terrasse-guide-complet-pour-bien-choisir-et-installer\/\">Pergola terrasse : guide complet pour bien choisir et installer<\/a>\n\t\t\t\t\t\t\t\t\t\t\t\t\t\t\t\t\t\t\t<\/h3>\n\t\t\t\t\t\t\t\t<\/header>\n\t\t\t\t\t\t\n\t\t\t\t\t\t\t\t\t\t\t\t\t<div class=\"dsm-entry-meta\">\n\t\t\t\t\t\t\t\t\t\t\t\t\t\t\t\t\t\t\t\t\t\t\t\t\t<span class=\"dsm-meta-seperator\"> <\/span>\n\t\t\t\t\t\t\t\t\t<span class=\"dsm-posted-on\"><time datetime=\"Mar 30, 2026\">Mar 30, 2026<\/time><\/span>\n\t\t\t\t\t\t\t\t\t\t\t\t\t\t\t\t\t\t\t\t\t\t\t<\/div>\n\t\t\t\t\t\t\t\n\t\t\t\t\t\t\t\n\t\t\t\t\t\t\t\t\t\t\t\t\t\t\t\t\t\t\t\t\t<\/div>\n\t\t\t\t\t<\/div>\n\t\t\t\t<\/article>\n\n\t\t\t\t\n\t\t\t\t<article class=\"dsm-blog-carousel-item swiper-slide\">\n\t\t\t\t\t<div class=\"dsm-grid-post-holder-inner\">\n\t\t\t\t\t\t\t\t\t\t\t\t\t<div class=\"dsm-entry-image\">\n\t\t\t\t\t\t\t\t\t\t\t\t\t\t\t\t<div class=\"dsm-entry-thumbnail\">\n\t\t\t\t\t\t\t\t\t\t\t\t\t\t\t\t\t\t\t<a href=\"https:\/\/www.verandair.com\/fr\/fermer-terrasse-couverte\/\">\n\t\t\t\t\t\t\t\t\t\t\t\t\t\t\t\t\t\t<img width=\"1080\" height=\"675\" src=\"https:\/\/www.verandair.com\/wp-content\/uploads\/2026\/03\/verandair-rideaux-de-verre-4-1080x675.webp\" class=\"swiper-lazy wp-post-image\" alt=\"\" decoding=\"async\" loading=\"lazy\" srcset=\"https:\/\/www.verandair.com\/wp-content\/uploads\/2026\/03\/verandair-rideaux-de-verre-4-1080x675.webp 1080w, https:\/\/www.verandair.com\/wp-content\/uploads\/2026\/03\/verandair-rideaux-de-verre-4-980x735.webp 980w, https:\/\/www.verandair.com\/wp-content\/uploads\/2026\/03\/verandair-rideaux-de-verre-4-480x360.webp 480w\" sizes=\"(min-width: 0px) and (max-width: 480px) 480px, (min-width: 481px) and (max-width: 980px) 980px, (min-width: 981px) 1080px, 100vw\" \/>\t\t\t\t\t\t\t\t\t\t\t\t\t\t\t\t\t\t<\/a>\n\t\t\t\t\t\t\t\t\t\t\t\t\t\t\t\t\t<\/div>\n\t\t\t\t\t\t\t<\/div>\n\t\t\t\t\t\t\n\t\t\t\t\t\t<div class=\"dsm-entry-wrapper\">\n\t\t\t\t\t\t\t\t\t\t\t\t\t\t<header class=\"dsm-entry-header\">\n\t\t\t\t\t\t\t\t\t<h3 class=\"dsm-entry-title\">\n\t\t\t\t\t\t\t\t\t\t\t\t\t\t\t\t\t\t\t\t\t<a href=\"https:\/\/www.verandair.com\/fr\/fermer-terrasse-couverte\/\">Comment fermer une terrasse couverte ? Solutions et conseils<\/a>\n\t\t\t\t\t\t\t\t\t\t\t\t\t\t\t\t\t\t\t<\/h3>\n\t\t\t\t\t\t\t\t<\/header>\n\t\t\t\t\t\t\n\t\t\t\t\t\t\t\t\t\t\t\t\t<div class=\"dsm-entry-meta\">\n\t\t\t\t\t\t\t\t\t\t\t\t\t\t\t\t\t\t\t\t\t\t\t\t\t<span class=\"dsm-meta-seperator\"> <\/span>\n\t\t\t\t\t\t\t\t\t<span class=\"dsm-posted-on\"><time datetime=\"Mar 25, 2026\">Mar 25, 2026<\/time><\/span>\n\t\t\t\t\t\t\t\t\t\t\t\t\t\t\t\t\t\t\t\t\t\t\t<\/div>\n\t\t\t\t\t\t\t\n\t\t\t\t\t\t\t\n\t\t\t\t\t\t\t\t\t\t\t\t\t\t\t\t\t\t\t\t\t<\/div>\n\t\t\t\t\t<\/div>\n\t\t\t\t<\/article>\n\n\t\t\t\t\n\t\t\t\t<article class=\"dsm-blog-carousel-item swiper-slide\">\n\t\t\t\t\t<div class=\"dsm-grid-post-holder-inner\">\n\t\t\t\t\t\t\t\t\t\t\t\t\t<div class=\"dsm-entry-image\">\n\t\t\t\t\t\t\t\t\t\t\t\t\t\t\t\t<div class=\"dsm-entry-thumbnail\">\n\t\t\t\t\t\t\t\t\t\t\t\t\t\t\t\t\t\t\t<a href=\"https:\/\/www.verandair.com\/fr\/prix-pergola-belgique\/\">\n\t\t\t\t\t\t\t\t\t\t\t\t\t\t\t\t\t\t<img width=\"950\" height=\"633\" src=\"https:\/\/www.verandair.com\/wp-content\/uploads\/2018\/02\/pergola-un-choix-pour-qui.jpg\" class=\"swiper-lazy wp-post-image\" alt=\"pergola un choix pour qui\" decoding=\"async\" loading=\"lazy\" srcset=\"https:\/\/www.verandair.com\/wp-content\/uploads\/2018\/02\/pergola-un-choix-pour-qui.jpg 950w, https:\/\/www.verandair.com\/wp-content\/uploads\/2018\/02\/pergola-un-choix-pour-qui-480x320.jpg 480w\" sizes=\"(min-width: 0px) and (max-width: 480px) 480px, (min-width: 481px) 950px, 100vw\" \/>\t\t\t\t\t\t\t\t\t\t\t\t\t\t\t\t\t\t<\/a>\n\t\t\t\t\t\t\t\t\t\t\t\t\t\t\t\t\t<\/div>\n\t\t\t\t\t\t\t<\/div>\n\t\t\t\t\t\t\n\t\t\t\t\t\t<div class=\"dsm-entry-wrapper\">\n\t\t\t\t\t\t\t\t\t\t\t\t\t\t<header class=\"dsm-entry-header\">\n\t\t\t\t\t\t\t\t\t<h3 class=\"dsm-entry-title\">\n\t\t\t\t\t\t\t\t\t\t\t\t\t\t\t\t\t\t\t\t\t<a href=\"https:\/\/www.verandair.com\/fr\/prix-pergola-belgique\/\">Prix d&#8217;une pergola bioclimatique en Belgique (2026) : guide complet<\/a>\n\t\t\t\t\t\t\t\t\t\t\t\t\t\t\t\t\t\t\t<\/h3>\n\t\t\t\t\t\t\t\t<\/header>\n\t\t\t\t\t\t\n\t\t\t\t\t\t\t\t\t\t\t\t\t<div class=\"dsm-entry-meta\">\n\t\t\t\t\t\t\t\t\t\t\t\t\t\t\t\t\t\t\t\t\t\t\t\t\t<span class=\"dsm-meta-seperator\"> <\/span>\n\t\t\t\t\t\t\t\t\t<span class=\"dsm-posted-on\"><time datetime=\"Mar 18, 2026\">Mar 18, 2026<\/time><\/span>\n\t\t\t\t\t\t\t\t\t\t\t\t\t\t\t\t\t\t\t\t\t\t\t<\/div>\n\t\t\t\t\t\t\t\n\t\t\t\t\t\t\t\n\t\t\t\t\t\t\t\t\t\t\t\t\t\t\t\t\t\t\t\t\t<\/div>\n\t\t\t\t\t<\/div>\n\t\t\t\t<\/article>\n\n\t\t\t\t\n\t\t\t\t<article class=\"dsm-blog-carousel-item swiper-slide\">\n\t\t\t\t\t<div class=\"dsm-grid-post-holder-inner\">\n\t\t\t\t\t\t\t\t\t\t\t\t\t<div class=\"dsm-entry-image\">\n\t\t\t\t\t\t\t\t\t\t\t\t\t\t\t\t<div class=\"dsm-entry-thumbnail\">\n\t\t\t\t\t\t\t\t\t\t\t\t\t\t\t\t\t\t\t<a href=\"https:\/\/www.verandair.com\/fr\/pergola-en-kit\/\">\n\t\t\t\t\t\t\t\t\t\t\t\t\t\t\t\t\t\t<img width=\"1080\" height=\"675\" src=\"https:\/\/www.verandair.com\/wp-content\/uploads\/2026\/02\/pergola-adosee-fixe-belgique-1080x675.jpg\" class=\"swiper-lazy wp-post-image\" alt=\"Pergola adoss\u00e9e \u00e0 toiture fixe en Belgique\" decoding=\"async\" loading=\"lazy\" srcset=\"https:\/\/www.verandair.com\/wp-content\/uploads\/2026\/02\/pergola-adosee-fixe-belgique-1080x675.jpg 1080w, https:\/\/www.verandair.com\/wp-content\/uploads\/2026\/02\/pergola-adosee-fixe-belgique-980x657.jpg 980w, https:\/\/www.verandair.com\/wp-content\/uploads\/2026\/02\/pergola-adosee-fixe-belgique-480x322.jpg 480w\" sizes=\"(min-width: 0px) and (max-width: 480px) 480px, (min-width: 481px) and (max-width: 980px) 980px, (min-width: 981px) 1080px, 100vw\" \/>\t\t\t\t\t\t\t\t\t\t\t\t\t\t\t\t\t\t<\/a>\n\t\t\t\t\t\t\t\t\t\t\t\t\t\t\t\t\t<\/div>\n\t\t\t\t\t\t\t<\/div>\n\t\t\t\t\t\t\n\t\t\t\t\t\t<div class=\"dsm-entry-wrapper\">\n\t\t\t\t\t\t\t\t\t\t\t\t\t\t<header class=\"dsm-entry-header\">\n\t\t\t\t\t\t\t\t\t<h3 class=\"dsm-entry-title\">\n\t\t\t\t\t\t\t\t\t\t\t\t\t\t\t\t\t\t\t\t\t<a href=\"https:\/\/www.verandair.com\/fr\/pergola-en-kit\/\">Pergola en kit : bonne alternative ou faux bon plan ?<\/a>\n\t\t\t\t\t\t\t\t\t\t\t\t\t\t\t\t\t\t\t<\/h3>\n\t\t\t\t\t\t\t\t<\/header>\n\t\t\t\t\t\t\n\t\t\t\t\t\t\t\t\t\t\t\t\t<div class=\"dsm-entry-meta\">\n\t\t\t\t\t\t\t\t\t\t\t\t\t\t\t\t\t\t\t\t\t\t\t\t\t<span class=\"dsm-meta-seperator\"> <\/span>\n\t\t\t\t\t\t\t\t\t<span class=\"dsm-posted-on\"><time datetime=\"F\u00e9v 26, 2026\">F\u00e9v 26, 2026<\/time><\/span>\n\t\t\t\t\t\t\t\t\t\t\t\t\t\t\t\t\t\t\t\t\t\t\t<\/div>\n\t\t\t\t\t\t\t\n\t\t\t\t\t\t\t\n\t\t\t\t\t\t\t\t\t\t\t\t\t\t\t\t\t\t\t\t\t<\/div>\n\t\t\t\t\t<\/div>\n\t\t\t\t<\/article>\n\n\t\t\t\t\n\t\t\t\t\t<\/div>\n\t\t\t\t<\/div>\n\t\t\t\t\n\t\t\t\t<div class=\"swiper-container-horizontal\">\n\t\t\t\t\t\n\t\t\t\t<\/div>\n\t\t\t<\/div>\n\t\t\t\t<\/div>\n\t\t\t<\/div>Pages\u00a0 \u00a0 \u00a01\u00a0 \u00a0 2\u00a0 \u00a0 3\u00a0 \u00a0 4\u00a0 \u00a0 5\u00a0 \u00a0 6\u00a0 \u00a0 7<div class=\"et_pb_module brbl_post_tiles brbl_post_tiles_0\">\n\t\t\t\t\n\t\t\t\t\n\t\t\t\t\n\t\t\t\t\n\t\t\t\t\n\t\t\t\t\n\t\t\t\t<div class=\"et_pb_module_inner\">\n\t\t\t\t\t<div class=\"brbl-module brbl-post-tiles tile-1\" style=\"--brbl-grid-size: 250px\">\r\n                <div class=\"brbl-post-tile default\">\r\n        <article class=\"brbl-post-tile-inner\">\r\n\t\t\t\r\n\t\t\t<figure class=\"brbl-post-tile-figure\">\r\n\t\t\t<a href=\"https:\/\/www.verandair.com\/fr\/pergola-pour-qui-pour-quoi\/\"><img decoding=\"async\" src=\"https:\/\/www.verandair.com\/wp-content\/uploads\/2018\/02\/pergola-un-choix-pour-qui.jpg\" alt=\"pergola un choix pour qui\" \/><\/a>\r\n\t\t<\/figure>\r\n            <div class=\"brbl-post-tile-content\">\r\n                <div class=\"brbl-post-tile-meta\">\r\n                    \r\n                    \r\n                <\/div>\r\n                <h4 class=\"brbl-post-tile-title\">\r\n                    <a href=\"https:\/\/www.verandair.com\/fr\/pergola-pour-qui-pour-quoi\/\">Pergola: pour qui, pour quoi?<\/a>\r\n                <\/h4>\r\n                <div class=\"brbl-post-tile-excerpt\">\r\n\t\tLa pergola ne cesse de gagner en popularit\u00e9. Elle se fait en effet de plus en plus pr\u00e9sente dans nos jardins. La...\r\n\t<\/div>\r\n            <\/div>\r\n        <\/article>\r\n    <\/div><div class=\"brbl-post-tile featured\">\r\n        <article class=\"brbl-post-tile-inner\">\r\n\t\t\t\r\n\t\t\t<figure class=\"brbl-post-tile-figure\">\r\n\t\t\t<a href=\"https:\/\/www.verandair.com\/fr\/passez-ete-au-frais-pergola\/\"><img decoding=\"async\" src=\"https:\/\/www.verandair.com\/wp-content\/uploads\/2018\/05\/ete-au-frais-grace-pergola.jpg\" alt=\"Passez l'\u00e9t\u00e9 au frais gr\u00e2ce \u00e0 la pergola!\" \/><\/a>\r\n\t\t<\/figure>\r\n            <div class=\"brbl-post-tile-content\">\r\n                <div class=\"brbl-post-tile-meta\">\r\n                    \r\n                    \r\n                <\/div>\r\n                <h4 class=\"brbl-post-tile-title\">\r\n                    <a href=\"https:\/\/www.verandair.com\/fr\/passez-ete-au-frais-pergola\/\">Passez l&#8217;\u00e9t\u00e9 au frais gr\u00e2ce \u00e0 la pergola!<\/a>\r\n                <\/h4>\r\n                <div class=\"brbl-post-tile-excerpt\">\r\n\t\tDans quelques semaines, nos jardins prendront vie et l&#8217;envie de passer du temps en ext\u00e9rieur se fera sentir....\r\n\t<\/div>\r\n            <\/div>\r\n        <\/article>\r\n    <\/div><div class=\"brbl-post-tile default\">\r\n        <article class=\"brbl-post-tile-inner\">\r\n\t\t\t\r\n\t\t\t<figure class=\"brbl-post-tile-figure\">\r\n\t\t\t<a href=\"https:\/\/www.verandair.com\/fr\/verandas-pergolas-agreables-automne\/\"><img decoding=\"async\" src=\"https:\/\/www.verandair.com\/wp-content\/uploads\/2018\/08\/pergola-automne.jpg\" alt=\"V\u00e9randas et pergolas: tout aussi agr\u00e9ables en automne!\" \/><\/a>\r\n\t\t<\/figure>\r\n            <div class=\"brbl-post-tile-content\">\r\n                <div class=\"brbl-post-tile-meta\">\r\n                    \r\n                    \r\n                <\/div>\r\n                <h4 class=\"brbl-post-tile-title\">\r\n                    <a href=\"https:\/\/www.verandair.com\/fr\/verandas-pergolas-agreables-automne\/\">V\u00e9randas et pergolas: tout aussi agr\u00e9ables en automne!<\/a>\r\n                <\/h4>\r\n                <div class=\"brbl-post-tile-excerpt\">\r\n\t\tVous souhaitez continuer \u00e0 profiter de votre v\u00e9randa ou de votre pergola une fois l&#8217;\u00e9t\u00e9 termin\u00e9? D\u00e9couvrez les...\r\n\t<\/div>\r\n            <\/div>\r\n        <\/article>\r\n    <\/div><div class=\"brbl-post-tile default\">\r\n        <article class=\"brbl-post-tile-inner\">\r\n\t\t\t\r\n\t\t\t<figure class=\"brbl-post-tile-figure\">\r\n\t\t\t<a href=\"https:\/\/www.verandair.com\/fr\/realisation-pergola-hainaut\/\"><img decoding=\"async\" src=\"https:\/\/www.verandair.com\/wp-content\/uploads\/2019\/09\/pergola-verandair-2-1.jpg\" alt=\"La pergola Verandair\" \/><\/a>\r\n\t\t<\/figure>\r\n            <div class=\"brbl-post-tile-content\">\r\n                <div class=\"brbl-post-tile-meta\">\r\n                    \r\n                    \r\n                <\/div>\r\n                <h4 class=\"brbl-post-tile-title\">\r\n                    <a href=\"https:\/\/www.verandair.com\/fr\/realisation-pergola-hainaut\/\">R\u00e9alisation d&#8217;une pergola en province de Hainaut<\/a>\r\n                <\/h4>\r\n                <div class=\"brbl-post-tile-excerpt\">\r\n\t\tPergola Verandair | Verandair a r\u00e9alis\u00e9 l&#8217;installation d&#8217;une nouvelle pergola en province de Hainaut....\r\n\t<\/div>\r\n            <\/div>\r\n        <\/article>\r\n    <\/div><div class=\"brbl-post-tile default\">\r\n        <article class=\"brbl-post-tile-inner\">\r\n\t\t\t\r\n\t\t\t<figure class=\"brbl-post-tile-figure\">\r\n\t\t\t<a href=\"https:\/\/www.verandair.com\/fr\/pergola-pour-profiter-ete\/\"><img decoding=\"async\" src=\"https:\/\/www.verandair.com\/wp-content\/uploads\/2019\/06\/photo-pergola-en-aluminium-Verandair.jpg\" alt=\"Photo pergola en aluminium\" \/><\/a>\r\n\t\t<\/figure>\r\n            <div class=\"brbl-post-tile-content\">\r\n                <div class=\"brbl-post-tile-meta\">\r\n                    \r\n                    \r\n                <\/div>\r\n                <h4 class=\"brbl-post-tile-title\">\r\n                    <a href=\"https:\/\/www.verandair.com\/fr\/pergola-pour-profiter-ete\/\">Une pergola pour profiter au mieux de l\u2019\u00e9t\u00e9<\/a>\r\n                <\/h4>\r\n                <div class=\"brbl-post-tile-excerpt\">\r\n\t\tEnvie d\u2019un petit coin de paradis pour profiter de votre \u00e9t\u00e9 ? Pourquoi ne pas vous laisser s\u00e9duire par une pergola en...\r\n\t<\/div>\r\n            <\/div>\r\n        <\/article>\r\n    <\/div>\r\n            <\/div>\n\t\t\t\t<\/div>\n\t\t\t<\/div><div class=\"et_pb_module brbl_post_grid brbl_post_grid_0\">\n\t\t\t\t\n\t\t\t\t\n\t\t\t\t\n\t\t\t\t\n\t\t\t\t\n\t\t\t\t\n\t\t\t\t<div class=\"et_pb_module_inner\">\n\t\t\t\t\t<div class=\"brbl-module brbl-post-grid equal-height-on \" data-options=\"{&quot;layout&quot;:&quot;layout4&quot;,&quot;blog_order&quot;:0,&quot;pagination_type&quot;:&quot;&quot;,&quot;loadmore_type&quot;:&quot;scroll&quot;}\" >\r\n                <div id=\"brbl-blog-wrapper\" class=\"brbl-blog brbl-blog-scroll-0\"><div class=\"brbl-blog-item  brbl-blog-item-layout4-0\">\r\n        <article class=\"brbl-post-card brbl-post-card-4\">\r\n\t\t\t<figure class=\"brbl-post-thumb\">\r\n\t\t\t\t<a href=\"https:\/\/www.verandair.com\/fr\/pergolas-a-monter-soi-meme-comment-bien-choisir-son-modele\/\">\r\n\t\t\t\t\t<div class=\"brbl-overlay\" data-icon=\"\"><\/div>\r\n\t\t\t\t\t<img width=\"1264\" height=\"848\" src=\"https:\/\/www.verandair.com\/wp-content\/uploads\/2026\/02\/pergola-adosee-fixe-belgique-1.jpg\" class=\"attachment-full size-full wp-post-image\" alt=\"\" decoding=\"async\" loading=\"lazy\" srcset=\"https:\/\/www.verandair.com\/wp-content\/uploads\/2026\/02\/pergola-adosee-fixe-belgique-1.jpg 1264w, https:\/\/www.verandair.com\/wp-content\/uploads\/2026\/02\/pergola-adosee-fixe-belgique-1-980x657.jpg 980w, https:\/\/www.verandair.com\/wp-content\/uploads\/2026\/02\/pergola-adosee-fixe-belgique-1-480x322.jpg 480w\" sizes=\"(min-width: 0px) and (max-width: 480px) 480px, (min-width: 481px) and (max-width: 980px) 980px, (min-width: 981px) 1264px, 100vw\" \/>\r\n\t\t\t\t<\/a>\r\n\t\t\t\t\r\n\t\t\t<\/figure>\r\n\t\t\t<div class=\"brbl-author-avatar\"><img decoding=\"async\" src=\"https:\/\/www.verandair.com\/wp-content\/plugins\/ultimate-member\/assets\/img\/default_avatar.jpg\"><\/div>\r\n            <div class=\"brbl-blog-content\">\r\n\t\t\t\t<h4 class=\"brbl-post-title\">\r\n                <a href=\"https:\/\/www.verandair.com\/fr\/pergolas-a-monter-soi-meme-comment-bien-choisir-son-modele\/\">Pergolas \u00e0 monter soi-m\u00eame : comment bien choisir son mod\u00e8le<\/a>\r\n            <\/h4>\r\n\t\t\t\t<div class=\"brbl-post-excerpt\">Les pergolas \u00e0 monter soi-m\u00eame connaissent un succ\u00e8s croissant aupr\u00e8s des particuliers souhaitant am\u00e9nager leur terrasse ou leur jardin sans faire...<\/div>\r\n                <div class=\"brbl-blog-meta\">\r\n                    \r\n                    \r\n                <\/div>\r\n            <\/div>\r\n        <\/article>\r\n    <\/div><div class=\"brbl-blog-item  brbl-blog-item-layout4-0\">\r\n        <article class=\"brbl-post-card brbl-post-card-4\">\r\n\t\t\t<figure class=\"brbl-post-thumb\">\r\n\t\t\t\t<a href=\"https:\/\/www.verandair.com\/fr\/pergola-terrasse-guide-complet-pour-bien-choisir-et-installer\/\">\r\n\t\t\t\t\t<div class=\"brbl-overlay\" data-icon=\"\"><\/div>\r\n\t\t\t\t\t<img width=\"1264\" height=\"848\" src=\"https:\/\/www.verandair.com\/wp-content\/uploads\/2026\/02\/automne.jpg\" class=\"attachment-full size-full wp-post-image\" alt=\"pergola en kit en automne\" decoding=\"async\" loading=\"lazy\" srcset=\"https:\/\/www.verandair.com\/wp-content\/uploads\/2026\/02\/automne.jpg 1264w, https:\/\/www.verandair.com\/wp-content\/uploads\/2026\/02\/automne-980x657.jpg 980w, https:\/\/www.verandair.com\/wp-content\/uploads\/2026\/02\/automne-480x322.jpg 480w\" sizes=\"(min-width: 0px) and (max-width: 480px) 480px, (min-width: 481px) and (max-width: 980px) 980px, (min-width: 981px) 1264px, 100vw\" \/>\r\n\t\t\t\t<\/a>\r\n\t\t\t\t\r\n\t\t\t<\/figure>\r\n\t\t\t<div class=\"brbl-author-avatar\"><img decoding=\"async\" src=\"https:\/\/www.verandair.com\/wp-content\/plugins\/ultimate-member\/assets\/img\/default_avatar.jpg\"><\/div>\r\n            <div class=\"brbl-blog-content\">\r\n\t\t\t\t<h4 class=\"brbl-post-title\">\r\n                <a href=\"https:\/\/www.verandair.com\/fr\/pergola-terrasse-guide-complet-pour-bien-choisir-et-installer\/\">Pergola terrasse : guide complet pour bien choisir et installer<\/a>\r\n            <\/h4>\r\n\t\t\t\t<div class=\"brbl-post-excerpt\">Tout savoir sur la pergola terrasse : types (bioclimatique, toiture fixe, \u00e0 toile), prix, permis de construire, crit\u00e8res de choix et \u00e9tapes...<\/div>\r\n                <div class=\"brbl-blog-meta\">\r\n                    \r\n                    \r\n                <\/div>\r\n            <\/div>\r\n        <\/article>\r\n    <\/div><div class=\"brbl-blog-item  brbl-blog-item-layout4-0\">\r\n        <article class=\"brbl-post-card brbl-post-card-4\">\r\n\t\t\t<figure class=\"brbl-post-thumb\">\r\n\t\t\t\t<a href=\"https:\/\/www.verandair.com\/fr\/prix-pergola-belgique\/\">\r\n\t\t\t\t\t<div class=\"brbl-overlay\" data-icon=\"\"><\/div>\r\n\t\t\t\t\t<img width=\"950\" height=\"633\" src=\"https:\/\/www.verandair.com\/wp-content\/uploads\/2018\/02\/pergola-un-choix-pour-qui.jpg\" class=\"attachment-full size-full wp-post-image\" alt=\"pergola un choix pour qui\" decoding=\"async\" loading=\"lazy\" srcset=\"https:\/\/www.verandair.com\/wp-content\/uploads\/2018\/02\/pergola-un-choix-pour-qui.jpg 950w, https:\/\/www.verandair.com\/wp-content\/uploads\/2018\/02\/pergola-un-choix-pour-qui-480x320.jpg 480w\" sizes=\"(min-width: 0px) and (max-width: 480px) 480px, (min-width: 481px) 950px, 100vw\" \/>\r\n\t\t\t\t<\/a>\r\n\t\t\t\t\r\n\t\t\t<\/figure>\r\n\t\t\t<div class=\"brbl-author-avatar\"><img decoding=\"async\" src=\"https:\/\/www.verandair.com\/wp-content\/plugins\/ultimate-member\/assets\/img\/default_avatar.jpg\"><\/div>\r\n            <div class=\"brbl-blog-content\">\r\n\t\t\t\t<h4 class=\"brbl-post-title\">\r\n                <a href=\"https:\/\/www.verandair.com\/fr\/prix-pergola-belgique\/\">Prix d&#8217;une pergola bioclimatique en Belgique (2026) : guide complet<\/a>\r\n            <\/h4>\r\n\t\t\t\t<div class=\"brbl-post-excerpt\">Le prix d&#8217;une pergola bioclimatique varie consid\u00e9rablement. En g\u00e9n\u00e9ral, le prix est calcul\u00e9 par m\u00e8tre carr\u00e9. D\u00e9couvrez le prix moyen des...<\/div>\r\n                <div class=\"brbl-blog-meta\">\r\n                    \r\n                    \r\n                <\/div>\r\n            <\/div>\r\n        <\/article>\r\n    <\/div><div class=\"brbl-blog-item  brbl-blog-item-layout4-0\">\r\n        <article class=\"brbl-post-card brbl-post-card-4\">\r\n\t\t\t<figure class=\"brbl-post-thumb\">\r\n\t\t\t\t<a href=\"https:\/\/www.verandair.com\/fr\/pergola-en-kit\/\">\r\n\t\t\t\t\t<div class=\"brbl-overlay\" data-icon=\"\"><\/div>\r\n\t\t\t\t\t<img width=\"1264\" height=\"848\" src=\"https:\/\/www.verandair.com\/wp-content\/uploads\/2026\/02\/pergola-adosee-fixe-belgique.jpg\" class=\"attachment-full size-full wp-post-image\" alt=\"Pergola adoss\u00e9e \u00e0 toiture fixe en Belgique\" decoding=\"async\" loading=\"lazy\" srcset=\"https:\/\/www.verandair.com\/wp-content\/uploads\/2026\/02\/pergola-adosee-fixe-belgique.jpg 1264w, https:\/\/www.verandair.com\/wp-content\/uploads\/2026\/02\/pergola-adosee-fixe-belgique-980x657.jpg 980w, https:\/\/www.verandair.com\/wp-content\/uploads\/2026\/02\/pergola-adosee-fixe-belgique-480x322.jpg 480w\" sizes=\"(min-width: 0px) and (max-width: 480px) 480px, (min-width: 481px) and (max-width: 980px) 980px, (min-width: 981px) 1264px, 100vw\" \/>\r\n\t\t\t\t<\/a>\r\n\t\t\t\t\r\n\t\t\t<\/figure>\r\n\t\t\t<div class=\"brbl-author-avatar\"><img decoding=\"async\" src=\"https:\/\/www.verandair.com\/wp-content\/plugins\/ultimate-member\/assets\/img\/default_avatar.jpg\"><\/div>\r\n            <div class=\"brbl-blog-content\">\r\n\t\t\t\t<h4 class=\"brbl-post-title\">\r\n                <a href=\"https:\/\/www.verandair.com\/fr\/pergola-en-kit\/\">Pergola en kit : bonne alternative ou faux bon plan ?<\/a>\r\n            <\/h4>\r\n\t\t\t\t<div class=\"brbl-post-excerpt\">La pergola en kit s\u00e9duit par son prix et sa simplicit\u00e9, mais tous les mod\u00e8les ne se valent pas. D\u00e9couvrez quand elle devient une vraie solution...<\/div>\r\n                <div class=\"brbl-blog-meta\">\r\n                    \r\n                    \r\n                <\/div>\r\n            <\/div>\r\n        <\/article>\r\n    <\/div><div class=\"brbl-blog-item  brbl-blog-item-layout4-0\">\r\n        <article class=\"brbl-post-card brbl-post-card-4\">\r\n\t\t\t<figure class=\"brbl-post-thumb\">\r\n\t\t\t\t<a href=\"https:\/\/www.verandair.com\/fr\/tendances-2026-amenagements-exterieur\/\">\r\n\t\t\t\t\t<div class=\"brbl-overlay\" data-icon=\"\"><\/div>\r\n\t\t\t\t\t<img width=\"2160\" height=\"1440\" src=\"https:\/\/www.verandair.com\/wp-content\/uploads\/2021\/10\/Corradi_Bioclimatic_Alba-12.jpg\" class=\"attachment-full size-full wp-post-image\" alt=\"Am\u00e9nagement ext\u00e9rieur tendance 2024\" decoding=\"async\" loading=\"lazy\" srcset=\"https:\/\/www.verandair.com\/wp-content\/uploads\/2021\/10\/Corradi_Bioclimatic_Alba-12.jpg 2160w, https:\/\/www.verandair.com\/wp-content\/uploads\/2021\/10\/Corradi_Bioclimatic_Alba-12-1280x853.jpg 1280w, https:\/\/www.verandair.com\/wp-content\/uploads\/2021\/10\/Corradi_Bioclimatic_Alba-12-980x653.jpg 980w, https:\/\/www.verandair.com\/wp-content\/uploads\/2021\/10\/Corradi_Bioclimatic_Alba-12-480x320.jpg 480w\" sizes=\"(min-width: 0px) and (max-width: 480px) 480px, (min-width: 481px) and (max-width: 980px) 980px, (min-width: 981px) and (max-width: 1280px) 1280px, (min-width: 1281px) 2160px, 100vw\" \/>\r\n\t\t\t\t<\/a>\r\n\t\t\t\t\r\n\t\t\t<\/figure>\r\n\t\t\t<div class=\"brbl-author-avatar\"><img decoding=\"async\" src=\"https:\/\/www.verandair.com\/wp-content\/plugins\/ultimate-member\/assets\/img\/default_avatar.jpg\"><\/div>\r\n            <div class=\"brbl-blog-content\">\r\n\t\t\t\t<h4 class=\"brbl-post-title\">\r\n                <a href=\"https:\/\/www.verandair.com\/fr\/tendances-2026-amenagements-exterieur\/\">7 Tendances Outdoor en 2026<\/a>\r\n            <\/h4>\r\n\t\t\t\t<div class=\"brbl-post-excerpt\">D\u00e9couvrez les 7 tendances cl\u00e9s de l&#8217;am\u00e9nagement ext\u00e9rieur en 2026, du mobilier au mat\u00e9riaux en passant par la d\u00e9coration.<\/div>\r\n                <div class=\"brbl-blog-meta\">\r\n                    \r\n                    \r\n                <\/div>\r\n            <\/div>\r\n        <\/article>\r\n    <\/div><div class=\"brbl-blog-item  brbl-blog-item-layout4-0\">\r\n        <article class=\"brbl-post-card brbl-post-card-4\">\r\n\t\t\t<figure class=\"brbl-post-thumb\">\r\n\t\t\t\t<a href=\"https:\/\/www.verandair.com\/fr\/pergola-ou-terrasse-couverte\/\">\r\n\t\t\t\t\t<div class=\"brbl-overlay\" data-icon=\"\"><\/div>\r\n\t\t\t\t\t<img width=\"1200\" height=\"628\" src=\"https:\/\/www.verandair.com\/wp-content\/uploads\/2025\/09\/verandair-3.jpg\" class=\"attachment-full size-full wp-post-image\" alt=\"\" decoding=\"async\" loading=\"lazy\" srcset=\"https:\/\/www.verandair.com\/wp-content\/uploads\/2025\/09\/verandair-3.jpg 1200w, https:\/\/www.verandair.com\/wp-content\/uploads\/2025\/09\/verandair-3-980x513.jpg 980w, https:\/\/www.verandair.com\/wp-content\/uploads\/2025\/09\/verandair-3-480x251.jpg 480w\" sizes=\"(min-width: 0px) and (max-width: 480px) 480px, (min-width: 481px) and (max-width: 980px) 980px, (min-width: 981px) 1200px, 100vw\" \/>\r\n\t\t\t\t<\/a>\r\n\t\t\t\t\r\n\t\t\t<\/figure>\r\n\t\t\t<div class=\"brbl-author-avatar\"><img decoding=\"async\" src=\"https:\/\/www.verandair.com\/wp-content\/plugins\/ultimate-member\/assets\/img\/default_avatar.jpg\"><\/div>\r\n            <div class=\"brbl-blog-content\">\r\n\t\t\t\t<h4 class=\"brbl-post-title\">\r\n                <a href=\"https:\/\/www.verandair.com\/fr\/pergola-ou-terrasse-couverte\/\">Pergola ou terrasse couverte : que choisir ?<\/a>\r\n            <\/h4>\r\n\t\t\t\t<div class=\"brbl-post-excerpt\">Pergola ou terrasse couverte ? D\u00e9couvrez leurs diff\u00e9rences pour bien am\u00e9nager votre ext\u00e9rieur selon vos besoins et votre budget.<\/div>\r\n                <div class=\"brbl-blog-meta\">\r\n                    \r\n                    \r\n                <\/div>\r\n            <\/div>\r\n        <\/article>\r\n    <\/div><\/div><nav class=\"brbl-pagination\" role=\"navigation\" aria-label=\"Pagination\"><\/nav>\r\n            <\/div>\n\t\t\t\t<\/div>\n\t\t\t<\/div><div class=\"et_pb_module brbl_post_tiles brbl_post_tiles_1\">\n\t\t\t\t\n\t\t\t\t\n\t\t\t\t\n\t\t\t\t\n\t\t\t\t\n\t\t\t\t\n\t\t\t\t<div class=\"et_pb_module_inner\">\n\t\t\t\t\t<div class=\"brbl-module brbl-post-tiles tile-1\" style=\"--brbl-grid-size: 250px\">\r\n                <div class=\"brbl-post-tile default\">\r\n        <article class=\"brbl-post-tile-inner\">\r\n\t\t\t\r\n\t\t\t<figure class=\"brbl-post-tile-figure\">\r\n\t\t\t<a href=\"https:\/\/www.verandair.com\/fr\/choisir-veranda-retractable-pool-cover\/\"><img decoding=\"async\" src=\"https:\/\/www.verandair.com\/wp-content\/uploads\/2022\/08\/pourquoi-choisir-veranda-retractable-verandair-1.jpg\" alt=\"V\u00e9randa r\u00e9tractable qui abrite un salon de jardin en osier\" \/><\/a>\r\n\t\t<\/figure>\r\n            <div class=\"brbl-post-tile-content\">\r\n                <div class=\"brbl-post-tile-meta\">\r\n                    \r\n                    \r\n                <\/div>\r\n                <h4 class=\"brbl-post-tile-title\">\r\n                    <a href=\"https:\/\/www.verandair.com\/fr\/choisir-veranda-retractable-pool-cover\/\">Pourquoi choisir une v\u00e9randa r\u00e9tractable Verandair ?<\/a>\r\n                <\/h4>\r\n                <div class=\"brbl-post-tile-excerpt\">\r\n\t\tLes v\u00e9randas r\u00e9tractables Verandair offrent de v\u00e9ritables avantages aux particuliers et aux professionnels. Des...\r\n\t<\/div>\r\n            <\/div>\r\n        <\/article>\r\n    <\/div><div class=\"brbl-post-tile featured\">\r\n        <article class=\"brbl-post-tile-inner\">\r\n\t\t\t\r\n\t\t\t<figure class=\"brbl-post-tile-figure\">\r\n\t\t\t<a href=\"https:\/\/www.verandair.com\/fr\/ete-toute-annee-grace-a-veranda\/\"><img decoding=\"async\" src=\"https:\/\/www.verandair.com\/wp-content\/uploads\/2018\/05\/ete-toute-annee-grace-veranda.jpg\" alt=\"C'est l'\u00e9t\u00e9 toute l'ann\u00e9e gr\u00e2ce \u00e0 votre v\u00e9randa!\" \/><\/a>\r\n\t\t<\/figure>\r\n            <div class=\"brbl-post-tile-content\">\r\n                <div class=\"brbl-post-tile-meta\">\r\n                    \r\n                    \r\n                <\/div>\r\n                <h4 class=\"brbl-post-tile-title\">\r\n                    <a href=\"https:\/\/www.verandair.com\/fr\/ete-toute-annee-grace-a-veranda\/\">C\u2019est l\u2019\u00e9t\u00e9 toute l\u2019ann\u00e9e gr\u00e2ce \u00e0 votre v\u00e9randa !<\/a>\r\n                <\/h4>\r\n                <div class=\"brbl-post-tile-excerpt\">\r\n\t\tVerandair confectionne des v\u00e9randas au sein desquelles vous pourrez profiter du soleil \u00e9t\u00e9 comme hiver avec un maximum...\r\n\t<\/div>\r\n            <\/div>\r\n        <\/article>\r\n    <\/div><div class=\"brbl-post-tile default\">\r\n        <article class=\"brbl-post-tile-inner\">\r\n\t\t\t\r\n\t\t\t<figure class=\"brbl-post-tile-figure\">\r\n\t\t\t<a href=\"https:\/\/www.verandair.com\/fr\/permis-urbanisme-veranda-wallonie-nouvelles-regles\/\"><img decoding=\"async\" src=\"https:\/\/www.verandair.com\/wp-content\/uploads\/2018\/05\/permis-urbanisme-veranda-wallonie-nouvelle-regles.jpg\" alt=\"Quel(s) permis pour la construction d'une v\u00e9randa?\" \/><\/a>\r\n\t\t<\/figure>\r\n            <div class=\"brbl-post-tile-content\">\r\n                <div class=\"brbl-post-tile-meta\">\r\n                    \r\n                    \r\n                <\/div>\r\n                <h4 class=\"brbl-post-tile-title\">\r\n                    <a href=\"https:\/\/www.verandair.com\/fr\/permis-urbanisme-veranda-wallonie-nouvelles-regles\/\">Permis d&#8217;urbanisme et v\u00e9randa en Wallonie: les nouvelles r\u00e8gles<\/a>\r\n                <\/h4>\r\n                <div class=\"brbl-post-tile-excerpt\">\r\n\t\tV\u00e9randa et permis d&#8217;urbanisme: Le Code wallon d&#8217;am\u00e9nagement du territoire a \u00e9t\u00e9 r\u00e9vis\u00e9 il y a peu. Sa...\r\n\t<\/div>\r\n            <\/div>\r\n        <\/article>\r\n    <\/div><div class=\"brbl-post-tile default\">\r\n        <article class=\"brbl-post-tile-inner\">\r\n\t\t\t\r\n\t\t\t<figure class=\"brbl-post-tile-figure\">\r\n\t\t\t<a href=\"https:\/\/www.verandair.com\/fr\/veranda-retractable-avantages-veranda-traditionnelle-sans-inconvenients\/\"><img decoding=\"async\" src=\"https:\/\/www.verandair.com\/wp-content\/uploads\/2018\/05\/veranda-retractable-avantages-veranda-sans-inconvenients.jpg\" alt=\"V\u00e9randa r\u00e9tractable: les avantages de la v\u00e9randa traditionnelle, sans ses inconv\u00e9nients\" \/><\/a>\r\n\t\t<\/figure>\r\n            <div class=\"brbl-post-tile-content\">\r\n                <div class=\"brbl-post-tile-meta\">\r\n                    \r\n                    \r\n                <\/div>\r\n                <h4 class=\"brbl-post-tile-title\">\r\n                    <a href=\"https:\/\/www.verandair.com\/fr\/veranda-retractable-avantages-veranda-traditionnelle-sans-inconvenients\/\">V\u00e9randa r\u00e9tractable: les avantages de la v\u00e9randa traditionnelle, sans ses inconv\u00e9nients<\/a>\r\n                <\/h4>\r\n                <div class=\"brbl-post-tile-excerpt\">\r\n\t\tEt s&#8217;il vous \u00e9tait possible de profiter d&#8217;une pi\u00e8ce de vie suppl\u00e9mentaire sans empi\u00e9ter sur vos...\r\n\t<\/div>\r\n            <\/div>\r\n        <\/article>\r\n    <\/div><div class=\"brbl-post-tile default\">\r\n        <article class=\"brbl-post-tile-inner\">\r\n\t\t\t\r\n\t\t\t<figure class=\"brbl-post-tile-figure\">\r\n\t\t\t<a href=\"https:\/\/www.verandair.com\/fr\/conseils-preparer-terrasse-veranda-ete\/\"><img decoding=\"async\" src=\"https:\/\/www.verandair.com\/wp-content\/uploads\/2018\/05\/decorer-amenager-veranda-terrasse-ete-fleurs.jpg\" alt=\"L'\u00e9t\u00e9 arrive: pr\u00e9parez v\u00e9randa et terrasse pour la saison nouvelle!\" \/><\/a>\r\n\t\t<\/figure>\r\n            <div class=\"brbl-post-tile-content\">\r\n                <div class=\"brbl-post-tile-meta\">\r\n                    \r\n                    \r\n                <\/div>\r\n                <h4 class=\"brbl-post-tile-title\">\r\n                    <a href=\"https:\/\/www.verandair.com\/fr\/conseils-preparer-terrasse-veranda-ete\/\">L&#8217;\u00e9t\u00e9 arrive: pr\u00e9parez v\u00e9randa et terrasse pour la saison nouvelle!<\/a>\r\n                <\/h4>\r\n                <div class=\"brbl-post-tile-excerpt\">\r\n\t\tVerandair vous livre quelques conseils et astuces pour am\u00e9nager et pr\u00e9parer vos v\u00e9randas, terrasses et pergolas pour...\r\n\t<\/div>\r\n            <\/div>\r\n        <\/article>\r\n    <\/div>\r\n            <\/div>\n\t\t\t\t<\/div>\n\t\t\t<\/div><div class=\"et_pb_module brbl_post_carousel brbl_post_carousel_0\">\n\t\t\t\t\n\t\t\t\t\n\t\t\t\t\n\t\t\t\t\n\t\t\t\t\n\t\t\t\t\n\t\t\t\t<div class=\"et_pb_module_inner\">\n\t\t\t\t\t<div class=\"brbl-carousel brbl-blog-carousel brbl-carousel-frontend equal-height-on\" data-settings=\"{&quot;responsive&quot;:[{&quot;breakpoint&quot;:980},{&quot;breakpoint&quot;:767}],&quot;rtl&quot;:false,&quot;cssEase&quot;:&quot;ease-in-out&quot;,&quot;swipe&quot;:true,&quot;variableWidth&quot;:false,&quot;dots&quot;:false,&quot;arrows&quot;:true,&quot;infinite&quot;:true,&quot;autoplay&quot;:true,&quot;autoplaySpeed&quot;:2000,&quot;speed&quot;:700,&quot;slidesToShow&quot;:2,&quot;slidesToScroll&quot;:1,&quot;centerPadding&quot;:&quot;70px&quot;,&quot;centerMode&quot;:false,&quot;prevArrow&quot;:&quot;&lt;button type=\\&quot;button\\&quot; data-icon=\\&quot;4\\&quot; class=\\&quot;slick-arrow slick-prev\\&quot;&gt;Prev&lt;\\\/button&gt;&quot;,&quot;nextArrow&quot;:&quot;&lt;button type=\\&quot;button\\&quot; data-icon=\\&quot;5\\&quot; class=\\&quot;slick-arrow slick-next\\&quot;&gt;Prev&lt;\\\/button&gt;&quot;}\" dir=\"ltr\">\r\n                <div class=\"brbl-blog-item brbl-blog-item-layout1-0\">\r\n        <article class=\"brbl-post-card brbl-post-card-1\">\r\n\t\t\t<figure class=\"brbl-post-thumb\">\r\n\t\t\t\t<a href=\"https:\/\/www.verandair.com\/fr\/tendances-2026-amenagements-exterieur\/\">\r\n\t\t\t\t\t<div class=\"brbl-overlay\" data-icon=\"\"><\/div>\r\n\t\t\t\t\t<img width=\"2160\" height=\"1440\" src=\"https:\/\/www.verandair.com\/wp-content\/uploads\/2021\/10\/Corradi_Bioclimatic_Alba-12.jpg\" class=\"attachment-full size-full wp-post-image\" alt=\"Am\u00e9nagement ext\u00e9rieur tendance 2024\" decoding=\"async\" loading=\"lazy\" srcset=\"https:\/\/www.verandair.com\/wp-content\/uploads\/2021\/10\/Corradi_Bioclimatic_Alba-12.jpg 2160w, https:\/\/www.verandair.com\/wp-content\/uploads\/2021\/10\/Corradi_Bioclimatic_Alba-12-1280x853.jpg 1280w, https:\/\/www.verandair.com\/wp-content\/uploads\/2021\/10\/Corradi_Bioclimatic_Alba-12-980x653.jpg 980w, https:\/\/www.verandair.com\/wp-content\/uploads\/2021\/10\/Corradi_Bioclimatic_Alba-12-480x320.jpg 480w\" sizes=\"(min-width: 0px) and (max-width: 480px) 480px, (min-width: 481px) and (max-width: 980px) 980px, (min-width: 981px) and (max-width: 1280px) 1280px, (min-width: 1281px) 2160px, 100vw\" \/>\r\n\t\t\t\t<\/a>\r\n\t\t\t\t\r\n\t\t\t<\/figure>\r\n            <div class=\"brbl-blog-content\">\r\n                \r\n                <h4 class=\"brbl-post-title\">\r\n                <a href=\"https:\/\/www.verandair.com\/fr\/tendances-2026-amenagements-exterieur\/\">7 Tendances Outdoor en 2026<\/a>\r\n            <\/h4>\r\n                <div class=\"brbl-post-excerpt\">D\u00e9couvrez les 7 tendances cl\u00e9s de l&#8217;am\u00e9nagement ext\u00e9rieur en 2026, du mobilier au mat\u00e9riaux...<\/div>\r\n                \r\n                \r\n            <\/div>\r\n        <\/article>\r\n    <\/div><div class=\"brbl-blog-item brbl-blog-item-layout1-0\">\r\n        <article class=\"brbl-post-card brbl-post-card-1\">\r\n\t\t\t<figure class=\"brbl-post-thumb\">\r\n\t\t\t\t<a href=\"https:\/\/www.verandair.com\/fr\/pergola-ou-terrasse-couverte\/\">\r\n\t\t\t\t\t<div class=\"brbl-overlay\" data-icon=\"\"><\/div>\r\n\t\t\t\t\t<img width=\"1200\" height=\"628\" src=\"https:\/\/www.verandair.com\/wp-content\/uploads\/2025\/09\/verandair-3.jpg\" class=\"attachment-full size-full wp-post-image\" alt=\"\" decoding=\"async\" loading=\"lazy\" srcset=\"https:\/\/www.verandair.com\/wp-content\/uploads\/2025\/09\/verandair-3.jpg 1200w, https:\/\/www.verandair.com\/wp-content\/uploads\/2025\/09\/verandair-3-980x513.jpg 980w, https:\/\/www.verandair.com\/wp-content\/uploads\/2025\/09\/verandair-3-480x251.jpg 480w\" sizes=\"(min-width: 0px) and (max-width: 480px) 480px, (min-width: 481px) and (max-width: 980px) 980px, (min-width: 981px) 1200px, 100vw\" \/>\r\n\t\t\t\t<\/a>\r\n\t\t\t\t\r\n\t\t\t<\/figure>\r\n            <div class=\"brbl-blog-content\">\r\n                \r\n                <h4 class=\"brbl-post-title\">\r\n                <a href=\"https:\/\/www.verandair.com\/fr\/pergola-ou-terrasse-couverte\/\">Pergola ou terrasse couverte : que choisir ?<\/a>\r\n            <\/h4>\r\n                <div class=\"brbl-post-excerpt\">Pergola ou terrasse couverte ? D\u00e9couvrez leurs diff\u00e9rences pour bien am\u00e9nager votre ext\u00e9rieur...<\/div>\r\n                \r\n                \r\n            <\/div>\r\n        <\/article>\r\n    <\/div><div class=\"brbl-blog-item brbl-blog-item-layout1-0\">\r\n        <article class=\"brbl-post-card brbl-post-card-1\">\r\n\t\t\t<figure class=\"brbl-post-thumb\">\r\n\t\t\t\t<a href=\"https:\/\/www.verandair.com\/fr\/veranda-chaleur-solution\/\">\r\n\t\t\t\t\t<div class=\"brbl-overlay\" data-icon=\"\"><\/div>\r\n\t\t\t\t\t<img width=\"1600\" height=\"799\" src=\"https:\/\/www.verandair.com\/wp-content\/uploads\/2025\/07\/IMG_4527.webp\" class=\"attachment-full size-full wp-post-image\" alt=\"\" decoding=\"async\" loading=\"lazy\" srcset=\"https:\/\/www.verandair.com\/wp-content\/uploads\/2025\/07\/IMG_4527.webp 1600w, https:\/\/www.verandair.com\/wp-content\/uploads\/2025\/07\/IMG_4527-1280x639.webp 1280w, https:\/\/www.verandair.com\/wp-content\/uploads\/2025\/07\/IMG_4527-980x489.webp 980w, https:\/\/www.verandair.com\/wp-content\/uploads\/2025\/07\/IMG_4527-480x240.webp 480w\" sizes=\"(min-width: 0px) and (max-width: 480px) 480px, (min-width: 481px) and (max-width: 980px) 980px, (min-width: 981px) and (max-width: 1280px) 1280px, (min-width: 1281px) 1600px, 100vw\" \/>\r\n\t\t\t\t<\/a>\r\n\t\t\t\t\r\n\t\t\t<\/figure>\r\n            <div class=\"brbl-blog-content\">\r\n                \r\n                <h4 class=\"brbl-post-title\">\r\n                <a href=\"https:\/\/www.verandair.com\/fr\/veranda-chaleur-solution\/\">Nos solutions pour prot\u00e9ger votre v\u00e9randa de la chaleur<\/a>\r\n            <\/h4>\r\n                <div class=\"brbl-post-excerpt\">D\u00e9couvrez toutes les solutions pour prot\u00e9ger votre v\u00e9randa de la chaleur et profiter d\u2019un espace...<\/div>\r\n                \r\n                \r\n            <\/div>\r\n        <\/article>\r\n    <\/div><div class=\"brbl-blog-item brbl-blog-item-layout1-0\">\r\n        <article class=\"brbl-post-card brbl-post-card-1\">\r\n\t\t\t<figure class=\"brbl-post-thumb\">\r\n\t\t\t\t<a href=\"https:\/\/www.verandair.com\/fr\/comment-moderniser-une-veranda\/\">\r\n\t\t\t\t\t<div class=\"brbl-overlay\" data-icon=\"\"><\/div>\r\n\t\t\t\t\t<img width=\"1080\" height=\"675\" src=\"https:\/\/www.verandair.com\/wp-content\/uploads\/2023\/04\/Blog-Verandair-3.jpg\" class=\"attachment-full size-full wp-post-image\" alt=\"Verri\u00e8re ext\u00e9rieure am\u00e9nag\u00e9e en grand salon de d\u00e9tente, dot\u00e9e de nombreuses fen\u00eatres qui apportent une belle luminosit\u00e9.\" decoding=\"async\" loading=\"lazy\" srcset=\"https:\/\/www.verandair.com\/wp-content\/uploads\/2023\/04\/Blog-Verandair-3.jpg 1080w, https:\/\/www.verandair.com\/wp-content\/uploads\/2023\/04\/Blog-Verandair-3-980x613.jpg 980w, https:\/\/www.verandair.com\/wp-content\/uploads\/2023\/04\/Blog-Verandair-3-480x300.jpg 480w\" sizes=\"(min-width: 0px) and (max-width: 480px) 480px, (min-width: 481px) and (max-width: 980px) 980px, (min-width: 981px) 1080px, 100vw\" \/>\r\n\t\t\t\t<\/a>\r\n\t\t\t\t\r\n\t\t\t<\/figure>\r\n            <div class=\"brbl-blog-content\">\r\n                \r\n                <h4 class=\"brbl-post-title\">\r\n                <a href=\"https:\/\/www.verandair.com\/fr\/comment-moderniser-une-veranda\/\">De vieux \u00e0 moderne : Modernisez votre v\u00e9randa avec style !<\/a>\r\n            <\/h4>\r\n                <div class=\"brbl-post-excerpt\">Envie de donner un nouveau souffle \u00e0 votre v\u00e9randa ? Notre guide vous d\u00e9voile comment moderniser...<\/div>\r\n                \r\n                \r\n            <\/div>\r\n        <\/article>\r\n    <\/div><div class=\"brbl-blog-item brbl-blog-item-layout1-0\">\r\n        <article class=\"brbl-post-card brbl-post-card-1\">\r\n\t\t\t<figure class=\"brbl-post-thumb\">\r\n\t\t\t\t<a href=\"https:\/\/www.verandair.com\/fr\/veranda-professionnelle-toit-ouvrant\/\">\r\n\t\t\t\t\t<div class=\"brbl-overlay\" data-icon=\"\"><\/div>\r\n\t\t\t\t\t<img width=\"800\" height=\"600\" src=\"https:\/\/www.verandair.com\/wp-content\/uploads\/2021\/09\/abris-verandas-retractable-terrasse-pool-cover-belgique.jpg\" class=\"attachment-full size-full wp-post-image\" alt=\"Abri de terrasse restaurant ouvert\" decoding=\"async\" loading=\"lazy\" srcset=\"https:\/\/www.verandair.com\/wp-content\/uploads\/2021\/09\/abris-verandas-retractable-terrasse-pool-cover-belgique.jpg 800w, https:\/\/www.verandair.com\/wp-content\/uploads\/2021\/09\/abris-verandas-retractable-terrasse-pool-cover-belgique-480x360.jpg 480w\" sizes=\"(min-width: 0px) and (max-width: 480px) 480px, (min-width: 481px) 800px, 100vw\" \/>\r\n\t\t\t\t<\/a>\r\n\t\t\t\t\r\n\t\t\t<\/figure>\r\n            <div class=\"brbl-blog-content\">\r\n                \r\n                <h4 class=\"brbl-post-title\">\r\n                <a href=\"https:\/\/www.verandair.com\/fr\/veranda-professionnelle-toit-ouvrant\/\">Optimisez votre terrasse professionnelle avec la v\u00e9randa \u00e0 toit ouvrant!<\/a>\r\n            <\/h4>\r\n                <div class=\"brbl-post-excerpt\">D\u00e9couvrez comment optimiser la terrasse de votre restaurant avec Verandair. Offrez confort et...<\/div>\r\n                \r\n                \r\n            <\/div>\r\n        <\/article>\r\n    <\/div><div class=\"brbl-blog-item brbl-blog-item-layout1-0\">\r\n        <article class=\"brbl-post-card brbl-post-card-1\">\r\n\t\t\t<figure class=\"brbl-post-thumb\">\r\n\t\t\t\t<a href=\"https:\/\/www.verandair.com\/fr\/patio-ferme\/\">\r\n\t\t\t\t\t<div class=\"brbl-overlay\" data-icon=\"\"><\/div>\r\n\t\t\t\t\t<img width=\"1600\" height=\"1200\" src=\"https:\/\/www.verandair.com\/wp-content\/uploads\/2023\/03\/1_EEPH0730.jpg\" class=\"attachment-full size-full wp-post-image\" alt=\"Pergola en bois qui est adoss\u00e9e au mur du maison en briques rouges\" decoding=\"async\" loading=\"lazy\" srcset=\"https:\/\/www.verandair.com\/wp-content\/uploads\/2023\/03\/1_EEPH0730.jpg 1600w, https:\/\/www.verandair.com\/wp-content\/uploads\/2023\/03\/1_EEPH0730-1280x960.jpg 1280w, https:\/\/www.verandair.com\/wp-content\/uploads\/2023\/03\/1_EEPH0730-980x735.jpg 980w, https:\/\/www.verandair.com\/wp-content\/uploads\/2023\/03\/1_EEPH0730-480x360.jpg 480w\" sizes=\"(min-width: 0px) and (max-width: 480px) 480px, (min-width: 481px) and (max-width: 980px) 980px, (min-width: 981px) and (max-width: 1280px) 1280px, (min-width: 1281px) 1600px, 100vw\" \/>\r\n\t\t\t\t<\/a>\r\n\t\t\t\t\r\n\t\t\t<\/figure>\r\n            <div class=\"brbl-blog-content\">\r\n                \r\n                <h4 class=\"brbl-post-title\">\r\n                <a href=\"https:\/\/www.verandair.com\/fr\/patio-ferme\/\">Patio ferm\u00e9 : Comment profiter de votre jardin toute l&#8217;ann\u00e9e<\/a>\r\n            <\/h4>\r\n                <div class=\"brbl-post-excerpt\">Un patio ferm\u00e9, c&#8217;est la cl\u00e9 pour jouir de votre jardin 365 jours par an. Entre protection...<\/div>\r\n                \r\n                \r\n            <\/div>\r\n        <\/article>\r\n    <\/div>\r\n            <\/div>\n\t\t\t\t<\/div>\n\t\t\t<\/div><\/p>\n","protected":false},"author":1,"featured_media":0,"parent":0,"menu_order":70,"comment_status":"closed","ping_status":"closed","template":"","meta":{"_acf_changed":false,"_et_pb_use_builder":"on","_et_pb_old_content":"","_et_gb_content_width":"","inline_featured_image":false,"footnotes":""},"class_list":["post-380","page","type-page","status-publish","hentry"],"acf":[],"yoast_head":"<!-- This site is optimized with the Yoast SEO plugin v27.4 - https:\/\/yoast.com\/product\/yoast-seo-wordpress\/ -->\n<title>Magazine | VERANDAIR\u00ae<\/title>\n<meta name=\"description\" content=\"Conseils d\u00e9co, inspirations et tendances ext\u00e9rieur : suivez le magazine Verandair pour sublimer votre terrasse avec une pergola ou une v\u00e9randa.\" \/>\n<meta name=\"robots\" content=\"index, follow, max-snippet:-1, max-image-preview:large, max-video-preview:-1\" \/>\n<link rel=\"canonical\" href=\"https:\/\/www.verandair.com\/fr\/actualites\/\" \/>\n<meta property=\"og:locale\" content=\"fr_FR\" \/>\n<meta property=\"og:type\" content=\"article\" \/>\n<meta property=\"og:title\" content=\"Magazine | VERANDAIR\u00ae\" \/>\n<meta property=\"og:description\" content=\"Conseils d\u00e9co, inspirations et tendances ext\u00e9rieur : suivez le magazine Verandair pour sublimer votre terrasse avec une pergola ou une v\u00e9randa.\" \/>\n<meta property=\"og:url\" content=\"https:\/\/www.verandair.com\/fr\/actualites\/\" \/>\n<meta property=\"og:site_name\" content=\"VERANDAIR\u00ae\" \/>\n<meta property=\"article:modified_time\" content=\"2026-02-27T09:01:42+00:00\" \/>\n<meta name=\"twitter:card\" content=\"summary_large_image\" \/>\n<meta name=\"twitter:label1\" content=\"Dur\u00e9e de lecture estim\u00e9e\" \/>\n\t<meta name=\"twitter:data1\" content=\"16 minutes\" \/>\n<script type=\"application\/ld+json\" class=\"yoast-schema-graph\">{\"@context\":\"https:\\\/\\\/schema.org\",\"@graph\":[{\"@type\":\"WebPage\",\"@id\":\"https:\\\/\\\/www.verandair.com\\\/fr\\\/actualites\\\/\",\"url\":\"https:\\\/\\\/www.verandair.com\\\/fr\\\/actualites\\\/\",\"name\":\"Magazine | VERANDAIR\u00ae\",\"isPartOf\":{\"@id\":\"https:\\\/\\\/www.verandair.com\\\/fr\\\/#website\"},\"datePublished\":\"2023-03-17T10:15:41+00:00\",\"dateModified\":\"2026-02-27T09:01:42+00:00\",\"description\":\"Conseils d\u00e9co, inspirations et tendances ext\u00e9rieur : suivez le magazine Verandair pour sublimer votre terrasse avec une pergola ou une v\u00e9randa.\",\"breadcrumb\":{\"@id\":\"https:\\\/\\\/www.verandair.com\\\/fr\\\/actualites\\\/#breadcrumb\"},\"inLanguage\":\"fr-FR\",\"potentialAction\":[{\"@type\":\"ReadAction\",\"target\":[\"https:\\\/\\\/www.verandair.com\\\/fr\\\/actualites\\\/\"]}]},{\"@type\":\"BreadcrumbList\",\"@id\":\"https:\\\/\\\/www.verandair.com\\\/fr\\\/actualites\\\/#breadcrumb\",\"itemListElement\":[{\"@type\":\"ListItem\",\"position\":1,\"name\":\"Accueil\",\"item\":{\"@type\":\"WebPage\",\"@id\":\"https:\\\/\\\/www.verandair.com\\\/fr\\\/\",\"name\":\"Accueil\"}},{\"@type\":\"ListItem\",\"position\":2,\"name\":\"Magazine\"}]},{\"@type\":\"WebSite\",\"@id\":\"https:\\\/\\\/www.verandair.com\\\/fr\\\/#website\",\"url\":\"https:\\\/\\\/www.verandair.com\\\/fr\\\/\",\"name\":\"VERANDAIR\u00ae\",\"description\":\"\",\"publisher\":{\"@id\":\"https:\\\/\\\/www.verandair.com\\\/fr\\\/#organization\"},\"potentialAction\":[{\"@type\":\"SearchAction\",\"target\":{\"@type\":\"EntryPoint\",\"urlTemplate\":\"https:\\\/\\\/www.verandair.com\\\/fr\\\/?s={search_term_string}\"},\"query-input\":{\"@type\":\"PropertyValueSpecification\",\"valueRequired\":true,\"valueName\":\"search_term_string\"}}],\"inLanguage\":\"fr-FR\"},{\"@type\":\"Organization\",\"@id\":\"https:\\\/\\\/www.verandair.com\\\/fr\\\/#organization\",\"name\":\"Verandair\",\"url\":\"https:\\\/\\\/www.verandair.com\\\/fr\\\/\",\"logo\":{\"@type\":\"ImageObject\",\"inLanguage\":\"fr-FR\",\"@id\":\"https:\\\/\\\/www.verandair.com\\\/fr\\\/#\\\/schema\\\/logo\\\/image\\\/\",\"url\":\"https:\\\/\\\/www.verandair.com\\\/wp-content\\\/uploads\\\/2024\\\/06\\\/VERANDAIR-logo.png\",\"contentUrl\":\"https:\\\/\\\/www.verandair.com\\\/wp-content\\\/uploads\\\/2024\\\/06\\\/VERANDAIR-logo.png\",\"width\":283,\"height\":127,\"caption\":\"Verandair\"},\"image\":{\"@id\":\"https:\\\/\\\/www.verandair.com\\\/fr\\\/#\\\/schema\\\/logo\\\/image\\\/\"}}]}<\/script>\n<!-- \/ Yoast SEO plugin. -->","yoast_head_json":{"title":"Magazine | VERANDAIR\u00ae","description":"Conseils d\u00e9co, inspirations et tendances ext\u00e9rieur : suivez le magazine Verandair pour sublimer votre terrasse avec une pergola ou une v\u00e9randa.","robots":{"index":"index","follow":"follow","max-snippet":"max-snippet:-1","max-image-preview":"max-image-preview:large","max-video-preview":"max-video-preview:-1"},"canonical":"https:\/\/www.verandair.com\/fr\/actualites\/","og_locale":"fr_FR","og_type":"article","og_title":"Magazine | VERANDAIR\u00ae","og_description":"Conseils d\u00e9co, inspirations et tendances ext\u00e9rieur : suivez le magazine Verandair pour sublimer votre terrasse avec une pergola ou une v\u00e9randa.","og_url":"https:\/\/www.verandair.com\/fr\/actualites\/","og_site_name":"VERANDAIR\u00ae","article_modified_time":"2026-02-27T09:01:42+00:00","twitter_card":"summary_large_image","twitter_misc":{"Dur\u00e9e de lecture estim\u00e9e":"16 minutes"},"schema":{"@context":"https:\/\/schema.org","@graph":[{"@type":"WebPage","@id":"https:\/\/www.verandair.com\/fr\/actualites\/","url":"https:\/\/www.verandair.com\/fr\/actualites\/","name":"Magazine | VERANDAIR\u00ae","isPartOf":{"@id":"https:\/\/www.verandair.com\/fr\/#website"},"datePublished":"2023-03-17T10:15:41+00:00","dateModified":"2026-02-27T09:01:42+00:00","description":"Conseils d\u00e9co, inspirations et tendances ext\u00e9rieur : suivez le magazine Verandair pour sublimer votre terrasse avec une pergola ou une v\u00e9randa.","breadcrumb":{"@id":"https:\/\/www.verandair.com\/fr\/actualites\/#breadcrumb"},"inLanguage":"fr-FR","potentialAction":[{"@type":"ReadAction","target":["https:\/\/www.verandair.com\/fr\/actualites\/"]}]},{"@type":"BreadcrumbList","@id":"https:\/\/www.verandair.com\/fr\/actualites\/#breadcrumb","itemListElement":[{"@type":"ListItem","position":1,"name":"Accueil","item":{"@type":"WebPage","@id":"https:\/\/www.verandair.com\/fr\/","name":"Accueil"}},{"@type":"ListItem","position":2,"name":"Magazine"}]},{"@type":"WebSite","@id":"https:\/\/www.verandair.com\/fr\/#website","url":"https:\/\/www.verandair.com\/fr\/","name":"VERANDAIR\u00ae","description":"","publisher":{"@id":"https:\/\/www.verandair.com\/fr\/#organization"},"potentialAction":[{"@type":"SearchAction","target":{"@type":"EntryPoint","urlTemplate":"https:\/\/www.verandair.com\/fr\/?s={search_term_string}"},"query-input":{"@type":"PropertyValueSpecification","valueRequired":true,"valueName":"search_term_string"}}],"inLanguage":"fr-FR"},{"@type":"Organization","@id":"https:\/\/www.verandair.com\/fr\/#organization","name":"Verandair","url":"https:\/\/www.verandair.com\/fr\/","logo":{"@type":"ImageObject","inLanguage":"fr-FR","@id":"https:\/\/www.verandair.com\/fr\/#\/schema\/logo\/image\/","url":"https:\/\/www.verandair.com\/wp-content\/uploads\/2024\/06\/VERANDAIR-logo.png","contentUrl":"https:\/\/www.verandair.com\/wp-content\/uploads\/2024\/06\/VERANDAIR-logo.png","width":283,"height":127,"caption":"Verandair"},"image":{"@id":"https:\/\/www.verandair.com\/fr\/#\/schema\/logo\/image\/"}}]}},"_links":{"self":[{"href":"https:\/\/www.verandair.com\/fr\/wp-json\/wp\/v2\/pages\/380","targetHints":{"allow":["GET"]}}],"collection":[{"href":"https:\/\/www.verandair.com\/fr\/wp-json\/wp\/v2\/pages"}],"about":[{"href":"https:\/\/www.verandair.com\/fr\/wp-json\/wp\/v2\/types\/page"}],"author":[{"embeddable":true,"href":"https:\/\/www.verandair.com\/fr\/wp-json\/wp\/v2\/users\/1"}],"replies":[{"embeddable":true,"href":"https:\/\/www.verandair.com\/fr\/wp-json\/wp\/v2\/comments?post=380"}],"version-history":[{"count":116,"href":"https:\/\/www.verandair.com\/fr\/wp-json\/wp\/v2\/pages\/380\/revisions"}],"predecessor-version":[{"id":74367,"href":"https:\/\/www.verandair.com\/fr\/wp-json\/wp\/v2\/pages\/380\/revisions\/74367"}],"wp:attachment":[{"href":"https:\/\/www.verandair.com\/fr\/wp-json\/wp\/v2\/media?parent=380"}],"curies":[{"name":"wp","href":"https:\/\/api.w.org\/{rel}","templated":true}]}}