{"id":41,"date":"2022-08-19T14:10:33","date_gmt":"2022-08-19T12:10:33","guid":{"rendered":"https:\/\/base.poush-dev.be\/?page_id=41"},"modified":"2024-03-19T08:51:59","modified_gmt":"2024-03-19T07:51:59","slug":"mentions-legales","status":"publish","type":"page","link":"https:\/\/www.verandair.com\/fr\/mentions-legales\/","title":{"rendered":"Mentions l\u00e9gales"},"content":{"rendered":"<p>[et_pb_section fb_built=&#8221;1&#8243; _builder_version=&#8221;4.23.4&#8243; _module_preset=&#8221;default&#8221; global_colors_info=&#8221;{}&#8221;][et_pb_row _builder_version=&#8221;4.23.4&#8243; _module_preset=&#8221;default&#8221; global_colors_info=&#8221;{}&#8221;][et_pb_column type=&#8221;4_4&#8243; _builder_version=&#8221;4.23.4&#8243; _module_preset=&#8221;default&#8221; global_colors_info=&#8221;{}&#8221;][et_pb_text _builder_version=&#8221;4.24.2&#8243; _module_preset=&#8221;default&#8221; hover_enabled=&#8221;0&#8243; global_colors_info=&#8221;{}&#8221; text_orientation=&#8221;center&#8221; sticky_enabled=&#8221;0&#8243;]<\/p>\n<h1>Les mentions l\u00e9gales<\/h1>\n<h3><strong>Ce site est \u00e9dit\u00e9 par : POOL COVER S.A.<\/strong><\/h3>\n<p>Num\u00e9ro d\u2019entreprise : 0441.314.861<br \/>\nDirecteur de la publication : Rudy LANGE, Administrateur d\u00e9l\u00e9gu\u00e9<\/p>\n<p>Si\u00e8ge de la soci\u00e9t\u00e9 m\u00e8re :<br \/>\nRue V\u00e9roffe, 12 \u2013 5660 Mariembourg (Couvin) \u2013 Belgique<\/p>\n<p>T\u00e9l\u00e9phone : 060 41 23 91<br \/>\nT\u00e9l\u00e9copie : 060 41 23 93<br \/>\nCourriel : poolcover@poolcover.net<\/p>\n<h3><strong>Informations nominatives diffus\u00e9es sur le site :<\/strong><\/h3>\n<p>Une information a \u00e9t\u00e9 faite et une autorisation a \u00e9t\u00e9 sollicit\u00e9e aupr\u00e8s de toutes les personnes dont des informations nominatives sont diffus\u00e9es sur le site.<\/p>\n<h3><strong>Informations nominatives collect\u00e9es sur le site :<\/strong><\/h3>\n<ul>\n<li>Par \u00ab courriel \u00bb : Toutes les donn\u00e9es collect\u00e9es par courriel sont \u00e0 l\u2019usage strict de la soci\u00e9t\u00e9 POOL COVER.<\/li>\n<li>Par \u00ab formulaire \u00bb : Seuls les champs avec une* sont obligatoires. Toutes les donn\u00e9es collect\u00e9es dans le formulaire sont \u00e0 l\u2019usage strict de la soci\u00e9t\u00e9 POOL COVER.<\/li>\n<\/ul>\n<p>Vous disposez d\u2019un droit d\u2019acc\u00e8s, de modification, de rectification et de suppression de ces donn\u00e9es ult\u00e9rieurement et \u00e0 tout moment. Contactez-nous : poolcover@poolcover.net<\/p>\n<h3><strong>Droits d\u2019auteur \u2013 Copyright\u00a9 :<\/strong><\/h3>\n<p>L\u2019ensemble de ce site rel\u00e8ve de la l\u00e9gislation belge et internationale sur le droit d\u2019auteur et la propri\u00e9t\u00e9 intellectuelle. Tous droits de reproduction sont r\u00e9serv\u00e9s (documents t\u00e9l\u00e9chargeables, images, photographies\u2026).<\/p>\n<p>Les logos et la marque du mot POOL COVER\u00ae sont d\u00e9pos\u00e9s. Toute utilisation de ces marques par les soci\u00e9t\u00e9s POOL COVER sa et MULTIDOME sarl est accord\u00e9e sous licence exclusive. Les autres marques et appellations commerciales sont la propri\u00e9t\u00e9 de leurs d\u00e9tenteurs respectifs.<br \/>\nToute reproduction de tout ou partie de ce site sur un support \u00e9lectronique, quel qu\u2019il soit est strictement interdite sauf autorisation expresse du directeur de la publication.<\/p>\n<p>La reproduction des textes de ce site sur support papier est autoris\u00e9e, sous r\u00e9serve de la gratuit\u00e9 de la diffusion, du respect de l\u2019int\u00e9gralit\u00e9 des documents reproduits et de l\u2019information de la source sous la forme suivante : \u00ab Ce document provient du site www.poolcover.net. Les droits de reproduction sont r\u00e9serv\u00e9s et strictement limit\u00e9s \u00bb.[\/et_pb_text][\/et_pb_column][\/et_pb_row][\/et_pb_section]<\/p>\n","protected":false},"excerpt":{"rendered":"<p>Les mentions l\u00e9gales Ce site est \u00e9dit\u00e9 par : POOL COVER S.A. Num\u00e9ro d\u2019entreprise : 0441.314.861 Directeur de la publication : Rudy LANGE, Administrateur d\u00e9l\u00e9gu\u00e9 Si\u00e8ge de la soci\u00e9t\u00e9 m\u00e8re : Rue V\u00e9roffe, 12 \u2013 5660 Mariembourg (Couvin) \u2013 Belgique T\u00e9l\u00e9phone : 060 41 23 91 T\u00e9l\u00e9copie : 060 41 23 93 Courriel : poolcover@poolcover.net Informations nominatives diffus\u00e9es sur le site : Une information a \u00e9t\u00e9 faite et une autorisation a \u00e9t\u00e9 sollicit\u00e9e aupr\u00e8s de toutes les personnes dont des informations nominatives sont diffus\u00e9es sur le site. Informations nominatives collect\u00e9es sur le site : Par \u00ab courriel \u00bb : Toutes les donn\u00e9es collect\u00e9es par courriel sont \u00e0 l\u2019usage strict de la soci\u00e9t\u00e9 POOL COVER. Par \u00ab formulaire \u00bb : Seuls les champs avec une* sont obligatoires. Toutes les donn\u00e9es collect\u00e9es dans le formulaire sont \u00e0 l\u2019usage strict de la soci\u00e9t\u00e9 POOL COVER. Vous disposez d\u2019un droit d\u2019acc\u00e8s, de modification, de rectification et de suppression de ces donn\u00e9es ult\u00e9rieurement et \u00e0 tout moment. Contactez-nous : poolcover@poolcover.net Droits d\u2019auteur \u2013 Copyright\u00a9 : L\u2019ensemble de ce site rel\u00e8ve de la l\u00e9gislation belge et internationale sur le droit d\u2019auteur et la propri\u00e9t\u00e9 intellectuelle. Tous droits de reproduction sont r\u00e9serv\u00e9s (documents t\u00e9l\u00e9chargeables, images, photographies\u2026). Les [&hellip;]<\/p>\n","protected":false},"author":1,"featured_media":0,"parent":0,"menu_order":1000,"comment_status":"closed","ping_status":"closed","template":"","meta":{"_acf_changed":false,"_et_pb_use_builder":"on","_et_pb_old_content":"","_et_gb_content_width":"","inline_featured_image":false,"footnotes":""},"class_list":["post-41","page","type-page","status-publish","hentry"],"acf":[],"yoast_head":"<!-- This site is optimized with the Yoast SEO plugin v27.4 - https:\/\/yoast.com\/product\/yoast-seo-wordpress\/ -->\n<title>Mentions l\u00e9gales | VERANDAIR\u00ae<\/title>\n<meta name=\"description\" content=\"Retrouvez les mentions l\u00e9gales du site Verandair.com : \u00e9diteur, h\u00e9bergeur et informations l\u00e9gales de la soci\u00e9t\u00e9.\" \/>\n<meta name=\"robots\" content=\"index, follow, max-snippet:-1, max-image-preview:large, max-video-preview:-1\" \/>\n<link rel=\"canonical\" href=\"https:\/\/www.verandair.com\/fr\/mentions-legales\/\" \/>\n<meta property=\"og:locale\" content=\"fr_FR\" \/>\n<meta property=\"og:type\" content=\"article\" \/>\n<meta property=\"og:title\" content=\"Mentions l\u00e9gales | VERANDAIR\u00ae\" \/>\n<meta property=\"og:description\" content=\"Retrouvez les mentions l\u00e9gales du site Verandair.com : \u00e9diteur, h\u00e9bergeur et informations l\u00e9gales de la soci\u00e9t\u00e9.\" \/>\n<meta property=\"og:url\" content=\"https:\/\/www.verandair.com\/fr\/mentions-legales\/\" \/>\n<meta property=\"og:site_name\" content=\"VERANDAIR\u00ae\" \/>\n<meta property=\"article:modified_time\" content=\"2024-03-19T07:51:59+00:00\" \/>\n<meta name=\"twitter:card\" content=\"summary_large_image\" \/>\n<script type=\"application\/ld+json\" class=\"yoast-schema-graph\">{\"@context\":\"https:\\\/\\\/schema.org\",\"@graph\":[{\"@type\":\"WebPage\",\"@id\":\"https:\\\/\\\/www.verandair.com\\\/fr\\\/mentions-legales\\\/\",\"url\":\"https:\\\/\\\/www.verandair.com\\\/fr\\\/mentions-legales\\\/\",\"name\":\"Mentions l\u00e9gales | VERANDAIR\u00ae\",\"isPartOf\":{\"@id\":\"https:\\\/\\\/www.verandair.com\\\/fr\\\/#website\"},\"datePublished\":\"2022-08-19T12:10:33+00:00\",\"dateModified\":\"2024-03-19T07:51:59+00:00\",\"description\":\"Retrouvez les mentions l\u00e9gales du site Verandair.com : \u00e9diteur, h\u00e9bergeur et informations l\u00e9gales de la soci\u00e9t\u00e9.\",\"breadcrumb\":{\"@id\":\"https:\\\/\\\/www.verandair.com\\\/fr\\\/mentions-legales\\\/#breadcrumb\"},\"inLanguage\":\"fr-FR\",\"potentialAction\":[{\"@type\":\"ReadAction\",\"target\":[\"https:\\\/\\\/www.verandair.com\\\/fr\\\/mentions-legales\\\/\"]}]},{\"@type\":\"BreadcrumbList\",\"@id\":\"https:\\\/\\\/www.verandair.com\\\/fr\\\/mentions-legales\\\/#breadcrumb\",\"itemListElement\":[{\"@type\":\"ListItem\",\"position\":1,\"name\":\"Accueil\",\"item\":{\"@type\":\"WebPage\",\"@id\":\"https:\\\/\\\/www.verandair.com\\\/fr\\\/\",\"name\":\"Accueil\"}},{\"@type\":\"ListItem\",\"position\":2,\"name\":\"Mentions l\u00e9gales\"}]},{\"@type\":\"WebSite\",\"@id\":\"https:\\\/\\\/www.verandair.com\\\/fr\\\/#website\",\"url\":\"https:\\\/\\\/www.verandair.com\\\/fr\\\/\",\"name\":\"VERANDAIR\u00ae\",\"description\":\"\",\"publisher\":{\"@id\":\"https:\\\/\\\/www.verandair.com\\\/fr\\\/#organization\"},\"potentialAction\":[{\"@type\":\"SearchAction\",\"target\":{\"@type\":\"EntryPoint\",\"urlTemplate\":\"https:\\\/\\\/www.verandair.com\\\/fr\\\/?s={search_term_string}\"},\"query-input\":{\"@type\":\"PropertyValueSpecification\",\"valueRequired\":true,\"valueName\":\"search_term_string\"}}],\"inLanguage\":\"fr-FR\"},{\"@type\":\"Organization\",\"@id\":\"https:\\\/\\\/www.verandair.com\\\/fr\\\/#organization\",\"name\":\"Verandair\",\"url\":\"https:\\\/\\\/www.verandair.com\\\/fr\\\/\",\"logo\":{\"@type\":\"ImageObject\",\"inLanguage\":\"fr-FR\",\"@id\":\"https:\\\/\\\/www.verandair.com\\\/fr\\\/#\\\/schema\\\/logo\\\/image\\\/\",\"url\":\"https:\\\/\\\/www.verandair.com\\\/wp-content\\\/uploads\\\/2024\\\/06\\\/VERANDAIR-logo.png\",\"contentUrl\":\"https:\\\/\\\/www.verandair.com\\\/wp-content\\\/uploads\\\/2024\\\/06\\\/VERANDAIR-logo.png\",\"width\":283,\"height\":127,\"caption\":\"Verandair\"},\"image\":{\"@id\":\"https:\\\/\\\/www.verandair.com\\\/fr\\\/#\\\/schema\\\/logo\\\/image\\\/\"}}]}<\/script>\n<!-- \/ Yoast SEO plugin. -->","yoast_head_json":{"title":"Mentions l\u00e9gales | VERANDAIR\u00ae","description":"Retrouvez les mentions l\u00e9gales du site Verandair.com : \u00e9diteur, h\u00e9bergeur et informations l\u00e9gales de la soci\u00e9t\u00e9.","robots":{"index":"index","follow":"follow","max-snippet":"max-snippet:-1","max-image-preview":"max-image-preview:large","max-video-preview":"max-video-preview:-1"},"canonical":"https:\/\/www.verandair.com\/fr\/mentions-legales\/","og_locale":"fr_FR","og_type":"article","og_title":"Mentions l\u00e9gales | VERANDAIR\u00ae","og_description":"Retrouvez les mentions l\u00e9gales du site Verandair.com : \u00e9diteur, h\u00e9bergeur et informations l\u00e9gales de la soci\u00e9t\u00e9.","og_url":"https:\/\/www.verandair.com\/fr\/mentions-legales\/","og_site_name":"VERANDAIR\u00ae","article_modified_time":"2024-03-19T07:51:59+00:00","twitter_card":"summary_large_image","schema":{"@context":"https:\/\/schema.org","@graph":[{"@type":"WebPage","@id":"https:\/\/www.verandair.com\/fr\/mentions-legales\/","url":"https:\/\/www.verandair.com\/fr\/mentions-legales\/","name":"Mentions l\u00e9gales | VERANDAIR\u00ae","isPartOf":{"@id":"https:\/\/www.verandair.com\/fr\/#website"},"datePublished":"2022-08-19T12:10:33+00:00","dateModified":"2024-03-19T07:51:59+00:00","description":"Retrouvez les mentions l\u00e9gales du site Verandair.com : \u00e9diteur, h\u00e9bergeur et informations l\u00e9gales de la soci\u00e9t\u00e9.","breadcrumb":{"@id":"https:\/\/www.verandair.com\/fr\/mentions-legales\/#breadcrumb"},"inLanguage":"fr-FR","potentialAction":[{"@type":"ReadAction","target":["https:\/\/www.verandair.com\/fr\/mentions-legales\/"]}]},{"@type":"BreadcrumbList","@id":"https:\/\/www.verandair.com\/fr\/mentions-legales\/#breadcrumb","itemListElement":[{"@type":"ListItem","position":1,"name":"Accueil","item":{"@type":"WebPage","@id":"https:\/\/www.verandair.com\/fr\/","name":"Accueil"}},{"@type":"ListItem","position":2,"name":"Mentions l\u00e9gales"}]},{"@type":"WebSite","@id":"https:\/\/www.verandair.com\/fr\/#website","url":"https:\/\/www.verandair.com\/fr\/","name":"VERANDAIR\u00ae","description":"","publisher":{"@id":"https:\/\/www.verandair.com\/fr\/#organization"},"potentialAction":[{"@type":"SearchAction","target":{"@type":"EntryPoint","urlTemplate":"https:\/\/www.verandair.com\/fr\/?s={search_term_string}"},"query-input":{"@type":"PropertyValueSpecification","valueRequired":true,"valueName":"search_term_string"}}],"inLanguage":"fr-FR"},{"@type":"Organization","@id":"https:\/\/www.verandair.com\/fr\/#organization","name":"Verandair","url":"https:\/\/www.verandair.com\/fr\/","logo":{"@type":"ImageObject","inLanguage":"fr-FR","@id":"https:\/\/www.verandair.com\/fr\/#\/schema\/logo\/image\/","url":"https:\/\/www.verandair.com\/wp-content\/uploads\/2024\/06\/VERANDAIR-logo.png","contentUrl":"https:\/\/www.verandair.com\/wp-content\/uploads\/2024\/06\/VERANDAIR-logo.png","width":283,"height":127,"caption":"Verandair"},"image":{"@id":"https:\/\/www.verandair.com\/fr\/#\/schema\/logo\/image\/"}}]}},"_links":{"self":[{"href":"https:\/\/www.verandair.com\/fr\/wp-json\/wp\/v2\/pages\/41","targetHints":{"allow":["GET"]}}],"collection":[{"href":"https:\/\/www.verandair.com\/fr\/wp-json\/wp\/v2\/pages"}],"about":[{"href":"https:\/\/www.verandair.com\/fr\/wp-json\/wp\/v2\/types\/page"}],"author":[{"embeddable":true,"href":"https:\/\/www.verandair.com\/fr\/wp-json\/wp\/v2\/users\/1"}],"replies":[{"embeddable":true,"href":"https:\/\/www.verandair.com\/fr\/wp-json\/wp\/v2\/comments?post=41"}],"version-history":[{"count":4,"href":"https:\/\/www.verandair.com\/fr\/wp-json\/wp\/v2\/pages\/41\/revisions"}],"predecessor-version":[{"id":60253,"href":"https:\/\/www.verandair.com\/fr\/wp-json\/wp\/v2\/pages\/41\/revisions\/60253"}],"wp:attachment":[{"href":"https:\/\/www.verandair.com\/fr\/wp-json\/wp\/v2\/media?parent=41"}],"curies":[{"name":"wp","href":"https:\/\/api.w.org\/{rel}","templated":true}]}}