{"id":57674,"date":"2024-02-28T11:40:04","date_gmt":"2024-02-28T10:40:04","guid":{"rendered":"https:\/\/verandair-pro.poush-dev.be\/?page_id=57674"},"modified":"2026-02-27T10:41:35","modified_gmt":"2026-02-27T09:41:35","slug":"a-propos-professionnels","status":"publish","type":"page","link":"https:\/\/www.verandair.com\/fr\/a-propos-professionnels\/","title":{"rendered":"A propos professionnels"},"content":{"rendered":"<p>[et_pb_section fb_built=&#8221;1&#8243; custom_padding_last_edited=&#8221;on|desktop&#8221; module_id=&#8221;qui-sommes-nous&#8221; _builder_version=&#8221;4.24.2&#8243; _module_preset=&#8221;be864cd5-feec-4f0f-ad65-e2bc90253279&#8243; custom_padding=&#8221;||0px||false|false&#8221; custom_padding_tablet=&#8221;||0px||false|false&#8221; custom_padding_phone=&#8221;||0px||false|false&#8221; locked=&#8221;off&#8221; global_colors_info=&#8221;{}&#8221;][et_pb_row _builder_version=&#8221;4.24.1&#8243; _module_preset=&#8221;default&#8221; max_width=&#8221;950px&#8221; global_colors_info=&#8221;{}&#8221;][et_pb_column type=&#8221;4_4&#8243; _builder_version=&#8221;4.23.4&#8243; _module_preset=&#8221;default&#8221; global_colors_info=&#8221;{}&#8221;][dsm_breadcrumbs home_text=&#8221; &#8221; home_icon=&#8221;&#xe009;||divi||400&#8243; _builder_version=&#8221;4.24.0&#8243; _module_preset=&#8221;default&#8221; global_colors_info=&#8221;{}&#8221;][\/dsm_breadcrumbs][et_pb_text _builder_version=&#8221;4.24.2&#8243; _module_preset=&#8221;5298e62e-f7ac-4dd9-b361-006fc4da68de&#8221; text_orientation=&#8221;center&#8221; custom_margin=&#8221;||30px||false|false&#8221; global_colors_info=&#8221;{}&#8221;]<\/p>\n<h1>\u00c0 propos de <b style=\"font-weight: 400;\">VERANDAIR\u00ae<\/b><\/h1>\n<p>[\/et_pb_text][et_pb_divider show_divider=&#8221;off&#8221; _builder_version=&#8221;4.23.4&#8243; _module_preset=&#8221;2adabd0f-cb12-404f-9aa7-a3088280e564&#8243; module_alignment=&#8221;center&#8221; global_colors_info=&#8221;{}&#8221;][\/et_pb_divider][et_pb_text _builder_version=&#8221;4.24.2&#8243; _module_preset=&#8221;5298e62e-f7ac-4dd9-b361-006fc4da68de&#8221; text_orientation=&#8221;center&#8221; custom_margin=&#8221;||50px||false|false&#8221; global_colors_info=&#8221;{}&#8221;]<\/p>\n<p class=\"p1\"><b>VERANDAIR\u00ae <\/b>est un <b>leader wallon <\/b>dans la <b>conception<\/b> et la <b>fabrication<\/b> sur mesure de <b>pergolas et abris de terrasse<\/b> de haute qualit\u00e9. Fond\u00e9e en 1990, notre PME est situ\u00e9e dans le Parc d\u2019activit\u00e9 \u00e9conomique de Mariebourg pr\u00e8s de Couvin en Belgique.<\/p>\n<p>[\/et_pb_text][\/et_pb_column][\/et_pb_row][et_pb_row _builder_version=&#8221;4.24.2&#8243; _module_preset=&#8221;default&#8221; use_background_color_gradient=&#8221;on&#8221; background_color_gradient_stops=&#8221;rgba(255,255,255,0) 0%|rgba(255,255,255,0) 70%|gcid-a78bba3e-9a00-4c62-8b29-47f3d6c30097 70%&#8221; width=&#8221;100%&#8221; max_width=&#8221;100%&#8221; custom_padding=&#8221;||0px||false|false&#8221; global_colors_info=&#8221;{%22gcid-1aea1de7-1b27-4917-8f9a-23facce39526%22:%91%22background_color_gradient_stops%22%93,%22gcid-a78bba3e-9a00-4c62-8b29-47f3d6c30097%22:%91%22background_color_gradient_stops%22%93}&#8221;][et_pb_column type=&#8221;4_4&#8243; _builder_version=&#8221;4.24.2&#8243; _module_preset=&#8221;default&#8221; global_colors_info=&#8221;{}&#8221;][dsm_image_carousel gallery_ids=&#8221;1567,2127,1592,1829,1805,1820,1844&#8243; sizes=&#8221;et-pb-post-main-image-fullwidth&#8221; lazyload=&#8221;on&#8221; speed=&#8221;30000&#8243; autoplay_speed=&#8221;0&#8243; autoplay_viewport=&#8221;90%&#8221; arrows=&#8221;off&#8221; dots=&#8221;off&#8221; show_lightbox=&#8221;on&#8221; show_lightbox_gallery=&#8221;on&#8221; slide_to_show_tablet=&#8221;3&#8243; slide_to_show_phone=&#8221;2&#8243; slide_to_show_last_edited=&#8221;on|desktop&#8221; _builder_version=&#8221;4.27.5&#8243; _module_preset=&#8221;default&#8221; custom_margin=&#8221;0px||0px||false|false&#8221; custom_padding=&#8221;0px||0px||false|false&#8221; hover_enabled=&#8221;0&#8243; custom_css_main_element=&#8221;margin-bottom: 5px !important;&#8221; custom_css_free_form=&#8221;selcetor .swiper-container {||  overflow: visible;||}&#8221; global_colors_info=&#8221;{}&#8221; sticky_enabled=&#8221;0&#8243;][\/dsm_image_carousel][dsm_image_carousel gallery_ids=&#8221;1853,1837,1830,1813,1810,1835,1821&#8243; sizes=&#8221;et-pb-post-main-image-fullwidth&#8221; lazyload=&#8221;on&#8221; slider_direction=&#8221;rtl&#8221; speed=&#8221;30000&#8243; autoplay_speed=&#8221;0&#8243; autoplay_viewport=&#8221;90%&#8221; arrows=&#8221;off&#8221; dots=&#8221;off&#8221; show_lightbox=&#8221;on&#8221; show_lightbox_gallery=&#8221;on&#8221; slide_to_show_tablet=&#8221;3&#8243; slide_to_show_phone=&#8221;2&#8243; slide_to_show_last_edited=&#8221;on|desktop&#8221; _builder_version=&#8221;4.27.5&#8243; _module_preset=&#8221;default&#8221; custom_margin=&#8221;0px||0px||false|false&#8221; custom_padding=&#8221;0px||0px||false|false&#8221; hover_enabled=&#8221;0&#8243; custom_css_free_form=&#8221;selcetor .swiper-container {||  overflow: visible;||}&#8221; global_colors_info=&#8221;{}&#8221; sticky_enabled=&#8221;0&#8243;][\/dsm_image_carousel][\/et_pb_column][\/et_pb_row][\/et_pb_section][et_pb_section fb_built=&#8221;1&#8243; _builder_version=&#8221;4.24.2&#8243; _module_preset=&#8221;default&#8221; background_color=&#8221;gcid-a78bba3e-9a00-4c62-8b29-47f3d6c30097&#8243; background_image=&#8221;https:\/\/www.verandair.com\/wp-content\/uploads\/2024\/01\/fond-02.jpg&#8221; background_size=&#8221;custom&#8221; background_image_width=&#8221;100%&#8221; background_position=&#8221;bottom_left&#8221; background_blend=&#8221;color-burn&#8221; z_index=&#8221;10&#8243; global_colors_info=&#8221;{%22gcid-a78bba3e-9a00-4c62-8b29-47f3d6c30097%22:%91%22background_color%22%93}&#8221;][et_pb_row _builder_version=&#8221;4.24.2&#8243; _module_preset=&#8221;default&#8221; max_width=&#8221;550px&#8221; global_colors_info=&#8221;{}&#8221;][et_pb_column type=&#8221;4_4&#8243; _builder_version=&#8221;4.24.2&#8243; _module_preset=&#8221;default&#8221; global_colors_info=&#8221;{}&#8221;][et_pb_text _builder_version=&#8221;4.24.2&#8243; _module_preset=&#8221;default&#8221; text_font=&#8221;|||on|||||&#8221; text_text_color=&#8221;gcid-5c4546d4-de02-4649-8683-d4192d8e1655&#8243; text_font_size=&#8221;16px&#8221; text_orientation=&#8221;center&#8221; animation_style=&#8221;slide&#8221; animation_direction=&#8221;bottom&#8221; animation_delay=&#8221;100ms&#8221; global_colors_info=&#8221;{%22gcid-5c4546d4-de02-4649-8683-d4192d8e1655%22:%91%22text_text_color%22%93}&#8221;]<span>Notre exp\u00e9rience<\/span>[\/et_pb_text][et_pb_text _builder_version=&#8221;4.24.2&#8243; _module_preset=&#8221;default&#8221; text_font=&#8221;||||||||&#8221; text_text_color=&#8221;gcid-5c4546d4-de02-4649-8683-d4192d8e1655&#8243; text_orientation=&#8221;center&#8221; background_layout=&#8221;dark&#8221; animation_style=&#8221;slide&#8221; animation_direction=&#8221;bottom&#8221; animation_delay=&#8221;100ms&#8221; global_colors_info=&#8221;{%22gcid-5c4546d4-de02-4649-8683-d4192d8e1655%22:%91%22text_text_color%22%93}&#8221;]<\/p>\n<h2>Plus de <strong>35 ann\u00e9es d\u2019exp\u00e9rience<\/strong> et de savoir-faire<\/h2>\n<p>[\/et_pb_text][et_pb_divider show_divider=&#8221;off&#8221; _builder_version=&#8221;4.23.4&#8243; _module_preset=&#8221;2adabd0f-cb12-404f-9aa7-a3088280e564&#8243; module_alignment=&#8221;center&#8221; locked=&#8221;off&#8221; global_colors_info=&#8221;{}&#8221;][\/et_pb_divider][et_pb_text _builder_version=&#8221;4.24.2&#8243; _module_preset=&#8221;5298e62e-f7ac-4dd9-b361-006fc4da68de&#8221; text_orientation=&#8221;center&#8221; background_layout=&#8221;dark&#8221; custom_margin=&#8221;||50px||false|false&#8221; locked=&#8221;off&#8221; global_colors_info=&#8221;{}&#8221;]<\/p>\n<p class=\"p1\">VERANDAIR\u00ae, c\u2019est <b>35 ann\u00e9es d\u2019exp\u00e9rience<\/b>, <b>d\u2019\u00e9volution<\/b>, d\u2019<b>essais-erreurs<\/b> et de <b>r\u00e9flexion<\/b> qui ont men\u00e9 aux produits de qualit\u00e9 que nous sommes en mesure de vous proposer aujourd&#8217;hui.<\/p>\n<p>[\/et_pb_text][\/et_pb_column][\/et_pb_row][et_pb_row _builder_version=&#8221;4.24.2&#8243; _module_preset=&#8221;default&#8221; custom_padding=&#8221;||50px||false|false&#8221; global_colors_info=&#8221;{}&#8221;][et_pb_column type=&#8221;4_4&#8243; _builder_version=&#8221;4.24.2&#8243; _module_preset=&#8221;default&#8221; global_colors_info=&#8221;{}&#8221;][dsm_content_timeline dsm_card_arrow=&#8221;on&#8221; dsm_tree_animation=&#8221;on&#8221; dsm_bg_color=&#8221;RGBA(255,255,255,0)&#8221; dsm_pointer_bg_color=&#8221;RGBA(255,255,255,0)&#8221; dsm_pointer_active_bg_color=&#8221;RGBA(255,255,255,0)&#8221; dsm_pointer_icon_color=&#8221;gcid-9242d60f-82ef-45d6-94a5-044066235b62&#8243; dsm_pointer_active_icon_color=&#8221;#058D9C&#8221; dsm_tree_width=&#8221;2px&#8221; dsm_opposite_bg_color=&#8221;RGBA(255,255,255,0)&#8221; dsm_card_margin=&#8221;||0px||false|false&#8221; _builder_version=&#8221;4.24.2&#8243; _module_preset=&#8221;default&#8221; header_text_color=&#8221;#FFFFFF&#8221; content_text_color=&#8221;#FFFFFF&#8221; background_color=&#8221;RGBA(255,255,255,0)&#8221; custom_padding_tablet=&#8221;15px|15px|15px|15px|true|true&#8221; custom_padding_phone=&#8221;15px|15px|15px|15px|true|true&#8221; custom_padding_last_edited=&#8221;on|desktop&#8221; animation_style=&#8221;slide&#8221; animation_direction=&#8221;bottom&#8221; animation_duration=&#8221;1500ms&#8221; header_font_size_tablet=&#8221;28px&#8221; header_font_size_phone=&#8221;30px&#8221; header_font_size_last_edited=&#8221;on|desktop&#8221; content_font_size_tablet=&#8221;16px&#8221; content_font_size_phone=&#8221;16px&#8221; content_font_size_last_edited=&#8221;on|desktop&#8221; custom_css_free_form=&#8221;selector .dsm-content-timeline-item-wrapper .dsm-content-timeline-content-wrapper {||  top: -55px!important;||}||||selector .dsm-pointer-wrapper::after {||  content:%22%22;||  display: block;||  width: 50px;||  height: 2px;||  background: #53656D;||  position: absolute;||  top: 0;||  left: 10px;||}||||@media screen and (min-width: 768px) {||  selector .dsm-content-timeline-item-wrapper:nth-child(odd) .dsm-pointer-wrapper::after {||    right: 10px;||    left: initial;||  }||}||||selector .dsm-pointer-active .dsm-pointer-wrapper::after {||  background: #058D9C;||}&#8221; global_colors_info=&#8221;{%22gcid-02eea4c1-992a-4bff-aee2-539b98054199%22:%91%22dsm_icon_color%22,%22header_text_color%22,%22dsm_tree_active_bg_color%22,%22dsm_icon_color%22,%22dsm_tree_active_bg_color%22,%22dsm_icon_color%22,%22dsm_tree_active_bg_color%22%93,%22gcid-9242d60f-82ef-45d6-94a5-044066235b62%22:%91%22dsm_pointer_icon_color%22%93}&#8221;][dsm_content_timeline_child dsm_use_icon_image=&#8221;off&#8221; dsm_title=&#8221;1990&#8243; dsm_content=&#8221;<\/p>\n<p>Fondation de<b> POOL COVER <\/b>par Michel Lange<\/p>\n<p>&#8221; _builder_version=&#8221;4.24.2&#8243; _module_preset=&#8221;default&#8221; opposite_text_line_height=&#8221;0em&#8221; global_colors_info=&#8221;{}&#8221; parent_header_level=&#8221;h3&#8243;][\/dsm_content_timeline_child][dsm_content_timeline_child dsm_use_icon_image=&#8221;off&#8221; dsm_title=&#8221;2010&#8243; dsm_content=&#8221;Refonte compl\u00e8te de la <b>gamme<br \/>\n<\/b>Am\u00e9lioration des <b>composants<\/b> et <b>mat\u00e9riaux<br \/>\n<\/b>Engagement d\u2019<b>ouvriers hautement qualifi\u00e9s<br \/>\n<\/b>Nouveau produit : <b>abris de terrasse r\u00e9tractables<\/b>&#8221; _builder_version=&#8221;4.24.2&#8243; _module_preset=&#8221;default&#8221; opposite_text_line_height=&#8221;0em&#8221; global_colors_info=&#8221;{}&#8221; parent_header_level=&#8221;h3&#8243;][\/dsm_content_timeline_child][dsm_content_timeline_child dsm_use_icon_image=&#8221;off&#8221; dsm_title=&#8221;2016&#8243; dsm_content=&#8221;<\/p>\n<p class=%22p1%22>Les <b>abris de terrasse <\/b>deviennent notre produit phare<\/p>\n<p>&#8221; _builder_version=&#8221;4.24.2&#8243; _module_preset=&#8221;default&#8221; opposite_text_line_height=&#8221;0em&#8221; global_colors_info=&#8221;{}&#8221; parent_header_level=&#8221;h3&#8243;][\/dsm_content_timeline_child][dsm_content_timeline_child dsm_use_icon_image=&#8221;off&#8221; dsm_title=&#8221;2019&#8243; dsm_content=&#8221;<\/p>\n<p>Changement du nom de la soci\u00e9t\u00e9 pour <b>VERANDAIR\u00ae<br \/><\/b><b><\/b>Sp\u00e9cialisation dans les <b>pergolas<\/b>,<b>\u00a0carport, pool house<\/b><\/p>\n<p>&#8221; _builder_version=&#8221;4.24.2&#8243; _module_preset=&#8221;default&#8221; opposite_text_line_height=&#8221;0em&#8221; global_colors_info=&#8221;{}&#8221; parent_header_level=&#8221;h3&#8243;][\/dsm_content_timeline_child][dsm_content_timeline_child dsm_use_icon_image=&#8221;off&#8221; dsm_title=&#8221;2023&#8243; dsm_content=&#8221;Lancement de <b>VERTU\u00ae<\/b> pour les pergolas en kit<br \/>\nUn pas de plus vers <b>l\u2019innovation et la qualit\u00e9<\/b>&#8221; _builder_version=&#8221;4.24.2&#8243; _module_preset=&#8221;default&#8221; opposite_text_line_height=&#8221;0em&#8221; global_colors_info=&#8221;{}&#8221; parent_header_level=&#8221;h3&#8243;][\/dsm_content_timeline_child][dsm_content_timeline_child dsm_use_icon_image=&#8221;off&#8221; dsm_title=&#8221;Futurs projets&#8221; _builder_version=&#8221;4.24.2&#8243; _module_preset=&#8221;default&#8221; opposite_text_line_height=&#8221;0em&#8221; global_colors_info=&#8221;{}&#8221; parent_header_level=&#8221;h3&#8243;][\/dsm_content_timeline_child][\/dsm_content_timeline][\/et_pb_column][\/et_pb_row][\/et_pb_section][et_pb_section fb_built=&#8221;1&#8243; module_id=&#8221;engagements&#8221; _builder_version=&#8221;4.24.2&#8243; _module_preset=&#8221;default&#8221; background_image=&#8221;https:\/\/www.verandair.com\/wp-content\/uploads\/2024\/01\/VERANDAIR-icon-outline.svg&#8221; background_size=&#8221;custom&#8221; background_image_width=&#8221;50%&#8221; background_position=&#8221;bottom_right&#8221; overflow-x=&#8221;visible&#8221; overflow-y=&#8221;visible&#8221; custom_padding=&#8221;0px||||false|false&#8221; global_colors_info=&#8221;{}&#8221;][et_pb_row column_structure=&#8221;1_2,1_2&#8243; _builder_version=&#8221;4.24.2&#8243; _module_preset=&#8221;default&#8221; z_index=&#8221;10&#8243; custom_margin=&#8221;-80px||||false|false&#8221; global_colors_info=&#8221;{}&#8221;][et_pb_column type=&#8221;1_2&#8243; _builder_version=&#8221;4.24.2&#8243; _module_preset=&#8221;default&#8221; custom_padding=&#8221;150px||||false|false&#8221; custom_padding_tablet=&#8221;150px||||false|false&#8221; custom_padding_phone=&#8221;150px||||false|false&#8221; custom_padding_last_edited=&#8221;on|desktop&#8221; global_colors_info=&#8221;{}&#8221;][et_pb_text _builder_version=&#8221;4.24.2&#8243; _module_preset=&#8221;default&#8221; text_font=&#8221;||||||||&#8221; text_text_color=&#8221;gcid-5c4546d4-de02-4649-8683-d4192d8e1655&#8243; animation_style=&#8221;slide&#8221; animation_direction=&#8221;bottom&#8221; animation_delay=&#8221;100ms&#8221; locked=&#8221;off&#8221; global_colors_info=&#8221;{%22gcid-5c4546d4-de02-4649-8683-d4192d8e1655%22:%91%22text_text_color%22%93}&#8221;]<\/p>\n<h2>Une ma\u00eetrise totale de la <strong>production de nos pergolas<\/strong><\/h2>\n<p>[\/et_pb_text][et_pb_divider show_divider=&#8221;off&#8221; _builder_version=&#8221;4.24.0&#8243; _module_preset=&#8221;2adabd0f-cb12-404f-9aa7-a3088280e564&#8243; locked=&#8221;off&#8221; global_colors_info=&#8221;{}&#8221;][\/et_pb_divider][et_pb_text _builder_version=&#8221;4.24.2&#8243; _module_preset=&#8221;default&#8221; custom_margin=&#8221;||50px||false|false&#8221; locked=&#8221;off&#8221; global_colors_info=&#8221;{}&#8221;]<\/p>\n<p class=\"p1\">Chez VERANDAIR\u00ae, nous ma\u00eetrisons nos produits. En effet, nous sommes pr\u00e9sents \u00e0 chaque \u00e9tape de la <b>cha\u00eene de production<\/b> de nos pergolas.<\/p>\n<p class=\"p1\">Cette ma\u00eetrise totale de la production de nos pergolas nous permet de vous proposer des <b>produits uniques<\/b>, de <b>haute qualit\u00e9<\/b>, que nous savons <b>fiables<\/b>, <b>robustes<\/b> et <b>bien pens\u00e9s<\/b>.<\/p>\n<p>[\/et_pb_text][\/et_pb_column][et_pb_column type=&#8221;1_2&#8243; _builder_version=&#8221;4.24.2&#8243; _module_preset=&#8221;default&#8221; background_color=&#8221;gcid-9242d60f-82ef-45d6-94a5-044066235b62&#8243; custom_padding=&#8221;60px|50px|30px|50px|false|true&#8221; custom_padding_tablet=&#8221;|20px||20px|false|true&#8221; custom_padding_phone=&#8221;|20px||20px|false|true&#8221; custom_padding_last_edited=&#8221;on|desktop&#8221; animation_style=&#8221;slide&#8221; animation_direction=&#8221;bottom&#8221; box_shadow_style=&#8221;preset3&#8243; box_shadow_blur=&#8221;30px&#8221; box_shadow_color=&#8221;rgba(0,0,0,0.2)&#8221; global_colors_info=&#8221;{%22gcid-9242d60f-82ef-45d6-94a5-044066235b62%22:%91%22background_color%22%93}&#8221;][et_pb_blurb use_icon=&#8221;on&#8221; font_icon=&#8221;&#x52;||divi||400&#8243; icon_color=&#8221;#FFFFFF&#8221; icon_placement=&#8221;left&#8221; image_icon_width_tablet=&#8221;20px&#8221; image_icon_width_phone=&#8221;20px&#8221; image_icon_width_last_edited=&#8221;on|desktop&#8221; _builder_version=&#8221;4.24.2&#8243; _module_preset=&#8221;default&#8221; background_layout=&#8221;dark&#8221; custom_margin=&#8221;||35px||false|false&#8221;]Notre bureau d\u2019\u00e9tudes compos\u00e9 <b>d&#8217;ing\u00e9nieurs<\/b> et de <b>dessinateurs<\/b> con\u00e7oit nos pergolas avec les <b>derni\u00e8res innovations techniques<\/b>.[\/et_pb_blurb][et_pb_blurb use_icon=&#8221;on&#8221; font_icon=&#8221;&#x52;||divi||400&#8243; icon_color=&#8221;#FFFFFF&#8221; icon_placement=&#8221;left&#8221; image_icon_width_tablet=&#8221;20px&#8221; image_icon_width_phone=&#8221;20px&#8221; image_icon_width_last_edited=&#8221;on|desktop&#8221; _builder_version=&#8221;4.24.2&#8243; _module_preset=&#8221;default&#8221; background_layout=&#8221;dark&#8221; custom_margin=&#8221;||35px||false|false&#8221;]Nous choisissons des <b>mat\u00e9riaux de haute qualit\u00e9 <\/b>et nous nous fournissons en <b>aluminium<\/b> aupr\u00e8s de <b>sources fiables en Belgique ou en Europe<\/b>.[\/et_pb_blurb][et_pb_blurb use_icon=&#8221;on&#8221; font_icon=&#8221;&#x52;||divi||400&#8243; icon_color=&#8221;#FFFFFF&#8221; icon_placement=&#8221;left&#8221; image_icon_width_tablet=&#8221;20px&#8221; image_icon_width_phone=&#8221;20px&#8221; image_icon_width_last_edited=&#8221;on|desktop&#8221; _builder_version=&#8221;4.24.2&#8243; _module_preset=&#8221;default&#8221; background_layout=&#8221;dark&#8221; custom_margin=&#8221;||35px||false|false&#8221;]Nous fabriquons nous-m\u00eames nos profil\u00e9s en aluminium, que nous faisons ensuite laquer.[\/et_pb_blurb][\/et_pb_column][\/et_pb_row][\/et_pb_section][et_pb_section fb_built=&#8221;1&#8243; module_id=&#8221;mission&#8221; _builder_version=&#8221;4.24.2&#8243; _module_preset=&#8221;default&#8221; use_background_color_gradient=&#8221;on&#8221; background_color_gradient_stops=&#8221;#f4f4f4 0%|rgba(255,255,255,0.15) 35%&#8221; background_image=&#8221;https:\/\/www.verandair.com\/wp-content\/uploads\/2024\/01\/fond-04.jpg&#8221; background_position=&#8221;bottom_center&#8221; background_blend=&#8221;multiply&#8221; custom_padding=&#8221;80px||80px||true|false&#8221; locked=&#8221;off&#8221; global_colors_info=&#8221;{}&#8221;][et_pb_row _builder_version=&#8221;4.23.4&#8243; _module_preset=&#8221;default&#8221; max_width=&#8221;800px&#8221; custom_padding=&#8221;||30px||false|false&#8221; global_colors_info=&#8221;{}&#8221;][et_pb_column type=&#8221;4_4&#8243; _builder_version=&#8221;4.23.4&#8243; _module_preset=&#8221;default&#8221; global_colors_info=&#8221;{}&#8221;][et_pb_text _builder_version=&#8221;4.24.2&#8243; _module_preset=&#8221;default&#8221; text_orientation=&#8221;center&#8221; animation_style=&#8221;fade&#8221; global_colors_info=&#8221;{}&#8221;]<\/p>\n<h2>Nos <strong>valeurs<\/strong><\/h2>\n<p>[\/et_pb_text][et_pb_divider show_divider=&#8221;off&#8221; _builder_version=&#8221;4.23.4&#8243; _module_preset=&#8221;2adabd0f-cb12-404f-9aa7-a3088280e564&#8243; module_alignment=&#8221;center&#8221; global_colors_info=&#8221;{}&#8221;][\/et_pb_divider][\/et_pb_column][\/et_pb_row][et_pb_row column_structure=&#8221;1_4,1_4,1_4,1_4&#8243; _builder_version=&#8221;4.24.2&#8243; _module_preset=&#8221;default&#8221; global_colors_info=&#8221;{}&#8221;][et_pb_column type=&#8221;1_4&#8243; _builder_version=&#8221;4.23.4&#8243; _module_preset=&#8221;default&#8221; global_colors_info=&#8221;{}&#8221;][et_pb_image src=&#8221;https:\/\/www.verandair.com\/wp-content\/uploads\/2024\/01\/VERANDAIR-prix-1.svg&#8221; title_text=&#8221;VERANDAIR-prix&#8221; _builder_version=&#8221;4.24.0&#8243; _module_preset=&#8221;0353bf8c-d4a9-4291-934d-c656c110f926&#8243; global_colors_info=&#8221;{}&#8221;][\/et_pb_image][et_pb_text _builder_version=&#8221;4.24.2&#8243; _module_preset=&#8221;5298e62e-f7ac-4dd9-b361-006fc4da68de&#8221; global_colors_info=&#8221;{}&#8221;]<\/p>\n<h3 class=\"p1\">Qualit\u00e9<\/h3>\n<p class=\"p2\">La <b>qualit\u00e9<\/b> est au c\u0153ur de la production de nos produits. Nous nous engageons pour <b>l&#8217;excellence<\/b> afin de vous fournir des <b>pergolas premium<\/b>.<\/p>\n<p>[\/et_pb_text][\/et_pb_column][et_pb_column type=&#8221;1_4&#8243; _builder_version=&#8221;4.23.4&#8243; _module_preset=&#8221;default&#8221; global_colors_info=&#8221;{}&#8221;][et_pb_image src=&#8221;https:\/\/www.verandair.com\/wp-content\/uploads\/2024\/01\/VERANDAIR-fabrication-belge-1.svg&#8221; title_text=&#8221;VERANDAIR-fabrication-belge&#8221; _builder_version=&#8221;4.24.2&#8243; _module_preset=&#8221;0353bf8c-d4a9-4291-934d-c656c110f926&#8243; global_colors_info=&#8221;{}&#8221;][\/et_pb_image][et_pb_text _builder_version=&#8221;4.24.2&#8243; _module_preset=&#8221;5298e62e-f7ac-4dd9-b361-006fc4da68de&#8221; global_colors_info=&#8221;{}&#8221;]<\/p>\n<h3 class=\"p1\">Savoir-faire belge<\/h3>\n<p class=\"p2\">Nous poss\u00e9dons plus de <b>trois d\u00e9cennies d\u2019expertise et de savoir-faire<\/b> dans la <b>conception<\/b> et la <b>fabrication<\/b> de pergolas en Belgique.<\/p>\n<p>[\/et_pb_text][\/et_pb_column][et_pb_column type=&#8221;1_4&#8243; _builder_version=&#8221;4.23.4&#8243; _module_preset=&#8221;default&#8221; global_colors_info=&#8221;{}&#8221;][et_pb_image src=&#8221;https:\/\/www.verandair.com\/wp-content\/uploads\/2024\/01\/VERANDAIR-evolutif.svg&#8221; title_text=&#8221;VERANDAIR-evolutif&#8221; _builder_version=&#8221;4.24.2&#8243; _module_preset=&#8221;0353bf8c-d4a9-4291-934d-c656c110f926&#8243; global_colors_info=&#8221;{}&#8221;][\/et_pb_image][et_pb_text _builder_version=&#8221;4.24.2&#8243; _module_preset=&#8221;5298e62e-f7ac-4dd9-b361-006fc4da68de&#8221; global_colors_info=&#8221;{}&#8221;]<\/p>\n<h3 class=\"p1\">Innovation<\/h3>\n<p class=\"p2\">Les besoins de nos clients \u00e9voluent, nos produits aussi. Nous <b>innovons<\/b> et <b>am\u00e9liorons<\/b> notre gamme pour vous proposer ce qu\u2019il y a de mieux sur le march\u00e9.<\/p>\n<p>[\/et_pb_text][\/et_pb_column][et_pb_column type=&#8221;1_4&#8243; _builder_version=&#8221;4.23.4&#8243; _module_preset=&#8221;default&#8221; global_colors_info=&#8221;{}&#8221;][et_pb_image src=&#8221;https:\/\/www.verandair.com\/wp-content\/uploads\/2024\/01\/VERANDAIR-materiaux-1.svg&#8221; title_text=&#8221;VERANDAIR-materiaux&#8221; _builder_version=&#8221;4.24.2&#8243; _module_preset=&#8221;0353bf8c-d4a9-4291-934d-c656c110f926&#8243; global_colors_info=&#8221;{}&#8221;][\/et_pb_image][et_pb_text _builder_version=&#8221;4.24.2&#8243; _module_preset=&#8221;5298e62e-f7ac-4dd9-b361-006fc4da68de&#8221; global_colors_info=&#8221;{}&#8221;]<\/p>\n<h3 class=\"p1\">Durabilit\u00e9<\/h3>\n<p class=\"p2\">Soucieux de notre impact environnemental, nous nous engageons \u00e0 <b>r\u00e9duire notre empreinte carbone<\/b> dans le processus de production de nos pergolas.<\/p>\n<p>[\/et_pb_text][\/et_pb_column][\/et_pb_row][et_pb_row _builder_version=&#8221;4.23.4&#8243; _module_preset=&#8221;default&#8221; global_colors_info=&#8221;{}&#8221;][et_pb_column type=&#8221;4_4&#8243; _builder_version=&#8221;4.23.4&#8243; _module_preset=&#8221;default&#8221; global_colors_info=&#8221;{}&#8221;][et_pb_button button_url=&#8221;@ET-DC@eyJkeW5hbWljIjp0cnVlLCJjb250ZW50IjoicG9zdF9saW5rX3VybF9wYWdlIiwic2V0dGluZ3MiOnsicG9zdF9pZCI6IjgwIn19@&#8221; button_text=&#8221;Fixer un rendez-vous&#8221; button_alignment=&#8221;center&#8221; _builder_version=&#8221;4.24.2&#8243; _dynamic_attributes=&#8221;button_url&#8221; _module_preset=&#8221;b50e34d2-0b8d-4c79-bf16-96cda59bf9d7&#8243; locked=&#8221;off&#8221; global_colors_info=&#8221;{}&#8221;][\/et_pb_button][\/et_pb_column][\/et_pb_row][\/et_pb_section][et_pb_section fb_built=&#8221;1&#8243; admin_label=&#8221;Section&#8221; module_id=&#8221;difference&#8221; _builder_version=&#8221;4.24.2&#8243; _module_preset=&#8221;default&#8221; background_color=&#8221;gcid-a78bba3e-9a00-4c62-8b29-47f3d6c30097&#8243; background_image=&#8221;https:\/\/www.verandair.com\/wp-content\/uploads\/2024\/01\/verandair-abri-terrasse-retractable-2.jpg&#8221; background_blend=&#8221;multiply&#8221; custom_padding=&#8221;120px||0px||false|false&#8221; custom_css_before=&#8221;content:%22%22;||display: block;||background: #fff;||width: 100%;||height: 80px;||position: absolute;||bottom: 0;||left: 0;&#8221; locked=&#8221;off&#8221; global_colors_info=&#8221;{%22gcid-a78bba3e-9a00-4c62-8b29-47f3d6c30097%22:%91%22background_color%22%93}&#8221;][et_pb_row _builder_version=&#8221;4.24.2&#8243; _module_preset=&#8221;default&#8221; max_width=&#8221;750px&#8221; locked=&#8221;off&#8221; global_colors_info=&#8221;{}&#8221;][et_pb_column type=&#8221;4_4&#8243; _builder_version=&#8221;4.24.2&#8243; _module_preset=&#8221;default&#8221; global_colors_info=&#8221;{}&#8221;][et_pb_text _builder_version=&#8221;4.24.2&#8243; _module_preset=&#8221;default&#8221; text_font=&#8221;|||on|||||&#8221; text_text_color=&#8221;gcid-5c4546d4-de02-4649-8683-d4192d8e1655&#8243; text_font_size=&#8221;16px&#8221; text_orientation=&#8221;center&#8221; animation_style=&#8221;slide&#8221; animation_direction=&#8221;bottom&#8221; animation_delay=&#8221;100ms&#8221; global_colors_info=&#8221;{%22gcid-5c4546d4-de02-4649-8683-d4192d8e1655%22:%91%22text_text_color%22%93}&#8221;]<span>Nos garanties<\/span>[\/et_pb_text][et_pb_text _builder_version=&#8221;4.24.2&#8243; _module_preset=&#8221;default&#8221; text_font=&#8221;||||||||&#8221; text_text_color=&#8221;gcid-5c4546d4-de02-4649-8683-d4192d8e1655&#8243; text_orientation=&#8221;center&#8221; background_layout=&#8221;dark&#8221; animation_style=&#8221;slide&#8221; animation_direction=&#8221;bottom&#8221; animation_delay=&#8221;100ms&#8221; global_colors_info=&#8221;{%22gcid-5c4546d4-de02-4649-8683-d4192d8e1655%22:%91%22text_text_color%22%93}&#8221;]<\/p>\n<h2><strong>VERANDAIR\u00ae<\/strong>,<br \/>\nle partenaire qui fait la diff\u00e9rence<\/h2>\n<p>[\/et_pb_text][et_pb_divider show_divider=&#8221;off&#8221; _builder_version=&#8221;4.23.4&#8243; _module_preset=&#8221;2adabd0f-cb12-404f-9aa7-a3088280e564&#8243; module_alignment=&#8221;center&#8221; locked=&#8221;off&#8221; global_colors_info=&#8221;{}&#8221;][\/et_pb_divider][et_pb_text _builder_version=&#8221;4.24.2&#8243; _module_preset=&#8221;5298e62e-f7ac-4dd9-b361-006fc4da68de&#8221; text_orientation=&#8221;center&#8221; background_layout=&#8221;dark&#8221; custom_margin=&#8221;||50px||false|false&#8221; locked=&#8221;off&#8221; global_colors_info=&#8221;{}&#8221;]<\/p>\n<p class=\"p1\">VERANDAIR\u00ae<b> <\/b>est le <b>partenaire des revendeurs de pergolas exigeants <\/b>qui souhaitent offrir de la <b>qualit\u00e9<\/b> et de la <b>s\u00e9r\u00e9nit\u00e9<\/b> \u00e0 leurs clients tout en profitant d\u2019un <b>service irr\u00e9prochable<\/b>.<\/p>\n<p>[\/et_pb_text][et_pb_button button_url=&#8221;@ET-DC@eyJkeW5hbWljIjp0cnVlLCJjb250ZW50IjoicG9zdF9saW5rX3VybF9wYWdlIiwic2V0dGluZ3MiOnsicG9zdF9pZCI6IjU4NiJ9fQ==@&#8221; button_text=&#8221;Devenir partenaire&#8221; button_alignment=&#8221;center&#8221; _builder_version=&#8221;4.24.2&#8243; _dynamic_attributes=&#8221;button_url&#8221; _module_preset=&#8221;b50e34d2-0b8d-4c79-bf16-96cda59bf9d7&#8243; locked=&#8221;off&#8221; global_colors_info=&#8221;{}&#8221;][\/et_pb_button][\/et_pb_column][\/et_pb_row][et_pb_row column_structure=&#8221;1_3,1_3,1_3&#8243; use_custom_gutter=&#8221;on&#8221; gutter_width=&#8221;1&#8243; make_equal=&#8221;on&#8221; _builder_version=&#8221;4.24.2&#8243; _module_preset=&#8221;default&#8221; custom_margin=&#8221;0px||80px||false|false&#8221; custom_padding=&#8221;0px||0px||false|false&#8221; global_colors_info=&#8221;{}&#8221;][et_pb_column type=&#8221;1_3&#8243; _builder_version=&#8221;4.24.2&#8243; _module_preset=&#8221;default&#8221; custom_padding=&#8221;50px|30px|50px||false|false&#8221; custom_padding_tablet=&#8221;15px|0px|15px||false|false&#8221; custom_padding_phone=&#8221;15px|0px|15px||false|false&#8221; custom_padding_last_edited=&#8221;on|desktop&#8221; global_colors_info=&#8221;{}&#8221;][et_pb_image src=&#8221;https:\/\/www.verandair.com\/wp-content\/uploads\/2024\/01\/VERANDAIR-toute-annee.svg&#8221; title_text=&#8221;VERANDAIR-toute-annee&#8221; _builder_version=&#8221;4.24.2&#8243; _module_preset=&#8221;0353bf8c-d4a9-4291-934d-c656c110f926&#8243; global_colors_info=&#8221;{}&#8221;][\/et_pb_image][et_pb_text _builder_version=&#8221;4.24.2&#8243; _module_preset=&#8221;5298e62e-f7ac-4dd9-b361-006fc4da68de&#8221; background_layout=&#8221;dark&#8221; global_colors_info=&#8221;{}&#8221;]<\/p>\n<h3>Garantie de qualit\u00e9 et de fiabilit\u00e9<\/h3>\n<p>Avec les produits <b>VERANDAIR\u00ae, <\/b>vous avez la garantie de proposer \u00e0 vos propres clients des pergolas premium dont la fabrication est parfaitement ma\u00eetris\u00e9e. Du choix des mat\u00e9riaux \u00e0 la fabrication de votre gamme, nous veillons \u00e0 ce que chaque pergola r\u00e9ponde aux <b>attentes les plus \u00e9lev\u00e9es <\/b>de vos clients.[\/et_pb_text][\/et_pb_column][et_pb_column type=&#8221;1_3&#8243; _builder_version=&#8221;4.24.2&#8243; _module_preset=&#8221;default&#8221; custom_padding=&#8221;50px|30px|50px|30px|true|true&#8221; custom_padding_tablet=&#8221;15px|0px|15px|0px|true|true&#8221; custom_padding_phone=&#8221;15px|0px|15px|0px|true|true&#8221; custom_padding_last_edited=&#8221;on|tablet&#8221; global_colors_info=&#8221;{}&#8221;][et_pb_image src=&#8221;https:\/\/www.verandair.com\/wp-content\/uploads\/2024\/01\/VERANDAIR-expert.svg&#8221; title_text=&#8221;VERANDAIR-expert&#8221; _builder_version=&#8221;4.24.2&#8243; _module_preset=&#8221;0353bf8c-d4a9-4291-934d-c656c110f926&#8243; global_colors_info=&#8221;{}&#8221;][\/et_pb_image][et_pb_text _builder_version=&#8221;4.24.2&#8243; _module_preset=&#8221;5298e62e-f7ac-4dd9-b361-006fc4da68de&#8221; background_layout=&#8221;dark&#8221; global_colors_info=&#8221;{}&#8221;]<\/p>\n<h3 class=\"p1\">Un support technique et des formations<\/h3>\n<p class=\"p2\">Nous sommes toujours <b>disponibles<\/b> pour r\u00e9pondre \u00e0 vos questions, r\u00e9aliser le <b>suivi<\/b> <b>apr\u00e8s-vente<\/b> et vous aider en cas de besoin. Nous proposons des <b>formations<\/b> pour l\u2019installation de nos pergolas.<\/p>\n<p>[\/et_pb_text][\/et_pb_column][et_pb_column type=&#8221;1_3&#8243; _builder_version=&#8221;4.24.2&#8243; _module_preset=&#8221;default&#8221; custom_padding=&#8221;50px||50px|30px|true|false&#8221; custom_padding_tablet=&#8221;15px||15px|0px|true|false&#8221; custom_padding_phone=&#8221;15px||15px|0px|true|false&#8221; custom_padding_last_edited=&#8221;on|desktop&#8221; global_colors_info=&#8221;{}&#8221;][et_pb_image src=&#8221;https:\/\/www.verandair.com\/wp-content\/uploads\/2024\/01\/VERANDAIR-assistance-1.svg&#8221; title_text=&#8221;VERANDAIR-assistance&#8221; _builder_version=&#8221;4.24.2&#8243; _module_preset=&#8221;0353bf8c-d4a9-4291-934d-c656c110f926&#8243; global_colors_info=&#8221;{}&#8221;][\/et_pb_image][et_pb_text _builder_version=&#8221;4.24.2&#8243; _module_preset=&#8221;5298e62e-f7ac-4dd9-b361-006fc4da68de&#8221; background_layout=&#8221;dark&#8221; global_colors_info=&#8221;{}&#8221;]<\/p>\n<h3 class=\"p1\">Des produits personnalis\u00e9s<\/h3>\n<p class=\"p2\">Nous pouvons <b>personnaliser votre propre gamme de pergolas<\/b> (couleur, logo, aspects techniques, etc.), mais vous pouvez aussi <b>personnaliser vous-m\u00eame la structure <\/b>de la pergola chez vos clients avec vos propres produits. Vous revendez nos produits tout en valorisant votre savoir-faire.<\/p>\n<p>[\/et_pb_text][\/et_pb_column][\/et_pb_row][et_pb_row make_equal=&#8221;on&#8221; custom_padding_last_edited=&#8221;on|tablet&#8221; _builder_version=&#8221;4.23.4&#8243; _module_preset=&#8221;default&#8221; background_color=&#8221;gcid-02eea4c1-992a-4bff-aee2-539b98054199&#8243; use_background_color_gradient=&#8221;on&#8221; background_color_gradient_direction=&#8221;90deg&#8221; background_color_gradient_stops=&#8221;gcid-02eea4c1-992a-4bff-aee2-539b98054199 0%|gcid-6765a8f9-be90-4ab4-9fed-0cfcb9d46015 100%&#8221; background_image=&#8221;https:\/\/www.verandair.com\/wp-content\/uploads\/2024\/01\/VERANDAIR-icon-outline-w.svg&#8221; custom_padding=&#8221;50px|80px|50px|80px|true|true&#8221; custom_padding_tablet=&#8221;30px|30px|30px|30px|true|true&#8221; custom_padding_phone=&#8221;30px|30px|30px|30px|true|true&#8221; scroll_vertical_motion_enable=&#8221;on&#8221; scroll_vertical_motion=&#8221;0|40|40|100|0.5|0|0&#8243; scroll_scaling_enable=&#8221;on&#8221; scroll_scaling=&#8221;0|40|40|100|90%|100|100&#8243; custom_css_main_element=&#8221;align-items: center;&#8221; border_radii_tablet=&#8221;on|50px|50px|50px|50px&#8221; border_radii_phone=&#8221;on|50px|50px|50px|50px&#8221; border_radii_last_edited=&#8221;on|tablet&#8221; box_shadow_style=&#8221;preset3&#8243; box_shadow_vertical=&#8221;-10px&#8221; box_shadow_blur=&#8221;30px&#8221; box_shadow_color=&#8221;gcid-4f3ca7d5-152d-4540-91b1-cc24563bf794&#8243; global_colors_info=&#8221;{%22gcid-02eea4c1-992a-4bff-aee2-539b98054199%22:%91%22background_color%22,%22background_color_gradient_stops%22%93,%22gcid-6765a8f9-be90-4ab4-9fed-0cfcb9d46015%22:%91%22background_color_gradient_stops%22%93,%22gcid-4f3ca7d5-152d-4540-91b1-cc24563bf794%22:%91%22box_shadow_color%22%93}&#8221;][et_pb_column type=&#8221;4_4&#8243; _builder_version=&#8221;4.23.4&#8243; _module_preset=&#8221;default&#8221; global_colors_info=&#8221;{}&#8221;][et_pb_text _builder_version=&#8221;4.24.1&#8243; _module_preset=&#8221;default&#8221; text_orientation=&#8221;center&#8221; background_layout=&#8221;dark&#8221; global_colors_info=&#8221;{}&#8221;]<\/p>\n<h2>Encore ind\u00e9cis?<\/h2>\n<p>[\/et_pb_text][et_pb_divider color=&#8221;#FFFFFF&#8221; _builder_version=&#8221;4.23.4&#8243; _module_preset=&#8221;2adabd0f-cb12-404f-9aa7-a3088280e564&#8243; module_alignment=&#8221;center&#8221; global_colors_info=&#8221;{}&#8221;][\/et_pb_divider][et_pb_text _builder_version=&#8221;4.24.1&#8243; _module_preset=&#8221;default&#8221; text_orientation=&#8221;center&#8221; background_layout=&#8221;dark&#8221; max_width=&#8221;800px&#8221; module_alignment=&#8221;center&#8221; custom_margin=&#8221;||50px||false|false&#8221; global_colors_info=&#8221;{}&#8221;]<\/p>\n<p>Notre guide d&#8217;achat simplifie votre choix avec 19 questions cl\u00e9s! <br \/>\u00c9vitez les surprises et profitez pleinement de votre future pergola.<\/p>\n<p>[\/et_pb_text][et_pb_button button_url=&#8221;https:\/\/info.verandair.com\/guide-pergola\/&#8221; url_new_window=&#8221;on&#8221; button_text=&#8221;Cliquez ici pour votre guide&#8221; button_alignment=&#8221;center&#8221; _builder_version=&#8221;4.24.1&#8243; _module_preset=&#8221;ae8d3791-01a2-4c4b-b221-c3f14f812284&#8243; global_colors_info=&#8221;{}&#8221;][\/et_pb_button][\/et_pb_column][\/et_pb_row][\/et_pb_section][et_pb_section fb_built=&#8221;1&#8243; module_id=&#8221;partenaires&#8221; _builder_version=&#8221;4.24.2&#8243; _module_preset=&#8221;default&#8221; global_colors_info=&#8221;{}&#8221;][et_pb_row column_structure=&#8221;2_5,3_5&#8243; make_equal=&#8221;on&#8221; _builder_version=&#8221;4.24.2&#8243; _module_preset=&#8221;default&#8221; custom_css_main_element=&#8221;align-items: center;&#8221; global_colors_info=&#8221;{}&#8221;][et_pb_column type=&#8221;2_5&#8243; _builder_version=&#8221;4.24.2&#8243; _module_preset=&#8221;default&#8221; z_index=&#8221;10&#8243; custom_padding=&#8221;80px||80px||true|false&#8221; global_colors_info=&#8221;{}&#8221;][et_pb_text _builder_version=&#8221;4.24.2&#8243; _module_preset=&#8221;default&#8221; text_font=&#8221;||||||||&#8221; text_text_color=&#8221;gcid-5c4546d4-de02-4649-8683-d4192d8e1655&#8243; animation_style=&#8221;slide&#8221; animation_direction=&#8221;bottom&#8221; animation_delay=&#8221;100ms&#8221; locked=&#8221;off&#8221; global_colors_info=&#8221;{%22gcid-5c4546d4-de02-4649-8683-d4192d8e1655%22:%91%22text_text_color%22%93}&#8221;]<\/p>\n<h2>Rejoignez notre <strong>r\u00e9seau de revendeurs<\/strong> VERANDAIR\u00ae<\/h2>\n<p>[\/et_pb_text][et_pb_divider show_divider=&#8221;off&#8221; _builder_version=&#8221;4.24.0&#8243; _module_preset=&#8221;2adabd0f-cb12-404f-9aa7-a3088280e564&#8243; locked=&#8221;off&#8221; global_colors_info=&#8221;{}&#8221;][\/et_pb_divider][et_pb_number_counter title=&#8221;revendeurs nous font confiance&#8221; number=&#8221;225&#8243; percent_sign=&#8221;off&#8221; _builder_version=&#8221;4.24.2&#8243; _module_preset=&#8221;b90f9f4e-8a31-40be-9dfd-1ab42646fb32&#8243; title_line_height=&#8221;1em&#8221; number_text_color=&#8221;#058D9C&#8221; title_font_size_tablet=&#8221;&#8221; title_font_size_phone=&#8221;&#8221; title_font_size_last_edited=&#8221;on|desktop&#8221; global_colors_info=&#8221;{}&#8221;][\/et_pb_number_counter][et_pb_number_counter title=&#8221;de nos revendeurs sont satisfaits de nos produits&#8221; number=&#8221;100&#8243; _builder_version=&#8221;4.24.2&#8243; _module_preset=&#8221;b90f9f4e-8a31-40be-9dfd-1ab42646fb32&#8243; title_line_height=&#8221;1em&#8221; number_text_color=&#8221;#058D9C&#8221; title_font_size_tablet=&#8221;&#8221; title_font_size_phone=&#8221;&#8221; title_font_size_last_edited=&#8221;on|desktop&#8221; global_colors_info=&#8221;{}&#8221;][\/et_pb_number_counter][et_pb_number_counter title=&#8221;de nos revendeurs recommandent nos services&#8221; number=&#8221;98&#8243; _builder_version=&#8221;4.24.2&#8243; _module_preset=&#8221;b90f9f4e-8a31-40be-9dfd-1ab42646fb32&#8243; title_line_height=&#8221;1em&#8221; number_text_color=&#8221;#058D9C&#8221; title_font_size_tablet=&#8221;&#8221; title_font_size_phone=&#8221;&#8221; title_font_size_last_edited=&#8221;on|desktop&#8221; global_colors_info=&#8221;{}&#8221;][\/et_pb_number_counter][\/et_pb_column][et_pb_column type=&#8221;3_5&#8243; _builder_version=&#8221;4.24.2&#8243; _module_preset=&#8221;default&#8221; global_colors_info=&#8221;{}&#8221;][et_pb_image src=&#8221;https:\/\/www.verandair.com\/wp-content\/uploads\/2024\/02\/cartemonde.svg&#8221; title_text=&#8221;cartemonde&#8221; _builder_version=&#8221;4.24.2&#8243; _module_preset=&#8221;default&#8221; width=&#8221;120%&#8221; width_tablet=&#8221;500px&#8221; width_phone=&#8221;340px&#8221; width_last_edited=&#8221;on|phone&#8221; max_width_tablet=&#8221;500px&#8221; max_width_phone=&#8221;500px&#8221; max_width_last_edited=&#8221;on|desktop&#8221; module_alignment=&#8221;center&#8221; custom_margin=&#8221;|-10%|0px|-10%|false|true&#8221; custom_margin_tablet=&#8221;|0%||0%|false|true&#8221; custom_margin_phone=&#8221;|0%||0%|false|true&#8221; custom_margin_last_edited=&#8221;on|desktop&#8221; animation_style=&#8221;fade&#8221; global_colors_info=&#8221;{}&#8221;][\/et_pb_image][\/et_pb_column][\/et_pb_row][\/et_pb_section]<\/p>\n","protected":false},"excerpt":{"rendered":"<p><div class=\"et_pb_module dsm_breadcrumbs dsm_breadcrumbs_0 et_animated\">\n\t\t\t\t\n\t\t\t\t\n\t\t\t\t\n\t\t\t\t\n\t\t\t\t\n\t\t\t\t\n\t\t\t\t<div class=\"et_pb_module_inner\">\n\t\t\t\t\t<nav class=\"dsm_breadcrumbs_wrap\">\n\t\t\t\t<ul class=\"dsm_breadcrumbs\" itemscope itemtype=\"https:\/\/schema.org\/BreadcrumbList\">\t\t\t<li class=\"dsm_breadcrumbs_item dsm_home_item dsm_home_item_custom\" itemprop=\"itemListElement\" itemscope\n\t\t\titemtype=\"https:\/\/schema.org\/ListItem\">\n\t\t\t\t<a href=\"https:\/\/www.verandair.com\/fr\/\" itemprop=\"item\" target=\"\">\n\t\t\t\t\t<span class='dsm_home_text_wrapper'>\n\t\t\t\t\t\t\t\t\t\t\t\t\t<span class=\"et-pb-icon dsm_home_icon\">&#xe009;<\/span>\n\t\t\t\t\t\t\t\t\t\t\t\t\t<span class=\"dsm_home_text\" itemprop=\"name\">\n\t\t\t\t\t\t\t\t \t\t\t\t\t\t\t<\/span>\n\t\t\t\t\t<\/span>\n\t\t\t\t<\/a>\n\t\t\t\t<meta itemprop=\"position\" content=\"1\" \/>\n\t\t\t<\/li>\n\n\t\t<li class=\"dsm_breadcrumbs_separator\"> <span class=\"et-pb-icon dsm_separator_icon\">&#x35;<\/span><\/li><\/ul>\n\t\t\t<\/nav>\n\t\t\t\t<\/div>\n\t\t\t<\/div>\u00c0 propos de VERANDAIR\u00aeVERANDAIR\u00ae est un leader wallon dans la conception et la fabrication sur mesure de pergolas et abris de terrasse de haute qualit\u00e9. Fond\u00e9e en 1990, notre PME est situ\u00e9e dans le Parc d\u2019activit\u00e9 \u00e9conomique de Mariebourg pr\u00e8s de Couvin en Belgique.<div class=\"et_pb_module dsm_image_carousel dsm_image_carousel_0 dsm_image_carousel_arrow_outside dsm_image_carousel_arrow_mobile_inside \">\n\t\t\t\t\n\t\t\t\t\n\t\t\t\t\n\t\t\t\t\n\t\t\t\t\n\t\t\t\t\n\t\t\t\t<div class=\"et_pb_module_inner\">\n\t\t\t\t\t<div class=\"swiper-container dsm_image_carousel_container  dsm_image_carousel_carousel\" dir=\"ltr\"data-effect=\"default\"\n\t\t\tdata-slider-effect-shadows=\"false\"\n\t\t\tdata-slider-effect-coverflow-rotate=\"30\"\n\t\t\tdata-slider-effect-coverflow-depth=\"0\"\n\t\t\tdata-loop=\"true\"\n\t\t\tdata-slide-to-show=\"4\"\n\t\t\tdata-slide-to-show-tablet=\"3\"\n\t\t\tdata-slide-to-show-phone=\"2\"\n\t\t\tdata-slide-to-scroll=\"1\"\n\t\t\tdata-slide-to-scroll-tablet=\"1\"\n\t\t\tdata-slide-to-scroll-phone=\"1\"\n\t\t\tdata-space-between=\"15\"\n\t\t\tdata-space-between-tablet=\"15\"\n\t\t\tdata-space-between-phone=\"15\"\n\t\t\tdata-slide-row=\"1\"\n\t\t\tdata-centered-slides=\"false\"\n\t\t\tdata-speed=\"30000\"\n\t\t\tdata-autoplay=\"true\"\n\t\t\tdata-autoplay-speed=\"0\"\n\t\t\tdata-touch-move=\"true\"\n\t\t\tdata-grab=\"true\"\n\t\t\tdata-pause-on-hover=\"false\"\n\t\t\tdata-show-lightbox=\"true\"\n\t\t\tdata-lightbox-gallery=\"true\"\n\t\t\tdata-lightbox-caption=\"false\"\n\t\t\tdata-infinite-scrolling=\"false\"\n\t\t\tdata-slide-row-tablet=\"1\"\n\t\t\tdata-slide-row-phone=\"1\"\n\t\t\tdata-autoplay-viewport=90%\n\t\t\tdata-mousewheel=\"false\"\n\t\t\tdata-lazyload=\"true\"\n\t\t\tdata-type=\"carousel\"\n\t\t\tdata-slideshow-effect=\"default\"\n\t\t\tdata-slideshow-to-show=\"4\"\n\t\t\tdata-slideshow-to-show-tablet=\"4\"\n\t\t\tdata-slideshow-to-show-phone=\"\"\n\t\t\tdata-slider-orientation=\"horizontal\"\n\t\t\t\t\t\tdata-lightbox-title=\"false\"\n\n\t\t\t><div class=\"swiper-wrapper\"><div class=\"swiper-slide dsm_image_carousel_item\"><a class=\"dsm_image_carousel_lightbox\" href=\"https:\/\/www.verandair.com\/wp-content\/uploads\/2024\/01\/VERANDAIR-abri-terrasse-restaurant-1-1080x675.jpg\" data-mfp-src=\"https:\/\/www.verandair.com\/wp-content\/uploads\/2024\/01\/VERANDAIR-abri-terrasse-restaurant-1.jpg\"><img loading=\"lazy\" decoding=\"async\" src=\"https:\/\/www.verandair.com\/wp-content\/uploads\/2024\/01\/VERANDAIR-abri-terrasse-restaurant-1-1080x675.jpg\" alt=\"Restaurant en forme carr\u00e9e avec un abri de terrasse pro VERANDAIR dans la cour du restaurant\" title=\"VERANDAIR-abri-terrasse-restaurant\" width=\"1080\" height=\"675\" data-dsm-image-description=\"\" srcset=\"https:\/\/www.verandair.com\/wp-content\/uploads\/2024\/01\/VERANDAIR-abri-terrasse-restaurant-1-1080x675.jpg 1080w, https:\/\/www.verandair.com\/wp-content\/uploads\/2024\/01\/VERANDAIR-abri-terrasse-restaurant-1-980x653.jpg 980w, https:\/\/www.verandair.com\/wp-content\/uploads\/2024\/01\/VERANDAIR-abri-terrasse-restaurant-1-480x320.jpg 480w\" sizes=\"(min-width: 0px) and (max-width: 480px) 480px, (min-width: 481px) and (max-width: 980px) 980px, (min-width: 981px) 1080px, 100vw\" class=\" swiper-lazy\" \/><\/a><\/div><div class=\"swiper-slide dsm_image_carousel_item\"><a class=\"dsm_image_carousel_lightbox\" href=\"https:\/\/www.verandair.com\/wp-content\/uploads\/2024\/02\/VERANDAIR-slide-pergola-1080x675.jpg\" data-mfp-src=\"https:\/\/www.verandair.com\/wp-content\/uploads\/2024\/02\/VERANDAIR-slide-pergola.jpg\"><img loading=\"lazy\" decoding=\"async\" src=\"https:\/\/www.verandair.com\/wp-content\/uploads\/2024\/02\/VERANDAIR-slide-pergola-1080x675.jpg\" alt=\"Pergola toit fixe ouverte accol\u00e9e \u00e0 une maison \u00e0 briques jaunes\" title=\"VERANDAIR-slide-pergola\" width=\"1080\" height=\"675\" data-dsm-image-description=\"\" srcset=\"https:\/\/www.verandair.com\/wp-content\/uploads\/2024\/02\/VERANDAIR-slide-pergola-1080x675.jpg 1080w, https:\/\/www.verandair.com\/wp-content\/uploads\/2024\/02\/VERANDAIR-slide-pergola-980x980.jpg 980w, https:\/\/www.verandair.com\/wp-content\/uploads\/2024\/02\/VERANDAIR-slide-pergola-480x480.jpg 480w\" sizes=\"(min-width: 0px) and (max-width: 480px) 480px, (min-width: 481px) and (max-width: 980px) 980px, (min-width: 981px) 1080px, 100vw\" class=\" swiper-lazy\" \/><\/a><\/div><div class=\"swiper-slide dsm_image_carousel_item\"><a class=\"dsm_image_carousel_lightbox\" href=\"https:\/\/www.verandair.com\/wp-content\/uploads\/2024\/01\/VERANDAIR-abri-terrasse-6-1080x675.jpg\" data-mfp-src=\"https:\/\/www.verandair.com\/wp-content\/uploads\/2024\/01\/VERANDAIR-abri-terrasse-6.jpg\"><img loading=\"lazy\" decoding=\"async\" src=\"https:\/\/www.verandair.com\/wp-content\/uploads\/2024\/01\/VERANDAIR-abri-terrasse-6-1080x675.jpg\" alt=\"Abri de terrasse r\u00e9tractable avec vue sur le jardin, chaises et tables\" title=\"VERANDAIR-abri-terrasse-6\" width=\"1080\" height=\"675\" data-dsm-image-description=\"\" srcset=\"https:\/\/www.verandair.com\/wp-content\/uploads\/2024\/01\/VERANDAIR-abri-terrasse-6-1080x675.jpg 1080w, https:\/\/www.verandair.com\/wp-content\/uploads\/2024\/01\/VERANDAIR-abri-terrasse-6-980x653.jpg 980w, https:\/\/www.verandair.com\/wp-content\/uploads\/2024\/01\/VERANDAIR-abri-terrasse-6-480x320.jpg 480w\" sizes=\"(min-width: 0px) and (max-width: 480px) 480px, (min-width: 481px) and (max-width: 980px) 980px, (min-width: 981px) 1080px, 100vw\" class=\" swiper-lazy\" \/><\/a><\/div><div class=\"swiper-slide dsm_image_carousel_item\"><a class=\"dsm_image_carousel_lightbox\" href=\"https:\/\/www.verandair.com\/wp-content\/uploads\/2024\/02\/VERANDAIR-selection-34-micro-veranda-1080x675.jpg\" data-mfp-src=\"https:\/\/www.verandair.com\/wp-content\/uploads\/2024\/02\/VERANDAIR-selection-34-micro-veranda.jpg\"><img loading=\"lazy\" decoding=\"async\" src=\"https:\/\/www.verandair.com\/wp-content\/uploads\/2024\/02\/VERANDAIR-selection-34-micro-veranda-1080x675.jpg\" alt=\"Abri de terrasse restaurant ouvert avec des tables de restaurant dress\u00e9es\" title=\"VERANDAIR-selection-34-micro-veranda\" width=\"1080\" height=\"675\" data-dsm-image-description=\"\" srcset=\"https:\/\/www.verandair.com\/wp-content\/uploads\/2024\/02\/VERANDAIR-selection-34-micro-veranda-1080x675.jpg 1080w, https:\/\/www.verandair.com\/wp-content\/uploads\/2024\/02\/VERANDAIR-selection-34-micro-veranda-980x653.jpg 980w, https:\/\/www.verandair.com\/wp-content\/uploads\/2024\/02\/VERANDAIR-selection-34-micro-veranda-480x320.jpg 480w\" sizes=\"(min-width: 0px) and (max-width: 480px) 480px, (min-width: 481px) and (max-width: 980px) 980px, (min-width: 981px) 1080px, 100vw\" class=\" swiper-lazy\" \/><\/a><\/div><div class=\"swiper-slide dsm_image_carousel_item\"><a class=\"dsm_image_carousel_lightbox\" href=\"https:\/\/www.verandair.com\/wp-content\/uploads\/2024\/02\/VERANDAIR-selection-10-abri-terrasse-1080x675.jpg\" data-mfp-src=\"https:\/\/www.verandair.com\/wp-content\/uploads\/2024\/02\/VERANDAIR-selection-10-abri-terrasse.jpg\"><img loading=\"lazy\" decoding=\"async\" src=\"https:\/\/www.verandair.com\/wp-content\/uploads\/2024\/02\/VERANDAIR-selection-10-abri-terrasse-1080x675.jpg\" alt=\"Abri de terrasse r\u00e9tractable. Il y a une table avec une nappe, des chaises et une vue sur le jardin avec un toboggan pour enfant\" title=\"VERANDAIR-selection-10-abri-terrasse\" width=\"1080\" height=\"675\" data-dsm-image-description=\"\" srcset=\"https:\/\/www.verandair.com\/wp-content\/uploads\/2024\/02\/VERANDAIR-selection-10-abri-terrasse-1080x675.jpg 1080w, https:\/\/www.verandair.com\/wp-content\/uploads\/2024\/02\/VERANDAIR-selection-10-abri-terrasse-980x653.jpg 980w, https:\/\/www.verandair.com\/wp-content\/uploads\/2024\/02\/VERANDAIR-selection-10-abri-terrasse-480x320.jpg 480w\" sizes=\"(min-width: 0px) and (max-width: 480px) 480px, (min-width: 481px) and (max-width: 980px) 980px, (min-width: 981px) 1080px, 100vw\" class=\" swiper-lazy\" \/><\/a><\/div><div class=\"swiper-slide dsm_image_carousel_item\"><a class=\"dsm_image_carousel_lightbox\" href=\"https:\/\/www.verandair.com\/wp-content\/uploads\/2024\/02\/VERANDAIR-selection-25-restaurant-1080x675.jpg\" data-mfp-src=\"https:\/\/www.verandair.com\/wp-content\/uploads\/2024\/02\/VERANDAIR-selection-25-restaurant.jpg\"><img loading=\"lazy\" decoding=\"async\" src=\"https:\/\/www.verandair.com\/wp-content\/uploads\/2024\/02\/VERANDAIR-selection-25-restaurant-1080x675.jpg\" alt=\"Abri de terrasse restaurant r\u00e9tractable qui est ouvert avec tables dress\u00e9es et chaises color\u00e9es\" title=\"VERANDAIR-selection-25-restaurant\" width=\"1080\" height=\"675\" data-dsm-image-description=\"\" srcset=\"https:\/\/www.verandair.com\/wp-content\/uploads\/2024\/02\/VERANDAIR-selection-25-restaurant-1080x675.jpg 1080w, https:\/\/www.verandair.com\/wp-content\/uploads\/2024\/02\/VERANDAIR-selection-25-restaurant-980x653.jpg 980w, https:\/\/www.verandair.com\/wp-content\/uploads\/2024\/02\/VERANDAIR-selection-25-restaurant-480x320.jpg 480w\" sizes=\"(min-width: 0px) and (max-width: 480px) 480px, (min-width: 481px) and (max-width: 980px) 980px, (min-width: 981px) 1080px, 100vw\" class=\" swiper-lazy\" \/><\/a><\/div><div class=\"swiper-slide dsm_image_carousel_item\"><a class=\"dsm_image_carousel_lightbox\" href=\"https:\/\/www.verandair.com\/wp-content\/uploads\/2024\/02\/VERANDAIR-selection-49-pergola-ouverte-1080x675.jpg\" data-mfp-src=\"https:\/\/www.verandair.com\/wp-content\/uploads\/2024\/02\/VERANDAIR-selection-49-pergola-ouverte.jpg\"><img loading=\"lazy\" decoding=\"async\" src=\"https:\/\/www.verandair.com\/wp-content\/uploads\/2024\/02\/VERANDAIR-selection-49-pergola-ouverte-1080x675.jpg\" alt=\"Pergola ouverte avec jardin fleuri\" title=\"VERANDAIR-selection-49-pergola-ouverte\" width=\"1080\" height=\"675\" data-dsm-image-description=\"\" srcset=\"https:\/\/www.verandair.com\/wp-content\/uploads\/2024\/02\/VERANDAIR-selection-49-pergola-ouverte-1080x675.jpg 1080w, https:\/\/www.verandair.com\/wp-content\/uploads\/2024\/02\/VERANDAIR-selection-49-pergola-ouverte-980x653.jpg 980w, https:\/\/www.verandair.com\/wp-content\/uploads\/2024\/02\/VERANDAIR-selection-49-pergola-ouverte-480x320.jpg 480w\" sizes=\"(min-width: 0px) and (max-width: 480px) 480px, (min-width: 481px) and (max-width: 980px) 980px, (min-width: 981px) 1080px, 100vw\" class=\" swiper-lazy\" \/><\/a><\/div><\/div><\/div>\n\t\t\t\t<\/div>\n\t\t\t<\/div><div class=\"et_pb_module dsm_image_carousel dsm_image_carousel_1 dsm_image_carousel_arrow_outside dsm_image_carousel_arrow_mobile_inside \">\n\t\t\t\t\n\t\t\t\t\n\t\t\t\t\n\t\t\t\t\n\t\t\t\t\n\t\t\t\t\n\t\t\t\t<div class=\"et_pb_module_inner\">\n\t\t\t\t\t<div class=\"swiper-container dsm_image_carousel_container  dsm_image_carousel_carousel\" dir=\"rtl\"data-effect=\"default\"\n\t\t\tdata-slider-effect-shadows=\"false\"\n\t\t\tdata-slider-effect-coverflow-rotate=\"30\"\n\t\t\tdata-slider-effect-coverflow-depth=\"0\"\n\t\t\tdata-loop=\"true\"\n\t\t\tdata-slide-to-show=\"4\"\n\t\t\tdata-slide-to-show-tablet=\"3\"\n\t\t\tdata-slide-to-show-phone=\"2\"\n\t\t\tdata-slide-to-scroll=\"1\"\n\t\t\tdata-slide-to-scroll-tablet=\"1\"\n\t\t\tdata-slide-to-scroll-phone=\"1\"\n\t\t\tdata-space-between=\"15\"\n\t\t\tdata-space-between-tablet=\"15\"\n\t\t\tdata-space-between-phone=\"15\"\n\t\t\tdata-slide-row=\"1\"\n\t\t\tdata-centered-slides=\"false\"\n\t\t\tdata-speed=\"30000\"\n\t\t\tdata-autoplay=\"true\"\n\t\t\tdata-autoplay-speed=\"0\"\n\t\t\tdata-touch-move=\"true\"\n\t\t\tdata-grab=\"true\"\n\t\t\tdata-pause-on-hover=\"false\"\n\t\t\tdata-show-lightbox=\"true\"\n\t\t\tdata-lightbox-gallery=\"true\"\n\t\t\tdata-lightbox-caption=\"false\"\n\t\t\tdata-infinite-scrolling=\"false\"\n\t\t\tdata-slide-row-tablet=\"1\"\n\t\t\tdata-slide-row-phone=\"1\"\n\t\t\tdata-autoplay-viewport=90%\n\t\t\tdata-mousewheel=\"false\"\n\t\t\tdata-lazyload=\"true\"\n\t\t\tdata-type=\"carousel\"\n\t\t\tdata-slideshow-effect=\"default\"\n\t\t\tdata-slideshow-to-show=\"4\"\n\t\t\tdata-slideshow-to-show-tablet=\"4\"\n\t\t\tdata-slideshow-to-show-phone=\"\"\n\t\t\tdata-slider-orientation=\"horizontal\"\n\t\t\t\t\t\tdata-lightbox-title=\"false\"\n\n\t\t\t><div class=\"swiper-wrapper\"><div class=\"swiper-slide dsm_image_carousel_item\"><a class=\"dsm_image_carousel_lightbox\" href=\"https:\/\/www.verandair.com\/wp-content\/uploads\/2024\/02\/VERANDAIR-selection-58-pergola-ouverte-1080x675.jpg\" data-mfp-src=\"https:\/\/www.verandair.com\/wp-content\/uploads\/2024\/02\/VERANDAIR-selection-58-pergola-ouverte.jpg\"><img loading=\"lazy\" decoding=\"async\" src=\"https:\/\/www.verandair.com\/wp-content\/uploads\/2024\/02\/VERANDAIR-selection-58-pergola-ouverte-1080x675.jpg\" alt=\"Abri pour spa ouvert et pergola vitr\u00e9 sur une terrasse avec des carrelages gris et un jacuzzi\" title=\"VERANDAIR-selection-58-pergola-ouverte\" width=\"1080\" height=\"675\" data-dsm-image-description=\"\" srcset=\"https:\/\/www.verandair.com\/wp-content\/uploads\/2024\/02\/VERANDAIR-selection-58-pergola-ouverte-1080x675.jpg 1080w, https:\/\/www.verandair.com\/wp-content\/uploads\/2024\/02\/VERANDAIR-selection-58-pergola-ouverte-980x653.jpg 980w, https:\/\/www.verandair.com\/wp-content\/uploads\/2024\/02\/VERANDAIR-selection-58-pergola-ouverte-480x320.jpg 480w\" sizes=\"(min-width: 0px) and (max-width: 480px) 480px, (min-width: 481px) and (max-width: 980px) 980px, (min-width: 981px) 1080px, 100vw\" class=\" swiper-lazy\" \/><\/a><\/div><div class=\"swiper-slide dsm_image_carousel_item\"><a class=\"dsm_image_carousel_lightbox\" href=\"https:\/\/www.verandair.com\/wp-content\/uploads\/2024\/02\/VERANDAIR-selection-42-pergola-fermee-1080x675.jpg\" data-mfp-src=\"https:\/\/www.verandair.com\/wp-content\/uploads\/2024\/02\/VERANDAIR-selection-42-pergola-fermee.jpg\"><img loading=\"lazy\" decoding=\"async\" src=\"https:\/\/www.verandair.com\/wp-content\/uploads\/2024\/02\/VERANDAIR-selection-42-pergola-fermee-1080x675.jpg\" alt=\"Pergola vitr\u00e9e derri\u00e8re une vigne\" title=\"VERANDAIR-selection-42-pergola-fermee\" width=\"1080\" height=\"675\" data-dsm-image-description=\"\" srcset=\"https:\/\/www.verandair.com\/wp-content\/uploads\/2024\/02\/VERANDAIR-selection-42-pergola-fermee-1080x675.jpg 1080w, https:\/\/www.verandair.com\/wp-content\/uploads\/2024\/02\/VERANDAIR-selection-42-pergola-fermee-980x653.jpg 980w, https:\/\/www.verandair.com\/wp-content\/uploads\/2024\/02\/VERANDAIR-selection-42-pergola-fermee-480x320.jpg 480w\" sizes=\"(min-width: 0px) and (max-width: 480px) 480px, (min-width: 481px) and (max-width: 980px) 980px, (min-width: 981px) 1080px, 100vw\" class=\" swiper-lazy\" \/><\/a><\/div><div class=\"swiper-slide dsm_image_carousel_item\"><a class=\"dsm_image_carousel_lightbox\" href=\"https:\/\/www.verandair.com\/wp-content\/uploads\/2024\/02\/VERANDAIR-selection-35-pergola-fermee-1080x675.jpg\" data-mfp-src=\"https:\/\/www.verandair.com\/wp-content\/uploads\/2024\/02\/VERANDAIR-selection-35-pergola-fermee.jpg\"><img loading=\"lazy\" decoding=\"async\" src=\"https:\/\/www.verandair.com\/wp-content\/uploads\/2024\/02\/VERANDAIR-selection-35-pergola-fermee-1080x675.jpg\" alt=\"Pergola vitr\u00e9e le soir, \u00e9clair\u00e9e, avec fauteuil, table et chaises\" title=\"VERANDAIR-selection-35-pergola-fermee\" width=\"1080\" height=\"675\" data-dsm-image-description=\"\" srcset=\"https:\/\/www.verandair.com\/wp-content\/uploads\/2024\/02\/VERANDAIR-selection-35-pergola-fermee-1080x675.jpg 1080w, https:\/\/www.verandair.com\/wp-content\/uploads\/2024\/02\/VERANDAIR-selection-35-pergola-fermee-980x653.jpg 980w, https:\/\/www.verandair.com\/wp-content\/uploads\/2024\/02\/VERANDAIR-selection-35-pergola-fermee-480x320.jpg 480w\" sizes=\"(min-width: 0px) and (max-width: 480px) 480px, (min-width: 481px) and (max-width: 980px) 980px, (min-width: 981px) 1080px, 100vw\" class=\" swiper-lazy\" \/><\/a><\/div><div class=\"swiper-slide dsm_image_carousel_item\"><a class=\"dsm_image_carousel_lightbox\" href=\"https:\/\/www.verandair.com\/wp-content\/uploads\/2024\/02\/VERANDAIR-selection-18-restaurant-1080x675.jpg\" data-mfp-src=\"https:\/\/www.verandair.com\/wp-content\/uploads\/2024\/02\/VERANDAIR-selection-18-restaurant.jpg\"><img loading=\"lazy\" decoding=\"async\" src=\"https:\/\/www.verandair.com\/wp-content\/uploads\/2024\/02\/VERANDAIR-selection-18-restaurant-1080x675.jpg\" alt=\"Baie vitr\u00e9e pleine de charme qui ferme les c\u00f4t\u00e9s de la v\u00e9randa professionnelle adoss\u00e9e au Ch\u00e2teau de Bayard\" title=\"VERANDAIR-selection-18-restaurant\" width=\"1080\" height=\"675\" data-dsm-image-description=\"\" srcset=\"https:\/\/www.verandair.com\/wp-content\/uploads\/2024\/02\/VERANDAIR-selection-18-restaurant-1080x675.jpg 1080w, https:\/\/www.verandair.com\/wp-content\/uploads\/2024\/02\/VERANDAIR-selection-18-restaurant-980x653.jpg 980w, https:\/\/www.verandair.com\/wp-content\/uploads\/2024\/02\/VERANDAIR-selection-18-restaurant-480x320.jpg 480w\" sizes=\"(min-width: 0px) and (max-width: 480px) 480px, (min-width: 481px) and (max-width: 980px) 980px, (min-width: 981px) 1080px, 100vw\" class=\" swiper-lazy\" \/><\/a><\/div><div class=\"swiper-slide dsm_image_carousel_item\"><a class=\"dsm_image_carousel_lightbox\" href=\"https:\/\/www.verandair.com\/wp-content\/uploads\/2024\/02\/VERANDAIR-selection-15-restaurant-1080x675.jpg\" data-mfp-src=\"https:\/\/www.verandair.com\/wp-content\/uploads\/2024\/02\/VERANDAIR-selection-15-restaurant.jpg\"><img loading=\"lazy\" decoding=\"async\" src=\"https:\/\/www.verandair.com\/wp-content\/uploads\/2024\/02\/VERANDAIR-selection-15-restaurant-1080x675.jpg\" alt=\"Abri de terrasse horeca ferm\u00e9 le soir\" title=\"VERANDAIR-selection-15-restaurant\" width=\"1080\" height=\"675\" data-dsm-image-description=\"\" srcset=\"https:\/\/www.verandair.com\/wp-content\/uploads\/2024\/02\/VERANDAIR-selection-15-restaurant-1080x675.jpg 1080w, https:\/\/www.verandair.com\/wp-content\/uploads\/2024\/02\/VERANDAIR-selection-15-restaurant-980x653.jpg 980w, https:\/\/www.verandair.com\/wp-content\/uploads\/2024\/02\/VERANDAIR-selection-15-restaurant-480x320.jpg 480w\" sizes=\"(min-width: 0px) and (max-width: 480px) 480px, (min-width: 481px) and (max-width: 980px) 980px, (min-width: 981px) 1080px, 100vw\" class=\" swiper-lazy\" \/><\/a><\/div><div class=\"swiper-slide dsm_image_carousel_item\"><a class=\"dsm_image_carousel_lightbox\" href=\"https:\/\/www.verandair.com\/wp-content\/uploads\/2024\/02\/VERANDAIR-selection-40-pergola-fermee-1080x675.jpg\" data-mfp-src=\"https:\/\/www.verandair.com\/wp-content\/uploads\/2024\/02\/VERANDAIR-selection-40-pergola-fermee.jpg\"><img loading=\"lazy\" decoding=\"async\" src=\"https:\/\/www.verandair.com\/wp-content\/uploads\/2024\/02\/VERANDAIR-selection-40-pergola-fermee-1080x675.jpg\" alt=\"Pergola vitr\u00e9e avec vue sur des bonza\u00ef\" title=\"VERANDAIR-selection-40-pergola-fermee\" width=\"1080\" height=\"675\" data-dsm-image-description=\"\" srcset=\"https:\/\/www.verandair.com\/wp-content\/uploads\/2024\/02\/VERANDAIR-selection-40-pergola-fermee-1080x675.jpg 1080w, https:\/\/www.verandair.com\/wp-content\/uploads\/2024\/02\/VERANDAIR-selection-40-pergola-fermee-980x653.jpg 980w, https:\/\/www.verandair.com\/wp-content\/uploads\/2024\/02\/VERANDAIR-selection-40-pergola-fermee-480x320.jpg 480w\" sizes=\"(min-width: 0px) and (max-width: 480px) 480px, (min-width: 481px) and (max-width: 980px) 980px, (min-width: 981px) 1080px, 100vw\" class=\" swiper-lazy\" \/><\/a><\/div><div class=\"swiper-slide dsm_image_carousel_item\"><a class=\"dsm_image_carousel_lightbox\" href=\"https:\/\/www.verandair.com\/wp-content\/uploads\/2024\/02\/VERANDAIR-selection-26-restaurant-1080x675.jpg\" data-mfp-src=\"https:\/\/www.verandair.com\/wp-content\/uploads\/2024\/02\/VERANDAIR-selection-26-restaurant.jpg\"><img loading=\"lazy\" decoding=\"async\" src=\"https:\/\/www.verandair.com\/wp-content\/uploads\/2024\/02\/VERANDAIR-selection-26-restaurant-1080x675.jpg\" alt=\"Abri de terrasse horeca r\u00e9tractable qui est ouvert avec vue sur la terrasse de Village Garden\" title=\"VERANDAIR-selection-26-restaurant\" width=\"1080\" height=\"675\" data-dsm-image-description=\"\" srcset=\"https:\/\/www.verandair.com\/wp-content\/uploads\/2024\/02\/VERANDAIR-selection-26-restaurant-1080x675.jpg 1080w, https:\/\/www.verandair.com\/wp-content\/uploads\/2024\/02\/VERANDAIR-selection-26-restaurant-980x653.jpg 980w, https:\/\/www.verandair.com\/wp-content\/uploads\/2024\/02\/VERANDAIR-selection-26-restaurant-480x320.jpg 480w\" sizes=\"(min-width: 0px) and (max-width: 480px) 480px, (min-width: 481px) and (max-width: 980px) 980px, (min-width: 981px) 1080px, 100vw\" class=\" swiper-lazy\" \/><\/a><\/div><\/div><\/div>\n\t\t\t\t<\/div>\n\t\t\t<\/div>Notre exp\u00e9riencePlus de 35 ann\u00e9es d\u2019exp\u00e9rience et de savoir-faireVERANDAIR\u00ae, c\u2019est 35 ann\u00e9es d\u2019exp\u00e9rience, d\u2019\u00e9volution, d\u2019essais-erreurs et de r\u00e9flexion qui ont men\u00e9 aux produits de qualit\u00e9 que nous sommes en mesure de vous proposer aujourd&#8217;hui.<div class=\"et_pb_module dsm_content_timeline dsm_content_timeline_0 et_animated\">\n\t\t\t\t\n\t\t\t\t\n\t\t\t\t\n\t\t\t\t\n\t\t\t\t\n\t\t\t\t\n\t\t\t\t<div class=\"et_pb_module_inner\">\n\t\t\t\t\t<div class=\"dsm-content-timeline-items-wrapper dsm-center\" data-tree-animation=\"&#8221;on&#8221;\" data-tree-animation-tablet=\"\" data-tree-animation-phone=\"\" data-image_lightbox=\"off\">\n\t\t\t<div class=\"dsm-content-timeline-tree\">\n\t\t\t\t\n\t\t\t<\/div>\n\t\t   \n\t\t<\/div>\n\t\t\n\t\t\t\t<\/div>\n\t\t\t<\/div><\/p>\n","protected":false},"author":1,"featured_media":0,"parent":0,"menu_order":0,"comment_status":"closed","ping_status":"closed","template":"","meta":{"_acf_changed":false,"_et_pb_use_builder":"on","_et_pb_old_content":"","_et_gb_content_width":"","inline_featured_image":false,"footnotes":""},"class_list":["post-57674","page","type-page","status-publish","hentry"],"acf":[],"yoast_head":"<!-- This site is optimized with the Yoast SEO plugin v27.5 - https:\/\/yoast.com\/product\/yoast-seo-wordpress\/ -->\n<title>A propos professionnels | VERANDAIR\u00ae<\/title>\n<meta name=\"description\" content=\"Verandair, partenaire de confiance pour les professionnels. Solutions d&#039;abris sur mesure pour restaurants, entreprises et collectivit\u00e9s.\" \/>\n<meta name=\"robots\" content=\"index, follow, max-snippet:-1, max-image-preview:large, max-video-preview:-1\" \/>\n<link rel=\"canonical\" href=\"https:\/\/www.verandair.com\/fr\/a-propos-professionnels\/\" \/>\n<meta property=\"og:locale\" content=\"fr_FR\" \/>\n<meta property=\"og:type\" content=\"article\" \/>\n<meta property=\"og:title\" content=\"A propos professionnels | VERANDAIR\u00ae\" \/>\n<meta property=\"og:description\" content=\"Verandair, partenaire de confiance pour les professionnels. Solutions d&#039;abris sur mesure pour restaurants, entreprises et collectivit\u00e9s.\" \/>\n<meta property=\"og:url\" content=\"https:\/\/www.verandair.com\/fr\/a-propos-professionnels\/\" \/>\n<meta property=\"og:site_name\" content=\"VERANDAIR\u00ae\" \/>\n<meta property=\"article:modified_time\" content=\"2026-02-27T09:41:35+00:00\" \/>\n<meta name=\"twitter:card\" content=\"summary_large_image\" \/>\n<meta name=\"twitter:label1\" content=\"Dur\u00e9e de lecture estim\u00e9e\" \/>\n\t<meta name=\"twitter:data1\" content=\"8 minutes\" \/>\n<script type=\"application\/ld+json\" class=\"yoast-schema-graph\">{\"@context\":\"https:\\\/\\\/schema.org\",\"@graph\":[{\"@type\":\"WebPage\",\"@id\":\"https:\\\/\\\/www.verandair.com\\\/fr\\\/a-propos-professionnels\\\/\",\"url\":\"https:\\\/\\\/www.verandair.com\\\/fr\\\/a-propos-professionnels\\\/\",\"name\":\"A propos professionnels | VERANDAIR\u00ae\",\"isPartOf\":{\"@id\":\"https:\\\/\\\/www.verandair.com\\\/fr\\\/#website\"},\"datePublished\":\"2024-02-28T10:40:04+00:00\",\"dateModified\":\"2026-02-27T09:41:35+00:00\",\"description\":\"Verandair, partenaire de confiance pour les professionnels. Solutions d'abris sur mesure pour restaurants, entreprises et collectivit\u00e9s.\",\"breadcrumb\":{\"@id\":\"https:\\\/\\\/www.verandair.com\\\/fr\\\/a-propos-professionnels\\\/#breadcrumb\"},\"inLanguage\":\"fr-FR\",\"potentialAction\":[{\"@type\":\"ReadAction\",\"target\":[\"https:\\\/\\\/www.verandair.com\\\/fr\\\/a-propos-professionnels\\\/\"]}]},{\"@type\":\"BreadcrumbList\",\"@id\":\"https:\\\/\\\/www.verandair.com\\\/fr\\\/a-propos-professionnels\\\/#breadcrumb\",\"itemListElement\":[{\"@type\":\"ListItem\",\"position\":1,\"name\":\"Accueil\",\"item\":{\"@type\":\"WebPage\",\"@id\":\"https:\\\/\\\/www.verandair.com\\\/fr\\\/\",\"name\":\"Accueil\"}},{\"@type\":\"ListItem\",\"position\":2,\"name\":\"A propos professionnels\"}]},{\"@type\":\"WebSite\",\"@id\":\"https:\\\/\\\/www.verandair.com\\\/fr\\\/#website\",\"url\":\"https:\\\/\\\/www.verandair.com\\\/fr\\\/\",\"name\":\"VERANDAIR\u00ae\",\"description\":\"\",\"publisher\":{\"@id\":\"https:\\\/\\\/www.verandair.com\\\/fr\\\/#organization\"},\"potentialAction\":[{\"@type\":\"SearchAction\",\"target\":{\"@type\":\"EntryPoint\",\"urlTemplate\":\"https:\\\/\\\/www.verandair.com\\\/fr\\\/?s={search_term_string}\"},\"query-input\":{\"@type\":\"PropertyValueSpecification\",\"valueRequired\":true,\"valueName\":\"search_term_string\"}}],\"inLanguage\":\"fr-FR\"},{\"@type\":\"Organization\",\"@id\":\"https:\\\/\\\/www.verandair.com\\\/fr\\\/#organization\",\"name\":\"Verandair\",\"url\":\"https:\\\/\\\/www.verandair.com\\\/fr\\\/\",\"logo\":{\"@type\":\"ImageObject\",\"inLanguage\":\"fr-FR\",\"@id\":\"https:\\\/\\\/www.verandair.com\\\/fr\\\/#\\\/schema\\\/logo\\\/image\\\/\",\"url\":\"https:\\\/\\\/www.verandair.com\\\/wp-content\\\/uploads\\\/2024\\\/06\\\/VERANDAIR-logo.png\",\"contentUrl\":\"https:\\\/\\\/www.verandair.com\\\/wp-content\\\/uploads\\\/2024\\\/06\\\/VERANDAIR-logo.png\",\"width\":283,\"height\":127,\"caption\":\"Verandair\"},\"image\":{\"@id\":\"https:\\\/\\\/www.verandair.com\\\/fr\\\/#\\\/schema\\\/logo\\\/image\\\/\"}}]}<\/script>\n<!-- \/ Yoast SEO plugin. -->","yoast_head_json":{"title":"A propos professionnels | VERANDAIR\u00ae","description":"Verandair, partenaire de confiance pour les professionnels. Solutions d'abris sur mesure pour restaurants, entreprises et collectivit\u00e9s.","robots":{"index":"index","follow":"follow","max-snippet":"max-snippet:-1","max-image-preview":"max-image-preview:large","max-video-preview":"max-video-preview:-1"},"canonical":"https:\/\/www.verandair.com\/fr\/a-propos-professionnels\/","og_locale":"fr_FR","og_type":"article","og_title":"A propos professionnels | VERANDAIR\u00ae","og_description":"Verandair, partenaire de confiance pour les professionnels. Solutions d'abris sur mesure pour restaurants, entreprises et collectivit\u00e9s.","og_url":"https:\/\/www.verandair.com\/fr\/a-propos-professionnels\/","og_site_name":"VERANDAIR\u00ae","article_modified_time":"2026-02-27T09:41:35+00:00","twitter_card":"summary_large_image","twitter_misc":{"Dur\u00e9e de lecture estim\u00e9e":"8 minutes"},"schema":{"@context":"https:\/\/schema.org","@graph":[{"@type":"WebPage","@id":"https:\/\/www.verandair.com\/fr\/a-propos-professionnels\/","url":"https:\/\/www.verandair.com\/fr\/a-propos-professionnels\/","name":"A propos professionnels | VERANDAIR\u00ae","isPartOf":{"@id":"https:\/\/www.verandair.com\/fr\/#website"},"datePublished":"2024-02-28T10:40:04+00:00","dateModified":"2026-02-27T09:41:35+00:00","description":"Verandair, partenaire de confiance pour les professionnels. Solutions d'abris sur mesure pour restaurants, entreprises et collectivit\u00e9s.","breadcrumb":{"@id":"https:\/\/www.verandair.com\/fr\/a-propos-professionnels\/#breadcrumb"},"inLanguage":"fr-FR","potentialAction":[{"@type":"ReadAction","target":["https:\/\/www.verandair.com\/fr\/a-propos-professionnels\/"]}]},{"@type":"BreadcrumbList","@id":"https:\/\/www.verandair.com\/fr\/a-propos-professionnels\/#breadcrumb","itemListElement":[{"@type":"ListItem","position":1,"name":"Accueil","item":{"@type":"WebPage","@id":"https:\/\/www.verandair.com\/fr\/","name":"Accueil"}},{"@type":"ListItem","position":2,"name":"A propos professionnels"}]},{"@type":"WebSite","@id":"https:\/\/www.verandair.com\/fr\/#website","url":"https:\/\/www.verandair.com\/fr\/","name":"VERANDAIR\u00ae","description":"","publisher":{"@id":"https:\/\/www.verandair.com\/fr\/#organization"},"potentialAction":[{"@type":"SearchAction","target":{"@type":"EntryPoint","urlTemplate":"https:\/\/www.verandair.com\/fr\/?s={search_term_string}"},"query-input":{"@type":"PropertyValueSpecification","valueRequired":true,"valueName":"search_term_string"}}],"inLanguage":"fr-FR"},{"@type":"Organization","@id":"https:\/\/www.verandair.com\/fr\/#organization","name":"Verandair","url":"https:\/\/www.verandair.com\/fr\/","logo":{"@type":"ImageObject","inLanguage":"fr-FR","@id":"https:\/\/www.verandair.com\/fr\/#\/schema\/logo\/image\/","url":"https:\/\/www.verandair.com\/wp-content\/uploads\/2024\/06\/VERANDAIR-logo.png","contentUrl":"https:\/\/www.verandair.com\/wp-content\/uploads\/2024\/06\/VERANDAIR-logo.png","width":283,"height":127,"caption":"Verandair"},"image":{"@id":"https:\/\/www.verandair.com\/fr\/#\/schema\/logo\/image\/"}}]}},"_links":{"self":[{"href":"https:\/\/www.verandair.com\/fr\/wp-json\/wp\/v2\/pages\/57674","targetHints":{"allow":["GET"]}}],"collection":[{"href":"https:\/\/www.verandair.com\/fr\/wp-json\/wp\/v2\/pages"}],"about":[{"href":"https:\/\/www.verandair.com\/fr\/wp-json\/wp\/v2\/types\/page"}],"author":[{"embeddable":true,"href":"https:\/\/www.verandair.com\/fr\/wp-json\/wp\/v2\/users\/1"}],"replies":[{"embeddable":true,"href":"https:\/\/www.verandair.com\/fr\/wp-json\/wp\/v2\/comments?post=57674"}],"version-history":[{"count":9,"href":"https:\/\/www.verandair.com\/fr\/wp-json\/wp\/v2\/pages\/57674\/revisions"}],"predecessor-version":[{"id":74383,"href":"https:\/\/www.verandair.com\/fr\/wp-json\/wp\/v2\/pages\/57674\/revisions\/74383"}],"wp:attachment":[{"href":"https:\/\/www.verandair.com\/fr\/wp-json\/wp\/v2\/media?parent=57674"}],"curies":[{"name":"wp","href":"https:\/\/api.w.org\/{rel}","templated":true}]}}