{"id":57910,"date":"2024-02-29T16:38:27","date_gmt":"2024-02-29T15:38:27","guid":{"rendered":"https:\/\/verandair-pro.poush-dev.be\/?page_id=57910"},"modified":"2026-02-27T12:00:44","modified_gmt":"2026-02-27T11:00:44","slug":"accessoires","status":"publish","type":"page","link":"https:\/\/www.verandair.com\/fr\/pergolas\/accessoires\/","title":{"rendered":"Accessoires"},"content":{"rendered":"<p>[et_pb_section fb_built=&#8221;1&#8243; _builder_version=&#8221;4.24.0&#8243; _module_preset=&#8221;b213633d-5762-446f-872e-5ca2bd12b219&#8243; custom_padding=&#8221;0px|200px|0px|200px|true|true&#8221; sticky_position=&#8221;top&#8221; sticky_position_tablet=&#8221;none&#8221; sticky_position_phone=&#8221;none&#8221; sticky_position_last_edited=&#8221;on|tablet&#8221; box_shadow_style=&#8221;preset3&#8243; box_shadow_color=&#8221;RGBA(255,255,255,0)&#8221; global_colors_info=&#8221;{}&#8221; box_shadow_color__sticky_enabled=&#8221;on|sticky&#8221; box_shadow_color__sticky=&#8221;rgba(0,0,0,0.1)&#8221;][et_pb_row column_structure=&#8221;2_3,1_3&#8243; use_custom_gutter=&#8221;on&#8221; gutter_width=&#8221;1&#8243; make_equal=&#8221;on&#8221; _builder_version=&#8221;4.24.0&#8243; _module_preset=&#8221;e9563919-a9a0-4773-9250-81452e196558&#8243; custom_css_main_element=&#8221;align-items: center;&#8221; global_colors_info=&#8221;{}&#8221;][et_pb_column type=&#8221;2_3&#8243; _builder_version=&#8221;4.24.0&#8243; _module_preset=&#8221;default&#8221; global_colors_info=&#8221;{}&#8221;][dsm_breadcrumbs home_text=&#8221; &#8221; home_icon=&#8221;&#xe009;||divi||400&#8243; align=&#8221;left&#8221; _builder_version=&#8221;4.24.2&#8243; _module_preset=&#8221;default&#8221; custom_margin=&#8221;||0px||false|false&#8221; animation_style=&#8221;none&#8221; custom_css_free_form=&#8221;@media screen and (min-width: 768px) {||  selector .dsm_breadcrumbs {||      justify-content: center!important;||  }||}&#8221; global_colors_info=&#8221;{}&#8221;][\/dsm_breadcrumbs][et_pb_text _builder_version=&#8221;4.24.2&#8243; _module_preset=&#8221;default&#8221; header_font_size=&#8221;35px&#8221; custom_margin=&#8221;||0px||false|false&#8221; header_font_size_tablet=&#8221;25px&#8221; text_orientation_tablet=&#8221;center&#8221; text_orientation_phone=&#8221;center&#8221; text_orientation_last_edited=&#8221;on|tablet&#8221; global_colors_info=&#8221;{}&#8221;]<\/p>\n<h1>Accessoires pour terrasse<\/h1>\n<p>[\/et_pb_text][\/et_pb_column][et_pb_column type=&#8221;1_3&#8243; _builder_version=&#8221;4.24.0&#8243; _module_preset=&#8221;default&#8221; global_colors_info=&#8221;{}&#8221;][et_pb_button button_url=&#8221;@ET-DC@eyJkeW5hbWljIjp0cnVlLCJjb250ZW50IjoicG9zdF9saW5rX3VybF9wYWdlIiwic2V0dGluZ3MiOnsicG9zdF9pZCI6IjgwIn19@&#8221; button_text=&#8221;Demander une \u00e9tude gratuite&#8221; button_alignment=&#8221;center&#8221; _builder_version=&#8221;4.24.2&#8243; _dynamic_attributes=&#8221;button_url&#8221; _module_preset=&#8221;b50e34d2-0b8d-4c79-bf16-96cda59bf9d7&#8243; button_text_size=&#8221;16px&#8221; custom_margin=&#8221;||10px||false|false&#8221; animation_style=&#8221;none&#8221; global_colors_info=&#8221;{}&#8221;][\/et_pb_button][et_pb_text _builder_version=&#8221;4.24.2&#8243; _module_preset=&#8221;default&#8221; text_font=&#8221;|700|||||||&#8221; text_text_color=&#8221;gcid-02eea4c1-992a-4bff-aee2-539b98054199&#8243; text_font_size=&#8221;15px&#8221; text_orientation=&#8221;center&#8221; animation_style=&#8221;slide&#8221; animation_direction=&#8221;top&#8221; animation_duration=&#8221;300ms&#8221; text_font_size_tablet=&#8221;14px&#8221; text_font_size_phone=&#8221;14px&#8221; text_font_size_last_edited=&#8221;on|desktop&#8221; global_colors_info=&#8221;{%22gcid-02eea4c1-992a-4bff-aee2-539b98054199%22:%91%22text_text_color%22%93}&#8221;]<\/p>\n<p>R\u00e9ponse sous 24h !<\/p>\n<p>[\/et_pb_text][\/et_pb_column][\/et_pb_row][\/et_pb_section][et_pb_section fb_built=&#8221;1&#8243; _builder_version=&#8221;4.24.0&#8243; _module_preset=&#8221;b213633d-5762-446f-872e-5ca2bd12b219&#8243; custom_padding=&#8221;0px|200px||200px|false|true&#8221; global_colors_info=&#8221;{}&#8221;][et_pb_row column_structure=&#8221;3_4,1_4&#8243; use_custom_gutter=&#8221;on&#8221; gutter_width=&#8221;1&#8243; _builder_version=&#8221;4.24.2&#8243; _module_preset=&#8221;e9563919-a9a0-4773-9250-81452e196558&#8243; global_colors_info=&#8221;{}&#8221;][et_pb_column type=&#8221;3_4&#8243; _builder_version=&#8221;4.24.0&#8243; _module_preset=&#8221;default&#8221; global_colors_info=&#8221;{}&#8221;][dsm_image_carousel gallery_ids=&#8221;57620,57622,14477,57725,57619,11911&#8243; lazyload=&#8221;on&#8221; _builder_version=&#8221;4.24.2&#8243; _module_preset=&#8221;4e4c5b36-454f-4102-8d60-65a09160b758&#8243; global_colors_info=&#8221;{}&#8221;][\/dsm_image_carousel][\/et_pb_column][et_pb_column type=&#8221;1_4&#8243; disabled_on=&#8221;on|on|off&#8221; _builder_version=&#8221;4.24.2&#8243; _module_preset=&#8221;default&#8221; custom_padding=&#8221;50px|15px||15px|false|true&#8221; global_colors_info=&#8221;{}&#8221;][et_pb_text _builder_version=&#8221;4.24.0&#8243; _module_preset=&#8221;2c545684-fec4-4e42-ad11-b3a141bbddcb&#8221; global_colors_info=&#8221;{}&#8221;]<\/p>\n<p>ALU\u20286061 T6<\/p>\n<p>[\/et_pb_text][et_pb_text _builder_version=&#8221;4.24.0&#8243; _module_preset=&#8221;default&#8221; text_orientation=&#8221;center&#8221; custom_margin=&#8221;||30px||false|false&#8221; global_colors_info=&#8221;{}&#8221;]<\/p>\n<p>anti-corrosion<\/p>\n<p>[\/et_pb_text][et_pb_divider show_divider=&#8221;off&#8221; _builder_version=&#8221;4.24.0&#8243; _module_preset=&#8221;2adabd0f-cb12-404f-9aa7-a3088280e564&#8243; module_alignment=&#8221;center&#8221; global_colors_info=&#8221;{}&#8221;][\/et_pb_divider][et_pb_text _builder_version=&#8221;4.24.0&#8243; _module_preset=&#8221;2c545684-fec4-4e42-ad11-b3a141bbddcb&#8221; global_colors_info=&#8221;{}&#8221;]<\/p>\n<p>2500<\/p>\n<p>[\/et_pb_text][et_pb_text _builder_version=&#8221;4.24.0&#8243; _module_preset=&#8221;default&#8221; text_orientation=&#8221;center&#8221; custom_margin=&#8221;||30px||false|false&#8221; global_colors_info=&#8221;{}&#8221;]<\/p>\n<p>coloris RAL<\/p>\n<p>[\/et_pb_text][et_pb_divider show_divider=&#8221;off&#8221; _builder_version=&#8221;4.24.0&#8243; _module_preset=&#8221;2adabd0f-cb12-404f-9aa7-a3088280e564&#8243; module_alignment=&#8221;center&#8221; global_colors_info=&#8221;{}&#8221;][\/et_pb_divider][et_pb_image src=&#8221;https:\/\/www.verandair.com\/wp-content\/uploads\/2024\/02\/qualicoat-qualimarine.jpeg&#8221; title_text=&#8221;qualicoat-qualimarine&#8221; align=&#8221;center&#8221; _builder_version=&#8221;4.24.0&#8243; _module_preset=&#8221;default&#8221; width=&#8221;120px&#8221; max_width=&#8221;120px&#8221; global_colors_info=&#8221;{}&#8221;][\/et_pb_image][\/et_pb_column][\/et_pb_row][\/et_pb_section][et_pb_section fb_built=&#8221;1&#8243; _builder_version=&#8221;4.24.0&#8243; _module_preset=&#8221;b213633d-5762-446f-872e-5ca2bd12b219&#8243; background_color=&#8221;gcid-7df8ee83-ae0d-4f60-a763-b085a292aac7&#8243; custom_padding_tablet=&#8221;|0px|0px|0px|false|true&#8221; global_colors_info=&#8221;{%22gcid-7df8ee83-ae0d-4f60-a763-b085a292aac7%22:%91%22background_color%22%93}&#8221;][et_pb_row column_structure=&#8221;3_5,1_5,1_5&#8243; _builder_version=&#8221;4.24.0&#8243; _module_preset=&#8221;e9563919-a9a0-4773-9250-81452e196558&#8243; global_colors_info=&#8221;{}&#8221;][et_pb_column type=&#8221;3_5&#8243; _builder_version=&#8221;4.24.0&#8243; _module_preset=&#8221;default&#8221; global_colors_info=&#8221;{}&#8221;][et_pb_text _builder_version=&#8221;4.24.2&#8243; _module_preset=&#8221;default&#8221; custom_margin=&#8221;||30px||false|false&#8221; global_colors_info=&#8221;{}&#8221;]<\/p>\n<h2>Ajoutez des <strong>accessoires<\/strong> \u00e0 votre pergola !<\/h2>\n<p>[\/et_pb_text][et_pb_divider _builder_version=&#8221;4.24.0&#8243; _module_preset=&#8221;2adabd0f-cb12-404f-9aa7-a3088280e564&#8243; global_colors_info=&#8221;{}&#8221;][\/et_pb_divider][et_pb_text _builder_version=&#8221;4.24.2&#8243; _module_preset=&#8221;default&#8221; custom_margin=&#8221;||50px||false|false&#8221; global_colors_info=&#8221;{}&#8221;]<\/p>\n<p>Il existe mille et une fa\u00e7on d&#8217;am\u00e9nager votre pergola pour rendre ce lieu de vie encore plus accueillant ! La pergola est con\u00e7ue pour \u00e9voluer. Commencez avec une base simple et ajoutez-y des accessoires vari\u00e9s selon vos go\u00fbts et votre budget. Cette approche vous aide \u00e0 \u00e9taler les co\u00fbts, \u00e0 renouveler plus souvent le style de votre espace et \u00e0 profiter de votre pergola toute l&#8217;ann\u00e9e !<\/p>\n<p>[\/et_pb_text][\/et_pb_column][et_pb_column type=&#8221;1_5&#8243; _builder_version=&#8221;4.24.0&#8243; _module_preset=&#8221;default&#8221; custom_padding=&#8221;||0px||false|false&#8221; custom_css_main_element=&#8221;max-width: 50%;&#8221; global_colors_info=&#8221;{}&#8221;][et_pb_image src=&#8221;https:\/\/www.verandair.com\/wp-content\/uploads\/2024\/02\/VERANDAIR-fabrication-belge.svg&#8221; title_text=&#8221;VERANDAIR-fabrication-belge&#8221; align=&#8221;center&#8221; _builder_version=&#8221;4.24.0&#8243; _module_preset=&#8221;default&#8221; width=&#8221;150px&#8221; width_tablet=&#8221;80px&#8221; width_phone=&#8221;80px&#8221; width_last_edited=&#8221;on|tablet&#8221; max_width=&#8221;150px&#8221; max_width_tablet=&#8221;80px&#8221; max_width_phone=&#8221;80px&#8221; max_width_last_edited=&#8221;on|desktop&#8221; custom_margin=&#8221;||30px||false|false&#8221; global_module=&#8221;2566&#8243; saved_tabs=&#8221;all&#8221; global_colors_info=&#8221;{}&#8221;][\/et_pb_image][et_pb_image src=&#8221;https:\/\/www.verandair.com\/wp-content\/uploads\/2024\/02\/VERANDAIR-sur-mesure.svg&#8221; title_text=&#8221;VERANDAIR-sur-mesure&#8221; align=&#8221;center&#8221; _builder_version=&#8221;4.24.0&#8243; _module_preset=&#8221;default&#8221; width=&#8221;150px&#8221; width_tablet=&#8221;80px&#8221; width_phone=&#8221;80px&#8221; width_last_edited=&#8221;on|tablet&#8221; max_width=&#8221;150px&#8221; max_width_tablet=&#8221;80px&#8221; max_width_phone=&#8221;80px&#8221; max_width_last_edited=&#8221;on|desktop&#8221; custom_margin=&#8221;||30px||false|false&#8221; global_module=&#8221;2567&#8243; saved_tabs=&#8221;all&#8221; global_colors_info=&#8221;{}&#8221;][\/et_pb_image][\/et_pb_column][et_pb_column type=&#8221;1_5&#8243; _builder_version=&#8221;4.24.0&#8243; _module_preset=&#8221;default&#8221; custom_padding=&#8221;||0px||false|false&#8221; custom_css_main_element=&#8221;max-width: 50%;&#8221; global_colors_info=&#8221;{}&#8221;][et_pb_image src=&#8221;https:\/\/www.verandair.com\/wp-content\/uploads\/2026\/01\/VERANDAIR-garantie.svg&#8221; title_text=&#8221;VERANDAIR-garantie&#8221; align=&#8221;center&#8221; _builder_version=&#8221;4.27.5&#8243; _module_preset=&#8221;default&#8221; width=&#8221;150px&#8221; width_tablet=&#8221;80px&#8221; width_phone=&#8221;80px&#8221; width_last_edited=&#8221;on|tablet&#8221; max_width=&#8221;150px&#8221; max_width_tablet=&#8221;80px&#8221; max_width_phone=&#8221;80px&#8221; max_width_last_edited=&#8221;on|desktop&#8221; custom_margin=&#8221;||30px||false|false&#8221; global_module=&#8221;2568&#8243; saved_tabs=&#8221;all&#8221; global_colors_info=&#8221;{}&#8221;][\/et_pb_image][et_pb_image src=&#8221;https:\/\/www.verandair.com\/wp-content\/uploads\/2026\/01\/VERANDAIR-projets-realises.svg&#8221; title_text=&#8221;VERANDAIR-projets-realises&#8221; align=&#8221;center&#8221; _builder_version=&#8221;4.27.5&#8243; _module_preset=&#8221;default&#8221; width=&#8221;150px&#8221; width_tablet=&#8221;80px&#8221; width_phone=&#8221;80px&#8221; width_last_edited=&#8221;on|tablet&#8221; max_width=&#8221;150px&#8221; max_width_tablet=&#8221;80px&#8221; max_width_phone=&#8221;80px&#8221; max_width_last_edited=&#8221;on|desktop&#8221; custom_margin=&#8221;||30px||false|false&#8221; global_module=&#8221;2569&#8243; saved_tabs=&#8221;all&#8221; global_colors_info=&#8221;{}&#8221;][\/et_pb_image][\/et_pb_column][\/et_pb_row][\/et_pb_section][et_pb_section fb_built=&#8221;1&#8243; _builder_version=&#8221;4.24.2&#8243; _module_preset=&#8221;default&#8221; background_color=&#8221;#232735&#8243; global_colors_info=&#8221;{}&#8221;][et_pb_row _builder_version=&#8221;4.24.2&#8243; _module_preset=&#8221;default&#8221; global_colors_info=&#8221;{}&#8221;][et_pb_column type=&#8221;4_4&#8243; _builder_version=&#8221;4.24.2&#8243; _module_preset=&#8221;default&#8221; global_colors_info=&#8221;{}&#8221;][et_pb_text _builder_version=&#8221;4.24.2&#8243; _module_preset=&#8221;92aae06f-c11a-4f4c-95ff-b8e28412f5a2&#8243; locked=&#8221;off&#8221; global_colors_info=&#8221;{}&#8221;]<\/p>\n<p>Mod\u00e8les<\/p>\n<p>[\/et_pb_text][et_pb_text _builder_version=&#8221;4.24.2&#8243; _module_preset=&#8221;5298e62e-f7ac-4dd9-b361-006fc4da68de&#8221; text_font_size=&#8221;20px&#8221; text_line_height=&#8221;1.9em&#8221; text_orientation=&#8221;center&#8221; background_layout=&#8221;dark&#8221; custom_margin=&#8221;||35px||false|false&#8221; animation_style=&#8221;fade&#8221; locked=&#8221;off&#8221; global_colors_info=&#8221;{}&#8221;]<\/p>\n<h2 style=\"margin-top: 20.0pt;\"><span lang=\"fr\">Nos diff\u00e9rents <strong>accessoires<\/strong> VERANDAIR\u00ae<o:p><\/o:p><\/span><\/h2>\n<h2><span data-metadata=\"&lt;!--(figmeta)eyJmaWxlS2V5IjoiNDJrcExzUGY2N0VsN0FkMldFdElreCIsInBhc3RlSUQiOjI1NDM4MDY0MSwiZGF0YVR5cGUiOiJzY2VuZSJ9Cg==(\/figmeta)--&gt;\"><\/span><\/h2>\n<p>[\/et_pb_text][et_pb_divider _builder_version=&#8221;4.24.0&#8243; _module_preset=&#8221;2adabd0f-cb12-404f-9aa7-a3088280e564&#8243; module_alignment=&#8221;center&#8221; locked=&#8221;off&#8221; global_colors_info=&#8221;{}&#8221;][\/et_pb_divider][\/et_pb_column][\/et_pb_row][et_pb_row _builder_version=&#8221;4.24.2&#8243; _module_preset=&#8221;e9563919-a9a0-4773-9250-81452e196558&#8243; locked=&#8221;off&#8221; global_colors_info=&#8221;{}&#8221;][et_pb_column type=&#8221;4_4&#8243; _builder_version=&#8221;4.24.0&#8243; _module_preset=&#8221;default&#8221; global_colors_info=&#8221;{}&#8221;][dsm_faq dsm_open_faq_item=&#8221;on&#8221; dsm_open_font_icon=&#8221;&#x4b;||divi||400&#8243; dsm_close_font_icon=&#8221;&#x4c;||divi||400&#8243; dsm_animate_icon=&#8221;on&#8221; _builder_version=&#8221;4.27.0&#8243; _module_preset=&#8221;e643eeaa-a52c-477a-9ee9-2f346d499d98&#8243; max_width=&#8221;80%&#8221; module_alignment=&#8221;center&#8221; global_colors_info=&#8221;{}&#8221;][dsm_faq_child dsm_title=&#8221;La baie vitr\u00e9e&#8221; dsm_content=&#8221;<strong>Ajoutez une baie vitr\u00e9e<\/strong> \u00e0 votre pergola \u00e0 toit fixe ou bioclimatique pour lui <strong>apporter une touche design.<\/strong> La pergola vitr\u00e9e est baign\u00e9e de lumi\u00e8re naturelle et vous offre une vue imprenable sur votre jardin. Cet accessoire de pergola agit comme une porte fen\u00eatre ou un s\u00e9parateur et maximise votre espace.<\/p>\n<div class=%22et_pb_button_module_wrapper et_pb_button_0_wrapper et_pb_module et_had_animation%22 style=%22margin-top: 30px;%22><a class=%22et_pb_button et_pb_button_0 dl-double-border-center et_pb_bg_layout_light%22 href=%22https:\/\/www.verandair.com\/baie-vitree-coulissante\/%22>D\u00e9couvrez les baies vitr\u00e9es coulissantes<\/a><\/div>\n<p>&#8221; dsm_child_use_image=&#8221;on&#8221; dsm_close_child_image=&#8221;https:\/\/www.verandair.com\/wp-content\/uploads\/2024\/02\/BEN_5605-scaled.jpeg&#8221; dsm_close_image_padding=&#8221;||||false|false&#8221; _builder_version=&#8221;4.24.2&#8243; _module_preset=&#8221;default&#8221; global_colors_info=&#8221;{}&#8221; parentOrderClass=&#8221;dsm_faq_0&#8243;][\/dsm_faq_child][dsm_faq_child dsm_title=&#8221;Le voile solaire&#8221; dsm_content=&#8221;<\/p>\n<p>Pour accessoiriser votre pergola, optez pour <strong>des voiles solaires ou des screens<\/strong>. Ils sont une <strong>protection optimale contre la chaleur solaire<\/strong> lors des journ\u00e9es chaudes d&#8217;\u00e9t\u00e9. Cet accessoire astucieux garantit un grand confort et une intimit\u00e9, en vous <strong>pr\u00e9servant des regards indiscrets<\/strong>. Ce n&#8217;est pas tout ! Les stores, faciles \u00e0 installer, ajoutent une touche de style \u00e0 votre pergola.<\/p>\n<p>&#8221; dsm_child_use_image=&#8221;on&#8221; dsm_close_child_image=&#8221;https:\/\/www.verandair.com\/wp-content\/uploads\/2019\/09\/baies-coulissantes-en-verre-verandair-realisation.jpg&#8221; dsm_close_image_padding=&#8221;||||false|false&#8221; _builder_version=&#8221;4.24.2&#8243; _module_preset=&#8221;default&#8221; global_colors_info=&#8221;{}&#8221; parentOrderClass=&#8221;dsm_faq_0&#8243;][\/dsm_faq_child][dsm_faq_child dsm_title=&#8221;Le syst\u00e8me de chauffage&#8221; dsm_content=&#8221;<\/p>\n<p><span>Imaginez la d\u00e9gustation de votre caf\u00e9 matinal bien au chaud ?Admirez le charme de votre pergola et de votre jardin, m\u00eame par temps froid ? C&#8217;est possible avec l&#8217;ajout d&#8217;un <strong>chauffage d&#8217;appoint, \u00e9lectrique ou au gaz<\/strong>. Un chauffage d&#8217;appoint, qu&#8217;il soit mobile ou fixe, rend votre terrasse agr\u00e9able toute l&#8217;ann\u00e9e. Cette solution simple r\u00e9chauffe votre espace ext\u00e9rieur et <strong>apporte de la convivialit\u00e9 en toute saison<\/strong>.<\/span><\/p>\n<p>&#8221; dsm_child_use_image=&#8221;on&#8221; dsm_close_child_image=&#8221;https:\/\/www.verandair.com\/wp-content\/uploads\/2023\/11\/Design-sans-titre-15.jpg&#8221; dsm_close_image_padding=&#8221;||||false|false&#8221; _builder_version=&#8221;4.24.2&#8243; _module_preset=&#8221;default&#8221; global_colors_info=&#8221;{}&#8221; parentOrderClass=&#8221;dsm_faq_0&#8243;][\/dsm_faq_child][dsm_faq_child dsm_title=&#8221;L&#8217;auvent de terrasse&#8221; dsm_content=&#8221;<\/p>\n<p>L&#8217;<strong><a href=%22https:\/\/www.verandair.com\/fr\/pergolas\/auvent-terrasse\/%22>auvent de terrasse<\/a> sign\u00e9 Verandair<\/strong> est une v\u00e9ritable invitation \u00e0 profiter pleinement du grand air, quelles que soient les saisons. Nos auvents allient avec brio \u00e9l\u00e9gance et fonctionnalit\u00e9, pour embellir votre terrasse. Avec sa <strong>conception robuste<\/strong> et son esth\u00e9tisme raffin\u00e9, il promet une r\u00e9sistance face aux caprices de la m\u00e9t\u00e9o et une <strong>touche de sophistication \u00e0 votre terrasse<\/strong>.<\/p>\n<div class=%22et_pb_button_module_wrapper et_pb_button_0_wrapper et_pb_module et_had_animation%22 style=%22margin-top: 30px;%22><a class=%22et_pb_button et_pb_button_0 dl-double-border-center et_pb_bg_layout_light%22 href=%22https:\/\/www.verandair.com\/auvent-de-terrasse\/%22>En savoir plus sur les auvents de terrasse<\/a><\/div>\n<p>&#8221; dsm_child_use_image=&#8221;on&#8221; dsm_close_child_image=&#8221;https:\/\/www.verandair.com\/wp-content\/uploads\/2024\/02\/auvent-terrasse-verandair-1.jpeg&#8221; dsm_close_image_padding=&#8221;||||false|false&#8221; _builder_version=&#8221;4.27.0&#8243; _module_preset=&#8221;default&#8221; global_colors_info=&#8221;{}&#8221; parentOrderClass=&#8221;dsm_faq_0&#8243;][\/dsm_faq_child][dsm_faq_child dsm_title=&#8221;L&#8217;\u00e9clairage ext\u00e9rieur&#8221; dsm_content=&#8221;<\/p>\n<p>Illuminez votre terrasse avec des <strong>LEDs<\/strong> ou des <strong>guirlandes lumineuses<\/strong> pour cr\u00e9er un espace accueillant et chaleureux. L&#8217;\u00e9clairage ext\u00e9rieur n&#8217;est pas uniquement fonctionnel. Il ajoute une touche esth\u00e9tique \u00e0 votre espace en cr\u00e9ant <strong>un cocon lumineux<\/strong>. Que ce soit pour un d\u00eener en amoureux, une f\u00eate entre amis ou simplement un soir\u00e9e d\u00e9tente, ces \u00e9clairages mettent en valeur votre terrasse !<\/p>\n<p>&#8221; dsm_child_use_image=&#8221;on&#8221; dsm_close_child_image=&#8221;https:\/\/www.verandair.com\/wp-content\/uploads\/2019\/06\/photo-pergola-en-aluminium-Verandair.jpg&#8221; dsm_close_image_padding=&#8221;||||false|false&#8221; _builder_version=&#8221;4.24.2&#8243; _module_preset=&#8221;default&#8221; global_colors_info=&#8221;{}&#8221; parentOrderClass=&#8221;dsm_faq_0&#8243;][\/dsm_faq_child][\/dsm_faq][\/et_pb_column][\/et_pb_row][\/et_pb_section][et_pb_section fb_built=&#8221;1&#8243; disabled_on=&#8221;on|on|off&#8221; admin_label=&#8221;Sticky&#8221; _builder_version=&#8221;4.24.2&#8243; _module_preset=&#8221;default&#8221; background_color=&#8221;RGBA(255,255,255,0)&#8221; z_index=&#8221;20&#8243; max_width=&#8221;250px&#8221; max_width_tablet=&#8221;100%&#8221; max_width_phone=&#8221;100%&#8221; max_width_last_edited=&#8221;on|tablet&#8221; overflow-x=&#8221;visible&#8221; overflow-y=&#8221;visible&#8221; custom_padding=&#8221;0px||0px||true|false&#8221; sticky_position=&#8221;top&#8221; sticky_limit_bottom=&#8221;body&#8221; sticky_position_tablet=&#8221;none&#8221; sticky_position_phone=&#8221;none&#8221; sticky_position_last_edited=&#8221;on|tablet&#8221; global_colors_info=&#8221;{}&#8221;][et_pb_row module_class=&#8221;custom-sticky-menu&#8221; _builder_version=&#8221;4.24.0&#8243; _module_preset=&#8221;default&#8221; background_enable_color=&#8221;off&#8221; positioning=&#8221;absolute&#8221; z_index=&#8221;100&#8243; position_origin_a_tablet=&#8221;&#8221; position_origin_a_phone=&#8221;&#8221; position_origin_a_last_edited=&#8221;on|desktop&#8221; position_origin_f_tablet=&#8221;&#8221; position_origin_f_phone=&#8221;&#8221; position_origin_f_last_edited=&#8221;on|desktop&#8221; position_origin_r_tablet=&#8221;&#8221; position_origin_r_phone=&#8221;&#8221; position_origin_r_last_edited=&#8221;on|desktop&#8221; width=&#8221;100%&#8221; width_tablet=&#8221;90%&#8221; width_phone=&#8221;90%&#8221; width_last_edited=&#8221;on|tablet&#8221; max_width=&#8221;100%&#8221; max_width_last_edited=&#8221;off|tablet&#8221; overflow-x=&#8221;visible&#8221; overflow-y=&#8221;visible&#8221; custom_padding=&#8221;50px|15px|0px|15px|false|true&#8221; positioning_tablet=&#8221;none&#8221; positioning_phone=&#8221;none&#8221; positioning_last_edited=&#8221;on|tablet&#8221; global_colors_info=&#8221;{}&#8221;][et_pb_column type=&#8221;4_4&#8243; _builder_version=&#8221;4.24.0&#8243; _module_preset=&#8221;default&#8221; global_colors_info=&#8221;{}&#8221;][et_pb_text _builder_version=&#8221;4.24.2&#8243; _module_preset=&#8221;default&#8221; text_font=&#8221;|800|||||||&#8221; text_font_size=&#8221;20px&#8221; text_line_height=&#8221;1.4em&#8221; custom_margin=&#8221;||25px||false|false&#8221; text_font_size_tablet=&#8221;18px&#8221; global_colors_info=&#8221;{}&#8221;]<\/p>\n<p>Accessoires<br \/>\nterrasse<\/p>\n<p>[\/et_pb_text][dsm_menu menu_id=&#8221;26&#8243; use_schema_markup=&#8221;off&#8221; active_link_color=&#8221;#058D9C&#8221; menu_link_text_active_color=&#8221;#058D9C&#8221; list_style_type=&#8221;none&#8221; _builder_version=&#8221;4.24.0&#8243; _module_preset=&#8221;default&#8221; menu_font_size=&#8221;15px&#8221; custom_css_free_form=&#8221;selector ul.dsm-menu li a {||  position: relative;||  transition: all .2s ease-in-out!important;||}||selector ul.dsm-menu li a::after {||  content:%22%22;||  background: #058d9c;||  display: block;||  position: absolute;||  top: 0;||  bottom: 0;||  margin: auto;||  width: 0px;||  height: 2px;||  transition: all .2s ease-in-out;||}||||selector ul.dsm-menu li a.active {||  color: #058d9c!important;||  padding-left: 20px;||  transition: padding-left .1s ease-in-out;||}||||selector ul.dsm-menu li a.active::after {||  width: 15px;||}&#8221; global_colors_info=&#8221;{}&#8221; menu_link_text_color__hover_enabled=&#8221;on|hover&#8221; menu_link_text_color__hover=&#8221;#058D9C&#8221;][\/dsm_menu][et_pb_code admin_label=&#8221;Code change color on bg&#8221; _builder_version=&#8221;4.24.2&#8243; _module_preset=&#8221;default&#8221; global_colors_info=&#8221;{}&#8221;]<script><!-- [et_pb_line_break_holder] -->jQuery(document).ready(function() {<!-- [et_pb_line_break_holder] -->  function updateTextColor() {<!-- [et_pb_line_break_holder] -->    var currentSection = null;<!-- [et_pb_line_break_holder] --><!-- [et_pb_line_break_holder] -->    \/\/ Check which section is in the viewport with a 175px offset from the top<!-- [et_pb_line_break_holder] -->    jQuery('.et_pb_section').each(function() {<!-- [et_pb_line_break_holder] -->      var sectionTop = jQuery(this).offset().top - 175; \/\/ Adjust section top by 175px<!-- [et_pb_line_break_holder] -->      var sectionBottom = sectionTop + jQuery(this).outerHeight();<!-- [et_pb_line_break_holder] --><!-- [et_pb_line_break_holder] -->      \/\/ Adjust the scroll position check by 175px<!-- [et_pb_line_break_holder] -->      if (jQuery(window).scrollTop() + 175 >= sectionTop && jQuery(window).scrollTop() + 175 <= sectionBottom) {<!-- [et_pb_line_break_holder] -->        currentSection = jQuery(this);<!-- [et_pb_line_break_holder] -->        return false; \/\/ Break the loop once the current section is found<!-- [et_pb_line_break_holder] -->      }<!-- [et_pb_line_break_holder] -->    });<!-- [et_pb_line_break_holder] --><!-- [et_pb_line_break_holder] -->    \/\/ Update text color based on the background color of the current section<!-- [et_pb_line_break_holder] -->    if (currentSection) {<!-- [et_pb_line_break_holder] -->      var backgroundColor = currentSection.css('background-color');<!-- [et_pb_line_break_holder] -->      jQuery('.custom-sticky-menu .menu-item a').css('color', getTextColorByBrightness(backgroundColor));<!-- [et_pb_line_break_holder] -->      jQuery('.custom-sticky-menu p').css('color', getTextColorByBrightness(backgroundColor));<!-- [et_pb_line_break_holder] -->    }<!-- [et_pb_line_break_holder] -->  }<!-- [et_pb_line_break_holder] --><!-- [et_pb_line_break_holder] -->function getTextColorByBrightness(bgColor) {<!-- [et_pb_line_break_holder] -->    if (!bgColor) return 'black';<!-- [et_pb_line_break_holder] --><!-- [et_pb_line_break_holder] -->    var r, g, b;<!-- [et_pb_line_break_holder] --><!-- [et_pb_line_break_holder] -->    if (bgColor.substring(0, 1) === '#') {<!-- [et_pb_line_break_holder] -->      \/\/ Extraire les valeurs RGB<!-- [et_pb_line_break_holder] -->      var hex = bgColor.substring(1);<!-- [et_pb_line_break_holder] -->      if (hex.length === 3) {<!-- [et_pb_line_break_holder] -->        hex = hex[0] + hex[0] + hex[1] + hex[1] + hex[2] + hex[2]; \/\/ Convertir format raccourci (#ABC) en format complet (#AABBCC)<!-- [et_pb_line_break_holder] -->      }<!-- [et_pb_line_break_holder] -->      r = parseInt(hex.substr(0, 2), 16);<!-- [et_pb_line_break_holder] -->      g = parseInt(hex.substr(2, 2), 16);<!-- [et_pb_line_break_holder] -->      b = parseInt(hex.substr(4, 2), 16);<!-- [et_pb_line_break_holder] -->    } else if (bgColor.indexOf('rgb') === 0) {<!-- [et_pb_line_break_holder] -->      \/\/ Extraire les valeurs RGB<!-- [et_pb_line_break_holder] -->      var rgbArray = bgColor.match(\/\\d+\/g);<!-- [et_pb_line_break_holder] -->      if (rgbArray.length >= 3) {<!-- [et_pb_line_break_holder] -->        r = parseInt(rgbArray[0]);<!-- [et_pb_line_break_holder] -->        g = parseInt(rgbArray[1]);<!-- [et_pb_line_break_holder] -->        b = parseInt(rgbArray[2]);<!-- [et_pb_line_break_holder] -->      } else {<!-- [et_pb_line_break_holder] -->        return 'black'; \/\/ Si les valeurs RGB ne sont pas trouv\u00e9es, retourner 'black'<!-- [et_pb_line_break_holder] -->      }<!-- [et_pb_line_break_holder] -->    } else {<!-- [et_pb_line_break_holder] -->      return 'black'; \/\/ Retourner 'black' par d\u00e9faut si le format de couleur n'est pas reconnu<!-- [et_pb_line_break_holder] -->    }<!-- [et_pb_line_break_holder] --><!-- [et_pb_line_break_holder] -->    var brightness = (0.299 * r + 0.587 * g + 0.114 * b) \/ 255;<!-- [et_pb_line_break_holder] -->    return brightness > 0.5 ? 'black' : 'white';<!-- [et_pb_line_break_holder] -->}<!-- [et_pb_line_break_holder] --><!-- [et_pb_line_break_holder] --><!-- [et_pb_line_break_holder] -->  \/\/ Initial update<!-- [et_pb_line_break_holder] -->  updateTextColor();<!-- [et_pb_line_break_holder] --><!-- [et_pb_line_break_holder] -->  \/\/ Update on scroll<!-- [et_pb_line_break_holder] -->  jQuery(window).scroll(function() {<!-- [et_pb_line_break_holder] -->    updateTextColor();<!-- [et_pb_line_break_holder] -->  });<!-- [et_pb_line_break_holder] -->});<!-- [et_pb_line_break_holder] --><\/script>[\/et_pb_code][et_pb_code admin_label=&#8221;Code active&#8221; _builder_version=&#8221;4.24.0&#8243; _module_preset=&#8221;default&#8221; global_colors_info=&#8221;{}&#8221;]<script><!-- [et_pb_line_break_holder] -->jQuery(document).ready(function(){<!-- [et_pb_line_break_holder] -->    \/\/ Surveillez le d\u00e9filement de la page<!-- [et_pb_line_break_holder] -->    jQuery(window).scroll(function() {<!-- [et_pb_line_break_holder] -->        \/\/ Parcourez chaque section<!-- [et_pb_line_break_holder] -->        jQuery('.et_pb_section').each(function() {<!-- [et_pb_line_break_holder] -->            \/\/ Calculez la position de la section (haut) et sa hauteur<!-- [et_pb_line_break_holder] -->            var topOfSection = jQuery(this).offset().top;<!-- [et_pb_line_break_holder] -->            var bottomOfSection = topOfSection + jQuery(this).outerHeight();<!-- [et_pb_line_break_holder] -->            var scrollTop = jQuery(window).scrollTop();<!-- [et_pb_line_break_holder] -->            var topOfWindow = scrollTop + 175; \/\/ Ajoutez 175px au scrollTop pour le d\u00e9calage<!-- [et_pb_line_break_holder] --><!-- [et_pb_line_break_holder] -->            \/\/ V\u00e9rifiez si la section est \u00e0 175px du haut de l'\u00e9cran<!-- [et_pb_line_break_holder] -->            if ((bottomOfSection > scrollTop) && (topOfSection < topOfWindow)) {<!-- [et_pb_line_break_holder] -->                \/\/ R\u00e9cup\u00e9rez l'ID de la section<!-- [et_pb_line_break_holder] -->                var id = jQuery(this).attr('id');<!-- [et_pb_line_break_holder] -->                \/\/ Retirez la classe \"active\" de toutes les ancres<!-- [et_pb_line_break_holder] -->                jQuery('ul.dsm-menu li a').removeClass('active');<!-- [et_pb_line_break_holder] -->                \/\/ Ajoutez la classe \"active\" \u00e0 l'ancre correspondant \u00e0 l'ID de la section visible<!-- [et_pb_line_break_holder] -->                jQuery('ul.dsm-menu li a[href=\"#' + id + '\"]').addClass('active');<!-- [et_pb_line_break_holder] -->            }<!-- [et_pb_line_break_holder] -->        });<!-- [et_pb_line_break_holder] -->    });<!-- [et_pb_line_break_holder] -->});<!-- [et_pb_line_break_holder] --><!-- [et_pb_line_break_holder] --><\/script>[\/et_pb_code][\/et_pb_column][\/et_pb_row][\/et_pb_section][et_pb_section fb_built=&#8221;1&#8243; admin_label=&#8221;Specifications&#8221; module_id=&#8221;specifications&#8221; _builder_version=&#8221;4.24.0&#8243; _module_preset=&#8221;b213633d-5762-446f-872e-5ca2bd12b219&#8243; global_colors_info=&#8221;{}&#8221;][et_pb_row _builder_version=&#8221;4.24.0&#8243; _module_preset=&#8221;e9563919-a9a0-4773-9250-81452e196558&#8243; global_colors_info=&#8221;{}&#8221;][et_pb_column type=&#8221;4_4&#8243; _builder_version=&#8221;4.24.0&#8243; _module_preset=&#8221;default&#8221; global_colors_info=&#8221;{}&#8221;][et_pb_text _builder_version=&#8221;4.24.2&#8243; _module_preset=&#8221;92aae06f-c11a-4f4c-95ff-b8e28412f5a2&#8243; global_colors_info=&#8221;{}&#8221;]<\/p>\n<p>Sp\u00e9cifications<\/p>\n<p>[\/et_pb_text][et_pb_text _builder_version=&#8221;4.24.2&#8243; _module_preset=&#8221;default&#8221; text_orientation=&#8221;center&#8221; custom_margin=&#8221;||30px||false|false&#8221; global_colors_info=&#8221;{}&#8221;]<\/p>\n<h2 style=\"margin-top: 20.0pt;\"><span lang=\"fr\">Les caract\u00e9ristiques des <strong>accessoires de terrasse<\/strong> VERANDAIR\u00ae<o:p><\/o:p><\/span><\/h2>\n<p>[\/et_pb_text][et_pb_divider _builder_version=&#8221;4.24.0&#8243; _module_preset=&#8221;2adabd0f-cb12-404f-9aa7-a3088280e564&#8243; module_alignment=&#8221;center&#8221; global_colors_info=&#8221;{}&#8221;][\/et_pb_divider][\/et_pb_column][\/et_pb_row][et_pb_row _builder_version=&#8221;4.24.0&#8243; _module_preset=&#8221;e9563919-a9a0-4773-9250-81452e196558&#8243; global_colors_info=&#8221;{}&#8221;][et_pb_column type=&#8221;4_4&#8243; _builder_version=&#8221;4.24.0&#8243; _module_preset=&#8221;default&#8221; global_colors_info=&#8221;{}&#8221;][dsm_faq dsm_open_faq_item=&#8221;on&#8221; dsm_open_font_icon=&#8221;&#x4b;||divi||400&#8243; dsm_close_font_icon=&#8221;&#x4c;||divi||400&#8243; dsm_animate_icon=&#8221;on&#8221; _builder_version=&#8221;4.24.2&#8243; _module_preset=&#8221;e643eeaa-a52c-477a-9ee9-2f346d499d98&#8243; global_colors_info=&#8221;{}&#8221;][dsm_faq_child dsm_title=&#8221;Utilisation de Mat\u00e9riaux de Qualit\u00e9&#8221; dsm_content=&#8221;<\/p>\n<p><span>Les accessoires Verandair sont fabriqu\u00e9s avec des <strong>mat\u00e9riaux de premier choix<\/strong>, comme l&#8217;ALU 6061 T6, r\u00e9put\u00e9 pour sa <strong>r\u00e9sistance \u00e0 la corrosion<\/strong> et sa durabilit\u00e9. Que ce soit pour les baies vitr\u00e9es, les voiles solaires ou les solutions d&#8217;\u00e9clairage, l&#8217;utilisation de mat\u00e9riaux de haute qualit\u00e9 assure une r\u00e9sistance optimale face aux diverses conditions climatiques. Cette s\u00e9lection de mat\u00e9riaux contribue \u00e0 la long\u00e9vit\u00e9 de chaque accessoire et \u00e0 <strong>conserver l&#8217;allure et la fonctionnalit\u00e9 de sa terrasse<\/strong> au fil du temps.<\/span><\/p>\n<p>&#8221; dsm_child_use_image=&#8221;on&#8221; dsm_close_child_image=&#8221;https:\/\/www.verandair.com\/wp-content\/uploads\/2024\/02\/BEN_5605-scaled.jpeg&#8221; dsm_close_image_padding=&#8221;||||false|false&#8221; _builder_version=&#8221;4.24.2&#8243; _module_preset=&#8221;default&#8221; global_colors_info=&#8221;{}&#8221; parentOrderClass=&#8221;dsm_faq_1&#8243;][\/dsm_faq_child][dsm_faq_child dsm_title=&#8221;Facilit\u00e9 d&#8217;Installation&#8221; dsm_content=&#8221;<\/p>\n<p><span>Vous d\u00e9sirez <strong>personnaliser<\/strong> votre terrasse ? Les accessoires de terrasse Verandair sont faciles \u00e0 installer. Vous avez besoin d&#8217;aide ? <strong>Nos experts sont l\u00e0<\/strong> pour vous accompagner en installant vos diff\u00e9rents accessoires. Cela vous permet d&#8217;am\u00e9nager votre espace ext\u00e9rieur <strong>rapidement et sans tracas<\/strong> !<\/span><\/p>\n<p>&#8221; dsm_child_use_image=&#8221;on&#8221; dsm_close_child_image=&#8221;https:\/\/www.verandair.com\/wp-content\/uploads\/2024\/02\/auvent-terrasse-verandair-1.jpeg&#8221; dsm_close_image_padding=&#8221;||||false|false&#8221; _builder_version=&#8221;4.24.2&#8243; _module_preset=&#8221;default&#8221; global_colors_info=&#8221;{}&#8221; parentOrderClass=&#8221;dsm_faq_1&#8243;][\/dsm_faq_child][dsm_faq_child dsm_title=&#8221;Engagement envers la Durabilit\u00e9&#8221; dsm_content=&#8221;<\/p>\n<p><span>En choisissant des mat\u00e9riaux \u00e9cologiques et en adoptant des proc\u00e9d\u00e9s de fabrication respectueux de l&#8217;environnement, Verandair contribue \u00e0 <strong>r\u00e9duire l&#8217;empreinte \u00e9cologique de ses produits<\/strong>. Cela signifie que, en optant pour les <strong>accessoires de terrasse Verandair<\/strong>, vous faites un choix qui respecte l&#8217;environnement tout en am\u00e9liorant votre qualit\u00e9 de vie ext\u00e9rieure.<\/span><\/p>\n<p>&#8221; dsm_child_use_image=&#8221;on&#8221; dsm_close_child_image=&#8221;https:\/\/www.verandair.com\/wp-content\/uploads\/2024\/01\/VERANDAIR-abri-piscine-haut-4.jpg&#8221; dsm_close_image_padding=&#8221;||||false|false&#8221; _builder_version=&#8221;4.24.2&#8243; _module_preset=&#8221;default&#8221; global_colors_info=&#8221;{}&#8221; parentOrderClass=&#8221;dsm_faq_1&#8243;][\/dsm_faq_child][dsm_faq_child dsm_title=&#8221;Finitions soign\u00e9es&#8221; dsm_content=&#8221;<\/p>\n<p>Chaque accessoire est con\u00e7u avec une <strong>attention particuli\u00e8re aux d\u00e9tails<\/strong> : des dimensions exactes des baies vitr\u00e9es \u00e0 la tension id\u00e9ale des voiles solaires, en passant par l&#8217;int\u00e9gration discr\u00e8te des solutions d&#8217;\u00e9clairage. Les finitions soign\u00e9es garantissent l&#8217;<strong>int\u00e9gration harmonieuse de vos accessoires<\/strong> avec l&#8217;architecture existante de votre terrasse.<\/p>\n<p>&#8221; dsm_child_use_image=&#8221;on&#8221; dsm_close_child_image=&#8221;https:\/\/www.verandair.com\/wp-content\/uploads\/2022\/08\/parois-coulissantes-en-verre-verandair-realisation.jpg&#8221; dsm_close_image_padding=&#8221;||||false|false&#8221; _builder_version=&#8221;4.24.2&#8243; _module_preset=&#8221;default&#8221; global_colors_info=&#8221;{}&#8221; parentOrderClass=&#8221;dsm_faq_1&#8243;][\/dsm_faq_child][\/dsm_faq][\/et_pb_column][\/et_pb_row][\/et_pb_section][et_pb_section fb_built=&#8221;1&#8243; admin_label=&#8221;Photos&#8221; module_id=&#8221;photos&#8221; _builder_version=&#8221;4.24.0&#8243; _module_preset=&#8221;b213633d-5762-446f-872e-5ca2bd12b219&#8243; background_color=&#8221;gcid-a78bba3e-9a00-4c62-8b29-47f3d6c30097&#8243; custom_margin=&#8221;100px||||false|false&#8221; custom_padding=&#8221;0px|200px||200px|false|true&#8221; global_colors_info=&#8221;{%22gcid-a78bba3e-9a00-4c62-8b29-47f3d6c30097%22:%91%22background_color%22%93}&#8221;][et_pb_row _builder_version=&#8221;4.24.0&#8243; _module_preset=&#8221;e9563919-a9a0-4773-9250-81452e196558&#8243; custom_padding=&#8221;0px||||false|false&#8221; global_colors_info=&#8221;{}&#8221;][et_pb_column type=&#8221;4_4&#8243; _builder_version=&#8221;4.24.0&#8243; _module_preset=&#8221;default&#8221; global_colors_info=&#8221;{}&#8221;][dsm_masonry_gallery gallery_ids=&#8221;57620,57619,14477,57725,11910&#8243; lazyload=&#8221;on&#8221; columns=&#8221;2&#8243; use_lightbox=&#8221;on&#8221; use_zoom_on_hover=&#8221;on&#8221; _builder_version=&#8221;4.24.2&#8243; _module_preset=&#8221;default&#8221; custom_margin=&#8221;-50px||||false|false&#8221; custom_padding=&#8221;||30px||false|false&#8221; global_colors_info=&#8221;{}&#8221;][\/dsm_masonry_gallery][et_pb_button button_url=&#8221;@ET-DC@eyJkeW5hbWljIjp0cnVlLCJjb250ZW50IjoicG9zdF9saW5rX3VybF9wYWdlIiwic2V0dGluZ3MiOnsicG9zdF9pZCI6IjIzMzQifX0=@&#8221; button_text=&#8221;D\u00e9couvrez toutes nos r\u00e9alisations&#8221; button_alignment=&#8221;center&#8221; _builder_version=&#8221;4.24.0&#8243; _dynamic_attributes=&#8221;button_url&#8221; _module_preset=&#8221;8ac6895b-8a7d-4b15-8635-28e44651343f&#8221; global_colors_info=&#8221;{}&#8221;][\/et_pb_button][\/et_pb_column][\/et_pb_row][\/et_pb_section][et_pb_section fb_built=&#8221;1&#8243; admin_label=&#8221;Qualite&#8221; module_id=&#8221;qualite&#8221; _builder_version=&#8221;4.24.0&#8243; _module_preset=&#8221;b213633d-5762-446f-872e-5ca2bd12b219&#8243; global_colors_info=&#8221;{}&#8221;][et_pb_row _builder_version=&#8221;4.24.0&#8243; _module_preset=&#8221;e9563919-a9a0-4773-9250-81452e196558&#8243; global_colors_info=&#8221;{}&#8221;][et_pb_column type=&#8221;4_4&#8243; _builder_version=&#8221;4.24.0&#8243; _module_preset=&#8221;default&#8221; global_colors_info=&#8221;{}&#8221;][et_pb_text _builder_version=&#8221;4.24.0&#8243; _module_preset=&#8221;92aae06f-c11a-4f4c-95ff-b8e28412f5a2&#8243; global_colors_info=&#8221;{}&#8221;]<\/p>\n<p>Qualit\u00e9 &amp; service<\/p>\n<p>[\/et_pb_text][et_pb_text _builder_version=&#8221;4.24.2&#8243; _module_preset=&#8221;default&#8221; text_orientation=&#8221;center&#8221; custom_margin=&#8221;||30px||false|false&#8221; global_colors_info=&#8221;{}&#8221;]<\/p>\n<h2>Choisissez un <strong>accessoire de terrasse<\/strong> VERANDAIR\u00ae<\/h2>\n<p>[\/et_pb_text][et_pb_divider _builder_version=&#8221;4.24.0&#8243; _module_preset=&#8221;2adabd0f-cb12-404f-9aa7-a3088280e564&#8243; module_alignment=&#8221;center&#8221; global_colors_info=&#8221;{}&#8221;][\/et_pb_divider][\/et_pb_column][\/et_pb_row][et_pb_row column_structure=&#8221;1_2,1_2&#8243; use_custom_gutter=&#8221;on&#8221; gutter_width=&#8221;4&#8243; _builder_version=&#8221;4.24.0&#8243; _module_preset=&#8221;e9563919-a9a0-4773-9250-81452e196558&#8243; global_colors_info=&#8221;{}&#8221;][et_pb_column type=&#8221;1_2&#8243; _builder_version=&#8221;4.24.0&#8243; _module_preset=&#8221;default&#8221; global_colors_info=&#8221;{}&#8221;][et_pb_image src=&#8221;https:\/\/www.verandair.com\/wp-content\/uploads\/2024\/01\/VERANDAIR-fabrication-belge-1.svg&#8221; title_text=&#8221;VERANDAIR-fabrication-belge&#8221; _builder_version=&#8221;4.24.0&#8243; _module_preset=&#8221;0353bf8c-d4a9-4291-934d-c656c110f926&#8243; global_colors_info=&#8221;{}&#8221;][\/et_pb_image][et_pb_text _builder_version=&#8221;4.24.2&#8243; _module_preset=&#8221;default&#8221; global_colors_info=&#8221;{}&#8221;]<\/p>\n<h3 style=\"margin: 20.0pt 0in 6.0pt 0in;\"><span lang=\"fr\">Conception et fabrication belge<o:p><\/o:p><\/span><\/h3>\n<p><span>Notre sp\u00e9cificit\u00e9 ? Nous contr\u00f4lons<strong> chaque \u00e9tape de la cha\u00eene de production<\/strong> de nos produits. Nous <strong>concevons<\/strong> et <strong>fabriquons<\/strong> nous-m\u00eames nos accessoires de terrasse. Vous b\u00e9n\u00e9ficiez d\u2019un <strong>produit unique et 100 % belge<\/strong>.<\/span><\/p>\n<p>[\/et_pb_text][\/et_pb_column][et_pb_column type=&#8221;1_2&#8243; _builder_version=&#8221;4.24.0&#8243; _module_preset=&#8221;default&#8221; global_colors_info=&#8221;{}&#8221;][et_pb_image src=&#8221;https:\/\/www.verandair.com\/wp-content\/uploads\/2024\/02\/VERANDAIR-disponibilite.svg&#8221; title_text=&#8221;VERANDAIR-disponibilite&#8221; _builder_version=&#8221;4.24.0&#8243; _module_preset=&#8221;0353bf8c-d4a9-4291-934d-c656c110f926&#8243; global_colors_info=&#8221;{}&#8221;][\/et_pb_image][et_pb_text _builder_version=&#8221;4.24.2&#8243; _module_preset=&#8221;default&#8221; global_colors_info=&#8221;{}&#8221;]<\/p>\n<h3 style=\"margin: 20.0pt 0in 6.0pt 0in;\"><span lang=\"fr\">Un service irr\u00e9prochable<o:p><\/o:p><\/span><\/h3>\n<p><span>Notre \u00e9quipe <strong>r\u00e9active<\/strong> est \u00e0 votre \u00e9coute et toujours disponible pour <strong>r\u00e9pondre \u00e0 vos besoins<\/strong>. Nous vous <strong>accompagnons<\/strong> dans votre projet, avant, pendant et apr\u00e8s l\u2019installation. <\/span><\/p>\n<p>[\/et_pb_text][\/et_pb_column][\/et_pb_row][et_pb_row column_structure=&#8221;1_2,1_2&#8243; use_custom_gutter=&#8221;on&#8221; gutter_width=&#8221;4&#8243; _builder_version=&#8221;4.24.0&#8243; _module_preset=&#8221;e9563919-a9a0-4773-9250-81452e196558&#8243; global_colors_info=&#8221;{}&#8221;][et_pb_column type=&#8221;1_2&#8243; _builder_version=&#8221;4.24.0&#8243; _module_preset=&#8221;default&#8221; global_colors_info=&#8221;{}&#8221;][et_pb_image src=&#8221;https:\/\/www.verandair.com\/wp-content\/uploads\/2024\/02\/VERANDAIR-experience.svg&#8221; title_text=&#8221;VERANDAIR-experience&#8221; _builder_version=&#8221;4.24.2&#8243; _module_preset=&#8221;0353bf8c-d4a9-4291-934d-c656c110f926&#8243; global_colors_info=&#8221;{}&#8221;][\/et_pb_image][et_pb_text _builder_version=&#8221;4.24.2&#8243; _module_preset=&#8221;default&#8221; global_colors_info=&#8221;{}&#8221;]<\/p>\n<h3 style=\"margin: 20.0pt 0in 6.0pt 0in;\"><span lang=\"fr\">Sp\u00e9cialiste des accessoires de terrasse depuis plus de 35 ans<o:p><\/o:p><\/span><\/h3>\n<p><span>Chez VERANDAIR\u00ae, nous fabriquons des <strong>accessoires de terrasse<\/strong> depuis la cr\u00e9ation de notre entreprise ! Au fil des ann\u00e9es, nos produits se sont <strong>\u00e9toff\u00e9s<\/strong>, notre gamme s\u2019est <strong>d\u00e9velopp\u00e9e<\/strong> et nous proposons aujourd\u2019hui des structures de <strong>grande qualit\u00e9<\/strong>. <\/span><\/p>\n<p>[\/et_pb_text][\/et_pb_column][et_pb_column type=&#8221;1_2&#8243; _builder_version=&#8221;4.24.0&#8243; _module_preset=&#8221;default&#8221; global_colors_info=&#8221;{}&#8221;][et_pb_image src=&#8221;https:\/\/www.verandair.com\/wp-content\/uploads\/2024\/01\/VERANDAIR-prix-1.svg&#8221; title_text=&#8221;VERANDAIR-prix&#8221; _builder_version=&#8221;4.24.0&#8243; _module_preset=&#8221;0353bf8c-d4a9-4291-934d-c656c110f926&#8243; global_colors_info=&#8221;{}&#8221;][\/et_pb_image][et_pb_text _builder_version=&#8221;4.24.2&#8243; _module_preset=&#8221;default&#8221; global_colors_info=&#8221;{}&#8221;]<\/p>\n<h3 style=\"margin: 20.0pt 0in 6.0pt 0in;\"><span lang=\"fr\">La qualit\u00e9 avant tout<o:p><\/o:p><\/span><\/h3>\n<p><span>Que ce soit pour les <strong>mat\u00e9riaux utilis\u00e9s <\/strong>ou le <strong>design<\/strong> de nos produits, nous mettons un point d\u2019honneur \u00e0 vous fournir un accessoire de terrasse de <strong>qualit\u00e9<\/strong>. Nos installations en aluminium sont \u00e0 la fois <strong>robustes<\/strong>, <strong>pratiques<\/strong> et <strong>esth\u00e9tiques<\/strong>.<\/span><\/p>\n<p>[\/et_pb_text][\/et_pb_column][\/et_pb_row][\/et_pb_section][et_pb_section fb_built=&#8221;1&#8243; admin_label=&#8221;A propos&#8221; module_id=&#8221;a-propos&#8221; _builder_version=&#8221;4.24.0&#8243; _module_preset=&#8221;b213633d-5762-446f-872e-5ca2bd12b219&#8243; background_color=&#8221;gcid-a78bba3e-9a00-4c62-8b29-47f3d6c30097&#8243; background_image=&#8221;https:\/\/www.verandair.com\/wp-content\/uploads\/2024\/02\/VERANDAIR-bg-1.jpg&#8221; background_size=&#8221;contain&#8221; background_position=&#8221;bottom_right&#8221; background_blend=&#8221;multiply&#8221; custom_padding=&#8221;80px|200px|80px|200px|true|true&#8221; global_colors_info=&#8221;{%22gcid-a78bba3e-9a00-4c62-8b29-47f3d6c30097%22:%91%22background_color%22%93}&#8221;][et_pb_row make_equal=&#8221;on&#8221; _builder_version=&#8221;4.24.0&#8243; _module_preset=&#8221;e9563919-a9a0-4773-9250-81452e196558&#8243; custom_css_main_element=&#8221;align-items: center;&#8221; global_colors_info=&#8221;{}&#8221;][et_pb_column type=&#8221;4_4&#8243; _builder_version=&#8221;4.24.0&#8243; _module_preset=&#8221;default&#8221; global_colors_info=&#8221;{}&#8221;][et_pb_text _builder_version=&#8221;4.24.0&#8243; _module_preset=&#8221;92aae06f-c11a-4f4c-95ff-b8e28412f5a2&#8243; text_orientation=&#8221;left&#8221; global_colors_info=&#8221;{}&#8221;]<\/p>\n<p>\u00c0 propos<\/p>\n<p>[\/et_pb_text][et_pb_text _builder_version=&#8221;4.24.2&#8243; _module_preset=&#8221;5298e62e-f7ac-4dd9-b361-006fc4da68de&#8221; text_font_size=&#8221;20px&#8221; text_line_height=&#8221;1.9em&#8221; background_layout=&#8221;dark&#8221; custom_margin=&#8221;||35px||false|false&#8221; animation_style=&#8221;fade&#8221; global_colors_info=&#8221;{}&#8221;]<\/p>\n<h2>Qui sommes-nous ?<br \/><span data-metadata=\"&lt;!--(figmeta)eyJmaWxlS2V5IjoiNDJrcExzUGY2N0VsN0FkMldFdElreCIsInBhc3RlSUQiOjI1NDM4MDY0MSwiZGF0YVR5cGUiOiJzY2VuZSJ9Cg==(\/figmeta)--&gt;\"><\/span><\/h2>\n<p>[\/et_pb_text][et_pb_divider show_divider=&#8221;off&#8221; _builder_version=&#8221;4.23.4&#8243; _module_preset=&#8221;2adabd0f-cb12-404f-9aa7-a3088280e564&#8243; global_colors_info=&#8221;{}&#8221;][\/et_pb_divider][et_pb_text _builder_version=&#8221;4.24.2&#8243; _module_preset=&#8221;5298e62e-f7ac-4dd9-b361-006fc4da68de&#8221; text_line_height=&#8221;1.9em&#8221; background_layout=&#8221;dark&#8221; max_width=&#8221;700px&#8221; module_alignment=&#8221;left&#8221; custom_margin=&#8221;||50px||false|false&#8221; animation_style=&#8221;fade&#8221; global_colors_info=&#8221;{}&#8221;]<\/p>\n<p><span>Situ\u00e9e \u00e0 Mariembourg, VERANDAIR\u00ae est une <strong>entreprise belge sp\u00e9cialis\u00e9e dans la conception et la cr\u00e9ation de produits outdoor<\/strong> : pergolas, carport, pool house, etc. Cr\u00e9\u00e9e en 1990, cette soci\u00e9t\u00e9 wallonne s\u2019est impos\u00e9e comme un <strong>leader belge<\/strong> de la <strong>fabrication d&#8217;accessoires de terrasse <\/strong>pour particuliers et professionnels.<\/span><\/p>\n<p><span>Chez VERANDAIR\u00ae, nous poss\u00e9dons notre <strong>propre \u00e9quipe d\u2019ing\u00e9nieurs et de dessinateurs<\/strong>. Ils con\u00e7oivent des <strong>produits uniques, innovants et de qualit\u00e9<\/strong>, repr\u00e9sentatifs de notre exp\u00e9rience, expertise et savoir-faire dans le milieu.<\/span><\/p>\n<p>[\/et_pb_text][et_pb_button button_url=&#8221;@ET-DC@eyJkeW5hbWljIjp0cnVlLCJjb250ZW50IjoicG9zdF9saW5rX3VybF9wYWdlIiwic2V0dGluZ3MiOnsicG9zdF9pZCI6IjU5MCJ9fQ==@&#8221; button_text=&#8221;En savoir plus sur VERANDAIR\u00ae&#8221; _builder_version=&#8221;4.24.0&#8243; _dynamic_attributes=&#8221;button_url&#8221; _module_preset=&#8221;8ac6895b-8a7d-4b15-8635-28e44651343f&#8221; global_colors_info=&#8221;{%22gcid-cdfc5e12-aa04-4e46-8d7a-a46e0d249000%22:%91%22button_text_color%22%93}&#8221;][\/et_pb_button][\/et_pb_column][\/et_pb_row][\/et_pb_section][et_pb_section fb_built=&#8221;1&#8243; admin_label=&#8221;FAQ&#8221; module_id=&#8221;faq&#8221; _builder_version=&#8221;4.24.0&#8243; _module_preset=&#8221;b213633d-5762-446f-872e-5ca2bd12b219&#8243; background_image=&#8221;https:\/\/www.verandair.com\/wp-content\/uploads\/2024\/01\/VERANDAIR-icon-outline.svg&#8221; background_size=&#8221;custom&#8221; background_image_width=&#8221;50%&#8221; background_position=&#8221;bottom_right&#8221; global_colors_info=&#8221;{%22gcid-7df8ee83-ae0d-4f60-a763-b085a292aac7%22:%91%22background_color_gradient_stops%22%93}&#8221;][et_pb_row _builder_version=&#8221;4.24.0&#8243; _module_preset=&#8221;default&#8221; max_width=&#8221;800px&#8221; global_colors_info=&#8221;{}&#8221;][et_pb_column type=&#8221;4_4&#8243; _builder_version=&#8221;4.23.4&#8243; _module_preset=&#8221;default&#8221; global_colors_info=&#8221;{}&#8221;][et_pb_text _builder_version=&#8221;4.24.0&#8243; _module_preset=&#8221;92aae06f-c11a-4f4c-95ff-b8e28412f5a2&#8243; global_colors_info=&#8221;{}&#8221;]<\/p>\n<p>FAQ<\/p>\n<p>[\/et_pb_text][et_pb_text _builder_version=&#8221;4.24.2&#8243; _module_preset=&#8221;default&#8221; text_orientation=&#8221;center&#8221; animation_style=&#8221;fade&#8221; global_colors_info=&#8221;{}&#8221;]<\/p>\n<h2><span data-metadata=\"&lt;!--(figmeta)eyJmaWxlS2V5IjoiNDJrcExzUGY2N0VsN0FkMldFdElreCIsInBhc3RlSUQiOjQxMjI5MTAwNiwiZGF0YVR5cGUiOiJzY2VuZSJ9Cg==(\/figmeta)--&gt;\"><\/span><strong>Accessoires de terrasse<\/strong><br \/>Questions fr\u00e9quemments pos\u00e9es<\/h2>\n<p>[\/et_pb_text][et_pb_divider show_divider=&#8221;off&#8221; _builder_version=&#8221;4.23.4&#8243; _module_preset=&#8221;2adabd0f-cb12-404f-9aa7-a3088280e564&#8243; module_alignment=&#8221;center&#8221; global_colors_info=&#8221;{}&#8221;][\/et_pb_divider][dsm_faq dsm_accordion_gap=&#8221;20px&#8221; dsm_make_accordion_toggle=&#8221;on&#8221; dsm_enable_schema_markup=&#8221;on&#8221; dsm_open_font_icon=&#8221;&#x32;||divi||400&#8243; dsm_close_font_icon=&#8221;&#x33;||divi||400&#8243; dsm_animate_icon=&#8221;on&#8221; _builder_version=&#8221;4.24.2&#8243; _module_preset=&#8221;default&#8221; global_colors_info=&#8221;{%22gcid-4f3ca7d5-152d-4540-91b1-cc24563bf794%22:%91%22box_shadow_color_toggle_open_state_shadow%22%93}&#8221;][dsm_faq_child dsm_title=&#8221;Quels types d&#8217;accessoires pour terrasse proposons-nous ?&#8221; dsm_content=&#8221;<\/p>\n<p><span>Nous offrons une <strong>large gamme d&#8217;accessoires<\/strong> pour terrasse, y compris des <strong>baies vitr\u00e9es<\/strong>, des <strong>voiles solaires<\/strong>, des <strong>syst\u00e8mes de chauffage<\/strong>, des <strong>auvents de terrasse<\/strong> et de l&#8217;<strong>\u00e9clairage ext\u00e9rieur<\/strong>. Chaque accessoire est con\u00e7u pour am\u00e9liorer l&#8217;esth\u00e9tique et la fonctionnalit\u00e9 de votre espace ext\u00e9rieur.<\/span><\/p>\n<p>&#8221; _builder_version=&#8221;4.24.2&#8243; _module_preset=&#8221;default&#8221; global_colors_info=&#8221;{}&#8221; parentOrderClass=&#8221;dsm_faq_2&#8243;][\/dsm_faq_child][dsm_faq_child dsm_title=&#8221;Comment demander une \u00e9tude gratuite pour l&#8217;ajout d&#8217;accessoires \u00e0 sa terrasse ?&#8221; dsm_content=&#8221;<\/p>\n<p><span>Vous pouvez demander une \u00e9tude gratuite en <strong>nous contactant directement via notre site web<\/strong> ou <strong>par t\u00e9l\u00e9phone<\/strong>. Nous vous promettons une <strong>r\u00e9ponse sous 24 heures<\/strong> pour commencer \u00e0 discuter de votre projet d&#8217;am\u00e9lioration de terrasse.<\/span><\/p>\n<p>&#8221; _builder_version=&#8221;4.24.2&#8243; _module_preset=&#8221;default&#8221; global_colors_info=&#8221;{}&#8221; parentOrderClass=&#8221;dsm_faq_2&#8243;][\/dsm_faq_child][dsm_faq_child dsm_title=&#8221;Les accessoires pour terrasse sont-ils r\u00e9sistants \u00e0 la corrosion ?&#8221; dsm_content=&#8221;<\/p>\n<p><span>Oui, plusieurs de nos accessoires, comme ceux en <strong>ALU 6061 T6<\/strong>, sont con\u00e7us pour \u00eatre anti-corrosion. Cela leur permet de r\u00e9sister aux \u00e9l\u00e9ments et d&#8217;assurer une long\u00e9vit\u00e9 accrue \u00e0 l&#8217;ext\u00e9rieur.<\/span><\/p>\n<p>&#8221; _builder_version=&#8221;4.24.2&#8243; _module_preset=&#8221;default&#8221; global_colors_info=&#8221;{}&#8221; parentOrderClass=&#8221;dsm_faq_2&#8243;][\/dsm_faq_child][dsm_faq_child dsm_title=&#8221;Puis-je personnaliser la couleur de mes accessoires pour terrasse ?&#8221; dsm_content=&#8221;<\/p>\n<p><span>Absolument ! Nous offrons une <strong>gamme de coloris RAL<\/strong> pour personnaliser vos accessoires de terrasse selon vos go\u00fbts et l&#8217;harmonie de votre espace ext\u00e9rieur.<\/span><\/p>\n<p>&#8221; _builder_version=&#8221;4.24.2&#8243; _module_preset=&#8221;default&#8221; global_colors_info=&#8221;{}&#8221; parentOrderClass=&#8221;dsm_faq_2&#8243;][\/dsm_faq_child][dsm_faq_child dsm_title=&#8221;Les accessoires pour terrasse sont-ils faciles \u00e0 installer ?&#8221; dsm_content=&#8221;<\/p>\n<p><span>Oui, nos accessoires sont con\u00e7us pour \u00eatre faciles \u00e0 installer. Pour certains produits comme les voiles solaires ou l&#8217;\u00e9clairage ext\u00e9rieur, vous pouvez r\u00e9aliser l&#8217;installation vous-m\u00eame. Pour d&#8217;autres accessoires plus complexes, comme l&#8217;auvent de terrasse, nous recommandons une installation professionnelle.<\/span><\/p>\n<p>&#8221; _builder_version=&#8221;4.24.2&#8243; _module_preset=&#8221;default&#8221; global_colors_info=&#8221;{}&#8221; parentOrderClass=&#8221;dsm_faq_2&#8243;][\/dsm_faq_child][\/dsm_faq][\/et_pb_column][\/et_pb_row][\/et_pb_section][et_pb_section fb_built=&#8221;1&#8243; admin_label=&#8221;Temoignages&#8221; module_id=&#8221;temoignages&#8221; _builder_version=&#8221;4.24.0&#8243; _module_preset=&#8221;b213633d-5762-446f-872e-5ca2bd12b219&#8243; background_color=&#8221;gcid-a78bba3e-9a00-4c62-8b29-47f3d6c30097&#8243; global_colors_info=&#8221;{%22gcid-a78bba3e-9a00-4c62-8b29-47f3d6c30097%22:%91%22background_color%22%93}&#8221;][et_pb_row _builder_version=&#8221;4.24.0&#8243; _module_preset=&#8221;e9563919-a9a0-4773-9250-81452e196558&#8243; global_colors_info=&#8221;{}&#8221;][et_pb_column type=&#8221;4_4&#8243; _builder_version=&#8221;4.23.4&#8243; _module_preset=&#8221;default&#8221; global_colors_info=&#8221;{}&#8221;][et_pb_text _builder_version=&#8221;4.24.0&#8243; _module_preset=&#8221;92aae06f-c11a-4f4c-95ff-b8e28412f5a2&#8243; global_colors_info=&#8221;{}&#8221;]<\/p>\n<p>T\u00e9moignages<\/p>\n<p>[\/et_pb_text][et_pb_text _builder_version=&#8221;4.24.0&#8243; _module_preset=&#8221;default&#8221; text_orientation=&#8221;center&#8221; background_layout=&#8221;dark&#8221; global_colors_info=&#8221;{}&#8221;]<\/p>\n<h2>Ils en parlent <strong>mieux<\/strong> que nous<\/h2>\n<p>[\/et_pb_text][et_pb_divider show_divider=&#8221;off&#8221; _builder_version=&#8221;4.23.4&#8243; _module_preset=&#8221;2adabd0f-cb12-404f-9aa7-a3088280e564&#8243; module_alignment=&#8221;center&#8221; global_colors_info=&#8221;{}&#8221;][\/et_pb_divider][\/et_pb_column][\/et_pb_row][et_pb_row column_structure=&#8221;1_3,1_3,1_3&#8243; use_custom_gutter=&#8221;on&#8221; gutter_width=&#8221;4&#8243; make_equal=&#8221;on&#8221; _builder_version=&#8221;4.24.0&#8243; _module_preset=&#8221;default&#8221; custom_padding=&#8221;0px||0px||false|false&#8221; global_colors_info=&#8221;{}&#8221;][et_pb_column type=&#8221;1_3&#8243; _builder_version=&#8221;4.23.4&#8243; _module_preset=&#8221;default&#8221; custom_padding=&#8221;||50px||false|false&#8221; global_colors_info=&#8221;{}&#8221;][et_pb_testimonial author=&#8221;Jean Mathias&#8221; job_title=&#8221;2023&#8243; portrait_url=&#8221;https:\/\/www.verandair.com\/wp-content\/uploads\/2024\/02\/jean-mathias.jpg&#8221; _builder_version=&#8221;4.24.0&#8243; _module_preset=&#8221;d58f6d2e-69be-450a-bd63-327c90b31473&#8243; body_font_size=&#8221;16px&#8221; global_colors_info=&#8221;{%22gcid-5c4546d4-de02-4649-8683-d4192d8e1655%22:%91%22position_text_color%22%93}&#8221;]<\/p>\n<p><span>Un grand merci \u00e0 &#8220;Verandair SA&#8221; pour la fabrication de notre pergola, une superbe r\u00e9alisation d&#8217;une finition exceptionnelle. C&#8217;est la menuiserie Chartier J. de Couvin qui a r\u00e9alis\u00e9 l&#8217;assemblage en sous traitance. Nous sommes absolument ravis du r\u00e9sultat.<\/span><\/p>\n<p>[\/et_pb_testimonial][et_pb_testimonial author=&#8221;Thierry Saeys&#8221; job_title=&#8221;2023&#8243; portrait_url=&#8221;https:\/\/www.verandair.com\/wp-content\/uploads\/2024\/02\/thierry-saeys.jpg&#8221; _builder_version=&#8221;4.24.0&#8243; _module_preset=&#8221;d58f6d2e-69be-450a-bd63-327c90b31473&#8243; body_font_size=&#8221;16px&#8221; global_colors_info=&#8221;{%22gcid-5c4546d4-de02-4649-8683-d4192d8e1655%22:%91%22position_text_color%22%93}&#8221;]<\/p>\n<p><span>Pour ce projet fantastique, nous remercions &#8220;Verandair&#8221; pour la comp\u00e9tence de ses \u00e9quipes hors pair, son savoir-faire et la qualit\u00e9 exceptionnelle de ses produits. Bravo \u00e0 la cha\u00eene des intervenants jamais interrompue durant tout le processus de la commande jusqu\u2019\u00e0 l\u2019ex\u00e9cution finale de l\u2019abri.Du d\u00e9but \u00e0 la fin, nous avons c\u00f4toy\u00e9 l&#8217;excellence professionnelle.<\/span><\/p>\n<p>[\/et_pb_testimonial][\/et_pb_column][et_pb_column type=&#8221;1_3&#8243; _builder_version=&#8221;4.23.4&#8243; _module_preset=&#8221;default&#8221; custom_padding=&#8221;||50px||false|false&#8221; global_colors_info=&#8221;{}&#8221;][et_pb_testimonial author=&#8221;Dani\u00e8le Ledoux&#8221; job_title=&#8221;2022&#8243; portrait_url=&#8221;https:\/\/www.verandair.com\/wp-content\/uploads\/2024\/02\/daniele-ledoux.jpg&#8221; _builder_version=&#8221;4.24.0&#8243; _module_preset=&#8221;d58f6d2e-69be-450a-bd63-327c90b31473&#8243; body_font_size=&#8221;16px&#8221; global_colors_info=&#8221;{%22gcid-5c4546d4-de02-4649-8683-d4192d8e1655%22:%91%22position_text_color%22%93}&#8221;]<\/p>\n<p><span>Quand le r\u00eave devient r\u00e9alit\u00e9<\/span><br \/><span>Apr\u00e8s un passage chez Verandair au showroom de Spy , bien conseill\u00e9e par Monsieur Rahmani Vincent , me voil\u00e0 \u00e9quip\u00e9e d&#8217;un tr\u00e8s bel abri de terrasse. Merci aussi \u00e0 la personne en charge de la bonne prise de mesure<\/span><br \/><span>L&#8217;\u00e9quipe de la Menuiserie Chartier a prest\u00e9 un magnifique travail et fin de journ\u00e9e tout \u00e9tait termin\u00e9<\/span><br \/><span>Wouah&#8230;. que du bonheur<\/span><br \/><span>Merci<\/span><\/p>\n<p>[\/et_pb_testimonial][et_pb_testimonial author=&#8221;Sandrina Valenzano&#8221; job_title=&#8221;2023&#8243; portrait_url=&#8221;https:\/\/www.verandair.com\/wp-content\/uploads\/2024\/02\/sandrina.jpg&#8221; _builder_version=&#8221;4.24.0&#8243; _module_preset=&#8221;d58f6d2e-69be-450a-bd63-327c90b31473&#8243; body_font_size=&#8221;16px&#8221; global_colors_info=&#8221;{%22gcid-5c4546d4-de02-4649-8683-d4192d8e1655%22:%91%22position_text_color%22%93}&#8221;]<\/p>\n<p><span>Structure impeccable, solide, tr\u00e8s joli.<\/span><\/p>\n<p>[\/et_pb_testimonial][\/et_pb_column][et_pb_column type=&#8221;1_3&#8243; _builder_version=&#8221;4.23.4&#8243; _module_preset=&#8221;default&#8221; custom_padding=&#8221;||50px||false|false&#8221; global_colors_info=&#8221;{}&#8221;][et_pb_testimonial author=&#8221;Philippe Custers&#8221; job_title=&#8221;2022&#8243; portrait_url=&#8221;https:\/\/www.verandair.com\/wp-content\/uploads\/2024\/02\/philippe-custers.jpg&#8221; _builder_version=&#8221;4.24.0&#8243; _module_preset=&#8221;d58f6d2e-69be-450a-bd63-327c90b31473&#8243; body_font_size=&#8221;16px&#8221; global_colors_info=&#8221;{%22gcid-5c4546d4-de02-4649-8683-d4192d8e1655%22:%91%22position_text_color%22%93}&#8221;]<\/p>\n<p><span>Le r\u00e9sultat d\u00e9passe les attentes de l&#8217;acqu\u00e9reur&#8230; Travail minutieux et pr\u00e9cis, le suivi depuis les plans de fabrication jusqu&#8217;au montage final et m\u00eame les petits correctifs \u00e0 posteriori, c&#8217;est tr\u00e8s professionnel!<\/span><br \/><span>Bravo \u00e0 toutes les \u00e9quipes qui y ont contribu\u00e9.<\/span><\/p>\n<p>[\/et_pb_testimonial][et_pb_testimonial author=&#8221;Yves Verdonck&#8221; job_title=&#8221;2021&#8243; portrait_url=&#8221;https:\/\/www.verandair.com\/wp-content\/uploads\/2024\/02\/yves-verdonck.jpg&#8221; _builder_version=&#8221;4.24.0&#8243; _module_preset=&#8221;d58f6d2e-69be-450a-bd63-327c90b31473&#8243; body_font_size=&#8221;16px&#8221; global_colors_info=&#8221;{%22gcid-5c4546d4-de02-4649-8683-d4192d8e1655%22:%91%22position_text_color%22%93}&#8221;]<\/p>\n<p>Super content ! Belle finition\u2026qualit\u00e9, s\u00e9rieux et propret\u00e9 de la part de l\u2019\u00e9quipe de placement ! Le tout dans la jovialit\u00e9 et de bons conseils ! Soci\u00e9t\u00e9 belge implant\u00e9e en Wallonie soucieuse de r\u00e9pondre \u00e0 nos attentes tout au long de notre projet ! A recommander !<\/p>\n<p>[\/et_pb_testimonial][\/et_pb_column][\/et_pb_row][\/et_pb_section][et_pb_section fb_built=&#8221;1&#8243; admin_label=&#8221;Modeles&#8221; module_id=&#8221;modeles&#8221; _builder_version=&#8221;4.24.0&#8243; _module_preset=&#8221;b213633d-5762-446f-872e-5ca2bd12b219&#8243; global_colors_info=&#8221;{}&#8221;][et_pb_row _builder_version=&#8221;4.24.0&#8243; _module_preset=&#8221;e9563919-a9a0-4773-9250-81452e196558&#8243; custom_padding=&#8221;||0px||false|false&#8221; global_colors_info=&#8221;{}&#8221;][et_pb_column type=&#8221;4_4&#8243; _builder_version=&#8221;4.23.4&#8243; _module_preset=&#8221;default&#8221; global_colors_info=&#8221;{}&#8221;][et_pb_text _builder_version=&#8221;4.24.0&#8243; _module_preset=&#8221;92aae06f-c11a-4f4c-95ff-b8e28412f5a2&#8243; global_colors_info=&#8221;{}&#8221;]<\/p>\n<p>Mod\u00e8les li\u00e9s<\/p>\n<p>[\/et_pb_text][et_pb_text _builder_version=&#8221;4.24.2&#8243; _module_preset=&#8221;default&#8221; text_orientation=&#8221;center&#8221; global_colors_info=&#8221;{}&#8221;]<\/p>\n<h2 style=\"margin-top: 20.0pt;\"><span lang=\"fr\">Nos autres solutions pour l\u2019ext\u00e9rieur<o:p><\/o:p><\/span><\/h2>\n<p>[\/et_pb_text][et_pb_divider show_divider=&#8221;off&#8221; _builder_version=&#8221;4.23.4&#8243; _module_preset=&#8221;2adabd0f-cb12-404f-9aa7-a3088280e564&#8243; module_alignment=&#8221;center&#8221; global_colors_info=&#8221;{}&#8221;][\/et_pb_divider][\/et_pb_column][\/et_pb_row][et_pb_row column_structure=&#8221;1_2,1_2&#8243; use_custom_gutter=&#8221;on&#8221; _builder_version=&#8221;4.27.5&#8243; _module_preset=&#8221;default&#8221; custom_margin=&#8221;||||false|false&#8221; hover_enabled=&#8221;0&#8243; global_colors_info=&#8221;{}&#8221; sticky_enabled=&#8221;0&#8243;][et_pb_column type=&#8221;1_2&#8243; _builder_version=&#8221;4.23.4&#8243; _module_preset=&#8221;default&#8221; animation_style=&#8221;slide&#8221; animation_direction=&#8221;right&#8221; custom_css_main_element=&#8221;margin-bottom: 35px;&#8221; global_colors_info=&#8221;{}&#8221;][et_pb_cta title=&#8221;La pergola&#8221; button_url=&#8221;@ET-DC@eyJkeW5hbWljIjp0cnVlLCJjb250ZW50IjoicG9zdF9saW5rX3VybF9wYWdlIiwic2V0dGluZ3MiOnsicG9zdF9pZCI6IjIyNzcifX0=@&#8221; button_text=&#8221;D\u00e9couvrir&#8221; _builder_version=&#8221;4.24.2&#8243; _dynamic_attributes=&#8221;button_url&#8221; _module_preset=&#8221;3620f67c-ee87-47f1-8834-b75c8fba812a&#8221; global_colors_info=&#8221;{%22gcid-a78bba3e-9a00-4c62-8b29-47f3d6c30097%22:%91%22background_color%22%93,%22gcid-02eea4c1-992a-4bff-aee2-539b98054199%22:%91%22button_bg_color%22%93,%22gcid-6765a8f9-be90-4ab4-9fed-0cfcb9d46015%22:%91%22button_bg_color_gradient_stops%22%93}&#8221;]<\/p>\n<p><span>Une <strong>pergola \u00e0 toiture fixe ou r\u00e9tractable<\/strong> pour profiter de votre terrasse toute l\u2019ann\u00e9e<\/span><\/p>\n<p>[\/et_pb_cta][\/et_pb_column][et_pb_column type=&#8221;1_2&#8243; _builder_version=&#8221;4.23.4&#8243; _module_preset=&#8221;default&#8221; animation_style=&#8221;slide&#8221; animation_direction=&#8221;right&#8221; custom_css_main_element=&#8221;margin-bottom: 35px;&#8221; global_colors_info=&#8221;{}&#8221;][et_pb_cta title=&#8221;Le carport&#8221; button_url=&#8221;@ET-DC@eyJkeW5hbWljIjp0cnVlLCJjb250ZW50IjoicG9zdF9saW5rX3VybF9wYWdlIiwic2V0dGluZ3MiOnsicG9zdF9pZCI6IjIzMDUifX0=@&#8221; button_text=&#8221;D\u00e9couvrir&#8221; _builder_version=&#8221;4.24.2&#8243; _dynamic_attributes=&#8221;button_url&#8221; _module_preset=&#8221;3620f67c-ee87-47f1-8834-b75c8fba812a&#8221; background_image=&#8221;https:\/\/www.verandair.com\/wp-content\/uploads\/2023\/09\/Carport-verandair-2.jpeg&#8221; global_colors_info=&#8221;{%22gcid-a78bba3e-9a00-4c62-8b29-47f3d6c30097%22:%91%22background_color%22%93,%22gcid-02eea4c1-992a-4bff-aee2-539b98054199%22:%91%22button_bg_color%22%93,%22gcid-6765a8f9-be90-4ab4-9fed-0cfcb9d46015%22:%91%22button_bg_color_gradient_stops%22%93}&#8221;]<\/p>\n<p><span>Un <strong>carport<\/strong> en aluminium esth\u00e9tique pour <strong>prot\u00e9ger votre v\u00e9hicule<\/strong> <\/span><\/p>\n<p>[\/et_pb_cta][\/et_pb_column][\/et_pb_row][\/et_pb_section][et_pb_section fb_built=&#8221;1&#8243; admin_label=&#8221;Blog&#8221; _builder_version=&#8221;4.24.1&#8243; _module_preset=&#8221;b213633d-5762-446f-872e-5ca2bd12b219&#8243; background_color=&#8221;RGBA(255,255,255,0)&#8221; use_background_color_gradient=&#8221;on&#8221; background_color_gradient_stops=&#8221;rgba(255,255,255,0) 0%|gcid-7df8ee83-ae0d-4f60-a763-b085a292aac7 45%&#8221; z_index=&#8221;25&#8243; global_colors_info=&#8221;{%22gcid-7df8ee83-ae0d-4f60-a763-b085a292aac7%22:%91%22background_color_gradient_stops%22%93}&#8221;][et_pb_row column_structure=&#8221;1_3,2_3&#8243; _builder_version=&#8221;4.24.0&#8243; _module_preset=&#8221;e9563919-a9a0-4773-9250-81452e196558&#8243; global_colors_info=&#8221;{}&#8221;][et_pb_column type=&#8221;1_3&#8243; _builder_version=&#8221;4.23.4&#8243; _module_preset=&#8221;default&#8221; z_index=&#8221;10&#8243; global_colors_info=&#8221;{}&#8221;][et_pb_text _builder_version=&#8221;4.24.2&#8243; _module_preset=&#8221;92aae06f-c11a-4f4c-95ff-b8e28412f5a2&#8243; text_orientation=&#8221;left&#8221; global_colors_info=&#8221;{}&#8221;]<\/p>\n<p>Outdoor lifestyle magazine<\/p>\n<p>[\/et_pb_text][et_pb_text _builder_version=&#8221;4.24.2&#8243; _module_preset=&#8221;default&#8221; custom_margin=&#8221;||30px||false|false&#8221; global_colors_info=&#8221;{}&#8221;]<\/p>\n<h2>Tout savoir\u2028sur les <strong>accessoires de terrasse<\/strong><\/h2>\n<p>[\/et_pb_text][et_pb_divider _builder_version=&#8221;4.23.4&#8243; _module_preset=&#8221;2adabd0f-cb12-404f-9aa7-a3088280e564&#8243; global_colors_info=&#8221;{}&#8221;][\/et_pb_divider][et_pb_sidebar area=&#8221;et_pb_widget_area_1&#8243; _builder_version=&#8221;4.24.0&#8243; _module_preset=&#8221;default&#8221; custom_margin=&#8221;||0px||false|false&#8221; custom_padding=&#8221;20px|0px||0px|false|true&#8221; custom_css_free_form=&#8221;selector .wp-block-categories-list {||    display: flex;||    flex-wrap: wrap;||}||||selector .wp-block-categories-list li {||  padding: 0 5px 10px 0;||}||||selector .wp-block-categories-list li a {||  padding: 10px 20px;||  box-shadow: 3px 3px 20px rgba(0,0,0,.1);||  border-radius: 60px;||  font-size: 15px;||  color: #000;||  background: #fff;||  transition: all .2s ease-in-out;||}||||selector .wp-block-categories-list li a:hover {||  background: #000;||  color: #fff;||}&#8221; border_color_right=&#8221;RGBA(255,255,255,0)&#8221; global_colors_info=&#8221;{}&#8221;][\/et_pb_sidebar][et_pb_button button_url=&#8221;@ET-DC@eyJkeW5hbWljIjp0cnVlLCJjb250ZW50IjoicG9zdF9saW5rX3VybF9wYWdlIiwic2V0dGluZ3MiOnsicG9zdF9pZCI6IjM4MCJ9fQ==@&#8221; button_text=&#8221;D\u00e9couvrir&#8221; _builder_version=&#8221;4.24.0&#8243; _dynamic_attributes=&#8221;button_url&#8221; _module_preset=&#8221;ae8d3791-01a2-4c4b-b221-c3f14f812284&#8243; custom_margin=&#8221;||35px||false|false&#8221; global_colors_info=&#8221;{}&#8221;][\/et_pb_button][\/et_pb_column][et_pb_column type=&#8221;2_3&#8243; _builder_version=&#8221;4.23.4&#8243; _module_preset=&#8221;default&#8221; global_colors_info=&#8221;{}&#8221;][dsm_blog_carousel include_categories=&#8221;41,31,30,40&#8243; navi_size=&#8221;40&#8243; columns_tablet=&#8221;1&#8243; columns_phone=&#8221;1&#8243; columns_last_edited=&#8221;on|tablet&#8221; _builder_version=&#8221;4.24.2&#8243; _module_preset=&#8221;d5a15927-9c47-4971-b95e-d0825f505ea9&#8243; global_colors_info=&#8221;{%22gcid-a78bba3e-9a00-4c62-8b29-47f3d6c30097%22:%91%22navi_color%22%93}&#8221;][\/dsm_blog_carousel][\/et_pb_column][\/et_pb_row][\/et_pb_section][et_pb_section fb_built=&#8221;1&#8243; admin_label=&#8221;Projet&#8221; _builder_version=&#8221;4.24.0&#8243; _module_preset=&#8221;b213633d-5762-446f-872e-5ca2bd12b219&#8243; z_index=&#8221;25&#8243; global_colors_info=&#8221;{}&#8221;][et_pb_row _builder_version=&#8221;4.24.0&#8243; _module_preset=&#8221;e9563919-a9a0-4773-9250-81452e196558&#8243; custom_padding=&#8221;||0px||false|false&#8221; global_colors_info=&#8221;{}&#8221;][et_pb_column type=&#8221;4_4&#8243; _builder_version=&#8221;4.23.4&#8243; _module_preset=&#8221;default&#8221; global_colors_info=&#8221;{}&#8221;][et_pb_text _builder_version=&#8221;4.23.4&#8243; _module_preset=&#8221;92aae06f-c11a-4f4c-95ff-b8e28412f5a2&#8243; global_colors_info=&#8221;{}&#8221;]<\/p>\n<p><span>Par o\u00f9 commencer ?<\/span><\/p>\n<p>[\/et_pb_text][et_pb_text _builder_version=&#8221;4.24.0&#8243; _module_preset=&#8221;default&#8221; text_orientation=&#8221;center&#8221; animation_style=&#8221;fade&#8221; global_colors_info=&#8221;{}&#8221;]<\/p>\n<h2>Envie de parler de votre projet ?<br \/><strong>Rencontrons-nous<\/strong><\/h2>\n<p>[\/et_pb_text][et_pb_divider show_divider=&#8221;off&#8221; _builder_version=&#8221;4.23.4&#8243; _module_preset=&#8221;2adabd0f-cb12-404f-9aa7-a3088280e564&#8243; module_alignment=&#8221;center&#8221; global_colors_info=&#8221;{}&#8221;][\/et_pb_divider][\/et_pb_column][\/et_pb_row][et_pb_row column_structure=&#8221;1_3,1_3,1_3&#8243; _builder_version=&#8221;4.24.0&#8243; _module_preset=&#8221;e9563919-a9a0-4773-9250-81452e196558&#8243; global_colors_info=&#8221;{}&#8221;][et_pb_column type=&#8221;1_3&#8243; _builder_version=&#8221;4.23.4&#8243; _module_preset=&#8221;default&#8221; global_colors_info=&#8221;{}&#8221;][et_pb_text _builder_version=&#8221;4.24.0&#8243; _module_preset=&#8221;c1327978-d07a-430c-a2ac-6bd6aef22921&#8243; global_colors_info=&#8221;{}&#8221;]<\/p>\n<p>01.<\/p>\n<p>[\/et_pb_text][et_pb_text _builder_version=&#8221;4.24.2&#8243; _module_preset=&#8221;5298e62e-f7ac-4dd9-b361-006fc4da68de&#8221; global_colors_info=&#8221;{}&#8221;]<\/p>\n<h3>Prenez rendez-vous<\/h3>\n<p>Initiez votre projet d&#8217;accessoires de terrasse en planifiant une rencontre. C\u2019est le premier pas vers la concr\u00e9tisation de vos besoins.<\/p>\n<p>[\/et_pb_text][\/et_pb_column][et_pb_column type=&#8221;1_3&#8243; _builder_version=&#8221;4.23.4&#8243; _module_preset=&#8221;default&#8221; global_colors_info=&#8221;{}&#8221;][et_pb_text _builder_version=&#8221;4.23.4&#8243; _module_preset=&#8221;c1327978-d07a-430c-a2ac-6bd6aef22921&#8243; global_colors_info=&#8221;{}&#8221;]<\/p>\n<p>02.<\/p>\n<p>[\/et_pb_text][et_pb_text _builder_version=&#8221;4.24.2&#8243; _module_preset=&#8221;5298e62e-f7ac-4dd9-b361-006fc4da68de&#8221; global_colors_info=&#8221;{}&#8221;]<\/p>\n<h3>Nous d\u00e9finissons ensemble votre projet<\/h3>\n<p>Lors de notre rencontre, nous \u00e9tablissons chaque d\u00e9tail de votre projet, en alignant vos besoins avec nos solutions sur mesure.<\/p>\n<p>[\/et_pb_text][\/et_pb_column][et_pb_column type=&#8221;1_3&#8243; _builder_version=&#8221;4.23.4&#8243; _module_preset=&#8221;default&#8221; global_colors_info=&#8221;{}&#8221;][et_pb_text _builder_version=&#8221;4.23.4&#8243; _module_preset=&#8221;c1327978-d07a-430c-a2ac-6bd6aef22921&#8243; global_colors_info=&#8221;{}&#8221;]<\/p>\n<p>03.<\/p>\n<p>[\/et_pb_text][et_pb_text _builder_version=&#8221;4.24.2&#8243; _module_preset=&#8221;5298e62e-f7ac-4dd9-b361-006fc4da68de&#8221; global_colors_info=&#8221;{}&#8221;]<\/p>\n<h3>Vous d\u00e9cidez<\/h3>\n<p>Apr\u00e8s avoir discut\u00e9 de tous les aspects de votre projet d&#8217;accessoires de terrasse, c\u2019est \u00e0 vous de prendre la d\u00e9cision finale.<\/p>\n<p>[\/et_pb_text][\/et_pb_column][\/et_pb_row][et_pb_row _builder_version=&#8221;4.23.4&#8243; _module_preset=&#8221;default&#8221; global_colors_info=&#8221;{}&#8221;][et_pb_column type=&#8221;4_4&#8243; _builder_version=&#8221;4.23.4&#8243; _module_preset=&#8221;default&#8221; global_colors_info=&#8221;{}&#8221;][et_pb_button button_url=&#8221;@ET-DC@eyJkeW5hbWljIjp0cnVlLCJjb250ZW50IjoicG9zdF9saW5rX3VybF9wYWdlIiwic2V0dGluZ3MiOnsicG9zdF9pZCI6IjgwIn19@&#8221; button_text=&#8221;Fixer un rendez-vous&#8221; button_alignment=&#8221;center&#8221; _builder_version=&#8221;4.23.4&#8243; _dynamic_attributes=&#8221;button_url&#8221; _module_preset=&#8221;default&#8221; global_colors_info=&#8221;{}&#8221;][\/et_pb_button][\/et_pb_column][\/et_pb_row][\/et_pb_section]<\/p>\n","protected":false},"excerpt":{"rendered":"<p><div class=\"et_pb_module dsm_breadcrumbs dsm_breadcrumbs_0\">\n\t\t\t\t\n\t\t\t\t\n\t\t\t\t\n\t\t\t\t\n\t\t\t\t\n\t\t\t\t\n\t\t\t\t<div class=\"et_pb_module_inner\">\n\t\t\t\t\t<nav class=\"dsm_breadcrumbs_wrap\">\n\t\t\t\t<ul class=\"dsm_breadcrumbs\" itemscope itemtype=\"https:\/\/schema.org\/BreadcrumbList\">\t\t\t<li class=\"dsm_breadcrumbs_item dsm_home_item dsm_home_item_custom\" itemprop=\"itemListElement\" itemscope\n\t\t\titemtype=\"https:\/\/schema.org\/ListItem\">\n\t\t\t\t<a href=\"https:\/\/www.verandair.com\/fr\/\" itemprop=\"item\" target=\"\">\n\t\t\t\t\t<span class='dsm_home_text_wrapper'>\n\t\t\t\t\t\t\t\t\t\t\t\t\t<span class=\"et-pb-icon dsm_home_icon\">&#xe009;<\/span>\n\t\t\t\t\t\t\t\t\t\t\t\t\t<span class=\"dsm_home_text\" itemprop=\"name\">\n\t\t\t\t\t\t\t\t \t\t\t\t\t\t\t<\/span>\n\t\t\t\t\t<\/span>\n\t\t\t\t<\/a>\n\t\t\t\t<meta itemprop=\"position\" content=\"1\" \/>\n\t\t\t<\/li>\n\n\t\t<li class=\"dsm_breadcrumbs_separator\"> <span class=\"et-pb-icon dsm_separator_icon\">&#x35;<\/span><\/li><\/ul>\n\t\t\t<\/nav>\n\t\t\t\t<\/div>\n\t\t\t<\/div>Accessoires pour terrasseR\u00e9ponse sous 24h !<div class=\"et_pb_module dsm_image_carousel dsm_image_carousel_0 \">\n\t\t\t\t\n\t\t\t\t\n\t\t\t\t\n\t\t\t\t\n\t\t\t\t\n\t\t\t\t\n\t\t\t\t<div class=\"et_pb_module_inner\">\n\t\t\t\t\t<div class=\"swiper-container dsm_image_carousel_container  dsm_image_carousel_carousel\" dir=\"ltr\"data-effect=\"default\"\n\t\t\tdata-slider-effect-shadows=\"false\"\n\t\t\tdata-slider-effect-coverflow-rotate=\"30\"\n\t\t\tdata-slider-effect-coverflow-depth=\"0\"\n\t\t\tdata-loop=\"true\"\n\t\t\tdata-slide-to-show=\"1\"\n\t\t\tdata-slide-to-show-tablet=\"1\"\n\t\t\tdata-slide-to-show-phone=\"1\"\n\t\t\tdata-slide-to-scroll=\"1\"\n\t\t\tdata-slide-to-scroll-tablet=\"1\"\n\t\t\tdata-slide-to-scroll-phone=\"1\"\n\t\t\tdata-space-between=\"15\"\n\t\t\tdata-space-between-tablet=\"15\"\n\t\t\tdata-space-between-phone=\"15\"\n\t\t\tdata-slide-row=\"1\"\n\t\t\tdata-centered-slides=\"false\"\n\t\t\tdata-speed=\"800\"\n\t\t\tdata-autoplay=\"true\"\n\t\t\tdata-autoplay-speed=\"3000\"\n\t\t\tdata-touch-move=\"true\"\n\t\t\tdata-grab=\"true\"\n\t\t\tdata-pause-on-hover=\"false\"\n\t\t\tdata-show-lightbox=\"true\"\n\t\t\tdata-lightbox-gallery=\"true\"\n\t\t\tdata-lightbox-caption=\"false\"\n\t\t\tdata-infinite-scrolling=\"false\"\n\t\t\tdata-slide-row-tablet=\"1\"\n\t\t\tdata-slide-row-phone=\"1\"\n\t\t\tdata-autoplay-viewport=80%\n\t\t\tdata-mousewheel=\"false\"\n\t\t\tdata-lazyload=\"true\"\n\t\t\tdata-type=\"carousel\"\n\t\t\tdata-slideshow-effect=\"default\"\n\t\t\tdata-slideshow-to-show=\"4\"\n\t\t\tdata-slideshow-to-show-tablet=\"4\"\n\t\t\tdata-slideshow-to-show-phone=\"\"\n\t\t\tdata-slider-orientation=\"horizontal\"\n\t\t\t\t\t\tdata-lightbox-title=\"false\"\n\n\t\t\t><div class=\"swiper-wrapper\"><div class=\"swiper-slide dsm_image_carousel_item\"><a class=\"dsm_image_carousel_lightbox\" href=\"https:\/\/www.verandair.com\/wp-content\/uploads\/2024\/02\/BEN_5605-scaled.jpeg\" data-mfp-src=\"https:\/\/www.verandair.com\/wp-content\/uploads\/2024\/02\/BEN_5605-scaled.jpeg\"><img loading=\"lazy\" decoding=\"async\" src=\"https:\/\/www.verandair.com\/wp-content\/uploads\/2024\/02\/BEN_5605-scaled.jpeg\" alt=\"Baie vitr\u00e9e pleine de charme qui ferme les c\u00f4t\u00e9s de la v\u00e9randa professionnelle adoss\u00e9e au Ch\u00e2teau de Bayard\" title=\"baie-vitree-chateau-bayard\" width=\"1600\" height=\"1065\" data-dsm-image-description=\"\" srcset=\"https:\/\/www.verandair.com\/wp-content\/uploads\/2024\/02\/BEN_5605-2048x1363.jpeg 2048w, https:\/\/www.verandair.com\/wp-content\/uploads\/2024\/02\/BEN_5605-300x200.jpeg 300w, https:\/\/www.verandair.com\/wp-content\/uploads\/2024\/02\/BEN_5605-1024x682.jpeg 1024w, https:\/\/www.verandair.com\/wp-content\/uploads\/2024\/02\/BEN_5605-768x511.jpeg 768w, https:\/\/www.verandair.com\/wp-content\/uploads\/2024\/02\/BEN_5605-1536x1022.jpeg 1536w, https:\/\/www.verandair.com\/wp-content\/uploads\/2024\/02\/BEN_5605-1080x719.jpeg 1080w, https:\/\/www.verandair.com\/wp-content\/uploads\/2024\/02\/BEN_5605-1280x852.jpeg 1280w, https:\/\/www.verandair.com\/wp-content\/uploads\/2024\/02\/BEN_5605-980x652.jpeg 980w, https:\/\/www.verandair.com\/wp-content\/uploads\/2024\/02\/BEN_5605-480x320.jpeg 480w, https:\/\/www.verandair.com\/wp-content\/uploads\/2024\/02\/BEN_5605-scaled.jpeg 1600w\" sizes=\"(max-width: 1600px) 100vw, 1600px\" class=\" swiper-lazy\" \/><\/a><\/div><div class=\"swiper-slide dsm_image_carousel_item\"><a class=\"dsm_image_carousel_lightbox\" href=\"https:\/\/www.verandair.com\/wp-content\/uploads\/2024\/02\/IMG_1219.jpg\" data-mfp-src=\"https:\/\/www.verandair.com\/wp-content\/uploads\/2024\/02\/IMG_1219.jpg\"><img loading=\"lazy\" decoding=\"async\" src=\"https:\/\/www.verandair.com\/wp-content\/uploads\/2024\/02\/IMG_1219.jpg\" alt=\"Pergola moderne de chez Verandair avec un toit en lames blanches et des montants verticaux en aluminium. Elle est compos\u00e9e de parois de verre transparentes coulissantes qui donne une ouverture sur le jardin bien entretenu\" title=\"baie-vitree-verandair\" width=\"1600\" height=\"1200\" data-dsm-image-description=\"\" srcset=\"https:\/\/www.verandair.com\/wp-content\/uploads\/2024\/02\/IMG_1219-2048x1536.jpg 1600w, https:\/\/www.verandair.com\/wp-content\/uploads\/2024\/02\/IMG_1219-1280x960.jpg 1280w, https:\/\/www.verandair.com\/wp-content\/uploads\/2024\/02\/IMG_1219-980x735.jpg 980w, https:\/\/www.verandair.com\/wp-content\/uploads\/2024\/02\/IMG_1219-480x360.jpg 480w\" sizes=\"(min-width: 0px) and (max-width: 480px) 480px, (min-width: 481px) and (max-width: 980px) 980px, (min-width: 981px) and (max-width: 1280px) 1280px, (min-width: 1281px) 1600px, 100vw\" class=\" swiper-lazy\" \/><\/a><\/div><div class=\"swiper-slide dsm_image_carousel_item\"><a class=\"dsm_image_carousel_lightbox\" href=\"https:\/\/www.verandair.com\/wp-content\/uploads\/2020\/03\/nettoyage-de-printemps-terrasse-et-pergola.png\" data-mfp-src=\"https:\/\/www.verandair.com\/wp-content\/uploads\/2020\/03\/nettoyage-de-printemps-terrasse-et-pergola.png\"><img loading=\"lazy\" decoding=\"async\" src=\"https:\/\/www.verandair.com\/wp-content\/uploads\/2020\/03\/nettoyage-de-printemps-terrasse-et-pergola.png\" alt=\"nettoyage de printemps terrasse et pergola\" title=\"nettoyage de printemps terrasse et pergola\" width=\"800\" height=\"600\" data-dsm-image-description=\"\" srcset=\"https:\/\/www.verandair.com\/wp-content\/uploads\/2020\/03\/nettoyage-de-printemps-terrasse-et-pergola.png 800w, https:\/\/www.verandair.com\/wp-content\/uploads\/2020\/03\/nettoyage-de-printemps-terrasse-et-pergola-480x360.png 480w\" sizes=\"(min-width: 0px) and (max-width: 480px) 480px, (min-width: 481px) 800px, 100vw\" class=\" swiper-lazy\" \/><\/a><\/div><div class=\"swiper-slide dsm_image_carousel_item\"><a class=\"dsm_image_carousel_lightbox\" href=\"https:\/\/www.verandair.com\/wp-content\/uploads\/2024\/02\/auvent-terrasse-verandair-1.jpeg\" data-mfp-src=\"https:\/\/www.verandair.com\/wp-content\/uploads\/2024\/02\/auvent-terrasse-verandair-1.jpeg\"><img loading=\"lazy\" decoding=\"async\" src=\"https:\/\/www.verandair.com\/wp-content\/uploads\/2024\/02\/auvent-terrasse-verandair-1.jpeg\" alt=\"Auvent de terrasse am\u00e9nag\u00e9 avec un canap\u00e9 gris, des coussins jaunes, gris, \u00e0 motifs et un tapis dans les tons gris\" title=\"auvent-terrasse-verandair\" width=\"1600\" height=\"1067\" data-dsm-image-description=\"\" srcset=\"https:\/\/www.verandair.com\/wp-content\/uploads\/2024\/02\/auvent-terrasse-verandair-1.jpeg 1600w, https:\/\/www.verandair.com\/wp-content\/uploads\/2024\/02\/auvent-terrasse-verandair-1-1280x853.jpeg 1280w, https:\/\/www.verandair.com\/wp-content\/uploads\/2024\/02\/auvent-terrasse-verandair-1-980x653.jpeg 980w, https:\/\/www.verandair.com\/wp-content\/uploads\/2024\/02\/auvent-terrasse-verandair-1-480x320.jpeg 480w\" sizes=\"(min-width: 0px) and (max-width: 480px) 480px, (min-width: 481px) and (max-width: 980px) 980px, (min-width: 981px) and (max-width: 1280px) 1280px, (min-width: 1281px) 1600px, 100vw\" class=\" swiper-lazy\" \/><\/a><\/div><div class=\"swiper-slide dsm_image_carousel_item\"><a class=\"dsm_image_carousel_lightbox\" href=\"https:\/\/www.verandair.com\/wp-content\/uploads\/2024\/02\/98A0420-2-scaled.jpeg\" data-mfp-src=\"https:\/\/www.verandair.com\/wp-content\/uploads\/2024\/02\/98A0420-2-scaled.jpeg\"><img loading=\"lazy\" decoding=\"async\" src=\"https:\/\/www.verandair.com\/wp-content\/uploads\/2024\/02\/98A0420-2-scaled.jpeg\" alt=\"Pergola vitr\u00e9e avec une baie vitr\u00e9e coulissante avec vue sur le jardin et le reste de la terrasse\" title=\"baie-vitree-coulissante-verandair\" width=\"1500\" height=\"1200\" data-dsm-image-description=\"\" srcset=\"https:\/\/www.verandair.com\/wp-content\/uploads\/2024\/02\/98A0420-2-1536x1229.jpeg 1536w, https:\/\/www.verandair.com\/wp-content\/uploads\/2024\/02\/98A0420-2-300x240.jpeg 300w, https:\/\/www.verandair.com\/wp-content\/uploads\/2024\/02\/98A0420-2-1024x819.jpeg 1024w, https:\/\/www.verandair.com\/wp-content\/uploads\/2024\/02\/98A0420-2-768x614.jpeg 768w, https:\/\/www.verandair.com\/wp-content\/uploads\/2024\/02\/98A0420-2-2048x1639.jpeg 2048w, https:\/\/www.verandair.com\/wp-content\/uploads\/2024\/02\/98A0420-2-1080x864.jpeg 1080w, https:\/\/www.verandair.com\/wp-content\/uploads\/2024\/02\/98A0420-2-1280x1024.jpeg 1280w, https:\/\/www.verandair.com\/wp-content\/uploads\/2024\/02\/98A0420-2-980x784.jpeg 980w, https:\/\/www.verandair.com\/wp-content\/uploads\/2024\/02\/98A0420-2-480x384.jpeg 480w, https:\/\/www.verandair.com\/wp-content\/uploads\/2024\/02\/98A0420-2-scaled.jpeg 1500w\" sizes=\"(max-width: 1500px) 100vw, 1500px\" class=\" swiper-lazy\" \/><\/a><\/div><div class=\"swiper-slide dsm_image_carousel_item\"><a class=\"dsm_image_carousel_lightbox\" href=\"https:\/\/www.verandair.com\/wp-content\/uploads\/2019\/06\/photo-pergola-en-aluminium-Verandair.jpg\" data-mfp-src=\"https:\/\/www.verandair.com\/wp-content\/uploads\/2019\/06\/photo-pergola-en-aluminium-Verandair.jpg\"><img loading=\"lazy\" decoding=\"async\" src=\"https:\/\/www.verandair.com\/wp-content\/uploads\/2019\/06\/photo-pergola-en-aluminium-Verandair.jpg\" alt=\"Photo pergola en aluminium\" title=\"Photo pergola Verandair\" width=\"960\" height=\"640\" data-dsm-image-description=\"\" srcset=\"https:\/\/www.verandair.com\/wp-content\/uploads\/2019\/06\/photo-pergola-en-aluminium-Verandair.jpg 960w, https:\/\/www.verandair.com\/wp-content\/uploads\/2019\/06\/photo-pergola-en-aluminium-Verandair-480x320.jpg 480w\" sizes=\"(min-width: 0px) and (max-width: 480px) 480px, (min-width: 481px) 960px, 100vw\" class=\" swiper-lazy\" \/><\/a><\/div><\/div><\/div><div class=\"swiper-button-prev swiper-arrow-button\" data-icon=\"&#x23;\"><\/div><div class=\"swiper-button-next swiper-arrow-button\" data-icon=\"&#x24;\"><\/div>\n\t\t\t\t<\/div>\n\t\t\t<\/div>ALU\u20286061 T6anti-corrosion2500coloris RALAjoutez des accessoires \u00e0 votre pergola !Il existe mille et une fa\u00e7on d&#8217;am\u00e9nager votre pergola pour rendre ce lieu de vie encore plus accueillant ! La pergola est con\u00e7ue pour \u00e9voluer. Commencez avec une base simple et ajoutez-y des accessoires vari\u00e9s selon vos go\u00fbts et votre budget. Cette approche vous aide \u00e0 \u00e9taler les co\u00fbts, \u00e0 renouveler plus souvent le style de votre espace et \u00e0 profiter de votre pergola toute l&#8217;ann\u00e9e !Mod\u00e8lesNos diff\u00e9rents accessoires VERANDAIR\u00ae <div class=\"et_pb_with_border et_pb_module dsm_faq dsm_faq_0\">\n\t\t\t\t\n\t\t\t\t\n\t\t\t\t\n\t\t\t\t\n\t\t\t\t\n\t\t\t\t\n\t\t\t\t<div class=\"et_pb_module_inner\">\n\t\t\t\t\t<div class=\"dsm-faq-container dsm-front\" data-accordion=\"off\" data-open_first_item=\"on\">\n\t\t\t\t\n\t\t\t <\/div>\n\t\t\t \n\t\t\t\n\t\t\t\t<\/div>\n\t\t\t<\/div><div class=\"dsm_faq_child_0 dsm-faq-item-wrapper\">\n\t\t\t\t<div class=\"dsm-title-wrapper\">\n\t\t\t\t <div class=\"dsm-title-inner-wrapper\">\n\t\t\t\t   \n\t\t\t\t   \n\t\t\t\t   <div class=\"dsm_open_image\"><img decoding=\"async\" src=\"\" alt=\"\" \/><\/div>\n\t\t\t\t   <div class=\"dsm_close_image\"><img decoding=\"async\" src=\"https:\/\/www.verandair.com\/wp-content\/uploads\/2024\/02\/BEN_5605-scaled.jpeg\" alt=\"Baie vitr\u00e9e pleine de charme qui ferme les c\u00f4t\u00e9s de la v\u00e9randa professionnelle adoss\u00e9e au Ch\u00e2teau de Bayard\" \/><\/div>\n\t\t\t\t   <h3 class=\"dsm-faq-title\">La baie vitr\u00e9e<\/h3>\n\t\t\t\t <\/div> \n\t\t\t\t <div class=\"dsm-faq-item-inner-wrapper\">\n\t\t\t\t   <div class=\"dsm_open_icon\"><span>K<\/span><\/div>\n\t\t\t\t   <div class=\"dsm_close_icon\"><span>L<\/span><\/div>\n\t\t\t\t   \n\t\t\t\t   \n\t\t\t\t <\/div>\n\t\t\t\t<\/div>\n\t\t\t\t<div class=\"dsm-faq-content\">Ajoutez une baie vitr\u00e9e \u00e0 votre pergola \u00e0 toit fixe ou bioclimatique pour lui apporter une touche design. La pergola vitr\u00e9e est baign\u00e9e de lumi\u00e8re naturelle et vous offre une vue imprenable sur votre jardin. Cet accessoire de pergola agit comme une porte fen\u00eatre ou un s\u00e9parateur et maximise votre espace. D\u00e9couvrez les baies vitr\u00e9es coulissantes<\/div>\n\t\t\t <\/div>\n\t\t\t<div class=\"dsm_faq_child_1 dsm-faq-item-wrapper\">\n\t\t\t\t<div class=\"dsm-title-wrapper\">\n\t\t\t\t <div class=\"dsm-title-inner-wrapper\">\n\t\t\t\t   \n\t\t\t\t   \n\t\t\t\t   \n\t\t\t\t   \n\t\t\t\t   <h3 class=\"dsm-faq-title\">&#8221;Le<\/h3>\n\t\t\t\t <\/div> \n\t\t\t\t <div class=\"dsm-faq-item-inner-wrapper\">\n\t\t\t\t   <div class=\"dsm_open_icon\"><span>K<\/span><\/div>\n\t\t\t\t   <div class=\"dsm_close_icon\"><span>L<\/span><\/div>\n\t\t\t\t   \n\t\t\t\t   \n\t\t\t\t <\/div>\n\t\t\t\t<\/div>\n\t\t\t\t<div class=\"dsm-faq-content\">&#8221;Pour<\/div>\n\t\t\t <\/div>\n\t\t\t<\/p>\n","protected":false},"author":1,"featured_media":0,"parent":2277,"menu_order":0,"comment_status":"closed","ping_status":"closed","template":"","meta":{"_acf_changed":false,"_et_pb_use_builder":"on","_et_pb_old_content":"","_et_gb_content_width":"","inline_featured_image":false,"footnotes":""},"class_list":["post-57910","page","type-page","status-publish","hentry"],"acf":[],"yoast_head":"<!-- This site is optimized with the Yoast SEO plugin v27.5 - https:\/\/yoast.com\/product\/yoast-seo-wordpress\/ -->\n<title>Accessoires | VERANDAIR\u00ae<\/title>\n<meta name=\"description\" content=\"\u00c9clairages LED, stores, chauffages et vitrages : d\u00e9couvrez tous les accessoires pour personnaliser votre pergola ou v\u00e9randa Verandair.\" \/>\n<meta name=\"robots\" content=\"index, follow, max-snippet:-1, max-image-preview:large, max-video-preview:-1\" \/>\n<link rel=\"canonical\" href=\"https:\/\/www.verandair.com\/fr\/pergolas\/accessoires\/\" \/>\n<meta property=\"og:locale\" content=\"fr_FR\" \/>\n<meta property=\"og:type\" content=\"article\" \/>\n<meta property=\"og:title\" content=\"Accessoires | VERANDAIR\u00ae\" \/>\n<meta property=\"og:description\" content=\"\u00c9clairages LED, stores, chauffages et vitrages : d\u00e9couvrez tous les accessoires pour personnaliser votre pergola ou v\u00e9randa Verandair.\" \/>\n<meta property=\"og:url\" content=\"https:\/\/www.verandair.com\/fr\/pergolas\/accessoires\/\" \/>\n<meta property=\"og:site_name\" content=\"VERANDAIR\u00ae\" \/>\n<meta property=\"article:modified_time\" content=\"2026-02-27T11:00:44+00:00\" \/>\n<meta name=\"twitter:card\" content=\"summary_large_image\" \/>\n<meta name=\"twitter:label1\" content=\"Dur\u00e9e de lecture estim\u00e9e\" \/>\n\t<meta name=\"twitter:data1\" content=\"21 minutes\" \/>\n<script type=\"application\/ld+json\" class=\"yoast-schema-graph\">{\"@context\":\"https:\\\/\\\/schema.org\",\"@graph\":[{\"@type\":\"WebPage\",\"@id\":\"https:\\\/\\\/www.verandair.com\\\/fr\\\/pergolas\\\/accessoires\\\/\",\"url\":\"https:\\\/\\\/www.verandair.com\\\/fr\\\/pergolas\\\/accessoires\\\/\",\"name\":\"Accessoires | VERANDAIR\u00ae\",\"isPartOf\":{\"@id\":\"https:\\\/\\\/www.verandair.com\\\/fr\\\/#website\"},\"datePublished\":\"2024-02-29T15:38:27+00:00\",\"dateModified\":\"2026-02-27T11:00:44+00:00\",\"description\":\"\u00c9clairages LED, stores, chauffages et vitrages : d\u00e9couvrez tous les accessoires pour personnaliser votre pergola ou v\u00e9randa Verandair.\",\"breadcrumb\":{\"@id\":\"https:\\\/\\\/www.verandair.com\\\/fr\\\/pergolas\\\/accessoires\\\/#breadcrumb\"},\"inLanguage\":\"fr-FR\",\"potentialAction\":[{\"@type\":\"ReadAction\",\"target\":[\"https:\\\/\\\/www.verandair.com\\\/fr\\\/pergolas\\\/accessoires\\\/\"]}]},{\"@type\":\"BreadcrumbList\",\"@id\":\"https:\\\/\\\/www.verandair.com\\\/fr\\\/pergolas\\\/accessoires\\\/#breadcrumb\",\"itemListElement\":[{\"@type\":\"ListItem\",\"position\":1,\"name\":\"Accueil\",\"item\":{\"@type\":\"WebPage\",\"@id\":\"https:\\\/\\\/www.verandair.com\\\/fr\\\/\",\"name\":\"Accueil\"}},{\"@type\":\"ListItem\",\"position\":2,\"name\":\"Pergola\",\"item\":{\"@type\":\"WebPage\",\"@id\":\"https:\\\/\\\/www.verandair.com\\\/fr\\\/pergolas\\\/\",\"name\":\"Pergola\"}},{\"@type\":\"ListItem\",\"position\":3,\"name\":\"Accessoires\"}]},{\"@type\":\"WebSite\",\"@id\":\"https:\\\/\\\/www.verandair.com\\\/fr\\\/#website\",\"url\":\"https:\\\/\\\/www.verandair.com\\\/fr\\\/\",\"name\":\"VERANDAIR\u00ae\",\"description\":\"\",\"publisher\":{\"@id\":\"https:\\\/\\\/www.verandair.com\\\/fr\\\/#organization\"},\"potentialAction\":[{\"@type\":\"SearchAction\",\"target\":{\"@type\":\"EntryPoint\",\"urlTemplate\":\"https:\\\/\\\/www.verandair.com\\\/fr\\\/?s={search_term_string}\"},\"query-input\":{\"@type\":\"PropertyValueSpecification\",\"valueRequired\":true,\"valueName\":\"search_term_string\"}}],\"inLanguage\":\"fr-FR\"},{\"@type\":\"Organization\",\"@id\":\"https:\\\/\\\/www.verandair.com\\\/fr\\\/#organization\",\"name\":\"Verandair\",\"url\":\"https:\\\/\\\/www.verandair.com\\\/fr\\\/\",\"logo\":{\"@type\":\"ImageObject\",\"inLanguage\":\"fr-FR\",\"@id\":\"https:\\\/\\\/www.verandair.com\\\/fr\\\/#\\\/schema\\\/logo\\\/image\\\/\",\"url\":\"https:\\\/\\\/www.verandair.com\\\/wp-content\\\/uploads\\\/2024\\\/06\\\/VERANDAIR-logo.png\",\"contentUrl\":\"https:\\\/\\\/www.verandair.com\\\/wp-content\\\/uploads\\\/2024\\\/06\\\/VERANDAIR-logo.png\",\"width\":283,\"height\":127,\"caption\":\"Verandair\"},\"image\":{\"@id\":\"https:\\\/\\\/www.verandair.com\\\/fr\\\/#\\\/schema\\\/logo\\\/image\\\/\"}}]}<\/script>\n<!-- \/ Yoast SEO plugin. -->","yoast_head_json":{"title":"Accessoires | VERANDAIR\u00ae","description":"\u00c9clairages LED, stores, chauffages et vitrages : d\u00e9couvrez tous les accessoires pour personnaliser votre pergola ou v\u00e9randa Verandair.","robots":{"index":"index","follow":"follow","max-snippet":"max-snippet:-1","max-image-preview":"max-image-preview:large","max-video-preview":"max-video-preview:-1"},"canonical":"https:\/\/www.verandair.com\/fr\/pergolas\/accessoires\/","og_locale":"fr_FR","og_type":"article","og_title":"Accessoires | VERANDAIR\u00ae","og_description":"\u00c9clairages LED, stores, chauffages et vitrages : d\u00e9couvrez tous les accessoires pour personnaliser votre pergola ou v\u00e9randa Verandair.","og_url":"https:\/\/www.verandair.com\/fr\/pergolas\/accessoires\/","og_site_name":"VERANDAIR\u00ae","article_modified_time":"2026-02-27T11:00:44+00:00","twitter_card":"summary_large_image","twitter_misc":{"Dur\u00e9e de lecture estim\u00e9e":"21 minutes"},"schema":{"@context":"https:\/\/schema.org","@graph":[{"@type":"WebPage","@id":"https:\/\/www.verandair.com\/fr\/pergolas\/accessoires\/","url":"https:\/\/www.verandair.com\/fr\/pergolas\/accessoires\/","name":"Accessoires | VERANDAIR\u00ae","isPartOf":{"@id":"https:\/\/www.verandair.com\/fr\/#website"},"datePublished":"2024-02-29T15:38:27+00:00","dateModified":"2026-02-27T11:00:44+00:00","description":"\u00c9clairages LED, stores, chauffages et vitrages : d\u00e9couvrez tous les accessoires pour personnaliser votre pergola ou v\u00e9randa Verandair.","breadcrumb":{"@id":"https:\/\/www.verandair.com\/fr\/pergolas\/accessoires\/#breadcrumb"},"inLanguage":"fr-FR","potentialAction":[{"@type":"ReadAction","target":["https:\/\/www.verandair.com\/fr\/pergolas\/accessoires\/"]}]},{"@type":"BreadcrumbList","@id":"https:\/\/www.verandair.com\/fr\/pergolas\/accessoires\/#breadcrumb","itemListElement":[{"@type":"ListItem","position":1,"name":"Accueil","item":{"@type":"WebPage","@id":"https:\/\/www.verandair.com\/fr\/","name":"Accueil"}},{"@type":"ListItem","position":2,"name":"Pergola","item":{"@type":"WebPage","@id":"https:\/\/www.verandair.com\/fr\/pergolas\/","name":"Pergola"}},{"@type":"ListItem","position":3,"name":"Accessoires"}]},{"@type":"WebSite","@id":"https:\/\/www.verandair.com\/fr\/#website","url":"https:\/\/www.verandair.com\/fr\/","name":"VERANDAIR\u00ae","description":"","publisher":{"@id":"https:\/\/www.verandair.com\/fr\/#organization"},"potentialAction":[{"@type":"SearchAction","target":{"@type":"EntryPoint","urlTemplate":"https:\/\/www.verandair.com\/fr\/?s={search_term_string}"},"query-input":{"@type":"PropertyValueSpecification","valueRequired":true,"valueName":"search_term_string"}}],"inLanguage":"fr-FR"},{"@type":"Organization","@id":"https:\/\/www.verandair.com\/fr\/#organization","name":"Verandair","url":"https:\/\/www.verandair.com\/fr\/","logo":{"@type":"ImageObject","inLanguage":"fr-FR","@id":"https:\/\/www.verandair.com\/fr\/#\/schema\/logo\/image\/","url":"https:\/\/www.verandair.com\/wp-content\/uploads\/2024\/06\/VERANDAIR-logo.png","contentUrl":"https:\/\/www.verandair.com\/wp-content\/uploads\/2024\/06\/VERANDAIR-logo.png","width":283,"height":127,"caption":"Verandair"},"image":{"@id":"https:\/\/www.verandair.com\/fr\/#\/schema\/logo\/image\/"}}]}},"_links":{"self":[{"href":"https:\/\/www.verandair.com\/fr\/wp-json\/wp\/v2\/pages\/57910","targetHints":{"allow":["GET"]}}],"collection":[{"href":"https:\/\/www.verandair.com\/fr\/wp-json\/wp\/v2\/pages"}],"about":[{"href":"https:\/\/www.verandair.com\/fr\/wp-json\/wp\/v2\/types\/page"}],"author":[{"embeddable":true,"href":"https:\/\/www.verandair.com\/fr\/wp-json\/wp\/v2\/users\/1"}],"replies":[{"embeddable":true,"href":"https:\/\/www.verandair.com\/fr\/wp-json\/wp\/v2\/comments?post=57910"}],"version-history":[{"count":47,"href":"https:\/\/www.verandair.com\/fr\/wp-json\/wp\/v2\/pages\/57910\/revisions"}],"predecessor-version":[{"id":74445,"href":"https:\/\/www.verandair.com\/fr\/wp-json\/wp\/v2\/pages\/57910\/revisions\/74445"}],"up":[{"embeddable":true,"href":"https:\/\/www.verandair.com\/fr\/wp-json\/wp\/v2\/pages\/2277"}],"wp:attachment":[{"href":"https:\/\/www.verandair.com\/fr\/wp-json\/wp\/v2\/media?parent=57910"}],"curies":[{"name":"wp","href":"https:\/\/api.w.org\/{rel}","templated":true}]}}