{"id":58526,"date":"2024-03-14T15:58:28","date_gmt":"2024-03-14T14:58:28","guid":{"rendered":"https:\/\/verandair-pro.poush-dev.be\/?page_id=58526"},"modified":"2024-03-22T11:07:36","modified_gmt":"2024-03-22T10:07:36","slug":"guides-dachat","status":"publish","type":"page","link":"https:\/\/www.verandair.com\/fr\/telechargements\/guides-dachat\/","title":{"rendered":"Guides d&#8217;achat"},"content":{"rendered":"<p>[et_pb_section fb_built=&#8221;1&#8243; _builder_version=&#8221;4.24.2&#8243; _module_preset=&#8221;default&#8221; global_colors_info=&#8221;{}&#8221;][et_pb_row _builder_version=&#8221;4.24.2&#8243; _module_preset=&#8221;default&#8221; global_colors_info=&#8221;{}&#8221;][et_pb_column type=&#8221;4_4&#8243; _builder_version=&#8221;4.24.2&#8243; _module_preset=&#8221;default&#8221; global_colors_info=&#8221;{}&#8221;][et_pb_text _builder_version=&#8221;4.24.2&#8243; _module_preset=&#8221;default&#8221; text_orientation=&#8221;center&#8221; global_colors_info=&#8221;{}&#8221;]<\/p>\n<h2><strong>Guides<\/strong> d\u2019achat<\/h2>\n<p class=\"p1\">Vous souhaitez acheter<span>\u00a0<\/span><strong>une v\u00e9randa, un abri-terrasse r\u00e9tractable<\/strong><span>\u00a0<\/span>ou une<span>\u00a0<\/span><strong>pergola<\/strong><span>\u00a0<\/span>, mais il vous reste beaucoup de questions dont vous n\u2019\u00eates pas certain des r\u00e9ponses ?<\/p>\n<p class=\"p1\">Chez Verandair,<span>\u00a0<\/span><strong>nous souhaitons que nos clients en sachent autant que nous avant de proc\u00e9der \u00e0 leur achat !<br \/><\/strong>Nos guides d\u2019achat sont l\u00e0 pour r\u00e9pondre \u00e0 toutes vos questions, m\u00eame celles auxquelles vous n\u2019avez pas pens\u00e9.<\/p>\n<p class=\"p1\">Ils sont disponibles<span>\u00a0<\/span><strong>gratuitement<\/strong>. N\u2019attendez plus.<strong><span>\u00a0<\/span>T\u00e9l\u00e9chargez votre exemplaire maintenant !<\/strong><\/p>\n<p>[\/et_pb_text][\/et_pb_column][\/et_pb_row][et_pb_row column_structure=&#8221;1_2,1_2&#8243; _builder_version=&#8221;4.24.2&#8243; _module_preset=&#8221;default&#8221; custom_margin=&#8221;||||false|false&#8221; custom_padding=&#8221;||||false|false&#8221; hover_enabled=&#8221;0&#8243; global_colors_info=&#8221;{}&#8221; sticky_enabled=&#8221;0&#8243;][et_pb_column type=&#8221;1_2&#8243; _builder_version=&#8221;4.24.2&#8243; _module_preset=&#8221;default&#8221; custom_padding=&#8221;|50px|||false|false&#8221; hover_enabled=&#8221;0&#8243; global_colors_info=&#8221;{}&#8221; custom_padding_last_edited=&#8221;on|tablet&#8221; sticky_enabled=&#8221;0&#8243; custom_padding_phone=&#8221;|0px|||false|false&#8221; custom_padding_tablet=&#8221;|0px|||false|false&#8221;][et_pb_image src=&#8221;https:\/\/www.verandair.com\/wp-content\/uploads\/2021\/11\/guide-achat-ABTR.png&#8221; alt=&#8221;Guide d&#8217;achat de l&#8217;abri de terrasse r\u00e9tractable Verandair&#8221; title_text=&#8221;guide-achat-ABTR&#8221; url=&#8221;https:\/\/info.verandair.com\/guide-abri-terrasse\/&#8221; url_new_window=&#8221;on&#8221; _builder_version=&#8221;4.24.2&#8243; _module_preset=&#8221;default&#8221; global_colors_info=&#8221;{}&#8221;][\/et_pb_image][et_pb_text _builder_version=&#8221;4.24.2&#8243; _module_preset=&#8221;default&#8221; text_orientation=&#8221;center&#8221; global_colors_info=&#8221;{}&#8221;]<\/p>\n<div class=\"et_pb_module et_pb_text et_pb_text_2  et_pb_text_align_left et_pb_bg_layout_light\">\n<div class=\"et_pb_text_inner\">\n<p style=\"text-align: center;\">Facilitez votre prise de d\u00e9cision avec notre guide d\u2019achat. Il aborde les 19 questions que vous devez absolument vous poser \u00ab avant \u00bb, \u00ab pendant \u00bb et \u00ab apr\u00e8s \u00bb l\u2019achat de votre solution d\u2019abri-terrasse. Afin de profiter de votre future acquisition sans mauvaise surprise.<\/p>\n<\/div>\n<\/div>\n<p>[\/et_pb_text][et_pb_button button_url=&#8221;https:\/\/info.verandair.com\/guide-abri-terrasse\/&#8221; url_new_window=&#8221;on&#8221; button_text=&#8221;Je t\u00e9l\u00e9charge mon guide&#8221; button_alignment=&#8221;center&#8221; _builder_version=&#8221;4.24.2&#8243; _module_preset=&#8221;ae8d3791-01a2-4c4b-b221-c3f14f812284&#8243; custom_margin=&#8221;||20px||false|false&#8221; locked=&#8221;off&#8221; global_colors_info=&#8221;{}&#8221;][\/et_pb_button][\/et_pb_column][et_pb_column type=&#8221;1_2&#8243; _builder_version=&#8221;4.24.2&#8243; _module_preset=&#8221;default&#8221; custom_padding=&#8221;|||50px|false|false&#8221; hover_enabled=&#8221;0&#8243; global_colors_info=&#8221;{}&#8221; custom_padding_last_edited=&#8221;on|tablet&#8221; sticky_enabled=&#8221;0&#8243; custom_padding_phone=&#8221;|||0px|false|false&#8221; custom_padding_tablet=&#8221;|||0px|false|false&#8221;][et_pb_image src=&#8221;https:\/\/www.verandair.com\/wp-content\/uploads\/2021\/11\/guide-achat-pergola.png&#8221; alt=&#8221;Guide d&#8217;achat de la pergola Verandair&#8221; title_text=&#8221;guide-achat-pergola&#8221; url=&#8221;https:\/\/info.verandair.com\/guide-pergola\/&#8221; url_new_window=&#8221;on&#8221; _builder_version=&#8221;4.24.2&#8243; _module_preset=&#8221;default&#8221; global_colors_info=&#8221;{}&#8221;][\/et_pb_image][et_pb_text _builder_version=&#8221;4.24.2&#8243; _module_preset=&#8221;default&#8221; text_orientation=&#8221;center&#8221; global_colors_info=&#8221;{}&#8221;]<\/p>\n<div class=\"et_pb_module et_pb_text et_pb_text_2  et_pb_text_align_left et_pb_bg_layout_light\">\n<div class=\"et_pb_text_inner\">\n<div class=\"et_pb_module et_pb_text et_pb_text_4  et_pb_text_align_left et_pb_bg_layout_light\">\n<div class=\"et_pb_text_inner\">\n<p style=\"text-align: center;\">Facilitez votre prise de d\u00e9cision avec notre guide d\u2019achat. Il aborde les 19 questions que vous devez absolument vous poser \u00ab avant \u00bb, \u00ab pendant \u00bb et \u00ab apr\u00e8s \u00bb l\u2019achat de votre projet. Afin de profiter de votre future pergola sans mauvaise surprise.<\/p>\n<\/div>\n<\/div>\n<\/div>\n<\/div>\n<p>[\/et_pb_text][et_pb_button button_url=&#8221;https:\/\/info.verandair.com\/guide-pergola\/&#8221; url_new_window=&#8221;on&#8221; button_text=&#8221;Je t\u00e9l\u00e9charge mon guide&#8221; button_alignment=&#8221;center&#8221; _builder_version=&#8221;4.24.2&#8243; _module_preset=&#8221;ae8d3791-01a2-4c4b-b221-c3f14f812284&#8243; custom_margin=&#8221;||20px||false|false&#8221; locked=&#8221;off&#8221; global_colors_info=&#8221;{}&#8221;][\/et_pb_button][\/et_pb_column][\/et_pb_row][\/et_pb_section]<\/p>\n","protected":false},"excerpt":{"rendered":"<p>Guides d\u2019achat Vous souhaitez acheter\u00a0une v\u00e9randa, un abri-terrasse r\u00e9tractable\u00a0ou une\u00a0pergola\u00a0, mais il vous reste beaucoup de questions dont vous n\u2019\u00eates pas certain des r\u00e9ponses ? Chez Verandair,\u00a0nous souhaitons que nos clients en sachent autant que nous avant de proc\u00e9der \u00e0 leur achat !Nos guides d\u2019achat sont l\u00e0 pour r\u00e9pondre \u00e0 toutes vos questions, m\u00eame celles auxquelles vous n\u2019avez pas pens\u00e9. Ils sont disponibles\u00a0gratuitement. N\u2019attendez plus.\u00a0T\u00e9l\u00e9chargez votre exemplaire maintenant ! Facilitez votre prise de d\u00e9cision avec notre guide d\u2019achat. Il aborde les 19 questions que vous devez absolument vous poser \u00ab avant \u00bb, \u00ab pendant \u00bb et \u00ab apr\u00e8s \u00bb l\u2019achat de votre solution d\u2019abri-terrasse. Afin de profiter de votre future acquisition sans mauvaise surprise. Facilitez votre prise de d\u00e9cision avec notre guide d\u2019achat. Il aborde les 19 questions que vous devez absolument vous poser \u00ab avant \u00bb, \u00ab pendant \u00bb et \u00ab apr\u00e8s \u00bb l\u2019achat de votre projet. Afin de profiter de votre future pergola sans mauvaise surprise.<\/p>\n","protected":false},"author":1,"featured_media":0,"parent":58503,"menu_order":0,"comment_status":"closed","ping_status":"closed","template":"","meta":{"_acf_changed":false,"_et_pb_use_builder":"on","_et_pb_old_content":"","_et_gb_content_width":"","inline_featured_image":false,"footnotes":""},"class_list":["post-58526","page","type-page","status-publish","hentry"],"acf":[],"yoast_head":"<!-- This site is optimized with the Yoast SEO plugin v27.4 - https:\/\/yoast.com\/product\/yoast-seo-wordpress\/ -->\n<title>Guides d&#039;achat | VERANDAIR\u00ae<\/title>\n<meta name=\"description\" content=\"Choisissez la pergola ou la v\u00e9randa id\u00e9ale avec nos guides d&#039;achat Verandair. Conseils, comparatifs et crit\u00e8res de s\u00e9lection d\u00e9taill\u00e9s.\" \/>\n<meta name=\"robots\" content=\"index, follow, max-snippet:-1, max-image-preview:large, max-video-preview:-1\" \/>\n<link rel=\"canonical\" href=\"https:\/\/www.verandair.com\/fr\/telechargements\/guides-dachat\/\" \/>\n<meta property=\"og:locale\" content=\"fr_FR\" \/>\n<meta property=\"og:type\" content=\"article\" \/>\n<meta property=\"og:title\" content=\"Guides d&#039;achat | VERANDAIR\u00ae\" \/>\n<meta property=\"og:description\" content=\"Choisissez la pergola ou la v\u00e9randa id\u00e9ale avec nos guides d&#039;achat Verandair. Conseils, comparatifs et crit\u00e8res de s\u00e9lection d\u00e9taill\u00e9s.\" \/>\n<meta property=\"og:url\" content=\"https:\/\/www.verandair.com\/fr\/telechargements\/guides-dachat\/\" \/>\n<meta property=\"og:site_name\" content=\"VERANDAIR\u00ae\" \/>\n<meta property=\"article:modified_time\" content=\"2024-03-22T10:07:36+00:00\" \/>\n<meta name=\"twitter:card\" content=\"summary_large_image\" \/>\n<meta name=\"twitter:label1\" content=\"Dur\u00e9e de lecture estim\u00e9e\" \/>\n\t<meta name=\"twitter:data1\" content=\"2 minutes\" \/>\n<script type=\"application\/ld+json\" class=\"yoast-schema-graph\">{\"@context\":\"https:\\\/\\\/schema.org\",\"@graph\":[{\"@type\":\"WebPage\",\"@id\":\"https:\\\/\\\/www.verandair.com\\\/fr\\\/telechargements\\\/guides-dachat\\\/\",\"url\":\"https:\\\/\\\/www.verandair.com\\\/fr\\\/telechargements\\\/guides-dachat\\\/\",\"name\":\"Guides d'achat | VERANDAIR\u00ae\",\"isPartOf\":{\"@id\":\"https:\\\/\\\/www.verandair.com\\\/fr\\\/#website\"},\"datePublished\":\"2024-03-14T14:58:28+00:00\",\"dateModified\":\"2024-03-22T10:07:36+00:00\",\"description\":\"Choisissez la pergola ou la v\u00e9randa id\u00e9ale avec nos guides d'achat Verandair. Conseils, comparatifs et crit\u00e8res de s\u00e9lection d\u00e9taill\u00e9s.\",\"breadcrumb\":{\"@id\":\"https:\\\/\\\/www.verandair.com\\\/fr\\\/telechargements\\\/guides-dachat\\\/#breadcrumb\"},\"inLanguage\":\"fr-FR\",\"potentialAction\":[{\"@type\":\"ReadAction\",\"target\":[\"https:\\\/\\\/www.verandair.com\\\/fr\\\/telechargements\\\/guides-dachat\\\/\"]}]},{\"@type\":\"BreadcrumbList\",\"@id\":\"https:\\\/\\\/www.verandair.com\\\/fr\\\/telechargements\\\/guides-dachat\\\/#breadcrumb\",\"itemListElement\":[{\"@type\":\"ListItem\",\"position\":1,\"name\":\"Accueil\",\"item\":{\"@type\":\"WebPage\",\"@id\":\"https:\\\/\\\/www.verandair.com\\\/fr\\\/\",\"name\":\"Accueil\"}},{\"@type\":\"ListItem\",\"position\":2,\"name\":\"T\u00e9l\u00e9chargements\",\"item\":{\"@type\":\"WebPage\",\"@id\":\"https:\\\/\\\/www.verandair.com\\\/fr\\\/telechargements\\\/\",\"name\":\"T\u00e9l\u00e9chargements\"}},{\"@type\":\"ListItem\",\"position\":3,\"name\":\"Guides d&#8217;achat\"}]},{\"@type\":\"WebSite\",\"@id\":\"https:\\\/\\\/www.verandair.com\\\/fr\\\/#website\",\"url\":\"https:\\\/\\\/www.verandair.com\\\/fr\\\/\",\"name\":\"VERANDAIR\u00ae\",\"description\":\"\",\"publisher\":{\"@id\":\"https:\\\/\\\/www.verandair.com\\\/fr\\\/#organization\"},\"potentialAction\":[{\"@type\":\"SearchAction\",\"target\":{\"@type\":\"EntryPoint\",\"urlTemplate\":\"https:\\\/\\\/www.verandair.com\\\/fr\\\/?s={search_term_string}\"},\"query-input\":{\"@type\":\"PropertyValueSpecification\",\"valueRequired\":true,\"valueName\":\"search_term_string\"}}],\"inLanguage\":\"fr-FR\"},{\"@type\":\"Organization\",\"@id\":\"https:\\\/\\\/www.verandair.com\\\/fr\\\/#organization\",\"name\":\"Verandair\",\"url\":\"https:\\\/\\\/www.verandair.com\\\/fr\\\/\",\"logo\":{\"@type\":\"ImageObject\",\"inLanguage\":\"fr-FR\",\"@id\":\"https:\\\/\\\/www.verandair.com\\\/fr\\\/#\\\/schema\\\/logo\\\/image\\\/\",\"url\":\"https:\\\/\\\/www.verandair.com\\\/wp-content\\\/uploads\\\/2024\\\/06\\\/VERANDAIR-logo.png\",\"contentUrl\":\"https:\\\/\\\/www.verandair.com\\\/wp-content\\\/uploads\\\/2024\\\/06\\\/VERANDAIR-logo.png\",\"width\":283,\"height\":127,\"caption\":\"Verandair\"},\"image\":{\"@id\":\"https:\\\/\\\/www.verandair.com\\\/fr\\\/#\\\/schema\\\/logo\\\/image\\\/\"}}]}<\/script>\n<!-- \/ Yoast SEO plugin. -->","yoast_head_json":{"title":"Guides d'achat | VERANDAIR\u00ae","description":"Choisissez la pergola ou la v\u00e9randa id\u00e9ale avec nos guides d'achat Verandair. Conseils, comparatifs et crit\u00e8res de s\u00e9lection d\u00e9taill\u00e9s.","robots":{"index":"index","follow":"follow","max-snippet":"max-snippet:-1","max-image-preview":"max-image-preview:large","max-video-preview":"max-video-preview:-1"},"canonical":"https:\/\/www.verandair.com\/fr\/telechargements\/guides-dachat\/","og_locale":"fr_FR","og_type":"article","og_title":"Guides d'achat | VERANDAIR\u00ae","og_description":"Choisissez la pergola ou la v\u00e9randa id\u00e9ale avec nos guides d'achat Verandair. Conseils, comparatifs et crit\u00e8res de s\u00e9lection d\u00e9taill\u00e9s.","og_url":"https:\/\/www.verandair.com\/fr\/telechargements\/guides-dachat\/","og_site_name":"VERANDAIR\u00ae","article_modified_time":"2024-03-22T10:07:36+00:00","twitter_card":"summary_large_image","twitter_misc":{"Dur\u00e9e de lecture estim\u00e9e":"2 minutes"},"schema":{"@context":"https:\/\/schema.org","@graph":[{"@type":"WebPage","@id":"https:\/\/www.verandair.com\/fr\/telechargements\/guides-dachat\/","url":"https:\/\/www.verandair.com\/fr\/telechargements\/guides-dachat\/","name":"Guides d'achat | VERANDAIR\u00ae","isPartOf":{"@id":"https:\/\/www.verandair.com\/fr\/#website"},"datePublished":"2024-03-14T14:58:28+00:00","dateModified":"2024-03-22T10:07:36+00:00","description":"Choisissez la pergola ou la v\u00e9randa id\u00e9ale avec nos guides d'achat Verandair. Conseils, comparatifs et crit\u00e8res de s\u00e9lection d\u00e9taill\u00e9s.","breadcrumb":{"@id":"https:\/\/www.verandair.com\/fr\/telechargements\/guides-dachat\/#breadcrumb"},"inLanguage":"fr-FR","potentialAction":[{"@type":"ReadAction","target":["https:\/\/www.verandair.com\/fr\/telechargements\/guides-dachat\/"]}]},{"@type":"BreadcrumbList","@id":"https:\/\/www.verandair.com\/fr\/telechargements\/guides-dachat\/#breadcrumb","itemListElement":[{"@type":"ListItem","position":1,"name":"Accueil","item":{"@type":"WebPage","@id":"https:\/\/www.verandair.com\/fr\/","name":"Accueil"}},{"@type":"ListItem","position":2,"name":"T\u00e9l\u00e9chargements","item":{"@type":"WebPage","@id":"https:\/\/www.verandair.com\/fr\/telechargements\/","name":"T\u00e9l\u00e9chargements"}},{"@type":"ListItem","position":3,"name":"Guides d&#8217;achat"}]},{"@type":"WebSite","@id":"https:\/\/www.verandair.com\/fr\/#website","url":"https:\/\/www.verandair.com\/fr\/","name":"VERANDAIR\u00ae","description":"","publisher":{"@id":"https:\/\/www.verandair.com\/fr\/#organization"},"potentialAction":[{"@type":"SearchAction","target":{"@type":"EntryPoint","urlTemplate":"https:\/\/www.verandair.com\/fr\/?s={search_term_string}"},"query-input":{"@type":"PropertyValueSpecification","valueRequired":true,"valueName":"search_term_string"}}],"inLanguage":"fr-FR"},{"@type":"Organization","@id":"https:\/\/www.verandair.com\/fr\/#organization","name":"Verandair","url":"https:\/\/www.verandair.com\/fr\/","logo":{"@type":"ImageObject","inLanguage":"fr-FR","@id":"https:\/\/www.verandair.com\/fr\/#\/schema\/logo\/image\/","url":"https:\/\/www.verandair.com\/wp-content\/uploads\/2024\/06\/VERANDAIR-logo.png","contentUrl":"https:\/\/www.verandair.com\/wp-content\/uploads\/2024\/06\/VERANDAIR-logo.png","width":283,"height":127,"caption":"Verandair"},"image":{"@id":"https:\/\/www.verandair.com\/fr\/#\/schema\/logo\/image\/"}}]}},"_links":{"self":[{"href":"https:\/\/www.verandair.com\/fr\/wp-json\/wp\/v2\/pages\/58526","targetHints":{"allow":["GET"]}}],"collection":[{"href":"https:\/\/www.verandair.com\/fr\/wp-json\/wp\/v2\/pages"}],"about":[{"href":"https:\/\/www.verandair.com\/fr\/wp-json\/wp\/v2\/types\/page"}],"author":[{"embeddable":true,"href":"https:\/\/www.verandair.com\/fr\/wp-json\/wp\/v2\/users\/1"}],"replies":[{"embeddable":true,"href":"https:\/\/www.verandair.com\/fr\/wp-json\/wp\/v2\/comments?post=58526"}],"version-history":[{"count":7,"href":"https:\/\/www.verandair.com\/fr\/wp-json\/wp\/v2\/pages\/58526\/revisions"}],"predecessor-version":[{"id":60771,"href":"https:\/\/www.verandair.com\/fr\/wp-json\/wp\/v2\/pages\/58526\/revisions\/60771"}],"up":[{"embeddable":true,"href":"https:\/\/www.verandair.com\/fr\/wp-json\/wp\/v2\/pages\/58503"}],"wp:attachment":[{"href":"https:\/\/www.verandair.com\/fr\/wp-json\/wp\/v2\/media?parent=58526"}],"curies":[{"name":"wp","href":"https:\/\/api.w.org\/{rel}","templated":true}]}}