{"id":60126,"date":"2024-03-18T14:52:34","date_gmt":"2024-03-18T13:52:34","guid":{"rendered":"https:\/\/verandair-pro.poush-dev.be\/?page_id=60126"},"modified":"2026-02-27T11:10:59","modified_gmt":"2026-02-27T10:10:59","slug":"etapes-projet","status":"publish","type":"page","link":"https:\/\/www.verandair.com\/fr\/etapes-projet\/","title":{"rendered":"Etapes de projet"},"content":{"rendered":"<p>[et_pb_section fb_built=&#8221;1&#8243; _builder_version=&#8221;4.24.2&#8243; _module_preset=&#8221;default&#8221; global_colors_info=&#8221;{}&#8221;][et_pb_row _builder_version=&#8221;4.24.1&#8243; _module_preset=&#8221;default&#8221; max_width=&#8221;950px&#8221; locked=&#8221;off&#8221; global_colors_info=&#8221;{}&#8221;][et_pb_column type=&#8221;4_4&#8243; _builder_version=&#8221;4.23.4&#8243; _module_preset=&#8221;default&#8221; global_colors_info=&#8221;{}&#8221;][dsm_breadcrumbs home_text=&#8221; &#8221; home_icon=&#8221;&#xe009;||divi||400&#8243; _builder_version=&#8221;4.24.0&#8243; _module_preset=&#8221;default&#8221; global_colors_info=&#8221;{}&#8221;][\/dsm_breadcrumbs][et_pb_text _builder_version=&#8221;4.24.2&#8243; _module_preset=&#8221;5298e62e-f7ac-4dd9-b361-006fc4da68de&#8221; text_orientation=&#8221;center&#8221; custom_margin=&#8221;||30px||false|false&#8221; global_colors_info=&#8221;{}&#8221;]<\/p>\n<h1>Comment se d\u00e9roule la r\u00e9alisation de votre projet ?<\/h1>\n<p>[\/et_pb_text][et_pb_divider show_divider=&#8221;off&#8221; _builder_version=&#8221;4.23.4&#8243; _module_preset=&#8221;2adabd0f-cb12-404f-9aa7-a3088280e564&#8243; module_alignment=&#8221;center&#8221; global_colors_info=&#8221;{}&#8221;][\/et_pb_divider][et_pb_text _builder_version=&#8221;4.24.2&#8243; _module_preset=&#8221;5298e62e-f7ac-4dd9-b361-006fc4da68de&#8221; text_orientation=&#8221;center&#8221; custom_margin=&#8221;||50px||false|false&#8221; global_colors_info=&#8221;{}&#8221;]<\/p>\n<p>Lors de votre<span>\u00a0<\/span><strong>visite dans notre showroom<\/strong>, vous avez d\u00e9couvert nos produits en situation r\u00e9elle. Vous avez pu vous rendre compte par vous-m\u00eame des qualit\u00e9s et des diff\u00e9rentes finitions disponibles.<\/p>\n<p>Avec l\u2019aide de l\u2019un de nos conseillers, vous avez \u00e9labor\u00e9<span>\u00a0<\/span><strong>le projet le plus adapt\u00e9 \u00e0 vos attentes<\/strong>. Apr\u00e8s avoir d\u00e9termin\u00e9 votre choix, vous avez marqu\u00e9 votre accord sur l\u2019ensemble du devis et de ses conditions g\u00e9n\u00e9rales de vente. Le projet peut donc commencer.<\/p>\n<p>Vous noterez que toutes les fabrications de VERANDAIR\u00ae sont pr\u00e9-mont\u00e9es dans nos ateliers. Ce proc\u00e9d\u00e9 offre l\u2019avantage d\u2019une<span>\u00a0<\/span><strong>qualit\u00e9 de finition sup\u00e9rieure<\/strong>, puis une<span>\u00a0<\/span><strong>installation s\u00fbre et rapide<\/strong>. Pas de surprise, ni de modification de derni\u00e8re minute.<\/p>\n<p>En g\u00e9n\u00e9ral,<span>\u00a0<\/span><strong>l\u2019installation est r\u00e9alis\u00e9e sur une p\u00e9riode comprise entre 1 et 3 jours<\/strong><span>\u00a0<\/span>selon les sp\u00e9cificit\u00e9s propres de votre abri et les conditions m\u00e9t\u00e9orologiques du moment (hors fabrications sp\u00e9ciales).<\/p>\n<p>[\/et_pb_text][\/et_pb_column][\/et_pb_row][et_pb_row _builder_version=&#8221;4.24.2&#8243; _module_preset=&#8221;default&#8221; use_background_color_gradient=&#8221;on&#8221; background_color_gradient_stops=&#8221;rgba(255,255,255,0) 0%|rgba(255,255,255,0) 70%|gcid-a78bba3e-9a00-4c62-8b29-47f3d6c30097 70%&#8221; width=&#8221;100%&#8221; max_width=&#8221;100%&#8221; custom_padding=&#8221;||0px||false|false&#8221; locked=&#8221;off&#8221; global_colors_info=&#8221;{%22gcid-1aea1de7-1b27-4917-8f9a-23facce39526%22:%91%22background_color_gradient_stops%22%93,%22gcid-a78bba3e-9a00-4c62-8b29-47f3d6c30097%22:%91%22background_color_gradient_stops%22%93}&#8221;][et_pb_column type=&#8221;4_4&#8243; _builder_version=&#8221;4.24.2&#8243; _module_preset=&#8221;default&#8221; global_colors_info=&#8221;{}&#8221;][dsm_image_carousel gallery_ids=&#8221;1541,1567,2127,1592,1829,1805,1820,1844&#8243; sizes=&#8221;et-pb-post-main-image-fullwidth&#8221; lazyload=&#8221;on&#8221; speed=&#8221;30000&#8243; autoplay_speed=&#8221;0&#8243; autoplay_viewport=&#8221;90%&#8221; arrows=&#8221;off&#8221; dots=&#8221;off&#8221; show_lightbox=&#8221;on&#8221; show_lightbox_gallery=&#8221;on&#8221; slide_to_show_tablet=&#8221;3&#8243; slide_to_show_phone=&#8221;2&#8243; slide_to_show_last_edited=&#8221;on|desktop&#8221; _builder_version=&#8221;4.24.2&#8243; _module_preset=&#8221;default&#8221; custom_margin=&#8221;0px||0px||false|false&#8221; custom_padding=&#8221;0px||0px||false|false&#8221; custom_css_main_element=&#8221;margin-bottom: 5px !important;&#8221; custom_css_free_form=&#8221;selcetor .swiper-container {||  overflow: visible;||}&#8221; global_colors_info=&#8221;{}&#8221;][\/dsm_image_carousel][dsm_image_carousel gallery_ids=&#8221;1853,1837,1830,1813,1810,1796,1835,1821,1871,1869,1850,1840&#8243; sizes=&#8221;et-pb-post-main-image-fullwidth&#8221; lazyload=&#8221;on&#8221; slider_direction=&#8221;rtl&#8221; speed=&#8221;30000&#8243; autoplay_speed=&#8221;0&#8243; autoplay_viewport=&#8221;90%&#8221; arrows=&#8221;off&#8221; dots=&#8221;off&#8221; show_lightbox=&#8221;on&#8221; show_lightbox_gallery=&#8221;on&#8221; slide_to_show_tablet=&#8221;3&#8243; slide_to_show_phone=&#8221;2&#8243; slide_to_show_last_edited=&#8221;on|desktop&#8221; _builder_version=&#8221;4.24.2&#8243; _module_preset=&#8221;default&#8221; custom_margin=&#8221;0px||0px||false|false&#8221; custom_padding=&#8221;0px||0px||false|false&#8221; custom_css_free_form=&#8221;selcetor .swiper-container {||  overflow: visible;||}&#8221; global_colors_info=&#8221;{}&#8221;][\/dsm_image_carousel][\/et_pb_column][\/et_pb_row][\/et_pb_section][et_pb_section fb_built=&#8221;1&#8243; admin_label=&#8221;Section&#8221; _builder_version=&#8221;4.24.2&#8243; _module_preset=&#8221;default&#8221; z_index=&#8221;0&#8243; locked=&#8221;off&#8221; global_colors_info=&#8221;{}&#8221;][et_pb_row make_equal=&#8221;on&#8221; custom_padding_last_edited=&#8221;on|phone&#8221; _builder_version=&#8221;4.24.2&#8243; _module_preset=&#8221;default&#8221; custom_margin=&#8221;65px||||false|false&#8221; custom_margin_tablet=&#8221;65px||||false|false&#8221; custom_margin_phone=&#8221;0px||||false|false&#8221; custom_margin_last_edited=&#8221;on|phone&#8221; custom_padding=&#8221;80px||||false|false&#8221; custom_padding_tablet=&#8221;80px||||false|false&#8221; custom_padding_phone=&#8221;0px||||false|false&#8221; custom_css_main_element=&#8221;align-items: center;&#8221; border_color_all=&#8221;rgba(255,255,255,0.2)&#8221; border_width_top=&#8221;1px&#8221; border_width_bottom=&#8221;1px&#8221; global_colors_info=&#8221;{}&#8221;][et_pb_column type=&#8221;4_4&#8243; _builder_version=&#8221;4.23.4&#8243; _module_preset=&#8221;default&#8221; custom_padding=&#8221;||50px||false|false&#8221; global_colors_info=&#8221;{}&#8221;][et_pb_text _builder_version=&#8221;4.24.2&#8243; _module_preset=&#8221;5298e62e-f7ac-4dd9-b361-006fc4da68de&#8221; text_orientation=&#8221;center&#8221; custom_margin=&#8221;||30px||false|false&#8221; locked=&#8221;off&#8221; global_colors_info=&#8221;{}&#8221;]<\/p>\n<h1>Les \u00e9tapes de la r\u00e9alisation de votre projet<\/h1>\n<p>[\/et_pb_text][et_pb_divider show_divider=&#8221;off&#8221; _builder_version=&#8221;4.24.2&#8243; _module_preset=&#8221;2adabd0f-cb12-404f-9aa7-a3088280e564&#8243; module_alignment=&#8221;center&#8221; custom_margin=&#8221;||0px||false|false&#8221; locked=&#8221;off&#8221; global_colors_info=&#8221;{}&#8221;][\/et_pb_divider][\/et_pb_column][\/et_pb_row][et_pb_row _builder_version=&#8221;4.24.2&#8243; _module_preset=&#8221;default&#8221; global_colors_info=&#8221;{}&#8221;][et_pb_column type=&#8221;4_4&#8243; _builder_version=&#8221;4.24.2&#8243; _module_preset=&#8221;default&#8221; global_colors_info=&#8221;{}&#8221;][dsm_content_timeline dsm_responsive_style=&#8221;select&#8221; dsm_tree_animation=&#8221;on&#8221; _builder_version=&#8221;4.24.2&#8243; _module_preset=&#8221;default&#8221; global_colors_info=&#8221;{}&#8221;][dsm_content_timeline_child dsm_image=&#8221;https:\/\/www.verandair.com\/wp-content\/uploads\/2024\/02\/VERANDAIR-selection-35-pergola-fermee.jpg&#8221; alt=&#8221;Pergola vitr\u00e9e le soir, \u00e9clair\u00e9e, avec fauteuil, table et chaises&#8221; title_text=&#8221;VERANDAIR-selection-35-pergola-fermee&#8221; dsm_content=&#8221;<\/p>\n<ul>\n<li><strong>BON DE COMMANDE<\/strong><\/li>\n<li>Paiement de l\u2019acompte par le client<\/li>\n<li>Pr\u00e9paration du chantier par le client<\/li>\n<li>Mesurage d\u00e9finitif par le technicien chez le client (d\u00e9lai entre 3 \u00e0 4 semaines)<\/li>\n<li>\u00c9laboration des plans par notre bureau d\u2019\u00e9tude (d\u00e9lai entre 3 \u00e0 4 semaines)<\/li>\n<li>Corrections\/modifications des plans par le client<\/li>\n<li>Signature des plans par le client et le commercial<\/li>\n<\/ul>\n<p>&#8221; _builder_version=&#8221;4.24.2&#8243; _module_preset=&#8221;default&#8221; global_colors_info=&#8221;{}&#8221; parent_header_level=&#8221;h3&#8243;][\/dsm_content_timeline_child][dsm_content_timeline_child dsm_image=&#8221;https:\/\/www.verandair.com\/wp-content\/uploads\/2024\/02\/VERANDAIR-pergola-fermee-7.jpg&#8221; alt=&#8221;Pergola vitr\u00e9e avec vue sur le jardin et fauteuil gris&#8221; title_text=&#8221;VERANDAIR-pergola-fermee-7&#8243; dsm_content=&#8221;<\/p>\n<ul>\n<li><strong>ACTIVATION du d\u00e9lai de fabrication : entre 9 et 12 semaines<\/strong>*<\/li>\n<li>Commande des mat\u00e9riaux chez nos fournisseurs<\/li>\n<li>Fabrication de votre abri dans nos ateliers<\/li>\n<li><strong>LIVRAISON<\/strong><\/li>\n<li>R\u00e9ception du montant convenu avant d\u00e9chargement<\/li>\n<li><strong>PLACEMENT<\/strong><\/li>\n<li>R\u00e9ception du chantier en votre pr\u00e9sence et paiement du solde<\/li>\n<li><strong>ACTIVATION DE VOTRE GARANTIE<\/strong><\/li>\n<\/ul>\n<p>Autant que possible, nous nous engageons \u00e0 faire au plus vite.&#8221; _builder_version=&#8221;4.24.2&#8243; _module_preset=&#8221;default&#8221; global_colors_info=&#8221;{}&#8221; parent_header_level=&#8221;h3&#8243;][\/dsm_content_timeline_child][dsm_content_timeline_child dsm_image=&#8221;https:\/\/www.verandair.com\/wp-content\/uploads\/2022\/08\/pergola-verandair-realisation.jpg&#8221; alt=&#8221;realisation d&#8217;une pergola pour la terrasse d&#8217;une maison Verandair&#8221; title_text=&#8221;pergola-verandair-realisation&#8221; dsm_content=&#8221;<\/p>\n<h3>Le jour de l\u2019installation<\/h3>\n<p>Votre pr\u00e9sence est obligatoire durant toute la p\u00e9riode de l\u2019installation.<\/p>\n<p>La r\u00e9ception d\u00e9finitive avec le client se d\u00e9roule le dernier jour de l\u2019installation avec nos installateurs.<\/p>\n<p>&#8221; _builder_version=&#8221;4.24.2&#8243; _module_preset=&#8221;default&#8221; global_colors_info=&#8221;{}&#8221; parent_header_level=&#8221;h3&#8243;][\/dsm_content_timeline_child][\/dsm_content_timeline][\/et_pb_column][\/et_pb_row][\/et_pb_section][et_pb_section fb_built=&#8221;1&#8243; _builder_version=&#8221;4.24.0&#8243; _module_preset=&#8221;default&#8221; background_color=&#8221;gcid-a78bba3e-9a00-4c62-8b29-47f3d6c30097&#8243; background_image=&#8221;https:\/\/www.verandair.com\/wp-content\/uploads\/2024\/01\/verandair-abri-terrasse-retractable-2.jpg&#8221; background_blend=&#8221;multiply&#8221; z_index=&#8221;10&#8243; custom_padding=&#8221;0px||0px||true|false&#8221; custom_css_before=&#8221;    content: %22%22;||    display: block;||    background: #fff;||    width: 100%;||    height: 80px;||    position: absolute;||    top: 0;||    left: 0;&#8221; custom_css_after=&#8221;    content: %22%22;||    display: block;||    background: #fff;||    width: 100%;||    height: 80px;||    position: absolute;||    bottom: 0;||    left: 0;&#8221; locked=&#8221;off&#8221; global_colors_info=&#8221;{%22gcid-a78bba3e-9a00-4c62-8b29-47f3d6c30097%22:%91%22background_color%22%93}&#8221;][et_pb_row make_equal=&#8221;on&#8221; custom_padding_last_edited=&#8221;on|tablet&#8221; _builder_version=&#8221;4.24.0&#8243; _module_preset=&#8221;default&#8221; background_color=&#8221;gcid-02eea4c1-992a-4bff-aee2-539b98054199&#8243; use_background_color_gradient=&#8221;on&#8221; background_color_gradient_direction=&#8221;90deg&#8221; background_color_gradient_stops=&#8221;gcid-02eea4c1-992a-4bff-aee2-539b98054199 0%|gcid-6765a8f9-be90-4ab4-9fed-0cfcb9d46015 100%&#8221; background_image=&#8221;https:\/\/www.verandair.com\/wp-content\/uploads\/2024\/01\/VERANDAIR-icon-outline-w.svg&#8221; custom_margin=&#8221;||80px||false|false&#8221; custom_padding=&#8221;50px|80px|50px|80px|true|true&#8221; custom_padding_tablet=&#8221;30px|30px|30px|30px|true|true&#8221; custom_padding_phone=&#8221;30px|30px|30px|30px|true|true&#8221; scroll_vertical_motion_enable=&#8221;on&#8221; scroll_vertical_motion=&#8221;0|40|40|100|0.5|0|0&#8243; scroll_scaling_enable=&#8221;on&#8221; scroll_scaling=&#8221;0|40|40|100|90%|100|100&#8243; custom_css_main_element=&#8221;align-items: center;&#8221; border_radii_tablet=&#8221;on|50px|50px|50px|50px&#8221; border_radii_phone=&#8221;on|50px|50px|50px|50px&#8221; border_radii_last_edited=&#8221;on|tablet&#8221; box_shadow_style=&#8221;preset3&#8243; box_shadow_vertical=&#8221;-10px&#8221; box_shadow_blur=&#8221;30px&#8221; box_shadow_color=&#8221;gcid-4f3ca7d5-152d-4540-91b1-cc24563bf794&#8243; global_colors_info=&#8221;{%22gcid-02eea4c1-992a-4bff-aee2-539b98054199%22:%91%22background_color%22,%22background_color_gradient_stops%22%93,%22gcid-6765a8f9-be90-4ab4-9fed-0cfcb9d46015%22:%91%22background_color_gradient_stops%22%93,%22gcid-4f3ca7d5-152d-4540-91b1-cc24563bf794%22:%91%22box_shadow_color%22%93}&#8221;][et_pb_column type=&#8221;4_4&#8243; _builder_version=&#8221;4.23.4&#8243; _module_preset=&#8221;default&#8221; global_colors_info=&#8221;{}&#8221;][et_pb_text _builder_version=&#8221;4.23.4&#8243; _module_preset=&#8221;default&#8221; text_orientation=&#8221;center&#8221; background_layout=&#8221;dark&#8221; global_colors_info=&#8221;{}&#8221;]<\/p>\n<h2>\u00cates-vous pr\u00eat \u00e0 <strong>transformer votre ext\u00e9rieur<\/strong> ?<\/h2>\n<p>[\/et_pb_text][et_pb_divider color=&#8221;#FFFFFF&#8221; _builder_version=&#8221;4.23.4&#8243; _module_preset=&#8221;2adabd0f-cb12-404f-9aa7-a3088280e564&#8243; module_alignment=&#8221;center&#8221; global_colors_info=&#8221;{}&#8221;][\/et_pb_divider][et_pb_button button_url=&#8221;@ET-DC@eyJkeW5hbWljIjp0cnVlLCJjb250ZW50IjoicG9zdF9saW5rX3VybF9wYWdlIiwic2V0dGluZ3MiOnsicG9zdF9pZCI6IjgwIn19@&#8221; button_text=&#8221;\u00c7a se passe ici ! &#8221; button_alignment=&#8221;center&#8221; _builder_version=&#8221;4.24.0&#8243; _dynamic_attributes=&#8221;button_url&#8221; _module_preset=&#8221;ae8d3791-01a2-4c4b-b221-c3f14f812284&#8243; global_colors_info=&#8221;{}&#8221;][\/et_pb_button][\/et_pb_column][\/et_pb_row][et_pb_row _builder_version=&#8221;4.24.0&#8243; _module_preset=&#8221;default&#8221; max_width=&#8221;900px&#8221; global_colors_info=&#8221;{}&#8221;][et_pb_column type=&#8221;4_4&#8243; _builder_version=&#8221;4.23.4&#8243; _module_preset=&#8221;default&#8221; global_colors_info=&#8221;{}&#8221;][et_pb_text _builder_version=&#8221;4.24.0&#8243; _module_preset=&#8221;92aae06f-c11a-4f4c-95ff-b8e28412f5a2&#8243; global_colors_info=&#8221;{}&#8221;]<\/p>\n<p><span>Nos r\u00e9alisations<\/span><\/p>\n<p>[\/et_pb_text][et_pb_text _builder_version=&#8221;4.23.4&#8243; _module_preset=&#8221;default&#8221; text_orientation=&#8221;center&#8221; background_layout=&#8221;dark&#8221; animation_style=&#8221;fade&#8221; global_colors_info=&#8221;{}&#8221;]<\/p>\n<h2>D\u00e9couvrez nos <strong>r\u00e9alisations de pergolas<\/strong> VERANDAIR\u00ae<\/h2>\n<p>[\/et_pb_text][et_pb_divider show_divider=&#8221;off&#8221; _builder_version=&#8221;4.23.4&#8243; _module_preset=&#8221;2adabd0f-cb12-404f-9aa7-a3088280e564&#8243; module_alignment=&#8221;center&#8221; global_colors_info=&#8221;{}&#8221;][\/et_pb_divider][et_pb_text _builder_version=&#8221;4.24.0&#8243; _module_preset=&#8221;default&#8221; text_orientation=&#8221;center&#8221; background_layout=&#8221;dark&#8221; custom_margin=&#8221;||50px||false|false&#8221; global_colors_info=&#8221;{}&#8221;]<\/p>\n<p>Pergolas fixes, pergolas bioclimatiques, pergolas r\u00e9tractables,<\/p>\n<p>carport\u2026 Consultez nos r\u00e9alisations, trouvez l\u2019inspiration et d\u00e9marrez votre projet avec VERANDAIR\u00ae.<\/p>\n<p>[\/et_pb_text][et_pb_button button_url=&#8221;@ET-DC@eyJkeW5hbWljIjp0cnVlLCJjb250ZW50IjoicG9zdF9saW5rX3VybF9wYWdlIiwic2V0dGluZ3MiOnsicG9zdF9pZCI6IjIzMzQifX0=@&#8221; button_text=&#8221;Voir d\u2019autres r\u00e9alisations&#8221; button_alignment=&#8221;center&#8221; _builder_version=&#8221;4.24.2&#8243; _dynamic_attributes=&#8221;button_url&#8221; _module_preset=&#8221;b50e34d2-0b8d-4c79-bf16-96cda59bf9d7&#8243; custom_margin=&#8221;||50px||false|false&#8221; global_colors_info=&#8221;{}&#8221;][\/et_pb_button][\/et_pb_column][\/et_pb_row][et_pb_row _builder_version=&#8221;4.24.0&#8243; _module_preset=&#8221;default&#8221; custom_padding=&#8221;50px||0px||false|false&#8221; global_colors_info=&#8221;{}&#8221;][et_pb_column type=&#8221;4_4&#8243; _builder_version=&#8221;4.24.0&#8243; _module_preset=&#8221;default&#8221; global_colors_info=&#8221;{}&#8221;][dsm_image_carousel gallery_ids=&#8221;1852,1846,1836,1830,1806&#8243; sizes=&#8221;et-pb-post-main-image-fullwidth&#8221; lazyload=&#8221;on&#8221; slide_to_show=&#8221;3&#8243; _builder_version=&#8221;4.27.5&#8243; _module_preset=&#8221;c42bd703-4936-44b8-8303-fadeb17c36f7&#8243; hover_enabled=&#8221;0&#8243; global_colors_info=&#8221;{}&#8221; sticky_enabled=&#8221;0&#8243;][\/dsm_image_carousel][\/et_pb_column][\/et_pb_row][\/et_pb_section][et_pb_section fb_built=&#8221;1&#8243; admin_label=&#8221;Atouts&#8221; _builder_version=&#8221;4.24.1&#8243; _module_preset=&#8221;default&#8221; background_image=&#8221;https:\/\/www.verandair.com\/wp-content\/uploads\/2024\/01\/fond-2.jpg&#8221; custom_padding=&#8221;||||false|false&#8221; locked=&#8221;off&#8221; global_colors_info=&#8221;{}&#8221;][et_pb_row _builder_version=&#8221;4.24.1&#8243; _module_preset=&#8221;default&#8221; custom_padding=&#8221;||0px||false|false&#8221; global_colors_info=&#8221;{}&#8221;][et_pb_column type=&#8221;4_4&#8243; _builder_version=&#8221;4.23.4&#8243; _module_preset=&#8221;default&#8221; global_colors_info=&#8221;{}&#8221;][et_pb_text _builder_version=&#8221;4.24.1&#8243; _module_preset=&#8221;92aae06f-c11a-4f4c-95ff-b8e28412f5a2&#8243; global_colors_info=&#8221;{}&#8221;]<\/p>\n<p>PERGOLA VERANDAIR\u00ae : NOS ATOUTS<\/p>\n<p>[\/et_pb_text][et_pb_text _builder_version=&#8221;4.24.1&#8243; _module_preset=&#8221;default&#8221; text_orientation=&#8221;center&#8221; animation_style=&#8221;fade&#8221; global_colors_info=&#8221;{}&#8221;]<\/p>\n<h2><span data-metadata=\"&lt;!--(figmeta)eyJmaWxlS2V5IjoiNDJrcExzUGY2N0VsN0FkMldFdElreCIsInBhc3RlSUQiOjQxMjI5MTAwNiwiZGF0YVR5cGUiOiJzY2VuZSJ9Cg==(\/figmeta)--&gt;\"><\/span><strong>Pourquoi choisir<\/strong> une pergola <strong>VERANDAIR\u00ae<\/strong><\/h2>\n<p>[\/et_pb_text][et_pb_divider show_divider=&#8221;off&#8221; _builder_version=&#8221;4.23.4&#8243; _module_preset=&#8221;2adabd0f-cb12-404f-9aa7-a3088280e564&#8243; module_alignment=&#8221;center&#8221; global_colors_info=&#8221;{}&#8221;][\/et_pb_divider][\/et_pb_column][\/et_pb_row][et_pb_row column_structure=&#8221;1_4,1_4,1_4,1_4&#8243; _builder_version=&#8221;4.24.1&#8243; _module_preset=&#8221;default&#8221; global_module=&#8221;57205&#8243; saved_tabs=&#8221;all&#8221; global_colors_info=&#8221;{}&#8221;][et_pb_column type=&#8221;1_4&#8243; _builder_version=&#8221;4.23.4&#8243; _module_preset=&#8221;default&#8221; global_colors_info=&#8221;{}&#8221;][et_pb_image src=&#8221;https:\/\/www.verandair.com\/wp-content\/uploads\/2024\/01\/VERANDAIR-prix-1.svg&#8221; title_text=&#8221;VERANDAIR-prix&#8221; align=&#8221;center&#8221; _builder_version=&#8221;4.24.1&#8243; _module_preset=&#8221;0353bf8c-d4a9-4291-934d-c656c110f926&#8243; global_colors_info=&#8221;{}&#8221;][\/et_pb_image][et_pb_text _builder_version=&#8221;4.24.1&#8243; _module_preset=&#8221;5298e62e-f7ac-4dd9-b361-006fc4da68de&#8221; text_orientation=&#8221;center&#8221; global_colors_info=&#8221;{}&#8221;]<\/p>\n<p>Un prix <strong>abordable<\/strong><\/p>\n<p>[\/et_pb_text][\/et_pb_column][et_pb_column type=&#8221;1_4&#8243; _builder_version=&#8221;4.23.4&#8243; _module_preset=&#8221;default&#8221; global_colors_info=&#8221;{}&#8221;][et_pb_image src=&#8221;https:\/\/www.verandair.com\/wp-content\/uploads\/2024\/01\/VERANDAIR-toute-annee-1.svg&#8221; title_text=&#8221;VERANDAIR-toute-annee&#8221; align=&#8221;center&#8221; _builder_version=&#8221;4.24.1&#8243; _module_preset=&#8221;0353bf8c-d4a9-4291-934d-c656c110f926&#8243; global_colors_info=&#8221;{}&#8221;][\/et_pb_image][et_pb_text _builder_version=&#8221;4.24.1&#8243; _module_preset=&#8221;5298e62e-f7ac-4dd9-b361-006fc4da68de&#8221; text_orientation=&#8221;center&#8221; global_colors_info=&#8221;{}&#8221;]<\/p>\n<p>Profitez de votre ext\u00e9rieur <strong>toute l&#8217;ann\u00e9e<\/strong><\/p>\n<p>[\/et_pb_text][\/et_pb_column][et_pb_column type=&#8221;1_4&#8243; _builder_version=&#8221;4.23.4&#8243; _module_preset=&#8221;default&#8221; global_colors_info=&#8221;{}&#8221;][et_pb_image src=&#8221;https:\/\/www.verandair.com\/wp-content\/uploads\/2024\/01\/VERANDAIR-dimensions-1.svg&#8221; title_text=&#8221;VERANDAIR-dimensions&#8221; align=&#8221;center&#8221; _builder_version=&#8221;4.24.1&#8243; _module_preset=&#8221;0353bf8c-d4a9-4291-934d-c656c110f926&#8243; global_colors_info=&#8221;{}&#8221;][\/et_pb_image][et_pb_text _builder_version=&#8221;4.24.1&#8243; _module_preset=&#8221;5298e62e-f7ac-4dd9-b361-006fc4da68de&#8221; text_orientation=&#8221;center&#8221; global_colors_info=&#8221;{}&#8221;]<\/p>\n<p>Une installation <strong>adapt\u00e9e \u00e0 vos propres dimensions<\/strong><\/p>\n<p>[\/et_pb_text][\/et_pb_column][et_pb_column type=&#8221;1_4&#8243; _builder_version=&#8221;4.23.4&#8243; _module_preset=&#8221;default&#8221; global_colors_info=&#8221;{}&#8221;][et_pb_image src=&#8221;https:\/\/www.verandair.com\/wp-content\/uploads\/2024\/01\/VERANDAIR-robustesse-1.svg&#8221; title_text=&#8221;VERANDAIR-robustesse&#8221; align=&#8221;center&#8221; _builder_version=&#8221;4.24.1&#8243; _module_preset=&#8221;0353bf8c-d4a9-4291-934d-c656c110f926&#8243; global_colors_info=&#8221;{}&#8221;][\/et_pb_image][et_pb_text _builder_version=&#8221;4.24.1&#8243; _module_preset=&#8221;5298e62e-f7ac-4dd9-b361-006fc4da68de&#8221; text_orientation=&#8221;center&#8221; global_colors_info=&#8221;{}&#8221;]<\/p>\n<p><strong>Fiabilit\u00e9<\/strong> &amp; <strong>robustesse<\/strong><\/p>\n<p>[\/et_pb_text][\/et_pb_column][\/et_pb_row][et_pb_row column_structure=&#8221;1_4,1_4,1_4,1_4&#8243; _builder_version=&#8221;4.24.1&#8243; _module_preset=&#8221;default&#8221; global_module=&#8221;57206&#8243; saved_tabs=&#8221;all&#8221; global_colors_info=&#8221;{}&#8221;][et_pb_column type=&#8221;1_4&#8243; _builder_version=&#8221;4.23.4&#8243; _module_preset=&#8221;default&#8221; global_colors_info=&#8221;{}&#8221;][et_pb_image src=&#8221;https:\/\/www.verandair.com\/wp-content\/uploads\/2024\/01\/VERANDAIR-aluminium-1.svg&#8221; title_text=&#8221;VERANDAIR-aluminium&#8221; align=&#8221;center&#8221; _builder_version=&#8221;4.24.1&#8243; _module_preset=&#8221;0353bf8c-d4a9-4291-934d-c656c110f926&#8243; global_colors_info=&#8221;{}&#8221;][\/et_pb_image][et_pb_text _builder_version=&#8221;4.24.1&#8243; _module_preset=&#8221;5298e62e-f7ac-4dd9-b361-006fc4da68de&#8221; text_orientation=&#8221;center&#8221; global_colors_info=&#8221;{}&#8221;]<\/p>\n<p>Structure en aluminium <strong>garantie 15 ans<\/strong><\/p>\n<p>[\/et_pb_text][\/et_pb_column][et_pb_column type=&#8221;1_4&#8243; _builder_version=&#8221;4.23.4&#8243; _module_preset=&#8221;default&#8221; global_colors_info=&#8221;{}&#8221;][et_pb_image src=&#8221;https:\/\/www.verandair.com\/wp-content\/uploads\/2024\/01\/VERANDAIR-materiaux-1.svg&#8221; title_text=&#8221;VERANDAIR-materiaux&#8221; align=&#8221;center&#8221; _builder_version=&#8221;4.24.1&#8243; _module_preset=&#8221;0353bf8c-d4a9-4291-934d-c656c110f926&#8243; global_colors_info=&#8221;{}&#8221;][\/et_pb_image][et_pb_text _builder_version=&#8221;4.24.1&#8243; _module_preset=&#8221;5298e62e-f7ac-4dd9-b361-006fc4da68de&#8221; text_orientation=&#8221;center&#8221; global_colors_info=&#8221;{}&#8221;]<\/p>\n<p>Utilisation de mat\u00e9riaux <strong>100% renouvelables<\/strong><\/p>\n<p>[\/et_pb_text][\/et_pb_column][et_pb_column type=&#8221;1_4&#8243; _builder_version=&#8221;4.23.4&#8243; _module_preset=&#8221;default&#8221; global_colors_info=&#8221;{}&#8221;][et_pb_image src=&#8221;https:\/\/www.verandair.com\/wp-content\/uploads\/2024\/01\/VERANDAIR-fabrication-belge-1.svg&#8221; title_text=&#8221;VERANDAIR-fabrication-belge&#8221; align=&#8221;center&#8221; _builder_version=&#8221;4.24.1&#8243; _module_preset=&#8221;0353bf8c-d4a9-4291-934d-c656c110f926&#8243; global_colors_info=&#8221;{}&#8221;][\/et_pb_image][et_pb_text _builder_version=&#8221;4.27.5&#8243; _module_preset=&#8221;5298e62e-f7ac-4dd9-b361-006fc4da68de&#8221; text_orientation=&#8221;center&#8221; global_colors_info=&#8221;{}&#8221;]<\/p>\n<p>Fabrication <strong>100% belge<\/strong> depuis <strong>+ de 35 ans<\/strong><\/p>\n<p>[\/et_pb_text][\/et_pb_column][et_pb_column type=&#8221;1_4&#8243; _builder_version=&#8221;4.23.4&#8243; _module_preset=&#8221;default&#8221; global_colors_info=&#8221;{}&#8221;][et_pb_image src=&#8221;https:\/\/www.verandair.com\/wp-content\/uploads\/2024\/01\/VERANDAIR-expert-1.svg&#8221; title_text=&#8221;VERANDAIR-expert&#8221; align=&#8221;center&#8221; _builder_version=&#8221;4.24.1&#8243; _module_preset=&#8221;0353bf8c-d4a9-4291-934d-c656c110f926&#8243; global_colors_info=&#8221;{}&#8221;][\/et_pb_image][et_pb_text _builder_version=&#8221;4.25.1&#8243; _module_preset=&#8221;5298e62e-f7ac-4dd9-b361-006fc4da68de&#8221; text_orientation=&#8221;center&#8221; global_colors_info=&#8221;{}&#8221;]<\/p>\n<p><strong>Livraison et mise en place<\/strong>\u00a0par des <strong>professionnels<\/strong><\/p>\n<p>[\/et_pb_text][\/et_pb_column][\/et_pb_row][\/et_pb_section][et_pb_section fb_built=&#8221;1&#8243; admin_label=&#8221;Labels&#8221; _builder_version=&#8221;4.24.0&#8243; _module_preset=&#8221;default&#8221; locked=&#8221;off&#8221; global_colors_info=&#8221;{}&#8221;][et_pb_row column_structure=&#8221;1_5,1_5,1_5,1_5,1_5&#8243; _builder_version=&#8221;4.24.0&#8243; _module_preset=&#8221;default&#8221; custom_padding=&#8221;||0px||false|false&#8221; global_module=&#8221;57202&#8243; saved_tabs=&#8221;all&#8221; global_colors_info=&#8221;{}&#8221;][et_pb_column type=&#8221;1_5&#8243; _builder_version=&#8221;4.24.0&#8243; _module_preset=&#8221;default&#8221; global_colors_info=&#8221;{}&#8221; custom_css_main_element_last_edited=&#8221;on|phone&#8221; custom_css_main_element_phone=&#8221;max-width: 50%;&#8221;][et_pb_image src=&#8221;https:\/\/www.verandair.com\/wp-content\/uploads\/2024\/02\/VERANDAIR-sur-mesure.svg&#8221; title_text=&#8221;VERANDAIR-sur-mesure&#8221; _builder_version=&#8221;4.24.1&#8243; _module_preset=&#8221;default&#8221; width=&#8221;120px&#8221; width_tablet=&#8221;&#8221; width_phone=&#8221;80px&#8221; width_last_edited=&#8221;on|phone&#8221; max_width=&#8221;120px&#8221; max_width_tablet=&#8221;&#8221; max_width_phone=&#8221;80px&#8221; max_width_last_edited=&#8221;on|phone&#8221; module_alignment=&#8221;center&#8221; custom_margin=&#8221;||15px||false|false&#8221; animation_style=&#8221;fade&#8221; global_colors_info=&#8221;{}&#8221;][\/et_pb_image][\/et_pb_column][et_pb_column type=&#8221;1_5&#8243; _builder_version=&#8221;4.23.4&#8243; _module_preset=&#8221;default&#8221; global_colors_info=&#8221;{}&#8221; custom_css_main_element_phone=&#8221;max-width: 50%;&#8221; custom_css_main_element_last_edited=&#8221;on|phone&#8221;][et_pb_image src=&#8221;https:\/\/www.verandair.com\/wp-content\/uploads\/2026\/01\/VERANDAIR-garantie.svg&#8221; title_text=&#8221;VERANDAIR-garantie&#8221; _builder_version=&#8221;4.27.5&#8243; _module_preset=&#8221;default&#8221; width=&#8221;120px&#8221; width_tablet=&#8221;&#8221; width_phone=&#8221;80px&#8221; width_last_edited=&#8221;on|phone&#8221; max_width=&#8221;120px&#8221; max_width_tablet=&#8221;&#8221; max_width_phone=&#8221;80px&#8221; max_width_last_edited=&#8221;on|phone&#8221; module_alignment=&#8221;center&#8221; custom_margin=&#8221;||15px||false|false&#8221; animation_style=&#8221;fade&#8221; global_colors_info=&#8221;{}&#8221;][\/et_pb_image][\/et_pb_column][et_pb_column type=&#8221;1_5&#8243; _builder_version=&#8221;4.23.4&#8243; _module_preset=&#8221;default&#8221; global_colors_info=&#8221;{}&#8221; custom_css_main_element_phone=&#8221;max-width: 50%;&#8221; custom_css_main_element_last_edited=&#8221;on|phone&#8221;][et_pb_image src=&#8221;https:\/\/www.verandair.com\/wp-content\/uploads\/2026\/02\/VERANDAIR-experience.svg&#8221; title_text=&#8221;VERANDAIR-experience&#8221; _builder_version=&#8221;4.27.5&#8243; _module_preset=&#8221;default&#8221; width=&#8221;120px&#8221; width_tablet=&#8221;&#8221; width_phone=&#8221;80px&#8221; width_last_edited=&#8221;on|phone&#8221; max_width=&#8221;120px&#8221; max_width_tablet=&#8221;&#8221; max_width_phone=&#8221;80px&#8221; max_width_last_edited=&#8221;on|phone&#8221; module_alignment=&#8221;center&#8221; custom_margin=&#8221;||15px||false|false&#8221; animation_style=&#8221;fade&#8221; hover_enabled=&#8221;0&#8243; global_colors_info=&#8221;{}&#8221; sticky_enabled=&#8221;0&#8243;][\/et_pb_image][\/et_pb_column][et_pb_column type=&#8221;1_5&#8243; _builder_version=&#8221;4.23.4&#8243; _module_preset=&#8221;default&#8221; global_colors_info=&#8221;{}&#8221; custom_css_main_element_phone=&#8221;max-width: 50%;&#8221; custom_css_main_element_last_edited=&#8221;on|phone&#8221;][et_pb_image src=&#8221;https:\/\/www.verandair.com\/wp-content\/uploads\/2026\/01\/VERANDAIR-projets-realises.svg&#8221; title_text=&#8221;VERANDAIR-projets-realises&#8221; _builder_version=&#8221;4.27.5&#8243; _module_preset=&#8221;default&#8221; width=&#8221;120px&#8221; width_tablet=&#8221;&#8221; width_phone=&#8221;80px&#8221; width_last_edited=&#8221;on|phone&#8221; max_width=&#8221;120px&#8221; max_width_tablet=&#8221;&#8221; max_width_phone=&#8221;80px&#8221; max_width_last_edited=&#8221;on|phone&#8221; module_alignment=&#8221;center&#8221; custom_margin=&#8221;||15px||false|false&#8221; animation_style=&#8221;fade&#8221; global_colors_info=&#8221;{}&#8221;][\/et_pb_image][\/et_pb_column][et_pb_column type=&#8221;1_5&#8243; _builder_version=&#8221;4.23.4&#8243; _module_preset=&#8221;default&#8221; global_colors_info=&#8221;{}&#8221;][et_pb_image src=&#8221;https:\/\/www.verandair.com\/wp-content\/uploads\/2024\/02\/VERANDAIR-fabrication-belge.svg&#8221; title_text=&#8221;VERANDAIR-fabrication-belge&#8221; _builder_version=&#8221;4.24.1&#8243; _module_preset=&#8221;default&#8221; width=&#8221;120px&#8221; width_tablet=&#8221;&#8221; width_phone=&#8221;80px&#8221; width_last_edited=&#8221;on|phone&#8221; max_width=&#8221;120px&#8221; max_width_tablet=&#8221;&#8221; max_width_phone=&#8221;80px&#8221; max_width_last_edited=&#8221;on|phone&#8221; module_alignment=&#8221;center&#8221; custom_margin=&#8221;||15px||false|false&#8221; animation_style=&#8221;fade&#8221; global_colors_info=&#8221;{}&#8221;][\/et_pb_image][\/et_pb_column][\/et_pb_row][\/et_pb_section]<\/p>\n","protected":false},"excerpt":{"rendered":"<p><div class=\"et_pb_module dsm_breadcrumbs dsm_breadcrumbs_0 et_animated\">\n\t\t\t\t\n\t\t\t\t\n\t\t\t\t\n\t\t\t\t\n\t\t\t\t\n\t\t\t\t\n\t\t\t\t<div class=\"et_pb_module_inner\">\n\t\t\t\t\t<nav class=\"dsm_breadcrumbs_wrap\">\n\t\t\t\t<ul class=\"dsm_breadcrumbs\" itemscope itemtype=\"https:\/\/schema.org\/BreadcrumbList\">\t\t\t<li class=\"dsm_breadcrumbs_item dsm_home_item dsm_home_item_custom\" itemprop=\"itemListElement\" itemscope\n\t\t\titemtype=\"https:\/\/schema.org\/ListItem\">\n\t\t\t\t<a href=\"https:\/\/www.verandair.com\/fr\/\" itemprop=\"item\" target=\"\">\n\t\t\t\t\t<span class='dsm_home_text_wrapper'>\n\t\t\t\t\t\t\t\t\t\t\t\t\t<span class=\"et-pb-icon dsm_home_icon\">&#xe009;<\/span>\n\t\t\t\t\t\t\t\t\t\t\t\t\t<span class=\"dsm_home_text\" itemprop=\"name\">\n\t\t\t\t\t\t\t\t \t\t\t\t\t\t\t<\/span>\n\t\t\t\t\t<\/span>\n\t\t\t\t<\/a>\n\t\t\t\t<meta itemprop=\"position\" content=\"1\" \/>\n\t\t\t<\/li>\n\n\t\t<li class=\"dsm_breadcrumbs_separator\"> <span class=\"et-pb-icon dsm_separator_icon\">&#x35;<\/span><\/li><\/ul>\n\t\t\t<\/nav>\n\t\t\t\t<\/div>\n\t\t\t<\/div>Comment se d\u00e9roule la r\u00e9alisation de votre projet ?Lors de votre\u00a0visite dans notre showroom, vous avez d\u00e9couvert nos produits en situation r\u00e9elle. Vous avez pu vous rendre compte par vous-m\u00eame des qualit\u00e9s et des diff\u00e9rentes finitions disponibles. Avec l\u2019aide de l\u2019un de nos conseillers, vous avez \u00e9labor\u00e9\u00a0le projet le plus adapt\u00e9 \u00e0 vos attentes. Apr\u00e8s avoir d\u00e9termin\u00e9 votre choix, vous avez marqu\u00e9 votre accord sur l\u2019ensemble du devis et de ses conditions g\u00e9n\u00e9rales de vente. Le projet peut donc commencer. Vous noterez que toutes les fabrications de VERANDAIR\u00ae sont pr\u00e9-mont\u00e9es dans nos ateliers. Ce proc\u00e9d\u00e9 offre l\u2019avantage d\u2019une\u00a0qualit\u00e9 de finition sup\u00e9rieure, puis une\u00a0installation s\u00fbre et rapide. Pas de surprise, ni de modification de derni\u00e8re minute. En g\u00e9n\u00e9ral,\u00a0l\u2019installation est r\u00e9alis\u00e9e sur une p\u00e9riode comprise entre 1 et 3 jours\u00a0selon les sp\u00e9cificit\u00e9s propres de votre abri et les conditions m\u00e9t\u00e9orologiques du moment (hors fabrications sp\u00e9ciales).<div class=\"et_pb_module dsm_image_carousel dsm_image_carousel_0 dsm_image_carousel_arrow_outside dsm_image_carousel_arrow_mobile_inside \">\n\t\t\t\t\n\t\t\t\t\n\t\t\t\t\n\t\t\t\t\n\t\t\t\t\n\t\t\t\t\n\t\t\t\t<div class=\"et_pb_module_inner\">\n\t\t\t\t\t<div class=\"swiper-container dsm_image_carousel_container  dsm_image_carousel_carousel\" dir=\"ltr\"data-effect=\"default\"\n\t\t\tdata-slider-effect-shadows=\"false\"\n\t\t\tdata-slider-effect-coverflow-rotate=\"30\"\n\t\t\tdata-slider-effect-coverflow-depth=\"0\"\n\t\t\tdata-loop=\"true\"\n\t\t\tdata-slide-to-show=\"4\"\n\t\t\tdata-slide-to-show-tablet=\"3\"\n\t\t\tdata-slide-to-show-phone=\"2\"\n\t\t\tdata-slide-to-scroll=\"1\"\n\t\t\tdata-slide-to-scroll-tablet=\"1\"\n\t\t\tdata-slide-to-scroll-phone=\"1\"\n\t\t\tdata-space-between=\"15\"\n\t\t\tdata-space-between-tablet=\"15\"\n\t\t\tdata-space-between-phone=\"15\"\n\t\t\tdata-slide-row=\"1\"\n\t\t\tdata-centered-slides=\"false\"\n\t\t\tdata-speed=\"30000\"\n\t\t\tdata-autoplay=\"true\"\n\t\t\tdata-autoplay-speed=\"0\"\n\t\t\tdata-touch-move=\"true\"\n\t\t\tdata-grab=\"true\"\n\t\t\tdata-pause-on-hover=\"false\"\n\t\t\tdata-show-lightbox=\"true\"\n\t\t\tdata-lightbox-gallery=\"true\"\n\t\t\tdata-lightbox-caption=\"false\"\n\t\t\tdata-infinite-scrolling=\"false\"\n\t\t\tdata-slide-row-tablet=\"1\"\n\t\t\tdata-slide-row-phone=\"1\"\n\t\t\tdata-autoplay-viewport=90%\n\t\t\tdata-mousewheel=\"false\"\n\t\t\tdata-lazyload=\"true\"\n\t\t\tdata-type=\"carousel\"\n\t\t\tdata-slideshow-effect=\"default\"\n\t\t\tdata-slideshow-to-show=\"4\"\n\t\t\tdata-slideshow-to-show-tablet=\"4\"\n\t\t\tdata-slideshow-to-show-phone=\"\"\n\t\t\tdata-slider-orientation=\"horizontal\"\n\t\t\t\t\t\tdata-lightbox-title=\"false\"\n\n\t\t\t><div class=\"swiper-wrapper\"><div class=\"swiper-slide dsm_image_carousel_item\"><a class=\"dsm_image_carousel_lightbox\" href=\"https:\/\/www.verandair.com\/wp-content\/uploads\/2024\/01\/VERANDAIR-abri-piscine-bas-8-1080x675.jpg\" data-mfp-src=\"https:\/\/www.verandair.com\/wp-content\/uploads\/2024\/01\/VERANDAIR-abri-piscine-bas-8.jpg\"><img loading=\"lazy\" decoding=\"async\" src=\"https:\/\/www.verandair.com\/wp-content\/uploads\/2024\/01\/VERANDAIR-abri-piscine-bas-8-1080x675.jpg\" alt=\"Abri de piscine bas amovible avec vue sur le jardin\" title=\"VERANDAIR-abri-piscine-bas-8\" width=\"1080\" height=\"675\" data-dsm-image-description=\"\" srcset=\"https:\/\/www.verandair.com\/wp-content\/uploads\/2024\/01\/VERANDAIR-abri-piscine-bas-8-1080x675.jpg 1080w, https:\/\/www.verandair.com\/wp-content\/uploads\/2024\/01\/VERANDAIR-abri-piscine-bas-8-980x653.jpg 980w, https:\/\/www.verandair.com\/wp-content\/uploads\/2024\/01\/VERANDAIR-abri-piscine-bas-8-480x320.jpg 480w\" sizes=\"(min-width: 0px) and (max-width: 480px) 480px, (min-width: 481px) and (max-width: 980px) 980px, (min-width: 981px) 1080px, 100vw\" class=\" swiper-lazy\" \/><\/a><\/div><div class=\"swiper-slide dsm_image_carousel_item\"><a class=\"dsm_image_carousel_lightbox\" href=\"https:\/\/www.verandair.com\/wp-content\/uploads\/2024\/01\/VERANDAIR-abri-terrasse-restaurant-1-1080x675.jpg\" data-mfp-src=\"https:\/\/www.verandair.com\/wp-content\/uploads\/2024\/01\/VERANDAIR-abri-terrasse-restaurant-1.jpg\"><img loading=\"lazy\" decoding=\"async\" src=\"https:\/\/www.verandair.com\/wp-content\/uploads\/2024\/01\/VERANDAIR-abri-terrasse-restaurant-1-1080x675.jpg\" alt=\"Restaurant en forme carr\u00e9e avec un abri de terrasse pro VERANDAIR dans la cour du restaurant\" title=\"VERANDAIR-abri-terrasse-restaurant\" width=\"1080\" height=\"675\" data-dsm-image-description=\"\" srcset=\"https:\/\/www.verandair.com\/wp-content\/uploads\/2024\/01\/VERANDAIR-abri-terrasse-restaurant-1-1080x675.jpg 1080w, https:\/\/www.verandair.com\/wp-content\/uploads\/2024\/01\/VERANDAIR-abri-terrasse-restaurant-1-980x653.jpg 980w, https:\/\/www.verandair.com\/wp-content\/uploads\/2024\/01\/VERANDAIR-abri-terrasse-restaurant-1-480x320.jpg 480w\" sizes=\"(min-width: 0px) and (max-width: 480px) 480px, (min-width: 481px) and (max-width: 980px) 980px, (min-width: 981px) 1080px, 100vw\" class=\" swiper-lazy\" \/><\/a><\/div><div class=\"swiper-slide dsm_image_carousel_item\"><a class=\"dsm_image_carousel_lightbox\" href=\"https:\/\/www.verandair.com\/wp-content\/uploads\/2024\/02\/VERANDAIR-slide-pergola-1080x675.jpg\" data-mfp-src=\"https:\/\/www.verandair.com\/wp-content\/uploads\/2024\/02\/VERANDAIR-slide-pergola.jpg\"><img loading=\"lazy\" decoding=\"async\" src=\"https:\/\/www.verandair.com\/wp-content\/uploads\/2024\/02\/VERANDAIR-slide-pergola-1080x675.jpg\" alt=\"Pergola toit fixe ouverte accol\u00e9e \u00e0 une maison \u00e0 briques jaunes\" title=\"VERANDAIR-slide-pergola\" width=\"1080\" height=\"675\" data-dsm-image-description=\"\" srcset=\"https:\/\/www.verandair.com\/wp-content\/uploads\/2024\/02\/VERANDAIR-slide-pergola-1080x675.jpg 1080w, https:\/\/www.verandair.com\/wp-content\/uploads\/2024\/02\/VERANDAIR-slide-pergola-980x980.jpg 980w, https:\/\/www.verandair.com\/wp-content\/uploads\/2024\/02\/VERANDAIR-slide-pergola-480x480.jpg 480w\" sizes=\"(min-width: 0px) and (max-width: 480px) 480px, (min-width: 481px) and (max-width: 980px) 980px, (min-width: 981px) 1080px, 100vw\" class=\" swiper-lazy\" \/><\/a><\/div><div class=\"swiper-slide dsm_image_carousel_item\"><a class=\"dsm_image_carousel_lightbox\" href=\"https:\/\/www.verandair.com\/wp-content\/uploads\/2024\/01\/VERANDAIR-abri-terrasse-6-1080x675.jpg\" data-mfp-src=\"https:\/\/www.verandair.com\/wp-content\/uploads\/2024\/01\/VERANDAIR-abri-terrasse-6.jpg\"><img loading=\"lazy\" decoding=\"async\" src=\"https:\/\/www.verandair.com\/wp-content\/uploads\/2024\/01\/VERANDAIR-abri-terrasse-6-1080x675.jpg\" alt=\"Abri de terrasse r\u00e9tractable avec vue sur le jardin, chaises et tables\" title=\"VERANDAIR-abri-terrasse-6\" width=\"1080\" height=\"675\" data-dsm-image-description=\"\" srcset=\"https:\/\/www.verandair.com\/wp-content\/uploads\/2024\/01\/VERANDAIR-abri-terrasse-6-1080x675.jpg 1080w, https:\/\/www.verandair.com\/wp-content\/uploads\/2024\/01\/VERANDAIR-abri-terrasse-6-980x653.jpg 980w, https:\/\/www.verandair.com\/wp-content\/uploads\/2024\/01\/VERANDAIR-abri-terrasse-6-480x320.jpg 480w\" sizes=\"(min-width: 0px) and (max-width: 480px) 480px, (min-width: 481px) and (max-width: 980px) 980px, (min-width: 981px) 1080px, 100vw\" class=\" swiper-lazy\" \/><\/a><\/div><div class=\"swiper-slide dsm_image_carousel_item\"><a class=\"dsm_image_carousel_lightbox\" href=\"https:\/\/www.verandair.com\/wp-content\/uploads\/2024\/02\/VERANDAIR-selection-34-micro-veranda-1080x675.jpg\" data-mfp-src=\"https:\/\/www.verandair.com\/wp-content\/uploads\/2024\/02\/VERANDAIR-selection-34-micro-veranda.jpg\"><img loading=\"lazy\" decoding=\"async\" src=\"https:\/\/www.verandair.com\/wp-content\/uploads\/2024\/02\/VERANDAIR-selection-34-micro-veranda-1080x675.jpg\" alt=\"Abri de terrasse restaurant ouvert avec des tables de restaurant dress\u00e9es\" title=\"VERANDAIR-selection-34-micro-veranda\" width=\"1080\" height=\"675\" data-dsm-image-description=\"\" srcset=\"https:\/\/www.verandair.com\/wp-content\/uploads\/2024\/02\/VERANDAIR-selection-34-micro-veranda-1080x675.jpg 1080w, https:\/\/www.verandair.com\/wp-content\/uploads\/2024\/02\/VERANDAIR-selection-34-micro-veranda-980x653.jpg 980w, https:\/\/www.verandair.com\/wp-content\/uploads\/2024\/02\/VERANDAIR-selection-34-micro-veranda-480x320.jpg 480w\" sizes=\"(min-width: 0px) and (max-width: 480px) 480px, (min-width: 481px) and (max-width: 980px) 980px, (min-width: 981px) 1080px, 100vw\" class=\" swiper-lazy\" \/><\/a><\/div><div class=\"swiper-slide dsm_image_carousel_item\"><a class=\"dsm_image_carousel_lightbox\" href=\"https:\/\/www.verandair.com\/wp-content\/uploads\/2024\/02\/VERANDAIR-selection-10-abri-terrasse-1080x675.jpg\" data-mfp-src=\"https:\/\/www.verandair.com\/wp-content\/uploads\/2024\/02\/VERANDAIR-selection-10-abri-terrasse.jpg\"><img loading=\"lazy\" decoding=\"async\" src=\"https:\/\/www.verandair.com\/wp-content\/uploads\/2024\/02\/VERANDAIR-selection-10-abri-terrasse-1080x675.jpg\" alt=\"Abri de terrasse r\u00e9tractable. Il y a une table avec une nappe, des chaises et une vue sur le jardin avec un toboggan pour enfant\" title=\"VERANDAIR-selection-10-abri-terrasse\" width=\"1080\" height=\"675\" data-dsm-image-description=\"\" srcset=\"https:\/\/www.verandair.com\/wp-content\/uploads\/2024\/02\/VERANDAIR-selection-10-abri-terrasse-1080x675.jpg 1080w, https:\/\/www.verandair.com\/wp-content\/uploads\/2024\/02\/VERANDAIR-selection-10-abri-terrasse-980x653.jpg 980w, https:\/\/www.verandair.com\/wp-content\/uploads\/2024\/02\/VERANDAIR-selection-10-abri-terrasse-480x320.jpg 480w\" sizes=\"(min-width: 0px) and (max-width: 480px) 480px, (min-width: 481px) and (max-width: 980px) 980px, (min-width: 981px) 1080px, 100vw\" class=\" swiper-lazy\" \/><\/a><\/div><div class=\"swiper-slide dsm_image_carousel_item\"><a class=\"dsm_image_carousel_lightbox\" href=\"https:\/\/www.verandair.com\/wp-content\/uploads\/2024\/02\/VERANDAIR-selection-25-restaurant-1080x675.jpg\" data-mfp-src=\"https:\/\/www.verandair.com\/wp-content\/uploads\/2024\/02\/VERANDAIR-selection-25-restaurant.jpg\"><img loading=\"lazy\" decoding=\"async\" src=\"https:\/\/www.verandair.com\/wp-content\/uploads\/2024\/02\/VERANDAIR-selection-25-restaurant-1080x675.jpg\" alt=\"Abri de terrasse restaurant r\u00e9tractable qui est ouvert avec tables dress\u00e9es et chaises color\u00e9es\" title=\"VERANDAIR-selection-25-restaurant\" width=\"1080\" height=\"675\" data-dsm-image-description=\"\" srcset=\"https:\/\/www.verandair.com\/wp-content\/uploads\/2024\/02\/VERANDAIR-selection-25-restaurant-1080x675.jpg 1080w, https:\/\/www.verandair.com\/wp-content\/uploads\/2024\/02\/VERANDAIR-selection-25-restaurant-980x653.jpg 980w, https:\/\/www.verandair.com\/wp-content\/uploads\/2024\/02\/VERANDAIR-selection-25-restaurant-480x320.jpg 480w\" sizes=\"(min-width: 0px) and (max-width: 480px) 480px, (min-width: 481px) and (max-width: 980px) 980px, (min-width: 981px) 1080px, 100vw\" class=\" swiper-lazy\" \/><\/a><\/div><div class=\"swiper-slide dsm_image_carousel_item\"><a class=\"dsm_image_carousel_lightbox\" href=\"https:\/\/www.verandair.com\/wp-content\/uploads\/2024\/02\/VERANDAIR-selection-49-pergola-ouverte-1080x675.jpg\" data-mfp-src=\"https:\/\/www.verandair.com\/wp-content\/uploads\/2024\/02\/VERANDAIR-selection-49-pergola-ouverte.jpg\"><img loading=\"lazy\" decoding=\"async\" src=\"https:\/\/www.verandair.com\/wp-content\/uploads\/2024\/02\/VERANDAIR-selection-49-pergola-ouverte-1080x675.jpg\" alt=\"Pergola ouverte avec jardin fleuri\" title=\"VERANDAIR-selection-49-pergola-ouverte\" width=\"1080\" height=\"675\" data-dsm-image-description=\"\" srcset=\"https:\/\/www.verandair.com\/wp-content\/uploads\/2024\/02\/VERANDAIR-selection-49-pergola-ouverte-1080x675.jpg 1080w, https:\/\/www.verandair.com\/wp-content\/uploads\/2024\/02\/VERANDAIR-selection-49-pergola-ouverte-980x653.jpg 980w, https:\/\/www.verandair.com\/wp-content\/uploads\/2024\/02\/VERANDAIR-selection-49-pergola-ouverte-480x320.jpg 480w\" sizes=\"(min-width: 0px) and (max-width: 480px) 480px, (min-width: 481px) and (max-width: 980px) 980px, (min-width: 981px) 1080px, 100vw\" class=\" swiper-lazy\" \/><\/a><\/div><\/div><\/div>\n\t\t\t\t<\/div>\n\t\t\t<\/div><div class=\"et_pb_module dsm_image_carousel dsm_image_carousel_1 dsm_image_carousel_arrow_outside dsm_image_carousel_arrow_mobile_inside \">\n\t\t\t\t\n\t\t\t\t\n\t\t\t\t\n\t\t\t\t\n\t\t\t\t\n\t\t\t\t\n\t\t\t\t<div class=\"et_pb_module_inner\">\n\t\t\t\t\t<div class=\"swiper-container dsm_image_carousel_container  dsm_image_carousel_carousel\" dir=\"rtl\"data-effect=\"default\"\n\t\t\tdata-slider-effect-shadows=\"false\"\n\t\t\tdata-slider-effect-coverflow-rotate=\"30\"\n\t\t\tdata-slider-effect-coverflow-depth=\"0\"\n\t\t\tdata-loop=\"true\"\n\t\t\tdata-slide-to-show=\"4\"\n\t\t\tdata-slide-to-show-tablet=\"3\"\n\t\t\tdata-slide-to-show-phone=\"2\"\n\t\t\tdata-slide-to-scroll=\"1\"\n\t\t\tdata-slide-to-scroll-tablet=\"1\"\n\t\t\tdata-slide-to-scroll-phone=\"1\"\n\t\t\tdata-space-between=\"15\"\n\t\t\tdata-space-between-tablet=\"15\"\n\t\t\tdata-space-between-phone=\"15\"\n\t\t\tdata-slide-row=\"1\"\n\t\t\tdata-centered-slides=\"false\"\n\t\t\tdata-speed=\"30000\"\n\t\t\tdata-autoplay=\"true\"\n\t\t\tdata-autoplay-speed=\"0\"\n\t\t\tdata-touch-move=\"true\"\n\t\t\tdata-grab=\"true\"\n\t\t\tdata-pause-on-hover=\"false\"\n\t\t\tdata-show-lightbox=\"true\"\n\t\t\tdata-lightbox-gallery=\"true\"\n\t\t\tdata-lightbox-caption=\"false\"\n\t\t\tdata-infinite-scrolling=\"false\"\n\t\t\tdata-slide-row-tablet=\"1\"\n\t\t\tdata-slide-row-phone=\"1\"\n\t\t\tdata-autoplay-viewport=90%\n\t\t\tdata-mousewheel=\"false\"\n\t\t\tdata-lazyload=\"true\"\n\t\t\tdata-type=\"carousel\"\n\t\t\tdata-slideshow-effect=\"default\"\n\t\t\tdata-slideshow-to-show=\"4\"\n\t\t\tdata-slideshow-to-show-tablet=\"4\"\n\t\t\tdata-slideshow-to-show-phone=\"\"\n\t\t\tdata-slider-orientation=\"horizontal\"\n\t\t\t\t\t\tdata-lightbox-title=\"false\"\n\n\t\t\t><div class=\"swiper-wrapper\"><div class=\"swiper-slide dsm_image_carousel_item\"><a class=\"dsm_image_carousel_lightbox\" href=\"https:\/\/www.verandair.com\/wp-content\/uploads\/2024\/02\/VERANDAIR-selection-58-pergola-ouverte-1080x675.jpg\" data-mfp-src=\"https:\/\/www.verandair.com\/wp-content\/uploads\/2024\/02\/VERANDAIR-selection-58-pergola-ouverte.jpg\"><img loading=\"lazy\" decoding=\"async\" src=\"https:\/\/www.verandair.com\/wp-content\/uploads\/2024\/02\/VERANDAIR-selection-58-pergola-ouverte-1080x675.jpg\" alt=\"Abri pour spa ouvert et pergola vitr\u00e9 sur une terrasse avec des carrelages gris et un jacuzzi\" title=\"VERANDAIR-selection-58-pergola-ouverte\" width=\"1080\" height=\"675\" data-dsm-image-description=\"\" srcset=\"https:\/\/www.verandair.com\/wp-content\/uploads\/2024\/02\/VERANDAIR-selection-58-pergola-ouverte-1080x675.jpg 1080w, https:\/\/www.verandair.com\/wp-content\/uploads\/2024\/02\/VERANDAIR-selection-58-pergola-ouverte-980x653.jpg 980w, https:\/\/www.verandair.com\/wp-content\/uploads\/2024\/02\/VERANDAIR-selection-58-pergola-ouverte-480x320.jpg 480w\" sizes=\"(min-width: 0px) and (max-width: 480px) 480px, (min-width: 481px) and (max-width: 980px) 980px, (min-width: 981px) 1080px, 100vw\" class=\" swiper-lazy\" \/><\/a><\/div><div class=\"swiper-slide dsm_image_carousel_item\"><a class=\"dsm_image_carousel_lightbox\" href=\"https:\/\/www.verandair.com\/wp-content\/uploads\/2024\/02\/VERANDAIR-selection-42-pergola-fermee-1080x675.jpg\" data-mfp-src=\"https:\/\/www.verandair.com\/wp-content\/uploads\/2024\/02\/VERANDAIR-selection-42-pergola-fermee.jpg\"><img loading=\"lazy\" decoding=\"async\" src=\"https:\/\/www.verandair.com\/wp-content\/uploads\/2024\/02\/VERANDAIR-selection-42-pergola-fermee-1080x675.jpg\" alt=\"Pergola vitr\u00e9e derri\u00e8re une vigne\" title=\"VERANDAIR-selection-42-pergola-fermee\" width=\"1080\" height=\"675\" data-dsm-image-description=\"\" srcset=\"https:\/\/www.verandair.com\/wp-content\/uploads\/2024\/02\/VERANDAIR-selection-42-pergola-fermee-1080x675.jpg 1080w, https:\/\/www.verandair.com\/wp-content\/uploads\/2024\/02\/VERANDAIR-selection-42-pergola-fermee-980x653.jpg 980w, https:\/\/www.verandair.com\/wp-content\/uploads\/2024\/02\/VERANDAIR-selection-42-pergola-fermee-480x320.jpg 480w\" sizes=\"(min-width: 0px) and (max-width: 480px) 480px, (min-width: 481px) and (max-width: 980px) 980px, (min-width: 981px) 1080px, 100vw\" class=\" swiper-lazy\" \/><\/a><\/div><div class=\"swiper-slide dsm_image_carousel_item\"><a class=\"dsm_image_carousel_lightbox\" href=\"https:\/\/www.verandair.com\/wp-content\/uploads\/2024\/02\/VERANDAIR-selection-35-pergola-fermee-1080x675.jpg\" data-mfp-src=\"https:\/\/www.verandair.com\/wp-content\/uploads\/2024\/02\/VERANDAIR-selection-35-pergola-fermee.jpg\"><img loading=\"lazy\" decoding=\"async\" src=\"https:\/\/www.verandair.com\/wp-content\/uploads\/2024\/02\/VERANDAIR-selection-35-pergola-fermee-1080x675.jpg\" alt=\"Pergola vitr\u00e9e le soir, \u00e9clair\u00e9e, avec fauteuil, table et chaises\" title=\"VERANDAIR-selection-35-pergola-fermee\" width=\"1080\" height=\"675\" data-dsm-image-description=\"\" srcset=\"https:\/\/www.verandair.com\/wp-content\/uploads\/2024\/02\/VERANDAIR-selection-35-pergola-fermee-1080x675.jpg 1080w, https:\/\/www.verandair.com\/wp-content\/uploads\/2024\/02\/VERANDAIR-selection-35-pergola-fermee-980x653.jpg 980w, https:\/\/www.verandair.com\/wp-content\/uploads\/2024\/02\/VERANDAIR-selection-35-pergola-fermee-480x320.jpg 480w\" sizes=\"(min-width: 0px) and (max-width: 480px) 480px, (min-width: 481px) and (max-width: 980px) 980px, (min-width: 981px) 1080px, 100vw\" class=\" swiper-lazy\" \/><\/a><\/div><div class=\"swiper-slide dsm_image_carousel_item\"><a class=\"dsm_image_carousel_lightbox\" href=\"https:\/\/www.verandair.com\/wp-content\/uploads\/2024\/02\/VERANDAIR-selection-18-restaurant-1080x675.jpg\" data-mfp-src=\"https:\/\/www.verandair.com\/wp-content\/uploads\/2024\/02\/VERANDAIR-selection-18-restaurant.jpg\"><img loading=\"lazy\" decoding=\"async\" src=\"https:\/\/www.verandair.com\/wp-content\/uploads\/2024\/02\/VERANDAIR-selection-18-restaurant-1080x675.jpg\" alt=\"Baie vitr\u00e9e pleine de charme qui ferme les c\u00f4t\u00e9s de la v\u00e9randa professionnelle adoss\u00e9e au Ch\u00e2teau de Bayard\" title=\"VERANDAIR-selection-18-restaurant\" width=\"1080\" height=\"675\" data-dsm-image-description=\"\" srcset=\"https:\/\/www.verandair.com\/wp-content\/uploads\/2024\/02\/VERANDAIR-selection-18-restaurant-1080x675.jpg 1080w, https:\/\/www.verandair.com\/wp-content\/uploads\/2024\/02\/VERANDAIR-selection-18-restaurant-980x653.jpg 980w, https:\/\/www.verandair.com\/wp-content\/uploads\/2024\/02\/VERANDAIR-selection-18-restaurant-480x320.jpg 480w\" sizes=\"(min-width: 0px) and (max-width: 480px) 480px, (min-width: 481px) and (max-width: 980px) 980px, (min-width: 981px) 1080px, 100vw\" class=\" swiper-lazy\" \/><\/a><\/div><div class=\"swiper-slide dsm_image_carousel_item\"><a class=\"dsm_image_carousel_lightbox\" href=\"https:\/\/www.verandair.com\/wp-content\/uploads\/2024\/02\/VERANDAIR-selection-15-restaurant-1080x675.jpg\" data-mfp-src=\"https:\/\/www.verandair.com\/wp-content\/uploads\/2024\/02\/VERANDAIR-selection-15-restaurant.jpg\"><img loading=\"lazy\" decoding=\"async\" src=\"https:\/\/www.verandair.com\/wp-content\/uploads\/2024\/02\/VERANDAIR-selection-15-restaurant-1080x675.jpg\" alt=\"Abri de terrasse horeca ferm\u00e9 le soir\" title=\"VERANDAIR-selection-15-restaurant\" width=\"1080\" height=\"675\" data-dsm-image-description=\"\" srcset=\"https:\/\/www.verandair.com\/wp-content\/uploads\/2024\/02\/VERANDAIR-selection-15-restaurant-1080x675.jpg 1080w, https:\/\/www.verandair.com\/wp-content\/uploads\/2024\/02\/VERANDAIR-selection-15-restaurant-980x653.jpg 980w, https:\/\/www.verandair.com\/wp-content\/uploads\/2024\/02\/VERANDAIR-selection-15-restaurant-480x320.jpg 480w\" sizes=\"(min-width: 0px) and (max-width: 480px) 480px, (min-width: 481px) and (max-width: 980px) 980px, (min-width: 981px) 1080px, 100vw\" class=\" swiper-lazy\" \/><\/a><\/div><div class=\"swiper-slide dsm_image_carousel_item\"><a class=\"dsm_image_carousel_lightbox\" href=\"https:\/\/www.verandair.com\/wp-content\/uploads\/2024\/02\/VERANDAIR-selection-01-abri-piscine-1080x675.jpg\" data-mfp-src=\"https:\/\/www.verandair.com\/wp-content\/uploads\/2024\/02\/VERANDAIR-selection-01-abri-piscine.jpg\"><img loading=\"lazy\" decoding=\"async\" src=\"https:\/\/www.verandair.com\/wp-content\/uploads\/2024\/02\/VERANDAIR-selection-01-abri-piscine-1080x675.jpg\" alt=\"Abri de piscine haut \u00e9clair\u00e9 dans la nuit et accol\u00e9 \u00e0 une maison\" title=\"VERANDAIR-selection-01-abri-piscine\" width=\"1080\" height=\"675\" data-dsm-image-description=\"\" srcset=\"https:\/\/www.verandair.com\/wp-content\/uploads\/2024\/02\/VERANDAIR-selection-01-abri-piscine-1080x675.jpg 1080w, https:\/\/www.verandair.com\/wp-content\/uploads\/2024\/02\/VERANDAIR-selection-01-abri-piscine-980x653.jpg 980w, https:\/\/www.verandair.com\/wp-content\/uploads\/2024\/02\/VERANDAIR-selection-01-abri-piscine-480x320.jpg 480w\" sizes=\"(min-width: 0px) and (max-width: 480px) 480px, (min-width: 481px) and (max-width: 980px) 980px, (min-width: 981px) 1080px, 100vw\" class=\" swiper-lazy\" \/><\/a><\/div><div class=\"swiper-slide dsm_image_carousel_item\"><a class=\"dsm_image_carousel_lightbox\" href=\"https:\/\/www.verandair.com\/wp-content\/uploads\/2024\/02\/VERANDAIR-selection-40-pergola-fermee-1080x675.jpg\" data-mfp-src=\"https:\/\/www.verandair.com\/wp-content\/uploads\/2024\/02\/VERANDAIR-selection-40-pergola-fermee.jpg\"><img loading=\"lazy\" decoding=\"async\" src=\"https:\/\/www.verandair.com\/wp-content\/uploads\/2024\/02\/VERANDAIR-selection-40-pergola-fermee-1080x675.jpg\" alt=\"Pergola vitr\u00e9e avec vue sur des bonza\u00ef\" title=\"VERANDAIR-selection-40-pergola-fermee\" width=\"1080\" height=\"675\" data-dsm-image-description=\"\" srcset=\"https:\/\/www.verandair.com\/wp-content\/uploads\/2024\/02\/VERANDAIR-selection-40-pergola-fermee-1080x675.jpg 1080w, https:\/\/www.verandair.com\/wp-content\/uploads\/2024\/02\/VERANDAIR-selection-40-pergola-fermee-980x653.jpg 980w, https:\/\/www.verandair.com\/wp-content\/uploads\/2024\/02\/VERANDAIR-selection-40-pergola-fermee-480x320.jpg 480w\" sizes=\"(min-width: 0px) and (max-width: 480px) 480px, (min-width: 481px) and (max-width: 980px) 980px, (min-width: 981px) 1080px, 100vw\" class=\" swiper-lazy\" \/><\/a><\/div><div class=\"swiper-slide dsm_image_carousel_item\"><a class=\"dsm_image_carousel_lightbox\" href=\"https:\/\/www.verandair.com\/wp-content\/uploads\/2024\/02\/VERANDAIR-selection-26-restaurant-1080x675.jpg\" data-mfp-src=\"https:\/\/www.verandair.com\/wp-content\/uploads\/2024\/02\/VERANDAIR-selection-26-restaurant.jpg\"><img loading=\"lazy\" decoding=\"async\" src=\"https:\/\/www.verandair.com\/wp-content\/uploads\/2024\/02\/VERANDAIR-selection-26-restaurant-1080x675.jpg\" alt=\"Abri de terrasse horeca r\u00e9tractable qui est ouvert avec vue sur la terrasse de Village Garden\" title=\"VERANDAIR-selection-26-restaurant\" width=\"1080\" height=\"675\" data-dsm-image-description=\"\" srcset=\"https:\/\/www.verandair.com\/wp-content\/uploads\/2024\/02\/VERANDAIR-selection-26-restaurant-1080x675.jpg 1080w, https:\/\/www.verandair.com\/wp-content\/uploads\/2024\/02\/VERANDAIR-selection-26-restaurant-980x653.jpg 980w, https:\/\/www.verandair.com\/wp-content\/uploads\/2024\/02\/VERANDAIR-selection-26-restaurant-480x320.jpg 480w\" sizes=\"(min-width: 0px) and (max-width: 480px) 480px, (min-width: 481px) and (max-width: 980px) 980px, (min-width: 981px) 1080px, 100vw\" class=\" swiper-lazy\" \/><\/a><\/div><div class=\"swiper-slide dsm_image_carousel_item\"><a class=\"dsm_image_carousel_lightbox\" href=\"https:\/\/www.verandair.com\/wp-content\/uploads\/2024\/02\/VERANDAIR-pergola-prestige-03-1080x675.jpg\" data-mfp-src=\"https:\/\/www.verandair.com\/wp-content\/uploads\/2024\/02\/VERANDAIR-pergola-prestige-03.jpg\"><img loading=\"lazy\" decoding=\"async\" src=\"https:\/\/www.verandair.com\/wp-content\/uploads\/2024\/02\/VERANDAIR-pergola-prestige-03-1080x675.jpg\" alt=\"Pergola prestige dans un showroom Verandair\" title=\"VERANDAIR-pergola-prestige-03\" width=\"1080\" height=\"675\" data-dsm-image-description=\"\" srcset=\"https:\/\/www.verandair.com\/wp-content\/uploads\/2024\/02\/VERANDAIR-pergola-prestige-03-1080x675.jpg 1080w, https:\/\/www.verandair.com\/wp-content\/uploads\/2024\/02\/VERANDAIR-pergola-prestige-03-980x653.jpg 980w, https:\/\/www.verandair.com\/wp-content\/uploads\/2024\/02\/VERANDAIR-pergola-prestige-03-480x320.jpg 480w\" sizes=\"(min-width: 0px) and (max-width: 480px) 480px, (min-width: 481px) and (max-width: 980px) 980px, (min-width: 981px) 1080px, 100vw\" class=\" swiper-lazy\" \/><\/a><\/div><div class=\"swiper-slide dsm_image_carousel_item\"><a class=\"dsm_image_carousel_lightbox\" href=\"https:\/\/www.verandair.com\/wp-content\/uploads\/2024\/02\/VERANDAIR-pergola-prestige-02-1080x675.jpg\" data-mfp-src=\"https:\/\/www.verandair.com\/wp-content\/uploads\/2024\/02\/VERANDAIR-pergola-prestige-02.jpg\"><img loading=\"lazy\" decoding=\"async\" src=\"https:\/\/www.verandair.com\/wp-content\/uploads\/2024\/02\/VERANDAIR-pergola-prestige-02-1080x675.jpg\" alt=\"Pergola prestige dans un showroom Verandair vue de l&#039;int\u00e9rieur dans un fauteuil beige et avec une vue sur d&#039;autre pergola\" title=\"VERANDAIR-pergola-prestige-02\" width=\"1080\" height=\"675\" data-dsm-image-description=\"\" srcset=\"https:\/\/www.verandair.com\/wp-content\/uploads\/2024\/02\/VERANDAIR-pergola-prestige-02-1080x675.jpg 1080w, https:\/\/www.verandair.com\/wp-content\/uploads\/2024\/02\/VERANDAIR-pergola-prestige-02-980x653.jpg 980w, https:\/\/www.verandair.com\/wp-content\/uploads\/2024\/02\/VERANDAIR-pergola-prestige-02-480x320.jpg 480w\" sizes=\"(min-width: 0px) and (max-width: 480px) 480px, (min-width: 481px) and (max-width: 980px) 980px, (min-width: 981px) 1080px, 100vw\" class=\" swiper-lazy\" \/><\/a><\/div><div class=\"swiper-slide dsm_image_carousel_item\"><a class=\"dsm_image_carousel_lightbox\" href=\"https:\/\/www.verandair.com\/wp-content\/uploads\/2024\/02\/VERANDAIR-selection-55-pergola-ouverte-1080x675.jpg\" data-mfp-src=\"https:\/\/www.verandair.com\/wp-content\/uploads\/2024\/02\/VERANDAIR-selection-55-pergola-ouverte.jpg\"><img loading=\"lazy\" decoding=\"async\" src=\"https:\/\/www.verandair.com\/wp-content\/uploads\/2024\/02\/VERANDAIR-selection-55-pergola-ouverte-1080x675.jpg\" alt=\"Pergola toit fixe ouverte avec vue sur un jardin fleuri\" title=\"VERANDAIR-selection-55-pergola-ouverte\" width=\"1080\" height=\"675\" data-dsm-image-description=\"\" srcset=\"https:\/\/www.verandair.com\/wp-content\/uploads\/2024\/02\/VERANDAIR-selection-55-pergola-ouverte-1080x675.jpg 1080w, https:\/\/www.verandair.com\/wp-content\/uploads\/2024\/02\/VERANDAIR-selection-55-pergola-ouverte-980x653.jpg 980w, https:\/\/www.verandair.com\/wp-content\/uploads\/2024\/02\/VERANDAIR-selection-55-pergola-ouverte-480x320.jpg 480w\" sizes=\"(min-width: 0px) and (max-width: 480px) 480px, (min-width: 481px) and (max-width: 980px) 980px, (min-width: 981px) 1080px, 100vw\" class=\" swiper-lazy\" \/><\/a><\/div><div class=\"swiper-slide dsm_image_carousel_item\"><a class=\"dsm_image_carousel_lightbox\" href=\"https:\/\/www.verandair.com\/wp-content\/uploads\/2024\/02\/VERANDAIR-selection-45-pergola-ouverte-1080x675.jpg\" data-mfp-src=\"https:\/\/www.verandair.com\/wp-content\/uploads\/2024\/02\/VERANDAIR-selection-45-pergola-ouverte.jpg\"><img loading=\"lazy\" decoding=\"async\" src=\"https:\/\/www.verandair.com\/wp-content\/uploads\/2024\/02\/VERANDAIR-selection-45-pergola-ouverte-1080x675.jpg\" alt=\"Pergola toit fixe ouverte sur une terrasse avec une table, des chaises\" title=\"VERANDAIR-selection-45-pergola-ouverte\" width=\"1080\" height=\"675\" data-dsm-image-description=\"\" srcset=\"https:\/\/www.verandair.com\/wp-content\/uploads\/2024\/02\/VERANDAIR-selection-45-pergola-ouverte-1080x675.jpg 1080w, https:\/\/www.verandair.com\/wp-content\/uploads\/2024\/02\/VERANDAIR-selection-45-pergola-ouverte-980x653.jpg 980w, https:\/\/www.verandair.com\/wp-content\/uploads\/2024\/02\/VERANDAIR-selection-45-pergola-ouverte-480x320.jpg 480w\" sizes=\"(min-width: 0px) and (max-width: 480px) 480px, (min-width: 481px) and (max-width: 980px) 980px, (min-width: 981px) 1080px, 100vw\" class=\" swiper-lazy\" \/><\/a><\/div><\/div><\/div>\n\t\t\t\t<\/div>\n\t\t\t<\/div>Les \u00e9tapes [&hellip;]<\/p>\n","protected":false},"author":1,"featured_media":0,"parent":0,"menu_order":0,"comment_status":"closed","ping_status":"closed","template":"","meta":{"_acf_changed":false,"_et_pb_use_builder":"on","_et_pb_old_content":"","_et_gb_content_width":"","inline_featured_image":false,"footnotes":""},"class_list":["post-60126","page","type-page","status-publish","hentry"],"acf":[],"yoast_head":"<!-- This site is optimized with the Yoast SEO plugin v27.5 - https:\/\/yoast.com\/product\/yoast-seo-wordpress\/ -->\n<title>Etapes de projet | VERANDAIR\u00ae<\/title>\n<meta name=\"description\" content=\"D\u00e9couvrez les \u00e9tapes de votre projet Verandair : de la prise de devis \u00e0 la pose finale de votre pergola ou v\u00e9randa. Simple et transparent.\" \/>\n<meta name=\"robots\" content=\"index, follow, max-snippet:-1, max-image-preview:large, max-video-preview:-1\" \/>\n<link rel=\"canonical\" href=\"https:\/\/www.verandair.com\/fr\/etapes-projet\/\" \/>\n<meta property=\"og:locale\" content=\"fr_FR\" \/>\n<meta property=\"og:type\" content=\"article\" \/>\n<meta property=\"og:title\" content=\"Etapes de projet | VERANDAIR\u00ae\" \/>\n<meta property=\"og:description\" content=\"D\u00e9couvrez les \u00e9tapes de votre projet Verandair : de la prise de devis \u00e0 la pose finale de votre pergola ou v\u00e9randa. Simple et transparent.\" \/>\n<meta property=\"og:url\" content=\"https:\/\/www.verandair.com\/fr\/etapes-projet\/\" \/>\n<meta property=\"og:site_name\" content=\"VERANDAIR\u00ae\" \/>\n<meta property=\"article:modified_time\" content=\"2026-02-27T10:10:59+00:00\" \/>\n<meta name=\"twitter:card\" content=\"summary_large_image\" \/>\n<meta name=\"twitter:label1\" content=\"Dur\u00e9e de lecture estim\u00e9e\" \/>\n\t<meta name=\"twitter:data1\" content=\"12 minutes\" \/>\n<script type=\"application\/ld+json\" class=\"yoast-schema-graph\">{\"@context\":\"https:\\\/\\\/schema.org\",\"@graph\":[{\"@type\":\"WebPage\",\"@id\":\"https:\\\/\\\/www.verandair.com\\\/fr\\\/etapes-projet\\\/\",\"url\":\"https:\\\/\\\/www.verandair.com\\\/fr\\\/etapes-projet\\\/\",\"name\":\"Etapes de projet | VERANDAIR\u00ae\",\"isPartOf\":{\"@id\":\"https:\\\/\\\/www.verandair.com\\\/fr\\\/#website\"},\"datePublished\":\"2024-03-18T13:52:34+00:00\",\"dateModified\":\"2026-02-27T10:10:59+00:00\",\"description\":\"D\u00e9couvrez les \u00e9tapes de votre projet Verandair : de la prise de devis \u00e0 la pose finale de votre pergola ou v\u00e9randa. Simple et transparent.\",\"breadcrumb\":{\"@id\":\"https:\\\/\\\/www.verandair.com\\\/fr\\\/etapes-projet\\\/#breadcrumb\"},\"inLanguage\":\"fr-FR\",\"potentialAction\":[{\"@type\":\"ReadAction\",\"target\":[\"https:\\\/\\\/www.verandair.com\\\/fr\\\/etapes-projet\\\/\"]}]},{\"@type\":\"BreadcrumbList\",\"@id\":\"https:\\\/\\\/www.verandair.com\\\/fr\\\/etapes-projet\\\/#breadcrumb\",\"itemListElement\":[{\"@type\":\"ListItem\",\"position\":1,\"name\":\"Accueil\",\"item\":{\"@type\":\"WebPage\",\"@id\":\"https:\\\/\\\/www.verandair.com\\\/fr\\\/\",\"name\":\"Accueil\"}},{\"@type\":\"ListItem\",\"position\":2,\"name\":\"Etapes de projet\"}]},{\"@type\":\"WebSite\",\"@id\":\"https:\\\/\\\/www.verandair.com\\\/fr\\\/#website\",\"url\":\"https:\\\/\\\/www.verandair.com\\\/fr\\\/\",\"name\":\"VERANDAIR\u00ae\",\"description\":\"\",\"publisher\":{\"@id\":\"https:\\\/\\\/www.verandair.com\\\/fr\\\/#organization\"},\"potentialAction\":[{\"@type\":\"SearchAction\",\"target\":{\"@type\":\"EntryPoint\",\"urlTemplate\":\"https:\\\/\\\/www.verandair.com\\\/fr\\\/?s={search_term_string}\"},\"query-input\":{\"@type\":\"PropertyValueSpecification\",\"valueRequired\":true,\"valueName\":\"search_term_string\"}}],\"inLanguage\":\"fr-FR\"},{\"@type\":\"Organization\",\"@id\":\"https:\\\/\\\/www.verandair.com\\\/fr\\\/#organization\",\"name\":\"Verandair\",\"url\":\"https:\\\/\\\/www.verandair.com\\\/fr\\\/\",\"logo\":{\"@type\":\"ImageObject\",\"inLanguage\":\"fr-FR\",\"@id\":\"https:\\\/\\\/www.verandair.com\\\/fr\\\/#\\\/schema\\\/logo\\\/image\\\/\",\"url\":\"https:\\\/\\\/www.verandair.com\\\/wp-content\\\/uploads\\\/2024\\\/06\\\/VERANDAIR-logo.png\",\"contentUrl\":\"https:\\\/\\\/www.verandair.com\\\/wp-content\\\/uploads\\\/2024\\\/06\\\/VERANDAIR-logo.png\",\"width\":283,\"height\":127,\"caption\":\"Verandair\"},\"image\":{\"@id\":\"https:\\\/\\\/www.verandair.com\\\/fr\\\/#\\\/schema\\\/logo\\\/image\\\/\"}}]}<\/script>\n<!-- \/ Yoast SEO plugin. -->","yoast_head_json":{"title":"Etapes de projet | VERANDAIR\u00ae","description":"D\u00e9couvrez les \u00e9tapes de votre projet Verandair : de la prise de devis \u00e0 la pose finale de votre pergola ou v\u00e9randa. Simple et transparent.","robots":{"index":"index","follow":"follow","max-snippet":"max-snippet:-1","max-image-preview":"max-image-preview:large","max-video-preview":"max-video-preview:-1"},"canonical":"https:\/\/www.verandair.com\/fr\/etapes-projet\/","og_locale":"fr_FR","og_type":"article","og_title":"Etapes de projet | VERANDAIR\u00ae","og_description":"D\u00e9couvrez les \u00e9tapes de votre projet Verandair : de la prise de devis \u00e0 la pose finale de votre pergola ou v\u00e9randa. Simple et transparent.","og_url":"https:\/\/www.verandair.com\/fr\/etapes-projet\/","og_site_name":"VERANDAIR\u00ae","article_modified_time":"2026-02-27T10:10:59+00:00","twitter_card":"summary_large_image","twitter_misc":{"Dur\u00e9e de lecture estim\u00e9e":"12 minutes"},"schema":{"@context":"https:\/\/schema.org","@graph":[{"@type":"WebPage","@id":"https:\/\/www.verandair.com\/fr\/etapes-projet\/","url":"https:\/\/www.verandair.com\/fr\/etapes-projet\/","name":"Etapes de projet | VERANDAIR\u00ae","isPartOf":{"@id":"https:\/\/www.verandair.com\/fr\/#website"},"datePublished":"2024-03-18T13:52:34+00:00","dateModified":"2026-02-27T10:10:59+00:00","description":"D\u00e9couvrez les \u00e9tapes de votre projet Verandair : de la prise de devis \u00e0 la pose finale de votre pergola ou v\u00e9randa. Simple et transparent.","breadcrumb":{"@id":"https:\/\/www.verandair.com\/fr\/etapes-projet\/#breadcrumb"},"inLanguage":"fr-FR","potentialAction":[{"@type":"ReadAction","target":["https:\/\/www.verandair.com\/fr\/etapes-projet\/"]}]},{"@type":"BreadcrumbList","@id":"https:\/\/www.verandair.com\/fr\/etapes-projet\/#breadcrumb","itemListElement":[{"@type":"ListItem","position":1,"name":"Accueil","item":{"@type":"WebPage","@id":"https:\/\/www.verandair.com\/fr\/","name":"Accueil"}},{"@type":"ListItem","position":2,"name":"Etapes de projet"}]},{"@type":"WebSite","@id":"https:\/\/www.verandair.com\/fr\/#website","url":"https:\/\/www.verandair.com\/fr\/","name":"VERANDAIR\u00ae","description":"","publisher":{"@id":"https:\/\/www.verandair.com\/fr\/#organization"},"potentialAction":[{"@type":"SearchAction","target":{"@type":"EntryPoint","urlTemplate":"https:\/\/www.verandair.com\/fr\/?s={search_term_string}"},"query-input":{"@type":"PropertyValueSpecification","valueRequired":true,"valueName":"search_term_string"}}],"inLanguage":"fr-FR"},{"@type":"Organization","@id":"https:\/\/www.verandair.com\/fr\/#organization","name":"Verandair","url":"https:\/\/www.verandair.com\/fr\/","logo":{"@type":"ImageObject","inLanguage":"fr-FR","@id":"https:\/\/www.verandair.com\/fr\/#\/schema\/logo\/image\/","url":"https:\/\/www.verandair.com\/wp-content\/uploads\/2024\/06\/VERANDAIR-logo.png","contentUrl":"https:\/\/www.verandair.com\/wp-content\/uploads\/2024\/06\/VERANDAIR-logo.png","width":283,"height":127,"caption":"Verandair"},"image":{"@id":"https:\/\/www.verandair.com\/fr\/#\/schema\/logo\/image\/"}}]}},"_links":{"self":[{"href":"https:\/\/www.verandair.com\/fr\/wp-json\/wp\/v2\/pages\/60126","targetHints":{"allow":["GET"]}}],"collection":[{"href":"https:\/\/www.verandair.com\/fr\/wp-json\/wp\/v2\/pages"}],"about":[{"href":"https:\/\/www.verandair.com\/fr\/wp-json\/wp\/v2\/types\/page"}],"author":[{"embeddable":true,"href":"https:\/\/www.verandair.com\/fr\/wp-json\/wp\/v2\/users\/1"}],"replies":[{"embeddable":true,"href":"https:\/\/www.verandair.com\/fr\/wp-json\/wp\/v2\/comments?post=60126"}],"version-history":[{"count":12,"href":"https:\/\/www.verandair.com\/fr\/wp-json\/wp\/v2\/pages\/60126\/revisions"}],"predecessor-version":[{"id":74403,"href":"https:\/\/www.verandair.com\/fr\/wp-json\/wp\/v2\/pages\/60126\/revisions\/74403"}],"wp:attachment":[{"href":"https:\/\/www.verandair.com\/fr\/wp-json\/wp\/v2\/media?parent=60126"}],"curies":[{"name":"wp","href":"https:\/\/api.w.org\/{rel}","templated":true}]}}