{"id":60137,"date":"2024-03-18T15:16:25","date_gmt":"2024-03-18T14:16:25","guid":{"rendered":"https:\/\/verandair-pro.poush-dev.be\/?page_id=60137"},"modified":"2026-02-27T11:59:56","modified_gmt":"2026-02-27T10:59:56","slug":"composants-veranda-pergola","status":"publish","type":"page","link":"https:\/\/www.verandair.com\/fr\/composants-veranda-pergola\/","title":{"rendered":"Composants Veranda"},"content":{"rendered":"<p>[et_pb_section fb_built=&#8221;1&#8243; _builder_version=&#8221;4.24.2&#8243; _module_preset=&#8221;default&#8221; global_colors_info=&#8221;{}&#8221;][et_pb_row _builder_version=&#8221;4.24.1&#8243; _module_preset=&#8221;default&#8221; max_width=&#8221;950px&#8221; locked=&#8221;off&#8221; global_colors_info=&#8221;{}&#8221;][et_pb_column type=&#8221;4_4&#8243; _builder_version=&#8221;4.23.4&#8243; _module_preset=&#8221;default&#8221; global_colors_info=&#8221;{}&#8221;][dsm_breadcrumbs home_text=&#8221; &#8221; home_icon=&#8221;&#xe009;||divi||400&#8243; _builder_version=&#8221;4.24.0&#8243; _module_preset=&#8221;default&#8221; global_colors_info=&#8221;{}&#8221;][\/dsm_breadcrumbs][et_pb_text _builder_version=&#8221;4.24.2&#8243; _module_preset=&#8221;5298e62e-f7ac-4dd9-b361-006fc4da68de&#8221; text_orientation=&#8221;center&#8221; custom_margin=&#8221;||30px||false|false&#8221; global_colors_info=&#8221;{}&#8221;]<\/p>\n<h1>Les mat\u00e9riaux de nos v\u00e9randas<\/h1>\n<p>[\/et_pb_text][et_pb_divider show_divider=&#8221;off&#8221; _builder_version=&#8221;4.23.4&#8243; _module_preset=&#8221;2adabd0f-cb12-404f-9aa7-a3088280e564&#8243; module_alignment=&#8221;center&#8221; global_colors_info=&#8221;{}&#8221;][\/et_pb_divider][et_pb_text _builder_version=&#8221;4.24.2&#8243; _module_preset=&#8221;5298e62e-f7ac-4dd9-b361-006fc4da68de&#8221; text_orientation=&#8221;center&#8221; custom_margin=&#8221;||50px||false|false&#8221; global_colors_info=&#8221;{}&#8221;]<\/p>\n<p>Vous avez opt\u00e9 pour une v\u00e9randa ou une pergola pour am\u00e9liorer votre confort au quotidien ? Avec VERANDAIR<sup>\u00ae<\/sup>, vous avez fait<strong><span>\u00a0<\/span>le choix de la qualit\u00e9 !<\/strong><span>\u00a0<\/span>D\u00e9couvrez comment sont compos\u00e9s les mod\u00e8les VERANDAIR<sup>\u00ae<\/sup><span>\u00a0<\/span>.<\/p>\n<p>Chez VERANDAIR<sup>\u00ae<\/sup>, la qualit\u00e9 est notre priorit\u00e9. C\u2019est pourquoi la totalit\u00e9 de nos v\u00e9randas, pergolas, \u2026 sont r\u00e9alis\u00e9s en aluminium 6061 T6.<strong><span>\u00a0<\/span>Un mat\u00e9riau l\u00e9ger mais tr\u00e8s robuste<\/strong>, il est \u00e9galement utilis\u00e9 par le secteur a\u00e9ronautique. Il pr\u00e9sente, en outre,<span>\u00a0<\/span><strong>une forte r\u00e9sistance \u00e0 la corrosion<\/strong>.<\/p>\n<p>Ainsi, avec VERANDAIR<sup>\u00ae<\/sup>, vous vous assurez d\u2019avoir une v\u00e9randa ou une pergola qui vous accompagnera pour de nombreuses ann\u00e9es.<\/p>\n<p>[\/et_pb_text][\/et_pb_column][\/et_pb_row][et_pb_row _builder_version=&#8221;4.24.2&#8243; _module_preset=&#8221;default&#8221; use_background_color_gradient=&#8221;on&#8221; background_color_gradient_stops=&#8221;rgba(255,255,255,0) 0%|rgba(255,255,255,0) 70%|gcid-a78bba3e-9a00-4c62-8b29-47f3d6c30097 70%&#8221; width=&#8221;100%&#8221; max_width=&#8221;100%&#8221; custom_padding=&#8221;||0px||false|false&#8221; locked=&#8221;off&#8221; global_colors_info=&#8221;{%22gcid-1aea1de7-1b27-4917-8f9a-23facce39526%22:%91%22background_color_gradient_stops%22%93,%22gcid-a78bba3e-9a00-4c62-8b29-47f3d6c30097%22:%91%22background_color_gradient_stops%22%93}&#8221;][et_pb_column type=&#8221;4_4&#8243; _builder_version=&#8221;4.24.2&#8243; _module_preset=&#8221;default&#8221; global_colors_info=&#8221;{}&#8221;][dsm_image_carousel gallery_ids=&#8221;1567,2127,1592,1829,1805,1820,1844&#8243; sizes=&#8221;et-pb-post-main-image-fullwidth&#8221; lazyload=&#8221;on&#8221; speed=&#8221;30000&#8243; autoplay_speed=&#8221;0&#8243; autoplay_viewport=&#8221;90%&#8221; arrows=&#8221;off&#8221; dots=&#8221;off&#8221; show_lightbox=&#8221;on&#8221; show_lightbox_gallery=&#8221;on&#8221; slide_to_show_tablet=&#8221;3&#8243; slide_to_show_phone=&#8221;2&#8243; slide_to_show_last_edited=&#8221;on|desktop&#8221; _builder_version=&#8221;4.27.5&#8243; _module_preset=&#8221;default&#8221; custom_margin=&#8221;0px||0px||false|false&#8221; custom_padding=&#8221;0px||0px||false|false&#8221; hover_enabled=&#8221;0&#8243; custom_css_main_element=&#8221;margin-bottom: 5px !important;&#8221; custom_css_free_form=&#8221;selcetor .swiper-container {||  overflow: visible;||}&#8221; global_colors_info=&#8221;{}&#8221; sticky_enabled=&#8221;0&#8243;][\/dsm_image_carousel][dsm_image_carousel gallery_ids=&#8221;1853,1837,1830,1813,1810,1835,1821,1871,1869,1850,1840&#8243; sizes=&#8221;et-pb-post-main-image-fullwidth&#8221; lazyload=&#8221;on&#8221; slider_direction=&#8221;rtl&#8221; speed=&#8221;30000&#8243; autoplay_speed=&#8221;0&#8243; autoplay_viewport=&#8221;90%&#8221; arrows=&#8221;off&#8221; dots=&#8221;off&#8221; show_lightbox=&#8221;on&#8221; show_lightbox_gallery=&#8221;on&#8221; slide_to_show_tablet=&#8221;3&#8243; slide_to_show_phone=&#8221;2&#8243; slide_to_show_last_edited=&#8221;on|desktop&#8221; _builder_version=&#8221;4.27.5&#8243; _module_preset=&#8221;default&#8221; custom_margin=&#8221;0px||0px||false|false&#8221; custom_padding=&#8221;0px||0px||false|false&#8221; hover_enabled=&#8221;0&#8243; custom_css_free_form=&#8221;selcetor .swiper-container {||  overflow: visible;||}&#8221; global_colors_info=&#8221;{}&#8221; sticky_enabled=&#8221;0&#8243;][\/dsm_image_carousel][\/et_pb_column][\/et_pb_row][\/et_pb_section][et_pb_section fb_built=&#8221;1&#8243; admin_label=&#8221;Section&#8221; _builder_version=&#8221;4.24.2&#8243; _module_preset=&#8221;default&#8221; z_index=&#8221;-1&#8243; locked=&#8221;off&#8221; global_colors_info=&#8221;{}&#8221;][et_pb_row column_structure=&#8221;1_2,1_2&#8243; make_equal=&#8221;on&#8221; custom_padding_last_edited=&#8221;on|phone&#8221; _builder_version=&#8221;4.24.2&#8243; _module_preset=&#8221;default&#8221; custom_margin=&#8221;65px||||false|false&#8221; custom_margin_tablet=&#8221;65px||||false|false&#8221; custom_margin_phone=&#8221;0px||||false|false&#8221; custom_margin_last_edited=&#8221;on|phone&#8221; custom_padding=&#8221;80px||||false|false&#8221; custom_padding_tablet=&#8221;80px||||false|false&#8221; custom_padding_phone=&#8221;0px||||false|false&#8221; custom_css_main_element=&#8221;align-items: center;&#8221; border_color_all=&#8221;rgba(255,255,255,0.2)&#8221; border_width_top=&#8221;1px&#8221; border_width_bottom=&#8221;1px&#8221; global_colors_info=&#8221;{}&#8221;][et_pb_column type=&#8221;1_2&#8243; _builder_version=&#8221;4.24.2&#8243; _module_preset=&#8221;default&#8221; custom_padding=&#8221;||50px||false|false&#8221; global_colors_info=&#8221;{}&#8221;][et_pb_image src=&#8221;https:\/\/www.verandair.com\/wp-content\/uploads\/2024\/03\/profiles-verandair-abri-de-terrasse-veranda.jpg&#8221; title_text=&#8221;profiles-verandair-abri-de-terrasse-veranda&#8221; _builder_version=&#8221;4.24.2&#8243; _module_preset=&#8221;default&#8221; global_colors_info=&#8221;{}&#8221;][\/et_pb_image][\/et_pb_column][et_pb_column type=&#8221;1_2&#8243; _builder_version=&#8221;4.23.4&#8243; _module_preset=&#8221;default&#8221; global_colors_info=&#8221;{}&#8221;][et_pb_text _builder_version=&#8221;4.24.2&#8243; _module_preset=&#8221;default&#8221; custom_margin=&#8221;||||false|false&#8221; global_colors_info=&#8221;{}&#8221;]<\/p>\n<h3><strong>La structure des v\u00e9randas et pergolas<\/strong><\/h3>\n<p>L\u2019ossature de nos<span>\u00a0<\/span><a href=\"https:\/\/www.verandair.com\/fr\/veranda\/abri-de-terrasse\">abris de terrasse<\/a><span>\u00a0<\/span>et<span>\u00a0<\/span><a href=\"https:\/\/www.verandair.com\/fr\/pergolas\/\">pergolas<\/a><span>\u00a0<\/span>VERANDAIR<sup>\u00ae<\/sup><span>\u00a0<\/span>est compos\u00e9e de<strong><span>\u00a0<\/span>profil\u00e9s ultrar\u00e9sistants en aluminium<\/strong>.<\/p>\n<p>Les<span>\u00a0<\/span><strong>profil\u00e9s VERANDAIR\u00ae<\/strong><span>\u00a0<\/span>sont la propri\u00e9t\u00e9 de l\u2019entreprise et ne sont pas standardis\u00e9s. Ils sont extrud\u00e9s de fa\u00e7on fili\u00e8re. Toutes les pi\u00e8ces sont<span>\u00a0<\/span><strong>trait\u00e9es contre la corrosion<\/strong>, \u00e0 l\u2019int\u00e9rieur et \u00e0 l\u2019ext\u00e9rieur. Nos structures r\u00e9tractables sont g\u00e9n\u00e9ralement<span>\u00a0<\/span><strong>autoportantes<\/strong>.<\/p>\n<p>Les structures de nos abris terrasses sont<span>\u00a0<\/span><strong>test\u00e9s par un laboratoire ind\u00e9pendant<\/strong><span>\u00a0<\/span><em>(Vin\u00e7otte\u00ae),<\/em><span>\u00a0<\/span>qui s\u2019assure de leur<span>\u00a0<\/span><strong>r\u00e9sistance \u00e0 la neige et au vent<\/strong>. Le type de profil\u00e9 est construit en fonction des dimensions de l\u2019abri ainsi que de la zone g\u00e9ographique dans laquelle il prendra place.<\/p>\n<p>[\/et_pb_text][\/et_pb_column][\/et_pb_row][et_pb_row column_structure=&#8221;1_2,1_2&#8243; _builder_version=&#8221;4.24.2&#8243; _module_preset=&#8221;default&#8221; custom_margin=&#8221;||||false|false&#8221; custom_padding=&#8221;||||false|false&#8221; custom_css_main_element=&#8221;align-items: center;&#8221; border_color_all=&#8221;rgba(255,255,255,0.2)&#8221; border_width_top=&#8221;1px&#8221; border_width_bottom=&#8221;1px&#8221; global_colors_info=&#8221;{}&#8221;][et_pb_column type=&#8221;1_2&#8243; _builder_version=&#8221;4.23.4&#8243; _module_preset=&#8221;default&#8221; custom_padding=&#8221;||50px||false|false&#8221; global_colors_info=&#8221;{}&#8221;][et_pb_text _builder_version=&#8221;4.24.2&#8243; _module_preset=&#8221;default&#8221; custom_margin=&#8221;||50px||false|false&#8221; global_colors_info=&#8221;{}&#8221;]<\/p>\n<h4>Le laquage de la structure<\/h4>\n<p>Les<span>\u00a0<\/span><strong>peintures en poudre TIGER Drylac\u00ae<\/strong><span>\u00a0<\/span>sont des mat\u00e9riaux de rev\u00eatement sans solvant, compos\u00e9s de diff\u00e9rentes r\u00e9sines synth\u00e9tiques, de pigments ainsi que d\u2019additifs sp\u00e9ciaux permettant d\u2019obtenir des<span>\u00a0<\/span><strong>qualit\u00e9s de surfaces exceptionnelles<\/strong>. En outre, les peintures propos\u00e9es par VERANDAIR\u00ae sont<span>\u00a0<\/span><strong>lab\u00e9lis\u00e9es QUALICOAT\u00ae<\/strong>.<\/p>\n<p>La peinture en poudre s\u2019applique sur les pi\u00e8ces \u00e0 recouvrir au moyen d\u2019un dispositif de pulv\u00e9risation \u00e9lectrostatique et par chauffage de la pi\u00e8ce entre 160 \u00b0C et 200 \u00b0C.<\/p>\n<p>Nos coloris standards sont\u00a0:<\/p>\n<ul>\n<li><strong>Noir intense<\/strong><span>\u00a0<\/span>\u2013 RAL 9005 T \u2013 Code poudre 029.80070<\/li>\n<li><strong>Gris anthracite<\/strong><span>\u00a0<\/span>\u2013 RAL 7016 A \u2013 Code poudre 029.71334<\/li>\n<li><strong>Gris quartz<\/strong><span>\u00a0<\/span>\u2013 RAL 7039 T \u2013 Code poudre 029.71716<\/li>\n<\/ul>\n<p>Ces teintes standards sont propos\u00e9es ici en finition structur\u00e9e<em>.<\/em><\/p>\n<p>Sur demande, nous proposons<span>\u00a0<\/span><strong>plus de 2500 teintes et finitions<\/strong>.<\/p>\n<p>[\/et_pb_text][\/et_pb_column][et_pb_column type=&#8221;1_2&#8243; _builder_version=&#8221;4.23.4&#8243; _module_preset=&#8221;default&#8221; custom_padding=&#8221;||50px||false|false&#8221; global_colors_info=&#8221;{}&#8221;][et_pb_text _builder_version=&#8221;4.24.2&#8243; _module_preset=&#8221;default&#8221; custom_margin=&#8221;||50px||false|false&#8221; global_colors_info=&#8221;{}&#8221;]<\/p>\n<h4>Qu\u2019est-ce que le label QUALICOAT\u00ae ?<\/h4>\n<p>Il s\u2019agit du<span>\u00a0<\/span><strong>premier label de qualit\u00e9 au monde<\/strong><span>\u00a0<\/span>pour le rev\u00eatement d\u2019aluminium. Son organisation, mondiale<span>\u00a0<\/span><em>(dont le si\u00e8ge est \u00e0 Zurich, en Suisse)<\/em>, est engag\u00e9e \u00e0 maintenir la qualit\u00e9 du laquage, de la peinture et du rev\u00eatement sur l\u2019aluminium et ses alliages pour les applications architecturales.<\/p>\n<p>QUALICOAT\u00ae a accord\u00e9 des licences g\u00e9n\u00e9rales \u00e0 des associations nationales et internationales pour d\u00e9livrer ses certificats et inspecter les usines autoris\u00e9es.<span>\u00a0<\/span><strong>Ces associations auditent r\u00e9guli\u00e8rement<\/strong><span>\u00a0<\/span>(2 fois par an) les laqueurs et v\u00e9rifient que ces derniers respectent l\u2019ensemble des exigences des Directives QUALICOAT\u00ae.<\/p>\n<p>[\/et_pb_text][\/et_pb_column][\/et_pb_row][et_pb_row column_structure=&#8221;1_2,1_2&#8243; make_equal=&#8221;on&#8221; custom_padding_last_edited=&#8221;on|desktop&#8221; module_class=&#8221;custom-align-vertical-reverse&#8221; _builder_version=&#8221;4.24.2&#8243; _module_preset=&#8221;default&#8221; custom_padding=&#8221;60px||||false|false&#8221; custom_padding_tablet=&#8221;60px||||false|false&#8221; custom_padding_phone=&#8221;0px||||false|false&#8221; custom_css_main_element=&#8221;align-items: center;&#8221; border_color_all=&#8221;rgba(255,255,255,0.2)&#8221; border_width_top=&#8221;1px&#8221; border_width_bottom=&#8221;1px&#8221; global_colors_info=&#8221;{}&#8221;][et_pb_column type=&#8221;1_2&#8243; _builder_version=&#8221;4.23.4&#8243; _module_preset=&#8221;default&#8221; global_colors_info=&#8221;{}&#8221;][et_pb_text _builder_version=&#8221;4.24.2&#8243; _module_preset=&#8221;default&#8221; custom_margin=&#8221;||50px||false|false&#8221; global_colors_info=&#8221;{}&#8221;]<\/p>\n<h3><strong>Les \u00e9querres d\u2019assemblage (abris r\u00e9tractables)<\/strong><\/h3>\n<p>Une \u00e9querre d\u2019assemblage a vocation \u00e0<span>\u00a0<\/span><strong>relier les profil\u00e9s entre eux<\/strong>. Leurs dimensions et mat\u00e9riaux sont \u00e9tudi\u00e9s pour b\u00e9n\u00e9ficier d\u2019une<span>\u00a0<\/span><strong>r\u00e9sistance \u00e9quivalente ou sup\u00e9rieure \u00e0 l\u2019ossature<\/strong><span>\u00a0<\/span>elle-m\u00eame. Vous les retrouverez \u00a0\u00e0 chaque angle de<span>\u00a0<\/span><a href=\"https:\/\/www.verandair.com\/fr\/veranda\/\">nos abris r\u00e9tractables<\/a>.<\/p>\n<p>Ces \u00e9querres sont compos\u00e9es d\u2019<strong>alliage d\u2019aluminium de type 7075<\/strong>. Ce dernier (aussi appel\u00e9<span>\u00a0<\/span><em>zicral<\/em>) notamment utilis\u00e9 dans l\u2019a\u00e9ronautique est un alliage d\u2019aluminium avec le zinc comme \u00e9l\u00e9ment d\u2019alliage principal. Il poss\u00e8de une<span>\u00a0<\/span><strong>solidit\u00e9<\/strong><span>\u00a0<\/span>comparable \u00e0 de nombreux aciers, ainsi qu\u2019une bonne<span>\u00a0<\/span><strong>r\u00e9sistance<\/strong><span>\u00a0<\/span>\u00e0 la fatigue et \u00e0 l\u2019usinage courant. Son co\u00fbt relativement \u00e9lev\u00e9 limite son utilisation aux applications o\u00f9 des alliages moins chers ne sont pas adapt\u00e9s.<\/p>\n<p>[\/et_pb_text][\/et_pb_column][et_pb_column type=&#8221;1_2&#8243; _builder_version=&#8221;4.24.2&#8243; _module_preset=&#8221;default&#8221; custom_padding=&#8221;||50px||false|false&#8221; global_colors_info=&#8221;{}&#8221;][et_pb_image src=&#8221;https:\/\/www.verandair.com\/wp-content\/uploads\/2024\/03\/equerres-verandas-verandair.jpg&#8221; title_text=&#8221;equerres-verandas-verandair&#8221; _builder_version=&#8221;4.24.2&#8243; _module_preset=&#8221;default&#8221; global_colors_info=&#8221;{}&#8221;][\/et_pb_image][\/et_pb_column][\/et_pb_row][et_pb_row column_structure=&#8221;1_2,1_2&#8243; make_equal=&#8221;on&#8221; _builder_version=&#8221;4.24.1&#8243; _module_preset=&#8221;default&#8221; custom_padding=&#8221;80px||||false|false&#8221; custom_css_main_element=&#8221;align-items: center;&#8221; border_color_all=&#8221;rgba(255,255,255,0.2)&#8221; border_width_top=&#8221;1px&#8221; border_width_bottom=&#8221;1px&#8221; global_colors_info=&#8221;{}&#8221;][et_pb_column type=&#8221;1_2&#8243; _builder_version=&#8221;4.23.4&#8243; _module_preset=&#8221;default&#8221; custom_padding=&#8221;||50px||false|false&#8221; global_colors_info=&#8221;{}&#8221;][et_pb_image src=&#8221;https:\/\/www.verandair.com\/wp-content\/uploads\/2024\/03\/portes-veranda-abri-de-terrasse-verandair.jpg&#8221; title_text=&#8221;portes-veranda-abri-de-terrasse-verandair&#8221; _builder_version=&#8221;4.24.2&#8243; _module_preset=&#8221;default&#8221; global_colors_info=&#8221;{}&#8221;][\/et_pb_image][\/et_pb_column][et_pb_column type=&#8221;1_2&#8243; _builder_version=&#8221;4.23.4&#8243; _module_preset=&#8221;default&#8221; global_colors_info=&#8221;{}&#8221;][et_pb_text _builder_version=&#8221;4.24.2&#8243; _module_preset=&#8221;default&#8221; custom_margin=&#8221;||50px||false|false&#8221; global_colors_info=&#8221;{}&#8221;]<\/p>\n<h3><strong>La visserie &amp; les accessoires<\/strong><\/h3>\n<p>La quasi-totalit\u00e9 des accessoires et de la visserie qui composent<span>\u00a0<\/span><a href=\"https:\/\/www.verandair.com\/fr\/veranda\/materiaux-verandas\/composants-veranda\/\">nos abris<\/a><span>\u00a0<\/span>est en<span>\u00a0<\/span><strong>acier inoxydable<\/strong>. L\u2019acier inoxydable permet le d\u00e9montage et l\u2019entretien de l\u2019abri et ce, m\u00eame apr\u00e8s de nombreuses ann\u00e9es.<\/p>\n<p>[\/et_pb_text][\/et_pb_column][\/et_pb_row][et_pb_row column_structure=&#8221;1_2,1_2&#8243; make_equal=&#8221;on&#8221; _builder_version=&#8221;4.24.1&#8243; _module_preset=&#8221;default&#8221; custom_padding=&#8221;80px||||false|false&#8221; custom_css_main_element=&#8221;align-items: center;&#8221; border_color_all=&#8221;rgba(255,255,255,0.2)&#8221; border_width_top=&#8221;1px&#8221; border_width_bottom=&#8221;1px&#8221; global_colors_info=&#8221;{}&#8221;][et_pb_column type=&#8221;1_2&#8243; _builder_version=&#8221;4.23.4&#8243; _module_preset=&#8221;default&#8221; global_colors_info=&#8221;{}&#8221;][et_pb_text _builder_version=&#8221;4.24.2&#8243; _module_preset=&#8221;default&#8221; custom_margin=&#8221;||50px||false|false&#8221; global_colors_info=&#8221;{}&#8221;]<\/p>\n<h3><strong>Les ancrages au sol (abris r\u00e9tractables)<\/strong><\/h3>\n<p>Une<span>\u00a0<\/span><strong>patte de fixation lat\u00e9rale<\/strong><span>\u00a0<\/span>prend place sur chaque \u00e9l\u00e9ment qui compose nos abris r\u00e9tractables. Gr\u00e2ce \u00e0 un ancrage chimique de la douille en inox, celle-ci est g\u00e9n\u00e9ralement<span>\u00a0<\/span><strong>scell\u00e9e dans le sol<\/strong><span>\u00a0<\/span>(dans une longrine en b\u00e9ton arm\u00e9 r\u00e9alis\u00e9e par le client).<\/p>\n<p>Reste alors \u00e0 visser la molette en inox et plastique gr\u00e2ce \u00e0 l\u2019orifice pr\u00e9vu. Sur simple demande, la premi\u00e8re de ces molettes est munie d\u2019une serrure. Le temps d\u2019ancrage est d\u2019environ 10 minutes pour une structure moyenne compos\u00e9e de 5 \u00e9l\u00e9ments, ce qui d\u00e9montre sa<span>\u00a0<\/span><strong>facilit\u00e9<\/strong>.<\/p>\n<p>Une fois la structure ancr\u00e9e, elle est d\u00e9sormais en mesure d\u2019offrir un<span>\u00a0<\/span><strong>maintien optimal aux vents violents<\/strong><span>\u00a0<\/span>et un<span>\u00a0<\/span><strong>renforcement maximum \u00e0 la charge de neige<\/strong>, en opposition \u00e0 l\u2019ancrage longitudinal.<\/p>\n<p>[\/et_pb_text][\/et_pb_column][et_pb_column type=&#8221;1_2&#8243; _builder_version=&#8221;4.23.4&#8243; _module_preset=&#8221;default&#8221; custom_padding=&#8221;||50px||false|false&#8221; global_colors_info=&#8221;{}&#8221;][et_pb_image src=&#8221;https:\/\/www.verandair.com\/wp-content\/uploads\/2024\/03\/ancrages-verandas-et-pergola.jpg&#8221; alt=&#8221;Ouvrier qui travaille avec une machine de pr\u00e9cision dans l&#8217;usine Verandair&#8221; title_text=&#8221;ancrages-verandas-et-pergola&#8221; _builder_version=&#8221;4.24.2&#8243; _module_preset=&#8221;default&#8221; global_colors_info=&#8221;{}&#8221;][\/et_pb_image][\/et_pb_column][\/et_pb_row][et_pb_row column_structure=&#8221;1_2,1_2&#8243; make_equal=&#8221;on&#8221; _builder_version=&#8221;4.24.1&#8243; _module_preset=&#8221;default&#8221; custom_padding=&#8221;80px||||false|false&#8221; custom_css_main_element=&#8221;align-items: center;&#8221; border_color_all=&#8221;rgba(255,255,255,0.2)&#8221; border_width_top=&#8221;1px&#8221; border_width_bottom=&#8221;1px&#8221; global_colors_info=&#8221;{}&#8221;][et_pb_column type=&#8221;1_2&#8243; _builder_version=&#8221;4.23.4&#8243; _module_preset=&#8221;default&#8221; custom_padding=&#8221;||50px||false|false&#8221; global_colors_info=&#8221;{}&#8221;][et_pb_image src=&#8221;https:\/\/www.verandair.com\/wp-content\/uploads\/2024\/03\/verrous-veranda-verandair.jpg&#8221; alt=&#8221;Ouvrier qui travaille avec une machine de pr\u00e9cision dans l&#8217;usine Verandair&#8221; title_text=&#8221;verrous-veranda-verandair&#8221; _builder_version=&#8221;4.24.2&#8243; _module_preset=&#8221;default&#8221; global_colors_info=&#8221;{}&#8221;][\/et_pb_image][\/et_pb_column][et_pb_column type=&#8221;1_2&#8243; _builder_version=&#8221;4.23.4&#8243; _module_preset=&#8221;default&#8221; global_colors_info=&#8221;{}&#8221;][et_pb_text _builder_version=&#8221;4.24.2&#8243; _module_preset=&#8221;default&#8221; custom_margin=&#8221;||50px||false|false&#8221; global_colors_info=&#8221;{}&#8221;]<\/p>\n<h3><strong>Le guidage des \u00e9l\u00e9ments (abris r\u00e9tractables)<\/strong><\/h3>\n<p>Int\u00e9gr\u00e9es \u00e0 nos profil\u00e9s traverses basses qui assurent la liaison de l\u2019abri au sol, les roulettes sont des<span>\u00a0<\/span><strong>roues en polyamide<\/strong>. Elles sont anti-traces et mont\u00e9es sur roulements \u00e0 aiguilles en acier inoxydable. Elles offrent \u00e0 l\u2019abri un<span>\u00a0<\/span><strong>d\u00e9placement ais\u00e9<\/strong><span>\u00a0<\/span>et une<span>\u00a0<\/span><strong>usure quasi-inexistante<\/strong>. Chaque \u00e9l\u00e9ment coulissant dispose de 8 roulettes, rendant les d\u00e9placements plus simples et fluides.<\/p>\n<p>Install\u00e9 sur simple demande ou laiss\u00e9 \u00e0 la discr\u00e9tion de l\u2019installateur,<span>\u00a0<\/span><strong>un profil\u00e9 de guidage au sol peut \u00eatre plac\u00e9<\/strong>\u00a0sous les roues du premier \u00e9l\u00e9ment coulissant. Il est en aluminium trait\u00e9 par anodisation et fait pour durer.<\/p>\n<p>Des visseries en acier inoxydable espac\u00e9es de +\/- 50cm permettent sa fixation au sol. Il facilite cette derni\u00e8re et emp\u00eache les \u00e9l\u00e9ments de vriller lors de l\u2019ouverture ou de la fermeture de l\u2019abri r\u00e9tractable.<\/p>\n<h3><strong>Les contre-guidages int\u00e9gr\u00e9s (abris r\u00e9tractables)<\/strong><\/h3>\n<p>Entre les \u00e9l\u00e9ments, un<span>\u00a0<\/span><strong>syst\u00e8me de galets de guidage<\/strong><span>\u00a0<\/span>est int\u00e9gr\u00e9 \u00e0 la structure. Il relie entre eux les \u00e9l\u00e9ments de nos abris r\u00e9tractables et permet un<span>\u00a0<\/span><strong>coulissement simple et ais\u00e9<\/strong>. Ces guidages, bien qu\u2019int\u00e9gr\u00e9s dans la structure, sont<span>\u00a0<\/span><strong>invisibles<\/strong>.<\/p>\n<p>[\/et_pb_text][\/et_pb_column][\/et_pb_row][et_pb_row column_structure=&#8221;1_2,1_2&#8243; make_equal=&#8221;on&#8221; _builder_version=&#8221;4.24.1&#8243; _module_preset=&#8221;default&#8221; custom_padding=&#8221;80px||||false|false&#8221; custom_css_main_element=&#8221;align-items: center;&#8221; border_color_all=&#8221;rgba(255,255,255,0.2)&#8221; border_width_top=&#8221;1px&#8221; border_width_bottom=&#8221;1px&#8221; global_colors_info=&#8221;{}&#8221;][et_pb_column type=&#8221;1_2&#8243; _builder_version=&#8221;4.23.4&#8243; _module_preset=&#8221;default&#8221; global_colors_info=&#8221;{}&#8221;][et_pb_text _builder_version=&#8221;4.24.2&#8243; _module_preset=&#8221;default&#8221; custom_margin=&#8221;||50px||false|false&#8221; global_colors_info=&#8221;{}&#8221;]<\/p>\n<h3><strong>Le vitrage lat\u00e9ral\u00a0<\/strong><\/h3>\n<p><strong>En standard<\/strong>, les parois de nos abris sont compos\u00e9es soit de :<\/p>\n<ul>\n<li>Simple vitrage tremp\u00e9 de 4, 6, 8 ou 10mm d\u2019\u00e9paisseur ;<\/li>\n<li>Simple vitrage feuillet\u00e9 de 4, 6, 8 ou 10mm d\u2019\u00e9paisseur ;<\/li>\n<li>Simple vitrage synth\u00e9tique de type SAN (styr\u00e8ne-acrylonitrile) de 4mm d\u2019\u00e9paisseur ;<\/li>\n<li>Simple vitrage synth\u00e9tique de type PC (polycarbonate) de 4, 5 ou 6mm d\u2019\u00e9paisseur ;<\/li>\n<li>Double vitrage allant jusqu\u2019\u00e0 17mm d\u2019\u00e9paisseur ;<\/li>\n<li>Panneaux composites.<\/li>\n<\/ul>\n<p><strong>Sur demande<\/strong>, il est \u00e9galement possible d\u2019int\u00e9grer<span>\u00a0<\/span><strong>n\u2019importe quel type de remplissage<\/strong><span>\u00a0<\/span>(vitrage) pour autant que celui-ci<span>\u00a0<\/span><strong>n\u2019exc\u00e8de pas 17 mm d\u2019\u00e9paisseur<\/strong><span>\u00a0<\/span>et qu\u2019il soit<span>\u00a0<\/span><strong>compatible avec nos structures<\/strong><span>\u00a0<\/span>en aluminium (dilatation).<\/p>\n<p>[\/et_pb_text][\/et_pb_column][et_pb_column type=&#8221;1_2&#8243; _builder_version=&#8221;4.23.4&#8243; _module_preset=&#8221;default&#8221; custom_padding=&#8221;||50px||false|false&#8221; global_colors_info=&#8221;{}&#8221;][et_pb_image src=&#8221;https:\/\/www.verandair.com\/wp-content\/uploads\/2024\/03\/veranda-pour-terrasse-verandair-1.jpg&#8221; alt=&#8221;Ouvrier qui travaille avec une machine de pr\u00e9cision dans l&#8217;usine Verandair&#8221; title_text=&#8221;veranda-pour-terrasse-verandair-1&#8243; _builder_version=&#8221;4.24.2&#8243; _module_preset=&#8221;default&#8221; global_colors_info=&#8221;{}&#8221;][\/et_pb_image][\/et_pb_column][\/et_pb_row][et_pb_row column_structure=&#8221;1_2,1_2&#8243; make_equal=&#8221;on&#8221; _builder_version=&#8221;4.24.1&#8243; _module_preset=&#8221;default&#8221; custom_padding=&#8221;80px||||false|false&#8221; custom_css_main_element=&#8221;align-items: center;&#8221; border_color_all=&#8221;rgba(255,255,255,0.2)&#8221; border_width_top=&#8221;1px&#8221; border_width_bottom=&#8221;1px&#8221; global_colors_info=&#8221;{}&#8221;][et_pb_column type=&#8221;1_2&#8243; admin_label=&#8221;Column&#8221; _builder_version=&#8221;4.23.4&#8243; _module_preset=&#8221;default&#8221; custom_padding=&#8221;||50px||false|false&#8221; global_colors_info=&#8221;{}&#8221;][et_pb_image src=&#8221;https:\/\/www.verandair.com\/wp-content\/uploads\/2024\/03\/toiture-veranda.jpg&#8221; alt=&#8221;Ouvrier qui travaille avec une machine de pr\u00e9cision dans l&#8217;usine Verandair&#8221; title_text=&#8221;toiture-veranda&#8221; _builder_version=&#8221;4.24.2&#8243; _module_preset=&#8221;default&#8221; global_colors_info=&#8221;{}&#8221;][\/et_pb_image][\/et_pb_column][et_pb_column type=&#8221;1_2&#8243; _builder_version=&#8221;4.23.4&#8243; _module_preset=&#8221;default&#8221; global_colors_info=&#8221;{}&#8221;][et_pb_text _builder_version=&#8221;4.27.5&#8243; _module_preset=&#8221;default&#8221; custom_margin=&#8221;||50px||false|false&#8221; hover_enabled=&#8221;0&#8243; global_colors_info=&#8221;{}&#8221; sticky_enabled=&#8221;0&#8243;]<\/p>\n<h3><strong>Les toitures des v\u00e9randas<\/strong><\/h3>\n<p>Pour des raisons de<span>\u00a0<\/span><strong>r\u00e9sistance<\/strong>, notamment \u00e0 la gr\u00eale, les plaques de toiture de<span>\u00a0<\/span><a href=\"https:\/\/www.verandair.com\/fr\/veranda\/\">nos abris de terrasse<\/a><span>\u00a0<\/span>sont g\u00e9n\u00e9ralement<span>\u00a0<\/span><strong>en polycarbonate<\/strong><span>\u00a0<\/span>ou en<span>\u00a0<\/span><strong>mati\u00e8re synth\u00e9tique<\/strong>.<\/p>\n<p>Ces plaques de toiture sont soit<span>\u00a0<\/span><strong>translucides<\/strong>, soit en<span>\u00a0<\/span><strong>blanc opalin<\/strong>.<\/p>\n<p>Un<span>\u00a0<\/span><strong>traitement anti-UV<\/strong><span>\u00a0<\/span>appliqu\u00e9 permet d\u2019\u00e9viter le jaunissement pr\u00e9matur\u00e9 des plaques.\u00a0<\/p>\n<p>Les plaques de toiture ne sont pas viss\u00e9es mais tenues en feuillure et coll\u00e9es. Un tape micro-perfor\u00e9, plac\u00e9 aux extr\u00e9mit\u00e9s des plaques, permet \u00e0 celles-ci de respirer,<span>\u00a0<\/span><strong>\u00e9vitant ainsi la condensation int\u00e9rieure<\/strong>.<span>\u00a0<\/span><strong>Poussi\u00e8res et insectes ne peuvent s\u2019y infiltrer<\/strong>.<\/p>\n<p>Parfois, les mouvements li\u00e9s \u00e0 la dilatation des plaques de polycarbonate peuvent produire des bruits de craquement. Ce ph\u00e9nom\u00e8ne est tout \u00e0 fait courant et n\u2019a aucune incidence sur la performance des plaques et des profil\u00e9s.<\/p>\n<p><strong>Sur demande,<\/strong><span>\u00a0<\/span>il est \u00e9galement possible d\u2019int\u00e9grer des<span>\u00a0<\/span><strong>plaques en mat\u00e9riaux composites<\/strong><span>\u00a0<\/span>\u00e0 la place du polycarbonate.<\/p>\n<p>[\/et_pb_text][\/et_pb_column][\/et_pb_row][et_pb_row column_structure=&#8221;1_2,1_2&#8243; make_equal=&#8221;on&#8221; _builder_version=&#8221;4.24.1&#8243; _module_preset=&#8221;default&#8221; custom_padding=&#8221;80px||||false|false&#8221; custom_css_main_element=&#8221;align-items: center;&#8221; border_color_all=&#8221;rgba(255,255,255,0.2)&#8221; border_width_top=&#8221;1px&#8221; border_width_bottom=&#8221;1px&#8221; global_colors_info=&#8221;{}&#8221;][et_pb_column type=&#8221;1_2&#8243; _builder_version=&#8221;4.23.4&#8243; _module_preset=&#8221;default&#8221; global_colors_info=&#8221;{}&#8221;][et_pb_text _builder_version=&#8221;4.24.2&#8243; _module_preset=&#8221;default&#8221; custom_margin=&#8221;||50px||false|false&#8221; global_colors_info=&#8221;{}&#8221;]<\/p>\n<h3><strong>Le guidage des \u00e9l\u00e9ments au sol<\/strong><\/h3>\n<p>Un<span>\u00a0<\/span><strong>syst\u00e8me de galets de guidage<\/strong>, int\u00e9gr\u00e9 \u00e0 la structure, relie entre-eux les \u00e9l\u00e9ments. Ce dernier permet<span>\u00a0<\/span><strong>un coulissement simple et parfait<\/strong><span>\u00a0<\/span>de la structure t\u00e9lescopique de la v\u00e9randa.<\/p>\n<p>En aluminium anodis\u00e9, le rail de guidage au sol<span>\u00a0<\/span><strong>est fait pour durer<\/strong>. Des visseries en acier inoxydable espac\u00e9es de 50cm permettent sa fixation au sol.<\/p>\n<p>En option<strong>, les r\u00e9glettes de guidage facilitent la fixation au sol et emp\u00eachent les \u00e9l\u00e9ments de vriller<\/strong>. Particuli\u00e8rement discr\u00e8tes, elles pr\u00e9sentent une forme arrondie qui supprime le risque de blessures. Dispos\u00e9es de chaque cot\u00e9 de l\u2019abri, les guidages au sol peuvent \u00eatre adapt\u00e9s \u00e0 la configuration des lieux. Seul le premier \u00e9l\u00e9ment est guid\u00e9, ce qui \u00e9vite l\u2019installation de multiples r\u00e9glettes.<\/p>\n<p>Les roulettes sont des roues monolithiques en polyamide anti-traces mont\u00e9es sur roulements \u00e0 aiguilles en acier inoxydable. Elles offrent \u00e0 l\u2019abri<span>\u00a0<\/span><strong>un d\u00e9placement ais\u00e9 et une usure quasi-inexistante<\/strong>.<\/p>\n<p>Chaque \u00e9l\u00e9ment coulissant dispose de 8 roulettes, rendant<span>\u00a0<\/span><strong>les d\u00e9placements plus simples et fluides<\/strong>.<\/p>\n<p>[\/et_pb_text][\/et_pb_column][et_pb_column type=&#8221;1_2&#8243; admin_label=&#8221;Column&#8221; _builder_version=&#8221;4.23.4&#8243; _module_preset=&#8221;default&#8221; custom_padding=&#8221;||50px||false|false&#8221; global_colors_info=&#8221;{}&#8221;][et_pb_image src=&#8221;https:\/\/www.verandair.com\/wp-content\/uploads\/2024\/03\/roulettes-abri-de-terrasse-verandair.jpg&#8221; alt=&#8221;Ouvrier qui travaille avec une machine de pr\u00e9cision dans l&#8217;usine Verandair&#8221; title_text=&#8221;roulettes-abri-de-terrasse-verandair&#8221; _builder_version=&#8221;4.24.2&#8243; _module_preset=&#8221;default&#8221; global_colors_info=&#8221;{}&#8221;][\/et_pb_image][\/et_pb_column][\/et_pb_row][\/et_pb_section][et_pb_section fb_built=&#8221;1&#8243; _builder_version=&#8221;4.24.0&#8243; _module_preset=&#8221;default&#8221; background_color=&#8221;gcid-a78bba3e-9a00-4c62-8b29-47f3d6c30097&#8243; background_image=&#8221;https:\/\/www.verandair.com\/wp-content\/uploads\/2024\/01\/verandair-abri-terrasse-retractable-2.jpg&#8221; background_blend=&#8221;multiply&#8221; z_index=&#8221;10&#8243; custom_padding=&#8221;0px||0px||true|false&#8221; custom_css_before=&#8221;    content: %22%22;||    display: block;||    background: #fff;||    width: 100%;||    height: 80px;||    position: absolute;||    top: 0;||    left: 0;&#8221; custom_css_after=&#8221;    content: %22%22;||    display: block;||    background: #fff;||    width: 100%;||    height: 80px;||    position: absolute;||    bottom: 0;||    left: 0;&#8221; locked=&#8221;off&#8221; global_colors_info=&#8221;{%22gcid-a78bba3e-9a00-4c62-8b29-47f3d6c30097%22:%91%22background_color%22%93}&#8221;][et_pb_row make_equal=&#8221;on&#8221; custom_padding_last_edited=&#8221;on|tablet&#8221; _builder_version=&#8221;4.24.0&#8243; _module_preset=&#8221;default&#8221; background_color=&#8221;gcid-02eea4c1-992a-4bff-aee2-539b98054199&#8243; use_background_color_gradient=&#8221;on&#8221; background_color_gradient_direction=&#8221;90deg&#8221; background_color_gradient_stops=&#8221;gcid-02eea4c1-992a-4bff-aee2-539b98054199 0%|gcid-6765a8f9-be90-4ab4-9fed-0cfcb9d46015 100%&#8221; background_image=&#8221;https:\/\/www.verandair.com\/wp-content\/uploads\/2024\/01\/VERANDAIR-icon-outline-w.svg&#8221; custom_margin=&#8221;||80px||false|false&#8221; custom_padding=&#8221;50px|80px|50px|80px|true|true&#8221; custom_padding_tablet=&#8221;30px|30px|30px|30px|true|true&#8221; custom_padding_phone=&#8221;30px|30px|30px|30px|true|true&#8221; scroll_vertical_motion_enable=&#8221;on&#8221; scroll_vertical_motion=&#8221;0|40|40|100|0.5|0|0&#8243; scroll_scaling_enable=&#8221;on&#8221; scroll_scaling=&#8221;0|40|40|100|90%|100|100&#8243; custom_css_main_element=&#8221;align-items: center;&#8221; border_radii_tablet=&#8221;on|50px|50px|50px|50px&#8221; border_radii_phone=&#8221;on|50px|50px|50px|50px&#8221; border_radii_last_edited=&#8221;on|tablet&#8221; box_shadow_style=&#8221;preset3&#8243; box_shadow_vertical=&#8221;-10px&#8221; box_shadow_blur=&#8221;30px&#8221; box_shadow_color=&#8221;gcid-4f3ca7d5-152d-4540-91b1-cc24563bf794&#8243; global_colors_info=&#8221;{%22gcid-02eea4c1-992a-4bff-aee2-539b98054199%22:%91%22background_color%22,%22background_color_gradient_stops%22%93,%22gcid-6765a8f9-be90-4ab4-9fed-0cfcb9d46015%22:%91%22background_color_gradient_stops%22%93,%22gcid-4f3ca7d5-152d-4540-91b1-cc24563bf794%22:%91%22box_shadow_color%22%93}&#8221;][et_pb_column type=&#8221;4_4&#8243; _builder_version=&#8221;4.23.4&#8243; _module_preset=&#8221;default&#8221; global_colors_info=&#8221;{}&#8221;][et_pb_text _builder_version=&#8221;4.23.4&#8243; _module_preset=&#8221;default&#8221; text_orientation=&#8221;center&#8221; background_layout=&#8221;dark&#8221; global_colors_info=&#8221;{}&#8221;]<\/p>\n<h2>\u00cates-vous pr\u00eat \u00e0 <strong>transformer votre ext\u00e9rieur<\/strong> ?<\/h2>\n<p>[\/et_pb_text][et_pb_divider color=&#8221;#FFFFFF&#8221; _builder_version=&#8221;4.23.4&#8243; _module_preset=&#8221;2adabd0f-cb12-404f-9aa7-a3088280e564&#8243; module_alignment=&#8221;center&#8221; global_colors_info=&#8221;{}&#8221;][\/et_pb_divider][et_pb_button button_url=&#8221;@ET-DC@eyJkeW5hbWljIjp0cnVlLCJjb250ZW50IjoicG9zdF9saW5rX3VybF9wYWdlIiwic2V0dGluZ3MiOnsicG9zdF9pZCI6IjgwIn19@&#8221; button_text=&#8221;\u00c7a se passe ici ! &#8221; button_alignment=&#8221;center&#8221; _builder_version=&#8221;4.24.0&#8243; _dynamic_attributes=&#8221;button_url&#8221; _module_preset=&#8221;ae8d3791-01a2-4c4b-b221-c3f14f812284&#8243; global_colors_info=&#8221;{}&#8221;][\/et_pb_button][\/et_pb_column][\/et_pb_row][et_pb_row _builder_version=&#8221;4.24.0&#8243; _module_preset=&#8221;default&#8221; max_width=&#8221;900px&#8221; global_colors_info=&#8221;{}&#8221;][et_pb_column type=&#8221;4_4&#8243; _builder_version=&#8221;4.23.4&#8243; _module_preset=&#8221;default&#8221; global_colors_info=&#8221;{}&#8221;][et_pb_text _builder_version=&#8221;4.24.0&#8243; _module_preset=&#8221;92aae06f-c11a-4f4c-95ff-b8e28412f5a2&#8243; global_colors_info=&#8221;{}&#8221;]<\/p>\n<p><span>Nos r\u00e9alisations<\/span><\/p>\n<p>[\/et_pb_text][et_pb_text _builder_version=&#8221;4.23.4&#8243; _module_preset=&#8221;default&#8221; text_orientation=&#8221;center&#8221; background_layout=&#8221;dark&#8221; animation_style=&#8221;fade&#8221; global_colors_info=&#8221;{}&#8221;]<\/p>\n<h2>D\u00e9couvrez nos <strong>r\u00e9alisations de pergolas<\/strong> VERANDAIR\u00ae<\/h2>\n<p>[\/et_pb_text][et_pb_divider show_divider=&#8221;off&#8221; _builder_version=&#8221;4.23.4&#8243; _module_preset=&#8221;2adabd0f-cb12-404f-9aa7-a3088280e564&#8243; module_alignment=&#8221;center&#8221; global_colors_info=&#8221;{}&#8221;][\/et_pb_divider][et_pb_text _builder_version=&#8221;4.24.0&#8243; _module_preset=&#8221;default&#8221; text_orientation=&#8221;center&#8221; background_layout=&#8221;dark&#8221; custom_margin=&#8221;||50px||false|false&#8221; global_colors_info=&#8221;{}&#8221;]<\/p>\n<p>Pergolas fixes, pergolas bioclimatiques, pergolas r\u00e9tractables, carport\u2026 Consultez nos r\u00e9alisations, trouvez l\u2019inspiration et d\u00e9marrez votre projet avec VERANDAIR\u00ae.<\/p>\n<p>[\/et_pb_text][et_pb_button button_url=&#8221;@ET-DC@eyJkeW5hbWljIjp0cnVlLCJjb250ZW50IjoicG9zdF9saW5rX3VybF9wYWdlIiwic2V0dGluZ3MiOnsicG9zdF9pZCI6IjIzMzQifX0=@&#8221; button_text=&#8221;Voir d\u2019autres r\u00e9alisations&#8221; button_alignment=&#8221;center&#8221; _builder_version=&#8221;4.24.2&#8243; _dynamic_attributes=&#8221;button_url&#8221; _module_preset=&#8221;b50e34d2-0b8d-4c79-bf16-96cda59bf9d7&#8243; custom_margin=&#8221;||50px||false|false&#8221; global_colors_info=&#8221;{}&#8221;][\/et_pb_button][\/et_pb_column][\/et_pb_row][et_pb_row _builder_version=&#8221;4.24.0&#8243; _module_preset=&#8221;default&#8221; custom_padding=&#8221;50px||0px||false|false&#8221; global_colors_info=&#8221;{}&#8221;][et_pb_column type=&#8221;4_4&#8243; _builder_version=&#8221;4.24.0&#8243; _module_preset=&#8221;default&#8221; global_colors_info=&#8221;{}&#8221;][dsm_image_carousel gallery_ids=&#8221;1852,1846,1836,1830,1796,1806&#8243; sizes=&#8221;et-pb-post-main-image-fullwidth&#8221; lazyload=&#8221;on&#8221; slide_to_show=&#8221;3&#8243; _builder_version=&#8221;4.24.0&#8243; _module_preset=&#8221;c42bd703-4936-44b8-8303-fadeb17c36f7&#8243; global_colors_info=&#8221;{}&#8221;][\/dsm_image_carousel][\/et_pb_column][\/et_pb_row][\/et_pb_section][et_pb_section fb_built=&#8221;1&#8243; admin_label=&#8221;Atouts&#8221; _builder_version=&#8221;4.24.1&#8243; _module_preset=&#8221;default&#8221; background_image=&#8221;https:\/\/www.verandair.com\/wp-content\/uploads\/2024\/01\/fond-2.jpg&#8221; custom_padding=&#8221;||||false|false&#8221; locked=&#8221;off&#8221; global_colors_info=&#8221;{}&#8221;][et_pb_row _builder_version=&#8221;4.24.1&#8243; _module_preset=&#8221;default&#8221; custom_padding=&#8221;||0px||false|false&#8221; global_colors_info=&#8221;{}&#8221;][et_pb_column type=&#8221;4_4&#8243; _builder_version=&#8221;4.23.4&#8243; _module_preset=&#8221;default&#8221; global_colors_info=&#8221;{}&#8221;][et_pb_text _builder_version=&#8221;4.24.1&#8243; _module_preset=&#8221;92aae06f-c11a-4f4c-95ff-b8e28412f5a2&#8243; global_colors_info=&#8221;{}&#8221;]<\/p>\n<p>PERGOLA VERANDAIR\u00ae : NOS ATOUTS<\/p>\n<p>[\/et_pb_text][et_pb_text _builder_version=&#8221;4.24.1&#8243; _module_preset=&#8221;default&#8221; text_orientation=&#8221;center&#8221; animation_style=&#8221;fade&#8221; global_colors_info=&#8221;{}&#8221;]<\/p>\n<h2><span data-metadata=\"&lt;!--(figmeta)eyJmaWxlS2V5IjoiNDJrcExzUGY2N0VsN0FkMldFdElreCIsInBhc3RlSUQiOjQxMjI5MTAwNiwiZGF0YVR5cGUiOiJzY2VuZSJ9Cg==(\/figmeta)--&gt;\"><\/span><strong>Pourquoi choisir<\/strong> une pergola <strong>VERANDAIR\u00ae<\/strong><\/h2>\n<p>[\/et_pb_text][et_pb_divider show_divider=&#8221;off&#8221; _builder_version=&#8221;4.23.4&#8243; _module_preset=&#8221;2adabd0f-cb12-404f-9aa7-a3088280e564&#8243; module_alignment=&#8221;center&#8221; global_colors_info=&#8221;{}&#8221;][\/et_pb_divider][\/et_pb_column][\/et_pb_row][et_pb_row column_structure=&#8221;1_4,1_4,1_4,1_4&#8243; _builder_version=&#8221;4.24.1&#8243; _module_preset=&#8221;default&#8221; global_module=&#8221;57205&#8243; saved_tabs=&#8221;all&#8221; global_colors_info=&#8221;{}&#8221;][et_pb_column type=&#8221;1_4&#8243; _builder_version=&#8221;4.23.4&#8243; _module_preset=&#8221;default&#8221; global_colors_info=&#8221;{}&#8221;][et_pb_image src=&#8221;https:\/\/www.verandair.com\/wp-content\/uploads\/2024\/01\/VERANDAIR-prix-1.svg&#8221; title_text=&#8221;VERANDAIR-prix&#8221; align=&#8221;center&#8221; _builder_version=&#8221;4.24.1&#8243; _module_preset=&#8221;0353bf8c-d4a9-4291-934d-c656c110f926&#8243; global_colors_info=&#8221;{}&#8221;][\/et_pb_image][et_pb_text _builder_version=&#8221;4.24.1&#8243; _module_preset=&#8221;5298e62e-f7ac-4dd9-b361-006fc4da68de&#8221; text_orientation=&#8221;center&#8221; global_colors_info=&#8221;{}&#8221;]<\/p>\n<p>Un prix <strong>abordable<\/strong><\/p>\n<p>[\/et_pb_text][\/et_pb_column][et_pb_column type=&#8221;1_4&#8243; _builder_version=&#8221;4.23.4&#8243; _module_preset=&#8221;default&#8221; global_colors_info=&#8221;{}&#8221;][et_pb_image src=&#8221;https:\/\/www.verandair.com\/wp-content\/uploads\/2024\/01\/VERANDAIR-toute-annee-1.svg&#8221; title_text=&#8221;VERANDAIR-toute-annee&#8221; align=&#8221;center&#8221; _builder_version=&#8221;4.24.1&#8243; _module_preset=&#8221;0353bf8c-d4a9-4291-934d-c656c110f926&#8243; global_colors_info=&#8221;{}&#8221;][\/et_pb_image][et_pb_text _builder_version=&#8221;4.24.1&#8243; _module_preset=&#8221;5298e62e-f7ac-4dd9-b361-006fc4da68de&#8221; text_orientation=&#8221;center&#8221; global_colors_info=&#8221;{}&#8221;]<\/p>\n<p>Profitez de votre ext\u00e9rieur <strong>toute l&#8217;ann\u00e9e<\/strong><\/p>\n<p>[\/et_pb_text][\/et_pb_column][et_pb_column type=&#8221;1_4&#8243; _builder_version=&#8221;4.23.4&#8243; _module_preset=&#8221;default&#8221; global_colors_info=&#8221;{}&#8221;][et_pb_image src=&#8221;https:\/\/www.verandair.com\/wp-content\/uploads\/2024\/01\/VERANDAIR-dimensions-1.svg&#8221; title_text=&#8221;VERANDAIR-dimensions&#8221; align=&#8221;center&#8221; _builder_version=&#8221;4.24.1&#8243; _module_preset=&#8221;0353bf8c-d4a9-4291-934d-c656c110f926&#8243; global_colors_info=&#8221;{}&#8221;][\/et_pb_image][et_pb_text _builder_version=&#8221;4.24.1&#8243; _module_preset=&#8221;5298e62e-f7ac-4dd9-b361-006fc4da68de&#8221; text_orientation=&#8221;center&#8221; global_colors_info=&#8221;{}&#8221;]<\/p>\n<p>Une installation <strong>adapt\u00e9e \u00e0 vos propres dimensions<\/strong><\/p>\n<p>[\/et_pb_text][\/et_pb_column][et_pb_column type=&#8221;1_4&#8243; _builder_version=&#8221;4.23.4&#8243; _module_preset=&#8221;default&#8221; global_colors_info=&#8221;{}&#8221;][et_pb_image src=&#8221;https:\/\/www.verandair.com\/wp-content\/uploads\/2024\/01\/VERANDAIR-robustesse-1.svg&#8221; title_text=&#8221;VERANDAIR-robustesse&#8221; align=&#8221;center&#8221; _builder_version=&#8221;4.24.1&#8243; _module_preset=&#8221;0353bf8c-d4a9-4291-934d-c656c110f926&#8243; global_colors_info=&#8221;{}&#8221;][\/et_pb_image][et_pb_text _builder_version=&#8221;4.24.1&#8243; _module_preset=&#8221;5298e62e-f7ac-4dd9-b361-006fc4da68de&#8221; text_orientation=&#8221;center&#8221; global_colors_info=&#8221;{}&#8221;]<\/p>\n<p><strong>Fiabilit\u00e9<\/strong> &amp; <strong>robustesse<\/strong><\/p>\n<p>[\/et_pb_text][\/et_pb_column][\/et_pb_row][et_pb_row column_structure=&#8221;1_4,1_4,1_4,1_4&#8243; _builder_version=&#8221;4.24.1&#8243; _module_preset=&#8221;default&#8221; global_module=&#8221;57206&#8243; saved_tabs=&#8221;all&#8221; global_colors_info=&#8221;{}&#8221;][et_pb_column type=&#8221;1_4&#8243; _builder_version=&#8221;4.23.4&#8243; _module_preset=&#8221;default&#8221; global_colors_info=&#8221;{}&#8221;][et_pb_image src=&#8221;https:\/\/www.verandair.com\/wp-content\/uploads\/2024\/01\/VERANDAIR-aluminium-1.svg&#8221; title_text=&#8221;VERANDAIR-aluminium&#8221; align=&#8221;center&#8221; _builder_version=&#8221;4.24.1&#8243; _module_preset=&#8221;0353bf8c-d4a9-4291-934d-c656c110f926&#8243; global_colors_info=&#8221;{}&#8221;][\/et_pb_image][et_pb_text _builder_version=&#8221;4.24.1&#8243; _module_preset=&#8221;5298e62e-f7ac-4dd9-b361-006fc4da68de&#8221; text_orientation=&#8221;center&#8221; global_colors_info=&#8221;{}&#8221;]<\/p>\n<p>Structure en aluminium <strong>garantie 15 ans<\/strong><\/p>\n<p>[\/et_pb_text][\/et_pb_column][et_pb_column type=&#8221;1_4&#8243; _builder_version=&#8221;4.23.4&#8243; _module_preset=&#8221;default&#8221; global_colors_info=&#8221;{}&#8221;][et_pb_image src=&#8221;https:\/\/www.verandair.com\/wp-content\/uploads\/2024\/01\/VERANDAIR-materiaux-1.svg&#8221; title_text=&#8221;VERANDAIR-materiaux&#8221; align=&#8221;center&#8221; _builder_version=&#8221;4.24.1&#8243; _module_preset=&#8221;0353bf8c-d4a9-4291-934d-c656c110f926&#8243; global_colors_info=&#8221;{}&#8221;][\/et_pb_image][et_pb_text _builder_version=&#8221;4.24.1&#8243; _module_preset=&#8221;5298e62e-f7ac-4dd9-b361-006fc4da68de&#8221; text_orientation=&#8221;center&#8221; global_colors_info=&#8221;{}&#8221;]<\/p>\n<p>Utilisation de mat\u00e9riaux <strong>100% renouvelables<\/strong><\/p>\n<p>[\/et_pb_text][\/et_pb_column][et_pb_column type=&#8221;1_4&#8243; _builder_version=&#8221;4.23.4&#8243; _module_preset=&#8221;default&#8221; global_colors_info=&#8221;{}&#8221;][et_pb_image src=&#8221;https:\/\/www.verandair.com\/wp-content\/uploads\/2024\/01\/VERANDAIR-fabrication-belge-1.svg&#8221; title_text=&#8221;VERANDAIR-fabrication-belge&#8221; align=&#8221;center&#8221; _builder_version=&#8221;4.24.1&#8243; _module_preset=&#8221;0353bf8c-d4a9-4291-934d-c656c110f926&#8243; global_colors_info=&#8221;{}&#8221;][\/et_pb_image][et_pb_text _builder_version=&#8221;4.27.5&#8243; _module_preset=&#8221;5298e62e-f7ac-4dd9-b361-006fc4da68de&#8221; text_orientation=&#8221;center&#8221; global_colors_info=&#8221;{}&#8221;]<\/p>\n<p>Fabrication <strong>100% belge<\/strong> depuis <strong>+ de 35 ans<\/strong><\/p>\n<p>[\/et_pb_text][\/et_pb_column][et_pb_column type=&#8221;1_4&#8243; _builder_version=&#8221;4.23.4&#8243; _module_preset=&#8221;default&#8221; global_colors_info=&#8221;{}&#8221;][et_pb_image src=&#8221;https:\/\/www.verandair.com\/wp-content\/uploads\/2024\/01\/VERANDAIR-expert-1.svg&#8221; title_text=&#8221;VERANDAIR-expert&#8221; align=&#8221;center&#8221; _builder_version=&#8221;4.24.1&#8243; _module_preset=&#8221;0353bf8c-d4a9-4291-934d-c656c110f926&#8243; global_colors_info=&#8221;{}&#8221;][\/et_pb_image][et_pb_text _builder_version=&#8221;4.25.1&#8243; _module_preset=&#8221;5298e62e-f7ac-4dd9-b361-006fc4da68de&#8221; text_orientation=&#8221;center&#8221; global_colors_info=&#8221;{}&#8221;]<\/p>\n<p><strong>Livraison et mise en place<\/strong>\u00a0par des <strong>professionnels<\/strong><\/p>\n<p>[\/et_pb_text][\/et_pb_column][\/et_pb_row][\/et_pb_section][et_pb_section fb_built=&#8221;1&#8243; admin_label=&#8221;Labels&#8221; _builder_version=&#8221;4.24.0&#8243; _module_preset=&#8221;default&#8221; locked=&#8221;off&#8221; global_colors_info=&#8221;{}&#8221;][et_pb_row column_structure=&#8221;1_5,1_5,1_5,1_5,1_5&#8243; _builder_version=&#8221;4.24.0&#8243; _module_preset=&#8221;default&#8221; custom_padding=&#8221;||0px||false|false&#8221; global_module=&#8221;57202&#8243; saved_tabs=&#8221;all&#8221; global_colors_info=&#8221;{}&#8221;][et_pb_column type=&#8221;1_5&#8243; _builder_version=&#8221;4.24.0&#8243; _module_preset=&#8221;default&#8221; global_colors_info=&#8221;{}&#8221; custom_css_main_element_last_edited=&#8221;on|phone&#8221; custom_css_main_element_phone=&#8221;max-width: 50%;&#8221;][et_pb_image src=&#8221;https:\/\/www.verandair.com\/wp-content\/uploads\/2024\/02\/VERANDAIR-sur-mesure.svg&#8221; title_text=&#8221;VERANDAIR-sur-mesure&#8221; _builder_version=&#8221;4.24.1&#8243; _module_preset=&#8221;default&#8221; width=&#8221;120px&#8221; width_tablet=&#8221;&#8221; width_phone=&#8221;80px&#8221; width_last_edited=&#8221;on|phone&#8221; max_width=&#8221;120px&#8221; max_width_tablet=&#8221;&#8221; max_width_phone=&#8221;80px&#8221; max_width_last_edited=&#8221;on|phone&#8221; module_alignment=&#8221;center&#8221; custom_margin=&#8221;||15px||false|false&#8221; animation_style=&#8221;fade&#8221; global_colors_info=&#8221;{}&#8221;][\/et_pb_image][\/et_pb_column][et_pb_column type=&#8221;1_5&#8243; _builder_version=&#8221;4.23.4&#8243; _module_preset=&#8221;default&#8221; global_colors_info=&#8221;{}&#8221; custom_css_main_element_phone=&#8221;max-width: 50%;&#8221; custom_css_main_element_last_edited=&#8221;on|phone&#8221;][et_pb_image src=&#8221;https:\/\/www.verandair.com\/wp-content\/uploads\/2026\/01\/VERANDAIR-garantie.svg&#8221; title_text=&#8221;VERANDAIR-garantie&#8221; _builder_version=&#8221;4.27.5&#8243; _module_preset=&#8221;default&#8221; width=&#8221;120px&#8221; width_tablet=&#8221;&#8221; width_phone=&#8221;80px&#8221; width_last_edited=&#8221;on|phone&#8221; max_width=&#8221;120px&#8221; max_width_tablet=&#8221;&#8221; max_width_phone=&#8221;80px&#8221; max_width_last_edited=&#8221;on|phone&#8221; module_alignment=&#8221;center&#8221; custom_margin=&#8221;||15px||false|false&#8221; animation_style=&#8221;fade&#8221; global_colors_info=&#8221;{}&#8221;][\/et_pb_image][\/et_pb_column][et_pb_column type=&#8221;1_5&#8243; _builder_version=&#8221;4.23.4&#8243; _module_preset=&#8221;default&#8221; global_colors_info=&#8221;{}&#8221; custom_css_main_element_phone=&#8221;max-width: 50%;&#8221; custom_css_main_element_last_edited=&#8221;on|phone&#8221;][et_pb_image src=&#8221;https:\/\/www.verandair.com\/wp-content\/uploads\/2026\/02\/VERANDAIR-experience.svg&#8221; title_text=&#8221;VERANDAIR-experience&#8221; _builder_version=&#8221;4.27.5&#8243; _module_preset=&#8221;default&#8221; width=&#8221;120px&#8221; width_tablet=&#8221;&#8221; width_phone=&#8221;80px&#8221; width_last_edited=&#8221;on|phone&#8221; max_width=&#8221;120px&#8221; max_width_tablet=&#8221;&#8221; max_width_phone=&#8221;80px&#8221; max_width_last_edited=&#8221;on|phone&#8221; module_alignment=&#8221;center&#8221; custom_margin=&#8221;||15px||false|false&#8221; animation_style=&#8221;fade&#8221; global_colors_info=&#8221;{}&#8221;][\/et_pb_image][\/et_pb_column][et_pb_column type=&#8221;1_5&#8243; _builder_version=&#8221;4.23.4&#8243; _module_preset=&#8221;default&#8221; global_colors_info=&#8221;{}&#8221; custom_css_main_element_phone=&#8221;max-width: 50%;&#8221; custom_css_main_element_last_edited=&#8221;on|phone&#8221;][et_pb_image src=&#8221;https:\/\/www.verandair.com\/wp-content\/uploads\/2026\/01\/VERANDAIR-projets-realises.svg&#8221; title_text=&#8221;VERANDAIR-projets-realises&#8221; _builder_version=&#8221;4.27.5&#8243; _module_preset=&#8221;default&#8221; width=&#8221;120px&#8221; width_tablet=&#8221;&#8221; width_phone=&#8221;80px&#8221; width_last_edited=&#8221;on|phone&#8221; max_width=&#8221;120px&#8221; max_width_tablet=&#8221;&#8221; max_width_phone=&#8221;80px&#8221; max_width_last_edited=&#8221;on|phone&#8221; module_alignment=&#8221;center&#8221; custom_margin=&#8221;||15px||false|false&#8221; animation_style=&#8221;fade&#8221; global_colors_info=&#8221;{}&#8221;][\/et_pb_image][\/et_pb_column][et_pb_column type=&#8221;1_5&#8243; _builder_version=&#8221;4.23.4&#8243; _module_preset=&#8221;default&#8221; global_colors_info=&#8221;{}&#8221;][et_pb_image src=&#8221;https:\/\/www.verandair.com\/wp-content\/uploads\/2024\/02\/VERANDAIR-fabrication-belge.svg&#8221; title_text=&#8221;VERANDAIR-fabrication-belge&#8221; _builder_version=&#8221;4.24.1&#8243; _module_preset=&#8221;default&#8221; width=&#8221;120px&#8221; width_tablet=&#8221;&#8221; width_phone=&#8221;80px&#8221; width_last_edited=&#8221;on|phone&#8221; max_width=&#8221;120px&#8221; max_width_tablet=&#8221;&#8221; max_width_phone=&#8221;80px&#8221; max_width_last_edited=&#8221;on|phone&#8221; module_alignment=&#8221;center&#8221; custom_margin=&#8221;||15px||false|false&#8221; animation_style=&#8221;fade&#8221; global_colors_info=&#8221;{}&#8221;][\/et_pb_image][\/et_pb_column][\/et_pb_row][\/et_pb_section]<\/p>\n","protected":false},"excerpt":{"rendered":"<p><div class=\"et_pb_module dsm_breadcrumbs dsm_breadcrumbs_0 et_animated\">\n\t\t\t\t\n\t\t\t\t\n\t\t\t\t\n\t\t\t\t\n\t\t\t\t\n\t\t\t\t\n\t\t\t\t<div class=\"et_pb_module_inner\">\n\t\t\t\t\t<nav class=\"dsm_breadcrumbs_wrap\">\n\t\t\t\t<ul class=\"dsm_breadcrumbs\" itemscope itemtype=\"https:\/\/schema.org\/BreadcrumbList\">\t\t\t<li class=\"dsm_breadcrumbs_item dsm_home_item dsm_home_item_custom\" itemprop=\"itemListElement\" itemscope\n\t\t\titemtype=\"https:\/\/schema.org\/ListItem\">\n\t\t\t\t<a href=\"https:\/\/www.verandair.com\/fr\/\" itemprop=\"item\" target=\"\">\n\t\t\t\t\t<span class='dsm_home_text_wrapper'>\n\t\t\t\t\t\t\t\t\t\t\t\t\t<span class=\"et-pb-icon dsm_home_icon\">&#xe009;<\/span>\n\t\t\t\t\t\t\t\t\t\t\t\t\t<span class=\"dsm_home_text\" itemprop=\"name\">\n\t\t\t\t\t\t\t\t \t\t\t\t\t\t\t<\/span>\n\t\t\t\t\t<\/span>\n\t\t\t\t<\/a>\n\t\t\t\t<meta itemprop=\"position\" content=\"1\" \/>\n\t\t\t<\/li>\n\n\t\t<li class=\"dsm_breadcrumbs_separator\"> <span class=\"et-pb-icon dsm_separator_icon\">&#x35;<\/span><\/li><\/ul>\n\t\t\t<\/nav>\n\t\t\t\t<\/div>\n\t\t\t<\/div>Les mat\u00e9riaux de nos v\u00e9randasVous avez opt\u00e9 pour une v\u00e9randa ou une pergola pour am\u00e9liorer votre confort au quotidien ? Avec VERANDAIR\u00ae, vous avez fait\u00a0le choix de la qualit\u00e9 !\u00a0D\u00e9couvrez comment sont compos\u00e9s les mod\u00e8les VERANDAIR\u00ae\u00a0. Chez VERANDAIR\u00ae, la qualit\u00e9 est notre priorit\u00e9. C\u2019est pourquoi la totalit\u00e9 de nos v\u00e9randas, pergolas, \u2026 sont r\u00e9alis\u00e9s en aluminium 6061 T6.\u00a0Un mat\u00e9riau l\u00e9ger mais tr\u00e8s robuste, il est \u00e9galement utilis\u00e9 par le secteur a\u00e9ronautique. Il pr\u00e9sente, en outre,\u00a0une forte r\u00e9sistance \u00e0 la corrosion. Ainsi, avec VERANDAIR\u00ae, vous vous assurez d\u2019avoir une v\u00e9randa ou une pergola qui vous accompagnera pour de nombreuses ann\u00e9es.<div class=\"et_pb_module dsm_image_carousel dsm_image_carousel_0 dsm_image_carousel_arrow_outside dsm_image_carousel_arrow_mobile_inside \">\n\t\t\t\t\n\t\t\t\t\n\t\t\t\t\n\t\t\t\t\n\t\t\t\t\n\t\t\t\t\n\t\t\t\t<div class=\"et_pb_module_inner\">\n\t\t\t\t\t<div class=\"swiper-container dsm_image_carousel_container  dsm_image_carousel_carousel\" dir=\"ltr\"data-effect=\"default\"\n\t\t\tdata-slider-effect-shadows=\"false\"\n\t\t\tdata-slider-effect-coverflow-rotate=\"30\"\n\t\t\tdata-slider-effect-coverflow-depth=\"0\"\n\t\t\tdata-loop=\"true\"\n\t\t\tdata-slide-to-show=\"4\"\n\t\t\tdata-slide-to-show-tablet=\"3\"\n\t\t\tdata-slide-to-show-phone=\"2\"\n\t\t\tdata-slide-to-scroll=\"1\"\n\t\t\tdata-slide-to-scroll-tablet=\"1\"\n\t\t\tdata-slide-to-scroll-phone=\"1\"\n\t\t\tdata-space-between=\"15\"\n\t\t\tdata-space-between-tablet=\"15\"\n\t\t\tdata-space-between-phone=\"15\"\n\t\t\tdata-slide-row=\"1\"\n\t\t\tdata-centered-slides=\"false\"\n\t\t\tdata-speed=\"30000\"\n\t\t\tdata-autoplay=\"true\"\n\t\t\tdata-autoplay-speed=\"0\"\n\t\t\tdata-touch-move=\"true\"\n\t\t\tdata-grab=\"true\"\n\t\t\tdata-pause-on-hover=\"false\"\n\t\t\tdata-show-lightbox=\"true\"\n\t\t\tdata-lightbox-gallery=\"true\"\n\t\t\tdata-lightbox-caption=\"false\"\n\t\t\tdata-infinite-scrolling=\"false\"\n\t\t\tdata-slide-row-tablet=\"1\"\n\t\t\tdata-slide-row-phone=\"1\"\n\t\t\tdata-autoplay-viewport=90%\n\t\t\tdata-mousewheel=\"false\"\n\t\t\tdata-lazyload=\"true\"\n\t\t\tdata-type=\"carousel\"\n\t\t\tdata-slideshow-effect=\"default\"\n\t\t\tdata-slideshow-to-show=\"4\"\n\t\t\tdata-slideshow-to-show-tablet=\"4\"\n\t\t\tdata-slideshow-to-show-phone=\"\"\n\t\t\tdata-slider-orientation=\"horizontal\"\n\t\t\t\t\t\tdata-lightbox-title=\"false\"\n\n\t\t\t><div class=\"swiper-wrapper\"><div class=\"swiper-slide dsm_image_carousel_item\"><a class=\"dsm_image_carousel_lightbox\" href=\"https:\/\/www.verandair.com\/wp-content\/uploads\/2024\/01\/VERANDAIR-abri-terrasse-restaurant-1-1080x675.jpg\" data-mfp-src=\"https:\/\/www.verandair.com\/wp-content\/uploads\/2024\/01\/VERANDAIR-abri-terrasse-restaurant-1.jpg\"><img loading=\"lazy\" decoding=\"async\" src=\"https:\/\/www.verandair.com\/wp-content\/uploads\/2024\/01\/VERANDAIR-abri-terrasse-restaurant-1-1080x675.jpg\" alt=\"Restaurant en forme carr\u00e9e avec un abri de terrasse pro VERANDAIR dans la cour du restaurant\" title=\"VERANDAIR-abri-terrasse-restaurant\" width=\"1080\" height=\"675\" data-dsm-image-description=\"\" srcset=\"https:\/\/www.verandair.com\/wp-content\/uploads\/2024\/01\/VERANDAIR-abri-terrasse-restaurant-1-1080x675.jpg 1080w, https:\/\/www.verandair.com\/wp-content\/uploads\/2024\/01\/VERANDAIR-abri-terrasse-restaurant-1-980x653.jpg 980w, https:\/\/www.verandair.com\/wp-content\/uploads\/2024\/01\/VERANDAIR-abri-terrasse-restaurant-1-480x320.jpg 480w\" sizes=\"(min-width: 0px) and (max-width: 480px) 480px, (min-width: 481px) and (max-width: 980px) 980px, (min-width: 981px) 1080px, 100vw\" class=\" swiper-lazy\" \/><\/a><\/div><div class=\"swiper-slide dsm_image_carousel_item\"><a class=\"dsm_image_carousel_lightbox\" href=\"https:\/\/www.verandair.com\/wp-content\/uploads\/2024\/02\/VERANDAIR-slide-pergola-1080x675.jpg\" data-mfp-src=\"https:\/\/www.verandair.com\/wp-content\/uploads\/2024\/02\/VERANDAIR-slide-pergola.jpg\"><img loading=\"lazy\" decoding=\"async\" src=\"https:\/\/www.verandair.com\/wp-content\/uploads\/2024\/02\/VERANDAIR-slide-pergola-1080x675.jpg\" alt=\"Pergola toit fixe ouverte accol\u00e9e \u00e0 une maison \u00e0 briques jaunes\" title=\"VERANDAIR-slide-pergola\" width=\"1080\" height=\"675\" data-dsm-image-description=\"\" srcset=\"https:\/\/www.verandair.com\/wp-content\/uploads\/2024\/02\/VERANDAIR-slide-pergola-1080x675.jpg 1080w, https:\/\/www.verandair.com\/wp-content\/uploads\/2024\/02\/VERANDAIR-slide-pergola-980x980.jpg 980w, https:\/\/www.verandair.com\/wp-content\/uploads\/2024\/02\/VERANDAIR-slide-pergola-480x480.jpg 480w\" sizes=\"(min-width: 0px) and (max-width: 480px) 480px, (min-width: 481px) and (max-width: 980px) 980px, (min-width: 981px) 1080px, 100vw\" class=\" swiper-lazy\" \/><\/a><\/div><div class=\"swiper-slide dsm_image_carousel_item\"><a class=\"dsm_image_carousel_lightbox\" href=\"https:\/\/www.verandair.com\/wp-content\/uploads\/2024\/01\/VERANDAIR-abri-terrasse-6-1080x675.jpg\" data-mfp-src=\"https:\/\/www.verandair.com\/wp-content\/uploads\/2024\/01\/VERANDAIR-abri-terrasse-6.jpg\"><img loading=\"lazy\" decoding=\"async\" src=\"https:\/\/www.verandair.com\/wp-content\/uploads\/2024\/01\/VERANDAIR-abri-terrasse-6-1080x675.jpg\" alt=\"Abri de terrasse r\u00e9tractable avec vue sur le jardin, chaises et tables\" title=\"VERANDAIR-abri-terrasse-6\" width=\"1080\" height=\"675\" data-dsm-image-description=\"\" srcset=\"https:\/\/www.verandair.com\/wp-content\/uploads\/2024\/01\/VERANDAIR-abri-terrasse-6-1080x675.jpg 1080w, https:\/\/www.verandair.com\/wp-content\/uploads\/2024\/01\/VERANDAIR-abri-terrasse-6-980x653.jpg 980w, https:\/\/www.verandair.com\/wp-content\/uploads\/2024\/01\/VERANDAIR-abri-terrasse-6-480x320.jpg 480w\" sizes=\"(min-width: 0px) and (max-width: 480px) 480px, (min-width: 481px) and (max-width: 980px) 980px, (min-width: 981px) 1080px, 100vw\" class=\" swiper-lazy\" \/><\/a><\/div><div class=\"swiper-slide dsm_image_carousel_item\"><a class=\"dsm_image_carousel_lightbox\" href=\"https:\/\/www.verandair.com\/wp-content\/uploads\/2024\/02\/VERANDAIR-selection-34-micro-veranda-1080x675.jpg\" data-mfp-src=\"https:\/\/www.verandair.com\/wp-content\/uploads\/2024\/02\/VERANDAIR-selection-34-micro-veranda.jpg\"><img loading=\"lazy\" decoding=\"async\" src=\"https:\/\/www.verandair.com\/wp-content\/uploads\/2024\/02\/VERANDAIR-selection-34-micro-veranda-1080x675.jpg\" alt=\"Abri de terrasse restaurant ouvert avec des tables de restaurant dress\u00e9es\" title=\"VERANDAIR-selection-34-micro-veranda\" width=\"1080\" height=\"675\" data-dsm-image-description=\"\" srcset=\"https:\/\/www.verandair.com\/wp-content\/uploads\/2024\/02\/VERANDAIR-selection-34-micro-veranda-1080x675.jpg 1080w, https:\/\/www.verandair.com\/wp-content\/uploads\/2024\/02\/VERANDAIR-selection-34-micro-veranda-980x653.jpg 980w, https:\/\/www.verandair.com\/wp-content\/uploads\/2024\/02\/VERANDAIR-selection-34-micro-veranda-480x320.jpg 480w\" sizes=\"(min-width: 0px) and (max-width: 480px) 480px, (min-width: 481px) and (max-width: 980px) 980px, (min-width: 981px) 1080px, 100vw\" class=\" swiper-lazy\" \/><\/a><\/div><div class=\"swiper-slide dsm_image_carousel_item\"><a class=\"dsm_image_carousel_lightbox\" href=\"https:\/\/www.verandair.com\/wp-content\/uploads\/2024\/02\/VERANDAIR-selection-10-abri-terrasse-1080x675.jpg\" data-mfp-src=\"https:\/\/www.verandair.com\/wp-content\/uploads\/2024\/02\/VERANDAIR-selection-10-abri-terrasse.jpg\"><img loading=\"lazy\" decoding=\"async\" src=\"https:\/\/www.verandair.com\/wp-content\/uploads\/2024\/02\/VERANDAIR-selection-10-abri-terrasse-1080x675.jpg\" alt=\"Abri de terrasse r\u00e9tractable. Il y a une table avec une nappe, des chaises et une vue sur le jardin avec un toboggan pour enfant\" title=\"VERANDAIR-selection-10-abri-terrasse\" width=\"1080\" height=\"675\" data-dsm-image-description=\"\" srcset=\"https:\/\/www.verandair.com\/wp-content\/uploads\/2024\/02\/VERANDAIR-selection-10-abri-terrasse-1080x675.jpg 1080w, https:\/\/www.verandair.com\/wp-content\/uploads\/2024\/02\/VERANDAIR-selection-10-abri-terrasse-980x653.jpg 980w, https:\/\/www.verandair.com\/wp-content\/uploads\/2024\/02\/VERANDAIR-selection-10-abri-terrasse-480x320.jpg 480w\" sizes=\"(min-width: 0px) and (max-width: 480px) 480px, (min-width: 481px) and (max-width: 980px) 980px, (min-width: 981px) 1080px, 100vw\" class=\" swiper-lazy\" \/><\/a><\/div><div class=\"swiper-slide dsm_image_carousel_item\"><a class=\"dsm_image_carousel_lightbox\" href=\"https:\/\/www.verandair.com\/wp-content\/uploads\/2024\/02\/VERANDAIR-selection-25-restaurant-1080x675.jpg\" data-mfp-src=\"https:\/\/www.verandair.com\/wp-content\/uploads\/2024\/02\/VERANDAIR-selection-25-restaurant.jpg\"><img loading=\"lazy\" decoding=\"async\" src=\"https:\/\/www.verandair.com\/wp-content\/uploads\/2024\/02\/VERANDAIR-selection-25-restaurant-1080x675.jpg\" alt=\"Abri de terrasse restaurant r\u00e9tractable qui est ouvert avec tables dress\u00e9es et chaises color\u00e9es\" title=\"VERANDAIR-selection-25-restaurant\" width=\"1080\" height=\"675\" data-dsm-image-description=\"\" srcset=\"https:\/\/www.verandair.com\/wp-content\/uploads\/2024\/02\/VERANDAIR-selection-25-restaurant-1080x675.jpg 1080w, https:\/\/www.verandair.com\/wp-content\/uploads\/2024\/02\/VERANDAIR-selection-25-restaurant-980x653.jpg 980w, https:\/\/www.verandair.com\/wp-content\/uploads\/2024\/02\/VERANDAIR-selection-25-restaurant-480x320.jpg 480w\" sizes=\"(min-width: 0px) and (max-width: 480px) 480px, (min-width: 481px) and (max-width: 980px) 980px, (min-width: 981px) 1080px, 100vw\" class=\" swiper-lazy\" \/><\/a><\/div><div class=\"swiper-slide dsm_image_carousel_item\"><a class=\"dsm_image_carousel_lightbox\" href=\"https:\/\/www.verandair.com\/wp-content\/uploads\/2024\/02\/VERANDAIR-selection-49-pergola-ouverte-1080x675.jpg\" data-mfp-src=\"https:\/\/www.verandair.com\/wp-content\/uploads\/2024\/02\/VERANDAIR-selection-49-pergola-ouverte.jpg\"><img loading=\"lazy\" decoding=\"async\" src=\"https:\/\/www.verandair.com\/wp-content\/uploads\/2024\/02\/VERANDAIR-selection-49-pergola-ouverte-1080x675.jpg\" alt=\"Pergola ouverte avec jardin fleuri\" title=\"VERANDAIR-selection-49-pergola-ouverte\" width=\"1080\" height=\"675\" data-dsm-image-description=\"\" srcset=\"https:\/\/www.verandair.com\/wp-content\/uploads\/2024\/02\/VERANDAIR-selection-49-pergola-ouverte-1080x675.jpg 1080w, https:\/\/www.verandair.com\/wp-content\/uploads\/2024\/02\/VERANDAIR-selection-49-pergola-ouverte-980x653.jpg 980w, https:\/\/www.verandair.com\/wp-content\/uploads\/2024\/02\/VERANDAIR-selection-49-pergola-ouverte-480x320.jpg 480w\" sizes=\"(min-width: 0px) and (max-width: 480px) 480px, (min-width: 481px) and (max-width: 980px) 980px, (min-width: 981px) 1080px, 100vw\" class=\" swiper-lazy\" \/><\/a><\/div><\/div><\/div>\n\t\t\t\t<\/div>\n\t\t\t<\/div><div class=\"et_pb_module dsm_image_carousel dsm_image_carousel_1 dsm_image_carousel_arrow_outside dsm_image_carousel_arrow_mobile_inside \">\n\t\t\t\t\n\t\t\t\t\n\t\t\t\t\n\t\t\t\t\n\t\t\t\t\n\t\t\t\t\n\t\t\t\t<div class=\"et_pb_module_inner\">\n\t\t\t\t\t<div class=\"swiper-container dsm_image_carousel_container  dsm_image_carousel_carousel\" dir=\"rtl\"data-effect=\"default\"\n\t\t\tdata-slider-effect-shadows=\"false\"\n\t\t\tdata-slider-effect-coverflow-rotate=\"30\"\n\t\t\tdata-slider-effect-coverflow-depth=\"0\"\n\t\t\tdata-loop=\"true\"\n\t\t\tdata-slide-to-show=\"4\"\n\t\t\tdata-slide-to-show-tablet=\"3\"\n\t\t\tdata-slide-to-show-phone=\"2\"\n\t\t\tdata-slide-to-scroll=\"1\"\n\t\t\tdata-slide-to-scroll-tablet=\"1\"\n\t\t\tdata-slide-to-scroll-phone=\"1\"\n\t\t\tdata-space-between=\"15\"\n\t\t\tdata-space-between-tablet=\"15\"\n\t\t\tdata-space-between-phone=\"15\"\n\t\t\tdata-slide-row=\"1\"\n\t\t\tdata-centered-slides=\"false\"\n\t\t\tdata-speed=\"30000\"\n\t\t\tdata-autoplay=\"true\"\n\t\t\tdata-autoplay-speed=\"0\"\n\t\t\tdata-touch-move=\"true\"\n\t\t\tdata-grab=\"true\"\n\t\t\tdata-pause-on-hover=\"false\"\n\t\t\tdata-show-lightbox=\"true\"\n\t\t\tdata-lightbox-gallery=\"true\"\n\t\t\tdata-lightbox-caption=\"false\"\n\t\t\tdata-infinite-scrolling=\"false\"\n\t\t\tdata-slide-row-tablet=\"1\"\n\t\t\tdata-slide-row-phone=\"1\"\n\t\t\tdata-autoplay-viewport=90%\n\t\t\tdata-mousewheel=\"false\"\n\t\t\tdata-lazyload=\"true\"\n\t\t\tdata-type=\"carousel\"\n\t\t\tdata-slideshow-effect=\"default\"\n\t\t\tdata-slideshow-to-show=\"4\"\n\t\t\tdata-slideshow-to-show-tablet=\"4\"\n\t\t\tdata-slideshow-to-show-phone=\"\"\n\t\t\tdata-slider-orientation=\"horizontal\"\n\t\t\t\t\t\tdata-lightbox-title=\"false\"\n\n\t\t\t><div class=\"swiper-wrapper\"><div class=\"swiper-slide dsm_image_carousel_item\"><a class=\"dsm_image_carousel_lightbox\" href=\"https:\/\/www.verandair.com\/wp-content\/uploads\/2024\/02\/VERANDAIR-selection-58-pergola-ouverte-1080x675.jpg\" data-mfp-src=\"https:\/\/www.verandair.com\/wp-content\/uploads\/2024\/02\/VERANDAIR-selection-58-pergola-ouverte.jpg\"><img loading=\"lazy\" decoding=\"async\" src=\"https:\/\/www.verandair.com\/wp-content\/uploads\/2024\/02\/VERANDAIR-selection-58-pergola-ouverte-1080x675.jpg\" alt=\"Abri pour spa ouvert et pergola vitr\u00e9 sur une terrasse avec des carrelages gris et un jacuzzi\" title=\"VERANDAIR-selection-58-pergola-ouverte\" width=\"1080\" height=\"675\" data-dsm-image-description=\"\" srcset=\"https:\/\/www.verandair.com\/wp-content\/uploads\/2024\/02\/VERANDAIR-selection-58-pergola-ouverte-1080x675.jpg 1080w, https:\/\/www.verandair.com\/wp-content\/uploads\/2024\/02\/VERANDAIR-selection-58-pergola-ouverte-980x653.jpg 980w, https:\/\/www.verandair.com\/wp-content\/uploads\/2024\/02\/VERANDAIR-selection-58-pergola-ouverte-480x320.jpg 480w\" sizes=\"(min-width: 0px) and (max-width: 480px) 480px, (min-width: 481px) and (max-width: 980px) 980px, (min-width: 981px) 1080px, 100vw\" class=\" swiper-lazy\" \/><\/a><\/div><div class=\"swiper-slide dsm_image_carousel_item\"><a class=\"dsm_image_carousel_lightbox\" href=\"https:\/\/www.verandair.com\/wp-content\/uploads\/2024\/02\/VERANDAIR-selection-42-pergola-fermee-1080x675.jpg\" data-mfp-src=\"https:\/\/www.verandair.com\/wp-content\/uploads\/2024\/02\/VERANDAIR-selection-42-pergola-fermee.jpg\"><img loading=\"lazy\" decoding=\"async\" src=\"https:\/\/www.verandair.com\/wp-content\/uploads\/2024\/02\/VERANDAIR-selection-42-pergola-fermee-1080x675.jpg\" alt=\"Pergola vitr\u00e9e derri\u00e8re une vigne\" title=\"VERANDAIR-selection-42-pergola-fermee\" width=\"1080\" height=\"675\" data-dsm-image-description=\"\" srcset=\"https:\/\/www.verandair.com\/wp-content\/uploads\/2024\/02\/VERANDAIR-selection-42-pergola-fermee-1080x675.jpg 1080w, https:\/\/www.verandair.com\/wp-content\/uploads\/2024\/02\/VERANDAIR-selection-42-pergola-fermee-980x653.jpg 980w, https:\/\/www.verandair.com\/wp-content\/uploads\/2024\/02\/VERANDAIR-selection-42-pergola-fermee-480x320.jpg 480w\" sizes=\"(min-width: 0px) and (max-width: 480px) 480px, (min-width: 481px) and (max-width: 980px) 980px, (min-width: 981px) 1080px, 100vw\" class=\" swiper-lazy\" \/><\/a><\/div><div class=\"swiper-slide dsm_image_carousel_item\"><a class=\"dsm_image_carousel_lightbox\" href=\"https:\/\/www.verandair.com\/wp-content\/uploads\/2024\/02\/VERANDAIR-selection-35-pergola-fermee-1080x675.jpg\" data-mfp-src=\"https:\/\/www.verandair.com\/wp-content\/uploads\/2024\/02\/VERANDAIR-selection-35-pergola-fermee.jpg\"><img loading=\"lazy\" decoding=\"async\" src=\"https:\/\/www.verandair.com\/wp-content\/uploads\/2024\/02\/VERANDAIR-selection-35-pergola-fermee-1080x675.jpg\" alt=\"Pergola vitr\u00e9e le soir, \u00e9clair\u00e9e, avec fauteuil, table et chaises\" title=\"VERANDAIR-selection-35-pergola-fermee\" width=\"1080\" height=\"675\" data-dsm-image-description=\"\" srcset=\"https:\/\/www.verandair.com\/wp-content\/uploads\/2024\/02\/VERANDAIR-selection-35-pergola-fermee-1080x675.jpg 1080w, https:\/\/www.verandair.com\/wp-content\/uploads\/2024\/02\/VERANDAIR-selection-35-pergola-fermee-980x653.jpg 980w, https:\/\/www.verandair.com\/wp-content\/uploads\/2024\/02\/VERANDAIR-selection-35-pergola-fermee-480x320.jpg 480w\" sizes=\"(min-width: 0px) and (max-width: 480px) 480px, (min-width: 481px) and (max-width: 980px) 980px, (min-width: 981px) 1080px, 100vw\" class=\" swiper-lazy\" \/><\/a><\/div><div class=\"swiper-slide dsm_image_carousel_item\"><a class=\"dsm_image_carousel_lightbox\" href=\"https:\/\/www.verandair.com\/wp-content\/uploads\/2024\/02\/VERANDAIR-selection-18-restaurant-1080x675.jpg\" data-mfp-src=\"https:\/\/www.verandair.com\/wp-content\/uploads\/2024\/02\/VERANDAIR-selection-18-restaurant.jpg\"><img loading=\"lazy\" decoding=\"async\" src=\"https:\/\/www.verandair.com\/wp-content\/uploads\/2024\/02\/VERANDAIR-selection-18-restaurant-1080x675.jpg\" alt=\"Baie vitr\u00e9e pleine de charme qui ferme les c\u00f4t\u00e9s de la v\u00e9randa professionnelle adoss\u00e9e au Ch\u00e2teau de Bayard\" title=\"VERANDAIR-selection-18-restaurant\" width=\"1080\" height=\"675\" data-dsm-image-description=\"\" srcset=\"https:\/\/www.verandair.com\/wp-content\/uploads\/2024\/02\/VERANDAIR-selection-18-restaurant-1080x675.jpg 1080w, https:\/\/www.verandair.com\/wp-content\/uploads\/2024\/02\/VERANDAIR-selection-18-restaurant-980x653.jpg 980w, https:\/\/www.verandair.com\/wp-content\/uploads\/2024\/02\/VERANDAIR-selection-18-restaurant-480x320.jpg 480w\" sizes=\"(min-width: 0px) and (max-width: 480px) 480px, (min-width: 481px) and (max-width: 980px) 980px, (min-width: 981px) 1080px, 100vw\" class=\" swiper-lazy\" \/><\/a><\/div><div class=\"swiper-slide dsm_image_carousel_item\"><a class=\"dsm_image_carousel_lightbox\" href=\"https:\/\/www.verandair.com\/wp-content\/uploads\/2024\/02\/VERANDAIR-selection-15-restaurant-1080x675.jpg\" data-mfp-src=\"https:\/\/www.verandair.com\/wp-content\/uploads\/2024\/02\/VERANDAIR-selection-15-restaurant.jpg\"><img loading=\"lazy\" decoding=\"async\" src=\"https:\/\/www.verandair.com\/wp-content\/uploads\/2024\/02\/VERANDAIR-selection-15-restaurant-1080x675.jpg\" alt=\"Abri de terrasse horeca ferm\u00e9 le soir\" title=\"VERANDAIR-selection-15-restaurant\" width=\"1080\" height=\"675\" data-dsm-image-description=\"\" srcset=\"https:\/\/www.verandair.com\/wp-content\/uploads\/2024\/02\/VERANDAIR-selection-15-restaurant-1080x675.jpg 1080w, https:\/\/www.verandair.com\/wp-content\/uploads\/2024\/02\/VERANDAIR-selection-15-restaurant-980x653.jpg 980w, https:\/\/www.verandair.com\/wp-content\/uploads\/2024\/02\/VERANDAIR-selection-15-restaurant-480x320.jpg 480w\" sizes=\"(min-width: 0px) and (max-width: 480px) 480px, (min-width: 481px) and (max-width: 980px) 980px, (min-width: 981px) 1080px, 100vw\" class=\" swiper-lazy\" \/><\/a><\/div><div class=\"swiper-slide dsm_image_carousel_item\"><a class=\"dsm_image_carousel_lightbox\" href=\"https:\/\/www.verandair.com\/wp-content\/uploads\/2024\/02\/VERANDAIR-selection-40-pergola-fermee-1080x675.jpg\" data-mfp-src=\"https:\/\/www.verandair.com\/wp-content\/uploads\/2024\/02\/VERANDAIR-selection-40-pergola-fermee.jpg\"><img loading=\"lazy\" decoding=\"async\" src=\"https:\/\/www.verandair.com\/wp-content\/uploads\/2024\/02\/VERANDAIR-selection-40-pergola-fermee-1080x675.jpg\" alt=\"Pergola vitr\u00e9e avec vue sur des bonza\u00ef\" title=\"VERANDAIR-selection-40-pergola-fermee\" width=\"1080\" height=\"675\" data-dsm-image-description=\"\" srcset=\"https:\/\/www.verandair.com\/wp-content\/uploads\/2024\/02\/VERANDAIR-selection-40-pergola-fermee-1080x675.jpg 1080w, https:\/\/www.verandair.com\/wp-content\/uploads\/2024\/02\/VERANDAIR-selection-40-pergola-fermee-980x653.jpg 980w, https:\/\/www.verandair.com\/wp-content\/uploads\/2024\/02\/VERANDAIR-selection-40-pergola-fermee-480x320.jpg 480w\" sizes=\"(min-width: 0px) and (max-width: 480px) 480px, (min-width: 481px) and (max-width: 980px) 980px, (min-width: 981px) 1080px, 100vw\" class=\" swiper-lazy\" \/><\/a><\/div><div class=\"swiper-slide dsm_image_carousel_item\"><a class=\"dsm_image_carousel_lightbox\" href=\"https:\/\/www.verandair.com\/wp-content\/uploads\/2024\/02\/VERANDAIR-selection-26-restaurant-1080x675.jpg\" data-mfp-src=\"https:\/\/www.verandair.com\/wp-content\/uploads\/2024\/02\/VERANDAIR-selection-26-restaurant.jpg\"><img loading=\"lazy\" decoding=\"async\" src=\"https:\/\/www.verandair.com\/wp-content\/uploads\/2024\/02\/VERANDAIR-selection-26-restaurant-1080x675.jpg\" alt=\"Abri de terrasse horeca r\u00e9tractable qui est ouvert avec vue sur la terrasse de Village Garden\" title=\"VERANDAIR-selection-26-restaurant\" width=\"1080\" height=\"675\" data-dsm-image-description=\"\" srcset=\"https:\/\/www.verandair.com\/wp-content\/uploads\/2024\/02\/VERANDAIR-selection-26-restaurant-1080x675.jpg 1080w, https:\/\/www.verandair.com\/wp-content\/uploads\/2024\/02\/VERANDAIR-selection-26-restaurant-980x653.jpg 980w, https:\/\/www.verandair.com\/wp-content\/uploads\/2024\/02\/VERANDAIR-selection-26-restaurant-480x320.jpg 480w\" sizes=\"(min-width: 0px) and (max-width: 480px) 480px, (min-width: 481px) and (max-width: 980px) 980px, (min-width: 981px) 1080px, 100vw\" class=\" swiper-lazy\" \/><\/a><\/div><div class=\"swiper-slide dsm_image_carousel_item\"><a class=\"dsm_image_carousel_lightbox\" href=\"https:\/\/www.verandair.com\/wp-content\/uploads\/2024\/02\/VERANDAIR-pergola-prestige-03-1080x675.jpg\" data-mfp-src=\"https:\/\/www.verandair.com\/wp-content\/uploads\/2024\/02\/VERANDAIR-pergola-prestige-03.jpg\"><img loading=\"lazy\" decoding=\"async\" src=\"https:\/\/www.verandair.com\/wp-content\/uploads\/2024\/02\/VERANDAIR-pergola-prestige-03-1080x675.jpg\" alt=\"Pergola prestige dans un showroom Verandair\" title=\"VERANDAIR-pergola-prestige-03\" width=\"1080\" height=\"675\" data-dsm-image-description=\"\" srcset=\"https:\/\/www.verandair.com\/wp-content\/uploads\/2024\/02\/VERANDAIR-pergola-prestige-03-1080x675.jpg 1080w, https:\/\/www.verandair.com\/wp-content\/uploads\/2024\/02\/VERANDAIR-pergola-prestige-03-980x653.jpg 980w, https:\/\/www.verandair.com\/wp-content\/uploads\/2024\/02\/VERANDAIR-pergola-prestige-03-480x320.jpg 480w\" sizes=\"(min-width: 0px) and (max-width: 480px) 480px, (min-width: 481px) and (max-width: 980px) 980px, (min-width: 981px) 1080px, 100vw\" class=\" swiper-lazy\" \/><\/a><\/div><div class=\"swiper-slide dsm_image_carousel_item\"><a class=\"dsm_image_carousel_lightbox\" href=\"https:\/\/www.verandair.com\/wp-content\/uploads\/2024\/02\/VERANDAIR-pergola-prestige-02-1080x675.jpg\" data-mfp-src=\"https:\/\/www.verandair.com\/wp-content\/uploads\/2024\/02\/VERANDAIR-pergola-prestige-02.jpg\"><img loading=\"lazy\" decoding=\"async\" src=\"https:\/\/www.verandair.com\/wp-content\/uploads\/2024\/02\/VERANDAIR-pergola-prestige-02-1080x675.jpg\" alt=\"Pergola prestige dans un showroom Verandair vue de l&#039;int\u00e9rieur dans un fauteuil beige et avec une vue sur d&#039;autre pergola\" title=\"VERANDAIR-pergola-prestige-02\" width=\"1080\" height=\"675\" data-dsm-image-description=\"\" srcset=\"https:\/\/www.verandair.com\/wp-content\/uploads\/2024\/02\/VERANDAIR-pergola-prestige-02-1080x675.jpg 1080w, https:\/\/www.verandair.com\/wp-content\/uploads\/2024\/02\/VERANDAIR-pergola-prestige-02-980x653.jpg 980w, https:\/\/www.verandair.com\/wp-content\/uploads\/2024\/02\/VERANDAIR-pergola-prestige-02-480x320.jpg 480w\" sizes=\"(min-width: 0px) and (max-width: 480px) 480px, (min-width: 481px) and (max-width: 980px) 980px, (min-width: 981px) 1080px, 100vw\" class=\" swiper-lazy\" \/><\/a><\/div><div class=\"swiper-slide dsm_image_carousel_item\"><a class=\"dsm_image_carousel_lightbox\" href=\"https:\/\/www.verandair.com\/wp-content\/uploads\/2024\/02\/VERANDAIR-selection-55-pergola-ouverte-1080x675.jpg\" data-mfp-src=\"https:\/\/www.verandair.com\/wp-content\/uploads\/2024\/02\/VERANDAIR-selection-55-pergola-ouverte.jpg\"><img loading=\"lazy\" decoding=\"async\" src=\"https:\/\/www.verandair.com\/wp-content\/uploads\/2024\/02\/VERANDAIR-selection-55-pergola-ouverte-1080x675.jpg\" alt=\"Pergola toit fixe ouverte avec vue sur un jardin fleuri\" title=\"VERANDAIR-selection-55-pergola-ouverte\" width=\"1080\" height=\"675\" data-dsm-image-description=\"\" srcset=\"https:\/\/www.verandair.com\/wp-content\/uploads\/2024\/02\/VERANDAIR-selection-55-pergola-ouverte-1080x675.jpg 1080w, https:\/\/www.verandair.com\/wp-content\/uploads\/2024\/02\/VERANDAIR-selection-55-pergola-ouverte-980x653.jpg 980w, https:\/\/www.verandair.com\/wp-content\/uploads\/2024\/02\/VERANDAIR-selection-55-pergola-ouverte-480x320.jpg 480w\" sizes=\"(min-width: 0px) and (max-width: 480px) 480px, (min-width: 481px) and (max-width: 980px) 980px, (min-width: 981px) 1080px, 100vw\" class=\" swiper-lazy\" \/><\/a><\/div><div class=\"swiper-slide dsm_image_carousel_item\"><a class=\"dsm_image_carousel_lightbox\" href=\"https:\/\/www.verandair.com\/wp-content\/uploads\/2024\/02\/VERANDAIR-selection-45-pergola-ouverte-1080x675.jpg\" data-mfp-src=\"https:\/\/www.verandair.com\/wp-content\/uploads\/2024\/02\/VERANDAIR-selection-45-pergola-ouverte.jpg\"><img loading=\"lazy\" decoding=\"async\" src=\"https:\/\/www.verandair.com\/wp-content\/uploads\/2024\/02\/VERANDAIR-selection-45-pergola-ouverte-1080x675.jpg\" alt=\"Pergola toit fixe ouverte sur une terrasse avec une table, des chaises\" title=\"VERANDAIR-selection-45-pergola-ouverte\" width=\"1080\" height=\"675\" data-dsm-image-description=\"\" srcset=\"https:\/\/www.verandair.com\/wp-content\/uploads\/2024\/02\/VERANDAIR-selection-45-pergola-ouverte-1080x675.jpg 1080w, https:\/\/www.verandair.com\/wp-content\/uploads\/2024\/02\/VERANDAIR-selection-45-pergola-ouverte-980x653.jpg 980w, https:\/\/www.verandair.com\/wp-content\/uploads\/2024\/02\/VERANDAIR-selection-45-pergola-ouverte-480x320.jpg 480w\" sizes=\"(min-width: 0px) and (max-width: 480px) 480px, (min-width: 481px) and (max-width: 980px) 980px, (min-width: 981px) 1080px, 100vw\" class=\" swiper-lazy\" \/><\/a><\/div><\/div><\/div>\n\t\t\t\t<\/div>\n\t\t\t<\/div>La structure des v\u00e9randas et pergolas L\u2019ossature de nos\u00a0abris de terrasse\u00a0et\u00a0pergolas\u00a0VERANDAIR\u00ae\u00a0est compos\u00e9e de\u00a0profil\u00e9s ultrar\u00e9sistants en aluminium. Les\u00a0profil\u00e9s VERANDAIR\u00ae\u00a0sont la propri\u00e9t\u00e9 de l\u2019entreprise et ne sont pas standardis\u00e9s. Ils sont extrud\u00e9s de fa\u00e7on fili\u00e8re. Toutes les pi\u00e8ces sont\u00a0trait\u00e9es contre la corrosion, \u00e0 l\u2019int\u00e9rieur [&hellip;]<\/p>\n","protected":false},"author":1,"featured_media":0,"parent":0,"menu_order":0,"comment_status":"closed","ping_status":"closed","template":"","meta":{"_acf_changed":false,"_et_pb_use_builder":"on","_et_pb_old_content":"","_et_gb_content_width":"","inline_featured_image":false,"footnotes":""},"class_list":["post-60137","page","type-page","status-publish","hentry"],"acf":[],"yoast_head":"<!-- This site is optimized with the Yoast SEO plugin v27.5 - https:\/\/yoast.com\/product\/yoast-seo-wordpress\/ -->\n<title>Composants Veranda | VERANDAIR\u00ae<\/title>\n<meta name=\"description\" content=\"D\u00e9couvrez les composants de vos pergolas et v\u00e9randas Verandair : profil\u00e9s aluminium, vitrages, toitures et syst\u00e8mes d&#039;ouverture de qualit\u00e9.\" \/>\n<meta name=\"robots\" content=\"index, follow, max-snippet:-1, max-image-preview:large, max-video-preview:-1\" \/>\n<link rel=\"canonical\" href=\"https:\/\/www.verandair.com\/fr\/composants-veranda-pergola\/\" \/>\n<meta property=\"og:locale\" content=\"fr_FR\" \/>\n<meta property=\"og:type\" content=\"article\" \/>\n<meta property=\"og:title\" content=\"Composants Veranda | VERANDAIR\u00ae\" \/>\n<meta property=\"og:description\" content=\"D\u00e9couvrez les composants de vos pergolas et v\u00e9randas Verandair : profil\u00e9s aluminium, vitrages, toitures et syst\u00e8mes d&#039;ouverture de qualit\u00e9.\" \/>\n<meta property=\"og:url\" content=\"https:\/\/www.verandair.com\/fr\/composants-veranda-pergola\/\" \/>\n<meta property=\"og:site_name\" content=\"VERANDAIR\u00ae\" \/>\n<meta property=\"article:modified_time\" content=\"2026-02-27T10:59:56+00:00\" \/>\n<meta name=\"twitter:card\" content=\"summary_large_image\" \/>\n<meta name=\"twitter:label1\" content=\"Dur\u00e9e de lecture estim\u00e9e\" \/>\n\t<meta name=\"twitter:data1\" content=\"16 minutes\" \/>\n<script type=\"application\/ld+json\" class=\"yoast-schema-graph\">{\"@context\":\"https:\\\/\\\/schema.org\",\"@graph\":[{\"@type\":\"WebPage\",\"@id\":\"https:\\\/\\\/www.verandair.com\\\/fr\\\/composants-veranda-pergola\\\/\",\"url\":\"https:\\\/\\\/www.verandair.com\\\/fr\\\/composants-veranda-pergola\\\/\",\"name\":\"Composants Veranda | VERANDAIR\u00ae\",\"isPartOf\":{\"@id\":\"https:\\\/\\\/www.verandair.com\\\/fr\\\/#website\"},\"datePublished\":\"2024-03-18T14:16:25+00:00\",\"dateModified\":\"2026-02-27T10:59:56+00:00\",\"description\":\"D\u00e9couvrez les composants de vos pergolas et v\u00e9randas Verandair : profil\u00e9s aluminium, vitrages, toitures et syst\u00e8mes d'ouverture de qualit\u00e9.\",\"breadcrumb\":{\"@id\":\"https:\\\/\\\/www.verandair.com\\\/fr\\\/composants-veranda-pergola\\\/#breadcrumb\"},\"inLanguage\":\"fr-FR\",\"potentialAction\":[{\"@type\":\"ReadAction\",\"target\":[\"https:\\\/\\\/www.verandair.com\\\/fr\\\/composants-veranda-pergola\\\/\"]}]},{\"@type\":\"BreadcrumbList\",\"@id\":\"https:\\\/\\\/www.verandair.com\\\/fr\\\/composants-veranda-pergola\\\/#breadcrumb\",\"itemListElement\":[{\"@type\":\"ListItem\",\"position\":1,\"name\":\"Accueil\",\"item\":{\"@type\":\"WebPage\",\"@id\":\"https:\\\/\\\/www.verandair.com\\\/fr\\\/\",\"name\":\"Accueil\"}},{\"@type\":\"ListItem\",\"position\":2,\"name\":\"Composants Veranda\"}]},{\"@type\":\"WebSite\",\"@id\":\"https:\\\/\\\/www.verandair.com\\\/fr\\\/#website\",\"url\":\"https:\\\/\\\/www.verandair.com\\\/fr\\\/\",\"name\":\"VERANDAIR\u00ae\",\"description\":\"\",\"publisher\":{\"@id\":\"https:\\\/\\\/www.verandair.com\\\/fr\\\/#organization\"},\"potentialAction\":[{\"@type\":\"SearchAction\",\"target\":{\"@type\":\"EntryPoint\",\"urlTemplate\":\"https:\\\/\\\/www.verandair.com\\\/fr\\\/?s={search_term_string}\"},\"query-input\":{\"@type\":\"PropertyValueSpecification\",\"valueRequired\":true,\"valueName\":\"search_term_string\"}}],\"inLanguage\":\"fr-FR\"},{\"@type\":\"Organization\",\"@id\":\"https:\\\/\\\/www.verandair.com\\\/fr\\\/#organization\",\"name\":\"Verandair\",\"url\":\"https:\\\/\\\/www.verandair.com\\\/fr\\\/\",\"logo\":{\"@type\":\"ImageObject\",\"inLanguage\":\"fr-FR\",\"@id\":\"https:\\\/\\\/www.verandair.com\\\/fr\\\/#\\\/schema\\\/logo\\\/image\\\/\",\"url\":\"https:\\\/\\\/www.verandair.com\\\/wp-content\\\/uploads\\\/2024\\\/06\\\/VERANDAIR-logo.png\",\"contentUrl\":\"https:\\\/\\\/www.verandair.com\\\/wp-content\\\/uploads\\\/2024\\\/06\\\/VERANDAIR-logo.png\",\"width\":283,\"height\":127,\"caption\":\"Verandair\"},\"image\":{\"@id\":\"https:\\\/\\\/www.verandair.com\\\/fr\\\/#\\\/schema\\\/logo\\\/image\\\/\"}}]}<\/script>\n<!-- \/ Yoast SEO plugin. -->","yoast_head_json":{"title":"Composants Veranda | VERANDAIR\u00ae","description":"D\u00e9couvrez les composants de vos pergolas et v\u00e9randas Verandair : profil\u00e9s aluminium, vitrages, toitures et syst\u00e8mes d'ouverture de qualit\u00e9.","robots":{"index":"index","follow":"follow","max-snippet":"max-snippet:-1","max-image-preview":"max-image-preview:large","max-video-preview":"max-video-preview:-1"},"canonical":"https:\/\/www.verandair.com\/fr\/composants-veranda-pergola\/","og_locale":"fr_FR","og_type":"article","og_title":"Composants Veranda | VERANDAIR\u00ae","og_description":"D\u00e9couvrez les composants de vos pergolas et v\u00e9randas Verandair : profil\u00e9s aluminium, vitrages, toitures et syst\u00e8mes d'ouverture de qualit\u00e9.","og_url":"https:\/\/www.verandair.com\/fr\/composants-veranda-pergola\/","og_site_name":"VERANDAIR\u00ae","article_modified_time":"2026-02-27T10:59:56+00:00","twitter_card":"summary_large_image","twitter_misc":{"Dur\u00e9e de lecture estim\u00e9e":"16 minutes"},"schema":{"@context":"https:\/\/schema.org","@graph":[{"@type":"WebPage","@id":"https:\/\/www.verandair.com\/fr\/composants-veranda-pergola\/","url":"https:\/\/www.verandair.com\/fr\/composants-veranda-pergola\/","name":"Composants Veranda | VERANDAIR\u00ae","isPartOf":{"@id":"https:\/\/www.verandair.com\/fr\/#website"},"datePublished":"2024-03-18T14:16:25+00:00","dateModified":"2026-02-27T10:59:56+00:00","description":"D\u00e9couvrez les composants de vos pergolas et v\u00e9randas Verandair : profil\u00e9s aluminium, vitrages, toitures et syst\u00e8mes d'ouverture de qualit\u00e9.","breadcrumb":{"@id":"https:\/\/www.verandair.com\/fr\/composants-veranda-pergola\/#breadcrumb"},"inLanguage":"fr-FR","potentialAction":[{"@type":"ReadAction","target":["https:\/\/www.verandair.com\/fr\/composants-veranda-pergola\/"]}]},{"@type":"BreadcrumbList","@id":"https:\/\/www.verandair.com\/fr\/composants-veranda-pergola\/#breadcrumb","itemListElement":[{"@type":"ListItem","position":1,"name":"Accueil","item":{"@type":"WebPage","@id":"https:\/\/www.verandair.com\/fr\/","name":"Accueil"}},{"@type":"ListItem","position":2,"name":"Composants Veranda"}]},{"@type":"WebSite","@id":"https:\/\/www.verandair.com\/fr\/#website","url":"https:\/\/www.verandair.com\/fr\/","name":"VERANDAIR\u00ae","description":"","publisher":{"@id":"https:\/\/www.verandair.com\/fr\/#organization"},"potentialAction":[{"@type":"SearchAction","target":{"@type":"EntryPoint","urlTemplate":"https:\/\/www.verandair.com\/fr\/?s={search_term_string}"},"query-input":{"@type":"PropertyValueSpecification","valueRequired":true,"valueName":"search_term_string"}}],"inLanguage":"fr-FR"},{"@type":"Organization","@id":"https:\/\/www.verandair.com\/fr\/#organization","name":"Verandair","url":"https:\/\/www.verandair.com\/fr\/","logo":{"@type":"ImageObject","inLanguage":"fr-FR","@id":"https:\/\/www.verandair.com\/fr\/#\/schema\/logo\/image\/","url":"https:\/\/www.verandair.com\/wp-content\/uploads\/2024\/06\/VERANDAIR-logo.png","contentUrl":"https:\/\/www.verandair.com\/wp-content\/uploads\/2024\/06\/VERANDAIR-logo.png","width":283,"height":127,"caption":"Verandair"},"image":{"@id":"https:\/\/www.verandair.com\/fr\/#\/schema\/logo\/image\/"}}]}},"_links":{"self":[{"href":"https:\/\/www.verandair.com\/fr\/wp-json\/wp\/v2\/pages\/60137","targetHints":{"allow":["GET"]}}],"collection":[{"href":"https:\/\/www.verandair.com\/fr\/wp-json\/wp\/v2\/pages"}],"about":[{"href":"https:\/\/www.verandair.com\/fr\/wp-json\/wp\/v2\/types\/page"}],"author":[{"embeddable":true,"href":"https:\/\/www.verandair.com\/fr\/wp-json\/wp\/v2\/users\/1"}],"replies":[{"embeddable":true,"href":"https:\/\/www.verandair.com\/fr\/wp-json\/wp\/v2\/comments?post=60137"}],"version-history":[{"count":11,"href":"https:\/\/www.verandair.com\/fr\/wp-json\/wp\/v2\/pages\/60137\/revisions"}],"predecessor-version":[{"id":74440,"href":"https:\/\/www.verandair.com\/fr\/wp-json\/wp\/v2\/pages\/60137\/revisions\/74440"}],"wp:attachment":[{"href":"https:\/\/www.verandair.com\/fr\/wp-json\/wp\/v2\/media?parent=60137"}],"curies":[{"name":"wp","href":"https:\/\/api.w.org\/{rel}","templated":true}]}}