{"id":624,"date":"2024-01-03T10:36:20","date_gmt":"2024-01-03T09:36:20","guid":{"rendered":"https:\/\/verandair-pro.poush-dev.be\/?page_id=624"},"modified":"2024-03-22T11:29:10","modified_gmt":"2024-03-22T10:29:10","slug":"jobs","status":"publish","type":"page","link":"https:\/\/www.verandair.com\/fr\/jobs\/","title":{"rendered":"Jobs"},"content":{"rendered":"<p>[et_pb_section fb_built=&#8221;1&#8243; _builder_version=&#8221;4.23.4&#8243; _module_preset=&#8221;e664d06a-c530-4fbe-abbd-fb161116285a&#8221; custom_padding=&#8221;50px||80px||false|false&#8221; global_colors_info=&#8221;{}&#8221;][et_pb_row _builder_version=&#8221;4.23.4&#8243; _module_preset=&#8221;default&#8221; global_colors_info=&#8221;{}&#8221;][et_pb_column type=&#8221;4_4&#8243; _builder_version=&#8221;4.23.4&#8243; _module_preset=&#8221;default&#8221; global_colors_info=&#8221;{}&#8221;][dsm_breadcrumbs home_text=&#8221; &#8221; home_icon=&#8221;&#xe009;||divi||400&#8243; _builder_version=&#8221;4.24.0&#8243; _module_preset=&#8221;default&#8221; global_colors_info=&#8221;{}&#8221;][\/dsm_breadcrumbs][et_pb_text _builder_version=&#8221;4.23.4&#8243; _module_preset=&#8221;default&#8221; text_orientation=&#8221;center&#8221; custom_margin=&#8221;||30px||false|false&#8221; global_colors_info=&#8221;{}&#8221;]<\/p>\n<h1>Nos <b style=\"font-weight: 400;\">offres d&#8217;emploi<\/b><\/h1>\n<p>[\/et_pb_text][et_pb_divider show_divider=&#8221;off&#8221; _builder_version=&#8221;4.23.4&#8243; _module_preset=&#8221;2adabd0f-cb12-404f-9aa7-a3088280e564&#8243; module_alignment=&#8221;center&#8221; global_colors_info=&#8221;{}&#8221;][\/et_pb_divider][et_pb_text _builder_version=&#8221;4.23.4&#8243; _module_preset=&#8221;default&#8221; text_orientation=&#8221;center&#8221; custom_margin=&#8221;||50px||false|false&#8221; global_colors_info=&#8221;{}&#8221;]<\/p>\n<p>Aucune offre d&#8217;emploi ne vous correspond ?<br \/>Envoyez-nous votre <a href=\"#candidature-spontanee\">candidature spontan\u00e9e<\/a>.<\/p>\n<p>[\/et_pb_text][dsm_card_carousel lazyload=&#8221;on&#8221; centered_slides=&#8221;on&#8221; autoplay=&#8221;off&#8221; space_between=&#8221;30&#8243; equal_height=&#8221;on&#8221; arrow_position=&#8221;inside&#8221; arrow_prev=&#8221;on&#8221; arrow_prev_font_icon=&#8221;&#x23;||divi||400&#8243; arrow_next=&#8221;on&#8221; arrow_next_font_icon=&#8221;&#x24;||divi||400&#8243; arrow_size=&#8221;20px&#8221; arrow_color=&#8221;gcid-a78bba3e-9a00-4c62-8b29-47f3d6c30097&#8243; arrow_background_color=&#8221;#FFFFFF&#8221; dots=&#8221;off&#8221; slide_to_show_tablet=&#8221;&#8221; slide_to_show_phone=&#8221;1&#8243; slide_to_show_last_edited=&#8221;on|tablet&#8221; disabled_on=&#8221;on|on|on&#8221; _builder_version=&#8221;4.24.2&#8243; _module_preset=&#8221;default&#8221; custom_padding=&#8221;||25px||false|false&#8221; custom_css_free_form=&#8221;selector .dsm_card_carousel_child_description {||  margin-top: 30px;||  margin-bottom: 30px;||}||||selector .dsm_card_carousel_arrow {||  top: initial;||  bottom: 0;||  box-shadow: 10px 10px 30px -6px rgba(0,0,0,0.5);||  width: 50px!important;||  height: 50px!important;||  line-height: 50px;||  left: 0;||  right: 0;||  margin: auto;||}||||selector .swiper-button-prev {||  transform: translateX(-27px);||}||||selector .swiper-button-next {||  z-index: 100;||  transform: translateX(27px);||}&#8221; box_shadow_style_arrow=&#8221;preset3&#8243; box_shadow_blur_arrow=&#8221;30px&#8221; disabled=&#8221;on&#8221; global_colors_info=&#8221;{%22gcid-a78bba3e-9a00-4c62-8b29-47f3d6c30097%22:%91%22arrow_color%22%93}&#8221;][dsm_card_carousel_child title=&#8221;Responsable commercial&#8221; image_as_background=&#8221;off&#8221; content_padding=&#8221;30px|30px|60px|30px|false|true&#8221; button_text=&#8221;Voir l&#8217;annonce&#8221; button_url_new_window=&#8221;on&#8221; _builder_version=&#8221;4.24.2&#8243; _module_preset=&#8221;default&#8221; header_level=&#8221;h3&#8243; header_text_color=&#8221;gcid-02eea4c1-992a-4bff-aee2-539b98054199&#8243; body_font=&#8221;|300|||||||&#8221; body_font_size=&#8221;17px&#8221; background_color=&#8221;gcid-7df8ee83-ae0d-4f60-a763-b085a292aac7&#8243; background_enable_color=&#8221;on&#8221; global_colors_info=&#8221;{%22gcid-7df8ee83-ae0d-4f60-a763-b085a292aac7%22:%91%22background_color%22%93,%22gcid-02eea4c1-992a-4bff-aee2-539b98054199%22:%91%22header_text_color%22%93}&#8221; parent_button=&#8221;off&#8221; parent_header_level=&#8221;h4&#8243;]<\/p>\n<p>Vous avez une <strong>bonne communication<\/strong> ? Vous savez <strong>diriger une \u00e9quipe<\/strong> ? Vous avez de l&#8217;<strong>exp\u00e9rience<\/strong> ou <strong>des connaissances en am\u00e9nagement ext\u00e9rieur<\/strong> ?<br \/>Rejoignez Verandair en tant que <strong>Responsable Commercial<\/strong> et devenez le moteur de la croissance de notre entreprise ! Votre mission sera de <strong>promouvoir notre gamme de produits<\/strong> tels que nos pergolas, abris de piscine, v\u00e9randas et accessoires ext\u00e9rieurs.<\/p>\n<p>[\/dsm_card_carousel_child][\/dsm_card_carousel][\/et_pb_column][\/et_pb_row][\/et_pb_section][et_pb_section fb_built=&#8221;1&#8243; _builder_version=&#8221;4.23.4&#8243; _module_preset=&#8221;default&#8221; background_color=&#8221;gcid-a78bba3e-9a00-4c62-8b29-47f3d6c30097&#8243; background_image=&#8221;https:\/\/www.verandair.com\/wp-content\/uploads\/2024\/01\/verandair-abri-terrasse-retractable-2.jpg&#8221; background_blend=&#8221;multiply&#8221; z_index=&#8221;10&#8243; global_colors_info=&#8221;{%22gcid-a78bba3e-9a00-4c62-8b29-47f3d6c30097%22:%91%22background_color%22%93}&#8221;][et_pb_row column_structure=&#8221;1_2,1_2&#8243; make_equal=&#8221;on&#8221; _builder_version=&#8221;4.23.4&#8243; _module_preset=&#8221;default&#8221; custom_padding=&#8221;0px||||false|false&#8221; custom_css_main_element=&#8221;align-items: center;&#8221; global_colors_info=&#8221;{}&#8221;][et_pb_column type=&#8221;1_2&#8243; _builder_version=&#8221;4.23.4&#8243; _module_preset=&#8221;default&#8221; custom_padding=&#8221;80px||||false|false&#8221; global_colors_info=&#8221;{}&#8221;][et_pb_text _builder_version=&#8221;4.24.2&#8243; _module_preset=&#8221;5298e62e-f7ac-4dd9-b361-006fc4da68de&#8221; text_font_size=&#8221;20px&#8221; text_line_height=&#8221;1.9em&#8221; background_layout=&#8221;dark&#8221; max_width=&#8221;800px&#8221; module_alignment=&#8221;center&#8221; custom_margin=&#8221;||35px||false|false&#8221; animation_style=&#8221;fade&#8221; global_colors_info=&#8221;{}&#8221;]<\/p>\n<h2>Rejoignez l&#8217;\u00c9quipe <span>Verandair !<\/span><span data-metadata=\"&lt;!--(figmeta)eyJmaWxlS2V5IjoiNDJrcExzUGY2N0VsN0FkMldFdElreCIsInBhc3RlSUQiOjI1NDM4MDY0MSwiZGF0YVR5cGUiOiJzY2VuZSJ9Cg==(\/figmeta)--&gt;\"><\/span><\/h2>\n<p>[\/et_pb_text][et_pb_divider show_divider=&#8221;off&#8221; _builder_version=&#8221;4.23.4&#8243; _module_preset=&#8221;2adabd0f-cb12-404f-9aa7-a3088280e564&#8243; global_colors_info=&#8221;{}&#8221;][\/et_pb_divider][et_pb_text _builder_version=&#8221;4.24.2&#8243; _module_preset=&#8221;5298e62e-f7ac-4dd9-b361-006fc4da68de&#8221; text_line_height=&#8221;1.9em&#8221; background_layout=&#8221;dark&#8221; max_width=&#8221;800px&#8221; module_alignment=&#8221;center&#8221; custom_margin=&#8221;||50px||false|false&#8221; animation_style=&#8221;fade&#8221; global_colors_info=&#8221;{}&#8221;]<\/p>\n<p>Verandair, <strong>leader belge<\/strong> dans la conception de <strong>pergolas<\/strong>, <strong>v\u00e9randas<\/strong> et <strong>abris de piscine<\/strong>, attribue son succ\u00e8s \u00e0 la passion et \u00e0 l&#8217;expertise de son \u00e9quipe. Vous avez un int\u00e9r\u00eat pour les solutions ext\u00e9rieures haut de gamme et visez l&#8217;excellence ? Nous avons besoin de collaborateurs comme vous !<\/p>\n<p>&nbsp;<\/p>\n<h3>Pourquoi Verandair ?<\/h3>\n<ul>\n<li><strong>Exp\u00e9rience dans le domaine<\/strong> : travaillez au sein d&#8217;une entreprise en croissance continue <strong>depuis 1990<\/strong>.<\/li>\n<li><strong>Environnement stimulant<\/strong> : \u00e9voluez dans un <strong>milieu dynamique<\/strong> o\u00f9 l&#8217;originalit\u00e9 et la personnalisation de chaque projet stimule votre travail quotidien.<\/li>\n<li><strong>D\u00e9veloppement personnel<\/strong> : profitez d&#8217;une <strong>culture d&#8217;entreprise ax\u00e9e sur l&#8217;apprentissage continu<\/strong>, l&#8217;am\u00e9lioration des comp\u00e9tences et l&#8217;\u00e9volution professionnelle au coeur de l&#8217;industrie belge de l&#8217;am\u00e9nagement ext\u00e9rieur.<\/li>\n<\/ul>\n<p>&nbsp;<\/p>\n<p>[\/et_pb_text][et_pb_button button_url=&#8221;@ET-DC@eyJkeW5hbWljIjp0cnVlLCJjb250ZW50IjoicG9zdF9saW5rX3VybF9wYWdlIiwic2V0dGluZ3MiOnsicG9zdF9pZCI6IjU5MCJ9fQ==@&#8221; button_text=&#8221;Tout savoir sur VERANDAIR\u00ae&#8221; _builder_version=&#8221;4.23.4&#8243; _dynamic_attributes=&#8221;button_url&#8221; _module_preset=&#8221;8ac6895b-8a7d-4b15-8635-28e44651343f&#8221; global_colors_info=&#8221;{%22gcid-cdfc5e12-aa04-4e46-8d7a-a46e0d249000%22:%91%22button_text_color%22%93}&#8221;][\/et_pb_button][\/et_pb_column][et_pb_column type=&#8221;1_2&#8243; _builder_version=&#8221;4.23.4&#8243; _module_preset=&#8221;default&#8221; custom_padding=&#8221;||50px||false|false&#8221; global_colors_info=&#8221;{}&#8221;][et_pb_image src=&#8221;https:\/\/www.verandair.com\/wp-content\/uploads\/2024\/02\/usine-verandair-veranda-1.jpg&#8221; title_text=&#8221;usine-verandair-veranda-1&#8243; _builder_version=&#8221;4.24.2&#8243; _module_preset=&#8221;b56c1d61-e3cb-420b-8a4f-0c33bcdf9398&#8243; global_colors_info=&#8221;{}&#8221;][\/et_pb_image][\/et_pb_column][\/et_pb_row][et_pb_row column_structure=&#8221;1_5,1_5,1_5,1_5,1_5&#8243; _builder_version=&#8221;4.24.0&#8243; _module_preset=&#8221;default&#8221; custom_padding=&#8221;||0px||false|false&#8221; global_module=&#8221;1235&#8243; saved_tabs=&#8221;all&#8221; global_colors_info=&#8221;{}&#8221;][et_pb_column type=&#8221;1_5&#8243; _builder_version=&#8221;4.24.0&#8243; _module_preset=&#8221;default&#8221; global_colors_info=&#8221;{}&#8221; custom_css_main_element_last_edited=&#8221;on|phone&#8221; custom_css_main_element_phone=&#8221;max-width: 50%;&#8221;][et_pb_image src=&#8221;https:\/\/www.verandair.com\/wp-content\/uploads\/2024\/01\/VERANDAIR-sur-mesure-w.svg&#8221; title_text=&#8221;VERANDAIR-sur-mesure-w&#8221; _builder_version=&#8221;4.24.0&#8243; _module_preset=&#8221;default&#8221; width=&#8221;120px&#8221; width_tablet=&#8221;&#8221; width_phone=&#8221;80px&#8221; width_last_edited=&#8221;on|phone&#8221; max_width=&#8221;120px&#8221; max_width_tablet=&#8221;&#8221; max_width_phone=&#8221;80px&#8221; max_width_last_edited=&#8221;on|phone&#8221; module_alignment=&#8221;center&#8221; custom_margin=&#8221;||15px||false|false&#8221; animation_style=&#8221;fade&#8221; global_colors_info=&#8221;{}&#8221;][\/et_pb_image][\/et_pb_column][et_pb_column type=&#8221;1_5&#8243; _builder_version=&#8221;4.23.4&#8243; _module_preset=&#8221;default&#8221; global_colors_info=&#8221;{}&#8221; custom_css_main_element_phone=&#8221;max-width: 50%;&#8221; custom_css_main_element_last_edited=&#8221;on|phone&#8221;][et_pb_image src=&#8221;https:\/\/www.verandair.com\/wp-content\/uploads\/2024\/01\/VERANDAIR-garantie-w.svg&#8221; title_text=&#8221;VERANDAIR-garantie-w&#8221; _builder_version=&#8221;4.24.0&#8243; _module_preset=&#8221;default&#8221; width=&#8221;120px&#8221; width_tablet=&#8221;&#8221; width_phone=&#8221;80px&#8221; width_last_edited=&#8221;on|phone&#8221; max_width=&#8221;120px&#8221; max_width_tablet=&#8221;&#8221; max_width_phone=&#8221;80px&#8221; max_width_last_edited=&#8221;on|phone&#8221; module_alignment=&#8221;center&#8221; custom_margin=&#8221;||15px||false|false&#8221; animation_style=&#8221;fade&#8221; global_colors_info=&#8221;{}&#8221;][\/et_pb_image][\/et_pb_column][et_pb_column type=&#8221;1_5&#8243; _builder_version=&#8221;4.23.4&#8243; _module_preset=&#8221;default&#8221; global_colors_info=&#8221;{}&#8221; custom_css_main_element_phone=&#8221;max-width: 50%;&#8221; custom_css_main_element_last_edited=&#8221;on|phone&#8221;][et_pb_image src=&#8221;https:\/\/www.verandair.com\/wp-content\/uploads\/2024\/01\/VERANDAIR-experience-w.svg&#8221; title_text=&#8221;VERANDAIR-experience-w&#8221; _builder_version=&#8221;4.24.0&#8243; _module_preset=&#8221;default&#8221; width=&#8221;120px&#8221; width_tablet=&#8221;&#8221; width_phone=&#8221;80px&#8221; width_last_edited=&#8221;on|phone&#8221; max_width=&#8221;120px&#8221; max_width_tablet=&#8221;&#8221; max_width_phone=&#8221;80px&#8221; max_width_last_edited=&#8221;on|phone&#8221; module_alignment=&#8221;center&#8221; custom_margin=&#8221;||15px||false|false&#8221; animation_style=&#8221;fade&#8221; global_colors_info=&#8221;{}&#8221;][\/et_pb_image][\/et_pb_column][et_pb_column type=&#8221;1_5&#8243; _builder_version=&#8221;4.23.4&#8243; _module_preset=&#8221;default&#8221; global_colors_info=&#8221;{}&#8221; custom_css_main_element_phone=&#8221;max-width: 50%;&#8221; custom_css_main_element_last_edited=&#8221;on|phone&#8221;][et_pb_image src=&#8221;https:\/\/www.verandair.com\/wp-content\/uploads\/2024\/01\/VERANDAIR-projets-realises-w.svg&#8221; title_text=&#8221;VERANDAIR-projets-realises-w&#8221; _builder_version=&#8221;4.24.0&#8243; _module_preset=&#8221;default&#8221; width=&#8221;120px&#8221; width_tablet=&#8221;&#8221; width_phone=&#8221;80px&#8221; width_last_edited=&#8221;on|phone&#8221; max_width=&#8221;120px&#8221; max_width_tablet=&#8221;&#8221; max_width_phone=&#8221;80px&#8221; max_width_last_edited=&#8221;on|phone&#8221; module_alignment=&#8221;center&#8221; custom_margin=&#8221;||15px||false|false&#8221; animation_style=&#8221;fade&#8221; global_colors_info=&#8221;{}&#8221;][\/et_pb_image][\/et_pb_column][et_pb_column type=&#8221;1_5&#8243; _builder_version=&#8221;4.23.4&#8243; _module_preset=&#8221;default&#8221; global_colors_info=&#8221;{}&#8221;][et_pb_image src=&#8221;https:\/\/www.verandair.com\/wp-content\/uploads\/2024\/01\/VERANDAIR-fabrication-belge-w.svg&#8221; title_text=&#8221;VERANDAIR-fabrication-belge-w&#8221; _builder_version=&#8221;4.24.0&#8243; _module_preset=&#8221;default&#8221; width=&#8221;120px&#8221; width_tablet=&#8221;&#8221; width_phone=&#8221;80px&#8221; width_last_edited=&#8221;on|phone&#8221; max_width=&#8221;120px&#8221; max_width_tablet=&#8221;&#8221; max_width_phone=&#8221;80px&#8221; max_width_last_edited=&#8221;on|phone&#8221; module_alignment=&#8221;center&#8221; custom_margin=&#8221;||15px||false|false&#8221; animation_style=&#8221;fade&#8221; global_colors_info=&#8221;{}&#8221;][\/et_pb_image][\/et_pb_column][\/et_pb_row][\/et_pb_section][et_pb_section fb_built=&#8221;1&#8243; module_id=&#8221;candidature-spontanee&#8221; _builder_version=&#8221;4.23.4&#8243; _module_preset=&#8221;a37cb46d-a9cb-4f77-bbbd-8966bde7aff0&#8243; custom_padding=&#8221;80px||80px||true|false&#8221; global_colors_info=&#8221;{}&#8221;][et_pb_row _builder_version=&#8221;4.23.4&#8243; _module_preset=&#8221;default&#8221; global_colors_info=&#8221;{}&#8221;][et_pb_column type=&#8221;4_4&#8243; _builder_version=&#8221;4.23.4&#8243; _module_preset=&#8221;default&#8221; global_colors_info=&#8221;{}&#8221;][et_pb_text _builder_version=&#8221;4.23.4&#8243; _module_preset=&#8221;default&#8221; text_orientation=&#8221;center&#8221; custom_margin=&#8221;||35px||false|false&#8221; global_colors_info=&#8221;{%22gcid-4f3ca7d5-152d-4540-91b1-cc24563bf794%22:%91%22text_text_shadow_color%22%93}&#8221;]<\/p>\n<h2>Candidature <strong>spontan\u00e9e<\/strong><br \/><span data-metadata=\"&lt;!--(figmeta)eyJmaWxlS2V5IjoiNDJrcExzUGY2N0VsN0FkMldFdElreCIsInBhc3RlSUQiOjI4MTE1MTAxNSwiZGF0YVR5cGUiOiJzY2VuZSJ9Cg==(\/figmeta)--&gt;\"><\/span><\/h2>\n<p>[\/et_pb_text][et_pb_divider show_divider=&#8221;off&#8221; _builder_version=&#8221;4.23.4&#8243; _module_preset=&#8221;2adabd0f-cb12-404f-9aa7-a3088280e564&#8243; module_alignment=&#8221;center&#8221; global_colors_info=&#8221;{}&#8221;][\/et_pb_divider][\/et_pb_column][\/et_pb_row][et_pb_row column_structure=&#8221;2_5,3_5&#8243; use_custom_gutter=&#8221;on&#8221; gutter_width=&#8221;3&#8243; _builder_version=&#8221;4.23.4&#8243; _module_preset=&#8221;default&#8221; global_colors_info=&#8221;{}&#8221;][et_pb_column type=&#8221;2_5&#8243; _builder_version=&#8221;4.23.4&#8243; _module_preset=&#8221;default&#8221; global_colors_info=&#8221;{}&#8221;][et_pb_text _builder_version=&#8221;4.23.4&#8243; _module_preset=&#8221;default&#8221; custom_margin=&#8221;||50px||false|false&#8221; global_colors_info=&#8221;{%22gcid-4f3ca7d5-152d-4540-91b1-cc24563bf794%22:%91%22text_text_shadow_color%22%93}&#8221;]<\/p>\n<h3>Vous souhaitez rejoindre l\u2019\u00e9quipe Verandair ?<\/h3>\n<p>Envoyez-nous votre candidature via le formulaire en ligne.<\/p>\n<p>&nbsp;<\/p>\n<h3>Formulaire pour l\u2019envoi de votre candidature<\/h3>\n<p>En quelques clics, nous vous invitons \u00e0 nous transmettre votre candidature. Nous reviendrons vers vous si celle-ci r\u00e9pond aux comp\u00e9tences requises. Dans le cas inverse, votre candidature sera enregistr\u00e9e dans notre r\u00e9serve de recrutement.<\/p>\n<p>[\/et_pb_text][\/et_pb_column][et_pb_column type=&#8221;3_5&#8243; _builder_version=&#8221;4.23.4&#8243; _module_preset=&#8221;default&#8221; global_colors_info=&#8221;{}&#8221;][dsm_contact_form_7 cf7_library=&#8221;60407&#8243; _builder_version=&#8221;4.24.2&#8243; _module_preset=&#8221;default&#8221; custom_button_one=&#8221;on&#8221; button_one_text_color=&#8221;#FFFFFF&#8221; button_one_bg_color=&#8221;#058D9C&#8221; button_one_custom_margin=&#8221;20px||||false|false&#8221; global_colors_info=&#8221;{}&#8221;][\/dsm_contact_form_7][\/et_pb_column][\/et_pb_row][\/et_pb_section]<\/p>\n","protected":false},"excerpt":{"rendered":"<p><div class=\"et_pb_module dsm_breadcrumbs dsm_breadcrumbs_0 et_animated\">\n\t\t\t\t\n\t\t\t\t\n\t\t\t\t\n\t\t\t\t\n\t\t\t\t\n\t\t\t\t\n\t\t\t\t<div class=\"et_pb_module_inner\">\n\t\t\t\t\t<nav class=\"dsm_breadcrumbs_wrap\">\n\t\t\t\t<ul class=\"dsm_breadcrumbs\" itemscope itemtype=\"https:\/\/schema.org\/BreadcrumbList\">\t\t\t<li class=\"dsm_breadcrumbs_item dsm_home_item dsm_home_item_custom\" itemprop=\"itemListElement\" itemscope\n\t\t\titemtype=\"https:\/\/schema.org\/ListItem\">\n\t\t\t\t<a href=\"https:\/\/www.verandair.com\/fr\/\" itemprop=\"item\" target=\"\">\n\t\t\t\t\t<span class='dsm_home_text_wrapper'>\n\t\t\t\t\t\t\t\t\t\t\t\t\t<span class=\"et-pb-icon dsm_home_icon\">&#xe009;<\/span>\n\t\t\t\t\t\t\t\t\t\t\t\t\t<span class=\"dsm_home_text\" itemprop=\"name\">\n\t\t\t\t\t\t\t\t \t\t\t\t\t\t\t<\/span>\n\t\t\t\t\t<\/span>\n\t\t\t\t<\/a>\n\t\t\t\t<meta itemprop=\"position\" content=\"1\" \/>\n\t\t\t<\/li>\n\n\t\t<li class=\"dsm_breadcrumbs_separator\"> <span class=\"et-pb-icon dsm_separator_icon\">&#x35;<\/span><\/li><\/ul>\n\t\t\t<\/nav>\n\t\t\t\t<\/div>\n\t\t\t<\/div>Nos offres d&#8217;emploiAucune offre d&#8217;emploi ne vous correspond ?Envoyez-nous votre candidature spontan\u00e9e.Rejoignez l&#8217;\u00c9quipe Verandair !Verandair, leader belge dans la conception de pergolas, v\u00e9randas et abris de piscine, attribue son succ\u00e8s \u00e0 la passion et \u00e0 l&#8217;expertise de son \u00e9quipe. Vous avez un int\u00e9r\u00eat pour les solutions ext\u00e9rieures haut de gamme et [&hellip;]<\/p>\n","protected":false},"author":1,"featured_media":0,"parent":0,"menu_order":90,"comment_status":"closed","ping_status":"closed","template":"","meta":{"_acf_changed":false,"_et_pb_use_builder":"on","_et_pb_old_content":"","_et_gb_content_width":"","inline_featured_image":false,"footnotes":""},"class_list":["post-624","page","type-page","status-publish","hentry"],"acf":[],"yoast_head":"<!-- This site is optimized with the Yoast SEO plugin v27.5 - https:\/\/yoast.com\/product\/yoast-seo-wordpress\/ -->\n<title>Jobs | VERANDAIR\u00ae<\/title>\n<meta name=\"description\" content=\"Rejoignez l&#039;\u00e9quipe Verandair ! D\u00e9couvrez nos offres d&#039;emploi et construisez votre carri\u00e8re dans le secteur des solutions d&#039;ext\u00e9rieur premium.\" \/>\n<meta name=\"robots\" content=\"index, follow, max-snippet:-1, max-image-preview:large, max-video-preview:-1\" \/>\n<link rel=\"canonical\" href=\"https:\/\/www.verandair.com\/fr\/jobs\/\" \/>\n<meta property=\"og:locale\" content=\"fr_FR\" \/>\n<meta property=\"og:type\" content=\"article\" \/>\n<meta property=\"og:title\" content=\"Jobs | VERANDAIR\u00ae\" \/>\n<meta property=\"og:description\" content=\"Rejoignez l&#039;\u00e9quipe Verandair ! D\u00e9couvrez nos offres d&#039;emploi et construisez votre carri\u00e8re dans le secteur des solutions d&#039;ext\u00e9rieur premium.\" \/>\n<meta property=\"og:url\" content=\"https:\/\/www.verandair.com\/fr\/jobs\/\" \/>\n<meta property=\"og:site_name\" content=\"VERANDAIR\u00ae\" \/>\n<meta property=\"article:modified_time\" content=\"2024-03-22T10:29:10+00:00\" \/>\n<meta name=\"twitter:card\" content=\"summary_large_image\" \/>\n<script type=\"application\/ld+json\" class=\"yoast-schema-graph\">{\"@context\":\"https:\\\/\\\/schema.org\",\"@graph\":[{\"@type\":\"WebPage\",\"@id\":\"https:\\\/\\\/www.verandair.com\\\/fr\\\/jobs\\\/\",\"url\":\"https:\\\/\\\/www.verandair.com\\\/fr\\\/jobs\\\/\",\"name\":\"Jobs | VERANDAIR\u00ae\",\"isPartOf\":{\"@id\":\"https:\\\/\\\/www.verandair.com\\\/fr\\\/#website\"},\"datePublished\":\"2024-01-03T09:36:20+00:00\",\"dateModified\":\"2024-03-22T10:29:10+00:00\",\"description\":\"Rejoignez l'\u00e9quipe Verandair ! D\u00e9couvrez nos offres d'emploi et construisez votre carri\u00e8re dans le secteur des solutions d'ext\u00e9rieur premium.\",\"breadcrumb\":{\"@id\":\"https:\\\/\\\/www.verandair.com\\\/fr\\\/jobs\\\/#breadcrumb\"},\"inLanguage\":\"fr-FR\",\"potentialAction\":[{\"@type\":\"ReadAction\",\"target\":[\"https:\\\/\\\/www.verandair.com\\\/fr\\\/jobs\\\/\"]}]},{\"@type\":\"BreadcrumbList\",\"@id\":\"https:\\\/\\\/www.verandair.com\\\/fr\\\/jobs\\\/#breadcrumb\",\"itemListElement\":[{\"@type\":\"ListItem\",\"position\":1,\"name\":\"Accueil\",\"item\":{\"@type\":\"WebPage\",\"@id\":\"https:\\\/\\\/www.verandair.com\\\/fr\\\/\",\"name\":\"Accueil\"}},{\"@type\":\"ListItem\",\"position\":2,\"name\":\"Jobs\"}]},{\"@type\":\"WebSite\",\"@id\":\"https:\\\/\\\/www.verandair.com\\\/fr\\\/#website\",\"url\":\"https:\\\/\\\/www.verandair.com\\\/fr\\\/\",\"name\":\"VERANDAIR\u00ae\",\"description\":\"\",\"publisher\":{\"@id\":\"https:\\\/\\\/www.verandair.com\\\/fr\\\/#organization\"},\"potentialAction\":[{\"@type\":\"SearchAction\",\"target\":{\"@type\":\"EntryPoint\",\"urlTemplate\":\"https:\\\/\\\/www.verandair.com\\\/fr\\\/?s={search_term_string}\"},\"query-input\":{\"@type\":\"PropertyValueSpecification\",\"valueRequired\":true,\"valueName\":\"search_term_string\"}}],\"inLanguage\":\"fr-FR\"},{\"@type\":\"Organization\",\"@id\":\"https:\\\/\\\/www.verandair.com\\\/fr\\\/#organization\",\"name\":\"Verandair\",\"url\":\"https:\\\/\\\/www.verandair.com\\\/fr\\\/\",\"logo\":{\"@type\":\"ImageObject\",\"inLanguage\":\"fr-FR\",\"@id\":\"https:\\\/\\\/www.verandair.com\\\/fr\\\/#\\\/schema\\\/logo\\\/image\\\/\",\"url\":\"https:\\\/\\\/www.verandair.com\\\/wp-content\\\/uploads\\\/2024\\\/06\\\/VERANDAIR-logo.png\",\"contentUrl\":\"https:\\\/\\\/www.verandair.com\\\/wp-content\\\/uploads\\\/2024\\\/06\\\/VERANDAIR-logo.png\",\"width\":283,\"height\":127,\"caption\":\"Verandair\"},\"image\":{\"@id\":\"https:\\\/\\\/www.verandair.com\\\/fr\\\/#\\\/schema\\\/logo\\\/image\\\/\"}}]}<\/script>\n<!-- \/ Yoast SEO plugin. -->","yoast_head_json":{"title":"Jobs | VERANDAIR\u00ae","description":"Rejoignez l'\u00e9quipe Verandair ! D\u00e9couvrez nos offres d'emploi et construisez votre carri\u00e8re dans le secteur des solutions d'ext\u00e9rieur premium.","robots":{"index":"index","follow":"follow","max-snippet":"max-snippet:-1","max-image-preview":"max-image-preview:large","max-video-preview":"max-video-preview:-1"},"canonical":"https:\/\/www.verandair.com\/fr\/jobs\/","og_locale":"fr_FR","og_type":"article","og_title":"Jobs | VERANDAIR\u00ae","og_description":"Rejoignez l'\u00e9quipe Verandair ! D\u00e9couvrez nos offres d'emploi et construisez votre carri\u00e8re dans le secteur des solutions d'ext\u00e9rieur premium.","og_url":"https:\/\/www.verandair.com\/fr\/jobs\/","og_site_name":"VERANDAIR\u00ae","article_modified_time":"2024-03-22T10:29:10+00:00","twitter_card":"summary_large_image","schema":{"@context":"https:\/\/schema.org","@graph":[{"@type":"WebPage","@id":"https:\/\/www.verandair.com\/fr\/jobs\/","url":"https:\/\/www.verandair.com\/fr\/jobs\/","name":"Jobs | VERANDAIR\u00ae","isPartOf":{"@id":"https:\/\/www.verandair.com\/fr\/#website"},"datePublished":"2024-01-03T09:36:20+00:00","dateModified":"2024-03-22T10:29:10+00:00","description":"Rejoignez l'\u00e9quipe Verandair ! D\u00e9couvrez nos offres d'emploi et construisez votre carri\u00e8re dans le secteur des solutions d'ext\u00e9rieur premium.","breadcrumb":{"@id":"https:\/\/www.verandair.com\/fr\/jobs\/#breadcrumb"},"inLanguage":"fr-FR","potentialAction":[{"@type":"ReadAction","target":["https:\/\/www.verandair.com\/fr\/jobs\/"]}]},{"@type":"BreadcrumbList","@id":"https:\/\/www.verandair.com\/fr\/jobs\/#breadcrumb","itemListElement":[{"@type":"ListItem","position":1,"name":"Accueil","item":{"@type":"WebPage","@id":"https:\/\/www.verandair.com\/fr\/","name":"Accueil"}},{"@type":"ListItem","position":2,"name":"Jobs"}]},{"@type":"WebSite","@id":"https:\/\/www.verandair.com\/fr\/#website","url":"https:\/\/www.verandair.com\/fr\/","name":"VERANDAIR\u00ae","description":"","publisher":{"@id":"https:\/\/www.verandair.com\/fr\/#organization"},"potentialAction":[{"@type":"SearchAction","target":{"@type":"EntryPoint","urlTemplate":"https:\/\/www.verandair.com\/fr\/?s={search_term_string}"},"query-input":{"@type":"PropertyValueSpecification","valueRequired":true,"valueName":"search_term_string"}}],"inLanguage":"fr-FR"},{"@type":"Organization","@id":"https:\/\/www.verandair.com\/fr\/#organization","name":"Verandair","url":"https:\/\/www.verandair.com\/fr\/","logo":{"@type":"ImageObject","inLanguage":"fr-FR","@id":"https:\/\/www.verandair.com\/fr\/#\/schema\/logo\/image\/","url":"https:\/\/www.verandair.com\/wp-content\/uploads\/2024\/06\/VERANDAIR-logo.png","contentUrl":"https:\/\/www.verandair.com\/wp-content\/uploads\/2024\/06\/VERANDAIR-logo.png","width":283,"height":127,"caption":"Verandair"},"image":{"@id":"https:\/\/www.verandair.com\/fr\/#\/schema\/logo\/image\/"}}]}},"_links":{"self":[{"href":"https:\/\/www.verandair.com\/fr\/wp-json\/wp\/v2\/pages\/624","targetHints":{"allow":["GET"]}}],"collection":[{"href":"https:\/\/www.verandair.com\/fr\/wp-json\/wp\/v2\/pages"}],"about":[{"href":"https:\/\/www.verandair.com\/fr\/wp-json\/wp\/v2\/types\/page"}],"author":[{"embeddable":true,"href":"https:\/\/www.verandair.com\/fr\/wp-json\/wp\/v2\/users\/1"}],"replies":[{"embeddable":true,"href":"https:\/\/www.verandair.com\/fr\/wp-json\/wp\/v2\/comments?post=624"}],"version-history":[{"count":15,"href":"https:\/\/www.verandair.com\/fr\/wp-json\/wp\/v2\/pages\/624\/revisions"}],"predecessor-version":[{"id":60774,"href":"https:\/\/www.verandair.com\/fr\/wp-json\/wp\/v2\/pages\/624\/revisions\/60774"}],"wp:attachment":[{"href":"https:\/\/www.verandair.com\/fr\/wp-json\/wp\/v2\/media?parent=624"}],"curies":[{"name":"wp","href":"https:\/\/api.w.org\/{rel}","templated":true}]}}