{"id":63193,"date":"2024-05-23T11:43:12","date_gmt":"2024-05-23T09:43:12","guid":{"rendered":"https:\/\/www.verandair.com\/?page_id=63193"},"modified":"2026-02-27T11:53:22","modified_gmt":"2026-02-27T10:53:22","slug":"pergola-aluminium","status":"publish","type":"page","link":"https:\/\/www.verandair.com\/fr\/pergolas\/pergola-aluminium\/","title":{"rendered":"Pergola aluminium"},"content":{"rendered":"<p>[et_pb_section fb_built=&#8221;1&#8243; _builder_version=&#8221;4.24.0&#8243; _module_preset=&#8221;b213633d-5762-446f-872e-5ca2bd12b219&#8243; custom_padding=&#8221;0px|200px|0px|200px|true|true&#8221; sticky_position=&#8221;top&#8221; sticky_position_tablet=&#8221;none&#8221; sticky_position_phone=&#8221;none&#8221; sticky_position_last_edited=&#8221;on|tablet&#8221; box_shadow_style=&#8221;preset3&#8243; box_shadow_color=&#8221;RGBA(255,255,255,0)&#8221; global_colors_info=&#8221;{}&#8221; box_shadow_color__sticky_enabled=&#8221;on|sticky&#8221; box_shadow_color__sticky=&#8221;rgba(0,0,0,0.1)&#8221;][et_pb_row column_structure=&#8221;2_3,1_3&#8243; use_custom_gutter=&#8221;on&#8221; gutter_width=&#8221;1&#8243; make_equal=&#8221;on&#8221; _builder_version=&#8221;4.24.0&#8243; _module_preset=&#8221;e9563919-a9a0-4773-9250-81452e196558&#8243; custom_css_main_element=&#8221;align-items: center;&#8221; global_colors_info=&#8221;{}&#8221;][et_pb_column type=&#8221;2_3&#8243; _builder_version=&#8221;4.24.0&#8243; _module_preset=&#8221;default&#8221; global_colors_info=&#8221;{}&#8221;][dsm_breadcrumbs home_text=&#8221; &#8221; home_icon=&#8221;&#xe009;||divi||400&#8243; align=&#8221;left&#8221; _builder_version=&#8221;4.24.2&#8243; _module_preset=&#8221;default&#8221; custom_margin=&#8221;||0px||false|false&#8221; animation_duration=&#8221;300ms&#8221; custom_css_free_form=&#8221;@media screen and (min-width: 768px) {||  selector .dsm_breadcrumbs {||      justify-content: center!important;||  }||}&#8221; global_colors_info=&#8221;{}&#8221;][\/dsm_breadcrumbs][et_pb_text _builder_version=&#8221;4.25.1&#8243; _module_preset=&#8221;default&#8221; header_font_size=&#8221;35px&#8221; custom_margin=&#8221;||0px||false|false&#8221; header_font_size_tablet=&#8221;25px&#8221; text_orientation_tablet=&#8221;center&#8221; text_orientation_phone=&#8221;center&#8221; text_orientation_last_edited=&#8221;on|tablet&#8221; global_colors_info=&#8221;{}&#8221;]<\/p>\n<h1>La pergola en aluminium<\/h1>\n<p>[\/et_pb_text][\/et_pb_column][et_pb_column type=&#8221;1_3&#8243; _builder_version=&#8221;4.24.0&#8243; _module_preset=&#8221;default&#8221; global_colors_info=&#8221;{}&#8221;][et_pb_button button_url=&#8221;@ET-DC@eyJkeW5hbWljIjp0cnVlLCJjb250ZW50IjoicG9zdF9saW5rX3VybF9wYWdlIiwic2V0dGluZ3MiOnsicG9zdF9pZCI6IjgwIn19@&#8221; button_text=&#8221;Demander une \u00e9tude gratuite&#8221; button_alignment=&#8221;center&#8221; _builder_version=&#8221;4.24.2&#8243; _dynamic_attributes=&#8221;button_url&#8221; _module_preset=&#8221;b50e34d2-0b8d-4c79-bf16-96cda59bf9d7&#8243; button_text_size=&#8221;16px&#8221; custom_margin=&#8221;||10px||false|false&#8221; animation_duration=&#8221;300ms&#8221; global_colors_info=&#8221;{}&#8221;][\/et_pb_button][et_pb_text _builder_version=&#8221;4.24.2&#8243; _module_preset=&#8221;default&#8221; text_font=&#8221;|700|||||||&#8221; text_text_color=&#8221;gcid-02eea4c1-992a-4bff-aee2-539b98054199&#8243; text_font_size=&#8221;15px&#8221; text_orientation=&#8221;center&#8221; animation_style=&#8221;slide&#8221; animation_direction=&#8221;top&#8221; animation_duration=&#8221;300ms&#8221; text_font_size_tablet=&#8221;14px&#8221; text_font_size_phone=&#8221;14px&#8221; text_font_size_last_edited=&#8221;on|desktop&#8221; global_colors_info=&#8221;{%22gcid-02eea4c1-992a-4bff-aee2-539b98054199%22:%91%22text_text_color%22%93}&#8221;]<\/p>\n<p>R\u00e9ponse sous 24h !<\/p>\n<p>[\/et_pb_text][\/et_pb_column][\/et_pb_row][\/et_pb_section][et_pb_section fb_built=&#8221;1&#8243; _builder_version=&#8221;4.24.0&#8243; _module_preset=&#8221;b213633d-5762-446f-872e-5ca2bd12b219&#8243; custom_padding=&#8221;0px|200px||200px|false|true&#8221; global_colors_info=&#8221;{}&#8221;][et_pb_row disabled_on=&#8221;off|off|off&#8221; _builder_version=&#8221;4.24.3&#8243; _module_preset=&#8221;e9563919-a9a0-4773-9250-81452e196558&#8243; custom_padding=&#8221;0px||0px||true|false&#8221; global_colors_info=&#8221;{}&#8221;][et_pb_column type=&#8221;4_4&#8243; _builder_version=&#8221;4.24.1&#8243; _module_preset=&#8221;default&#8221; global_colors_info=&#8221;{}&#8221;][dsm_card_carousel _builder_version=&#8221;4.25.1&#8243; _module_preset=&#8221;1a64d1e3-3a8c-4ca4-af16-f09cd041e208&#8243; global_colors_info=&#8221;{%22gcid-a78bba3e-9a00-4c62-8b29-47f3d6c30097%22:%91%22arrow_color%22%93}&#8221;][dsm_card_carousel_child title=&#8221;Pergola en aluminium&#8221; image=&#8221;https:\/\/www.verandair.com\/wp-content\/uploads\/2024\/02\/baie-vitree-aluminium.jpeg&#8221; image_as_background=&#8221;off&#8221; badge_text=&#8221;Namur, BE&#8221; badge_position=&#8221;top_left&#8221; alt=&#8221;Baie vitr\u00e9e en aluminium qui reforme une v\u00e9randa&#8221; button_url_new_window=&#8221;1&#8243; _builder_version=&#8221;4.25.1&#8243; _module_preset=&#8221;default&#8221; badge_font=&#8221;||||||||&#8221; header_text_align=&#8221;center&#8221; custom_padding=&#8221;||50px||false|false&#8221; global_colors_info=&#8221;{}&#8221; parent_button=&#8221;off&#8221; parent_header_level=&#8221;h3&#8243; parent_stretch_image=&#8221;off&#8221;]<\/p>\n<p><strong>ALU\u20286061 T6<br \/><\/strong>anti-corrosion<\/p>\n<hr \/>\n<p><strong>2500<br \/><\/strong>coloris RAL<\/p>\n<hr \/>\n<p><img loading=\"lazy\" decoding=\"async\" src=\"https:\/\/www.verandair.com\/wp-content\/uploads\/2024\/02\/qualicoat-qualimarine.jpeg\" width=\"120\" height=\"104\" alt=\"\" class=\"wp-image-2573 alignnone size-full\" \/><\/p>\n<p>[\/dsm_card_carousel_child][dsm_card_carousel_child title=&#8221;Pergola en aluminium&#8221; image=&#8221;https:\/\/www.verandair.com\/wp-content\/uploads\/2024\/02\/pergola-en-aluminium.jpeg&#8221; image_as_background=&#8221;off&#8221; badge_text=&#8221;Namur, BE&#8221; badge_position=&#8221;top_left&#8221; alt=&#8221;Pergola toit fixe en aluminium sur une terrasse avec une table et des chaises&#8221; button_url_new_window=&#8221;1&#8243; _builder_version=&#8221;4.25.1&#8243; _module_preset=&#8221;default&#8221; badge_font=&#8221;||||||||&#8221; header_text_align=&#8221;center&#8221; custom_padding=&#8221;||50px||false|false&#8221; global_colors_info=&#8221;{}&#8221; parent_button=&#8221;off&#8221; parent_header_level=&#8221;h3&#8243; parent_stretch_image=&#8221;off&#8221;]<\/p>\n<p><strong>ALU\u20286061 T6<br \/><\/strong>anti-corrosion<\/p>\n<hr \/>\n<p><strong>2500<br \/><\/strong>coloris RAL<\/p>\n<hr \/>\n<p><img loading=\"lazy\" decoding=\"async\" src=\"https:\/\/www.verandair.com\/wp-content\/uploads\/2024\/02\/qualicoat-qualimarine.jpeg\" width=\"120\" height=\"104\" alt=\"\" class=\"wp-image-2573 alignnone size-full\" \/><\/p>\n<p>[\/dsm_card_carousel_child][dsm_card_carousel_child title=&#8221;Pergola en aluminium&#8221; image=&#8221;https:\/\/www.verandair.com\/wp-content\/uploads\/2024\/01\/VERANDAIR-pergola-fermee-3.jpg&#8221; image_as_background=&#8221;off&#8221; badge_text=&#8221;Namur, BE&#8221; badge_position=&#8221;top_left&#8221; alt=&#8221;Pergola toit fixe avec petit logo verandair&#8221; button_url_new_window=&#8221;1&#8243; _builder_version=&#8221;4.25.1&#8243; _module_preset=&#8221;default&#8221; badge_font=&#8221;||||||||&#8221; header_text_align=&#8221;center&#8221; custom_padding=&#8221;||50px||false|false&#8221; global_colors_info=&#8221;{}&#8221; parent_button=&#8221;off&#8221; parent_header_level=&#8221;h3&#8243; parent_stretch_image=&#8221;off&#8221;]<\/p>\n<p><strong>ALU\u20286061 T6<br \/><\/strong>anti-corrosion<\/p>\n<hr \/>\n<p><strong>2500<br \/><\/strong>coloris RAL<\/p>\n<hr \/>\n<p><img loading=\"lazy\" decoding=\"async\" src=\"https:\/\/www.verandair.com\/wp-content\/uploads\/2024\/02\/qualicoat-qualimarine.jpeg\" width=\"120\" height=\"104\" alt=\"\" class=\"wp-image-2573 alignnone size-full\" \/><\/p>\n<p>[\/dsm_card_carousel_child][dsm_card_carousel_child title=&#8221;Pergola en aluminium&#8221; image=&#8221;https:\/\/www.verandair.com\/wp-content\/uploads\/2019\/06\/Pergola-en-aluminium.jpg&#8221; image_as_background=&#8221;off&#8221; badge_text=&#8221;Namur, BE&#8221; badge_position=&#8221;top_left&#8221; alt=&#8221;Pergola en aluminium&#8221; button_url_new_window=&#8221;1&#8243; _builder_version=&#8221;4.25.1&#8243; _module_preset=&#8221;default&#8221; badge_font=&#8221;||||||||&#8221; header_text_align=&#8221;center&#8221; custom_padding=&#8221;||50px||false|false&#8221; global_colors_info=&#8221;{}&#8221; parent_button=&#8221;off&#8221; parent_header_level=&#8221;h3&#8243; parent_stretch_image=&#8221;off&#8221;]<\/p>\n<p><strong>ALU\u20286061 T6<br \/><\/strong>anti-corrosion<\/p>\n<hr \/>\n<p><strong>2500<br \/><\/strong>coloris RAL<\/p>\n<hr \/>\n<p><img loading=\"lazy\" decoding=\"async\" src=\"https:\/\/www.verandair.com\/wp-content\/uploads\/2024\/02\/qualicoat-qualimarine.jpeg\" width=\"120\" height=\"104\" alt=\"\" class=\"wp-image-2573 alignnone size-full\" \/><\/p>\n<p>[\/dsm_card_carousel_child][\/dsm_card_carousel][\/et_pb_column][\/et_pb_row][et_pb_row column_structure=&#8221;3_4,1_4&#8243; _builder_version=&#8221;4.24.3&#8243; _module_preset=&#8221;e9563919-a9a0-4773-9250-81452e196558&#8243; custom_padding=&#8221;0px||0px||true|false&#8221; global_colors_info=&#8221;{}&#8221;][et_pb_column type=&#8221;3_4&#8243; disabled_on=&#8221;on|on|off&#8221; _builder_version=&#8221;4.24.3&#8243; _module_preset=&#8221;default&#8221; global_colors_info=&#8221;{}&#8221;][et_pb_divider show_divider=&#8221;off&#8221; _builder_version=&#8221;4.24.3&#8243; _module_preset=&#8221;default&#8221; global_colors_info=&#8221;{}&#8221;][\/et_pb_divider][\/et_pb_column][et_pb_column type=&#8221;1_4&#8243; _builder_version=&#8221;4.24.3&#8243; _module_preset=&#8221;default&#8221; global_colors_info=&#8221;{}&#8221;][et_pb_button button_url=&#8221;https:\/\/info.verandair.com\/brochure-pergola\/&#8221; url_new_window=&#8221;on&#8221; button_text=&#8221;T\u00e9l\u00e9charger la brochure&#8221; _builder_version=&#8221;4.24.3&#8243; _module_preset=&#8221;045598ae-833f-46f7-a794-f6d0b63d8a13&#8243; global_colors_info=&#8221;{%22gcid-cdfc5e12-aa04-4e46-8d7a-a46e0d249000%22:%91%22button_text_color%22,%22button_text_color%22,%22button_text_color%22,%22button_text_color%22%93,%22gcid-02eea4c1-992a-4bff-aee2-539b98054199%22:%91%22button_border_color__hover%22,%22button_border_color__hover%22%93}&#8221;][\/et_pb_button][\/et_pb_column][\/et_pb_row][\/et_pb_section][et_pb_section fb_built=&#8221;1&#8243; _builder_version=&#8221;4.24.0&#8243; _module_preset=&#8221;b213633d-5762-446f-872e-5ca2bd12b219&#8243; background_color=&#8221;gcid-7df8ee83-ae0d-4f60-a763-b085a292aac7&#8243; custom_padding_tablet=&#8221;|0px|0px|0px|false|true&#8221; global_colors_info=&#8221;{%22gcid-7df8ee83-ae0d-4f60-a763-b085a292aac7%22:%91%22background_color%22%93}&#8221;][et_pb_row column_structure=&#8221;3_5,1_5,1_5&#8243; _builder_version=&#8221;4.24.0&#8243; _module_preset=&#8221;e9563919-a9a0-4773-9250-81452e196558&#8243; global_colors_info=&#8221;{}&#8221;][et_pb_column type=&#8221;3_5&#8243; _builder_version=&#8221;4.24.0&#8243; _module_preset=&#8221;default&#8221; global_colors_info=&#8221;{}&#8221;][et_pb_text _builder_version=&#8221;4.25.1&#8243; _module_preset=&#8221;default&#8221; custom_margin=&#8221;||30px||false|false&#8221; global_colors_info=&#8221;{}&#8221;]<\/p>\n<h2>Apportez une touche de modernit\u00e9 \u00e0 votre terrasse avec la <strong>pergola en aluminium !<\/strong><\/h2>\n<p>[\/et_pb_text][et_pb_divider _builder_version=&#8221;4.24.0&#8243; _module_preset=&#8221;2adabd0f-cb12-404f-9aa7-a3088280e564&#8243; global_colors_info=&#8221;{}&#8221;][\/et_pb_divider][et_pb_text _builder_version=&#8221;4.25.1&#8243; _module_preset=&#8221;default&#8221; custom_margin=&#8221;||50px||false|false&#8221; global_colors_info=&#8221;{}&#8221;]<\/p>\n<p>Les <strong>pergolas en aluminium <\/strong>de VERANDAIR\u00ae sont une alternative moderne et \u00e9l\u00e9gante aux abris de terrasse en bois.<\/p>\n<p>Fabriqu\u00e9es <strong>sur mesure<\/strong> dans nos ateliers situ\u00e9s \u00e0 Mariembourg en Belgique, nos pergolas en aluminium apportent <strong>une touche design \u00e0 votre terrasse<\/strong> !\u00a0L&#8217;aluminium cr\u00e9e <strong>des structures l\u00e9g\u00e8res, durables et r\u00e9sistantes aux intemp\u00e9ries<\/strong>, tout en offrant une esth\u00e9tique intemporelle gr\u00e2ce aux coloris neutres.<\/p>\n<p>Nos pergolas en aluminium sont id\u00e9ales pour d\u00e9limiter et embellir votre jardin. En am\u00e9nageant votre pergola avec du mobilier de jardin, vous pouvez cr\u00e9er <strong>un lieu de r\u00e9ception parfait<\/strong> pour vos soir\u00e9es et d\u00eeners estivaux.<\/p>\n<p>D\u00e9tendez-vous sur votre terrasse toute l&#8217;ann\u00e9e !<\/p>\n<p>[\/et_pb_text][\/et_pb_column][et_pb_column type=&#8221;1_5&#8243; _builder_version=&#8221;4.24.0&#8243; _module_preset=&#8221;default&#8221; custom_padding=&#8221;||0px||false|false&#8221; custom_css_main_element=&#8221;max-width: 50%;&#8221; global_colors_info=&#8221;{}&#8221;][et_pb_image src=&#8221;https:\/\/www.verandair.com\/wp-content\/uploads\/2024\/02\/VERANDAIR-fabrication-belge.svg&#8221; title_text=&#8221;VERANDAIR-fabrication-belge&#8221; align=&#8221;center&#8221; _builder_version=&#8221;4.24.0&#8243; _module_preset=&#8221;default&#8221; width=&#8221;150px&#8221; width_tablet=&#8221;80px&#8221; width_phone=&#8221;80px&#8221; width_last_edited=&#8221;on|tablet&#8221; max_width=&#8221;150px&#8221; max_width_tablet=&#8221;80px&#8221; max_width_phone=&#8221;80px&#8221; max_width_last_edited=&#8221;on|desktop&#8221; custom_margin=&#8221;||30px||false|false&#8221; global_module=&#8221;2566&#8243; saved_tabs=&#8221;all&#8221; global_colors_info=&#8221;{}&#8221;][\/et_pb_image][et_pb_image src=&#8221;https:\/\/www.verandair.com\/wp-content\/uploads\/2024\/02\/VERANDAIR-sur-mesure.svg&#8221; title_text=&#8221;VERANDAIR-sur-mesure&#8221; align=&#8221;center&#8221; _builder_version=&#8221;4.24.0&#8243; _module_preset=&#8221;default&#8221; width=&#8221;150px&#8221; width_tablet=&#8221;80px&#8221; width_phone=&#8221;80px&#8221; width_last_edited=&#8221;on|tablet&#8221; max_width=&#8221;150px&#8221; max_width_tablet=&#8221;80px&#8221; max_width_phone=&#8221;80px&#8221; max_width_last_edited=&#8221;on|desktop&#8221; custom_margin=&#8221;||30px||false|false&#8221; global_module=&#8221;2567&#8243; saved_tabs=&#8221;all&#8221; global_colors_info=&#8221;{}&#8221;][\/et_pb_image][\/et_pb_column][et_pb_column type=&#8221;1_5&#8243; _builder_version=&#8221;4.24.0&#8243; _module_preset=&#8221;default&#8221; custom_padding=&#8221;||0px||false|false&#8221; custom_css_main_element=&#8221;max-width: 50%;&#8221; global_colors_info=&#8221;{}&#8221;][et_pb_image src=&#8221;https:\/\/www.verandair.com\/wp-content\/uploads\/2026\/01\/VERANDAIR-garantie.svg&#8221; title_text=&#8221;VERANDAIR-garantie&#8221; align=&#8221;center&#8221; _builder_version=&#8221;4.27.5&#8243; _module_preset=&#8221;default&#8221; width=&#8221;150px&#8221; width_tablet=&#8221;80px&#8221; width_phone=&#8221;80px&#8221; width_last_edited=&#8221;on|tablet&#8221; max_width=&#8221;150px&#8221; max_width_tablet=&#8221;80px&#8221; max_width_phone=&#8221;80px&#8221; max_width_last_edited=&#8221;on|desktop&#8221; custom_margin=&#8221;||30px||false|false&#8221; global_module=&#8221;2568&#8243; saved_tabs=&#8221;all&#8221; global_colors_info=&#8221;{}&#8221;][\/et_pb_image][et_pb_image src=&#8221;https:\/\/www.verandair.com\/wp-content\/uploads\/2026\/01\/VERANDAIR-projets-realises.svg&#8221; title_text=&#8221;VERANDAIR-projets-realises&#8221; align=&#8221;center&#8221; _builder_version=&#8221;4.27.5&#8243; _module_preset=&#8221;default&#8221; width=&#8221;150px&#8221; width_tablet=&#8221;80px&#8221; width_phone=&#8221;80px&#8221; width_last_edited=&#8221;on|tablet&#8221; max_width=&#8221;150px&#8221; max_width_tablet=&#8221;80px&#8221; max_width_phone=&#8221;80px&#8221; max_width_last_edited=&#8221;on|desktop&#8221; custom_margin=&#8221;||30px||false|false&#8221; global_module=&#8221;2569&#8243; saved_tabs=&#8221;all&#8221; global_colors_info=&#8221;{}&#8221;][\/et_pb_image][\/et_pb_column][\/et_pb_row][\/et_pb_section][et_pb_section fb_built=&#8221;1&#8243; admin_label=&#8221;Sticky&#8221; _builder_version=&#8221;4.24.0&#8243; _module_preset=&#8221;default&#8221; background_color=&#8221;RGBA(255,255,255,0)&#8221; z_index=&#8221;20&#8243; max_width=&#8221;250px&#8221; max_width_tablet=&#8221;100%&#8221; max_width_phone=&#8221;100%&#8221; max_width_last_edited=&#8221;on|tablet&#8221; overflow-x=&#8221;visible&#8221; overflow-y=&#8221;visible&#8221; custom_padding=&#8221;0px||0px||true|false&#8221; sticky_position=&#8221;top&#8221; sticky_limit_bottom=&#8221;body&#8221; sticky_position_tablet=&#8221;none&#8221; sticky_position_phone=&#8221;none&#8221; sticky_position_last_edited=&#8221;on|tablet&#8221; global_colors_info=&#8221;{}&#8221;][et_pb_row module_class=&#8221;custom-sticky-menu&#8221; _builder_version=&#8221;4.24.0&#8243; _module_preset=&#8221;default&#8221; background_enable_color=&#8221;off&#8221; positioning=&#8221;absolute&#8221; z_index=&#8221;100&#8243; position_origin_a_tablet=&#8221;&#8221; position_origin_a_phone=&#8221;&#8221; position_origin_a_last_edited=&#8221;on|desktop&#8221; position_origin_f_tablet=&#8221;&#8221; position_origin_f_phone=&#8221;&#8221; position_origin_f_last_edited=&#8221;on|desktop&#8221; position_origin_r_tablet=&#8221;&#8221; position_origin_r_phone=&#8221;&#8221; position_origin_r_last_edited=&#8221;on|desktop&#8221; width=&#8221;100%&#8221; width_tablet=&#8221;90%&#8221; width_phone=&#8221;90%&#8221; width_last_edited=&#8221;on|tablet&#8221; max_width=&#8221;100%&#8221; max_width_last_edited=&#8221;off|tablet&#8221; overflow-x=&#8221;visible&#8221; overflow-y=&#8221;visible&#8221; custom_padding=&#8221;50px|15px|0px|15px|false|true&#8221; positioning_tablet=&#8221;none&#8221; positioning_phone=&#8221;none&#8221; positioning_last_edited=&#8221;on|tablet&#8221; global_colors_info=&#8221;{}&#8221;][et_pb_column type=&#8221;4_4&#8243; _builder_version=&#8221;4.24.0&#8243; _module_preset=&#8221;default&#8221; global_colors_info=&#8221;{}&#8221;][et_pb_text _builder_version=&#8221;4.25.1&#8243; _module_preset=&#8221;default&#8221; text_font=&#8221;|800|||||||&#8221; text_font_size=&#8221;20px&#8221; text_line_height=&#8221;1.4em&#8221; custom_margin=&#8221;||25px||false|false&#8221; text_font_size_tablet=&#8221;18px&#8221; global_colors_info=&#8221;{}&#8221;]<\/p>\n<p>Pergola<br \/>aluminium<\/p>\n<p>[\/et_pb_text][dsm_menu menu_id=&#8221;26&#8243; use_schema_markup=&#8221;off&#8221; active_link_color=&#8221;#058D9C&#8221; menu_link_text_active_color=&#8221;#058D9C&#8221; list_style_type=&#8221;none&#8221; _builder_version=&#8221;4.24.0&#8243; _module_preset=&#8221;default&#8221; menu_font_size=&#8221;15px&#8221; custom_css_free_form=&#8221;selector ul.dsm-menu li a {||  position: relative;||  transition: all .2s ease-in-out!important;||}||selector ul.dsm-menu li a::after {||  content:%22%22;||  background: #058d9c;||  display: block;||  position: absolute;||  top: 0;||  bottom: 0;||  margin: auto;||  width: 0px;||  height: 2px;||  transition: all .2s ease-in-out;||}||||selector ul.dsm-menu li a.active {||  color: #058d9c!important;||  padding-left: 20px;||  transition: padding-left .1s ease-in-out;||}||||selector ul.dsm-menu li a.active::after {||  width: 15px;||}&#8221; global_colors_info=&#8221;{}&#8221; menu_link_text_color__hover_enabled=&#8221;on|hover&#8221; menu_link_text_color__hover=&#8221;#058D9C&#8221;][\/dsm_menu][et_pb_code admin_label=&#8221;Code change color on bg&#8221; _builder_version=&#8221;4.25.1&#8243; _module_preset=&#8221;default&#8221; global_colors_info=&#8221;{}&#8221;]<script><!-- [et_pb_line_break_holder] -->jQuery(document).ready(function() {<!-- [et_pb_line_break_holder] -->  function updateTextColor() {<!-- [et_pb_line_break_holder] -->    var currentSection = null;<!-- [et_pb_line_break_holder] --><!-- [et_pb_line_break_holder] -->    \/\/ Check which section is in the viewport with a 175px offset from the top<!-- [et_pb_line_break_holder] -->    jQuery('.et_pb_section').each(function() {<!-- [et_pb_line_break_holder] -->      var sectionTop = jQuery(this).offset().top - 175; \/\/ Adjust section top by 175px<!-- [et_pb_line_break_holder] -->      var sectionBottom = sectionTop + jQuery(this).outerHeight();<!-- [et_pb_line_break_holder] --><!-- [et_pb_line_break_holder] -->      \/\/ Adjust the scroll position check by 175px<!-- [et_pb_line_break_holder] -->      if (jQuery(window).scrollTop() + 175 >= sectionTop && jQuery(window).scrollTop() + 175 <= sectionBottom) {<!-- [et_pb_line_break_holder] -->        currentSection = jQuery(this);<!-- [et_pb_line_break_holder] -->        return false; \/\/ Break the loop once the current section is found<!-- [et_pb_line_break_holder] -->      }<!-- [et_pb_line_break_holder] -->    });<!-- [et_pb_line_break_holder] --><!-- [et_pb_line_break_holder] -->    \/\/ Update text color based on the background color of the current section<!-- [et_pb_line_break_holder] -->    if (currentSection) {<!-- [et_pb_line_break_holder] -->      var backgroundColor = currentSection.css('background-color');<!-- [et_pb_line_break_holder] -->      jQuery('.custom-sticky-menu .menu-item a').css('color', getTextColorByBrightness(backgroundColor));<!-- [et_pb_line_break_holder] -->      jQuery('.custom-sticky-menu p').css('color', getTextColorByBrightness(backgroundColor));<!-- [et_pb_line_break_holder] -->    }<!-- [et_pb_line_break_holder] -->  }<!-- [et_pb_line_break_holder] --><!-- [et_pb_line_break_holder] -->function getTextColorByBrightness(bgColor) {<!-- [et_pb_line_break_holder] -->    if (!bgColor) return 'black';<!-- [et_pb_line_break_holder] --><!-- [et_pb_line_break_holder] -->    var r, g, b;<!-- [et_pb_line_break_holder] --><!-- [et_pb_line_break_holder] -->    if (bgColor.substring(0, 1) === '#') {<!-- [et_pb_line_break_holder] -->      \/\/ Extraire les valeurs RGB<!-- [et_pb_line_break_holder] -->      var hex = bgColor.substring(1);<!-- [et_pb_line_break_holder] -->      if (hex.length === 3) {<!-- [et_pb_line_break_holder] -->        hex = hex[0] + hex[0] + hex[1] + hex[1] + hex[2] + hex[2]; \/\/ Convertir format raccourci (#ABC) en format complet (#AABBCC)<!-- [et_pb_line_break_holder] -->      }<!-- [et_pb_line_break_holder] -->      r = parseInt(hex.substr(0, 2), 16);<!-- [et_pb_line_break_holder] -->      g = parseInt(hex.substr(2, 2), 16);<!-- [et_pb_line_break_holder] -->      b = parseInt(hex.substr(4, 2), 16);<!-- [et_pb_line_break_holder] -->    } else if (bgColor.indexOf('rgb') === 0) {<!-- [et_pb_line_break_holder] -->      \/\/ Extraire les valeurs RGB<!-- [et_pb_line_break_holder] -->      var rgbArray = bgColor.match(\/\\d+\/g);<!-- [et_pb_line_break_holder] -->      if (rgbArray.length >= 3) {<!-- [et_pb_line_break_holder] -->        r = parseInt(rgbArray[0]);<!-- [et_pb_line_break_holder] -->        g = parseInt(rgbArray[1]);<!-- [et_pb_line_break_holder] -->        b = parseInt(rgbArray[2]);<!-- [et_pb_line_break_holder] -->      } else {<!-- [et_pb_line_break_holder] -->        return 'black'; \/\/ Si les valeurs RGB ne sont pas trouv\u00e9es, retourner 'black'<!-- [et_pb_line_break_holder] -->      }<!-- [et_pb_line_break_holder] -->    } else {<!-- [et_pb_line_break_holder] -->      return 'black'; \/\/ Retourner 'black' par d\u00e9faut si le format de couleur n'est pas reconnu<!-- [et_pb_line_break_holder] -->    }<!-- [et_pb_line_break_holder] --><!-- [et_pb_line_break_holder] -->    var brightness = (0.299 * r + 0.587 * g + 0.114 * b) \/ 255;<!-- [et_pb_line_break_holder] -->    return brightness > 0.5 ? 'black' : 'white';<!-- [et_pb_line_break_holder] -->}<!-- [et_pb_line_break_holder] --><!-- [et_pb_line_break_holder] --><!-- [et_pb_line_break_holder] -->  \/\/ Initial update<!-- [et_pb_line_break_holder] -->  updateTextColor();<!-- [et_pb_line_break_holder] --><!-- [et_pb_line_break_holder] -->  \/\/ Update on scroll<!-- [et_pb_line_break_holder] -->  jQuery(window).scroll(function() {<!-- [et_pb_line_break_holder] -->    updateTextColor();<!-- [et_pb_line_break_holder] -->  });<!-- [et_pb_line_break_holder] -->});<!-- [et_pb_line_break_holder] --><\/script>[\/et_pb_code][et_pb_code admin_label=&#8221;Code active&#8221; _builder_version=&#8221;4.24.0&#8243; _module_preset=&#8221;default&#8221; global_colors_info=&#8221;{}&#8221;]<script><!-- [et_pb_line_break_holder] -->jQuery(document).ready(function(){<!-- [et_pb_line_break_holder] -->    \/\/ Surveillez le d\u00e9filement de la page<!-- [et_pb_line_break_holder] -->    jQuery(window).scroll(function() {<!-- [et_pb_line_break_holder] -->        \/\/ Parcourez chaque section<!-- [et_pb_line_break_holder] -->        jQuery('.et_pb_section').each(function() {<!-- [et_pb_line_break_holder] -->            \/\/ Calculez la position de la section (haut) et sa hauteur<!-- [et_pb_line_break_holder] -->            var topOfSection = jQuery(this).offset().top;<!-- [et_pb_line_break_holder] -->            var bottomOfSection = topOfSection + jQuery(this).outerHeight();<!-- [et_pb_line_break_holder] -->            var scrollTop = jQuery(window).scrollTop();<!-- [et_pb_line_break_holder] -->            var topOfWindow = scrollTop + 175; \/\/ Ajoutez 175px au scrollTop pour le d\u00e9calage<!-- [et_pb_line_break_holder] --><!-- [et_pb_line_break_holder] -->            \/\/ V\u00e9rifiez si la section est \u00e0 175px du haut de l'\u00e9cran<!-- [et_pb_line_break_holder] -->            if ((bottomOfSection > scrollTop) && (topOfSection < topOfWindow)) {<!-- [et_pb_line_break_holder] -->                \/\/ R\u00e9cup\u00e9rez l'ID de la section<!-- [et_pb_line_break_holder] -->                var id = jQuery(this).attr('id');<!-- [et_pb_line_break_holder] -->                \/\/ Retirez la classe \"active\" de toutes les ancres<!-- [et_pb_line_break_holder] -->                jQuery('ul.dsm-menu li a').removeClass('active');<!-- [et_pb_line_break_holder] -->                \/\/ Ajoutez la classe \"active\" \u00e0 l'ancre correspondant \u00e0 l'ID de la section visible<!-- [et_pb_line_break_holder] -->                jQuery('ul.dsm-menu li a[href=\"#' + id + '\"]').addClass('active');<!-- [et_pb_line_break_holder] -->            }<!-- [et_pb_line_break_holder] -->        });<!-- [et_pb_line_break_holder] -->    });<!-- [et_pb_line_break_holder] -->});<!-- [et_pb_line_break_holder] --><!-- [et_pb_line_break_holder] --><\/script>[\/et_pb_code][\/et_pb_column][\/et_pb_row][\/et_pb_section][et_pb_section fb_built=&#8221;1&#8243; admin_label=&#8221;Specifications&#8221; module_id=&#8221;specifications&#8221; _builder_version=&#8221;4.24.0&#8243; _module_preset=&#8221;b213633d-5762-446f-872e-5ca2bd12b219&#8243; global_colors_info=&#8221;{}&#8221;][et_pb_row _builder_version=&#8221;4.24.0&#8243; _module_preset=&#8221;e9563919-a9a0-4773-9250-81452e196558&#8243; global_colors_info=&#8221;{}&#8221;][et_pb_column type=&#8221;4_4&#8243; _builder_version=&#8221;4.24.0&#8243; _module_preset=&#8221;default&#8221; global_colors_info=&#8221;{}&#8221;][et_pb_text _builder_version=&#8221;4.25.1&#8243; _module_preset=&#8221;92aae06f-c11a-4f4c-95ff-b8e28412f5a2&#8243; global_colors_info=&#8221;{}&#8221;]<\/p>\n<p>Sp\u00e9cifications<\/p>\n<p>[\/et_pb_text][et_pb_text _builder_version=&#8221;4.25.1&#8243; _module_preset=&#8221;default&#8221; text_orientation=&#8221;center&#8221; custom_margin=&#8221;||30px||false|false&#8221; global_colors_info=&#8221;{}&#8221;]<\/p>\n<h2>Les sp\u00e9cifications de la <strong>pergola aluminium<\/strong> VERANDAIR\u00ae<\/h2>\n<p>[\/et_pb_text][et_pb_divider _builder_version=&#8221;4.24.0&#8243; _module_preset=&#8221;2adabd0f-cb12-404f-9aa7-a3088280e564&#8243; module_alignment=&#8221;center&#8221; global_colors_info=&#8221;{}&#8221;][\/et_pb_divider][\/et_pb_column][\/et_pb_row][et_pb_row _builder_version=&#8221;4.24.0&#8243; _module_preset=&#8221;e9563919-a9a0-4773-9250-81452e196558&#8243; global_colors_info=&#8221;{}&#8221;][et_pb_column type=&#8221;4_4&#8243; _builder_version=&#8221;4.24.0&#8243; _module_preset=&#8221;default&#8221; global_colors_info=&#8221;{}&#8221;][dsm_faq dsm_open_faq_item=&#8221;on&#8221; dsm_open_font_icon=&#8221;&#x4b;||divi||400&#8243; dsm_close_font_icon=&#8221;&#x4c;||divi||400&#8243; dsm_animate_icon=&#8221;on&#8221; _builder_version=&#8221;4.25.1&#8243; _module_preset=&#8221;e643eeaa-a52c-477a-9ee9-2f346d499d98&#8243; global_colors_info=&#8221;{}&#8221;][dsm_faq_child dsm_title=&#8221;Construction l\u00e9g\u00e8re&#8221; dsm_content=&#8221;<\/p>\n<p><b>Les pergolas en aluminium<\/b> se distinguent par leur l\u00e9g\u00e8ret\u00e9, un avantage majeur par rapport aux structures en bois ou en acier. De ce fait, l&#8217;installation est beaucoup <strong>plus facile et rapide<\/strong>, ce qui <strong>r\u00e9duit les co\u00fbts de main-d&#8217;\u0153uvre<\/strong> et de transport. Que ce soit pour une installation autoportante au bord de votre piscine ou pour une pergola adoss\u00e9e prolongeant votre salon, l&#8217;aluminium permet de <strong>r\u00e9aliser des projets architecturaux plus ambitieux<\/strong> !<\/p>\n<p>&#8221; dsm_child_use_image=&#8221;on&#8221; dsm_close_child_image=&#8221;https:\/\/www.verandair.com\/wp-content\/uploads\/2024\/02\/pergola-en-aluminium.jpeg&#8221; dsm_close_image_padding=&#8221;||||false|false&#8221; _builder_version=&#8221;4.25.1&#8243; _module_preset=&#8221;default&#8221; global_colors_info=&#8221;{}&#8221; parentOrderClass=&#8221;dsm_faq_0&#8243;][\/dsm_faq_child][dsm_faq_child dsm_title=&#8221;Pas de corrosion&#8221; dsm_content=&#8221;<\/p>\n<p>La pergola en aluminium conserve son <strong>aspect neuf<\/strong> pendant de nombreuses ann\u00e9es sans n\u00e9cessiter de traitements anti-corrosion chronophages. En effet, contrairement au fer ou \u00e0 d&#8217;autres m\u00e9taux qui rouillent et se d\u00e9t\u00e9riorent avec le temps, <strong>l&#8217;aluminium ne se corrode pas<\/strong>. C&#8217;est pourquoi l&#8217;aluminium est un choix parfait pour les environnements humides. En optant pour une <strong>pergola en aluminium<\/strong>, vous optez pour une structure durable qui <strong>maintient toute son int\u00e9grit\u00e9 et son apparence au fil des ans<\/strong>.<\/p>\n<p>&#8221; dsm_child_use_image=&#8221;on&#8221; dsm_close_child_image=&#8221;https:\/\/www.verandair.com\/wp-content\/uploads\/2024\/02\/VERANDAIR-bg.jpg&#8221; dsm_close_image_padding=&#8221;||||false|false&#8221; _builder_version=&#8221;4.25.1&#8243; _module_preset=&#8221;default&#8221; global_colors_info=&#8221;{}&#8221; parentOrderClass=&#8221;dsm_faq_0&#8243;][\/dsm_faq_child][dsm_faq_child dsm_title=&#8221;R\u00e9sistante aux intemp\u00e9ries&#8221; dsm_content=&#8221;<\/p>\n<p>L&#8217;aluminium est un mat\u00e9riau parfaitement adapt\u00e9 aux conditions climatiques les plus exigeantes. Qu&#8217;il s&#8217;agisse de fortes pluies, de vent violent ou de rayons UV intenses, <strong>l&#8217;aluminium conserve sa forme et sa structure.<\/strong> Il ne se d\u00e9colore pas sous l&#8217;effet du soleil par exemple, ce qui garantit une <strong>esth\u00e9tique durable et \u00e9l\u00e9gante<\/strong> pour votre espace ext\u00e9rieur.<\/p>\n<p>&#8221; dsm_child_use_image=&#8221;on&#8221; dsm_close_child_image=&#8221;https:\/\/www.verandair.com\/wp-content\/uploads\/2024\/02\/structure-aluminium-abri-pour-spa.jpg&#8221; dsm_close_image_padding=&#8221;||||false|false&#8221; _builder_version=&#8221;4.25.1&#8243; _module_preset=&#8221;default&#8221; global_colors_info=&#8221;{}&#8221; parentOrderClass=&#8221;dsm_faq_0&#8243;][\/dsm_faq_child][dsm_faq_child dsm_title=&#8221;Facile d&#8217;entretien&#8221; dsm_content=&#8221;<\/p>\n<p>L&#8217;un des avantages les plus appr\u00e9ci\u00e9s des pergolas en aluminium est leur <strong>facilit\u00e9 d&#8217;entretien<\/strong>. En effet, l&#8217;aluminium demande tr\u00e8s peu d&#8217;attention pour rester en parfait \u00e9tat. Un <strong>simple nettoyage \u00e0 l&#8217;eau savonneuse<\/strong> suffit g\u00e9n\u00e9ralement pour enlever la poussi\u00e8re et les salet\u00e9s accumul\u00e9es. Vous pouvez profiter ainsi pleinement de votre espace ext\u00e9rieur sans vous soucier des t\u00e2ches d&#8217;entretien fastidieuses.<\/p>\n<p>&#8221; dsm_child_use_image=&#8221;on&#8221; dsm_close_child_image=&#8221;https:\/\/www.verandair.com\/wp-content\/uploads\/2024\/02\/baie-vitree-aluminium.jpeg&#8221; dsm_close_image_padding=&#8221;||||false|false&#8221; _builder_version=&#8221;4.25.1&#8243; _module_preset=&#8221;default&#8221; global_colors_info=&#8221;{}&#8221; parentOrderClass=&#8221;dsm_faq_0&#8243;][\/dsm_faq_child][\/dsm_faq][\/et_pb_column][\/et_pb_row][\/et_pb_section][et_pb_section fb_built=&#8221;1&#8243; admin_label=&#8221;Photos&#8221; module_id=&#8221;photos&#8221; _builder_version=&#8221;4.24.0&#8243; _module_preset=&#8221;b213633d-5762-446f-872e-5ca2bd12b219&#8243; background_color=&#8221;gcid-a78bba3e-9a00-4c62-8b29-47f3d6c30097&#8243; custom_margin=&#8221;100px||||false|false&#8221; custom_padding=&#8221;0px|200px||200px|false|true&#8221; global_colors_info=&#8221;{%22gcid-a78bba3e-9a00-4c62-8b29-47f3d6c30097%22:%91%22background_color%22%93}&#8221;][et_pb_row _builder_version=&#8221;4.24.0&#8243; _module_preset=&#8221;e9563919-a9a0-4773-9250-81452e196558&#8243; custom_padding=&#8221;0px||||false|false&#8221; global_colors_info=&#8221;{}&#8221;][et_pb_column type=&#8221;4_4&#8243; _builder_version=&#8221;4.24.0&#8243; _module_preset=&#8221;default&#8221; global_colors_info=&#8221;{}&#8221;][dsm_masonry_gallery gallery_ids=&#8221;57631,57196,57504,27059,62673,11911&#8243; lazyload=&#8221;on&#8221; columns=&#8221;2&#8243; use_lightbox=&#8221;on&#8221; use_zoom_on_hover=&#8221;on&#8221; _builder_version=&#8221;4.25.1&#8243; _module_preset=&#8221;default&#8221; custom_margin=&#8221;-50px||||false|false&#8221; custom_padding=&#8221;||30px||false|false&#8221; global_colors_info=&#8221;{}&#8221;][\/dsm_masonry_gallery][et_pb_button button_url=&#8221;@ET-DC@eyJkeW5hbWljIjp0cnVlLCJjb250ZW50IjoicG9zdF9saW5rX3VybF9wYWdlIiwic2V0dGluZ3MiOnsicG9zdF9pZCI6IjIzMzQifX0=@&#8221; button_text=&#8221;D\u00e9couvrez toutes nos r\u00e9alisations&#8221; button_alignment=&#8221;center&#8221; _builder_version=&#8221;4.24.0&#8243; _dynamic_attributes=&#8221;button_url&#8221; _module_preset=&#8221;8ac6895b-8a7d-4b15-8635-28e44651343f&#8221; global_colors_info=&#8221;{}&#8221;][\/et_pb_button][\/et_pb_column][\/et_pb_row][\/et_pb_section][et_pb_section fb_built=&#8221;1&#8243; admin_label=&#8221;Qualite&#8221; module_id=&#8221;qualite&#8221; _builder_version=&#8221;4.24.0&#8243; _module_preset=&#8221;b213633d-5762-446f-872e-5ca2bd12b219&#8243; global_colors_info=&#8221;{}&#8221;][et_pb_row _builder_version=&#8221;4.24.0&#8243; _module_preset=&#8221;e9563919-a9a0-4773-9250-81452e196558&#8243; global_colors_info=&#8221;{}&#8221;][et_pb_column type=&#8221;4_4&#8243; _builder_version=&#8221;4.24.0&#8243; _module_preset=&#8221;default&#8221; global_colors_info=&#8221;{}&#8221;][et_pb_text _builder_version=&#8221;4.24.0&#8243; _module_preset=&#8221;92aae06f-c11a-4f4c-95ff-b8e28412f5a2&#8243; global_colors_info=&#8221;{}&#8221;]<\/p>\n<p>Qualit\u00e9 &amp; service<\/p>\n<p>[\/et_pb_text][et_pb_text _builder_version=&#8221;4.25.1&#8243; _module_preset=&#8221;default&#8221; text_orientation=&#8221;center&#8221; custom_margin=&#8221;||30px||false|false&#8221; global_colors_info=&#8221;{}&#8221;]<\/p>\n<h2>Pourquoi choisir VERANDAIR\u00ae pour votre pergola en aluminium ?<\/h2>\n<p>[\/et_pb_text][et_pb_divider _builder_version=&#8221;4.24.0&#8243; _module_preset=&#8221;2adabd0f-cb12-404f-9aa7-a3088280e564&#8243; module_alignment=&#8221;center&#8221; global_colors_info=&#8221;{}&#8221;][\/et_pb_divider][\/et_pb_column][\/et_pb_row][et_pb_row column_structure=&#8221;1_2,1_2&#8243; use_custom_gutter=&#8221;on&#8221; gutter_width=&#8221;4&#8243; _builder_version=&#8221;4.24.0&#8243; _module_preset=&#8221;e9563919-a9a0-4773-9250-81452e196558&#8243; global_colors_info=&#8221;{}&#8221;][et_pb_column type=&#8221;1_2&#8243; _builder_version=&#8221;4.24.0&#8243; _module_preset=&#8221;default&#8221; global_colors_info=&#8221;{}&#8221;][et_pb_image src=&#8221;https:\/\/www.verandair.com\/wp-content\/uploads\/2024\/01\/VERANDAIR-fabrication-belge-1.svg&#8221; title_text=&#8221;VERANDAIR-fabrication-belge&#8221; _builder_version=&#8221;4.24.0&#8243; _module_preset=&#8221;0353bf8c-d4a9-4291-934d-c656c110f926&#8243; global_colors_info=&#8221;{}&#8221;][\/et_pb_image][et_pb_text _builder_version=&#8221;4.24.2&#8243; _module_preset=&#8221;default&#8221; global_colors_info=&#8221;{}&#8221;]<\/p>\n<h3>Fabrication belge<\/h3>\n<p><span>Chez VERANDAIR\u00ae, nous fabriquons nous-m\u00eames nos pergolas \u00e0 Spy <strong>depuis plus de 35 ans <\/strong>! Faites confiance \u00e0 notre <strong>savoir-faire belge<\/strong> en mati\u00e8re de<strong> cr\u00e9ation d\u2019espaces ext\u00e9rieurs de qualit\u00e9<\/strong>. <\/span><\/p>\n<p>[\/et_pb_text][\/et_pb_column][et_pb_column type=&#8221;1_2&#8243; _builder_version=&#8221;4.24.0&#8243; _module_preset=&#8221;default&#8221; global_colors_info=&#8221;{}&#8221;][et_pb_image src=&#8221;https:\/\/www.verandair.com\/wp-content\/uploads\/2024\/02\/VERANDAIR-disponibilite.svg&#8221; title_text=&#8221;VERANDAIR-disponibilite&#8221; _builder_version=&#8221;4.24.0&#8243; _module_preset=&#8221;0353bf8c-d4a9-4291-934d-c656c110f926&#8243; global_colors_info=&#8221;{}&#8221;][\/et_pb_image][et_pb_text _builder_version=&#8221;4.24.2&#8243; _module_preset=&#8221;default&#8221; global_colors_info=&#8221;{}&#8221;]<\/p>\n<h3>Livraison et installation professionnelles<\/h3>\n<p><span>La structure est con\u00e7ue pour une<strong> installation rapide<\/strong>, minimisant les d\u00e9lais et les d\u00e9sagr\u00e9ments. Nos professionnels livrent et installent votre pergola \u00e0 domicile.<\/span><\/p>\n<p>[\/et_pb_text][\/et_pb_column][\/et_pb_row][et_pb_row column_structure=&#8221;1_3,1_3,1_3&#8243; use_custom_gutter=&#8221;on&#8221; gutter_width=&#8221;4&#8243; _builder_version=&#8221;4.24.2&#8243; _module_preset=&#8221;e9563919-a9a0-4773-9250-81452e196558&#8243; global_colors_info=&#8221;{}&#8221;][et_pb_column type=&#8221;1_3&#8243; _builder_version=&#8221;4.24.0&#8243; _module_preset=&#8221;default&#8221; global_colors_info=&#8221;{}&#8221;][et_pb_image src=&#8221;https:\/\/www.verandair.com\/wp-content\/uploads\/2024\/01\/VERANDAIR-materiaux-1.svg&#8221; title_text=&#8221;VERANDAIR-materiaux&#8221; _builder_version=&#8221;4.24.0&#8243; _module_preset=&#8221;0353bf8c-d4a9-4291-934d-c656c110f926&#8243; global_colors_info=&#8221;{}&#8221;][\/et_pb_image][et_pb_text _builder_version=&#8221;4.27.0&#8243; _module_preset=&#8221;default&#8221; global_colors_info=&#8221;{}&#8221;]<\/p>\n<h3>Respect de l\u2019environnement<\/h3>\n<p><span>Afin de limiter notre impact carbone, nos <a href=\"https:\/\/www.verandair.com\/fr\/pergolas\/pergola-terrasse-toiture-fixe\/\">pergolas \u00e0 toit fixe<\/a> sont fabriqu\u00e9es avec des <strong>mat\u00e9riaux 100 % renouvelables<\/strong>. <\/span><\/p>\n<p>[\/et_pb_text][\/et_pb_column][et_pb_column type=&#8221;1_3&#8243; _builder_version=&#8221;4.24.0&#8243; _module_preset=&#8221;default&#8221; global_colors_info=&#8221;{}&#8221;][et_pb_image src=&#8221;https:\/\/www.verandair.com\/wp-content\/uploads\/2024\/01\/VERANDAIR-prix-1.svg&#8221; title_text=&#8221;VERANDAIR-prix&#8221; _builder_version=&#8221;4.24.0&#8243; _module_preset=&#8221;0353bf8c-d4a9-4291-934d-c656c110f926&#8243; global_colors_info=&#8221;{}&#8221;][\/et_pb_image][et_pb_text _builder_version=&#8221;4.24.2&#8243; _module_preset=&#8221;default&#8221; global_colors_info=&#8221;{}&#8221;]<\/p>\n<h3 style=\"margin: 20.0pt 0in 6.0pt 0in;\"><span lang=\"fr\">Prix abordable<o:p><\/o:p><\/span><\/h3>\n<p><span>Nos pergolas sont <strong>solides<\/strong>, <strong>esth\u00e9tiques<\/strong> et disponibles \u00e0 un <strong>prix abordable<\/strong>. Elles offrent un <strong>excellent rapport qualit\u00e9-prix<\/strong>. <\/span><\/p>\n<p>[\/et_pb_text][\/et_pb_column][et_pb_column type=&#8221;1_3&#8243; _builder_version=&#8221;4.24.0&#8243; _module_preset=&#8221;default&#8221; global_colors_info=&#8221;{}&#8221;][et_pb_image src=&#8221;https:\/\/www.verandair.com\/wp-content\/uploads\/2026\/01\/VERANDAIR-garantie.svg&#8221; title_text=&#8221;VERANDAIR-garantie&#8221; _builder_version=&#8221;4.27.5&#8243; _module_preset=&#8221;0353bf8c-d4a9-4291-934d-c656c110f926&#8243; global_colors_info=&#8221;{}&#8221;][\/et_pb_image][et_pb_text _builder_version=&#8221;4.24.2&#8243; _module_preset=&#8221;default&#8221; global_colors_info=&#8221;{}&#8221;]<\/p>\n<h3 style=\"margin: 20.0pt 0in 6.0pt 0in;\"><span lang=\"fr\">Des garanties int\u00e9ressantes<o:p><\/o:p><\/span><\/h3>\n<p><span>Nous vous offrons une garantie de <strong>15 ans sur la structure en aluminium<\/strong> de nos pergolas et une garantie de <strong>10 ans sur les profil\u00e9s laqu\u00e9s<\/strong>.<\/span><\/p>\n<p>[\/et_pb_text][\/et_pb_column][\/et_pb_row][\/et_pb_section][et_pb_section fb_built=&#8221;1&#8243; admin_label=&#8221;A propos&#8221; module_id=&#8221;a-propos&#8221; _builder_version=&#8221;4.24.0&#8243; _module_preset=&#8221;b213633d-5762-446f-872e-5ca2bd12b219&#8243; background_color=&#8221;gcid-a78bba3e-9a00-4c62-8b29-47f3d6c30097&#8243; background_image=&#8221;https:\/\/www.verandair.com\/wp-content\/uploads\/2024\/02\/VERANDAIR-bg-1.jpg&#8221; background_size=&#8221;contain&#8221; background_position=&#8221;bottom_right&#8221; background_blend=&#8221;multiply&#8221; custom_padding=&#8221;80px|200px|80px|200px|true|true&#8221; global_colors_info=&#8221;{%22gcid-a78bba3e-9a00-4c62-8b29-47f3d6c30097%22:%91%22background_color%22%93}&#8221;][et_pb_row make_equal=&#8221;on&#8221; _builder_version=&#8221;4.24.0&#8243; _module_preset=&#8221;e9563919-a9a0-4773-9250-81452e196558&#8243; custom_css_main_element=&#8221;align-items: center;&#8221; global_colors_info=&#8221;{}&#8221;][et_pb_column type=&#8221;4_4&#8243; _builder_version=&#8221;4.24.0&#8243; _module_preset=&#8221;default&#8221; global_colors_info=&#8221;{}&#8221;][et_pb_text _builder_version=&#8221;4.24.0&#8243; _module_preset=&#8221;92aae06f-c11a-4f4c-95ff-b8e28412f5a2&#8243; text_orientation=&#8221;left&#8221; global_colors_info=&#8221;{}&#8221;]<\/p>\n<p>\u00c0 propos<\/p>\n<p>[\/et_pb_text][et_pb_text _builder_version=&#8221;4.24.2&#8243; _module_preset=&#8221;5298e62e-f7ac-4dd9-b361-006fc4da68de&#8221; text_font_size=&#8221;20px&#8221; text_line_height=&#8221;1.9em&#8221; background_layout=&#8221;dark&#8221; custom_margin=&#8221;||35px||false|false&#8221; animation_style=&#8221;fade&#8221; global_colors_info=&#8221;{}&#8221;]<\/p>\n<h2 style=\"margin-top: 20.0pt;\"><span lang=\"fr\">Qui sommes-nous ? <o:p><\/o:p><\/span><\/h2>\n<h2><span data-metadata=\"&lt;!--(figmeta)eyJmaWxlS2V5IjoiNDJrcExzUGY2N0VsN0FkMldFdElreCIsInBhc3RlSUQiOjI1NDM4MDY0MSwiZGF0YVR5cGUiOiJzY2VuZSJ9Cg==(\/figmeta)--&gt;\"><\/span><\/h2>\n<p>[\/et_pb_text][et_pb_divider show_divider=&#8221;off&#8221; _builder_version=&#8221;4.23.4&#8243; _module_preset=&#8221;2adabd0f-cb12-404f-9aa7-a3088280e564&#8243; global_colors_info=&#8221;{}&#8221;][\/et_pb_divider][et_pb_text _builder_version=&#8221;4.24.2&#8243; _module_preset=&#8221;5298e62e-f7ac-4dd9-b361-006fc4da68de&#8221; text_line_height=&#8221;1.9em&#8221; background_layout=&#8221;dark&#8221; max_width=&#8221;700px&#8221; module_alignment=&#8221;left&#8221; custom_margin=&#8221;||50px||false|false&#8221; animation_style=&#8221;fade&#8221; global_colors_info=&#8221;{}&#8221;]<\/p>\n<p><span>Depuis 1990, VERANDAIR\u00ae s\u2019impose comme une <strong>r\u00e9f\u00e9rence belge<\/strong> dans la conception et la fabrication sur mesure de pergolas et abris de terrasse. \u00c9tablis au c\u0153ur du Parc d\u2019activit\u00e9 \u00e9conomique de Mariembourg, nous sommes fiers de notre <strong>expertise wallonne<\/strong>. Notre nom, VERANDAIR\u00ae, refl\u00e8te notre sp\u00e9cialit\u00e9 : des v\u00e9randas r\u00e9tractables qui allient esth\u00e9tisme et fonctionnalit\u00e9.<\/span><\/p>\n<p><span>Bien que principalement actifs en Belgique, nous exportons nos produits en France, en Europe et au-del\u00e0. Dot\u00e9s d\u2019un bureau d\u2019\u00e9tudes interne avec des ing\u00e9nieurs et dessinateurs d\u00e9di\u00e9s, nous somme<strong>s \u00e0 la pointe de l\u2019innovation<\/strong>, proposant des profil\u00e9s en aluminium uniques, fruits de notre recherche et de notre d\u00e9veloppement. Chez VERANDAIR\u00ae, nous croyons en la singularit\u00e9 de chaque r\u00e9alisation et en l\u2019excellence de notre savoir-faire.<\/span><\/p>\n<p>[\/et_pb_text][et_pb_button button_url=&#8221;@ET-DC@eyJkeW5hbWljIjp0cnVlLCJjb250ZW50IjoicG9zdF9saW5rX3VybF9wYWdlIiwic2V0dGluZ3MiOnsicG9zdF9pZCI6IjU5MCJ9fQ==@&#8221; button_text=&#8221;En savoir plus sur VERANDAIR\u00ae&#8221; _builder_version=&#8221;4.24.0&#8243; _dynamic_attributes=&#8221;button_url&#8221; _module_preset=&#8221;8ac6895b-8a7d-4b15-8635-28e44651343f&#8221; global_colors_info=&#8221;{%22gcid-cdfc5e12-aa04-4e46-8d7a-a46e0d249000%22:%91%22button_text_color%22%93}&#8221;][\/et_pb_button][\/et_pb_column][\/et_pb_row][\/et_pb_section][et_pb_section fb_built=&#8221;1&#8243; admin_label=&#8221;FAQ&#8221; module_id=&#8221;faq&#8221; _builder_version=&#8221;4.24.0&#8243; _module_preset=&#8221;b213633d-5762-446f-872e-5ca2bd12b219&#8243; background_image=&#8221;https:\/\/www.verandair.com\/wp-content\/uploads\/2024\/01\/VERANDAIR-icon-outline.svg&#8221; background_size=&#8221;custom&#8221; background_image_width=&#8221;50%&#8221; background_position=&#8221;bottom_right&#8221; global_colors_info=&#8221;{%22gcid-7df8ee83-ae0d-4f60-a763-b085a292aac7%22:%91%22background_color_gradient_stops%22%93}&#8221;][et_pb_row _builder_version=&#8221;4.24.0&#8243; _module_preset=&#8221;default&#8221; max_width=&#8221;800px&#8221; global_colors_info=&#8221;{}&#8221;][et_pb_column type=&#8221;4_4&#8243; _builder_version=&#8221;4.23.4&#8243; _module_preset=&#8221;default&#8221; global_colors_info=&#8221;{}&#8221;][et_pb_text _builder_version=&#8221;4.24.0&#8243; _module_preset=&#8221;92aae06f-c11a-4f4c-95ff-b8e28412f5a2&#8243; global_colors_info=&#8221;{}&#8221;]<\/p>\n<p>FAQ<\/p>\n<p>[\/et_pb_text][et_pb_text _builder_version=&#8221;4.25.1&#8243; _module_preset=&#8221;default&#8221; text_orientation=&#8221;center&#8221; animation_style=&#8221;fade&#8221; global_colors_info=&#8221;{}&#8221;]<\/p>\n<h2 style=\"margin-top: 20.0pt;\"><span lang=\"fr\"><strong>Pergola en aluminium<\/strong><br \/>Questions fr\u00e9quemment pos\u00e9es<\/span><\/h2>\n<p>[\/et_pb_text][et_pb_divider show_divider=&#8221;off&#8221; _builder_version=&#8221;4.23.4&#8243; _module_preset=&#8221;2adabd0f-cb12-404f-9aa7-a3088280e564&#8243; module_alignment=&#8221;center&#8221; global_colors_info=&#8221;{}&#8221;][\/et_pb_divider][dsm_faq dsm_accordion_gap=&#8221;20px&#8221; dsm_make_accordion_toggle=&#8221;on&#8221; dsm_enable_schema_markup=&#8221;on&#8221; dsm_open_font_icon=&#8221;&#x32;||divi||400&#8243; dsm_close_font_icon=&#8221;&#x33;||divi||400&#8243; dsm_animate_icon=&#8221;on&#8221; _builder_version=&#8221;4.25.1&#8243; _module_preset=&#8221;default&#8221; global_colors_info=&#8221;{%22gcid-4f3ca7d5-152d-4540-91b1-cc24563bf794%22:%91%22box_shadow_color_toggle_open_state_shadow%22%93}&#8221;][dsm_faq_child dsm_title=&#8221;Pourquoi installer une pergola en aluminium ?&#8221; dsm_content=&#8221;<\/p>\n<p>En choisissant une pergola en aluminium, vous optez pour une <strong>solution durable et \u00e9l\u00e9gante<\/strong>. L&#8217;aluminium est un mat\u00e9riau <strong>l\u00e9ger et robuste<\/strong>. Il r\u00e9siste parfaitement \u00e0 la corrosion et aux intemp\u00e9ries, assurant une <strong>long\u00e9vit\u00e9 exceptionnelle<\/strong> sans entretien intensif. En plus, les pergolas en aluminium offrent une vari\u00e9t\u00e9 de styles et de finitions qui s&#8217;int\u00e8grent harmonieusement \u00e0 toutes les architectures. Faciles \u00e0 monter gr\u00e2ce \u00e0 des syst\u00e8mes modulables, elles valorisent votre propri\u00e9t\u00e9 en cr\u00e9ant un <strong>espace ext\u00e9rieur fonctionnel et esth\u00e9tique.<\/strong><\/p>\n<p>&#8221; _builder_version=&#8221;4.25.1&#8243; _module_preset=&#8221;default&#8221; global_colors_info=&#8221;{}&#8221; parentOrderClass=&#8221;dsm_faq_1&#8243;][\/dsm_faq_child][dsm_faq_child dsm_title=&#8221;Combien de temps faut-il pour installer une pergola en aluminium ?&#8221; dsm_content=&#8221;<\/p>\n<p>L&#8217;<strong>installation d&#8217;une pergola en aluminium<\/strong> varie en fonction de la complexit\u00e9 et des comp\u00e9tences des installateurs. Pour un<strong> mod\u00e8le standard<\/strong>, vous pouvez compter <strong>une journ\u00e9e<\/strong> de montage. Pour les pergolas plus sophistiqu\u00e9es, int\u00e9grant des options telles que <strong>l&#8217;\u00e9clairage int\u00e9gr\u00e9<\/strong> ou <strong>des stores motoris\u00e9s<\/strong>, l&#8217;installation peut n\u00e9cessiter <strong>trois jours<\/strong> par exemple. Il est conseill\u00e9 de <strong>faire appel \u00e0 des professionnels<\/strong> pour une installation optimale et s\u00e9curis\u00e9e.<\/p>\n<p>&#8221; _builder_version=&#8221;4.25.1&#8243; _module_preset=&#8221;default&#8221; global_colors_info=&#8221;{}&#8221; parentOrderClass=&#8221;dsm_faq_1&#8243;][\/dsm_faq_child][dsm_faq_child dsm_title=&#8221;Comment puis-je fermer ma pergola en aluminium ?&#8221; dsm_content=&#8221;<\/p>\n<p>Pour fermer une pergola en aluminium, plusieurs options s&#8217;offrent \u00e0 vous selon vos besoins et votre budget. Installez des <strong>rideaux<\/strong> ou des <strong>stores en toile<\/strong> pour une solution simple et \u00e9conomique. Des <strong>panneaux coulissants en verre<\/strong> ou en aluminium offrent une protection plus compl\u00e8te contre les intemp\u00e9ries. Pour plus de confort, optez pour des <strong>parois vitr\u00e9es motoris\u00e9es<\/strong>. Ces solutions vous permettent de profiter de votre pergola toute l&#8217;ann\u00e9e, quelles que soient les conditions m\u00e9t\u00e9orologiques.<\/p>\n<p>&#8221; _builder_version=&#8221;4.25.1&#8243; _module_preset=&#8221;default&#8221; global_colors_info=&#8221;{}&#8221; parentOrderClass=&#8221;dsm_faq_1&#8243;][\/dsm_faq_child][dsm_faq_child dsm_title=&#8221;Quelle hauteur maximum pour une pergola en aluminium ?&#8221; dsm_content=&#8221;<\/p>\n<p>La hauteur maximale d&#8217;une pergola en aluminium d\u00e9pend des <strong>r\u00e9glementations locales<\/strong> en mati\u00e8re de construction et des sp\u00e9cifications du <strong>fabricant<\/strong>. En g\u00e9n\u00e9ral, les pergolas standard ont une hauteur de <strong>2,5 \u00e0 3 m\u00e8tres<\/strong>. Pour des structures personnalis\u00e9es, la hauteur peut \u00eatre ajust\u00e9e selon vos besoins et les contraintes de votre habitation. Il est important de v\u00e9rifier les <strong>codes de construction locaux<\/strong> et d&#8217;obtenir les <strong>autorisations n\u00e9cessaires<\/strong> avant d&#8217;installer une pergola de grande hauteur.<\/p>\n<p>&#8221; _builder_version=&#8221;4.25.1&#8243; _module_preset=&#8221;default&#8221; global_colors_info=&#8221;{}&#8221; parentOrderClass=&#8221;dsm_faq_1&#8243;][\/dsm_faq_child][dsm_faq_child dsm_title=&#8221;Quelle est la meilleure protection contre le soleil pour une pergola en aluminium ?&#8221; dsm_content=&#8221;<\/p>\n<p>Pour prot\u00e9ger efficacement votre jardin du soleil, choisissez une pergola en aluminium avec un <strong>toit r\u00e9tractable<\/strong>. Ce type de toiture en toile offre une <strong>protection modulable<\/strong>, vous permettant de profiter pleinement de votre espace ext\u00e9rieur tout en restant \u00e0 l&#8217;abri des <strong>rayons UV<\/strong>. Cette solution flexible s&#8217;adapte \u00e0 vos besoins et cr\u00e9e une zone ombrag\u00e9e confortable et \u00e9l\u00e9gante dans votre jardin.<\/p>\n<p>&#8221; _builder_version=&#8221;4.25.1&#8243; _module_preset=&#8221;default&#8221; global_colors_info=&#8221;{}&#8221; parentOrderClass=&#8221;dsm_faq_1&#8243;][\/dsm_faq_child][dsm_faq_child dsm_title=&#8221;Quel est le co\u00fbt d&#8217;une pergola en aluminium ?&#8221; dsm_content=&#8221;<\/p>\n<p>Le <strong>co\u00fbt d&#8217;une pergola<\/strong> en aluminium d\u00e9pend de <strong>plusieurs facteurs<\/strong> : la taille, le design et les options choisies. Il est recommand\u00e9 de <strong>demander un devis<\/strong> pour r\u00e9aliser une offre adapt\u00e9e \u00e0 vos envies et qui correspond le mieux \u00e0 votre budget.<\/p>\n<p>&#8221; _builder_version=&#8221;4.25.1&#8243; _module_preset=&#8221;default&#8221; global_colors_info=&#8221;{}&#8221; parentOrderClass=&#8221;dsm_faq_1&#8243;][\/dsm_faq_child][dsm_faq_child dsm_title=&#8221;Quels sont les accessoires pour compl\u00e9ter ma pergola en aluminium ?&#8221; dsm_content=&#8221;<\/p>\n<p>Les <strong>options<\/strong> pour personnaliser votre pergola en aluminium incluent des toitures en toile de diff\u00e9rentes couleurs, comme l&#8217;anthracite, ainsi que des <strong>\u00e9clairages int\u00e9gr\u00e9s<\/strong>, des chauffages et des syst\u00e8mes de fermeture. Ces accessoires augmentent la fonctionnalit\u00e9 et le confort de votre pergola, tout en assurant une protection efficace pour votre jardin.<\/p>\n<p>&#8221; _builder_version=&#8221;4.25.1&#8243; _module_preset=&#8221;default&#8221; global_colors_info=&#8221;{}&#8221; parentOrderClass=&#8221;dsm_faq_1&#8243;][\/dsm_faq_child][dsm_faq_child dsm_title=&#8221;Quelle couleur de toile choisir pour ma pergola ?&#8221; dsm_content=&#8221;<\/p>\n<p>La couleur anthracite est un choix populaire pour la <strong>toiture en toile<\/strong> de votre pergola en aluminium. Elle offre une <strong>protection<\/strong> optimale contre le soleil et s&#8217;int\u00e8gre parfaitement dans tous les styles de jardin. Cette couleur donne \u00e9galement une touche moderne et \u00e9l\u00e9gante \u00e0 votre espace ext\u00e9rieur.<\/p>\n<p>&#8221; _builder_version=&#8221;4.25.1&#8243; _module_preset=&#8221;default&#8221; global_colors_info=&#8221;{}&#8221; parentOrderClass=&#8221;dsm_faq_1&#8243;][\/dsm_faq_child][dsm_faq_child dsm_title=&#8221;Comment nettoyer une pergola en aluminium ?&#8221; dsm_content=&#8221;<\/p>\n<p>Nettoyer une pergola en aluminium est simple et rapide. Vous commencez par utiliser de l&#8217;<strong>eau savonneuse<\/strong> et une <strong>\u00e9ponge douce<\/strong> pour \u00e9liminer la salet\u00e9 et les d\u00e9bris. Pour les taches plus tenaces, optez pour un <strong>nettoyant doux non abrasif<\/strong>. \u00c9vitez les produits chimiques agressifs et les brosses dures qui peuvent endommager la finition. Ensuite, vous devez bien rincer \u00e0 l&#8217;<strong>eau claire<\/strong> et s\u00e9cher avec un <strong>chiffon doux<\/strong> pour \u00e9viter les traces d&#8217;eau. Un <strong>nettoyage r\u00e9gulier<\/strong> permet de maintenir l&#8217;apparence et la durabilit\u00e9 de votre pergola.<\/p>\n<p>&#8221; _builder_version=&#8221;4.25.1&#8243; _module_preset=&#8221;default&#8221; global_colors_info=&#8221;{}&#8221; parentOrderClass=&#8221;dsm_faq_1&#8243;][\/dsm_faq_child][dsm_faq_child dsm_title=&#8221;Quel est le d\u00e9lai de livraison pour une pergola en aluminium sur mesure ?&#8221; dsm_content=&#8221;<\/p>\n<p>Le d\u00e9lai de livraison pour une pergola en aluminium sur mesure varie g\u00e9n\u00e9ralement entre <strong>4 et 8 semaines<\/strong>, en fonction de la <strong>complexit\u00e9<\/strong> de votre commande et de la <strong>disponibilit\u00e9<\/strong> des mat\u00e9riaux. Nos pergolas sont fabriqu\u00e9es avec soin pour r\u00e9pondre \u00e0 vos exigences sp\u00e9cifiques, assurant ainsi une qualit\u00e9 et une satisfaction optimales. Profitez d&#8217;un service personnalis\u00e9 et d&#8217;une livraison fiable pour transformer votre espace ext\u00e9rieur en un lieu de d\u00e9tente et de confort.<\/p>\n<p>&#8221; _builder_version=&#8221;4.25.1&#8243; _module_preset=&#8221;default&#8221; global_colors_info=&#8221;{}&#8221; parentOrderClass=&#8221;dsm_faq_1&#8243;][\/dsm_faq_child][dsm_faq_child dsm_title=&#8221;Dois-je pr\u00e9voir un syst\u00e8me d&#8217;\u00e9vacuation des eaux pour ma pergola ?&#8221; dsm_content=&#8221;<\/p>\n<p>il est essentiel de pr\u00e9voir un syst\u00e8me d&#8217;\u00e9vacuation des eaux pour votre pergola en aluminium. Les pergolas modernes sont souvent \u00e9quip\u00e9es de <strong>goutti\u00e8res int\u00e9gr\u00e9es<\/strong> et de <strong>descentes pluviales<\/strong> pour g\u00e9rer efficacement l&#8217;\u00e9coulement de l&#8217;eau de pluie. Cela emp\u00eache l&#8217;accumulation d&#8217;eau sur la structure et prot\u00e8ge l&#8217;espace en dessous de l&#8217;humidit\u00e9. <\/p>\n<p>&#8221; _builder_version=&#8221;4.25.1&#8243; _module_preset=&#8221;default&#8221; global_colors_info=&#8221;{}&#8221; parentOrderClass=&#8221;dsm_faq_1&#8243;][\/dsm_faq_child][\/dsm_faq][\/et_pb_column][\/et_pb_row][\/et_pb_section][et_pb_section fb_built=&#8221;1&#8243; admin_label=&#8221;Temoignages&#8221; module_id=&#8221;temoignages&#8221; _builder_version=&#8221;4.24.0&#8243; _module_preset=&#8221;b213633d-5762-446f-872e-5ca2bd12b219&#8243; background_color=&#8221;gcid-a78bba3e-9a00-4c62-8b29-47f3d6c30097&#8243; global_colors_info=&#8221;{%22gcid-a78bba3e-9a00-4c62-8b29-47f3d6c30097%22:%91%22background_color%22%93}&#8221;][et_pb_row _builder_version=&#8221;4.24.0&#8243; _module_preset=&#8221;e9563919-a9a0-4773-9250-81452e196558&#8243; global_colors_info=&#8221;{}&#8221;][et_pb_column type=&#8221;4_4&#8243; _builder_version=&#8221;4.23.4&#8243; _module_preset=&#8221;default&#8221; global_colors_info=&#8221;{}&#8221;][et_pb_text _builder_version=&#8221;4.24.0&#8243; _module_preset=&#8221;92aae06f-c11a-4f4c-95ff-b8e28412f5a2&#8243; global_colors_info=&#8221;{}&#8221;]<\/p>\n<p>T\u00e9moignages<\/p>\n<p>[\/et_pb_text][et_pb_text _builder_version=&#8221;4.24.0&#8243; _module_preset=&#8221;default&#8221; text_orientation=&#8221;center&#8221; background_layout=&#8221;dark&#8221; global_colors_info=&#8221;{}&#8221;]<\/p>\n<h2>Ils en parlent <strong>mieux<\/strong> que nous<\/h2>\n<p>[\/et_pb_text][et_pb_divider show_divider=&#8221;off&#8221; _builder_version=&#8221;4.23.4&#8243; _module_preset=&#8221;2adabd0f-cb12-404f-9aa7-a3088280e564&#8243; module_alignment=&#8221;center&#8221; global_colors_info=&#8221;{}&#8221;][\/et_pb_divider][\/et_pb_column][\/et_pb_row][et_pb_row column_structure=&#8221;1_3,1_3,1_3&#8243; use_custom_gutter=&#8221;on&#8221; gutter_width=&#8221;4&#8243; make_equal=&#8221;on&#8221; _builder_version=&#8221;4.24.0&#8243; _module_preset=&#8221;default&#8221; custom_padding=&#8221;0px||0px||false|false&#8221; global_colors_info=&#8221;{}&#8221;][et_pb_column type=&#8221;1_3&#8243; _builder_version=&#8221;4.23.4&#8243; _module_preset=&#8221;default&#8221; custom_padding=&#8221;||50px||false|false&#8221; global_colors_info=&#8221;{}&#8221;][et_pb_testimonial author=&#8221;Jean Mathias&#8221; job_title=&#8221;2023&#8243; portrait_url=&#8221;https:\/\/www.verandair.com\/wp-content\/uploads\/2024\/02\/jean-mathias.jpg&#8221; _builder_version=&#8221;4.24.0&#8243; _module_preset=&#8221;d58f6d2e-69be-450a-bd63-327c90b31473&#8243; body_font_size=&#8221;16px&#8221; global_colors_info=&#8221;{%22gcid-5c4546d4-de02-4649-8683-d4192d8e1655%22:%91%22position_text_color%22%93}&#8221;]<\/p>\n<p><span>Un grand merci \u00e0 &#8220;Verandair SA&#8221; pour la fabrication de notre pergola, une superbe r\u00e9alisation d&#8217;une finition exceptionnelle. C&#8217;est la menuiserie Chartier J. de Couvin qui a r\u00e9alis\u00e9 l&#8217;assemblage en sous traitance. Nous sommes absolument ravis du r\u00e9sultat.<\/span><\/p>\n<p>[\/et_pb_testimonial][et_pb_testimonial author=&#8221;Thierry Saeys&#8221; job_title=&#8221;2023&#8243; portrait_url=&#8221;https:\/\/www.verandair.com\/wp-content\/uploads\/2024\/02\/thierry-saeys.jpg&#8221; _builder_version=&#8221;4.24.0&#8243; _module_preset=&#8221;d58f6d2e-69be-450a-bd63-327c90b31473&#8243; body_font_size=&#8221;16px&#8221; global_colors_info=&#8221;{%22gcid-5c4546d4-de02-4649-8683-d4192d8e1655%22:%91%22position_text_color%22%93}&#8221;]<\/p>\n<p><span>Pour ce projet fantastique, nous remercions &#8220;Verandair&#8221; pour la comp\u00e9tence de ses \u00e9quipes hors pair, son savoir-faire et la qualit\u00e9 exceptionnelle de ses produits. Bravo \u00e0 la cha\u00eene des intervenants jamais interrompue durant tout le processus de la commande jusqu\u2019\u00e0 l\u2019ex\u00e9cution finale de l\u2019abri.Du d\u00e9but \u00e0 la fin, nous avons c\u00f4toy\u00e9 l&#8217;excellence professionnelle.<\/span><\/p>\n<p>[\/et_pb_testimonial][\/et_pb_column][et_pb_column type=&#8221;1_3&#8243; _builder_version=&#8221;4.23.4&#8243; _module_preset=&#8221;default&#8221; custom_padding=&#8221;||50px||false|false&#8221; global_colors_info=&#8221;{}&#8221;][et_pb_testimonial author=&#8221;Dani\u00e8le Ledoux&#8221; job_title=&#8221;2022&#8243; portrait_url=&#8221;https:\/\/www.verandair.com\/wp-content\/uploads\/2024\/02\/daniele-ledoux.jpg&#8221; _builder_version=&#8221;4.24.0&#8243; _module_preset=&#8221;d58f6d2e-69be-450a-bd63-327c90b31473&#8243; body_font_size=&#8221;16px&#8221; global_colors_info=&#8221;{%22gcid-5c4546d4-de02-4649-8683-d4192d8e1655%22:%91%22position_text_color%22%93}&#8221;]<\/p>\n<p><span>Quand le r\u00eave devient r\u00e9alit\u00e9<\/span><br \/><span>Apr\u00e8s un passage chez Verandair au showroom de Spy , bien conseill\u00e9e par Monsieur Rahmani Vincent , me voil\u00e0 \u00e9quip\u00e9e d&#8217;un tr\u00e8s bel abri de terrasse. Merci aussi \u00e0 la personne en charge de la bonne prise de mesure<\/span><br \/><span>L&#8217;\u00e9quipe de la Menuiserie Chartier a prest\u00e9 un magnifique travail et fin de journ\u00e9e tout \u00e9tait termin\u00e9<\/span><br \/><span>Wouah&#8230;. que du bonheur<\/span><br \/><span>Merci<\/span><\/p>\n<p>[\/et_pb_testimonial][et_pb_testimonial author=&#8221;Sandrina Valenzano&#8221; job_title=&#8221;2023&#8243; portrait_url=&#8221;https:\/\/www.verandair.com\/wp-content\/uploads\/2024\/02\/sandrina.jpg&#8221; _builder_version=&#8221;4.24.0&#8243; _module_preset=&#8221;d58f6d2e-69be-450a-bd63-327c90b31473&#8243; body_font_size=&#8221;16px&#8221; global_colors_info=&#8221;{%22gcid-5c4546d4-de02-4649-8683-d4192d8e1655%22:%91%22position_text_color%22%93}&#8221;]<\/p>\n<p><span>Structure impeccable, solide, tr\u00e8s joli.<\/span><\/p>\n<p>[\/et_pb_testimonial][\/et_pb_column][et_pb_column type=&#8221;1_3&#8243; _builder_version=&#8221;4.23.4&#8243; _module_preset=&#8221;default&#8221; custom_padding=&#8221;||50px||false|false&#8221; global_colors_info=&#8221;{}&#8221;][et_pb_testimonial author=&#8221;Philippe Custers&#8221; job_title=&#8221;2022&#8243; portrait_url=&#8221;https:\/\/www.verandair.com\/wp-content\/uploads\/2024\/02\/philippe-custers.jpg&#8221; _builder_version=&#8221;4.24.0&#8243; _module_preset=&#8221;d58f6d2e-69be-450a-bd63-327c90b31473&#8243; body_font_size=&#8221;16px&#8221; global_colors_info=&#8221;{%22gcid-5c4546d4-de02-4649-8683-d4192d8e1655%22:%91%22position_text_color%22%93}&#8221;]<\/p>\n<p><span>Le r\u00e9sultat d\u00e9passe les attentes de l&#8217;acqu\u00e9reur&#8230; Travail minutieux et pr\u00e9cis, le suivi depuis les plans de fabrication jusqu&#8217;au montage final et m\u00eame les petits correctifs \u00e0 posteriori, c&#8217;est tr\u00e8s professionnel!<\/span><br \/><span>Bravo \u00e0 toutes les \u00e9quipes qui y ont contribu\u00e9.<\/span><\/p>\n<p>[\/et_pb_testimonial][et_pb_testimonial author=&#8221;Yves Verdonck&#8221; job_title=&#8221;2021&#8243; portrait_url=&#8221;https:\/\/www.verandair.com\/wp-content\/uploads\/2024\/02\/yves-verdonck.jpg&#8221; _builder_version=&#8221;4.24.0&#8243; _module_preset=&#8221;d58f6d2e-69be-450a-bd63-327c90b31473&#8243; body_font_size=&#8221;16px&#8221; global_colors_info=&#8221;{%22gcid-5c4546d4-de02-4649-8683-d4192d8e1655%22:%91%22position_text_color%22%93}&#8221;]<\/p>\n<p>Super content ! Belle finition\u2026qualit\u00e9, s\u00e9rieux et propret\u00e9 de la part de l\u2019\u00e9quipe de placement ! Le tout dans la jovialit\u00e9 et de bons conseils ! Soci\u00e9t\u00e9 belge implant\u00e9e en Wallonie soucieuse de r\u00e9pondre \u00e0 nos attentes tout au long de notre projet ! A recommander !<\/p>\n<p>[\/et_pb_testimonial][\/et_pb_column][\/et_pb_row][\/et_pb_section][et_pb_section fb_built=&#8221;1&#8243; admin_label=&#8221;Modeles&#8221; module_id=&#8221;modeles&#8221; _builder_version=&#8221;4.24.0&#8243; _module_preset=&#8221;b213633d-5762-446f-872e-5ca2bd12b219&#8243; global_colors_info=&#8221;{}&#8221;][et_pb_row _builder_version=&#8221;4.24.0&#8243; _module_preset=&#8221;e9563919-a9a0-4773-9250-81452e196558&#8243; custom_padding=&#8221;||0px||false|false&#8221; global_colors_info=&#8221;{}&#8221;][et_pb_column type=&#8221;4_4&#8243; _builder_version=&#8221;4.23.4&#8243; _module_preset=&#8221;default&#8221; global_colors_info=&#8221;{}&#8221;][et_pb_text _builder_version=&#8221;4.24.0&#8243; _module_preset=&#8221;92aae06f-c11a-4f4c-95ff-b8e28412f5a2&#8243; global_colors_info=&#8221;{}&#8221;]<\/p>\n<p>Mod\u00e8les li\u00e9s<\/p>\n<p>[\/et_pb_text][et_pb_text _builder_version=&#8221;4.24.0&#8243; _module_preset=&#8221;default&#8221; text_orientation=&#8221;center&#8221; global_colors_info=&#8221;{}&#8221;]<\/p>\n<h2>Nos autres <strong>mod\u00e8les de pergolas<\/strong><\/h2>\n<p>[\/et_pb_text][et_pb_divider show_divider=&#8221;off&#8221; _builder_version=&#8221;4.23.4&#8243; _module_preset=&#8221;2adabd0f-cb12-404f-9aa7-a3088280e564&#8243; module_alignment=&#8221;center&#8221; global_colors_info=&#8221;{}&#8221;][\/et_pb_divider][\/et_pb_column][\/et_pb_row][et_pb_row column_structure=&#8221;1_2,1_2&#8243; use_custom_gutter=&#8221;on&#8221; _builder_version=&#8221;4.24.0&#8243; _module_preset=&#8221;default&#8221; custom_margin=&#8221;||||false|false&#8221; global_colors_info=&#8221;{}&#8221;][et_pb_column type=&#8221;1_2&#8243; _builder_version=&#8221;4.23.4&#8243; _module_preset=&#8221;default&#8221; animation_style=&#8221;slide&#8221; animation_direction=&#8221;right&#8221; custom_css_main_element=&#8221;margin-bottom: 35px;&#8221; global_colors_info=&#8221;{}&#8221;][et_pb_cta title=&#8221;La pergola cabriolet&#8221; button_url=&#8221;@ET-DC@eyJkeW5hbWljIjp0cnVlLCJjb250ZW50IjoicG9zdF9saW5rX3VybF9wYWdlIiwic2V0dGluZ3MiOnsicG9zdF9pZCI6IjIyMTMifX0=@&#8221; button_text=&#8221;D\u00e9couvrir&#8221; _builder_version=&#8221;4.24.2&#8243; _dynamic_attributes=&#8221;button_url&#8221; _module_preset=&#8221;3620f67c-ee87-47f1-8834-b75c8fba812a&#8221; background_image=&#8221;https:\/\/www.verandair.com\/wp-content\/uploads\/2022\/08\/veranda-retractable-2.jpeg&#8221; global_colors_info=&#8221;{%22gcid-a78bba3e-9a00-4c62-8b29-47f3d6c30097%22:%91%22background_color%22%93,%22gcid-02eea4c1-992a-4bff-aee2-539b98054199%22:%91%22button_bg_color%22%93,%22gcid-6765a8f9-be90-4ab4-9fed-0cfcb9d46015%22:%91%22button_bg_color_gradient_stops%22%93}&#8221;]<\/p>\n<p><span>Une pergola avec une <strong>structure<\/strong> <strong>r\u00e9tractable<\/strong><\/span><\/p>\n<p>[\/et_pb_cta][\/et_pb_column][et_pb_column type=&#8221;1_2&#8243; _builder_version=&#8221;4.23.4&#8243; _module_preset=&#8221;default&#8221; animation_style=&#8221;slide&#8221; animation_direction=&#8221;right&#8221; custom_css_main_element=&#8221;margin-bottom: 35px;&#8221; global_colors_info=&#8221;{}&#8221;][et_pb_cta title=&#8221;La pergola Prestige&#8221; button_url=&#8221;@ET-DC@eyJkeW5hbWljIjp0cnVlLCJjb250ZW50IjoicG9zdF9saW5rX3VybF9wYWdlIiwic2V0dGluZ3MiOnsicG9zdF9pZCI6IjIzMzkifX0=@&#8221; button_text=&#8221;D\u00e9couvrir&#8221; _builder_version=&#8221;4.24.0&#8243; _dynamic_attributes=&#8221;button_url&#8221; _module_preset=&#8221;3620f67c-ee87-47f1-8834-b75c8fba812a&#8221; background_image=&#8221;https:\/\/www.verandair.com\/wp-content\/uploads\/2024\/02\/VERANDAIR-pergola-prestige-03.jpg&#8221; global_colors_info=&#8221;{%22gcid-a78bba3e-9a00-4c62-8b29-47f3d6c30097%22:%91%22background_color%22%93,%22gcid-02eea4c1-992a-4bff-aee2-539b98054199%22:%91%22button_bg_color%22%93,%22gcid-6765a8f9-be90-4ab4-9fed-0cfcb9d46015%22:%91%22button_bg_color_gradient_stops%22%93}&#8221;]<\/p>\n<p><span>Une pergola\u00a0luxueuse et esth\u00e9tique en aluminium et bois <\/span><\/p>\n<p>[\/et_pb_cta][\/et_pb_column][\/et_pb_row][\/et_pb_section][et_pb_section fb_built=&#8221;1&#8243; admin_label=&#8221;Blog&#8221; _builder_version=&#8221;4.24.1&#8243; _module_preset=&#8221;b213633d-5762-446f-872e-5ca2bd12b219&#8243; background_color=&#8221;RGBA(255,255,255,0)&#8221; use_background_color_gradient=&#8221;on&#8221; background_color_gradient_stops=&#8221;rgba(255,255,255,0) 0%|gcid-7df8ee83-ae0d-4f60-a763-b085a292aac7 45%&#8221; z_index=&#8221;25&#8243; global_colors_info=&#8221;{%22gcid-7df8ee83-ae0d-4f60-a763-b085a292aac7%22:%91%22background_color_gradient_stops%22%93}&#8221;][et_pb_row column_structure=&#8221;1_3,2_3&#8243; _builder_version=&#8221;4.24.0&#8243; _module_preset=&#8221;e9563919-a9a0-4773-9250-81452e196558&#8243; global_colors_info=&#8221;{}&#8221;][et_pb_column type=&#8221;1_3&#8243; _builder_version=&#8221;4.23.4&#8243; _module_preset=&#8221;default&#8221; z_index=&#8221;10&#8243; global_colors_info=&#8221;{}&#8221;][et_pb_text _builder_version=&#8221;4.24.0&#8243; _module_preset=&#8221;92aae06f-c11a-4f4c-95ff-b8e28412f5a2&#8243; text_orientation=&#8221;left&#8221; global_colors_info=&#8221;{}&#8221;]<\/p>\n<p>Outdoor lifestyle magazine<\/p>\n<p>[\/et_pb_text][et_pb_text _builder_version=&#8221;4.25.1&#8243; _module_preset=&#8221;default&#8221; custom_margin=&#8221;||30px||false|false&#8221; global_colors_info=&#8221;{}&#8221;]<\/p>\n<h2>Tout savoir\u2028sur les <strong>pergolas en aluminium<\/strong><\/h2>\n<p>[\/et_pb_text][et_pb_divider _builder_version=&#8221;4.23.4&#8243; _module_preset=&#8221;2adabd0f-cb12-404f-9aa7-a3088280e564&#8243; global_colors_info=&#8221;{}&#8221;][\/et_pb_divider][et_pb_sidebar area=&#8221;et_pb_widget_area_1&#8243; _builder_version=&#8221;4.24.0&#8243; _module_preset=&#8221;default&#8221; custom_margin=&#8221;||0px||false|false&#8221; custom_padding=&#8221;20px|0px||0px|false|true&#8221; custom_css_free_form=&#8221;selector .wp-block-categories-list {||    display: flex;||    flex-wrap: wrap;||}||||selector .wp-block-categories-list li {||  padding: 0 5px 10px 0;||}||||selector .wp-block-categories-list li a {||  padding: 10px 20px;||  box-shadow: 3px 3px 20px rgba(0,0,0,.1);||  border-radius: 60px;||  font-size: 15px;||  color: #000;||  background: #fff;||  transition: all .2s ease-in-out;||}||||selector .wp-block-categories-list li a:hover {||  background: #000;||  color: #fff;||}&#8221; border_color_right=&#8221;RGBA(255,255,255,0)&#8221; global_colors_info=&#8221;{}&#8221;][\/et_pb_sidebar][et_pb_button button_url=&#8221;@ET-DC@eyJkeW5hbWljIjp0cnVlLCJjb250ZW50IjoicG9zdF9saW5rX3VybF9wYWdlIiwic2V0dGluZ3MiOnsicG9zdF9pZCI6IjM4MCJ9fQ==@&#8221; button_text=&#8221;D\u00e9couvrir&#8221; _builder_version=&#8221;4.24.0&#8243; _dynamic_attributes=&#8221;button_url&#8221; _module_preset=&#8221;ae8d3791-01a2-4c4b-b221-c3f14f812284&#8243; custom_margin=&#8221;||35px||false|false&#8221; global_colors_info=&#8221;{}&#8221;][\/et_pb_button][\/et_pb_column][et_pb_column type=&#8221;2_3&#8243; _builder_version=&#8221;4.23.4&#8243; _module_preset=&#8221;default&#8221; global_colors_info=&#8221;{}&#8221;][dsm_blog_carousel include_categories=&#8221;33&#8243; navi_size=&#8221;40&#8243; columns_tablet=&#8221;1&#8243; columns_phone=&#8221;1&#8243; columns_last_edited=&#8221;on|tablet&#8221; _builder_version=&#8221;4.24.2&#8243; _module_preset=&#8221;d5a15927-9c47-4971-b95e-d0825f505ea9&#8243; global_colors_info=&#8221;{%22gcid-a78bba3e-9a00-4c62-8b29-47f3d6c30097%22:%91%22navi_color%22%93}&#8221;][\/dsm_blog_carousel][\/et_pb_column][\/et_pb_row][\/et_pb_section][et_pb_section fb_built=&#8221;1&#8243; admin_label=&#8221;Projet&#8221; _builder_version=&#8221;4.24.0&#8243; _module_preset=&#8221;b213633d-5762-446f-872e-5ca2bd12b219&#8243; z_index=&#8221;25&#8243; global_colors_info=&#8221;{}&#8221;][et_pb_row _builder_version=&#8221;4.24.0&#8243; _module_preset=&#8221;e9563919-a9a0-4773-9250-81452e196558&#8243; custom_padding=&#8221;||0px||false|false&#8221; global_colors_info=&#8221;{}&#8221;][et_pb_column type=&#8221;4_4&#8243; _builder_version=&#8221;4.23.4&#8243; _module_preset=&#8221;default&#8221; global_colors_info=&#8221;{}&#8221;][et_pb_text _builder_version=&#8221;4.23.4&#8243; _module_preset=&#8221;92aae06f-c11a-4f4c-95ff-b8e28412f5a2&#8243; global_colors_info=&#8221;{}&#8221;]<\/p>\n<p><span>Par o\u00f9 commencer ?<\/span><\/p>\n<p>[\/et_pb_text][et_pb_text _builder_version=&#8221;4.24.0&#8243; _module_preset=&#8221;default&#8221; text_orientation=&#8221;center&#8221; animation_style=&#8221;fade&#8221; global_colors_info=&#8221;{}&#8221;]<\/p>\n<h2>Envie de parler de votre projet ?<br \/><strong>Rencontrons-nous<\/strong><\/h2>\n<p>[\/et_pb_text][et_pb_divider show_divider=&#8221;off&#8221; _builder_version=&#8221;4.23.4&#8243; _module_preset=&#8221;2adabd0f-cb12-404f-9aa7-a3088280e564&#8243; module_alignment=&#8221;center&#8221; global_colors_info=&#8221;{}&#8221;][\/et_pb_divider][\/et_pb_column][\/et_pb_row][et_pb_row column_structure=&#8221;1_3,1_3,1_3&#8243; _builder_version=&#8221;4.24.0&#8243; _module_preset=&#8221;e9563919-a9a0-4773-9250-81452e196558&#8243; global_colors_info=&#8221;{}&#8221;][et_pb_column type=&#8221;1_3&#8243; _builder_version=&#8221;4.23.4&#8243; _module_preset=&#8221;default&#8221; global_colors_info=&#8221;{}&#8221;][et_pb_text _builder_version=&#8221;4.24.0&#8243; _module_preset=&#8221;c1327978-d07a-430c-a2ac-6bd6aef22921&#8243; global_colors_info=&#8221;{}&#8221;]<\/p>\n<p>01.<\/p>\n<p>[\/et_pb_text][et_pb_text _builder_version=&#8221;4.25.1&#8243; _module_preset=&#8221;5298e62e-f7ac-4dd9-b361-006fc4da68de&#8221; global_colors_info=&#8221;{}&#8221;]<\/p>\n<h3>Prenez rendez-vous<\/h3>\n<p>Initiez votre projet de pergola en aluminium en planifiant une rencontre. C\u2019est le premier pas vers la concr\u00e9tisation de vos besoins.<\/p>\n<p>[\/et_pb_text][\/et_pb_column][et_pb_column type=&#8221;1_3&#8243; _builder_version=&#8221;4.23.4&#8243; _module_preset=&#8221;default&#8221; global_colors_info=&#8221;{}&#8221;][et_pb_text _builder_version=&#8221;4.23.4&#8243; _module_preset=&#8221;c1327978-d07a-430c-a2ac-6bd6aef22921&#8243; global_colors_info=&#8221;{}&#8221;]<\/p>\n<p>02.<\/p>\n<p>[\/et_pb_text][et_pb_text _builder_version=&#8221;4.24.2&#8243; _module_preset=&#8221;5298e62e-f7ac-4dd9-b361-006fc4da68de&#8221; global_colors_info=&#8221;{}&#8221;]<\/p>\n<h3>Nous d\u00e9finissons ensemble votre projet<\/h3>\n<p>Lors de notre rencontre, nous \u00e9tablissons chaque d\u00e9tail de votre projet, en alignant vos besoins avec nos solutions sur mesure<\/p>\n<p>[\/et_pb_text][\/et_pb_column][et_pb_column type=&#8221;1_3&#8243; _builder_version=&#8221;4.23.4&#8243; _module_preset=&#8221;default&#8221; global_colors_info=&#8221;{}&#8221;][et_pb_text _builder_version=&#8221;4.23.4&#8243; _module_preset=&#8221;c1327978-d07a-430c-a2ac-6bd6aef22921&#8243; global_colors_info=&#8221;{}&#8221;]<\/p>\n<p>03.<\/p>\n<p>[\/et_pb_text][et_pb_text _builder_version=&#8221;4.25.1&#8243; _module_preset=&#8221;5298e62e-f7ac-4dd9-b361-006fc4da68de&#8221; global_colors_info=&#8221;{}&#8221;]<\/p>\n<h3>Vous d\u00e9cidez<\/h3>\n<p>Apr\u00e8s avoir discut\u00e9 de tous les aspects de votre projet de pergola en aluminium, c\u2019est \u00e0 vous de prendre la d\u00e9cision finale<\/p>\n<p>[\/et_pb_text][\/et_pb_column][\/et_pb_row][et_pb_row _builder_version=&#8221;4.23.4&#8243; _module_preset=&#8221;default&#8221; global_colors_info=&#8221;{}&#8221;][et_pb_column type=&#8221;4_4&#8243; _builder_version=&#8221;4.23.4&#8243; _module_preset=&#8221;default&#8221; global_colors_info=&#8221;{}&#8221;][et_pb_button button_url=&#8221;@ET-DC@eyJkeW5hbWljIjp0cnVlLCJjb250ZW50IjoicG9zdF9saW5rX3VybF9wYWdlIiwic2V0dGluZ3MiOnsicG9zdF9pZCI6IjgwIn19@&#8221; button_text=&#8221;Fixer un rendez-vous&#8221; button_alignment=&#8221;center&#8221; _builder_version=&#8221;4.23.4&#8243; _dynamic_attributes=&#8221;button_url&#8221; _module_preset=&#8221;default&#8221; global_colors_info=&#8221;{}&#8221;][\/et_pb_button][\/et_pb_column][\/et_pb_row][\/et_pb_section]<\/p>\n","protected":false},"excerpt":{"rendered":"<p><div class=\"et_pb_module dsm_breadcrumbs dsm_breadcrumbs_0 et_animated\">\n\t\t\t\t\n\t\t\t\t\n\t\t\t\t\n\t\t\t\t\n\t\t\t\t\n\t\t\t\t\n\t\t\t\t<div class=\"et_pb_module_inner\">\n\t\t\t\t\t<nav class=\"dsm_breadcrumbs_wrap\">\n\t\t\t\t<ul class=\"dsm_breadcrumbs\" itemscope itemtype=\"https:\/\/schema.org\/BreadcrumbList\">\t\t\t<li class=\"dsm_breadcrumbs_item dsm_home_item dsm_home_item_custom\" itemprop=\"itemListElement\" itemscope\n\t\t\titemtype=\"https:\/\/schema.org\/ListItem\">\n\t\t\t\t<a href=\"https:\/\/www.verandair.com\/fr\/\" itemprop=\"item\" target=\"\">\n\t\t\t\t\t<span class='dsm_home_text_wrapper'>\n\t\t\t\t\t\t\t\t\t\t\t\t\t<span class=\"et-pb-icon dsm_home_icon\">&#xe009;<\/span>\n\t\t\t\t\t\t\t\t\t\t\t\t\t<span class=\"dsm_home_text\" itemprop=\"name\">\n\t\t\t\t\t\t\t\t \t\t\t\t\t\t\t<\/span>\n\t\t\t\t\t<\/span>\n\t\t\t\t<\/a>\n\t\t\t\t<meta itemprop=\"position\" content=\"1\" \/>\n\t\t\t<\/li>\n\n\t\t<li class=\"dsm_breadcrumbs_separator\"> <span class=\"et-pb-icon dsm_separator_icon\">&#x35;<\/span><\/li><\/ul>\n\t\t\t<\/nav>\n\t\t\t\t<\/div>\n\t\t\t<\/div>La pergola en aluminiumR\u00e9ponse sous 24h !<div class=\"et_pb_module dsm_card_carousel dsm_card_carousel_0 dsm_card_carousel_layout_inline dsm_card_carousel_tablet_layout_stacked  dsm_card_carousel_equal_height dsm_card_carousel_arrow_inside dsm_card_carousel_arrow_mobile_inside\">\n\t\t\t\t\n\t\t\t\t\n\t\t\t\t\n\t\t\t\t\n\t\t\t\t\n\t\t\t\t\n\t\t\t\t<div class=\"et_pb_module_inner\">\n\t\t\t\t\t\n\t\t\t\n\t\t\t<div class=\"swiper-container dsm_card_carousel_wrapper\" dir=\"ltr\" data-params=\"[{&quot;direction&quot;:&quot;horizontal&quot;,&quot;effect&quot;:&quot;default&quot;,&quot;slider_effect_shadows&quot;:false,&quot;slider_effect_coverflow_rotate&quot;:&quot;30&quot;,&quot;slider_effect_coverflow_depth&quot;:&quot;0&quot;,&quot;loop&quot;:true,&quot;infinite_smooth_scrolling&quot;:false,&quot;slide_to_show&quot;:&quot;1&quot;,&quot;slide_to_show_tablet&quot;:&quot;1&quot;,&quot;slide_to_show_phone&quot;:&quot;1&quot;,&quot;slide_to_scroll&quot;:&quot;1&quot;,&quot;slide_to_scroll_tablet&quot;:&quot;1&quot;,&quot;slide_to_scroll_phone&quot;:&quot;1&quot;,&quot;space_between&quot;:&quot;15&quot;,&quot;space_between_tablet&quot;:&quot;15&quot;,&quot;space_between_phone&quot;:&quot;15&quot;,&quot;centered_slides&quot;:false,&quot;multiple_slide_row&quot;:&quot;off&quot;,&quot;slide_row&quot;:&quot;1&quot;,&quot;slide_row_tablet&quot;:&quot;1&quot;,&quot;slide_row_phone&quot;:&quot;1&quot;,&quot;speed&quot;:&quot;800&quot;,&quot;autoplay&quot;:false,&quot;autoplay_speed&quot;:&quot;3000&quot;,&quot;autoplay_viewport&quot;:&quot;&quot;,&quot;touch_move&quot;:true,&quot;grab&quot;:true,&quot;pause_on_hover&quot;:false,&quot;mousewheel&quot;:false,&quot;auto_height&quot;:true,&quot;equal_height&quot;:true,&quot;equal_height_tablet&quot;:true,&quot;equal_height_phone&quot;:true}]\">\n\t\t\t<div class=\"swiper-wrapper\"><div class=\"dsm_card_carousel_child dsm_card_carousel_child_0 swiper-slide\">\n\t\t\t\t\n\t\t\t\t\n\t\t\t\t\n\t\t\t\t\n\t\t\t\t\n\t\t\t\t\n\t\t\t\t<div class=\"et_pb_module_inner\">\n\t\t\t\t\t\n\t\t\t\n\t\t\t<figure class=\"dsm_card_carousel_child_image_wrapper dsm_card_carousel_child_badge_top_left\"><img decoding=\"async\" src=\"https:\/\/www.verandair.com\/wp-content\/uploads\/2024\/02\/baie-vitree-aluminium.jpeg\" alt=\"Baie vitr\u00e9e en aluminium qui reforme une v\u00e9randa\" srcset=\"https:\/\/www.verandair.com\/wp-content\/uploads\/2024\/02\/baie-vitree-aluminium.jpeg 902w, https:\/\/www.verandair.com\/wp-content\/uploads\/2024\/02\/baie-vitree-aluminium-480x360.jpeg 480w\" sizes=\"(min-width: 0px) and (max-width: 480px) 480px, (min-width: 481px) 902px, 100vw\" class=\"dsm_card_carousel_child_img  dsm_card_carousel_image_stretch skip-lazy\" \/><div class=\"dsm_card_carousel_child_badge_text\">Namur, BE<\/div><\/figure>\n\t\t\t<div class=\"dsm_card_wrapper et_pb_text_align_left et_pb_bg_layout_light\">\n\t\t\t\t\t<h3 class=\"dsm_card_title et_pb_module_header\">Pergola en aluminium<\/h3>\n\t\t\t\t\t\n\t\t\t\t\t<div class=\"dsm_card_carousel_child_description\">ALU\u20286061 T6anti-corrosion 2500coloris RAL <\/div>\n\t\t\t\t\t\n\t\t\t\t<\/div>\n\t\t\t\t<\/div>\n\t\t\t<\/div><div class=\"dsm_card_carousel_child dsm_card_carousel_child_1 swiper-slide\">\n\t\t\t\t\n\t\t\t\t\n\t\t\t\t\n\t\t\t\t\n\t\t\t\t\n\t\t\t\t\n\t\t\t\t<div class=\"et_pb_module_inner\">\n\t\t\t\t\t\n\t\t\t\n\t\t\t<figure class=\"dsm_card_carousel_child_image_wrapper dsm_card_carousel_child_badge_top_left\"><img decoding=\"async\" src=\"https:\/\/www.verandair.com\/wp-content\/uploads\/2024\/02\/pergola-en-aluminium.jpeg\" alt=\"Pergola toit fixe en aluminium sur une terrasse avec une table et des chaises\" srcset=\"https:\/\/www.verandair.com\/wp-content\/uploads\/2024\/02\/pergola-en-aluminium.jpeg 799w, https:\/\/www.verandair.com\/wp-content\/uploads\/2024\/02\/pergola-en-aluminium-480x360.jpeg 480w\" sizes=\"(min-width: 0px) and (max-width: 480px) 480px, (min-width: 481px) 799px, 100vw\" class=\"dsm_card_carousel_child_img  dsm_card_carousel_image_stretch skip-lazy\" \/><div class=\"dsm_card_carousel_child_badge_text\">Namur, BE<\/div><\/figure>\n\t\t\t<div class=\"dsm_card_wrapper et_pb_text_align_left et_pb_bg_layout_light\">\n\t\t\t\t\t<h3 class=\"dsm_card_title et_pb_module_header\">Pergola en aluminium<\/h3>\n\t\t\t\t\t\n\t\t\t\t\t<div class=\"dsm_card_carousel_child_description\">ALU\u20286061 T6anti-corrosion 2500coloris RAL <\/div>\n\t\t\t\t\t\n\t\t\t\t<\/div>\n\t\t\t\t<\/div>\n\t\t\t<\/div><div class=\"dsm_card_carousel_child dsm_card_carousel_child_2 swiper-slide\">\n\t\t\t\t\n\t\t\t\t\n\t\t\t\t\n\t\t\t\t\n\t\t\t\t\n\t\t\t\t\n\t\t\t\t<div class=\"et_pb_module_inner\">\n\t\t\t\t\t\n\t\t\t\n\t\t\t<figure class=\"dsm_card_carousel_child_image_wrapper dsm_card_carousel_child_badge_top_left\"><img decoding=\"async\" src=\"https:\/\/www.verandair.com\/wp-content\/uploads\/2024\/01\/VERANDAIR-pergola-fermee-3.jpg\" alt=\"Pergola toit fixe avec petit logo verandair\" srcset=\"https:\/\/www.verandair.com\/wp-content\/uploads\/2024\/01\/VERANDAIR-pergola-fermee-3.jpg 1200w, https:\/\/www.verandair.com\/wp-content\/uploads\/2024\/01\/VERANDAIR-pergola-fermee-3-980x653.jpg 980w, https:\/\/www.verandair.com\/wp-content\/uploads\/2024\/01\/VERANDAIR-pergola-fermee-3-480x320.jpg 480w\" sizes=\"(min-width: 0px) and (max-width: 480px) 480px, (min-width: 481px) and (max-width: 980px) 980px, (min-width: 981px) 1200px, 100vw\" class=\"dsm_card_carousel_child_img  dsm_card_carousel_image_stretch skip-lazy\" \/><div class=\"dsm_card_carousel_child_badge_text\">Namur, BE<\/div><\/figure>\n\t\t\t<div class=\"dsm_card_wrapper et_pb_text_align_left et_pb_bg_layout_light\">\n\t\t\t\t\t<h3 class=\"dsm_card_title et_pb_module_header\">Pergola en aluminium<\/h3>\n\t\t\t\t\t\n\t\t\t\t\t<div class=\"dsm_card_carousel_child_description\">ALU\u20286061 T6anti-corrosion 2500coloris RAL <\/div>\n\t\t\t\t\t\n\t\t\t\t<\/div>\n\t\t\t\t<\/div>\n\t\t\t<\/div><div class=\"dsm_card_carousel_child dsm_card_carousel_child_3 swiper-slide\">\n\t\t\t\t\n\t\t\t\t\n\t\t\t\t\n\t\t\t\t\n\t\t\t\t\n\t\t\t\t\n\t\t\t\t<div class=\"et_pb_module_inner\">\n\t\t\t\t\t\n\t\t\t\n\t\t\t<figure class=\"dsm_card_carousel_child_image_wrapper dsm_card_carousel_child_badge_top_left\"><img decoding=\"async\" src=\"https:\/\/www.verandair.com\/wp-content\/uploads\/2019\/06\/Pergola-en-aluminium.jpg\" alt=\"Pergola en aluminium\" srcset=\"https:\/\/www.verandair.com\/wp-content\/uploads\/2019\/06\/Pergola-en-aluminium.jpg 960w, https:\/\/www.verandair.com\/wp-content\/uploads\/2019\/06\/Pergola-en-aluminium-480x320.jpg 480w\" sizes=\"(min-width: 0px) and (max-width: 480px) 480px, (min-width: 481px) 960px, 100vw\" class=\"dsm_card_carousel_child_img  dsm_card_carousel_image_stretch skip-lazy\" \/><div class=\"dsm_card_carousel_child_badge_text\">Namur, BE<\/div><\/figure>\n\t\t\t<div class=\"dsm_card_wrapper et_pb_text_align_left et_pb_bg_layout_light\">\n\t\t\t\t\t<h3 class=\"dsm_card_title et_pb_module_header\">Pergola en aluminium<\/h3>\n\t\t\t\t\t\n\t\t\t\t\t<div class=\"dsm_card_carousel_child_description\">ALU\u20286061 T6anti-corrosion 2500coloris RAL <\/div>\n\t\t\t\t\t\n\t\t\t\t<\/div>\n\t\t\t\t<\/div>\n\t\t\t<\/div><\/div>\n\t\t\t<\/div><div class=\"swiper-button-prev dsm_card_carousel_arrow\" data-icon=\"&#x23;\"><\/div><div class=\"swiper-button-next dsm_card_carousel_arrow\" data-icon=\"&#x24;\"><\/div><div class=\"swiper-pagination dsm_card_carousel_pagination\"><\/div>\n\t\t\t\t<\/div>\n\t\t\t<\/div>Apportez une touche de modernit\u00e9 \u00e0 votre terrasse avec la pergola en aluminium !Les pergolas en aluminium de VERANDAIR\u00ae sont une alternative moderne et \u00e9l\u00e9gante aux abris de terrasse en bois. Fabriqu\u00e9es sur mesure dans nos ateliers situ\u00e9s \u00e0 Mariembourg en Belgique, nos pergolas en aluminium apportent une touche design [&hellip;]<\/p>\n","protected":false},"author":10,"featured_media":0,"parent":2277,"menu_order":0,"comment_status":"closed","ping_status":"closed","template":"","meta":{"_acf_changed":false,"_et_pb_use_builder":"on","_et_pb_old_content":"","_et_gb_content_width":"","inline_featured_image":false,"footnotes":""},"class_list":["post-63193","page","type-page","status-publish","hentry"],"acf":[],"yoast_head":"<!-- This site is optimized with the Yoast SEO plugin v27.5 - https:\/\/yoast.com\/product\/yoast-seo-wordpress\/ -->\n<title>Confort et design avec la pergola aluminium VERANDAIR\u00ae<\/title>\n<meta name=\"description\" content=\"Optez pour la pergola aluminium VERANDAIR\u00ae pour une protection durable contre le vent, les intemp\u00e9ries et les UV. Fabrication belge.\" \/>\n<meta name=\"robots\" content=\"index, follow, max-snippet:-1, max-image-preview:large, max-video-preview:-1\" \/>\n<link rel=\"canonical\" href=\"https:\/\/www.verandair.com\/fr\/pergolas\/pergola-aluminium\/\" \/>\n<meta property=\"og:locale\" content=\"fr_FR\" \/>\n<meta property=\"og:type\" content=\"article\" \/>\n<meta property=\"og:title\" content=\"Confort et design avec la pergola aluminium VERANDAIR\u00ae\" \/>\n<meta property=\"og:description\" content=\"Optez pour la pergola aluminium VERANDAIR\u00ae pour une protection durable contre le vent, les intemp\u00e9ries et les UV. Fabrication belge.\" \/>\n<meta property=\"og:url\" content=\"https:\/\/www.verandair.com\/fr\/pergolas\/pergola-aluminium\/\" \/>\n<meta property=\"og:site_name\" content=\"VERANDAIR\u00ae\" \/>\n<meta property=\"article:modified_time\" content=\"2026-02-27T10:53:22+00:00\" \/>\n<meta property=\"og:image\" content=\"https:\/\/www.verandair.com\/wp-content\/uploads\/2024\/02\/qualicoat-qualimarine.jpeg\" \/>\n<meta name=\"twitter:card\" content=\"summary_large_image\" \/>\n<meta name=\"twitter:label1\" content=\"Dur\u00e9e de lecture estim\u00e9e\" \/>\n\t<meta name=\"twitter:data1\" content=\"21 minutes\" \/>\n<script type=\"application\/ld+json\" class=\"yoast-schema-graph\">{\"@context\":\"https:\\\/\\\/schema.org\",\"@graph\":[{\"@type\":\"WebPage\",\"@id\":\"https:\\\/\\\/www.verandair.com\\\/fr\\\/pergolas\\\/pergola-aluminium\\\/\",\"url\":\"https:\\\/\\\/www.verandair.com\\\/fr\\\/pergolas\\\/pergola-aluminium\\\/\",\"name\":\"Confort et design avec la pergola aluminium VERANDAIR\u00ae\",\"isPartOf\":{\"@id\":\"https:\\\/\\\/www.verandair.com\\\/fr\\\/#website\"},\"primaryImageOfPage\":{\"@id\":\"https:\\\/\\\/www.verandair.com\\\/fr\\\/pergolas\\\/pergola-aluminium\\\/#primaryimage\"},\"image\":{\"@id\":\"https:\\\/\\\/www.verandair.com\\\/fr\\\/pergolas\\\/pergola-aluminium\\\/#primaryimage\"},\"thumbnailUrl\":\"https:\\\/\\\/www.verandair.com\\\/wp-content\\\/uploads\\\/2024\\\/02\\\/qualicoat-qualimarine.jpeg\",\"datePublished\":\"2024-05-23T09:43:12+00:00\",\"dateModified\":\"2026-02-27T10:53:22+00:00\",\"description\":\"Optez pour la pergola aluminium VERANDAIR\u00ae pour une protection durable contre le vent, les intemp\u00e9ries et les UV. Fabrication belge.\",\"breadcrumb\":{\"@id\":\"https:\\\/\\\/www.verandair.com\\\/fr\\\/pergolas\\\/pergola-aluminium\\\/#breadcrumb\"},\"inLanguage\":\"fr-FR\",\"potentialAction\":[{\"@type\":\"ReadAction\",\"target\":[\"https:\\\/\\\/www.verandair.com\\\/fr\\\/pergolas\\\/pergola-aluminium\\\/\"]}]},{\"@type\":\"ImageObject\",\"inLanguage\":\"fr-FR\",\"@id\":\"https:\\\/\\\/www.verandair.com\\\/fr\\\/pergolas\\\/pergola-aluminium\\\/#primaryimage\",\"url\":\"https:\\\/\\\/www.verandair.com\\\/wp-content\\\/uploads\\\/2024\\\/02\\\/qualicoat-qualimarine.jpeg\",\"contentUrl\":\"https:\\\/\\\/www.verandair.com\\\/wp-content\\\/uploads\\\/2024\\\/02\\\/qualicoat-qualimarine.jpeg\"},{\"@type\":\"BreadcrumbList\",\"@id\":\"https:\\\/\\\/www.verandair.com\\\/fr\\\/pergolas\\\/pergola-aluminium\\\/#breadcrumb\",\"itemListElement\":[{\"@type\":\"ListItem\",\"position\":1,\"name\":\"Accueil\",\"item\":{\"@type\":\"WebPage\",\"@id\":\"https:\\\/\\\/www.verandair.com\\\/fr\\\/\",\"name\":\"Accueil\"}},{\"@type\":\"ListItem\",\"position\":2,\"name\":\"Pergola\",\"item\":{\"@type\":\"WebPage\",\"@id\":\"https:\\\/\\\/www.verandair.com\\\/fr\\\/pergolas\\\/\",\"name\":\"Pergola\"}},{\"@type\":\"ListItem\",\"position\":3,\"name\":\"Pergola aluminium\"}]},{\"@type\":\"WebSite\",\"@id\":\"https:\\\/\\\/www.verandair.com\\\/fr\\\/#website\",\"url\":\"https:\\\/\\\/www.verandair.com\\\/fr\\\/\",\"name\":\"VERANDAIR\u00ae\",\"description\":\"\",\"publisher\":{\"@id\":\"https:\\\/\\\/www.verandair.com\\\/fr\\\/#organization\"},\"potentialAction\":[{\"@type\":\"SearchAction\",\"target\":{\"@type\":\"EntryPoint\",\"urlTemplate\":\"https:\\\/\\\/www.verandair.com\\\/fr\\\/?s={search_term_string}\"},\"query-input\":{\"@type\":\"PropertyValueSpecification\",\"valueRequired\":true,\"valueName\":\"search_term_string\"}}],\"inLanguage\":\"fr-FR\"},{\"@type\":\"Organization\",\"@id\":\"https:\\\/\\\/www.verandair.com\\\/fr\\\/#organization\",\"name\":\"Verandair\",\"url\":\"https:\\\/\\\/www.verandair.com\\\/fr\\\/\",\"logo\":{\"@type\":\"ImageObject\",\"inLanguage\":\"fr-FR\",\"@id\":\"https:\\\/\\\/www.verandair.com\\\/fr\\\/#\\\/schema\\\/logo\\\/image\\\/\",\"url\":\"https:\\\/\\\/www.verandair.com\\\/wp-content\\\/uploads\\\/2024\\\/06\\\/VERANDAIR-logo.png\",\"contentUrl\":\"https:\\\/\\\/www.verandair.com\\\/wp-content\\\/uploads\\\/2024\\\/06\\\/VERANDAIR-logo.png\",\"width\":283,\"height\":127,\"caption\":\"Verandair\"},\"image\":{\"@id\":\"https:\\\/\\\/www.verandair.com\\\/fr\\\/#\\\/schema\\\/logo\\\/image\\\/\"}}]}<\/script>\n<!-- \/ Yoast SEO plugin. -->","yoast_head_json":{"title":"Confort et design avec la pergola aluminium VERANDAIR\u00ae","description":"Optez pour la pergola aluminium VERANDAIR\u00ae pour une protection durable contre le vent, les intemp\u00e9ries et les UV. Fabrication belge.","robots":{"index":"index","follow":"follow","max-snippet":"max-snippet:-1","max-image-preview":"max-image-preview:large","max-video-preview":"max-video-preview:-1"},"canonical":"https:\/\/www.verandair.com\/fr\/pergolas\/pergola-aluminium\/","og_locale":"fr_FR","og_type":"article","og_title":"Confort et design avec la pergola aluminium VERANDAIR\u00ae","og_description":"Optez pour la pergola aluminium VERANDAIR\u00ae pour une protection durable contre le vent, les intemp\u00e9ries et les UV. Fabrication belge.","og_url":"https:\/\/www.verandair.com\/fr\/pergolas\/pergola-aluminium\/","og_site_name":"VERANDAIR\u00ae","article_modified_time":"2026-02-27T10:53:22+00:00","og_image":[{"url":"https:\/\/www.verandair.com\/wp-content\/uploads\/2024\/02\/qualicoat-qualimarine.jpeg","type":"","width":"","height":""}],"twitter_card":"summary_large_image","twitter_misc":{"Dur\u00e9e de lecture estim\u00e9e":"21 minutes"},"schema":{"@context":"https:\/\/schema.org","@graph":[{"@type":"WebPage","@id":"https:\/\/www.verandair.com\/fr\/pergolas\/pergola-aluminium\/","url":"https:\/\/www.verandair.com\/fr\/pergolas\/pergola-aluminium\/","name":"Confort et design avec la pergola aluminium VERANDAIR\u00ae","isPartOf":{"@id":"https:\/\/www.verandair.com\/fr\/#website"},"primaryImageOfPage":{"@id":"https:\/\/www.verandair.com\/fr\/pergolas\/pergola-aluminium\/#primaryimage"},"image":{"@id":"https:\/\/www.verandair.com\/fr\/pergolas\/pergola-aluminium\/#primaryimage"},"thumbnailUrl":"https:\/\/www.verandair.com\/wp-content\/uploads\/2024\/02\/qualicoat-qualimarine.jpeg","datePublished":"2024-05-23T09:43:12+00:00","dateModified":"2026-02-27T10:53:22+00:00","description":"Optez pour la pergola aluminium VERANDAIR\u00ae pour une protection durable contre le vent, les intemp\u00e9ries et les UV. Fabrication belge.","breadcrumb":{"@id":"https:\/\/www.verandair.com\/fr\/pergolas\/pergola-aluminium\/#breadcrumb"},"inLanguage":"fr-FR","potentialAction":[{"@type":"ReadAction","target":["https:\/\/www.verandair.com\/fr\/pergolas\/pergola-aluminium\/"]}]},{"@type":"ImageObject","inLanguage":"fr-FR","@id":"https:\/\/www.verandair.com\/fr\/pergolas\/pergola-aluminium\/#primaryimage","url":"https:\/\/www.verandair.com\/wp-content\/uploads\/2024\/02\/qualicoat-qualimarine.jpeg","contentUrl":"https:\/\/www.verandair.com\/wp-content\/uploads\/2024\/02\/qualicoat-qualimarine.jpeg"},{"@type":"BreadcrumbList","@id":"https:\/\/www.verandair.com\/fr\/pergolas\/pergola-aluminium\/#breadcrumb","itemListElement":[{"@type":"ListItem","position":1,"name":"Accueil","item":{"@type":"WebPage","@id":"https:\/\/www.verandair.com\/fr\/","name":"Accueil"}},{"@type":"ListItem","position":2,"name":"Pergola","item":{"@type":"WebPage","@id":"https:\/\/www.verandair.com\/fr\/pergolas\/","name":"Pergola"}},{"@type":"ListItem","position":3,"name":"Pergola aluminium"}]},{"@type":"WebSite","@id":"https:\/\/www.verandair.com\/fr\/#website","url":"https:\/\/www.verandair.com\/fr\/","name":"VERANDAIR\u00ae","description":"","publisher":{"@id":"https:\/\/www.verandair.com\/fr\/#organization"},"potentialAction":[{"@type":"SearchAction","target":{"@type":"EntryPoint","urlTemplate":"https:\/\/www.verandair.com\/fr\/?s={search_term_string}"},"query-input":{"@type":"PropertyValueSpecification","valueRequired":true,"valueName":"search_term_string"}}],"inLanguage":"fr-FR"},{"@type":"Organization","@id":"https:\/\/www.verandair.com\/fr\/#organization","name":"Verandair","url":"https:\/\/www.verandair.com\/fr\/","logo":{"@type":"ImageObject","inLanguage":"fr-FR","@id":"https:\/\/www.verandair.com\/fr\/#\/schema\/logo\/image\/","url":"https:\/\/www.verandair.com\/wp-content\/uploads\/2024\/06\/VERANDAIR-logo.png","contentUrl":"https:\/\/www.verandair.com\/wp-content\/uploads\/2024\/06\/VERANDAIR-logo.png","width":283,"height":127,"caption":"Verandair"},"image":{"@id":"https:\/\/www.verandair.com\/fr\/#\/schema\/logo\/image\/"}}]}},"_links":{"self":[{"href":"https:\/\/www.verandair.com\/fr\/wp-json\/wp\/v2\/pages\/63193","targetHints":{"allow":["GET"]}}],"collection":[{"href":"https:\/\/www.verandair.com\/fr\/wp-json\/wp\/v2\/pages"}],"about":[{"href":"https:\/\/www.verandair.com\/fr\/wp-json\/wp\/v2\/types\/page"}],"author":[{"embeddable":true,"href":"https:\/\/www.verandair.com\/fr\/wp-json\/wp\/v2\/users\/10"}],"replies":[{"embeddable":true,"href":"https:\/\/www.verandair.com\/fr\/wp-json\/wp\/v2\/comments?post=63193"}],"version-history":[{"count":27,"href":"https:\/\/www.verandair.com\/fr\/wp-json\/wp\/v2\/pages\/63193\/revisions"}],"predecessor-version":[{"id":74433,"href":"https:\/\/www.verandair.com\/fr\/wp-json\/wp\/v2\/pages\/63193\/revisions\/74433"}],"up":[{"embeddable":true,"href":"https:\/\/www.verandair.com\/fr\/wp-json\/wp\/v2\/pages\/2277"}],"wp:attachment":[{"href":"https:\/\/www.verandair.com\/fr\/wp-json\/wp\/v2\/media?parent=63193"}],"curies":[{"name":"wp","href":"https:\/\/api.w.org\/{rel}","templated":true}]}}