{"id":1724,"date":"2024-02-01T09:35:39","date_gmt":"2024-02-01T08:35:39","guid":{"rendered":"https:\/\/verandair-pro.poush-dev.be\/?post_type=success-storie&#038;p=1724"},"modified":"2024-02-06T15:51:55","modified_gmt":"2024-02-06T14:51:55","slug":"verandair-sest-avere-etre-une-veritable-aubaine","status":"publish","type":"success-storie","link":"https:\/\/www.verandair.com\/fr\/success-storie\/verandair-sest-avere-etre-une-veritable-aubaine\/","title":{"rendered":"VERANDAIR\u00ae s&#8217;est av\u00e9r\u00e9 \u00eatre une v\u00e9ritable aubaine"},"content":{"rendered":"<p>[et_pb_section fb_built=&#8221;1&#8243; _builder_version=&#8221;4.16&#8243; global_colors_info=&#8221;{}&#8221; theme_builder_area=&#8221;post_content&#8221;][et_pb_row column_structure=&#8221;1_2,1_2&#8243; use_custom_gutter=&#8221;on&#8221; gutter_width=&#8221;3&#8243; make_equal=&#8221;on&#8221; _builder_version=&#8221;4.24.0&#8243; _module_preset=&#8221;default&#8221; width=&#8221;100%&#8221; max_width=&#8221;100%&#8221; custom_margin=&#8221;||50px||false|false&#8221; global_colors_info=&#8221;{}&#8221; theme_builder_area=&#8221;post_content&#8221;][et_pb_column type=&#8221;1_2&#8243; _builder_version=&#8221;4.24.0&#8243; _module_preset=&#8221;default&#8221; global_colors_info=&#8221;{}&#8221; theme_builder_area=&#8221;post_content&#8221;][et_pb_text _builder_version=&#8221;4.24.0&#8243; _module_preset=&#8221;default&#8221; hover_enabled=&#8221;0&#8243; custom_css_before=&#8221;position: absolute;||left: -50px;||top: 0;||color: rgba(255,255,255,0.2);||background-color: RGBA(255,255,255,0);||font-family: ETmodules!important;||font-weight: 400!important;||content: %22%927b%22!important;||font-size: 80px;&#8221; global_colors_info=&#8221;{}&#8221; theme_builder_area=&#8221;post_content&#8221; sticky_enabled=&#8221;0&#8243;]<\/p>\n<h2>La success storie de Horizon Jardins<\/h2>\n<p>[\/et_pb_text][et_pb_divider show_divider=&#8221;off&#8221; _builder_version=&#8221;4.23.4&#8243; _module_preset=&#8221;2adabd0f-cb12-404f-9aa7-a3088280e564&#8243; global_colors_info=&#8221;{}&#8221; theme_builder_area=&#8221;post_content&#8221;][\/et_pb_divider][et_pb_text _builder_version=&#8221;4.24.0&#8243; _module_preset=&#8221;default&#8221; hover_enabled=&#8221;0&#8243; global_colors_info=&#8221;{}&#8221; theme_builder_area=&#8221;post_content&#8221; sticky_enabled=&#8221;0&#8243;]<\/p>\n<p>En tant que directeur de\u00a0<strong>Horizon Jardins<\/strong>, une entreprise sp\u00e9cialis\u00e9e dans la cr\u00e9ation et l\u2019am\u00e9nagement de jardins, notre d\u00e9cision de collaborer avec\u00a0<strong>Verandair<\/strong>\u00a0pour l\u2019installation de pergolas sur mesure a marqu\u00e9 un tournant d\u00e9cisif pour notre activit\u00e9. Ce partenariat nous a non seulement permis d\u2019\u00e9largir notre offre de services mais a \u00e9galement rehauss\u00e9 la qualit\u00e9 et la valeur de nos projets.<\/p>\n<p>L\u2019un des aspects les plus remarquables de notre collaboration avec\u00a0<strong>Verandair<\/strong>\u00a0r\u00e9side dans l\u2019excellence de leur service. Leur r\u00e9activit\u00e9 a grandement contribu\u00e9 \u00e0 renforcer la confiance de nos clients en nos services, assurant une satisfaction client de 98%.<\/p>\n<p>[\/et_pb_text][\/et_pb_column][et_pb_column type=&#8221;1_2&#8243; _builder_version=&#8221;4.24.0&#8243; _module_preset=&#8221;default&#8221; global_colors_info=&#8221;{}&#8221; theme_builder_area=&#8221;post_content&#8221;][et_pb_image src=&#8221;https:\/\/www.verandair.com\/wp-content\/uploads\/2024\/02\/VERANDAIR-selection-44-pergola-ouverte.jpg&#8221; title_text=&#8221;VERANDAIR-selection-44-pergola-ouverte&#8221; _builder_version=&#8221;4.24.0&#8243; _module_preset=&#8221;default&#8221; hover_enabled=&#8221;0&#8243; global_colors_info=&#8221;{}&#8221; theme_builder_area=&#8221;post_content&#8221; sticky_enabled=&#8221;0&#8243;][\/et_pb_image][\/et_pb_column][\/et_pb_row][et_pb_row column_structure=&#8221;1_2,1_2&#8243; use_custom_gutter=&#8221;on&#8221; gutter_width=&#8221;3&#8243; _builder_version=&#8221;4.24.0&#8243; _module_preset=&#8221;default&#8221; width=&#8221;100%&#8221; max_width=&#8221;100%&#8221; custom_margin=&#8221;||50px||false|false&#8221; global_colors_info=&#8221;{}&#8221; theme_builder_area=&#8221;post_content&#8221;][et_pb_column type=&#8221;1_2&#8243; _builder_version=&#8221;4.24.0&#8243; _module_preset=&#8221;default&#8221; global_colors_info=&#8221;{}&#8221; theme_builder_area=&#8221;post_content&#8221;][dsm_image_carousel _builder_version=&#8221;4.24.0&#8243; _module_preset=&#8221;4e4c5b36-454f-4102-8d60-65a09160b758&#8243; hover_enabled=&#8221;0&#8243; global_colors_info=&#8221;{}&#8221; theme_builder_area=&#8221;post_content&#8221; gallery_ids=&#8221;1842,1841,1839&#8243; sticky_enabled=&#8221;0&#8243;][\/dsm_image_carousel][\/et_pb_column][et_pb_column type=&#8221;1_2&#8243; _builder_version=&#8221;4.24.0&#8243; _module_preset=&#8221;default&#8221; global_colors_info=&#8221;{}&#8221; theme_builder_area=&#8221;post_content&#8221;][et_pb_text _builder_version=&#8221;4.24.0&#8243; _module_preset=&#8221;default&#8221; hover_enabled=&#8221;0&#8243; global_colors_info=&#8221;{}&#8221; theme_builder_area=&#8221;post_content&#8221; sticky_enabled=&#8221;0&#8243;]<\/p>\n<p>Mais ce qui distingue v\u00e9ritablement\u00a0<strong>Verandair<\/strong>, c\u2019est leur engagement envers la formation de nos \u00e9quipes. D\u00e8s le d\u00e9but de notre partenariat, ils ont mis \u00e0 disposition des sessions de formation approfondies, couvrant aussi bien les aspects techniques de l\u2019installation des pergolas que les meilleures pratiques en mati\u00e8re de service client. Gr\u00e2ce \u00e0 cette formation compl\u00e8te, nos \u00e9quipes sont devenues plus autonomes, plus efficaces et capables de r\u00e9soudre rapidement les rares probl\u00e8mes qui peuvent survenir, r\u00e9duisant ainsi le temps d\u2019intervention post-vente de 40%.<\/p>\n<p>[\/et_pb_text][\/et_pb_column][\/et_pb_row][et_pb_row _builder_version=&#8221;4.24.0&#8243; _module_preset=&#8221;default&#8221; width=&#8221;100%&#8221; max_width=&#8221;100%&#8221; global_colors_info=&#8221;{}&#8221; theme_builder_area=&#8221;post_content&#8221;][et_pb_column type=&#8221;4_4&#8243; _builder_version=&#8221;4.24.0&#8243; _module_preset=&#8221;default&#8221; global_colors_info=&#8221;{}&#8221; theme_builder_area=&#8221;post_content&#8221;][et_pb_text _builder_version=&#8221;4.24.0&#8243; _module_preset=&#8221;default&#8221; text_orientation=&#8221;center&#8221; global_colors_info=&#8221;{}&#8221; theme_builder_area=&#8221;post_content&#8221;]<\/p>\n<h2>Conclusion<\/h2>\n<p>[\/et_pb_text][et_pb_divider show_divider=&#8221;off&#8221; _builder_version=&#8221;4.24.0&#8243; _module_preset=&#8221;2adabd0f-cb12-404f-9aa7-a3088280e564&#8243; module_alignment=&#8221;center&#8221; global_colors_info=&#8221;{}&#8221; theme_builder_area=&#8221;post_content&#8221;][\/et_pb_divider][et_pb_text _builder_version=&#8221;4.24.0&#8243; _module_preset=&#8221;default&#8221; text_orientation=&#8221;center&#8221; max_width=&#8221;700px&#8221; module_alignment=&#8221;center&#8221; hover_enabled=&#8221;0&#8243; global_colors_info=&#8221;{}&#8221; theme_builder_area=&#8221;post_content&#8221; sticky_enabled=&#8221;0&#8243;]<\/p>\n<p>La qualit\u00e9 des formations offertes par\u00a0<strong>Verandair<\/strong>\u00a0a \u00e9galement eu un impact direct sur la satisfaction de nos clients. En effet, nos installateurs, bien form\u00e9s et comp\u00e9tents, garantissent une mise en place impeccable des pergolas, ce qui se traduit par une r\u00e9duction des appels de service apr\u00e8s-vente de 60% sur l\u2019ensemble de nos projets cl\u00e9s en main. Nos clients appr\u00e9cient la tranquillit\u00e9 d\u2019esprit que cela leur procure, sachant que leur investissement est entre de bonnes mains.<\/p>\n<p>[\/et_pb_text][\/et_pb_column][\/et_pb_row][\/et_pb_section]<\/p>\n","protected":false},"excerpt":{"rendered":"<p><b>Horizon Jardins<\/b><\/p>\n","protected":false},"featured_media":1842,"template":"","meta":{"_acf_changed":false,"_et_pb_use_builder":"on","_et_pb_old_content":"<h2>La success storie de Horizon Jardins<\/h2><p>En tant que directeur de <strong>Horizon Jardins<\/strong>, une entreprise sp\u00e9cialis\u00e9e dans la cr\u00e9ation et l'am\u00e9nagement de jardins, notre d\u00e9cision de collaborer avec <strong>Verandair<\/strong> pour l'installation de pergolas sur mesure a marqu\u00e9 un tournant d\u00e9cisif pour notre activit\u00e9. Ce partenariat nous a non seulement permis d'\u00e9largir notre offre de services mais a \u00e9galement rehauss\u00e9 la qualit\u00e9 et la valeur de nos projets.<\/p><p>L'un des aspects les plus remarquables de notre collaboration avec <strong>Verandair<\/strong> r\u00e9side dans l'excellence de leur service. Leur r\u00e9activit\u00e9 a grandement contribu\u00e9 \u00e0 renforcer la confiance de nos clients en nos services, assurant une satisfaction client de 98%.<\/p><p>Mais ce qui distingue v\u00e9ritablement <strong>Verandair<\/strong>, c'est leur engagement envers la formation de nos \u00e9quipes. D\u00e8s le d\u00e9but de notre partenariat, ils ont mis \u00e0 disposition des sessions de formation approfondies, couvrant aussi bien les aspects techniques de l'installation des pergolas que les meilleures pratiques en mati\u00e8re de service client. Gr\u00e2ce \u00e0 cette formation compl\u00e8te, nos \u00e9quipes sont devenues plus autonomes, plus efficaces et capables de r\u00e9soudre rapidement les rares probl\u00e8mes qui peuvent survenir, r\u00e9duisant ainsi le temps d'intervention post-vente de 40%.<\/p><p>La qualit\u00e9 des formations offertes par <strong>Verandair<\/strong> a \u00e9galement eu un impact direct sur la satisfaction de nos clients. En effet, nos installateurs, bien form\u00e9s et comp\u00e9tents, garantissent une mise en place impeccable des pergolas, ce qui se traduit par une r\u00e9duction des appels de service apr\u00e8s-vente de 60% sur l'ensemble de nos projets cl\u00e9s en main. Nos clients appr\u00e9cient la tranquillit\u00e9 d'esprit que cela leur procure, sachant que leur investissement est entre de bonnes mains.<\/p>","_et_gb_content_width":"","inline_featured_image":false},"categories-success-stories":[],"class_list":["post-1724","success-storie","type-success-storie","status-publish","has-post-thumbnail","hentry"],"acf":[],"yoast_head":"<!-- This site is optimized with the Yoast SEO plugin v27.4 - https:\/\/yoast.com\/product\/yoast-seo-wordpress\/ -->\n<title>VERANDAIR\u00ae s&#039;est av\u00e9r\u00e9 \u00eatre une v\u00e9ritable aubaine | VERANDAIR\u00ae<\/title>\n<meta name=\"robots\" content=\"index, follow, max-snippet:-1, max-image-preview:large, max-video-preview:-1\" \/>\n<link rel=\"canonical\" href=\"https:\/\/www.verandair.com\/fr\/success-storie\/verandair-sest-avere-etre-une-veritable-aubaine\/\" \/>\n<meta property=\"og:locale\" content=\"fr_FR\" \/>\n<meta property=\"og:type\" content=\"article\" \/>\n<meta property=\"og:title\" content=\"VERANDAIR\u00ae s&#039;est av\u00e9r\u00e9 \u00eatre une v\u00e9ritable aubaine | VERANDAIR\u00ae\" \/>\n<meta property=\"og:description\" content=\"Horizon Jardins\" \/>\n<meta property=\"og:url\" content=\"https:\/\/www.verandair.com\/fr\/success-storie\/verandair-sest-avere-etre-une-veritable-aubaine\/\" \/>\n<meta property=\"og:site_name\" content=\"VERANDAIR\u00ae\" \/>\n<meta property=\"article:modified_time\" content=\"2024-02-06T14:51:55+00:00\" \/>\n<meta property=\"og:image\" content=\"https:\/\/www.verandair.com\/wp-content\/uploads\/2024\/02\/VERANDAIR-selection-47-pergola-ouverte.jpg\" \/>\n\t<meta property=\"og:image:width\" content=\"1200\" \/>\n\t<meta property=\"og:image:height\" content=\"800\" \/>\n\t<meta property=\"og:image:type\" content=\"image\/jpeg\" \/>\n<meta name=\"twitter:card\" content=\"summary_large_image\" \/>\n<meta name=\"twitter:label1\" content=\"Dur\u00e9e de lecture estim\u00e9e\" \/>\n\t<meta name=\"twitter:data1\" content=\"3 minutes\" \/>\n<script type=\"application\/ld+json\" class=\"yoast-schema-graph\">{\"@context\":\"https:\\\/\\\/schema.org\",\"@graph\":[{\"@type\":\"WebPage\",\"@id\":\"https:\\\/\\\/www.verandair.com\\\/fr\\\/success-storie\\\/verandair-sest-avere-etre-une-veritable-aubaine\\\/\",\"url\":\"https:\\\/\\\/www.verandair.com\\\/fr\\\/success-storie\\\/verandair-sest-avere-etre-une-veritable-aubaine\\\/\",\"name\":\"VERANDAIR\u00ae s'est av\u00e9r\u00e9 \u00eatre une v\u00e9ritable aubaine | VERANDAIR\u00ae\",\"isPartOf\":{\"@id\":\"https:\\\/\\\/www.verandair.com\\\/fr\\\/#website\"},\"primaryImageOfPage\":{\"@id\":\"https:\\\/\\\/www.verandair.com\\\/fr\\\/success-storie\\\/verandair-sest-avere-etre-une-veritable-aubaine\\\/#primaryimage\"},\"image\":{\"@id\":\"https:\\\/\\\/www.verandair.com\\\/fr\\\/success-storie\\\/verandair-sest-avere-etre-une-veritable-aubaine\\\/#primaryimage\"},\"thumbnailUrl\":\"https:\\\/\\\/www.verandair.com\\\/wp-content\\\/uploads\\\/2024\\\/02\\\/VERANDAIR-selection-47-pergola-ouverte.jpg\",\"datePublished\":\"2024-02-01T08:35:39+00:00\",\"dateModified\":\"2024-02-06T14:51:55+00:00\",\"breadcrumb\":{\"@id\":\"https:\\\/\\\/www.verandair.com\\\/fr\\\/success-storie\\\/verandair-sest-avere-etre-une-veritable-aubaine\\\/#breadcrumb\"},\"inLanguage\":\"fr-FR\",\"potentialAction\":[{\"@type\":\"ReadAction\",\"target\":[\"https:\\\/\\\/www.verandair.com\\\/fr\\\/success-storie\\\/verandair-sest-avere-etre-une-veritable-aubaine\\\/\"]}]},{\"@type\":\"ImageObject\",\"inLanguage\":\"fr-FR\",\"@id\":\"https:\\\/\\\/www.verandair.com\\\/fr\\\/success-storie\\\/verandair-sest-avere-etre-une-veritable-aubaine\\\/#primaryimage\",\"url\":\"https:\\\/\\\/www.verandair.com\\\/wp-content\\\/uploads\\\/2024\\\/02\\\/VERANDAIR-selection-47-pergola-ouverte.jpg\",\"contentUrl\":\"https:\\\/\\\/www.verandair.com\\\/wp-content\\\/uploads\\\/2024\\\/02\\\/VERANDAIR-selection-47-pergola-ouverte.jpg\",\"width\":1200,\"height\":800,\"caption\":\"Pergola toit fixe ouverte avec vue sur le jardin, une piscine, un panier de basket et une terrasse avec une table, des chaises et un fauteuil\"},{\"@type\":\"BreadcrumbList\",\"@id\":\"https:\\\/\\\/www.verandair.com\\\/fr\\\/success-storie\\\/verandair-sest-avere-etre-une-veritable-aubaine\\\/#breadcrumb\",\"itemListElement\":[{\"@type\":\"ListItem\",\"position\":1,\"name\":\"Accueil\",\"item\":{\"@type\":\"WebPage\",\"@id\":\"https:\\\/\\\/www.verandair.com\\\/fr\\\/\",\"name\":\"Accueil\"}},{\"@type\":\"ListItem\",\"position\":2,\"name\":\"VERANDAIR\u00ae s&#8217;est av\u00e9r\u00e9 \u00eatre une v\u00e9ritable aubaine\"}]},{\"@type\":\"WebSite\",\"@id\":\"https:\\\/\\\/www.verandair.com\\\/fr\\\/#website\",\"url\":\"https:\\\/\\\/www.verandair.com\\\/fr\\\/\",\"name\":\"VERANDAIR\u00ae\",\"description\":\"\",\"publisher\":{\"@id\":\"https:\\\/\\\/www.verandair.com\\\/fr\\\/#organization\"},\"potentialAction\":[{\"@type\":\"SearchAction\",\"target\":{\"@type\":\"EntryPoint\",\"urlTemplate\":\"https:\\\/\\\/www.verandair.com\\\/fr\\\/?s={search_term_string}\"},\"query-input\":{\"@type\":\"PropertyValueSpecification\",\"valueRequired\":true,\"valueName\":\"search_term_string\"}}],\"inLanguage\":\"fr-FR\"},{\"@type\":\"Organization\",\"@id\":\"https:\\\/\\\/www.verandair.com\\\/fr\\\/#organization\",\"name\":\"Verandair\",\"url\":\"https:\\\/\\\/www.verandair.com\\\/fr\\\/\",\"logo\":{\"@type\":\"ImageObject\",\"inLanguage\":\"fr-FR\",\"@id\":\"https:\\\/\\\/www.verandair.com\\\/fr\\\/#\\\/schema\\\/logo\\\/image\\\/\",\"url\":\"https:\\\/\\\/www.verandair.com\\\/wp-content\\\/uploads\\\/2024\\\/06\\\/VERANDAIR-logo.png\",\"contentUrl\":\"https:\\\/\\\/www.verandair.com\\\/wp-content\\\/uploads\\\/2024\\\/06\\\/VERANDAIR-logo.png\",\"width\":283,\"height\":127,\"caption\":\"Verandair\"},\"image\":{\"@id\":\"https:\\\/\\\/www.verandair.com\\\/fr\\\/#\\\/schema\\\/logo\\\/image\\\/\"}}]}<\/script>\n<!-- \/ Yoast SEO plugin. -->","yoast_head_json":{"title":"VERANDAIR\u00ae s'est av\u00e9r\u00e9 \u00eatre une v\u00e9ritable aubaine | VERANDAIR\u00ae","robots":{"index":"index","follow":"follow","max-snippet":"max-snippet:-1","max-image-preview":"max-image-preview:large","max-video-preview":"max-video-preview:-1"},"canonical":"https:\/\/www.verandair.com\/fr\/success-storie\/verandair-sest-avere-etre-une-veritable-aubaine\/","og_locale":"fr_FR","og_type":"article","og_title":"VERANDAIR\u00ae s'est av\u00e9r\u00e9 \u00eatre une v\u00e9ritable aubaine | VERANDAIR\u00ae","og_description":"Horizon Jardins","og_url":"https:\/\/www.verandair.com\/fr\/success-storie\/verandair-sest-avere-etre-une-veritable-aubaine\/","og_site_name":"VERANDAIR\u00ae","article_modified_time":"2024-02-06T14:51:55+00:00","og_image":[{"width":1200,"height":800,"url":"https:\/\/www.verandair.com\/wp-content\/uploads\/2024\/02\/VERANDAIR-selection-47-pergola-ouverte.jpg","type":"image\/jpeg"}],"twitter_card":"summary_large_image","twitter_misc":{"Dur\u00e9e de lecture estim\u00e9e":"3 minutes"},"schema":{"@context":"https:\/\/schema.org","@graph":[{"@type":"WebPage","@id":"https:\/\/www.verandair.com\/fr\/success-storie\/verandair-sest-avere-etre-une-veritable-aubaine\/","url":"https:\/\/www.verandair.com\/fr\/success-storie\/verandair-sest-avere-etre-une-veritable-aubaine\/","name":"VERANDAIR\u00ae s'est av\u00e9r\u00e9 \u00eatre une v\u00e9ritable aubaine | VERANDAIR\u00ae","isPartOf":{"@id":"https:\/\/www.verandair.com\/fr\/#website"},"primaryImageOfPage":{"@id":"https:\/\/www.verandair.com\/fr\/success-storie\/verandair-sest-avere-etre-une-veritable-aubaine\/#primaryimage"},"image":{"@id":"https:\/\/www.verandair.com\/fr\/success-storie\/verandair-sest-avere-etre-une-veritable-aubaine\/#primaryimage"},"thumbnailUrl":"https:\/\/www.verandair.com\/wp-content\/uploads\/2024\/02\/VERANDAIR-selection-47-pergola-ouverte.jpg","datePublished":"2024-02-01T08:35:39+00:00","dateModified":"2024-02-06T14:51:55+00:00","breadcrumb":{"@id":"https:\/\/www.verandair.com\/fr\/success-storie\/verandair-sest-avere-etre-une-veritable-aubaine\/#breadcrumb"},"inLanguage":"fr-FR","potentialAction":[{"@type":"ReadAction","target":["https:\/\/www.verandair.com\/fr\/success-storie\/verandair-sest-avere-etre-une-veritable-aubaine\/"]}]},{"@type":"ImageObject","inLanguage":"fr-FR","@id":"https:\/\/www.verandair.com\/fr\/success-storie\/verandair-sest-avere-etre-une-veritable-aubaine\/#primaryimage","url":"https:\/\/www.verandair.com\/wp-content\/uploads\/2024\/02\/VERANDAIR-selection-47-pergola-ouverte.jpg","contentUrl":"https:\/\/www.verandair.com\/wp-content\/uploads\/2024\/02\/VERANDAIR-selection-47-pergola-ouverte.jpg","width":1200,"height":800,"caption":"Pergola toit fixe ouverte avec vue sur le jardin, une piscine, un panier de basket et une terrasse avec une table, des chaises et un fauteuil"},{"@type":"BreadcrumbList","@id":"https:\/\/www.verandair.com\/fr\/success-storie\/verandair-sest-avere-etre-une-veritable-aubaine\/#breadcrumb","itemListElement":[{"@type":"ListItem","position":1,"name":"Accueil","item":{"@type":"WebPage","@id":"https:\/\/www.verandair.com\/fr\/","name":"Accueil"}},{"@type":"ListItem","position":2,"name":"VERANDAIR\u00ae s&#8217;est av\u00e9r\u00e9 \u00eatre une v\u00e9ritable aubaine"}]},{"@type":"WebSite","@id":"https:\/\/www.verandair.com\/fr\/#website","url":"https:\/\/www.verandair.com\/fr\/","name":"VERANDAIR\u00ae","description":"","publisher":{"@id":"https:\/\/www.verandair.com\/fr\/#organization"},"potentialAction":[{"@type":"SearchAction","target":{"@type":"EntryPoint","urlTemplate":"https:\/\/www.verandair.com\/fr\/?s={search_term_string}"},"query-input":{"@type":"PropertyValueSpecification","valueRequired":true,"valueName":"search_term_string"}}],"inLanguage":"fr-FR"},{"@type":"Organization","@id":"https:\/\/www.verandair.com\/fr\/#organization","name":"Verandair","url":"https:\/\/www.verandair.com\/fr\/","logo":{"@type":"ImageObject","inLanguage":"fr-FR","@id":"https:\/\/www.verandair.com\/fr\/#\/schema\/logo\/image\/","url":"https:\/\/www.verandair.com\/wp-content\/uploads\/2024\/06\/VERANDAIR-logo.png","contentUrl":"https:\/\/www.verandair.com\/wp-content\/uploads\/2024\/06\/VERANDAIR-logo.png","width":283,"height":127,"caption":"Verandair"},"image":{"@id":"https:\/\/www.verandair.com\/fr\/#\/schema\/logo\/image\/"}}]}},"_links":{"self":[{"href":"https:\/\/www.verandair.com\/fr\/wp-json\/wp\/v2\/success-storie\/1724","targetHints":{"allow":["GET"]}}],"collection":[{"href":"https:\/\/www.verandair.com\/fr\/wp-json\/wp\/v2\/success-storie"}],"about":[{"href":"https:\/\/www.verandair.com\/fr\/wp-json\/wp\/v2\/types\/success-storie"}],"version-history":[{"count":8,"href":"https:\/\/www.verandair.com\/fr\/wp-json\/wp\/v2\/success-storie\/1724\/revisions"}],"predecessor-version":[{"id":2074,"href":"https:\/\/www.verandair.com\/fr\/wp-json\/wp\/v2\/success-storie\/1724\/revisions\/2074"}],"wp:featuredmedia":[{"embeddable":true,"href":"https:\/\/www.verandair.com\/fr\/wp-json\/wp\/v2\/media\/1842"}],"wp:attachment":[{"href":"https:\/\/www.verandair.com\/fr\/wp-json\/wp\/v2\/media?parent=1724"}],"wp:term":[{"taxonomy":"categories-success-stories","embeddable":true,"href":"https:\/\/www.verandair.com\/fr\/wp-json\/wp\/v2\/categories-success-stories?post=1724"}],"curies":[{"name":"wp","href":"https:\/\/api.w.org\/{rel}","templated":true}]}}