{"id":1727,"date":"2024-02-01T09:37:22","date_gmt":"2024-02-01T08:37:22","guid":{"rendered":"https:\/\/verandair-pro.poush-dev.be\/?post_type=success-storie&#038;p=1727"},"modified":"2024-02-06T15:48:27","modified_gmt":"2024-02-06T14:48:27","slug":"la-qualite-et-a-la-durabilite","status":"publish","type":"success-storie","link":"https:\/\/www.verandair.com\/fr\/success-storie\/la-qualite-et-a-la-durabilite\/","title":{"rendered":"La qualit\u00e9 et \u00e0 la durabilit\u00e9"},"content":{"rendered":"<p>[et_pb_section fb_built=&#8221;1&#8243; _builder_version=&#8221;4.16&#8243; global_colors_info=&#8221;{}&#8221; theme_builder_area=&#8221;post_content&#8221;][et_pb_row column_structure=&#8221;1_2,1_2&#8243; use_custom_gutter=&#8221;on&#8221; gutter_width=&#8221;3&#8243; make_equal=&#8221;on&#8221; _builder_version=&#8221;4.24.0&#8243; _module_preset=&#8221;default&#8221; width=&#8221;100%&#8221; max_width=&#8221;100%&#8221; custom_margin=&#8221;||50px||false|false&#8221; global_colors_info=&#8221;{}&#8221; theme_builder_area=&#8221;post_content&#8221;][et_pb_column type=&#8221;1_2&#8243; _builder_version=&#8221;4.24.0&#8243; _module_preset=&#8221;default&#8221; global_colors_info=&#8221;{}&#8221; theme_builder_area=&#8221;post_content&#8221;][et_pb_text _builder_version=&#8221;4.24.0&#8243; _module_preset=&#8221;default&#8221; hover_enabled=&#8221;0&#8243; custom_css_before=&#8221;position: absolute;||left: -50px;||top: 0;||color: rgba(255,255,255,0.2);||background-color: RGBA(255,255,255,0);||font-family: ETmodules!important;||font-weight: 400!important;||content: %22%927b%22!important;||font-size: 80px;&#8221; global_colors_info=&#8221;{}&#8221; theme_builder_area=&#8221;post_content&#8221; sticky_enabled=&#8221;0&#8243;]<\/p>\n<h2>La success storie de Eclat d\u2019Ext\u00e9rieur<\/h2>\n<p>[\/et_pb_text][et_pb_divider show_divider=&#8221;off&#8221; _builder_version=&#8221;4.23.4&#8243; _module_preset=&#8221;2adabd0f-cb12-404f-9aa7-a3088280e564&#8243; global_colors_info=&#8221;{}&#8221; theme_builder_area=&#8221;post_content&#8221;][\/et_pb_divider][et_pb_text _builder_version=&#8221;4.24.0&#8243; _module_preset=&#8221;default&#8221; hover_enabled=&#8221;0&#8243; global_colors_info=&#8221;{}&#8221; theme_builder_area=&#8221;post_content&#8221; sticky_enabled=&#8221;0&#8243;]<\/p>\n<p>Je dirige\u00a0<strong>Eclat d\u2019Ext\u00e9rieur<\/strong>, une entreprise sp\u00e9cialis\u00e9e dans l\u2019am\u00e9nagement des espaces ext\u00e9rieurs, et notre partenariat avec\u00a0<strong>Verandair<\/strong>, un fabricant de pergolas de premier plan, a \u00e9t\u00e9 une r\u00e9volution pour notre activit\u00e9. Ce partenariat nous a permis d\u2019\u00e9largir consid\u00e9rablement notre offre produit, avec une attention particuli\u00e8re port\u00e9e \u00e0 la qualit\u00e9 et \u00e0 la durabilit\u00e9.<\/p>\n<p>Depuis que nous avons int\u00e9gr\u00e9 les pergolas de\u00a0<strong>Verandair<\/strong>\u00a0dans notre catalogue, nos ventes ont augment\u00e9 de 40% en l\u2019espace de six mois. Ce succ\u00e8s est d\u00fb non seulement \u00e0 la beaut\u00e9 et \u00e0 la vari\u00e9t\u00e9 des designs propos\u00e9s, mais surtout \u00e0 la qualit\u00e9 in\u00e9gal\u00e9e des mat\u00e9riaux utilis\u00e9s. Les retours de nos clients ont \u00e9t\u00e9 extr\u00eamement positifs, avec un taux de satisfaction client atteignant les 95%.<\/p>\n<p>[\/et_pb_text][\/et_pb_column][et_pb_column type=&#8221;1_2&#8243; _builder_version=&#8221;4.24.0&#8243; _module_preset=&#8221;default&#8221; global_colors_info=&#8221;{}&#8221; theme_builder_area=&#8221;post_content&#8221;][et_pb_image src=&#8221;https:\/\/www.verandair.com\/wp-content\/uploads\/2024\/01\/VERANDAIR-pergola-fermee-3.jpg&#8221; title_text=&#8221;VERANDAIR-pergola-fermee-3&#8243; _builder_version=&#8221;4.24.0&#8243; _module_preset=&#8221;default&#8221; hover_enabled=&#8221;0&#8243; global_colors_info=&#8221;{}&#8221; theme_builder_area=&#8221;post_content&#8221; sticky_enabled=&#8221;0&#8243;][\/et_pb_image][\/et_pb_column][\/et_pb_row][et_pb_row column_structure=&#8221;1_2,1_2&#8243; use_custom_gutter=&#8221;on&#8221; gutter_width=&#8221;3&#8243; _builder_version=&#8221;4.24.0&#8243; _module_preset=&#8221;default&#8221; width=&#8221;100%&#8221; max_width=&#8221;100%&#8221; custom_margin=&#8221;||50px||false|false&#8221; global_colors_info=&#8221;{}&#8221; theme_builder_area=&#8221;post_content&#8221;][et_pb_column type=&#8221;1_2&#8243; _builder_version=&#8221;4.24.0&#8243; _module_preset=&#8221;default&#8221; global_colors_info=&#8221;{}&#8221; theme_builder_area=&#8221;post_content&#8221;][dsm_image_carousel _builder_version=&#8221;4.24.0&#8243; _module_preset=&#8221;4e4c5b36-454f-4102-8d60-65a09160b758&#8243; hover_enabled=&#8221;0&#8243; global_colors_info=&#8221;{}&#8221; theme_builder_area=&#8221;post_content&#8221; gallery_ids=&#8221;1433,1570,1571&#8243; sticky_enabled=&#8221;0&#8243;][\/dsm_image_carousel][\/et_pb_column][et_pb_column type=&#8221;1_2&#8243; _builder_version=&#8221;4.24.0&#8243; _module_preset=&#8221;default&#8221; global_colors_info=&#8221;{}&#8221; theme_builder_area=&#8221;post_content&#8221;][et_pb_text _builder_version=&#8221;4.24.0&#8243; _module_preset=&#8221;default&#8221; hover_enabled=&#8221;0&#8243; global_colors_info=&#8221;{}&#8221; theme_builder_area=&#8221;post_content&#8221; sticky_enabled=&#8221;0&#8243;]<\/p>\n<p>Un aspect remarquable de ces pergolas est leur r\u00e9sistance exceptionnelle aux conditions m\u00e9t\u00e9orologiques, garantissant une long\u00e9vit\u00e9 et une esth\u00e9tique pr\u00e9serv\u00e9es au fil des ans. Nous avons constat\u00e9 une r\u00e9duction significative des probl\u00e8mes post-installation, de l\u2019ordre de 100% par rapport \u00e0 d\u2019autres produits que nous avons install\u00e9s par le pass\u00e9. Cela t\u00e9moigne de la qualit\u00e9 sup\u00e9rieure des pergolas\u00a0<strong>Verandair<\/strong>\u00a0et nous permet de proposer \u00e0 nos clients des solutions fiables et durables, avec tr\u00e8s peu de maintenance requise.<\/p>\n<p>L\u2019installation des pergolas\u00a0<strong>Verandair<\/strong>\u00a0est un processus fluide et efficace, gr\u00e2ce aux formations approfondies que nous avons re\u00e7ues de la part du fabricant. Cela a permis \u00e0 notre \u00e9quipe d\u2019optimiser le temps d\u2019installation, r\u00e9duisant ainsi les co\u00fbts pour nos clients et augmentant notre capacit\u00e9 \u00e0 mener \u00e0 bien plus de projets dans des d\u00e9lais serr\u00e9s.<\/p>\n<p>[\/et_pb_text][\/et_pb_column][\/et_pb_row][et_pb_row _builder_version=&#8221;4.24.0&#8243; _module_preset=&#8221;default&#8221; width=&#8221;100%&#8221; max_width=&#8221;100%&#8221; global_colors_info=&#8221;{}&#8221; theme_builder_area=&#8221;post_content&#8221;][et_pb_column type=&#8221;4_4&#8243; _builder_version=&#8221;4.24.0&#8243; _module_preset=&#8221;default&#8221; global_colors_info=&#8221;{}&#8221; theme_builder_area=&#8221;post_content&#8221;][et_pb_text _builder_version=&#8221;4.24.0&#8243; _module_preset=&#8221;default&#8221; text_orientation=&#8221;center&#8221; global_colors_info=&#8221;{}&#8221; theme_builder_area=&#8221;post_content&#8221;]<\/p>\n<h2>Conclusion<\/h2>\n<p>[\/et_pb_text][et_pb_divider show_divider=&#8221;off&#8221; _builder_version=&#8221;4.24.0&#8243; _module_preset=&#8221;2adabd0f-cb12-404f-9aa7-a3088280e564&#8243; module_alignment=&#8221;center&#8221; global_colors_info=&#8221;{}&#8221; theme_builder_area=&#8221;post_content&#8221;][\/et_pb_divider][et_pb_text _builder_version=&#8221;4.24.0&#8243; _module_preset=&#8221;default&#8221; text_orientation=&#8221;center&#8221; max_width=&#8221;700px&#8221; module_alignment=&#8221;center&#8221; hover_enabled=&#8221;0&#8243; global_colors_info=&#8221;{}&#8221; theme_builder_area=&#8221;post_content&#8221; sticky_enabled=&#8221;0&#8243;]<\/p>\n<p>En conclusion, notre collaboration avec\u00a0<strong>Verandair<\/strong>\u00a0a non seulement enrichi notre gamme de produits mais a \u00e9galement renforc\u00e9 notre r\u00e9putation sur le march\u00e9 gr\u00e2ce \u00e0 la fourniture de solutions d\u2019am\u00e9nagement ext\u00e9rieur de haute qualit\u00e9, fiables et esth\u00e9tiquement plaisantes. Nous sommes fiers de ce partenariat et nous nous r\u00e9jouissons de continuer \u00e0 offrir \u00e0 nos clients le meilleur de l\u2019am\u00e9nagement ext\u00e9rieur avec\u00a0<strong>Verandair<\/strong>.<\/p>\n<p>[\/et_pb_text][\/et_pb_column][\/et_pb_row][\/et_pb_section]<\/p>\n","protected":false},"excerpt":{"rendered":"<p><b>Eclat d&#8217;Ext\u00e9rieur <\/b><\/p>\n","protected":false},"featured_media":1570,"template":"","meta":{"_acf_changed":false,"_et_pb_use_builder":"on","_et_pb_old_content":"<h2>La success storie de Eclat d'Ext\u00e9rieur<\/h2>\r\nJe dirige <strong>Eclat d'Ext\u00e9rieur<\/strong>, une entreprise sp\u00e9cialis\u00e9e dans l'am\u00e9nagement des espaces ext\u00e9rieurs, et notre partenariat avec <strong>Verandair<\/strong>, un fabricant de pergolas de premier plan, a \u00e9t\u00e9 une r\u00e9volution pour notre activit\u00e9. Ce partenariat nous a permis d'\u00e9largir consid\u00e9rablement notre offre produit, avec une attention particuli\u00e8re port\u00e9e \u00e0 la qualit\u00e9 et \u00e0 la durabilit\u00e9.\r\n\r\nDepuis que nous avons int\u00e9gr\u00e9 les pergolas de <strong>Verandair<\/strong> dans notre catalogue, nos ventes ont augment\u00e9 de 40% en l'espace de six mois. Ce succ\u00e8s est d\u00fb non seulement \u00e0 la beaut\u00e9 et \u00e0 la vari\u00e9t\u00e9 des designs propos\u00e9s, mais surtout \u00e0 la qualit\u00e9 in\u00e9gal\u00e9e des mat\u00e9riaux utilis\u00e9s. Les retours de nos clients ont \u00e9t\u00e9 extr\u00eamement positifs, avec un taux de satisfaction client atteignant les 95%.\r\n\r\nUn aspect remarquable de ces pergolas est leur r\u00e9sistance exceptionnelle aux conditions m\u00e9t\u00e9orologiques, garantissant une long\u00e9vit\u00e9 et une esth\u00e9tique pr\u00e9serv\u00e9es au fil des ans. Nous avons constat\u00e9 une r\u00e9duction significative des probl\u00e8mes post-installation, de l'ordre de 100% par rapport \u00e0 d'autres produits que nous avons install\u00e9s par le pass\u00e9. Cela t\u00e9moigne de la qualit\u00e9 sup\u00e9rieure des pergolas <strong>Verandair<\/strong> et nous permet de proposer \u00e0 nos clients des solutions fiables et durables, avec tr\u00e8s peu de maintenance requise.\r\n\r\nL'installation des pergolas <strong>Verandair<\/strong> est un processus fluide et efficace, gr\u00e2ce aux formations approfondies que nous avons re\u00e7ues de la part du fabricant. Cela a permis \u00e0 notre \u00e9quipe d'optimiser le temps d'installation, r\u00e9duisant ainsi les co\u00fbts pour nos clients et augmentant notre capacit\u00e9 \u00e0 mener \u00e0 bien plus de projets dans des d\u00e9lais serr\u00e9s.\r\n\r\nEn conclusion, notre collaboration avec <strong>Verandair<\/strong> a non seulement enrichi notre gamme de produits mais a \u00e9galement renforc\u00e9 notre r\u00e9putation sur le march\u00e9 gr\u00e2ce \u00e0 la fourniture de solutions d'am\u00e9nagement ext\u00e9rieur de haute qualit\u00e9, fiables et esth\u00e9tiquement plaisantes. Nous sommes fiers de ce partenariat et nous nous r\u00e9jouissons de continuer \u00e0 offrir \u00e0 nos clients le meilleur de l'am\u00e9nagement ext\u00e9rieur avec <strong>Verandair<\/strong>.","_et_gb_content_width":"","inline_featured_image":false},"categories-success-stories":[],"class_list":["post-1727","success-storie","type-success-storie","status-publish","has-post-thumbnail","hentry"],"acf":[],"yoast_head":"<!-- This site is optimized with the Yoast SEO plugin v27.5 - https:\/\/yoast.com\/product\/yoast-seo-wordpress\/ -->\n<title>La qualit\u00e9 et \u00e0 la durabilit\u00e9 | VERANDAIR\u00ae<\/title>\n<meta name=\"robots\" content=\"index, follow, max-snippet:-1, max-image-preview:large, max-video-preview:-1\" \/>\n<link rel=\"canonical\" href=\"https:\/\/www.verandair.com\/fr\/success-storie\/la-qualite-et-a-la-durabilite\/\" \/>\n<meta property=\"og:locale\" content=\"fr_FR\" \/>\n<meta property=\"og:type\" content=\"article\" \/>\n<meta property=\"og:title\" content=\"La qualit\u00e9 et \u00e0 la durabilit\u00e9 | VERANDAIR\u00ae\" \/>\n<meta property=\"og:description\" content=\"Eclat d&#039;Ext\u00e9rieur\" \/>\n<meta property=\"og:url\" content=\"https:\/\/www.verandair.com\/fr\/success-storie\/la-qualite-et-a-la-durabilite\/\" \/>\n<meta property=\"og:site_name\" content=\"VERANDAIR\u00ae\" \/>\n<meta property=\"article:modified_time\" content=\"2024-02-06T14:48:27+00:00\" \/>\n<meta property=\"og:image\" content=\"https:\/\/www.verandair.com\/wp-content\/uploads\/2024\/01\/VERANDAIR-pergola-fermee-2.jpg\" \/>\n\t<meta property=\"og:image:width\" content=\"1200\" \/>\n\t<meta property=\"og:image:height\" content=\"800\" \/>\n\t<meta property=\"og:image:type\" content=\"image\/jpeg\" \/>\n<meta name=\"twitter:card\" content=\"summary_large_image\" \/>\n<meta name=\"twitter:label1\" content=\"Dur\u00e9e de lecture estim\u00e9e\" \/>\n\t<meta name=\"twitter:data1\" content=\"4 minutes\" \/>\n<script type=\"application\/ld+json\" class=\"yoast-schema-graph\">{\"@context\":\"https:\\\/\\\/schema.org\",\"@graph\":[{\"@type\":\"WebPage\",\"@id\":\"https:\\\/\\\/www.verandair.com\\\/fr\\\/success-storie\\\/la-qualite-et-a-la-durabilite\\\/\",\"url\":\"https:\\\/\\\/www.verandair.com\\\/fr\\\/success-storie\\\/la-qualite-et-a-la-durabilite\\\/\",\"name\":\"La qualit\u00e9 et \u00e0 la durabilit\u00e9 | VERANDAIR\u00ae\",\"isPartOf\":{\"@id\":\"https:\\\/\\\/www.verandair.com\\\/fr\\\/#website\"},\"primaryImageOfPage\":{\"@id\":\"https:\\\/\\\/www.verandair.com\\\/fr\\\/success-storie\\\/la-qualite-et-a-la-durabilite\\\/#primaryimage\"},\"image\":{\"@id\":\"https:\\\/\\\/www.verandair.com\\\/fr\\\/success-storie\\\/la-qualite-et-a-la-durabilite\\\/#primaryimage\"},\"thumbnailUrl\":\"https:\\\/\\\/www.verandair.com\\\/wp-content\\\/uploads\\\/2024\\\/01\\\/VERANDAIR-pergola-fermee-2.jpg\",\"datePublished\":\"2024-02-01T08:37:22+00:00\",\"dateModified\":\"2024-02-06T14:48:27+00:00\",\"breadcrumb\":{\"@id\":\"https:\\\/\\\/www.verandair.com\\\/fr\\\/success-storie\\\/la-qualite-et-a-la-durabilite\\\/#breadcrumb\"},\"inLanguage\":\"fr-FR\",\"potentialAction\":[{\"@type\":\"ReadAction\",\"target\":[\"https:\\\/\\\/www.verandair.com\\\/fr\\\/success-storie\\\/la-qualite-et-a-la-durabilite\\\/\"]}]},{\"@type\":\"ImageObject\",\"inLanguage\":\"fr-FR\",\"@id\":\"https:\\\/\\\/www.verandair.com\\\/fr\\\/success-storie\\\/la-qualite-et-a-la-durabilite\\\/#primaryimage\",\"url\":\"https:\\\/\\\/www.verandair.com\\\/wp-content\\\/uploads\\\/2024\\\/01\\\/VERANDAIR-pergola-fermee-2.jpg\",\"contentUrl\":\"https:\\\/\\\/www.verandair.com\\\/wp-content\\\/uploads\\\/2024\\\/01\\\/VERANDAIR-pergola-fermee-2.jpg\",\"width\":1200,\"height\":800,\"caption\":\"Pergola toit fixe avec fauteuil gris\"},{\"@type\":\"BreadcrumbList\",\"@id\":\"https:\\\/\\\/www.verandair.com\\\/fr\\\/success-storie\\\/la-qualite-et-a-la-durabilite\\\/#breadcrumb\",\"itemListElement\":[{\"@type\":\"ListItem\",\"position\":1,\"name\":\"Accueil\",\"item\":{\"@type\":\"WebPage\",\"@id\":\"https:\\\/\\\/www.verandair.com\\\/fr\\\/\",\"name\":\"Accueil\"}},{\"@type\":\"ListItem\",\"position\":2,\"name\":\"La qualit\u00e9 et \u00e0 la durabilit\u00e9\"}]},{\"@type\":\"WebSite\",\"@id\":\"https:\\\/\\\/www.verandair.com\\\/fr\\\/#website\",\"url\":\"https:\\\/\\\/www.verandair.com\\\/fr\\\/\",\"name\":\"VERANDAIR\u00ae\",\"description\":\"\",\"publisher\":{\"@id\":\"https:\\\/\\\/www.verandair.com\\\/fr\\\/#organization\"},\"potentialAction\":[{\"@type\":\"SearchAction\",\"target\":{\"@type\":\"EntryPoint\",\"urlTemplate\":\"https:\\\/\\\/www.verandair.com\\\/fr\\\/?s={search_term_string}\"},\"query-input\":{\"@type\":\"PropertyValueSpecification\",\"valueRequired\":true,\"valueName\":\"search_term_string\"}}],\"inLanguage\":\"fr-FR\"},{\"@type\":\"Organization\",\"@id\":\"https:\\\/\\\/www.verandair.com\\\/fr\\\/#organization\",\"name\":\"Verandair\",\"url\":\"https:\\\/\\\/www.verandair.com\\\/fr\\\/\",\"logo\":{\"@type\":\"ImageObject\",\"inLanguage\":\"fr-FR\",\"@id\":\"https:\\\/\\\/www.verandair.com\\\/fr\\\/#\\\/schema\\\/logo\\\/image\\\/\",\"url\":\"https:\\\/\\\/www.verandair.com\\\/wp-content\\\/uploads\\\/2024\\\/06\\\/VERANDAIR-logo.png\",\"contentUrl\":\"https:\\\/\\\/www.verandair.com\\\/wp-content\\\/uploads\\\/2024\\\/06\\\/VERANDAIR-logo.png\",\"width\":283,\"height\":127,\"caption\":\"Verandair\"},\"image\":{\"@id\":\"https:\\\/\\\/www.verandair.com\\\/fr\\\/#\\\/schema\\\/logo\\\/image\\\/\"}}]}<\/script>\n<!-- \/ Yoast SEO plugin. -->","yoast_head_json":{"title":"La qualit\u00e9 et \u00e0 la durabilit\u00e9 | VERANDAIR\u00ae","robots":{"index":"index","follow":"follow","max-snippet":"max-snippet:-1","max-image-preview":"max-image-preview:large","max-video-preview":"max-video-preview:-1"},"canonical":"https:\/\/www.verandair.com\/fr\/success-storie\/la-qualite-et-a-la-durabilite\/","og_locale":"fr_FR","og_type":"article","og_title":"La qualit\u00e9 et \u00e0 la durabilit\u00e9 | VERANDAIR\u00ae","og_description":"Eclat d'Ext\u00e9rieur","og_url":"https:\/\/www.verandair.com\/fr\/success-storie\/la-qualite-et-a-la-durabilite\/","og_site_name":"VERANDAIR\u00ae","article_modified_time":"2024-02-06T14:48:27+00:00","og_image":[{"width":1200,"height":800,"url":"https:\/\/www.verandair.com\/wp-content\/uploads\/2024\/01\/VERANDAIR-pergola-fermee-2.jpg","type":"image\/jpeg"}],"twitter_card":"summary_large_image","twitter_misc":{"Dur\u00e9e de lecture estim\u00e9e":"4 minutes"},"schema":{"@context":"https:\/\/schema.org","@graph":[{"@type":"WebPage","@id":"https:\/\/www.verandair.com\/fr\/success-storie\/la-qualite-et-a-la-durabilite\/","url":"https:\/\/www.verandair.com\/fr\/success-storie\/la-qualite-et-a-la-durabilite\/","name":"La qualit\u00e9 et \u00e0 la durabilit\u00e9 | VERANDAIR\u00ae","isPartOf":{"@id":"https:\/\/www.verandair.com\/fr\/#website"},"primaryImageOfPage":{"@id":"https:\/\/www.verandair.com\/fr\/success-storie\/la-qualite-et-a-la-durabilite\/#primaryimage"},"image":{"@id":"https:\/\/www.verandair.com\/fr\/success-storie\/la-qualite-et-a-la-durabilite\/#primaryimage"},"thumbnailUrl":"https:\/\/www.verandair.com\/wp-content\/uploads\/2024\/01\/VERANDAIR-pergola-fermee-2.jpg","datePublished":"2024-02-01T08:37:22+00:00","dateModified":"2024-02-06T14:48:27+00:00","breadcrumb":{"@id":"https:\/\/www.verandair.com\/fr\/success-storie\/la-qualite-et-a-la-durabilite\/#breadcrumb"},"inLanguage":"fr-FR","potentialAction":[{"@type":"ReadAction","target":["https:\/\/www.verandair.com\/fr\/success-storie\/la-qualite-et-a-la-durabilite\/"]}]},{"@type":"ImageObject","inLanguage":"fr-FR","@id":"https:\/\/www.verandair.com\/fr\/success-storie\/la-qualite-et-a-la-durabilite\/#primaryimage","url":"https:\/\/www.verandair.com\/wp-content\/uploads\/2024\/01\/VERANDAIR-pergola-fermee-2.jpg","contentUrl":"https:\/\/www.verandair.com\/wp-content\/uploads\/2024\/01\/VERANDAIR-pergola-fermee-2.jpg","width":1200,"height":800,"caption":"Pergola toit fixe avec fauteuil gris"},{"@type":"BreadcrumbList","@id":"https:\/\/www.verandair.com\/fr\/success-storie\/la-qualite-et-a-la-durabilite\/#breadcrumb","itemListElement":[{"@type":"ListItem","position":1,"name":"Accueil","item":{"@type":"WebPage","@id":"https:\/\/www.verandair.com\/fr\/","name":"Accueil"}},{"@type":"ListItem","position":2,"name":"La qualit\u00e9 et \u00e0 la durabilit\u00e9"}]},{"@type":"WebSite","@id":"https:\/\/www.verandair.com\/fr\/#website","url":"https:\/\/www.verandair.com\/fr\/","name":"VERANDAIR\u00ae","description":"","publisher":{"@id":"https:\/\/www.verandair.com\/fr\/#organization"},"potentialAction":[{"@type":"SearchAction","target":{"@type":"EntryPoint","urlTemplate":"https:\/\/www.verandair.com\/fr\/?s={search_term_string}"},"query-input":{"@type":"PropertyValueSpecification","valueRequired":true,"valueName":"search_term_string"}}],"inLanguage":"fr-FR"},{"@type":"Organization","@id":"https:\/\/www.verandair.com\/fr\/#organization","name":"Verandair","url":"https:\/\/www.verandair.com\/fr\/","logo":{"@type":"ImageObject","inLanguage":"fr-FR","@id":"https:\/\/www.verandair.com\/fr\/#\/schema\/logo\/image\/","url":"https:\/\/www.verandair.com\/wp-content\/uploads\/2024\/06\/VERANDAIR-logo.png","contentUrl":"https:\/\/www.verandair.com\/wp-content\/uploads\/2024\/06\/VERANDAIR-logo.png","width":283,"height":127,"caption":"Verandair"},"image":{"@id":"https:\/\/www.verandair.com\/fr\/#\/schema\/logo\/image\/"}}]}},"_links":{"self":[{"href":"https:\/\/www.verandair.com\/fr\/wp-json\/wp\/v2\/success-storie\/1727","targetHints":{"allow":["GET"]}}],"collection":[{"href":"https:\/\/www.verandair.com\/fr\/wp-json\/wp\/v2\/success-storie"}],"about":[{"href":"https:\/\/www.verandair.com\/fr\/wp-json\/wp\/v2\/types\/success-storie"}],"version-history":[{"count":9,"href":"https:\/\/www.verandair.com\/fr\/wp-json\/wp\/v2\/success-storie\/1727\/revisions"}],"predecessor-version":[{"id":2069,"href":"https:\/\/www.verandair.com\/fr\/wp-json\/wp\/v2\/success-storie\/1727\/revisions\/2069"}],"wp:featuredmedia":[{"embeddable":true,"href":"https:\/\/www.verandair.com\/fr\/wp-json\/wp\/v2\/media\/1570"}],"wp:attachment":[{"href":"https:\/\/www.verandair.com\/fr\/wp-json\/wp\/v2\/media?parent=1727"}],"wp:term":[{"taxonomy":"categories-success-stories","embeddable":true,"href":"https:\/\/www.verandair.com\/fr\/wp-json\/wp\/v2\/categories-success-stories?post=1727"}],"curies":[{"name":"wp","href":"https:\/\/api.w.org\/{rel}","templated":true}]}}